{"id":1037365,"date":"2026-08-01T18:19:56","date_gmt":"2026-08-01T16:19:56","guid":{"rendered":"https:\/\/www.moensmeubelen.be\/marques\/xooon\/zetels\/"},"modified":"2026-08-01T18:19:56","modified_gmt":"2026-08-01T16:19:56","slug":"zetels","status":"publish","type":"page","link":"https:\/\/www.moensmeubelen.be\/fr\/marques\/xooon\/zetels\/","title":{"rendered":"Canap\u00e9s Xooon"},"content":{"rendered":"<div class=\"wpb-content-wrapper\" id=\"wpb-content-root\"><p>[vc_row][vc_column]\n\t\t<div id=\"wd-6a96913844fd7\" class=\"title-wrapper wd-wpb wd-set-mb reset-last-child  wd-title-color-primary wd-title-style-simple text-left  wd-underline-colored\">\n\t\t\t\n\t\t\t<div class=\"liner-continer\">\n\t\t\t\t<h2 class=\"woodmart-title-container title  wd-font-weight-800 wd-fontsize-xxl\" >Canap\u00e9s Xooon<\/h2>\n\t\t\t\t\t\t\t<\/div>\n\t\t\t\n\t\t\t\n\t\t\t\n\t\t<\/div>\n\t\t\n\t\t[vc_column_text woodmart_inline=&#8221;no&#8221; text_larger=&#8221;no&#8221;]Un <strong>canap\u00e9 Xooon<\/strong> apporte couleur et confort dans votre salon. Xooon est r\u00e9put\u00e9 pour ses salons d\u2019angle modulables que vous composez vous-m\u00eame, dans une large palette de tissus et de couleurs tendance. Vous cr\u00e9ez ainsi un salon parfaitement adapt\u00e9 \u00e0 votre int\u00e9rieur. Chez <a href=\"https:\/\/www.moensmeubelen.be\/fr\/marques\/xooon\/\">Meubles Moens<\/a>, d\u00e9couvrez les canap\u00e9s et salons d\u2019angle Xooon en salle d\u2019exposition.[\/vc_column_text][\/vc_column][\/vc_row][vc_row el_class=&#8221;merk-grid-moens&#8221;][vc_column]\t\t\t<div class=\"wd-products-element wd-wpb\">\n\t\t\t\n\t\t\n\t\t\t\t\t<div class=\"products wd-products  grid-columns-5 elements-grid pagination-more-btn wd-grid-g wd-loop-builder-off\" data-paged=\"1\" data-atts=\"{&quot;spacing&quot;:&quot;20&quot;,&quot;taxonomies&quot;:&quot;21567,5647&quot;,&quot;pagination&quot;:&quot;more-btn&quot;,&quot;items_per_page&quot;:&quot;40&quot;,&quot;product_hover&quot;:&quot;alt&quot;,&quot;columns&quot;:&quot;5&quot;,&quot;sale_countdown&quot;:&quot;0&quot;,&quot;stock_progress_bar&quot;:&quot;0&quot;,&quot;highlighted_products&quot;:&quot;0&quot;,&quot;products_bordered_grid&quot;:&quot;0&quot;,&quot;query_type&quot;:&quot;AND&quot;,&quot;img_size&quot;:&quot;400x250&quot;,&quot;lazy_loading&quot;:&quot;yes&quot;,&quot;force_not_ajax&quot;:&quot;no&quot;}\" data-source=\"shortcode\" data-columns=\"5\" style=\"--wd-col-lg:5;--wd-col-md:4;--wd-col-sm:2;--wd-gap-lg:20px;--wd-gap-sm:10px;\">\n\t\t\t<div class=\"wd-product wd-col wd-hover-alt product-grid-item product type-product post-934199 status-publish instock product_cat-zetels_l2_fr_BE has-post-thumbnail sale taxable shipping-taxable purchasable product-type-simple\" data-loop=\"1\" data-id=\"934199\">\n\t\n<div class=\"wd-product-wrapper product-wrapper\">\n\t<div class=\"wd-product-thumb product-element-top wd-quick-shop\">\n\t\t<a href=\"https:\/\/www.moensmeubelen.be\/fr\/produit\/54000001-fr_BE\/\" class=\"wd-product-img-link product-image-link\" tabindex=\"-1\" aria-label=\"Belem, 2-places &#8211; bas\">\n\t\t\t<img loading=\"lazy\" decoding=\"async\" width=\"400\" height=\"250\" src=\"https:\/\/www.moensmeubelen.be\/wp-content\/uploads\/2026\/06\/3c0aa62fd7d7a8ba0b3c163309736316687749a3_images_t_ll_m_2b094b959bab4322a4a8820d68964270_image-400x250.jpg\" class=\"attachment-400x250 size-400x250\" alt=\"\" title=\"\">\t\t<\/a>\n\n\t\t\t\t\t<div class=\"product-labels labels-rounded-sm\">\n\t\t\t\t<span class=\"onsale product-label wd-shape-round-sm\">-9%<\/span>\t\t\t<\/div>\n\t\t\t\t\t\t<div class=\"wd-product-img-hover hover-img\">\n\t\t\t\t<img loading=\"lazy\" decoding=\"async\" width=\"400\" height=\"250\" src=\"https:\/\/www.moensmeubelen.be\/wp-content\/uploads\/2026\/06\/995319d92df380e8236c524e313bed22978dff8a_images_t_ll_m_2c708f1a33a640deafb7c9f74a154512_ambiance-400x250.jpg\" class=\"attachment-400x250 size-400x250\" alt=\"\" title=\"\">\t\t\t<\/div>\n\t\t\t\n\t\t<div class=\"wd-buttons wd-pos-r-t\">\n\t\t\t\t\t<div class=\"wd-compare-btn wd-action-btn wd-style-icon wd-compare-icon\">\n\t\t\t<a href=\"https:\/\/www.moensmeubelen.be\/fr\/vergelijk\/?product_id=815954\" class=\"\" data-id=\"815954\" rel=\"nofollow\">\n\t\t\t\t<span class=\"wd-action-icon\">\n\t\t\t\t\t<span class=\"wd-check-icon\"><\/span>\n\t\t\t\t<\/span>\n\t\t\t\t<span class=\"wd-action-text\">Comparer<\/span>\n\t\t\t<\/a>\n\t\t<\/div>\n\t\t\t\t\t\t\t<div class=\"wd-quick-view-btn wd-quick-view-icon wd-action-btn wd-style-icon\">\n\t\t\t<a\n\t\t\t\thref=\"https:\/\/www.moensmeubelen.be\/fr\/produit\/54000001-fr_BE\/\"\n\t\t\t\tclass=\"open-quick-view\"\n\t\t\t\trel=\"nofollow\"\n\t\t\t\tdata-id=\"934199\"\n\t\t\t\t>\n\t\t\t\t\t<span class=\"wd-action-icon\"><\/span>\n\t\t\t\t\t<span class=\"wd-action-text\">\n\t\t\t\t\t\tQuick view\t\t\t\t\t<\/span>\n\t\t\t<\/a>\n\t\t<\/div>\n\t\t\t\t\t\t\t<\/div>\n\t<\/div>\n\n\t\t\t<div class=\"wd-product-header\">\n\t\t\t<h3 class=\"wd-entities-title\"><a href=\"https:\/\/www.moensmeubelen.be\/fr\/produit\/54000001-fr_BE\/\">Belem, 2-places &#8211; bas<\/a><\/h3>\t\t\t\t\t<\/div>\n\t\t\t\t<div class=\"wrap-price\">\n\t\t\t<div class=\"swap-wrapp\">\n\t\t\t\t<div class=\"swap-elements\">\n\t\t\t\t\t\n\t<span class=\"price\"><del aria-hidden=\"true\"><span class=\"woocommerce-Price-amount amount\"><bdi><span class=\"woocommerce-Price-currencySymbol\" translate=\"no\">&euro;<\/span>1.099,00<\/bdi><\/span><\/del> <span class=\"screen-reader-text\">Original price was: &euro;1.099,00.<\/span><ins aria-hidden=\"true\"><span class=\"woocommerce-Price-amount amount\"><bdi><span class=\"woocommerce-Price-currencySymbol\" translate=\"no\">&euro;<\/span>999,00<\/bdi><\/span><\/ins><span class=\"screen-reader-text\">Current price is: &euro;999,00.<\/span><\/span>\n\t\t\t\t\t<div class=\"wd-add-btn\">\n\t\t\t\t\t\t<a href=\"\/fr\/wp-json\/wp\/v2\/pages\/1037365?add-to-cart=934199\"  data-quantity=\"1\" class=\"button product_type_simple add_to_cart_button ajax_add_to_cart add-to-cart-loop\" data-product_id=\"934199\" data-product_sku=\"54000001\" aria-label=\"Add to cart: &ldquo;Belem, 2-places - bas&rdquo;\" rel=\"nofollow\" data-success_message=\"&ldquo;Belem, 2-places - bas&rdquo; has been added to your cart\"><span class=\"wd-action-icon\"><span class=\"wd-check-icon\"><\/span><\/span><span class=\"wd-action-text\">Panier<\/span><\/a>\t\t\t\t\t<\/div>\n\t\t\t\t<\/div>\n\t\t\t<\/div>\n\t\t\t\t\t<\/div>\n\n\t\t<span class=\"gtm4wp_productdata\" style=\"display:none; visibility:hidden;\" data-gtm4wp_product_data=\"{&quot;internal_id&quot;:934199,&quot;item_id&quot;:&quot;54000001&quot;,&quot;item_name&quot;:&quot;Belem, 2-places - bas&quot;,&quot;sku&quot;:&quot;54000001&quot;,&quot;price&quot;:999,&quot;stocklevel&quot;:null,&quot;stockstatus&quot;:&quot;instock&quot;,&quot;google_business_vertical&quot;:&quot;retail&quot;,&quot;item_category&quot;:&quot;vivre&quot;,&quot;item_category2&quot;:&quot;Canap\\u00e9s&quot;,&quot;item_category3&quot;:&quot;Canap\\u00e9s&quot;,&quot;id&quot;:&quot;54000001&quot;,&quot;productlink&quot;:&quot;https:\\\/\\\/www.moensmeubelen.be\\\/fr\\\/produit\\\/54000001-fr_BE\\\/&quot;,&quot;item_list_name&quot;:&quot;General Product List&quot;,&quot;index&quot;:2,&quot;product_type&quot;:&quot;simple&quot;,&quot;item_brand&quot;:&quot;&quot;}\"><\/span>\t\t\t<input type=\"hidden\" class=\"pmwProductId\" data-id=\"934199\">\n\t\t\t\t\t<script class=\"_iub_cs_skip\">\n\t\t\t(window.pmwDataLayer = window.pmwDataLayer || {}).products                = window.pmwDataLayer.products || {};\n\t\t\twindow.pmwDataLayer.products[934199] = {\"id\":\"934199\",\"sku\":\"54000001\",\"price\":999,\"brand\":\"\",\"quantity\":1,\"dyn_r_ids\":{\"post_id\":\"934199\",\"sku\":\"54000001\",\"gpf\":\"woocommerce_gpf_934199\",\"gla\":\"gla_934199\"},\"is_variable\":false,\"type\":\"simple\",\"name\":\"Belem, 2-places - bas\",\"category\":[\"Canap\u00e9s\"],\"is_variation\":false};\n\t\t\t\t\twindow.pmw_product_position = window.pmw_product_position || 1;\n\t\twindow.pmwDataLayer.products[934199]['position'] = window.pmw_product_position++;\n\t\t\t\t<\/script>\n\t\t<div class=\"conditionele-tekst levertermijn-placeholder levertermijn-placeholder--plp\" data-aamss-sku=\"54000001\" data-aamss-product-id=\"934199\" data-aamss-context=\"plp\" data-aamss-state=\"loading\" aria-busy=\"true\">Sur commande - d\u00e9lai de livraison 8-10 semaines<\/div>\n\t\t\n\t\t\t<\/div>\n<\/div>\n<div class=\"wd-product wd-col wd-hover-alt product-grid-item product type-product post-934245 status-publish instock product_cat-zetels_l2_fr_BE has-post-thumbnail sale taxable shipping-taxable purchasable product-type-simple\" data-loop=\"2\" data-id=\"934245\">\n\t\n<div class=\"wd-product-wrapper product-wrapper\">\n\t<div class=\"wd-product-thumb product-element-top wd-quick-shop\">\n\t\t<a href=\"https:\/\/www.moensmeubelen.be\/fr\/produit\/54050001-fr_BE\/\" class=\"wd-product-img-link product-image-link\" tabindex=\"-1\" aria-label=\"Belem, 2-places &#8211; haut\">\n\t\t\t<img loading=\"lazy\" decoding=\"async\" width=\"400\" height=\"250\" src=\"https:\/\/www.moensmeubelen.be\/wp-content\/uploads\/2026\/06\/9e2a1d8258b08c3587914b1286b7175d690cb3f9_images_t_ll_m_3b68558b043f41f083ca76a15b4a2b27_image-400x250.png\" class=\"attachment-400x250 size-400x250\" alt=\"\" title=\"\">\t\t<\/a>\n\n\t\t\t\t\t<div class=\"product-labels labels-rounded-sm\">\n\t\t\t\t<span class=\"onsale product-label wd-shape-round-sm\">-9%<\/span>\t\t\t<\/div>\n\t\t\t\t\t\t<div class=\"wd-product-img-hover hover-img\">\n\t\t\t\t<img loading=\"lazy\" decoding=\"async\" width=\"400\" height=\"250\" src=\"https:\/\/www.moensmeubelen.be\/wp-content\/uploads\/2026\/06\/d391d5ea54e017ce74db486ea47208e8453a123d_images_t_ll_m_2c708f1a33a640deafb7c9f74a154512_ambiance-400x250.jpg\" class=\"attachment-400x250 size-400x250\" alt=\"\" title=\"\">\t\t\t<\/div>\n\t\t\t\n\t\t<div class=\"wd-buttons wd-pos-r-t\">\n\t\t\t\t\t<div class=\"wd-compare-btn wd-action-btn wd-style-icon wd-compare-icon\">\n\t\t\t<a href=\"https:\/\/www.moensmeubelen.be\/fr\/vergelijk\/?product_id=816010\" class=\"\" data-id=\"816010\" rel=\"nofollow\">\n\t\t\t\t<span class=\"wd-action-icon\">\n\t\t\t\t\t<span class=\"wd-check-icon\"><\/span>\n\t\t\t\t<\/span>\n\t\t\t\t<span class=\"wd-action-text\">Comparer<\/span>\n\t\t\t<\/a>\n\t\t<\/div>\n\t\t\t\t\t\t\t<div class=\"wd-quick-view-btn wd-quick-view-icon wd-action-btn wd-style-icon\">\n\t\t\t<a\n\t\t\t\thref=\"https:\/\/www.moensmeubelen.be\/fr\/produit\/54050001-fr_BE\/\"\n\t\t\t\tclass=\"open-quick-view\"\n\t\t\t\trel=\"nofollow\"\n\t\t\t\tdata-id=\"934245\"\n\t\t\t\t>\n\t\t\t\t\t<span class=\"wd-action-icon\"><\/span>\n\t\t\t\t\t<span class=\"wd-action-text\">\n\t\t\t\t\t\tQuick view\t\t\t\t\t<\/span>\n\t\t\t<\/a>\n\t\t<\/div>\n\t\t\t\t\t\t\t<\/div>\n\t<\/div>\n\n\t\t\t<div class=\"wd-product-header\">\n\t\t\t<h3 class=\"wd-entities-title\"><a href=\"https:\/\/www.moensmeubelen.be\/fr\/produit\/54050001-fr_BE\/\">Belem, 2-places &#8211; haut<\/a><\/h3>\t\t\t\t\t<\/div>\n\t\t\t\t<div class=\"wrap-price\">\n\t\t\t<div class=\"swap-wrapp\">\n\t\t\t\t<div class=\"swap-elements\">\n\t\t\t\t\t\n\t<span class=\"price\"><del aria-hidden=\"true\"><span class=\"woocommerce-Price-amount amount\"><bdi><span class=\"woocommerce-Price-currencySymbol\" translate=\"no\">&euro;<\/span>1.149,00<\/bdi><\/span><\/del> <span class=\"screen-reader-text\">Original price was: &euro;1.149,00.<\/span><ins aria-hidden=\"true\"><span class=\"woocommerce-Price-amount amount\"><bdi><span class=\"woocommerce-Price-currencySymbol\" translate=\"no\">&euro;<\/span>1.049,00<\/bdi><\/span><\/ins><span class=\"screen-reader-text\">Current price is: &euro;1.049,00.<\/span><\/span>\n\t\t\t\t\t<div class=\"wd-add-btn\">\n\t\t\t\t\t\t<a href=\"\/fr\/wp-json\/wp\/v2\/pages\/1037365?add-to-cart=934245\"  data-quantity=\"1\" class=\"button product_type_simple add_to_cart_button ajax_add_to_cart add-to-cart-loop\" data-product_id=\"934245\" data-product_sku=\"54050001\" aria-label=\"Add to cart: &ldquo;Belem, 2-places - haut&rdquo;\" rel=\"nofollow\" data-success_message=\"&ldquo;Belem, 2-places - haut&rdquo; has been added to your cart\"><span class=\"wd-action-icon\"><span class=\"wd-check-icon\"><\/span><\/span><span class=\"wd-action-text\">Panier<\/span><\/a>\t\t\t\t\t<\/div>\n\t\t\t\t<\/div>\n\t\t\t<\/div>\n\t\t\t\t\t<\/div>\n\n\t\t<span class=\"gtm4wp_productdata\" style=\"display:none; visibility:hidden;\" data-gtm4wp_product_data=\"{&quot;internal_id&quot;:934245,&quot;item_id&quot;:&quot;54050001&quot;,&quot;item_name&quot;:&quot;Belem, 2-places - haut&quot;,&quot;sku&quot;:&quot;54050001&quot;,&quot;price&quot;:1049,&quot;stocklevel&quot;:null,&quot;stockstatus&quot;:&quot;instock&quot;,&quot;google_business_vertical&quot;:&quot;retail&quot;,&quot;item_category&quot;:&quot;vivre&quot;,&quot;item_category2&quot;:&quot;Canap\\u00e9s&quot;,&quot;item_category3&quot;:&quot;Canap\\u00e9s&quot;,&quot;id&quot;:&quot;54050001&quot;,&quot;productlink&quot;:&quot;https:\\\/\\\/www.moensmeubelen.be\\\/fr\\\/produit\\\/54050001-fr_BE\\\/&quot;,&quot;item_list_name&quot;:&quot;General Product List&quot;,&quot;index&quot;:3,&quot;product_type&quot;:&quot;simple&quot;,&quot;item_brand&quot;:&quot;&quot;}\"><\/span>\t\t\t<input type=\"hidden\" class=\"pmwProductId\" data-id=\"934245\">\n\t\t\t\t\t<script class=\"_iub_cs_skip\">\n\t\t\t(window.pmwDataLayer = window.pmwDataLayer || {}).products                = window.pmwDataLayer.products || {};\n\t\t\twindow.pmwDataLayer.products[934245] = {\"id\":\"934245\",\"sku\":\"54050001\",\"price\":1049,\"brand\":\"\",\"quantity\":1,\"dyn_r_ids\":{\"post_id\":\"934245\",\"sku\":\"54050001\",\"gpf\":\"woocommerce_gpf_934245\",\"gla\":\"gla_934245\"},\"is_variable\":false,\"type\":\"simple\",\"name\":\"Belem, 2-places - haut\",\"category\":[\"Canap\u00e9s\"],\"is_variation\":false};\n\t\t\t\t\twindow.pmw_product_position = window.pmw_product_position || 1;\n\t\twindow.pmwDataLayer.products[934245]['position'] = window.pmw_product_position++;\n\t\t\t\t<\/script>\n\t\t<div class=\"conditionele-tekst levertermijn-placeholder levertermijn-placeholder--plp\" data-aamss-sku=\"54050001\" data-aamss-product-id=\"934245\" data-aamss-context=\"plp\" data-aamss-state=\"loading\" aria-busy=\"true\">Sur commande - d\u00e9lai de livraison 8-10 semaines<\/div>\n\t\t\n\t\t\t<\/div>\n<\/div>\n<div class=\"wd-product wd-col wd-hover-alt product-grid-item product type-product post-934206 status-publish last instock product_cat-zetels_l2_fr_BE has-post-thumbnail sale taxable shipping-taxable purchasable product-type-simple\" data-loop=\"3\" data-id=\"934206\">\n\t\n<div class=\"wd-product-wrapper product-wrapper\">\n\t<div class=\"wd-product-thumb product-element-top wd-quick-shop\">\n\t\t<a href=\"https:\/\/www.moensmeubelen.be\/fr\/produit\/54001001-fr_BE\/\" class=\"wd-product-img-link product-image-link\" tabindex=\"-1\" aria-label=\"Belem, 2.5-places &#8211; bas\">\n\t\t\t<img loading=\"lazy\" decoding=\"async\" width=\"400\" height=\"250\" src=\"https:\/\/www.moensmeubelen.be\/wp-content\/uploads\/2026\/06\/528453460edca3a044a8f5984f19490b050afb0a_images_t_ll_m_771d1aacacc34944b8250d4487d32303_image-400x250.jpg\" class=\"attachment-400x250 size-400x250\" alt=\"\" title=\"\">\t\t<\/a>\n\n\t\t\t\t\t<div class=\"product-labels labels-rounded-sm\">\n\t\t\t\t<span class=\"onsale product-label wd-shape-round-sm\">-8%<\/span>\t\t\t<\/div>\n\t\t\t\t\t\t<div class=\"wd-product-img-hover hover-img\">\n\t\t\t\t<img loading=\"lazy\" decoding=\"async\" width=\"400\" height=\"250\" src=\"https:\/\/www.moensmeubelen.be\/wp-content\/uploads\/2026\/06\/2dbf54e0c504d15b6c94edaa2307877f7e9c721c_images_t_ll_m_2c708f1a33a640deafb7c9f74a154512_ambiance-400x250.jpg\" class=\"attachment-400x250 size-400x250\" alt=\"\" title=\"\">\t\t\t<\/div>\n\t\t\t\n\t\t<div class=\"wd-buttons wd-pos-r-t\">\n\t\t\t\t\t<div class=\"wd-compare-btn wd-action-btn wd-style-icon wd-compare-icon\">\n\t\t\t<a href=\"https:\/\/www.moensmeubelen.be\/fr\/vergelijk\/?product_id=815962\" class=\"\" data-id=\"815962\" rel=\"nofollow\">\n\t\t\t\t<span class=\"wd-action-icon\">\n\t\t\t\t\t<span class=\"wd-check-icon\"><\/span>\n\t\t\t\t<\/span>\n\t\t\t\t<span class=\"wd-action-text\">Comparer<\/span>\n\t\t\t<\/a>\n\t\t<\/div>\n\t\t\t\t\t\t\t<div class=\"wd-quick-view-btn wd-quick-view-icon wd-action-btn wd-style-icon\">\n\t\t\t<a\n\t\t\t\thref=\"https:\/\/www.moensmeubelen.be\/fr\/produit\/54001001-fr_BE\/\"\n\t\t\t\tclass=\"open-quick-view\"\n\t\t\t\trel=\"nofollow\"\n\t\t\t\tdata-id=\"934206\"\n\t\t\t\t>\n\t\t\t\t\t<span class=\"wd-action-icon\"><\/span>\n\t\t\t\t\t<span class=\"wd-action-text\">\n\t\t\t\t\t\tQuick view\t\t\t\t\t<\/span>\n\t\t\t<\/a>\n\t\t<\/div>\n\t\t\t\t\t\t\t<\/div>\n\t<\/div>\n\n\t\t\t<div class=\"wd-product-header\">\n\t\t\t<h3 class=\"wd-entities-title\"><a href=\"https:\/\/www.moensmeubelen.be\/fr\/produit\/54001001-fr_BE\/\">Belem, 2.5-places &#8211; bas<\/a><\/h3>\t\t\t\t\t<\/div>\n\t\t\t\t<div class=\"wrap-price\">\n\t\t\t<div class=\"swap-wrapp\">\n\t\t\t\t<div class=\"swap-elements\">\n\t\t\t\t\t\n\t<span class=\"price\"><del aria-hidden=\"true\"><span class=\"woocommerce-Price-amount amount\"><bdi><span class=\"woocommerce-Price-currencySymbol\" translate=\"no\">&euro;<\/span>1.199,00<\/bdi><\/span><\/del> <span class=\"screen-reader-text\">Original price was: &euro;1.199,00.<\/span><ins aria-hidden=\"true\"><span class=\"woocommerce-Price-amount amount\"><bdi><span class=\"woocommerce-Price-currencySymbol\" translate=\"no\">&euro;<\/span>1.099,00<\/bdi><\/span><\/ins><span class=\"screen-reader-text\">Current price is: &euro;1.099,00.<\/span><\/span>\n\t\t\t\t\t<div class=\"wd-add-btn\">\n\t\t\t\t\t\t<a href=\"\/fr\/wp-json\/wp\/v2\/pages\/1037365?add-to-cart=934206\"  data-quantity=\"1\" class=\"button product_type_simple add_to_cart_button ajax_add_to_cart add-to-cart-loop\" data-product_id=\"934206\" data-product_sku=\"54001001\" aria-label=\"Add to cart: &ldquo;Belem, 2.5-places - bas&rdquo;\" rel=\"nofollow\" data-success_message=\"&ldquo;Belem, 2.5-places - bas&rdquo; has been added to your cart\"><span class=\"wd-action-icon\"><span class=\"wd-check-icon\"><\/span><\/span><span class=\"wd-action-text\">Panier<\/span><\/a>\t\t\t\t\t<\/div>\n\t\t\t\t<\/div>\n\t\t\t<\/div>\n\t\t\t\t\t<\/div>\n\n\t\t<span class=\"gtm4wp_productdata\" style=\"display:none; visibility:hidden;\" data-gtm4wp_product_data=\"{&quot;internal_id&quot;:934206,&quot;item_id&quot;:&quot;54001001&quot;,&quot;item_name&quot;:&quot;Belem, 2.5-places - bas&quot;,&quot;sku&quot;:&quot;54001001&quot;,&quot;price&quot;:1099,&quot;stocklevel&quot;:null,&quot;stockstatus&quot;:&quot;instock&quot;,&quot;google_business_vertical&quot;:&quot;retail&quot;,&quot;item_category&quot;:&quot;vivre&quot;,&quot;item_category2&quot;:&quot;Canap\\u00e9s&quot;,&quot;item_category3&quot;:&quot;Canap\\u00e9s&quot;,&quot;id&quot;:&quot;54001001&quot;,&quot;productlink&quot;:&quot;https:\\\/\\\/www.moensmeubelen.be\\\/fr\\\/produit\\\/54001001-fr_BE\\\/&quot;,&quot;item_list_name&quot;:&quot;General Product List&quot;,&quot;index&quot;:4,&quot;product_type&quot;:&quot;simple&quot;,&quot;item_brand&quot;:&quot;&quot;}\"><\/span>\t\t\t<input type=\"hidden\" class=\"pmwProductId\" data-id=\"934206\">\n\t\t\t\t\t<script class=\"_iub_cs_skip\">\n\t\t\t(window.pmwDataLayer = window.pmwDataLayer || {}).products                = window.pmwDataLayer.products || {};\n\t\t\twindow.pmwDataLayer.products[934206] = {\"id\":\"934206\",\"sku\":\"54001001\",\"price\":1099,\"brand\":\"\",\"quantity\":1,\"dyn_r_ids\":{\"post_id\":\"934206\",\"sku\":\"54001001\",\"gpf\":\"woocommerce_gpf_934206\",\"gla\":\"gla_934206\"},\"is_variable\":false,\"type\":\"simple\",\"name\":\"Belem, 2.5-places - bas\",\"category\":[\"Canap\u00e9s\"],\"is_variation\":false};\n\t\t\t\t\twindow.pmw_product_position = window.pmw_product_position || 1;\n\t\twindow.pmwDataLayer.products[934206]['position'] = window.pmw_product_position++;\n\t\t\t\t<\/script>\n\t\t<div class=\"conditionele-tekst levertermijn-placeholder levertermijn-placeholder--plp\" data-aamss-sku=\"54001001\" data-aamss-product-id=\"934206\" data-aamss-context=\"plp\" data-aamss-state=\"loading\" aria-busy=\"true\">Sur commande - d\u00e9lai de livraison 8-10 semaines<\/div>\n\t\t\n\t\t\t<\/div>\n<\/div>\n<div class=\"wd-product wd-col wd-hover-alt product-grid-item product type-product post-934252 status-publish first instock product_cat-zetels_l2_fr_BE has-post-thumbnail sale taxable shipping-taxable purchasable product-type-simple\" data-loop=\"4\" data-id=\"934252\">\n\t\n<div class=\"wd-product-wrapper product-wrapper\">\n\t<div class=\"wd-product-thumb product-element-top wd-quick-shop\">\n\t\t<a href=\"https:\/\/www.moensmeubelen.be\/fr\/produit\/54051001-fr_BE\/\" class=\"wd-product-img-link product-image-link\" tabindex=\"-1\" aria-label=\"Belem, 2.5-places &#8211; haut\">\n\t\t\t<img loading=\"lazy\" decoding=\"async\" width=\"400\" height=\"250\" src=\"https:\/\/www.moensmeubelen.be\/wp-content\/uploads\/2026\/06\/129dbedbedc7dd9bc7fc4b875a9678c683e01bcd_images_t_ll_m_559cdc21f8e0421daf72ada1da73eca8_image-400x250.png\" class=\"attachment-400x250 size-400x250\" alt=\"\" title=\"\">\t\t<\/a>\n\n\t\t\t\t\t<div class=\"product-labels labels-rounded-sm\">\n\t\t\t\t<span class=\"onsale product-label wd-shape-round-sm\">-8%<\/span>\t\t\t<\/div>\n\t\t\t\t\t\t<div class=\"wd-product-img-hover hover-img\">\n\t\t\t\t<img loading=\"lazy\" decoding=\"async\" width=\"400\" height=\"250\" src=\"https:\/\/www.moensmeubelen.be\/wp-content\/uploads\/2026\/06\/a4b3e78ff29ba6ae6be411ee6c9b83f7388db897_images_t_ll_m_2c708f1a33a640deafb7c9f74a154512_ambiance-400x250.jpg\" class=\"attachment-400x250 size-400x250\" alt=\"\" title=\"\">\t\t\t<\/div>\n\t\t\t\n\t\t<div class=\"wd-buttons wd-pos-r-t\">\n\t\t\t\t\t<div class=\"wd-compare-btn wd-action-btn wd-style-icon wd-compare-icon\">\n\t\t\t<a href=\"https:\/\/www.moensmeubelen.be\/fr\/vergelijk\/?product_id=816018\" class=\"\" data-id=\"816018\" rel=\"nofollow\">\n\t\t\t\t<span class=\"wd-action-icon\">\n\t\t\t\t\t<span class=\"wd-check-icon\"><\/span>\n\t\t\t\t<\/span>\n\t\t\t\t<span class=\"wd-action-text\">Comparer<\/span>\n\t\t\t<\/a>\n\t\t<\/div>\n\t\t\t\t\t\t\t<div class=\"wd-quick-view-btn wd-quick-view-icon wd-action-btn wd-style-icon\">\n\t\t\t<a\n\t\t\t\thref=\"https:\/\/www.moensmeubelen.be\/fr\/produit\/54051001-fr_BE\/\"\n\t\t\t\tclass=\"open-quick-view\"\n\t\t\t\trel=\"nofollow\"\n\t\t\t\tdata-id=\"934252\"\n\t\t\t\t>\n\t\t\t\t\t<span class=\"wd-action-icon\"><\/span>\n\t\t\t\t\t<span class=\"wd-action-text\">\n\t\t\t\t\t\tQuick view\t\t\t\t\t<\/span>\n\t\t\t<\/a>\n\t\t<\/div>\n\t\t\t\t\t\t\t<\/div>\n\t<\/div>\n\n\t\t\t<div class=\"wd-product-header\">\n\t\t\t<h3 class=\"wd-entities-title\"><a href=\"https:\/\/www.moensmeubelen.be\/fr\/produit\/54051001-fr_BE\/\">Belem, 2.5-places &#8211; haut<\/a><\/h3>\t\t\t\t\t<\/div>\n\t\t\t\t<div class=\"wrap-price\">\n\t\t\t<div class=\"swap-wrapp\">\n\t\t\t\t<div class=\"swap-elements\">\n\t\t\t\t\t\n\t<span class=\"price\"><del aria-hidden=\"true\"><span class=\"woocommerce-Price-amount amount\"><bdi><span class=\"woocommerce-Price-currencySymbol\" translate=\"no\">&euro;<\/span>1.249,00<\/bdi><\/span><\/del> <span class=\"screen-reader-text\">Original price was: &euro;1.249,00.<\/span><ins aria-hidden=\"true\"><span class=\"woocommerce-Price-amount amount\"><bdi><span class=\"woocommerce-Price-currencySymbol\" translate=\"no\">&euro;<\/span>1.149,00<\/bdi><\/span><\/ins><span class=\"screen-reader-text\">Current price is: &euro;1.149,00.<\/span><\/span>\n\t\t\t\t\t<div class=\"wd-add-btn\">\n\t\t\t\t\t\t<a href=\"\/fr\/wp-json\/wp\/v2\/pages\/1037365?add-to-cart=934252\"  data-quantity=\"1\" class=\"button product_type_simple add_to_cart_button ajax_add_to_cart add-to-cart-loop\" data-product_id=\"934252\" data-product_sku=\"54051001\" aria-label=\"Add to cart: &ldquo;Belem, 2.5-places - haut&rdquo;\" rel=\"nofollow\" data-success_message=\"&ldquo;Belem, 2.5-places - haut&rdquo; has been added to your cart\"><span class=\"wd-action-icon\"><span class=\"wd-check-icon\"><\/span><\/span><span class=\"wd-action-text\">Panier<\/span><\/a>\t\t\t\t\t<\/div>\n\t\t\t\t<\/div>\n\t\t\t<\/div>\n\t\t\t\t\t<\/div>\n\n\t\t<span class=\"gtm4wp_productdata\" style=\"display:none; visibility:hidden;\" data-gtm4wp_product_data=\"{&quot;internal_id&quot;:934252,&quot;item_id&quot;:&quot;54051001&quot;,&quot;item_name&quot;:&quot;Belem, 2.5-places - haut&quot;,&quot;sku&quot;:&quot;54051001&quot;,&quot;price&quot;:1149,&quot;stocklevel&quot;:null,&quot;stockstatus&quot;:&quot;instock&quot;,&quot;google_business_vertical&quot;:&quot;retail&quot;,&quot;item_category&quot;:&quot;vivre&quot;,&quot;item_category2&quot;:&quot;Canap\\u00e9s&quot;,&quot;item_category3&quot;:&quot;Canap\\u00e9s&quot;,&quot;id&quot;:&quot;54051001&quot;,&quot;productlink&quot;:&quot;https:\\\/\\\/www.moensmeubelen.be\\\/fr\\\/produit\\\/54051001-fr_BE\\\/&quot;,&quot;item_list_name&quot;:&quot;General Product List&quot;,&quot;index&quot;:5,&quot;product_type&quot;:&quot;simple&quot;,&quot;item_brand&quot;:&quot;&quot;}\"><\/span>\t\t\t<input type=\"hidden\" class=\"pmwProductId\" data-id=\"934252\">\n\t\t\t\t\t<script class=\"_iub_cs_skip\">\n\t\t\t(window.pmwDataLayer = window.pmwDataLayer || {}).products                = window.pmwDataLayer.products || {};\n\t\t\twindow.pmwDataLayer.products[934252] = {\"id\":\"934252\",\"sku\":\"54051001\",\"price\":1149,\"brand\":\"\",\"quantity\":1,\"dyn_r_ids\":{\"post_id\":\"934252\",\"sku\":\"54051001\",\"gpf\":\"woocommerce_gpf_934252\",\"gla\":\"gla_934252\"},\"is_variable\":false,\"type\":\"simple\",\"name\":\"Belem, 2.5-places - haut\",\"category\":[\"Canap\u00e9s\"],\"is_variation\":false};\n\t\t\t\t\twindow.pmw_product_position = window.pmw_product_position || 1;\n\t\twindow.pmwDataLayer.products[934252]['position'] = window.pmw_product_position++;\n\t\t\t\t<\/script>\n\t\t<div class=\"conditionele-tekst levertermijn-placeholder levertermijn-placeholder--plp\" data-aamss-sku=\"54051001\" data-aamss-product-id=\"934252\" data-aamss-context=\"plp\" data-aamss-state=\"loading\" aria-busy=\"true\">Sur commande - d\u00e9lai de livraison 8-10 semaines<\/div>\n\t\t\n\t\t\t<\/div>\n<\/div>\n<div class=\"wd-product wd-col wd-hover-alt product-grid-item product type-product post-934213 status-publish instock product_cat-zetels_l2_fr_BE has-post-thumbnail sale taxable shipping-taxable purchasable product-type-simple\" data-loop=\"5\" data-id=\"934213\">\n\t\n<div class=\"wd-product-wrapper product-wrapper\">\n\t<div class=\"wd-product-thumb product-element-top wd-quick-shop\">\n\t\t<a href=\"https:\/\/www.moensmeubelen.be\/fr\/produit\/54002001-fr_BE\/\" class=\"wd-product-img-link product-image-link\" tabindex=\"-1\" aria-label=\"Belem, 3-places &#8211; bas\">\n\t\t\t<img loading=\"lazy\" decoding=\"async\" width=\"400\" height=\"250\" src=\"https:\/\/www.moensmeubelen.be\/wp-content\/uploads\/2026\/06\/13fe43b1172e88f8a983cdee4b780b4f104d4343_images_t_ll_m_86b024c0d62b4aeabfa95e035cb1553f_image-400x250.jpg\" class=\"attachment-400x250 size-400x250\" alt=\"\" title=\"\">\t\t<\/a>\n\n\t\t\t\t\t<div class=\"product-labels labels-rounded-sm\">\n\t\t\t\t<span class=\"onsale product-label wd-shape-round-sm\">-8%<\/span>\t\t\t<\/div>\n\t\t\t\t\t\t<div class=\"wd-product-img-hover hover-img\">\n\t\t\t\t<img loading=\"lazy\" decoding=\"async\" width=\"400\" height=\"250\" src=\"https:\/\/www.moensmeubelen.be\/wp-content\/uploads\/2026\/06\/2255b74a2eced205d58a00d2f23ee7da2f93a160_images_t_ll_m_2c708f1a33a640deafb7c9f74a154512_ambiance-400x250.jpg\" class=\"attachment-400x250 size-400x250\" alt=\"\" title=\"\">\t\t\t<\/div>\n\t\t\t\n\t\t<div class=\"wd-buttons wd-pos-r-t\">\n\t\t\t\t\t<div class=\"wd-compare-btn wd-action-btn wd-style-icon wd-compare-icon\">\n\t\t\t<a href=\"https:\/\/www.moensmeubelen.be\/fr\/vergelijk\/?product_id=815970\" class=\"\" data-id=\"815970\" rel=\"nofollow\">\n\t\t\t\t<span class=\"wd-action-icon\">\n\t\t\t\t\t<span class=\"wd-check-icon\"><\/span>\n\t\t\t\t<\/span>\n\t\t\t\t<span class=\"wd-action-text\">Comparer<\/span>\n\t\t\t<\/a>\n\t\t<\/div>\n\t\t\t\t\t\t\t<div class=\"wd-quick-view-btn wd-quick-view-icon wd-action-btn wd-style-icon\">\n\t\t\t<a\n\t\t\t\thref=\"https:\/\/www.moensmeubelen.be\/fr\/produit\/54002001-fr_BE\/\"\n\t\t\t\tclass=\"open-quick-view\"\n\t\t\t\trel=\"nofollow\"\n\t\t\t\tdata-id=\"934213\"\n\t\t\t\t>\n\t\t\t\t\t<span class=\"wd-action-icon\"><\/span>\n\t\t\t\t\t<span class=\"wd-action-text\">\n\t\t\t\t\t\tQuick view\t\t\t\t\t<\/span>\n\t\t\t<\/a>\n\t\t<\/div>\n\t\t\t\t\t\t\t<\/div>\n\t<\/div>\n\n\t\t\t<div class=\"wd-product-header\">\n\t\t\t<h3 class=\"wd-entities-title\"><a href=\"https:\/\/www.moensmeubelen.be\/fr\/produit\/54002001-fr_BE\/\">Belem, 3-places &#8211; bas<\/a><\/h3>\t\t\t\t\t<\/div>\n\t\t\t\t<div class=\"wrap-price\">\n\t\t\t<div class=\"swap-wrapp\">\n\t\t\t\t<div class=\"swap-elements\">\n\t\t\t\t\t\n\t<span class=\"price\"><del aria-hidden=\"true\"><span class=\"woocommerce-Price-amount amount\"><bdi><span class=\"woocommerce-Price-currencySymbol\" translate=\"no\">&euro;<\/span>1.299,00<\/bdi><\/span><\/del> <span class=\"screen-reader-text\">Original price was: &euro;1.299,00.<\/span><ins aria-hidden=\"true\"><span class=\"woocommerce-Price-amount amount\"><bdi><span class=\"woocommerce-Price-currencySymbol\" translate=\"no\">&euro;<\/span>1.199,00<\/bdi><\/span><\/ins><span class=\"screen-reader-text\">Current price is: &euro;1.199,00.<\/span><\/span>\n\t\t\t\t\t<div class=\"wd-add-btn\">\n\t\t\t\t\t\t<a href=\"\/fr\/wp-json\/wp\/v2\/pages\/1037365?add-to-cart=934213\"  data-quantity=\"1\" class=\"button product_type_simple add_to_cart_button ajax_add_to_cart add-to-cart-loop\" data-product_id=\"934213\" data-product_sku=\"54002001\" aria-label=\"Add to cart: &ldquo;Belem, 3-places - bas&rdquo;\" rel=\"nofollow\" data-success_message=\"&ldquo;Belem, 3-places - bas&rdquo; has been added to your cart\"><span class=\"wd-action-icon\"><span class=\"wd-check-icon\"><\/span><\/span><span class=\"wd-action-text\">Panier<\/span><\/a>\t\t\t\t\t<\/div>\n\t\t\t\t<\/div>\n\t\t\t<\/div>\n\t\t\t\t\t<\/div>\n\n\t\t<span class=\"gtm4wp_productdata\" style=\"display:none; visibility:hidden;\" data-gtm4wp_product_data=\"{&quot;internal_id&quot;:934213,&quot;item_id&quot;:&quot;54002001&quot;,&quot;item_name&quot;:&quot;Belem, 3-places - bas&quot;,&quot;sku&quot;:&quot;54002001&quot;,&quot;price&quot;:1199,&quot;stocklevel&quot;:null,&quot;stockstatus&quot;:&quot;instock&quot;,&quot;google_business_vertical&quot;:&quot;retail&quot;,&quot;item_category&quot;:&quot;vivre&quot;,&quot;item_category2&quot;:&quot;Canap\\u00e9s&quot;,&quot;item_category3&quot;:&quot;Canap\\u00e9s&quot;,&quot;id&quot;:&quot;54002001&quot;,&quot;productlink&quot;:&quot;https:\\\/\\\/www.moensmeubelen.be\\\/fr\\\/produit\\\/54002001-fr_BE\\\/&quot;,&quot;item_list_name&quot;:&quot;General Product List&quot;,&quot;index&quot;:6,&quot;product_type&quot;:&quot;simple&quot;,&quot;item_brand&quot;:&quot;&quot;}\"><\/span>\t\t\t<input type=\"hidden\" class=\"pmwProductId\" data-id=\"934213\">\n\t\t\t\t\t<script class=\"_iub_cs_skip\">\n\t\t\t(window.pmwDataLayer = window.pmwDataLayer || {}).products                = window.pmwDataLayer.products || {};\n\t\t\twindow.pmwDataLayer.products[934213] = {\"id\":\"934213\",\"sku\":\"54002001\",\"price\":1199,\"brand\":\"\",\"quantity\":1,\"dyn_r_ids\":{\"post_id\":\"934213\",\"sku\":\"54002001\",\"gpf\":\"woocommerce_gpf_934213\",\"gla\":\"gla_934213\"},\"is_variable\":false,\"type\":\"simple\",\"name\":\"Belem, 3-places - bas\",\"category\":[\"Canap\u00e9s\"],\"is_variation\":false};\n\t\t\t\t\twindow.pmw_product_position = window.pmw_product_position || 1;\n\t\twindow.pmwDataLayer.products[934213]['position'] = window.pmw_product_position++;\n\t\t\t\t<\/script>\n\t\t<div class=\"conditionele-tekst levertermijn-placeholder levertermijn-placeholder--plp\" data-aamss-sku=\"54002001\" data-aamss-product-id=\"934213\" data-aamss-context=\"plp\" data-aamss-state=\"loading\" aria-busy=\"true\">Sur commande - d\u00e9lai de livraison 8-10 semaines<\/div>\n\t\t\n\t\t\t<\/div>\n<\/div>\n<div class=\"wd-product wd-col wd-hover-alt product-grid-item product type-product post-934259 status-publish instock product_cat-zetels_l2_fr_BE has-post-thumbnail sale taxable shipping-taxable purchasable product-type-simple\" data-loop=\"6\" data-id=\"934259\">\n\t\n<div class=\"wd-product-wrapper product-wrapper\">\n\t<div class=\"wd-product-thumb product-element-top wd-quick-shop\">\n\t\t<a href=\"https:\/\/www.moensmeubelen.be\/fr\/produit\/54052001-fr_BE\/\" class=\"wd-product-img-link product-image-link\" tabindex=\"-1\" aria-label=\"Belem, 3-places &#8211; haut\">\n\t\t\t<img loading=\"lazy\" decoding=\"async\" width=\"400\" height=\"250\" src=\"https:\/\/www.moensmeubelen.be\/wp-content\/uploads\/2026\/06\/9dd54d6e56f6197c48732f1b96162b82165087a7_images_t_ll_m_9f5f4c47a4ec4a5f9d173020ea4362ab_image-400x250.png\" class=\"attachment-400x250 size-400x250\" alt=\"\" title=\"\">\t\t<\/a>\n\n\t\t\t\t\t<div class=\"product-labels labels-rounded-sm\">\n\t\t\t\t<span class=\"onsale product-label wd-shape-round-sm\">-7%<\/span>\t\t\t<\/div>\n\t\t\t\t\t\t<div class=\"wd-product-img-hover hover-img\">\n\t\t\t\t<img loading=\"lazy\" decoding=\"async\" width=\"400\" height=\"250\" src=\"https:\/\/www.moensmeubelen.be\/wp-content\/uploads\/2026\/06\/e90df3a21bf7c56435ef443015735eb0107e1992_images_t_ll_m_2c708f1a33a640deafb7c9f74a154512_ambiance-400x250.jpg\" class=\"attachment-400x250 size-400x250\" alt=\"\" title=\"\">\t\t\t<\/div>\n\t\t\t\n\t\t<div class=\"wd-buttons wd-pos-r-t\">\n\t\t\t\t\t<div class=\"wd-compare-btn wd-action-btn wd-style-icon wd-compare-icon\">\n\t\t\t<a href=\"https:\/\/www.moensmeubelen.be\/fr\/vergelijk\/?product_id=816026\" class=\"\" data-id=\"816026\" rel=\"nofollow\">\n\t\t\t\t<span class=\"wd-action-icon\">\n\t\t\t\t\t<span class=\"wd-check-icon\"><\/span>\n\t\t\t\t<\/span>\n\t\t\t\t<span class=\"wd-action-text\">Comparer<\/span>\n\t\t\t<\/a>\n\t\t<\/div>\n\t\t\t\t\t\t\t<div class=\"wd-quick-view-btn wd-quick-view-icon wd-action-btn wd-style-icon\">\n\t\t\t<a\n\t\t\t\thref=\"https:\/\/www.moensmeubelen.be\/fr\/produit\/54052001-fr_BE\/\"\n\t\t\t\tclass=\"open-quick-view\"\n\t\t\t\trel=\"nofollow\"\n\t\t\t\tdata-id=\"934259\"\n\t\t\t\t>\n\t\t\t\t\t<span class=\"wd-action-icon\"><\/span>\n\t\t\t\t\t<span class=\"wd-action-text\">\n\t\t\t\t\t\tQuick view\t\t\t\t\t<\/span>\n\t\t\t<\/a>\n\t\t<\/div>\n\t\t\t\t\t\t\t<\/div>\n\t<\/div>\n\n\t\t\t<div class=\"wd-product-header\">\n\t\t\t<h3 class=\"wd-entities-title\"><a href=\"https:\/\/www.moensmeubelen.be\/fr\/produit\/54052001-fr_BE\/\">Belem, 3-places &#8211; haut<\/a><\/h3>\t\t\t\t\t<\/div>\n\t\t\t\t<div class=\"wrap-price\">\n\t\t\t<div class=\"swap-wrapp\">\n\t\t\t\t<div class=\"swap-elements\">\n\t\t\t\t\t\n\t<span class=\"price\"><del aria-hidden=\"true\"><span class=\"woocommerce-Price-amount amount\"><bdi><span class=\"woocommerce-Price-currencySymbol\" translate=\"no\">&euro;<\/span>1.349,00<\/bdi><\/span><\/del> <span class=\"screen-reader-text\">Original price was: &euro;1.349,00.<\/span><ins aria-hidden=\"true\"><span class=\"woocommerce-Price-amount amount\"><bdi><span class=\"woocommerce-Price-currencySymbol\" translate=\"no\">&euro;<\/span>1.249,00<\/bdi><\/span><\/ins><span class=\"screen-reader-text\">Current price is: &euro;1.249,00.<\/span><\/span>\n\t\t\t\t\t<div class=\"wd-add-btn\">\n\t\t\t\t\t\t<a href=\"\/fr\/wp-json\/wp\/v2\/pages\/1037365?add-to-cart=934259\"  data-quantity=\"1\" class=\"button product_type_simple add_to_cart_button ajax_add_to_cart add-to-cart-loop\" data-product_id=\"934259\" data-product_sku=\"54052001\" aria-label=\"Add to cart: &ldquo;Belem, 3-places - haut&rdquo;\" rel=\"nofollow\" data-success_message=\"&ldquo;Belem, 3-places - haut&rdquo; has been added to your cart\"><span class=\"wd-action-icon\"><span class=\"wd-check-icon\"><\/span><\/span><span class=\"wd-action-text\">Panier<\/span><\/a>\t\t\t\t\t<\/div>\n\t\t\t\t<\/div>\n\t\t\t<\/div>\n\t\t\t\t\t<\/div>\n\n\t\t<span class=\"gtm4wp_productdata\" style=\"display:none; visibility:hidden;\" data-gtm4wp_product_data=\"{&quot;internal_id&quot;:934259,&quot;item_id&quot;:&quot;54052001&quot;,&quot;item_name&quot;:&quot;Belem, 3-places - haut&quot;,&quot;sku&quot;:&quot;54052001&quot;,&quot;price&quot;:1249,&quot;stocklevel&quot;:null,&quot;stockstatus&quot;:&quot;instock&quot;,&quot;google_business_vertical&quot;:&quot;retail&quot;,&quot;item_category&quot;:&quot;vivre&quot;,&quot;item_category2&quot;:&quot;Canap\\u00e9s&quot;,&quot;item_category3&quot;:&quot;Canap\\u00e9s&quot;,&quot;id&quot;:&quot;54052001&quot;,&quot;productlink&quot;:&quot;https:\\\/\\\/www.moensmeubelen.be\\\/fr\\\/produit\\\/54052001-fr_BE\\\/&quot;,&quot;item_list_name&quot;:&quot;General Product List&quot;,&quot;index&quot;:7,&quot;product_type&quot;:&quot;simple&quot;,&quot;item_brand&quot;:&quot;&quot;}\"><\/span>\t\t\t<input type=\"hidden\" class=\"pmwProductId\" data-id=\"934259\">\n\t\t\t\t\t<script class=\"_iub_cs_skip\">\n\t\t\t(window.pmwDataLayer = window.pmwDataLayer || {}).products                = window.pmwDataLayer.products || {};\n\t\t\twindow.pmwDataLayer.products[934259] = {\"id\":\"934259\",\"sku\":\"54052001\",\"price\":1249,\"brand\":\"\",\"quantity\":1,\"dyn_r_ids\":{\"post_id\":\"934259\",\"sku\":\"54052001\",\"gpf\":\"woocommerce_gpf_934259\",\"gla\":\"gla_934259\"},\"is_variable\":false,\"type\":\"simple\",\"name\":\"Belem, 3-places - haut\",\"category\":[\"Canap\u00e9s\"],\"is_variation\":false};\n\t\t\t\t\twindow.pmw_product_position = window.pmw_product_position || 1;\n\t\twindow.pmwDataLayer.products[934259]['position'] = window.pmw_product_position++;\n\t\t\t\t<\/script>\n\t\t<div class=\"conditionele-tekst levertermijn-placeholder levertermijn-placeholder--plp\" data-aamss-sku=\"54052001\" data-aamss-product-id=\"934259\" data-aamss-context=\"plp\" data-aamss-state=\"loading\" aria-busy=\"true\">Sur commande - d\u00e9lai de livraison 8-10 semaines<\/div>\n\t\t\n\t\t\t<\/div>\n<\/div>\n<div class=\"wd-product wd-col wd-hover-alt product-grid-item product type-product post-934220 status-publish last instock product_cat-zetels_l2_fr_BE has-post-thumbnail sale taxable shipping-taxable purchasable product-type-simple\" data-loop=\"7\" data-id=\"934220\">\n\t\n<div class=\"wd-product-wrapper product-wrapper\">\n\t<div class=\"wd-product-thumb product-element-top wd-quick-shop\">\n\t\t<a href=\"https:\/\/www.moensmeubelen.be\/fr\/produit\/54003001-fr_BE\/\" class=\"wd-product-img-link product-image-link\" tabindex=\"-1\" aria-label=\"Belem, 3.5-places &#8211; bas\">\n\t\t\t<img loading=\"lazy\" decoding=\"async\" width=\"400\" height=\"250\" src=\"https:\/\/www.moensmeubelen.be\/wp-content\/uploads\/2026\/06\/aebf944421f5a4c564cb771349b42beed11ce37e_images_t_ll_m_0bac165d634444d8a6910e59cddaf183_image-400x250.jpg\" class=\"attachment-400x250 size-400x250\" alt=\"\" title=\"\">\t\t<\/a>\n\n\t\t\t\t\t<div class=\"product-labels labels-rounded-sm\">\n\t\t\t\t<span class=\"onsale product-label wd-shape-round-sm\">-7%<\/span>\t\t\t<\/div>\n\t\t\t\t\t\t<div class=\"wd-product-img-hover hover-img\">\n\t\t\t\t<img loading=\"lazy\" decoding=\"async\" width=\"400\" height=\"250\" src=\"https:\/\/www.moensmeubelen.be\/wp-content\/uploads\/2026\/06\/e3ccc2be1900f05be4d6aa1135f7e4238ec914c0_images_t_ll_m_2ac0f655c43f452daffbe02b8335269a_image-400x250.jpg\" class=\"attachment-400x250 size-400x250\" alt=\"\" title=\"\">\t\t\t<\/div>\n\t\t\t\n\t\t<div class=\"wd-buttons wd-pos-r-t\">\n\t\t\t\t\t<div class=\"wd-compare-btn wd-action-btn wd-style-icon wd-compare-icon\">\n\t\t\t<a href=\"https:\/\/www.moensmeubelen.be\/fr\/vergelijk\/?product_id=815978\" class=\"\" data-id=\"815978\" rel=\"nofollow\">\n\t\t\t\t<span class=\"wd-action-icon\">\n\t\t\t\t\t<span class=\"wd-check-icon\"><\/span>\n\t\t\t\t<\/span>\n\t\t\t\t<span class=\"wd-action-text\">Comparer<\/span>\n\t\t\t<\/a>\n\t\t<\/div>\n\t\t\t\t\t\t\t<div class=\"wd-quick-view-btn wd-quick-view-icon wd-action-btn wd-style-icon\">\n\t\t\t<a\n\t\t\t\thref=\"https:\/\/www.moensmeubelen.be\/fr\/produit\/54003001-fr_BE\/\"\n\t\t\t\tclass=\"open-quick-view\"\n\t\t\t\trel=\"nofollow\"\n\t\t\t\tdata-id=\"934220\"\n\t\t\t\t>\n\t\t\t\t\t<span class=\"wd-action-icon\"><\/span>\n\t\t\t\t\t<span class=\"wd-action-text\">\n\t\t\t\t\t\tQuick view\t\t\t\t\t<\/span>\n\t\t\t<\/a>\n\t\t<\/div>\n\t\t\t\t\t\t\t<\/div>\n\t<\/div>\n\n\t\t\t<div class=\"wd-product-header\">\n\t\t\t<h3 class=\"wd-entities-title\"><a href=\"https:\/\/www.moensmeubelen.be\/fr\/produit\/54003001-fr_BE\/\">Belem, 3.5-places &#8211; bas<\/a><\/h3>\t\t\t\t\t<\/div>\n\t\t\t\t<div class=\"wrap-price\">\n\t\t\t<div class=\"swap-wrapp\">\n\t\t\t\t<div class=\"swap-elements\">\n\t\t\t\t\t\n\t<span class=\"price\"><del aria-hidden=\"true\"><span class=\"woocommerce-Price-amount amount\"><bdi><span class=\"woocommerce-Price-currencySymbol\" translate=\"no\">&euro;<\/span>1.399,00<\/bdi><\/span><\/del> <span class=\"screen-reader-text\">Original price was: &euro;1.399,00.<\/span><ins aria-hidden=\"true\"><span class=\"woocommerce-Price-amount amount\"><bdi><span class=\"woocommerce-Price-currencySymbol\" translate=\"no\">&euro;<\/span>1.299,00<\/bdi><\/span><\/ins><span class=\"screen-reader-text\">Current price is: &euro;1.299,00.<\/span><\/span>\n\t\t\t\t\t<div class=\"wd-add-btn\">\n\t\t\t\t\t\t<a href=\"\/fr\/wp-json\/wp\/v2\/pages\/1037365?add-to-cart=934220\"  data-quantity=\"1\" class=\"button product_type_simple add_to_cart_button ajax_add_to_cart add-to-cart-loop\" data-product_id=\"934220\" data-product_sku=\"54003001\" aria-label=\"Add to cart: &ldquo;Belem, 3.5-places - bas&rdquo;\" rel=\"nofollow\" data-success_message=\"&ldquo;Belem, 3.5-places - bas&rdquo; has been added to your cart\"><span class=\"wd-action-icon\"><span class=\"wd-check-icon\"><\/span><\/span><span class=\"wd-action-text\">Panier<\/span><\/a>\t\t\t\t\t<\/div>\n\t\t\t\t<\/div>\n\t\t\t<\/div>\n\t\t\t\t\t<\/div>\n\n\t\t<span class=\"gtm4wp_productdata\" style=\"display:none; visibility:hidden;\" data-gtm4wp_product_data=\"{&quot;internal_id&quot;:934220,&quot;item_id&quot;:&quot;54003001&quot;,&quot;item_name&quot;:&quot;Belem, 3.5-places - bas&quot;,&quot;sku&quot;:&quot;54003001&quot;,&quot;price&quot;:1299,&quot;stocklevel&quot;:null,&quot;stockstatus&quot;:&quot;instock&quot;,&quot;google_business_vertical&quot;:&quot;retail&quot;,&quot;item_category&quot;:&quot;vivre&quot;,&quot;item_category2&quot;:&quot;Canap\\u00e9s&quot;,&quot;item_category3&quot;:&quot;Canap\\u00e9s&quot;,&quot;id&quot;:&quot;54003001&quot;,&quot;productlink&quot;:&quot;https:\\\/\\\/www.moensmeubelen.be\\\/fr\\\/produit\\\/54003001-fr_BE\\\/&quot;,&quot;item_list_name&quot;:&quot;General Product List&quot;,&quot;index&quot;:8,&quot;product_type&quot;:&quot;simple&quot;,&quot;item_brand&quot;:&quot;&quot;}\"><\/span>\t\t\t<input type=\"hidden\" class=\"pmwProductId\" data-id=\"934220\">\n\t\t\t\t\t<script class=\"_iub_cs_skip\">\n\t\t\t(window.pmwDataLayer = window.pmwDataLayer || {}).products                = window.pmwDataLayer.products || {};\n\t\t\twindow.pmwDataLayer.products[934220] = {\"id\":\"934220\",\"sku\":\"54003001\",\"price\":1299,\"brand\":\"\",\"quantity\":1,\"dyn_r_ids\":{\"post_id\":\"934220\",\"sku\":\"54003001\",\"gpf\":\"woocommerce_gpf_934220\",\"gla\":\"gla_934220\"},\"is_variable\":false,\"type\":\"simple\",\"name\":\"Belem, 3.5-places - bas\",\"category\":[\"Canap\u00e9s\"],\"is_variation\":false};\n\t\t\t\t\twindow.pmw_product_position = window.pmw_product_position || 1;\n\t\twindow.pmwDataLayer.products[934220]['position'] = window.pmw_product_position++;\n\t\t\t\t<\/script>\n\t\t<div class=\"conditionele-tekst levertermijn-placeholder levertermijn-placeholder--plp\" data-aamss-sku=\"54003001\" data-aamss-product-id=\"934220\" data-aamss-context=\"plp\" data-aamss-state=\"loading\" aria-busy=\"true\">Sur commande - d\u00e9lai de livraison 8-10 semaines<\/div>\n\t\t\n\t\t\t<\/div>\n<\/div>\n<div class=\"wd-product wd-col wd-hover-alt product-grid-item product type-product post-934266 status-publish first instock product_cat-zetels_l2_fr_BE has-post-thumbnail sale taxable shipping-taxable purchasable product-type-simple\" data-loop=\"8\" data-id=\"934266\">\n\t\n<div class=\"wd-product-wrapper product-wrapper\">\n\t<div class=\"wd-product-thumb product-element-top wd-quick-shop\">\n\t\t<a href=\"https:\/\/www.moensmeubelen.be\/fr\/produit\/54053001-fr_BE\/\" class=\"wd-product-img-link product-image-link\" tabindex=\"-1\" aria-label=\"Belem, 3.5-places &#8211; haut\">\n\t\t\t<img loading=\"lazy\" decoding=\"async\" width=\"400\" height=\"250\" src=\"https:\/\/www.moensmeubelen.be\/wp-content\/uploads\/2026\/06\/c3d363aee77ae5f3af65b1230690a8e35de33b3d_images_t_ll_m_5cac8a6e84e84c189a83d7bf8f01c14f_image-400x250.png\" class=\"attachment-400x250 size-400x250\" alt=\"\" title=\"\">\t\t<\/a>\n\n\t\t\t\t\t<div class=\"product-labels labels-rounded-sm\">\n\t\t\t\t<span class=\"onsale product-label wd-shape-round-sm\">-7%<\/span>\t\t\t<\/div>\n\t\t\t\t\t\t<div class=\"wd-product-img-hover hover-img\">\n\t\t\t\t<img loading=\"lazy\" decoding=\"async\" width=\"400\" height=\"250\" src=\"https:\/\/www.moensmeubelen.be\/wp-content\/uploads\/2026\/06\/1387e92140b40991b6ca2c8aa5e196f7536833b6_images_t_ll_m_2c708f1a33a640deafb7c9f74a154512_ambiance-400x250.jpg\" class=\"attachment-400x250 size-400x250\" alt=\"\" title=\"\">\t\t\t<\/div>\n\t\t\t\n\t\t<div class=\"wd-buttons wd-pos-r-t\">\n\t\t\t\t\t<div class=\"wd-compare-btn wd-action-btn wd-style-icon wd-compare-icon\">\n\t\t\t<a href=\"https:\/\/www.moensmeubelen.be\/fr\/vergelijk\/?product_id=816034\" class=\"\" data-id=\"816034\" rel=\"nofollow\">\n\t\t\t\t<span class=\"wd-action-icon\">\n\t\t\t\t\t<span class=\"wd-check-icon\"><\/span>\n\t\t\t\t<\/span>\n\t\t\t\t<span class=\"wd-action-text\">Comparer<\/span>\n\t\t\t<\/a>\n\t\t<\/div>\n\t\t\t\t\t\t\t<div class=\"wd-quick-view-btn wd-quick-view-icon wd-action-btn wd-style-icon\">\n\t\t\t<a\n\t\t\t\thref=\"https:\/\/www.moensmeubelen.be\/fr\/produit\/54053001-fr_BE\/\"\n\t\t\t\tclass=\"open-quick-view\"\n\t\t\t\trel=\"nofollow\"\n\t\t\t\tdata-id=\"934266\"\n\t\t\t\t>\n\t\t\t\t\t<span class=\"wd-action-icon\"><\/span>\n\t\t\t\t\t<span class=\"wd-action-text\">\n\t\t\t\t\t\tQuick view\t\t\t\t\t<\/span>\n\t\t\t<\/a>\n\t\t<\/div>\n\t\t\t\t\t\t\t<\/div>\n\t<\/div>\n\n\t\t\t<div class=\"wd-product-header\">\n\t\t\t<h3 class=\"wd-entities-title\"><a href=\"https:\/\/www.moensmeubelen.be\/fr\/produit\/54053001-fr_BE\/\">Belem, 3.5-places &#8211; haut<\/a><\/h3>\t\t\t\t\t<\/div>\n\t\t\t\t<div class=\"wrap-price\">\n\t\t\t<div class=\"swap-wrapp\">\n\t\t\t\t<div class=\"swap-elements\">\n\t\t\t\t\t\n\t<span class=\"price\"><del aria-hidden=\"true\"><span class=\"woocommerce-Price-amount amount\"><bdi><span class=\"woocommerce-Price-currencySymbol\" translate=\"no\">&euro;<\/span>1.449,00<\/bdi><\/span><\/del> <span class=\"screen-reader-text\">Original price was: &euro;1.449,00.<\/span><ins aria-hidden=\"true\"><span class=\"woocommerce-Price-amount amount\"><bdi><span class=\"woocommerce-Price-currencySymbol\" translate=\"no\">&euro;<\/span>1.349,00<\/bdi><\/span><\/ins><span class=\"screen-reader-text\">Current price is: &euro;1.349,00.<\/span><\/span>\n\t\t\t\t\t<div class=\"wd-add-btn\">\n\t\t\t\t\t\t<a href=\"\/fr\/wp-json\/wp\/v2\/pages\/1037365?add-to-cart=934266\"  data-quantity=\"1\" class=\"button product_type_simple add_to_cart_button ajax_add_to_cart add-to-cart-loop\" data-product_id=\"934266\" data-product_sku=\"54053001\" aria-label=\"Add to cart: &ldquo;Belem, 3.5-places - haut&rdquo;\" rel=\"nofollow\" data-success_message=\"&ldquo;Belem, 3.5-places - haut&rdquo; has been added to your cart\"><span class=\"wd-action-icon\"><span class=\"wd-check-icon\"><\/span><\/span><span class=\"wd-action-text\">Panier<\/span><\/a>\t\t\t\t\t<\/div>\n\t\t\t\t<\/div>\n\t\t\t<\/div>\n\t\t\t\t\t<\/div>\n\n\t\t<span class=\"gtm4wp_productdata\" style=\"display:none; visibility:hidden;\" data-gtm4wp_product_data=\"{&quot;internal_id&quot;:934266,&quot;item_id&quot;:&quot;54053001&quot;,&quot;item_name&quot;:&quot;Belem, 3.5-places - haut&quot;,&quot;sku&quot;:&quot;54053001&quot;,&quot;price&quot;:1349,&quot;stocklevel&quot;:null,&quot;stockstatus&quot;:&quot;instock&quot;,&quot;google_business_vertical&quot;:&quot;retail&quot;,&quot;item_category&quot;:&quot;vivre&quot;,&quot;item_category2&quot;:&quot;Canap\\u00e9s&quot;,&quot;item_category3&quot;:&quot;Canap\\u00e9s&quot;,&quot;id&quot;:&quot;54053001&quot;,&quot;productlink&quot;:&quot;https:\\\/\\\/www.moensmeubelen.be\\\/fr\\\/produit\\\/54053001-fr_BE\\\/&quot;,&quot;item_list_name&quot;:&quot;General Product List&quot;,&quot;index&quot;:9,&quot;product_type&quot;:&quot;simple&quot;,&quot;item_brand&quot;:&quot;&quot;}\"><\/span>\t\t\t<input type=\"hidden\" class=\"pmwProductId\" data-id=\"934266\">\n\t\t\t\t\t<script class=\"_iub_cs_skip\">\n\t\t\t(window.pmwDataLayer = window.pmwDataLayer || {}).products                = window.pmwDataLayer.products || {};\n\t\t\twindow.pmwDataLayer.products[934266] = {\"id\":\"934266\",\"sku\":\"54053001\",\"price\":1349,\"brand\":\"\",\"quantity\":1,\"dyn_r_ids\":{\"post_id\":\"934266\",\"sku\":\"54053001\",\"gpf\":\"woocommerce_gpf_934266\",\"gla\":\"gla_934266\"},\"is_variable\":false,\"type\":\"simple\",\"name\":\"Belem, 3.5-places - haut\",\"category\":[\"Canap\u00e9s\"],\"is_variation\":false};\n\t\t\t\t\twindow.pmw_product_position = window.pmw_product_position || 1;\n\t\twindow.pmwDataLayer.products[934266]['position'] = window.pmw_product_position++;\n\t\t\t\t<\/script>\n\t\t<div class=\"conditionele-tekst levertermijn-placeholder levertermijn-placeholder--plp\" data-aamss-sku=\"54053001\" data-aamss-product-id=\"934266\" data-aamss-context=\"plp\" data-aamss-state=\"loading\" aria-busy=\"true\">Sur commande - d\u00e9lai de livraison 8-10 semaines<\/div>\n\t\t\n\t\t\t<\/div>\n<\/div>\n<div class=\"wd-product wd-col wd-hover-alt product-grid-item product type-product post-901852 status-publish instock product_cat-zetels_l2_fr_BE has-post-thumbnail sale taxable shipping-taxable purchasable product-type-simple\" data-loop=\"9\" data-id=\"901852\">\n\t\n<div class=\"wd-product-wrapper product-wrapper\">\n\t<div class=\"wd-product-thumb product-element-top wd-quick-shop\">\n\t\t<a href=\"https:\/\/www.moensmeubelen.be\/fr\/produit\/43367KOP-fr_BE\/\" class=\"wd-product-img-link product-image-link\" tabindex=\"-1\" aria-label=\"Belem, Canap\u00e9 2 places &#8211; Tissu Bellini &#8211; cuivre\">\n\t\t\t<img loading=\"lazy\" decoding=\"async\" width=\"400\" height=\"250\" src=\"https:\/\/www.moensmeubelen.be\/wp-content\/uploads\/2026\/06\/b64e912a8b40c5f139673c89a3eba96398b517a7_images_t_ll_m_2b094b959bab4322a4a8820d68964270_image-400x250.jpg\" class=\"attachment-400x250 size-400x250\" alt=\"\" title=\"\">\t\t<\/a>\n\n\t\t\t\t\t<div class=\"product-labels labels-rounded-sm\">\n\t\t\t\t<span class=\"onsale product-label wd-shape-round-sm\">-6%<\/span>\t\t\t<\/div>\n\t\t\t\t\t\t<div class=\"wd-product-img-hover hover-img\">\n\t\t\t\t<img loading=\"lazy\" decoding=\"async\" width=\"400\" height=\"250\" src=\"https:\/\/www.moensmeubelen.be\/wp-content\/uploads\/2026\/06\/3fb3a140f7b658da19d780e33107a180aa2dd1ea_images_t_ll_m_2c708f1a33a640deafb7c9f74a154512_ambiance-400x250.jpg\" class=\"attachment-400x250 size-400x250\" alt=\"\" title=\"\">\t\t\t<\/div>\n\t\t\t\n\t\t<div class=\"wd-buttons wd-pos-r-t\">\n\t\t\t\t\t<div class=\"wd-compare-btn wd-action-btn wd-style-icon wd-compare-icon\">\n\t\t\t<a href=\"https:\/\/www.moensmeubelen.be\/fr\/vergelijk\/?product_id=901851\" class=\"\" data-id=\"901851\" rel=\"nofollow\">\n\t\t\t\t<span class=\"wd-action-icon\">\n\t\t\t\t\t<span class=\"wd-check-icon\"><\/span>\n\t\t\t\t<\/span>\n\t\t\t\t<span class=\"wd-action-text\">Comparer<\/span>\n\t\t\t<\/a>\n\t\t<\/div>\n\t\t\t\t\t\t\t<div class=\"wd-quick-view-btn wd-quick-view-icon wd-action-btn wd-style-icon\">\n\t\t\t<a\n\t\t\t\thref=\"https:\/\/www.moensmeubelen.be\/fr\/produit\/43367KOP-fr_BE\/\"\n\t\t\t\tclass=\"open-quick-view\"\n\t\t\t\trel=\"nofollow\"\n\t\t\t\tdata-id=\"901852\"\n\t\t\t\t>\n\t\t\t\t\t<span class=\"wd-action-icon\"><\/span>\n\t\t\t\t\t<span class=\"wd-action-text\">\n\t\t\t\t\t\tQuick view\t\t\t\t\t<\/span>\n\t\t\t<\/a>\n\t\t<\/div>\n\t\t\t\t\t\t\t<\/div>\n\t<\/div>\n\n\t\t\t<div class=\"wd-product-header\">\n\t\t\t<h3 class=\"wd-entities-title\"><a href=\"https:\/\/www.moensmeubelen.be\/fr\/produit\/43367KOP-fr_BE\/\">Belem, Canap\u00e9 2 places &#8211; Tissu Bellini &#8211; cuivre<\/a><\/h3>\t\t\t\t\t<\/div>\n\t\t\t\t<div class=\"wrap-price\">\n\t\t\t<div class=\"swap-wrapp\">\n\t\t\t\t<div class=\"swap-elements\">\n\t\t\t\t\t\n\t<span class=\"price\"><del aria-hidden=\"true\"><span class=\"woocommerce-Price-amount amount\"><bdi><span class=\"woocommerce-Price-currencySymbol\" translate=\"no\">&euro;<\/span>1.549,00<\/bdi><\/span><\/del> <span class=\"screen-reader-text\">Original price was: &euro;1.549,00.<\/span><ins aria-hidden=\"true\"><span class=\"woocommerce-Price-amount amount\"><bdi><span class=\"woocommerce-Price-currencySymbol\" translate=\"no\">&euro;<\/span>1.449,00<\/bdi><\/span><\/ins><span class=\"screen-reader-text\">Current price is: &euro;1.449,00.<\/span><\/span>\n\t\t\t\t\t<div class=\"wd-add-btn\">\n\t\t\t\t\t\t<a href=\"\/fr\/wp-json\/wp\/v2\/pages\/1037365?add-to-cart=901852\"  data-quantity=\"1\" class=\"button product_type_simple add_to_cart_button ajax_add_to_cart add-to-cart-loop\" data-product_id=\"901852\" data-product_sku=\"43367KOP\" aria-label=\"Add to cart: &ldquo;Belem, Canap\u00e9 2 places - Tissu Bellini - cuivre&rdquo;\" rel=\"nofollow\" data-success_message=\"&ldquo;Belem, Canap\u00e9 2 places - Tissu Bellini - cuivre&rdquo; has been added to your cart\"><span class=\"wd-action-icon\"><span class=\"wd-check-icon\"><\/span><\/span><span class=\"wd-action-text\">Panier<\/span><\/a>\t\t\t\t\t<\/div>\n\t\t\t\t<\/div>\n\t\t\t<\/div>\n\t\t\t\t\t<\/div>\n\n\t\t<span class=\"gtm4wp_productdata\" style=\"display:none; visibility:hidden;\" data-gtm4wp_product_data=\"{&quot;internal_id&quot;:901852,&quot;item_id&quot;:&quot;43367KOP&quot;,&quot;item_name&quot;:&quot;Belem, Canap\\u00e9 2 places - Tissu Bellini - cuivre&quot;,&quot;sku&quot;:&quot;43367KOP&quot;,&quot;price&quot;:1449,&quot;stocklevel&quot;:1,&quot;stockstatus&quot;:&quot;instock&quot;,&quot;google_business_vertical&quot;:&quot;retail&quot;,&quot;item_category&quot;:&quot;vivre&quot;,&quot;item_category2&quot;:&quot;Canap\\u00e9s&quot;,&quot;item_category3&quot;:&quot;Canap\\u00e9s&quot;,&quot;id&quot;:&quot;43367KOP&quot;,&quot;productlink&quot;:&quot;https:\\\/\\\/www.moensmeubelen.be\\\/fr\\\/produit\\\/43367KOP-fr_BE\\\/&quot;,&quot;item_list_name&quot;:&quot;General Product List&quot;,&quot;index&quot;:10,&quot;product_type&quot;:&quot;simple&quot;,&quot;item_brand&quot;:&quot;&quot;}\"><\/span>\t\t\t<input type=\"hidden\" class=\"pmwProductId\" data-id=\"901852\">\n\t\t\t\t\t<script class=\"_iub_cs_skip\">\n\t\t\t(window.pmwDataLayer = window.pmwDataLayer || {}).products                = window.pmwDataLayer.products || {};\n\t\t\twindow.pmwDataLayer.products[901852] = {\"id\":\"901852\",\"sku\":\"43367KOP\",\"price\":1449,\"brand\":\"\",\"quantity\":1,\"dyn_r_ids\":{\"post_id\":\"901852\",\"sku\":\"43367KOP\",\"gpf\":\"woocommerce_gpf_901852\",\"gla\":\"gla_901852\"},\"is_variable\":false,\"type\":\"simple\",\"name\":\"Belem, Canap\u00e9 2 places - Tissu Bellini - cuivre\",\"category\":[\"Canap\u00e9s\"],\"is_variation\":false};\n\t\t\t\t\twindow.pmw_product_position = window.pmw_product_position || 1;\n\t\twindow.pmwDataLayer.products[901852]['position'] = window.pmw_product_position++;\n\t\t\t\t<\/script>\n\t\t<div class=\"conditionele-tekst levertermijn-placeholder levertermijn-placeholder--plp\" data-aamss-sku=\"43367KOP\" data-aamss-product-id=\"901852\" data-aamss-context=\"plp\" data-aamss-state=\"loading\" aria-busy=\"true\">Presque \u00e9puis\u00e9 - livraison 3 semaines<\/div>\n\t\t\n\t\t\t<\/div>\n<\/div>\n<div class=\"wd-product wd-col wd-hover-alt product-grid-item product type-product post-901844 status-publish onbackorder product_cat-zetels_l2_fr_BE has-post-thumbnail sale taxable shipping-taxable purchasable product-type-simple\" data-loop=\"10\" data-id=\"901844\">\n\t\n<div class=\"wd-product-wrapper product-wrapper\">\n\t<div class=\"wd-product-thumb product-element-top wd-quick-shop\">\n\t\t<a href=\"https:\/\/www.moensmeubelen.be\/fr\/produit\/43366KOP-fr_BE\/\" class=\"wd-product-img-link product-image-link\" tabindex=\"-1\" aria-label=\"Belem, Canap\u00e9 2,5 places &#8211; Tissu Bellini &#8211; cuivre\">\n\t\t\t<img loading=\"lazy\" decoding=\"async\" width=\"400\" height=\"250\" src=\"https:\/\/www.moensmeubelen.be\/wp-content\/uploads\/2026\/06\/3bc1a6c27badf9b3f7ef21ea9516073076d495e0_images_t_ll_m_771d1aacacc34944b8250d4487d32303_image-400x250.jpg\" class=\"attachment-400x250 size-400x250\" alt=\"\" title=\"\">\t\t<\/a>\n\n\t\t\t\t\t<div class=\"product-labels labels-rounded-sm\">\n\t\t\t\t<span class=\"onsale product-label wd-shape-round-sm\">-6%<\/span>\t\t\t<\/div>\n\t\t\t\t\t\t<div class=\"wd-product-img-hover hover-img\">\n\t\t\t\t<img loading=\"lazy\" decoding=\"async\" width=\"400\" height=\"250\" src=\"https:\/\/www.moensmeubelen.be\/wp-content\/uploads\/2026\/06\/a7493b358042a48b26f4e575944d54ccd02ca41c_images_t_ll_m_2c708f1a33a640deafb7c9f74a154512_ambiance-400x250.jpg\" class=\"attachment-400x250 size-400x250\" alt=\"\" title=\"\">\t\t\t<\/div>\n\t\t\t\n\t\t<div class=\"wd-buttons wd-pos-r-t\">\n\t\t\t\t\t<div class=\"wd-compare-btn wd-action-btn wd-style-icon wd-compare-icon\">\n\t\t\t<a href=\"https:\/\/www.moensmeubelen.be\/fr\/vergelijk\/?product_id=901843\" class=\"\" data-id=\"901843\" rel=\"nofollow\">\n\t\t\t\t<span class=\"wd-action-icon\">\n\t\t\t\t\t<span class=\"wd-check-icon\"><\/span>\n\t\t\t\t<\/span>\n\t\t\t\t<span class=\"wd-action-text\">Comparer<\/span>\n\t\t\t<\/a>\n\t\t<\/div>\n\t\t\t\t\t\t\t<div class=\"wd-quick-view-btn wd-quick-view-icon wd-action-btn wd-style-icon\">\n\t\t\t<a\n\t\t\t\thref=\"https:\/\/www.moensmeubelen.be\/fr\/produit\/43366KOP-fr_BE\/\"\n\t\t\t\tclass=\"open-quick-view\"\n\t\t\t\trel=\"nofollow\"\n\t\t\t\tdata-id=\"901844\"\n\t\t\t\t>\n\t\t\t\t\t<span class=\"wd-action-icon\"><\/span>\n\t\t\t\t\t<span class=\"wd-action-text\">\n\t\t\t\t\t\tQuick view\t\t\t\t\t<\/span>\n\t\t\t<\/a>\n\t\t<\/div>\n\t\t\t\t\t\t\t<\/div>\n\t<\/div>\n\n\t\t\t<div class=\"wd-product-header\">\n\t\t\t<h3 class=\"wd-entities-title\"><a href=\"https:\/\/www.moensmeubelen.be\/fr\/produit\/43366KOP-fr_BE\/\">Belem, Canap\u00e9 2,5 places &#8211; Tissu Bellini &#8211; cuivre<\/a><\/h3>\t\t\t\t\t<\/div>\n\t\t\t\t<div class=\"wrap-price\">\n\t\t\t<div class=\"swap-wrapp\">\n\t\t\t\t<div class=\"swap-elements\">\n\t\t\t\t\t\n\t<span class=\"price\"><del aria-hidden=\"true\"><span class=\"woocommerce-Price-amount amount\"><bdi><span class=\"woocommerce-Price-currencySymbol\" translate=\"no\">&euro;<\/span>1.649,00<\/bdi><\/span><\/del> <span class=\"screen-reader-text\">Original price was: &euro;1.649,00.<\/span><ins aria-hidden=\"true\"><span class=\"woocommerce-Price-amount amount\"><bdi><span class=\"woocommerce-Price-currencySymbol\" translate=\"no\">&euro;<\/span>1.549,00<\/bdi><\/span><\/ins><span class=\"screen-reader-text\">Current price is: &euro;1.549,00.<\/span><\/span>\n\t\t\t\t\t<div class=\"wd-add-btn\">\n\t\t\t\t\t\t<a href=\"\/fr\/wp-json\/wp\/v2\/pages\/1037365?add-to-cart=901844\"  data-quantity=\"1\" class=\"button product_type_simple add_to_cart_button ajax_add_to_cart add-to-cart-loop\" data-product_id=\"901844\" data-product_sku=\"43366KOP\" aria-label=\"Add to cart: &ldquo;Belem, Canap\u00e9 2,5 places - Tissu Bellini - cuivre&rdquo;\" rel=\"nofollow\" data-success_message=\"&ldquo;Belem, Canap\u00e9 2,5 places - Tissu Bellini - cuivre&rdquo; has been added to your cart\"><span class=\"wd-action-icon\"><span class=\"wd-check-icon\"><\/span><\/span><span class=\"wd-action-text\">Panier<\/span><\/a>\t\t\t\t\t<\/div>\n\t\t\t\t<\/div>\n\t\t\t<\/div>\n\t\t\t\t\t<\/div>\n\n\t\t<span class=\"gtm4wp_productdata\" style=\"display:none; visibility:hidden;\" data-gtm4wp_product_data=\"{&quot;internal_id&quot;:901844,&quot;item_id&quot;:&quot;43366KOP&quot;,&quot;item_name&quot;:&quot;Belem, Canap\\u00e9 2,5 places - Tissu Bellini - cuivre&quot;,&quot;sku&quot;:&quot;43366KOP&quot;,&quot;price&quot;:1549,&quot;stocklevel&quot;:null,&quot;stockstatus&quot;:&quot;onbackorder&quot;,&quot;google_business_vertical&quot;:&quot;retail&quot;,&quot;item_category&quot;:&quot;vivre&quot;,&quot;item_category2&quot;:&quot;Canap\\u00e9s&quot;,&quot;item_category3&quot;:&quot;Canap\\u00e9s&quot;,&quot;id&quot;:&quot;43366KOP&quot;,&quot;productlink&quot;:&quot;https:\\\/\\\/www.moensmeubelen.be\\\/fr\\\/produit\\\/43366KOP-fr_BE\\\/&quot;,&quot;item_list_name&quot;:&quot;General Product List&quot;,&quot;index&quot;:11,&quot;product_type&quot;:&quot;simple&quot;,&quot;item_brand&quot;:&quot;&quot;}\"><\/span>\t\t\t<input type=\"hidden\" class=\"pmwProductId\" data-id=\"901844\">\n\t\t\t\t\t<script class=\"_iub_cs_skip\">\n\t\t\t(window.pmwDataLayer = window.pmwDataLayer || {}).products                = window.pmwDataLayer.products || {};\n\t\t\twindow.pmwDataLayer.products[901844] = {\"id\":\"901844\",\"sku\":\"43366KOP\",\"price\":1549,\"brand\":\"\",\"quantity\":1,\"dyn_r_ids\":{\"post_id\":\"901844\",\"sku\":\"43366KOP\",\"gpf\":\"woocommerce_gpf_901844\",\"gla\":\"gla_901844\"},\"is_variable\":false,\"type\":\"simple\",\"name\":\"Belem, Canap\u00e9 2,5 places - Tissu Bellini - cuivre\",\"category\":[\"Canap\u00e9s\"],\"is_variation\":false};\n\t\t\t\t\twindow.pmw_product_position = window.pmw_product_position || 1;\n\t\twindow.pmwDataLayer.products[901844]['position'] = window.pmw_product_position++;\n\t\t\t\t<\/script>\n\t\t<div class=\"conditionele-tekst levertermijn-placeholder levertermijn-placeholder--plp\" data-aamss-sku=\"43366KOP\" data-aamss-product-id=\"901844\" data-aamss-context=\"plp\" data-aamss-state=\"loading\" aria-busy=\"true\">En stock - livraison sous 3 semaines<\/div>\n\t\t\n\t\t\t<\/div>\n<\/div>\n<div class=\"wd-product wd-col wd-hover-alt product-grid-item product type-product post-901836 status-publish last onbackorder product_cat-zetels_l2_fr_BE has-post-thumbnail sale taxable shipping-taxable purchasable product-type-simple\" data-loop=\"11\" data-id=\"901836\">\n\t\n<div class=\"wd-product-wrapper product-wrapper\">\n\t<div class=\"wd-product-thumb product-element-top wd-quick-shop\">\n\t\t<a href=\"https:\/\/www.moensmeubelen.be\/fr\/produit\/43365KOP-fr_BE\/\" class=\"wd-product-img-link product-image-link\" tabindex=\"-1\" aria-label=\"Belem, Canap\u00e9 3 places &#8211; Tissu Bellini &#8211; cuivre\">\n\t\t\t<img loading=\"lazy\" decoding=\"async\" width=\"400\" height=\"250\" src=\"https:\/\/www.moensmeubelen.be\/wp-content\/uploads\/2026\/06\/b5721fc695412d41910cfa635df5a9da64f56eb5_images_t_ll_m_86b024c0d62b4aeabfa95e035cb1553f_image-400x250.jpg\" class=\"attachment-400x250 size-400x250\" alt=\"\" title=\"\">\t\t<\/a>\n\n\t\t\t\t\t<div class=\"product-labels labels-rounded-sm\">\n\t\t\t\t<span class=\"onsale product-label wd-shape-round-sm\">-6%<\/span>\t\t\t<\/div>\n\t\t\t\t\t\t<div class=\"wd-product-img-hover hover-img\">\n\t\t\t\t<img loading=\"lazy\" decoding=\"async\" width=\"400\" height=\"250\" src=\"https:\/\/www.moensmeubelen.be\/wp-content\/uploads\/2026\/06\/7b6ed4da55701d0e8ef559e99dc79844e6c404ed_images_t_ll_m_2c708f1a33a640deafb7c9f74a154512_ambiance-400x250.jpg\" class=\"attachment-400x250 size-400x250\" alt=\"\" title=\"\">\t\t\t<\/div>\n\t\t\t\n\t\t<div class=\"wd-buttons wd-pos-r-t\">\n\t\t\t\t\t<div class=\"wd-compare-btn wd-action-btn wd-style-icon wd-compare-icon\">\n\t\t\t<a href=\"https:\/\/www.moensmeubelen.be\/fr\/vergelijk\/?product_id=901835\" class=\"\" data-id=\"901835\" rel=\"nofollow\">\n\t\t\t\t<span class=\"wd-action-icon\">\n\t\t\t\t\t<span class=\"wd-check-icon\"><\/span>\n\t\t\t\t<\/span>\n\t\t\t\t<span class=\"wd-action-text\">Comparer<\/span>\n\t\t\t<\/a>\n\t\t<\/div>\n\t\t\t\t\t\t\t<div class=\"wd-quick-view-btn wd-quick-view-icon wd-action-btn wd-style-icon\">\n\t\t\t<a\n\t\t\t\thref=\"https:\/\/www.moensmeubelen.be\/fr\/produit\/43365KOP-fr_BE\/\"\n\t\t\t\tclass=\"open-quick-view\"\n\t\t\t\trel=\"nofollow\"\n\t\t\t\tdata-id=\"901836\"\n\t\t\t\t>\n\t\t\t\t\t<span class=\"wd-action-icon\"><\/span>\n\t\t\t\t\t<span class=\"wd-action-text\">\n\t\t\t\t\t\tQuick view\t\t\t\t\t<\/span>\n\t\t\t<\/a>\n\t\t<\/div>\n\t\t\t\t\t\t\t<\/div>\n\t<\/div>\n\n\t\t\t<div class=\"wd-product-header\">\n\t\t\t<h3 class=\"wd-entities-title\"><a href=\"https:\/\/www.moensmeubelen.be\/fr\/produit\/43365KOP-fr_BE\/\">Belem, Canap\u00e9 3 places &#8211; Tissu Bellini &#8211; cuivre<\/a><\/h3>\t\t\t\t\t<\/div>\n\t\t\t\t<div class=\"wrap-price\">\n\t\t\t<div class=\"swap-wrapp\">\n\t\t\t\t<div class=\"swap-elements\">\n\t\t\t\t\t\n\t<span class=\"price\"><del aria-hidden=\"true\"><span class=\"woocommerce-Price-amount amount\"><bdi><span class=\"woocommerce-Price-currencySymbol\" translate=\"no\">&euro;<\/span>1.749,00<\/bdi><\/span><\/del> <span class=\"screen-reader-text\">Original price was: &euro;1.749,00.<\/span><ins aria-hidden=\"true\"><span class=\"woocommerce-Price-amount amount\"><bdi><span class=\"woocommerce-Price-currencySymbol\" translate=\"no\">&euro;<\/span>1.649,00<\/bdi><\/span><\/ins><span class=\"screen-reader-text\">Current price is: &euro;1.649,00.<\/span><\/span>\n\t\t\t\t\t<div class=\"wd-add-btn\">\n\t\t\t\t\t\t<a href=\"\/fr\/wp-json\/wp\/v2\/pages\/1037365?add-to-cart=901836\"  data-quantity=\"1\" class=\"button product_type_simple add_to_cart_button ajax_add_to_cart add-to-cart-loop\" data-product_id=\"901836\" data-product_sku=\"43365KOP\" aria-label=\"Add to cart: &ldquo;Belem, Canap\u00e9 3 places - Tissu Bellini - cuivre&rdquo;\" rel=\"nofollow\" data-success_message=\"&ldquo;Belem, Canap\u00e9 3 places - Tissu Bellini - cuivre&rdquo; has been added to your cart\"><span class=\"wd-action-icon\"><span class=\"wd-check-icon\"><\/span><\/span><span class=\"wd-action-text\">Panier<\/span><\/a>\t\t\t\t\t<\/div>\n\t\t\t\t<\/div>\n\t\t\t<\/div>\n\t\t\t\t\t<\/div>\n\n\t\t<span class=\"gtm4wp_productdata\" style=\"display:none; visibility:hidden;\" data-gtm4wp_product_data=\"{&quot;internal_id&quot;:901836,&quot;item_id&quot;:&quot;43365KOP&quot;,&quot;item_name&quot;:&quot;Belem, Canap\\u00e9 3 places - Tissu Bellini - cuivre&quot;,&quot;sku&quot;:&quot;43365KOP&quot;,&quot;price&quot;:1649,&quot;stocklevel&quot;:null,&quot;stockstatus&quot;:&quot;onbackorder&quot;,&quot;google_business_vertical&quot;:&quot;retail&quot;,&quot;item_category&quot;:&quot;vivre&quot;,&quot;item_category2&quot;:&quot;Canap\\u00e9s&quot;,&quot;item_category3&quot;:&quot;Canap\\u00e9s&quot;,&quot;id&quot;:&quot;43365KOP&quot;,&quot;productlink&quot;:&quot;https:\\\/\\\/www.moensmeubelen.be\\\/fr\\\/produit\\\/43365KOP-fr_BE\\\/&quot;,&quot;item_list_name&quot;:&quot;General Product List&quot;,&quot;index&quot;:12,&quot;product_type&quot;:&quot;simple&quot;,&quot;item_brand&quot;:&quot;&quot;}\"><\/span>\t\t\t<input type=\"hidden\" class=\"pmwProductId\" data-id=\"901836\">\n\t\t\t\t\t<script class=\"_iub_cs_skip\">\n\t\t\t(window.pmwDataLayer = window.pmwDataLayer || {}).products                = window.pmwDataLayer.products || {};\n\t\t\twindow.pmwDataLayer.products[901836] = {\"id\":\"901836\",\"sku\":\"43365KOP\",\"price\":1649,\"brand\":\"\",\"quantity\":1,\"dyn_r_ids\":{\"post_id\":\"901836\",\"sku\":\"43365KOP\",\"gpf\":\"woocommerce_gpf_901836\",\"gla\":\"gla_901836\"},\"is_variable\":false,\"type\":\"simple\",\"name\":\"Belem, Canap\u00e9 3 places - Tissu Bellini - cuivre\",\"category\":[\"Canap\u00e9s\"],\"is_variation\":false};\n\t\t\t\t\twindow.pmw_product_position = window.pmw_product_position || 1;\n\t\twindow.pmwDataLayer.products[901836]['position'] = window.pmw_product_position++;\n\t\t\t\t<\/script>\n\t\t<div class=\"conditionele-tekst levertermijn-placeholder levertermijn-placeholder--plp\" data-aamss-sku=\"43365KOP\" data-aamss-product-id=\"901836\" data-aamss-context=\"plp\" data-aamss-state=\"loading\" aria-busy=\"true\">En stock - livraison sous 3 semaines<\/div>\n\t\t\n\t\t\t<\/div>\n<\/div>\n<div class=\"wd-product wd-col wd-hover-alt product-grid-item product type-product post-901828 status-publish first onbackorder product_cat-zetels_l2_fr_BE has-post-thumbnail sale taxable shipping-taxable purchasable product-type-simple\" data-loop=\"12\" data-id=\"901828\">\n\t\n<div class=\"wd-product-wrapper product-wrapper\">\n\t<div class=\"wd-product-thumb product-element-top wd-quick-shop\">\n\t\t<a href=\"https:\/\/www.moensmeubelen.be\/fr\/produit\/43364KOP-fr_BE\/\" class=\"wd-product-img-link product-image-link\" tabindex=\"-1\" aria-label=\"Belem, Canap\u00e9 3,5 places &#8211; Tissu Bellini &#8211; cuivre\">\n\t\t\t<img loading=\"lazy\" decoding=\"async\" width=\"400\" height=\"250\" src=\"https:\/\/www.moensmeubelen.be\/wp-content\/uploads\/2026\/06\/3f779f3c7409d198b29542f430e1430b689100cd_images_t_ll_m_0bac165d634444d8a6910e59cddaf183_image-400x250.jpg\" class=\"attachment-400x250 size-400x250\" alt=\"\" title=\"\">\t\t<\/a>\n\n\t\t\t\t\t<div class=\"product-labels labels-rounded-sm\">\n\t\t\t\t<span class=\"onsale product-label wd-shape-round-sm\">-5%<\/span>\t\t\t<\/div>\n\t\t\t\t\t\t<div class=\"wd-product-img-hover hover-img\">\n\t\t\t\t<img loading=\"lazy\" decoding=\"async\" width=\"400\" height=\"250\" src=\"https:\/\/www.moensmeubelen.be\/wp-content\/uploads\/2026\/06\/12ed3c7deb6221c6caa084b38fae8d429565d104_images_t_ll_m_2ac0f655c43f452daffbe02b8335269a_image-400x250.jpg\" class=\"attachment-400x250 size-400x250\" alt=\"\" title=\"\">\t\t\t<\/div>\n\t\t\t\n\t\t<div class=\"wd-buttons wd-pos-r-t\">\n\t\t\t\t\t<div class=\"wd-compare-btn wd-action-btn wd-style-icon wd-compare-icon\">\n\t\t\t<a href=\"https:\/\/www.moensmeubelen.be\/fr\/vergelijk\/?product_id=901827\" class=\"\" data-id=\"901827\" rel=\"nofollow\">\n\t\t\t\t<span class=\"wd-action-icon\">\n\t\t\t\t\t<span class=\"wd-check-icon\"><\/span>\n\t\t\t\t<\/span>\n\t\t\t\t<span class=\"wd-action-text\">Comparer<\/span>\n\t\t\t<\/a>\n\t\t<\/div>\n\t\t\t\t\t\t\t<div class=\"wd-quick-view-btn wd-quick-view-icon wd-action-btn wd-style-icon\">\n\t\t\t<a\n\t\t\t\thref=\"https:\/\/www.moensmeubelen.be\/fr\/produit\/43364KOP-fr_BE\/\"\n\t\t\t\tclass=\"open-quick-view\"\n\t\t\t\trel=\"nofollow\"\n\t\t\t\tdata-id=\"901828\"\n\t\t\t\t>\n\t\t\t\t\t<span class=\"wd-action-icon\"><\/span>\n\t\t\t\t\t<span class=\"wd-action-text\">\n\t\t\t\t\t\tQuick view\t\t\t\t\t<\/span>\n\t\t\t<\/a>\n\t\t<\/div>\n\t\t\t\t\t\t\t<\/div>\n\t<\/div>\n\n\t\t\t<div class=\"wd-product-header\">\n\t\t\t<h3 class=\"wd-entities-title\"><a href=\"https:\/\/www.moensmeubelen.be\/fr\/produit\/43364KOP-fr_BE\/\">Belem, Canap\u00e9 3,5 places &#8211; Tissu Bellini &#8211; cuivre<\/a><\/h3>\t\t\t\t\t<\/div>\n\t\t\t\t<div class=\"wrap-price\">\n\t\t\t<div class=\"swap-wrapp\">\n\t\t\t\t<div class=\"swap-elements\">\n\t\t\t\t\t\n\t<span class=\"price\"><del aria-hidden=\"true\"><span class=\"woocommerce-Price-amount amount\"><bdi><span class=\"woocommerce-Price-currencySymbol\" translate=\"no\">&euro;<\/span>1.849,00<\/bdi><\/span><\/del> <span class=\"screen-reader-text\">Original price was: &euro;1.849,00.<\/span><ins aria-hidden=\"true\"><span class=\"woocommerce-Price-amount amount\"><bdi><span class=\"woocommerce-Price-currencySymbol\" translate=\"no\">&euro;<\/span>1.749,00<\/bdi><\/span><\/ins><span class=\"screen-reader-text\">Current price is: &euro;1.749,00.<\/span><\/span>\n\t\t\t\t\t<div class=\"wd-add-btn\">\n\t\t\t\t\t\t<a href=\"\/fr\/wp-json\/wp\/v2\/pages\/1037365?add-to-cart=901828\"  data-quantity=\"1\" class=\"button product_type_simple add_to_cart_button ajax_add_to_cart add-to-cart-loop\" data-product_id=\"901828\" data-product_sku=\"43364KOP\" aria-label=\"Add to cart: &ldquo;Belem, Canap\u00e9 3,5 places - Tissu Bellini - cuivre&rdquo;\" rel=\"nofollow\" data-success_message=\"&ldquo;Belem, Canap\u00e9 3,5 places - Tissu Bellini - cuivre&rdquo; has been added to your cart\"><span class=\"wd-action-icon\"><span class=\"wd-check-icon\"><\/span><\/span><span class=\"wd-action-text\">Panier<\/span><\/a>\t\t\t\t\t<\/div>\n\t\t\t\t<\/div>\n\t\t\t<\/div>\n\t\t\t\t\t<\/div>\n\n\t\t<span class=\"gtm4wp_productdata\" style=\"display:none; visibility:hidden;\" data-gtm4wp_product_data=\"{&quot;internal_id&quot;:901828,&quot;item_id&quot;:&quot;43364KOP&quot;,&quot;item_name&quot;:&quot;Belem, Canap\\u00e9 3,5 places - Tissu Bellini - cuivre&quot;,&quot;sku&quot;:&quot;43364KOP&quot;,&quot;price&quot;:1749,&quot;stocklevel&quot;:null,&quot;stockstatus&quot;:&quot;onbackorder&quot;,&quot;google_business_vertical&quot;:&quot;retail&quot;,&quot;item_category&quot;:&quot;vivre&quot;,&quot;item_category2&quot;:&quot;Canap\\u00e9s&quot;,&quot;item_category3&quot;:&quot;Canap\\u00e9s&quot;,&quot;id&quot;:&quot;43364KOP&quot;,&quot;productlink&quot;:&quot;https:\\\/\\\/www.moensmeubelen.be\\\/fr\\\/produit\\\/43364KOP-fr_BE\\\/&quot;,&quot;item_list_name&quot;:&quot;General Product List&quot;,&quot;index&quot;:13,&quot;product_type&quot;:&quot;simple&quot;,&quot;item_brand&quot;:&quot;&quot;}\"><\/span>\t\t\t<input type=\"hidden\" class=\"pmwProductId\" data-id=\"901828\">\n\t\t\t\t\t<script class=\"_iub_cs_skip\">\n\t\t\t(window.pmwDataLayer = window.pmwDataLayer || {}).products                = window.pmwDataLayer.products || {};\n\t\t\twindow.pmwDataLayer.products[901828] = {\"id\":\"901828\",\"sku\":\"43364KOP\",\"price\":1749,\"brand\":\"\",\"quantity\":1,\"dyn_r_ids\":{\"post_id\":\"901828\",\"sku\":\"43364KOP\",\"gpf\":\"woocommerce_gpf_901828\",\"gla\":\"gla_901828\"},\"is_variable\":false,\"type\":\"simple\",\"name\":\"Belem, Canap\u00e9 3,5 places - Tissu Bellini - cuivre\",\"category\":[\"Canap\u00e9s\"],\"is_variation\":false};\n\t\t\t\t\twindow.pmw_product_position = window.pmw_product_position || 1;\n\t\twindow.pmwDataLayer.products[901828]['position'] = window.pmw_product_position++;\n\t\t\t\t<\/script>\n\t\t<div class=\"conditionele-tekst levertermijn-placeholder levertermijn-placeholder--plp\" data-aamss-sku=\"43364KOP\" data-aamss-product-id=\"901828\" data-aamss-context=\"plp\" data-aamss-state=\"loading\" aria-busy=\"true\">En stock - livraison sous 3 semaines<\/div>\n\t\t\n\t\t\t<\/div>\n<\/div>\n<div class=\"wd-product wd-col wd-hover-alt product-grid-item product type-product post-731035 status-publish onbackorder product_cat-zetels_l2_fr_BE has-post-thumbnail taxable shipping-taxable purchasable product-type-simple\" data-loop=\"13\" data-id=\"731035\">\n\t\n<div class=\"wd-product-wrapper product-wrapper\">\n\t<div class=\"wd-product-thumb product-element-top wd-quick-shop\">\n\t\t<a href=\"https:\/\/www.moensmeubelen.be\/fr\/produit\/49500001-fr_BE\/\" class=\"wd-product-img-link product-image-link\" tabindex=\"-1\" aria-label=\"Brooks, 2-places\">\n\t\t\t<img loading=\"lazy\" decoding=\"async\" width=\"400\" height=\"250\" src=\"https:\/\/www.moensmeubelen.be\/wp-content\/uploads\/2026\/06\/29dcbd593ef009239150c54b20d415cd5df83b49_images_t_ll_m_7e6b73512c744c6b9f2b684c1cc848e5_image-400x250.jpg\" class=\"attachment-400x250 size-400x250\" alt=\"\" title=\"\">\t\t<\/a>\n\n\t\t\t\t\t<div class=\"wd-product-img-hover hover-img\">\n\t\t\t\t<img loading=\"lazy\" decoding=\"async\" width=\"400\" height=\"250\" src=\"https:\/\/www.moensmeubelen.be\/wp-content\/uploads\/2026\/06\/a45c7cf017772d5d5905ae2e437ac3cbd7b874aa_images_t_ll_m_8e28042668e34401ad44e0aed6f9106f_ambiance-400x250.jpg\" class=\"attachment-400x250 size-400x250\" alt=\"\" title=\"\">\t\t\t<\/div>\n\t\t\t\n\t\t<div class=\"wd-buttons wd-pos-r-t\">\n\t\t\t\t\t<div class=\"wd-compare-btn wd-action-btn wd-style-icon wd-compare-icon\">\n\t\t\t<a href=\"https:\/\/www.moensmeubelen.be\/fr\/vergelijk\/?product_id=731034\" class=\"\" data-id=\"731034\" rel=\"nofollow\">\n\t\t\t\t<span class=\"wd-action-icon\">\n\t\t\t\t\t<span class=\"wd-check-icon\"><\/span>\n\t\t\t\t<\/span>\n\t\t\t\t<span class=\"wd-action-text\">Comparer<\/span>\n\t\t\t<\/a>\n\t\t<\/div>\n\t\t\t\t\t\t\t<div class=\"wd-quick-view-btn wd-quick-view-icon wd-action-btn wd-style-icon\">\n\t\t\t<a\n\t\t\t\thref=\"https:\/\/www.moensmeubelen.be\/fr\/produit\/49500001-fr_BE\/\"\n\t\t\t\tclass=\"open-quick-view\"\n\t\t\t\trel=\"nofollow\"\n\t\t\t\tdata-id=\"731035\"\n\t\t\t\t>\n\t\t\t\t\t<span class=\"wd-action-icon\"><\/span>\n\t\t\t\t\t<span class=\"wd-action-text\">\n\t\t\t\t\t\tQuick view\t\t\t\t\t<\/span>\n\t\t\t<\/a>\n\t\t<\/div>\n\t\t\t\t\t\t\t<\/div>\n\t<\/div>\n\n\t\t\t<div class=\"wd-product-header\">\n\t\t\t<h3 class=\"wd-entities-title\"><a href=\"https:\/\/www.moensmeubelen.be\/fr\/produit\/49500001-fr_BE\/\">Brooks, 2-places<\/a><\/h3>\t\t\t\t\t<\/div>\n\t\t\t\t<div class=\"wrap-price\">\n\t\t\t<div class=\"swap-wrapp\">\n\t\t\t\t<div class=\"swap-elements\">\n\t\t\t\t\t\n\t<span class=\"price\"><span class=\"woocommerce-Price-amount amount\"><bdi><span class=\"woocommerce-Price-currencySymbol\" translate=\"no\">&euro;<\/span>999,00<\/bdi><\/span><\/span>\n\t\t\t\t\t<div class=\"wd-add-btn\">\n\t\t\t\t\t\t<a href=\"\/fr\/wp-json\/wp\/v2\/pages\/1037365?add-to-cart=731035\"  data-quantity=\"1\" class=\"button product_type_simple add_to_cart_button ajax_add_to_cart add-to-cart-loop\" data-product_id=\"731035\" data-product_sku=\"49500001\" aria-label=\"Add to cart: &ldquo;Brooks, 2-places&rdquo;\" rel=\"nofollow\" data-success_message=\"&ldquo;Brooks, 2-places&rdquo; has been added to your cart\"><span class=\"wd-action-icon\"><span class=\"wd-check-icon\"><\/span><\/span><span class=\"wd-action-text\">Panier<\/span><\/a>\t\t\t\t\t<\/div>\n\t\t\t\t<\/div>\n\t\t\t<\/div>\n\t\t\t\t\t<\/div>\n\n\t\t<span class=\"gtm4wp_productdata\" style=\"display:none; visibility:hidden;\" data-gtm4wp_product_data=\"{&quot;internal_id&quot;:731035,&quot;item_id&quot;:&quot;49500001&quot;,&quot;item_name&quot;:&quot;Brooks, 2-places&quot;,&quot;sku&quot;:&quot;49500001&quot;,&quot;price&quot;:999,&quot;stocklevel&quot;:null,&quot;stockstatus&quot;:&quot;onbackorder&quot;,&quot;google_business_vertical&quot;:&quot;retail&quot;,&quot;item_category&quot;:&quot;vivre&quot;,&quot;item_category2&quot;:&quot;Canap\\u00e9s&quot;,&quot;item_category3&quot;:&quot;Canap\\u00e9s&quot;,&quot;id&quot;:&quot;49500001&quot;,&quot;productlink&quot;:&quot;https:\\\/\\\/www.moensmeubelen.be\\\/fr\\\/produit\\\/49500001-fr_BE\\\/&quot;,&quot;item_list_name&quot;:&quot;General Product List&quot;,&quot;index&quot;:14,&quot;product_type&quot;:&quot;simple&quot;,&quot;item_brand&quot;:&quot;&quot;}\"><\/span>\t\t\t<input type=\"hidden\" class=\"pmwProductId\" data-id=\"731035\">\n\t\t\t\t\t<script class=\"_iub_cs_skip\">\n\t\t\t(window.pmwDataLayer = window.pmwDataLayer || {}).products                = window.pmwDataLayer.products || {};\n\t\t\twindow.pmwDataLayer.products[731035] = {\"id\":\"731035\",\"sku\":\"49500001\",\"price\":999,\"brand\":\"\",\"quantity\":1,\"dyn_r_ids\":{\"post_id\":\"731035\",\"sku\":\"49500001\",\"gpf\":\"woocommerce_gpf_731035\",\"gla\":\"gla_731035\"},\"is_variable\":false,\"type\":\"simple\",\"name\":\"Brooks, 2-places\",\"category\":[\"Canap\u00e9s\"],\"is_variation\":false};\n\t\t\t\t\twindow.pmw_product_position = window.pmw_product_position || 1;\n\t\twindow.pmwDataLayer.products[731035]['position'] = window.pmw_product_position++;\n\t\t\t\t<\/script>\n\t\t<div class=\"conditionele-tekst levertermijn-placeholder levertermijn-placeholder--plp\" data-aamss-sku=\"49500001\" data-aamss-product-id=\"731035\" data-aamss-context=\"plp\" data-aamss-state=\"loading\" aria-busy=\"true\">Sur commande - d\u00e9lai de livraison 8-10 semaines<\/div>\n\t\t\n\t\t\t<\/div>\n<\/div>\n<div class=\"wd-product wd-col wd-hover-alt product-grid-item product type-product post-731045 status-publish onbackorder product_cat-zetels_l2_fr_BE has-post-thumbnail taxable shipping-taxable purchasable product-type-simple\" data-loop=\"14\" data-id=\"731045\">\n\t\n<div class=\"wd-product-wrapper product-wrapper\">\n\t<div class=\"wd-product-thumb product-element-top wd-quick-shop\">\n\t\t<a href=\"https:\/\/www.moensmeubelen.be\/fr\/produit\/49501001-fr_BE\/\" class=\"wd-product-img-link product-image-link\" tabindex=\"-1\" aria-label=\"Brooks, 2.5-places\">\n\t\t\t<img loading=\"lazy\" decoding=\"async\" width=\"400\" height=\"250\" src=\"https:\/\/www.moensmeubelen.be\/wp-content\/uploads\/2026\/06\/021273e81d44a67c2bd44123573159c31aafd04c_images_t_ll_m_5b6d22c5245d4b2ab3b8414d1ceaa729_image-400x250.jpg\" class=\"attachment-400x250 size-400x250\" alt=\"\" title=\"\">\t\t<\/a>\n\n\t\t\t\t\t<div class=\"wd-product-img-hover hover-img\">\n\t\t\t\t<img loading=\"lazy\" decoding=\"async\" width=\"400\" height=\"250\" src=\"https:\/\/www.moensmeubelen.be\/wp-content\/uploads\/2026\/06\/d114b4d199851f8db98783ab6a985b90372c6ead_images_t_ll_m_8e28042668e34401ad44e0aed6f9106f_ambiance-400x250.jpg\" class=\"attachment-400x250 size-400x250\" alt=\"\" title=\"\">\t\t\t<\/div>\n\t\t\t\n\t\t<div class=\"wd-buttons wd-pos-r-t\">\n\t\t\t\t\t<div class=\"wd-compare-btn wd-action-btn wd-style-icon wd-compare-icon\">\n\t\t\t<a href=\"https:\/\/www.moensmeubelen.be\/fr\/vergelijk\/?product_id=731044\" class=\"\" data-id=\"731044\" rel=\"nofollow\">\n\t\t\t\t<span class=\"wd-action-icon\">\n\t\t\t\t\t<span class=\"wd-check-icon\"><\/span>\n\t\t\t\t<\/span>\n\t\t\t\t<span class=\"wd-action-text\">Comparer<\/span>\n\t\t\t<\/a>\n\t\t<\/div>\n\t\t\t\t\t\t\t<div class=\"wd-quick-view-btn wd-quick-view-icon wd-action-btn wd-style-icon\">\n\t\t\t<a\n\t\t\t\thref=\"https:\/\/www.moensmeubelen.be\/fr\/produit\/49501001-fr_BE\/\"\n\t\t\t\tclass=\"open-quick-view\"\n\t\t\t\trel=\"nofollow\"\n\t\t\t\tdata-id=\"731045\"\n\t\t\t\t>\n\t\t\t\t\t<span class=\"wd-action-icon\"><\/span>\n\t\t\t\t\t<span class=\"wd-action-text\">\n\t\t\t\t\t\tQuick view\t\t\t\t\t<\/span>\n\t\t\t<\/a>\n\t\t<\/div>\n\t\t\t\t\t\t\t<\/div>\n\t<\/div>\n\n\t\t\t<div class=\"wd-product-header\">\n\t\t\t<h3 class=\"wd-entities-title\"><a href=\"https:\/\/www.moensmeubelen.be\/fr\/produit\/49501001-fr_BE\/\">Brooks, 2.5-places<\/a><\/h3>\t\t\t\t\t<\/div>\n\t\t\t\t<div class=\"wrap-price\">\n\t\t\t<div class=\"swap-wrapp\">\n\t\t\t\t<div class=\"swap-elements\">\n\t\t\t\t\t\n\t<span class=\"price\"><span class=\"woocommerce-Price-amount amount\"><bdi><span class=\"woocommerce-Price-currencySymbol\" translate=\"no\">&euro;<\/span>1.099,00<\/bdi><\/span><\/span>\n\t\t\t\t\t<div class=\"wd-add-btn\">\n\t\t\t\t\t\t<a href=\"\/fr\/wp-json\/wp\/v2\/pages\/1037365?add-to-cart=731045\"  data-quantity=\"1\" class=\"button product_type_simple add_to_cart_button ajax_add_to_cart add-to-cart-loop\" data-product_id=\"731045\" data-product_sku=\"49501001\" aria-label=\"Add to cart: &ldquo;Brooks, 2.5-places&rdquo;\" rel=\"nofollow\" data-success_message=\"&ldquo;Brooks, 2.5-places&rdquo; has been added to your cart\"><span class=\"wd-action-icon\"><span class=\"wd-check-icon\"><\/span><\/span><span class=\"wd-action-text\">Panier<\/span><\/a>\t\t\t\t\t<\/div>\n\t\t\t\t<\/div>\n\t\t\t<\/div>\n\t\t\t\t\t<\/div>\n\n\t\t<span class=\"gtm4wp_productdata\" style=\"display:none; visibility:hidden;\" data-gtm4wp_product_data=\"{&quot;internal_id&quot;:731045,&quot;item_id&quot;:&quot;49501001&quot;,&quot;item_name&quot;:&quot;Brooks, 2.5-places&quot;,&quot;sku&quot;:&quot;49501001&quot;,&quot;price&quot;:1099,&quot;stocklevel&quot;:null,&quot;stockstatus&quot;:&quot;onbackorder&quot;,&quot;google_business_vertical&quot;:&quot;retail&quot;,&quot;item_category&quot;:&quot;vivre&quot;,&quot;item_category2&quot;:&quot;Canap\\u00e9s&quot;,&quot;item_category3&quot;:&quot;Canap\\u00e9s&quot;,&quot;id&quot;:&quot;49501001&quot;,&quot;productlink&quot;:&quot;https:\\\/\\\/www.moensmeubelen.be\\\/fr\\\/produit\\\/49501001-fr_BE\\\/&quot;,&quot;item_list_name&quot;:&quot;General Product List&quot;,&quot;index&quot;:15,&quot;product_type&quot;:&quot;simple&quot;,&quot;item_brand&quot;:&quot;&quot;}\"><\/span>\t\t\t<input type=\"hidden\" class=\"pmwProductId\" data-id=\"731045\">\n\t\t\t\t\t<script class=\"_iub_cs_skip\">\n\t\t\t(window.pmwDataLayer = window.pmwDataLayer || {}).products                = window.pmwDataLayer.products || {};\n\t\t\twindow.pmwDataLayer.products[731045] = {\"id\":\"731045\",\"sku\":\"49501001\",\"price\":1099,\"brand\":\"\",\"quantity\":1,\"dyn_r_ids\":{\"post_id\":\"731045\",\"sku\":\"49501001\",\"gpf\":\"woocommerce_gpf_731045\",\"gla\":\"gla_731045\"},\"is_variable\":false,\"type\":\"simple\",\"name\":\"Brooks, 2.5-places\",\"category\":[\"Canap\u00e9s\"],\"is_variation\":false};\n\t\t\t\t\twindow.pmw_product_position = window.pmw_product_position || 1;\n\t\twindow.pmwDataLayer.products[731045]['position'] = window.pmw_product_position++;\n\t\t\t\t<\/script>\n\t\t<div class=\"conditionele-tekst levertermijn-placeholder levertermijn-placeholder--plp\" data-aamss-sku=\"49501001\" data-aamss-product-id=\"731045\" data-aamss-context=\"plp\" data-aamss-state=\"loading\" aria-busy=\"true\">Sur commande - d\u00e9lai de livraison 8-10 semaines<\/div>\n\t\t\n\t\t\t<\/div>\n<\/div>\n<div class=\"wd-product wd-col wd-hover-alt product-grid-item product type-product post-731055 status-publish last onbackorder product_cat-zetels_l2_fr_BE has-post-thumbnail taxable shipping-taxable purchasable product-type-simple\" data-loop=\"15\" data-id=\"731055\">\n\t\n<div class=\"wd-product-wrapper product-wrapper\">\n\t<div class=\"wd-product-thumb product-element-top wd-quick-shop\">\n\t\t<a href=\"https:\/\/www.moensmeubelen.be\/fr\/produit\/49502001-fr_BE\/\" class=\"wd-product-img-link product-image-link\" tabindex=\"-1\" aria-label=\"Brooks, 3-places\">\n\t\t\t<img loading=\"lazy\" decoding=\"async\" width=\"400\" height=\"250\" src=\"https:\/\/www.moensmeubelen.be\/wp-content\/uploads\/2026\/06\/cd40b222112a4aa7d0866193957d4a1dc8d1d9c3_images_t_ll_m_f7fd9b8efdd74e1c9305cb632293c454_image-400x250.jpg\" class=\"attachment-400x250 size-400x250\" alt=\"\" title=\"\">\t\t<\/a>\n\n\t\t\t\t\t<div class=\"wd-product-img-hover hover-img\">\n\t\t\t\t<img loading=\"lazy\" decoding=\"async\" width=\"400\" height=\"250\" src=\"https:\/\/www.moensmeubelen.be\/wp-content\/uploads\/2026\/06\/0d84fa6db6133ae8fb89ad9c057335e3bec1c994_images_t_ll_m_8e28042668e34401ad44e0aed6f9106f_ambiance-400x250.jpg\" class=\"attachment-400x250 size-400x250\" alt=\"\" title=\"\">\t\t\t<\/div>\n\t\t\t\n\t\t<div class=\"wd-buttons wd-pos-r-t\">\n\t\t\t\t\t<div class=\"wd-compare-btn wd-action-btn wd-style-icon wd-compare-icon\">\n\t\t\t<a href=\"https:\/\/www.moensmeubelen.be\/fr\/vergelijk\/?product_id=731054\" class=\"\" data-id=\"731054\" rel=\"nofollow\">\n\t\t\t\t<span class=\"wd-action-icon\">\n\t\t\t\t\t<span class=\"wd-check-icon\"><\/span>\n\t\t\t\t<\/span>\n\t\t\t\t<span class=\"wd-action-text\">Comparer<\/span>\n\t\t\t<\/a>\n\t\t<\/div>\n\t\t\t\t\t\t\t<div class=\"wd-quick-view-btn wd-quick-view-icon wd-action-btn wd-style-icon\">\n\t\t\t<a\n\t\t\t\thref=\"https:\/\/www.moensmeubelen.be\/fr\/produit\/49502001-fr_BE\/\"\n\t\t\t\tclass=\"open-quick-view\"\n\t\t\t\trel=\"nofollow\"\n\t\t\t\tdata-id=\"731055\"\n\t\t\t\t>\n\t\t\t\t\t<span class=\"wd-action-icon\"><\/span>\n\t\t\t\t\t<span class=\"wd-action-text\">\n\t\t\t\t\t\tQuick view\t\t\t\t\t<\/span>\n\t\t\t<\/a>\n\t\t<\/div>\n\t\t\t\t\t\t\t<\/div>\n\t<\/div>\n\n\t\t\t<div class=\"wd-product-header\">\n\t\t\t<h3 class=\"wd-entities-title\"><a href=\"https:\/\/www.moensmeubelen.be\/fr\/produit\/49502001-fr_BE\/\">Brooks, 3-places<\/a><\/h3>\t\t\t\t\t<\/div>\n\t\t\t\t<div class=\"wrap-price\">\n\t\t\t<div class=\"swap-wrapp\">\n\t\t\t\t<div class=\"swap-elements\">\n\t\t\t\t\t\n\t<span class=\"price\"><span class=\"woocommerce-Price-amount amount\"><bdi><span class=\"woocommerce-Price-currencySymbol\" translate=\"no\">&euro;<\/span>1.199,00<\/bdi><\/span><\/span>\n\t\t\t\t\t<div class=\"wd-add-btn\">\n\t\t\t\t\t\t<a href=\"\/fr\/wp-json\/wp\/v2\/pages\/1037365?add-to-cart=731055\"  data-quantity=\"1\" class=\"button product_type_simple add_to_cart_button ajax_add_to_cart add-to-cart-loop\" data-product_id=\"731055\" data-product_sku=\"49502001\" aria-label=\"Add to cart: &ldquo;Brooks, 3-places&rdquo;\" rel=\"nofollow\" data-success_message=\"&ldquo;Brooks, 3-places&rdquo; has been added to your cart\"><span class=\"wd-action-icon\"><span class=\"wd-check-icon\"><\/span><\/span><span class=\"wd-action-text\">Panier<\/span><\/a>\t\t\t\t\t<\/div>\n\t\t\t\t<\/div>\n\t\t\t<\/div>\n\t\t\t\t\t<\/div>\n\n\t\t<span class=\"gtm4wp_productdata\" style=\"display:none; visibility:hidden;\" data-gtm4wp_product_data=\"{&quot;internal_id&quot;:731055,&quot;item_id&quot;:&quot;49502001&quot;,&quot;item_name&quot;:&quot;Brooks, 3-places&quot;,&quot;sku&quot;:&quot;49502001&quot;,&quot;price&quot;:1199,&quot;stocklevel&quot;:null,&quot;stockstatus&quot;:&quot;onbackorder&quot;,&quot;google_business_vertical&quot;:&quot;retail&quot;,&quot;item_category&quot;:&quot;vivre&quot;,&quot;item_category2&quot;:&quot;Canap\\u00e9s&quot;,&quot;item_category3&quot;:&quot;Canap\\u00e9s&quot;,&quot;id&quot;:&quot;49502001&quot;,&quot;productlink&quot;:&quot;https:\\\/\\\/www.moensmeubelen.be\\\/fr\\\/produit\\\/49502001-fr_BE\\\/&quot;,&quot;item_list_name&quot;:&quot;General Product List&quot;,&quot;index&quot;:16,&quot;product_type&quot;:&quot;simple&quot;,&quot;item_brand&quot;:&quot;&quot;}\"><\/span>\t\t\t<input type=\"hidden\" class=\"pmwProductId\" data-id=\"731055\">\n\t\t\t\t\t<script class=\"_iub_cs_skip\">\n\t\t\t(window.pmwDataLayer = window.pmwDataLayer || {}).products                = window.pmwDataLayer.products || {};\n\t\t\twindow.pmwDataLayer.products[731055] = {\"id\":\"731055\",\"sku\":\"49502001\",\"price\":1199,\"brand\":\"\",\"quantity\":1,\"dyn_r_ids\":{\"post_id\":\"731055\",\"sku\":\"49502001\",\"gpf\":\"woocommerce_gpf_731055\",\"gla\":\"gla_731055\"},\"is_variable\":false,\"type\":\"simple\",\"name\":\"Brooks, 3-places\",\"category\":[\"Canap\u00e9s\"],\"is_variation\":false};\n\t\t\t\t\twindow.pmw_product_position = window.pmw_product_position || 1;\n\t\twindow.pmwDataLayer.products[731055]['position'] = window.pmw_product_position++;\n\t\t\t\t<\/script>\n\t\t<div class=\"conditionele-tekst levertermijn-placeholder levertermijn-placeholder--plp\" data-aamss-sku=\"49502001\" data-aamss-product-id=\"731055\" data-aamss-context=\"plp\" data-aamss-state=\"loading\" aria-busy=\"true\">Sur commande - d\u00e9lai de livraison 8-10 semaines<\/div>\n\t\t\n\t\t\t<\/div>\n<\/div>\n<div class=\"wd-product wd-col wd-hover-alt product-grid-item product type-product post-887705 status-publish first onbackorder product_cat-zetels_l2_fr_BE has-post-thumbnail taxable shipping-taxable purchasable product-type-simple\" data-loop=\"16\" data-id=\"887705\">\n\t\n<div class=\"wd-product-wrapper product-wrapper\">\n\t<div class=\"wd-product-thumb product-element-top wd-quick-shop\">\n\t\t<a href=\"https:\/\/www.moensmeubelen.be\/fr\/produit\/50588KIE-fr_BE\/\" class=\"wd-product-img-link product-image-link\" tabindex=\"-1\" aria-label=\"Brooks, Canap\u00e9 2,5 places &#8211; Tissu Vito &#8211; Caillou\">\n\t\t\t<img loading=\"lazy\" decoding=\"async\" width=\"400\" height=\"250\" src=\"https:\/\/www.moensmeubelen.be\/wp-content\/uploads\/2026\/06\/03492d1915253df4e6b3a75602cda5294dbbc31a_images_t_ll_m_5b6d22c5245d4b2ab3b8414d1ceaa729_image-400x250.jpg\" class=\"attachment-400x250 size-400x250\" alt=\"\" title=\"\">\t\t<\/a>\n\n\t\t\t\t\t<div class=\"wd-product-img-hover hover-img\">\n\t\t\t\t<img loading=\"lazy\" decoding=\"async\" width=\"400\" height=\"250\" src=\"https:\/\/www.moensmeubelen.be\/wp-content\/uploads\/2026\/06\/c15a4729dff85b38bae40288feb8df992abc4a8e_images_t_ll_m_8e28042668e34401ad44e0aed6f9106f_ambiance-400x250.jpg\" class=\"attachment-400x250 size-400x250\" alt=\"\" title=\"\">\t\t\t<\/div>\n\t\t\t\n\t\t<div class=\"wd-buttons wd-pos-r-t\">\n\t\t\t\t\t<div class=\"wd-compare-btn wd-action-btn wd-style-icon wd-compare-icon\">\n\t\t\t<a href=\"https:\/\/www.moensmeubelen.be\/fr\/vergelijk\/?product_id=887704\" class=\"\" data-id=\"887704\" rel=\"nofollow\">\n\t\t\t\t<span class=\"wd-action-icon\">\n\t\t\t\t\t<span class=\"wd-check-icon\"><\/span>\n\t\t\t\t<\/span>\n\t\t\t\t<span class=\"wd-action-text\">Comparer<\/span>\n\t\t\t<\/a>\n\t\t<\/div>\n\t\t\t\t\t\t\t<div class=\"wd-quick-view-btn wd-quick-view-icon wd-action-btn wd-style-icon\">\n\t\t\t<a\n\t\t\t\thref=\"https:\/\/www.moensmeubelen.be\/fr\/produit\/50588KIE-fr_BE\/\"\n\t\t\t\tclass=\"open-quick-view\"\n\t\t\t\trel=\"nofollow\"\n\t\t\t\tdata-id=\"887705\"\n\t\t\t\t>\n\t\t\t\t\t<span class=\"wd-action-icon\"><\/span>\n\t\t\t\t\t<span class=\"wd-action-text\">\n\t\t\t\t\t\tQuick view\t\t\t\t\t<\/span>\n\t\t\t<\/a>\n\t\t<\/div>\n\t\t\t\t\t\t\t<\/div>\n\t<\/div>\n\n\t\t\t<div class=\"wd-product-header\">\n\t\t\t<h3 class=\"wd-entities-title\"><a href=\"https:\/\/www.moensmeubelen.be\/fr\/produit\/50588KIE-fr_BE\/\">Brooks, Canap\u00e9 2,5 places &#8211; Tissu Vito &#8211; Caillou<\/a><\/h3>\t\t\t\t\t<\/div>\n\t\t\t\t<div class=\"wrap-price\">\n\t\t\t<div class=\"swap-wrapp\">\n\t\t\t\t<div class=\"swap-elements\">\n\t\t\t\t\t\n\t<span class=\"price\"><span class=\"woocommerce-Price-amount amount\"><bdi><span class=\"woocommerce-Price-currencySymbol\" translate=\"no\">&euro;<\/span>1.449,00<\/bdi><\/span><\/span>\n\t\t\t\t\t<div class=\"wd-add-btn\">\n\t\t\t\t\t\t<a href=\"\/fr\/wp-json\/wp\/v2\/pages\/1037365?add-to-cart=887705\"  data-quantity=\"1\" class=\"button product_type_simple add_to_cart_button ajax_add_to_cart add-to-cart-loop\" data-product_id=\"887705\" data-product_sku=\"50588KIE\" aria-label=\"Add to cart: &ldquo;Brooks, Canap\u00e9 2,5 places - Tissu Vito - Caillou&rdquo;\" rel=\"nofollow\" data-success_message=\"&ldquo;Brooks, Canap\u00e9 2,5 places - Tissu Vito - Caillou&rdquo; has been added to your cart\"><span class=\"wd-action-icon\"><span class=\"wd-check-icon\"><\/span><\/span><span class=\"wd-action-text\">Panier<\/span><\/a>\t\t\t\t\t<\/div>\n\t\t\t\t<\/div>\n\t\t\t<\/div>\n\t\t\t\t\t<\/div>\n\n\t\t<span class=\"gtm4wp_productdata\" style=\"display:none; visibility:hidden;\" data-gtm4wp_product_data=\"{&quot;internal_id&quot;:887705,&quot;item_id&quot;:&quot;50588KIE&quot;,&quot;item_name&quot;:&quot;Brooks, Canap\\u00e9 2,5 places - Tissu Vito - Caillou&quot;,&quot;sku&quot;:&quot;50588KIE&quot;,&quot;price&quot;:1449,&quot;stocklevel&quot;:null,&quot;stockstatus&quot;:&quot;onbackorder&quot;,&quot;google_business_vertical&quot;:&quot;retail&quot;,&quot;item_category&quot;:&quot;vivre&quot;,&quot;item_category2&quot;:&quot;Canap\\u00e9s&quot;,&quot;item_category3&quot;:&quot;Canap\\u00e9s&quot;,&quot;id&quot;:&quot;50588KIE&quot;,&quot;productlink&quot;:&quot;https:\\\/\\\/www.moensmeubelen.be\\\/fr\\\/produit\\\/50588KIE-fr_BE\\\/&quot;,&quot;item_list_name&quot;:&quot;General Product List&quot;,&quot;index&quot;:17,&quot;product_type&quot;:&quot;simple&quot;,&quot;item_brand&quot;:&quot;&quot;}\"><\/span>\t\t\t<input type=\"hidden\" class=\"pmwProductId\" data-id=\"887705\">\n\t\t\t\t\t<script class=\"_iub_cs_skip\">\n\t\t\t(window.pmwDataLayer = window.pmwDataLayer || {}).products                = window.pmwDataLayer.products || {};\n\t\t\twindow.pmwDataLayer.products[887705] = {\"id\":\"887705\",\"sku\":\"50588KIE\",\"price\":1449,\"brand\":\"\",\"quantity\":1,\"dyn_r_ids\":{\"post_id\":\"887705\",\"sku\":\"50588KIE\",\"gpf\":\"woocommerce_gpf_887705\",\"gla\":\"gla_887705\"},\"is_variable\":false,\"type\":\"simple\",\"name\":\"Brooks, Canap\u00e9 2,5 places - Tissu Vito - Caillou\",\"category\":[\"Canap\u00e9s\"],\"is_variation\":false};\n\t\t\t\t\twindow.pmw_product_position = window.pmw_product_position || 1;\n\t\twindow.pmwDataLayer.products[887705]['position'] = window.pmw_product_position++;\n\t\t\t\t<\/script>\n\t\t<div class=\"conditionele-tekst levertermijn-placeholder levertermijn-placeholder--plp\" data-aamss-sku=\"50588KIE\" data-aamss-product-id=\"887705\" data-aamss-context=\"plp\" data-aamss-state=\"loading\" aria-busy=\"true\">Sur commande - d\u00e9lai de livraison 8-10 semaines<\/div>\n\t\t\n\t\t\t<\/div>\n<\/div>\n<div class=\"wd-product wd-col wd-hover-alt product-grid-item product type-product post-887695 status-publish onbackorder product_cat-zetels_l2_fr_BE has-post-thumbnail taxable shipping-taxable purchasable product-type-simple\" data-loop=\"17\" data-id=\"887695\">\n\t\n<div class=\"wd-product-wrapper product-wrapper\">\n\t<div class=\"wd-product-thumb product-element-top wd-quick-shop\">\n\t\t<a href=\"https:\/\/www.moensmeubelen.be\/fr\/produit\/50587KIE-fr_BE\/\" class=\"wd-product-img-link product-image-link\" tabindex=\"-1\" aria-label=\"Brooks, Canap\u00e9 3 places &#8211; Tissu Vito &#8211; Caillou\">\n\t\t\t<img loading=\"lazy\" decoding=\"async\" width=\"400\" height=\"250\" src=\"https:\/\/www.moensmeubelen.be\/wp-content\/uploads\/2026\/06\/c024b607b1394bbe872b2a90949bea861cccb8ac_images_t_ll_m_f7fd9b8efdd74e1c9305cb632293c454_image-400x250.jpg\" class=\"attachment-400x250 size-400x250\" alt=\"\" title=\"\">\t\t<\/a>\n\n\t\t\t\t\t<div class=\"wd-product-img-hover hover-img\">\n\t\t\t\t<img loading=\"lazy\" decoding=\"async\" width=\"400\" height=\"250\" src=\"https:\/\/www.moensmeubelen.be\/wp-content\/uploads\/2026\/06\/4157d6cc08cdd6350c0e6f5a0b95ed671195637f_images_t_ll_m_8e28042668e34401ad44e0aed6f9106f_ambiance-400x250.jpg\" class=\"attachment-400x250 size-400x250\" alt=\"\" title=\"\">\t\t\t<\/div>\n\t\t\t\n\t\t<div class=\"wd-buttons wd-pos-r-t\">\n\t\t\t\t\t<div class=\"wd-compare-btn wd-action-btn wd-style-icon wd-compare-icon\">\n\t\t\t<a href=\"https:\/\/www.moensmeubelen.be\/fr\/vergelijk\/?product_id=887694\" class=\"\" data-id=\"887694\" rel=\"nofollow\">\n\t\t\t\t<span class=\"wd-action-icon\">\n\t\t\t\t\t<span class=\"wd-check-icon\"><\/span>\n\t\t\t\t<\/span>\n\t\t\t\t<span class=\"wd-action-text\">Comparer<\/span>\n\t\t\t<\/a>\n\t\t<\/div>\n\t\t\t\t\t\t\t<div class=\"wd-quick-view-btn wd-quick-view-icon wd-action-btn wd-style-icon\">\n\t\t\t<a\n\t\t\t\thref=\"https:\/\/www.moensmeubelen.be\/fr\/produit\/50587KIE-fr_BE\/\"\n\t\t\t\tclass=\"open-quick-view\"\n\t\t\t\trel=\"nofollow\"\n\t\t\t\tdata-id=\"887695\"\n\t\t\t\t>\n\t\t\t\t\t<span class=\"wd-action-icon\"><\/span>\n\t\t\t\t\t<span class=\"wd-action-text\">\n\t\t\t\t\t\tQuick view\t\t\t\t\t<\/span>\n\t\t\t<\/a>\n\t\t<\/div>\n\t\t\t\t\t\t\t<\/div>\n\t<\/div>\n\n\t\t\t<div class=\"wd-product-header\">\n\t\t\t<h3 class=\"wd-entities-title\"><a href=\"https:\/\/www.moensmeubelen.be\/fr\/produit\/50587KIE-fr_BE\/\">Brooks, Canap\u00e9 3 places &#8211; Tissu Vito &#8211; Caillou<\/a><\/h3>\t\t\t\t\t<\/div>\n\t\t\t\t<div class=\"wrap-price\">\n\t\t\t<div class=\"swap-wrapp\">\n\t\t\t\t<div class=\"swap-elements\">\n\t\t\t\t\t\n\t<span class=\"price\"><span class=\"woocommerce-Price-amount amount\"><bdi><span class=\"woocommerce-Price-currencySymbol\" translate=\"no\">&euro;<\/span>1.549,00<\/bdi><\/span><\/span>\n\t\t\t\t\t<div class=\"wd-add-btn\">\n\t\t\t\t\t\t<a href=\"\/fr\/wp-json\/wp\/v2\/pages\/1037365?add-to-cart=887695\"  data-quantity=\"1\" class=\"button product_type_simple add_to_cart_button ajax_add_to_cart add-to-cart-loop\" data-product_id=\"887695\" data-product_sku=\"50587KIE\" aria-label=\"Add to cart: &ldquo;Brooks, Canap\u00e9 3 places - Tissu Vito - Caillou&rdquo;\" rel=\"nofollow\" data-success_message=\"&ldquo;Brooks, Canap\u00e9 3 places - Tissu Vito - Caillou&rdquo; has been added to your cart\"><span class=\"wd-action-icon\"><span class=\"wd-check-icon\"><\/span><\/span><span class=\"wd-action-text\">Panier<\/span><\/a>\t\t\t\t\t<\/div>\n\t\t\t\t<\/div>\n\t\t\t<\/div>\n\t\t\t\t\t<\/div>\n\n\t\t<span class=\"gtm4wp_productdata\" style=\"display:none; visibility:hidden;\" data-gtm4wp_product_data=\"{&quot;internal_id&quot;:887695,&quot;item_id&quot;:&quot;50587KIE&quot;,&quot;item_name&quot;:&quot;Brooks, Canap\\u00e9 3 places - Tissu Vito - Caillou&quot;,&quot;sku&quot;:&quot;50587KIE&quot;,&quot;price&quot;:1549,&quot;stocklevel&quot;:null,&quot;stockstatus&quot;:&quot;onbackorder&quot;,&quot;google_business_vertical&quot;:&quot;retail&quot;,&quot;item_category&quot;:&quot;vivre&quot;,&quot;item_category2&quot;:&quot;Canap\\u00e9s&quot;,&quot;item_category3&quot;:&quot;Canap\\u00e9s&quot;,&quot;id&quot;:&quot;50587KIE&quot;,&quot;productlink&quot;:&quot;https:\\\/\\\/www.moensmeubelen.be\\\/fr\\\/produit\\\/50587KIE-fr_BE\\\/&quot;,&quot;item_list_name&quot;:&quot;General Product List&quot;,&quot;index&quot;:18,&quot;product_type&quot;:&quot;simple&quot;,&quot;item_brand&quot;:&quot;&quot;}\"><\/span>\t\t\t<input type=\"hidden\" class=\"pmwProductId\" data-id=\"887695\">\n\t\t\t\t\t<script class=\"_iub_cs_skip\">\n\t\t\t(window.pmwDataLayer = window.pmwDataLayer || {}).products                = window.pmwDataLayer.products || {};\n\t\t\twindow.pmwDataLayer.products[887695] = {\"id\":\"887695\",\"sku\":\"50587KIE\",\"price\":1549,\"brand\":\"\",\"quantity\":1,\"dyn_r_ids\":{\"post_id\":\"887695\",\"sku\":\"50587KIE\",\"gpf\":\"woocommerce_gpf_887695\",\"gla\":\"gla_887695\"},\"is_variable\":false,\"type\":\"simple\",\"name\":\"Brooks, Canap\u00e9 3 places - Tissu Vito - Caillou\",\"category\":[\"Canap\u00e9s\"],\"is_variation\":false};\n\t\t\t\t\twindow.pmw_product_position = window.pmw_product_position || 1;\n\t\twindow.pmwDataLayer.products[887695]['position'] = window.pmw_product_position++;\n\t\t\t\t<\/script>\n\t\t<div class=\"conditionele-tekst levertermijn-placeholder levertermijn-placeholder--plp\" data-aamss-sku=\"50587KIE\" data-aamss-product-id=\"887695\" data-aamss-context=\"plp\" data-aamss-state=\"loading\" aria-busy=\"true\">Sur commande - d\u00e9lai de livraison 8-10 semaines<\/div>\n\t\t\n\t\t\t<\/div>\n<\/div>\n<div class=\"wd-product wd-col wd-hover-alt product-grid-item product type-product post-910267 status-publish instock product_cat-zetels_l2_fr_BE has-post-thumbnail taxable shipping-taxable purchasable product-type-simple\" data-loop=\"18\" data-id=\"910267\">\n\t\n<div class=\"wd-product-wrapper product-wrapper\">\n\t<div class=\"wd-product-thumb product-element-top wd-quick-shop\">\n\t\t<a href=\"https:\/\/www.moensmeubelen.be\/fr\/produit\/56101001-fr_BE\/\" class=\"wd-product-img-link product-image-link\" tabindex=\"-1\" aria-label=\"Cantello, 2-places\">\n\t\t\t<img loading=\"lazy\" decoding=\"async\" width=\"400\" height=\"250\" src=\"https:\/\/www.moensmeubelen.be\/wp-content\/uploads\/2026\/06\/03bf74f23594afe546dd6e53ebc9d568cbfeb0a1_images_t_ll_m_5f9850545c78416c84c5e10bb53c2a13_image-400x250.png\" class=\"attachment-400x250 size-400x250\" alt=\"\" title=\"\">\t\t<\/a>\n\n\t\t\t\t\t<div class=\"wd-product-img-hover hover-img\">\n\t\t\t\t<img loading=\"lazy\" decoding=\"async\" width=\"400\" height=\"250\" src=\"https:\/\/www.moensmeubelen.be\/wp-content\/uploads\/2026\/06\/f048cc71c498695a3d1bd45b54aa59781f3b174f_images_t_ll_m_2a8e18805cac4ee6b0d6888a8cbfdf13_image-400x250.png\" class=\"attachment-400x250 size-400x250\" alt=\"\" title=\"\">\t\t\t<\/div>\n\t\t\t\n\t\t<div class=\"wd-buttons wd-pos-r-t\">\n\t\t\t\t\t<div class=\"wd-compare-btn wd-action-btn wd-style-icon wd-compare-icon\">\n\t\t\t<a href=\"https:\/\/www.moensmeubelen.be\/fr\/vergelijk\/?product_id=845936\" class=\"\" data-id=\"845936\" rel=\"nofollow\">\n\t\t\t\t<span class=\"wd-action-icon\">\n\t\t\t\t\t<span class=\"wd-check-icon\"><\/span>\n\t\t\t\t<\/span>\n\t\t\t\t<span class=\"wd-action-text\">Comparer<\/span>\n\t\t\t<\/a>\n\t\t<\/div>\n\t\t\t\t\t\t\t<div class=\"wd-quick-view-btn wd-quick-view-icon wd-action-btn wd-style-icon\">\n\t\t\t<a\n\t\t\t\thref=\"https:\/\/www.moensmeubelen.be\/fr\/produit\/56101001-fr_BE\/\"\n\t\t\t\tclass=\"open-quick-view\"\n\t\t\t\trel=\"nofollow\"\n\t\t\t\tdata-id=\"910267\"\n\t\t\t\t>\n\t\t\t\t\t<span class=\"wd-action-icon\"><\/span>\n\t\t\t\t\t<span class=\"wd-action-text\">\n\t\t\t\t\t\tQuick view\t\t\t\t\t<\/span>\n\t\t\t<\/a>\n\t\t<\/div>\n\t\t\t\t\t\t\t<\/div>\n\t<\/div>\n\n\t\t\t<div class=\"wd-product-header\">\n\t\t\t<h3 class=\"wd-entities-title\"><a href=\"https:\/\/www.moensmeubelen.be\/fr\/produit\/56101001-fr_BE\/\">Cantello, 2-places<\/a><\/h3>\t\t\t\t\t<\/div>\n\t\t\t\t<div class=\"wrap-price\">\n\t\t\t<div class=\"swap-wrapp\">\n\t\t\t\t<div class=\"swap-elements\">\n\t\t\t\t\t\n\t<span class=\"price\"><span class=\"woocommerce-Price-amount amount\"><bdi><span class=\"woocommerce-Price-currencySymbol\" translate=\"no\">&euro;<\/span>1.299,00<\/bdi><\/span><\/span>\n\t\t\t\t\t<div class=\"wd-add-btn\">\n\t\t\t\t\t\t<a href=\"\/fr\/wp-json\/wp\/v2\/pages\/1037365?add-to-cart=910267\"  data-quantity=\"1\" class=\"button product_type_simple add_to_cart_button ajax_add_to_cart add-to-cart-loop\" data-product_id=\"910267\" data-product_sku=\"56101001\" aria-label=\"Add to cart: &ldquo;Cantello, 2-places&rdquo;\" rel=\"nofollow\" data-success_message=\"&ldquo;Cantello, 2-places&rdquo; has been added to your cart\"><span class=\"wd-action-icon\"><span class=\"wd-check-icon\"><\/span><\/span><span class=\"wd-action-text\">Panier<\/span><\/a>\t\t\t\t\t<\/div>\n\t\t\t\t<\/div>\n\t\t\t<\/div>\n\t\t\t\t\t<\/div>\n\n\t\t<span class=\"gtm4wp_productdata\" style=\"display:none; visibility:hidden;\" data-gtm4wp_product_data=\"{&quot;internal_id&quot;:910267,&quot;item_id&quot;:&quot;56101001&quot;,&quot;item_name&quot;:&quot;Cantello, 2-places&quot;,&quot;sku&quot;:&quot;56101001&quot;,&quot;price&quot;:1299,&quot;stocklevel&quot;:null,&quot;stockstatus&quot;:&quot;instock&quot;,&quot;google_business_vertical&quot;:&quot;retail&quot;,&quot;item_category&quot;:&quot;vivre&quot;,&quot;item_category2&quot;:&quot;Canap\\u00e9s&quot;,&quot;item_category3&quot;:&quot;Canap\\u00e9s&quot;,&quot;id&quot;:&quot;56101001&quot;,&quot;productlink&quot;:&quot;https:\\\/\\\/www.moensmeubelen.be\\\/fr\\\/produit\\\/56101001-fr_BE\\\/&quot;,&quot;item_list_name&quot;:&quot;General Product List&quot;,&quot;index&quot;:19,&quot;product_type&quot;:&quot;simple&quot;,&quot;item_brand&quot;:&quot;&quot;}\"><\/span>\t\t\t<input type=\"hidden\" class=\"pmwProductId\" data-id=\"910267\">\n\t\t\t\t\t<script class=\"_iub_cs_skip\">\n\t\t\t(window.pmwDataLayer = window.pmwDataLayer || {}).products                = window.pmwDataLayer.products || {};\n\t\t\twindow.pmwDataLayer.products[910267] = {\"id\":\"910267\",\"sku\":\"56101001\",\"price\":1299,\"brand\":\"\",\"quantity\":1,\"dyn_r_ids\":{\"post_id\":\"910267\",\"sku\":\"56101001\",\"gpf\":\"woocommerce_gpf_910267\",\"gla\":\"gla_910267\"},\"is_variable\":false,\"type\":\"simple\",\"name\":\"Cantello, 2-places\",\"category\":[\"Canap\u00e9s\"],\"is_variation\":false};\n\t\t\t\t\twindow.pmw_product_position = window.pmw_product_position || 1;\n\t\twindow.pmwDataLayer.products[910267]['position'] = window.pmw_product_position++;\n\t\t\t\t<\/script>\n\t\t<div class=\"conditionele-tekst levertermijn-placeholder levertermijn-placeholder--plp\" data-aamss-sku=\"56101001\" data-aamss-product-id=\"910267\" data-aamss-context=\"plp\" data-aamss-state=\"loading\" aria-busy=\"true\">Sur commande - d\u00e9lai de livraison 8-10 semaines<\/div>\n\t\t\n\t\t\t<\/div>\n<\/div>\n<div class=\"wd-product wd-col wd-hover-alt product-grid-item product type-product post-910274 status-publish last instock product_cat-zetels_l2_fr_BE has-post-thumbnail taxable shipping-taxable purchasable product-type-simple\" data-loop=\"19\" data-id=\"910274\">\n\t\n<div class=\"wd-product-wrapper product-wrapper\">\n\t<div class=\"wd-product-thumb product-element-top wd-quick-shop\">\n\t\t<a href=\"https:\/\/www.moensmeubelen.be\/fr\/produit\/56102001-fr_BE\/\" class=\"wd-product-img-link product-image-link\" tabindex=\"-1\" aria-label=\"Cantello, 2.5-places\">\n\t\t\t<img loading=\"lazy\" decoding=\"async\" width=\"400\" height=\"250\" src=\"https:\/\/www.moensmeubelen.be\/wp-content\/uploads\/2026\/06\/6cd60b017276aede6d41c19b10dc2cbab12189ad_images_t_ll_m_ef9c9cf62726408096ded4fa603f85f3_image-400x250.png\" class=\"attachment-400x250 size-400x250\" alt=\"\" title=\"\">\t\t<\/a>\n\n\t\t\t\t\t<div class=\"wd-product-img-hover hover-img\">\n\t\t\t\t<img loading=\"lazy\" decoding=\"async\" width=\"400\" height=\"250\" src=\"https:\/\/www.moensmeubelen.be\/wp-content\/uploads\/2026\/06\/bb8dd8f4737a3461f2313a47074a29606d4a54bf_images_t_ll_m_33c21f13fb344a9393f0e50276f75243_image-400x250.png\" class=\"attachment-400x250 size-400x250\" alt=\"\" title=\"\">\t\t\t<\/div>\n\t\t\t\n\t\t<div class=\"wd-buttons wd-pos-r-t\">\n\t\t\t\t\t<div class=\"wd-compare-btn wd-action-btn wd-style-icon wd-compare-icon\">\n\t\t\t<a href=\"https:\/\/www.moensmeubelen.be\/fr\/vergelijk\/?product_id=845940\" class=\"\" data-id=\"845940\" rel=\"nofollow\">\n\t\t\t\t<span class=\"wd-action-icon\">\n\t\t\t\t\t<span class=\"wd-check-icon\"><\/span>\n\t\t\t\t<\/span>\n\t\t\t\t<span class=\"wd-action-text\">Comparer<\/span>\n\t\t\t<\/a>\n\t\t<\/div>\n\t\t\t\t\t\t\t<div class=\"wd-quick-view-btn wd-quick-view-icon wd-action-btn wd-style-icon\">\n\t\t\t<a\n\t\t\t\thref=\"https:\/\/www.moensmeubelen.be\/fr\/produit\/56102001-fr_BE\/\"\n\t\t\t\tclass=\"open-quick-view\"\n\t\t\t\trel=\"nofollow\"\n\t\t\t\tdata-id=\"910274\"\n\t\t\t\t>\n\t\t\t\t\t<span class=\"wd-action-icon\"><\/span>\n\t\t\t\t\t<span class=\"wd-action-text\">\n\t\t\t\t\t\tQuick view\t\t\t\t\t<\/span>\n\t\t\t<\/a>\n\t\t<\/div>\n\t\t\t\t\t\t\t<\/div>\n\t<\/div>\n\n\t\t\t<div class=\"wd-product-header\">\n\t\t\t<h3 class=\"wd-entities-title\"><a href=\"https:\/\/www.moensmeubelen.be\/fr\/produit\/56102001-fr_BE\/\">Cantello, 2.5-places<\/a><\/h3>\t\t\t\t\t<\/div>\n\t\t\t\t<div class=\"wrap-price\">\n\t\t\t<div class=\"swap-wrapp\">\n\t\t\t\t<div class=\"swap-elements\">\n\t\t\t\t\t\n\t<span class=\"price\"><span class=\"woocommerce-Price-amount amount\"><bdi><span class=\"woocommerce-Price-currencySymbol\" translate=\"no\">&euro;<\/span>1.399,00<\/bdi><\/span><\/span>\n\t\t\t\t\t<div class=\"wd-add-btn\">\n\t\t\t\t\t\t<a href=\"\/fr\/wp-json\/wp\/v2\/pages\/1037365?add-to-cart=910274\"  data-quantity=\"1\" class=\"button product_type_simple add_to_cart_button ajax_add_to_cart add-to-cart-loop\" data-product_id=\"910274\" data-product_sku=\"56102001\" aria-label=\"Add to cart: &ldquo;Cantello, 2.5-places&rdquo;\" rel=\"nofollow\" data-success_message=\"&ldquo;Cantello, 2.5-places&rdquo; has been added to your cart\"><span class=\"wd-action-icon\"><span class=\"wd-check-icon\"><\/span><\/span><span class=\"wd-action-text\">Panier<\/span><\/a>\t\t\t\t\t<\/div>\n\t\t\t\t<\/div>\n\t\t\t<\/div>\n\t\t\t\t\t<\/div>\n\n\t\t<span class=\"gtm4wp_productdata\" style=\"display:none; visibility:hidden;\" data-gtm4wp_product_data=\"{&quot;internal_id&quot;:910274,&quot;item_id&quot;:&quot;56102001&quot;,&quot;item_name&quot;:&quot;Cantello, 2.5-places&quot;,&quot;sku&quot;:&quot;56102001&quot;,&quot;price&quot;:1399,&quot;stocklevel&quot;:null,&quot;stockstatus&quot;:&quot;instock&quot;,&quot;google_business_vertical&quot;:&quot;retail&quot;,&quot;item_category&quot;:&quot;vivre&quot;,&quot;item_category2&quot;:&quot;Canap\\u00e9s&quot;,&quot;item_category3&quot;:&quot;Canap\\u00e9s&quot;,&quot;id&quot;:&quot;56102001&quot;,&quot;productlink&quot;:&quot;https:\\\/\\\/www.moensmeubelen.be\\\/fr\\\/produit\\\/56102001-fr_BE\\\/&quot;,&quot;item_list_name&quot;:&quot;General Product List&quot;,&quot;index&quot;:20,&quot;product_type&quot;:&quot;simple&quot;,&quot;item_brand&quot;:&quot;&quot;}\"><\/span>\t\t\t<input type=\"hidden\" class=\"pmwProductId\" data-id=\"910274\">\n\t\t\t\t\t<script class=\"_iub_cs_skip\">\n\t\t\t(window.pmwDataLayer = window.pmwDataLayer || {}).products                = window.pmwDataLayer.products || {};\n\t\t\twindow.pmwDataLayer.products[910274] = {\"id\":\"910274\",\"sku\":\"56102001\",\"price\":1399,\"brand\":\"\",\"quantity\":1,\"dyn_r_ids\":{\"post_id\":\"910274\",\"sku\":\"56102001\",\"gpf\":\"woocommerce_gpf_910274\",\"gla\":\"gla_910274\"},\"is_variable\":false,\"type\":\"simple\",\"name\":\"Cantello, 2.5-places\",\"category\":[\"Canap\u00e9s\"],\"is_variation\":false};\n\t\t\t\t\twindow.pmw_product_position = window.pmw_product_position || 1;\n\t\twindow.pmwDataLayer.products[910274]['position'] = window.pmw_product_position++;\n\t\t\t\t<\/script>\n\t\t<div class=\"conditionele-tekst levertermijn-placeholder levertermijn-placeholder--plp\" data-aamss-sku=\"56102001\" data-aamss-product-id=\"910274\" data-aamss-context=\"plp\" data-aamss-state=\"loading\" aria-busy=\"true\">Sur commande - d\u00e9lai de livraison 8-10 semaines<\/div>\n\t\t\n\t\t\t<\/div>\n<\/div>\n<div class=\"wd-product wd-col wd-hover-alt product-grid-item product type-product post-910281 status-publish first instock product_cat-zetels_l2_fr_BE has-post-thumbnail taxable shipping-taxable purchasable product-type-simple\" data-loop=\"20\" data-id=\"910281\">\n\t\n<div class=\"wd-product-wrapper product-wrapper\">\n\t<div class=\"wd-product-thumb product-element-top wd-quick-shop\">\n\t\t<a href=\"https:\/\/www.moensmeubelen.be\/fr\/produit\/56103001-fr_BE\/\" class=\"wd-product-img-link product-image-link\" tabindex=\"-1\" aria-label=\"Cantello, 3-places\">\n\t\t\t<img loading=\"lazy\" decoding=\"async\" width=\"400\" height=\"250\" src=\"https:\/\/www.moensmeubelen.be\/wp-content\/uploads\/2026\/06\/37d5478b316757ef22821fd7a435520169f9645a_images_t_ll_m_5424c70996704d868b4ddb558033c6b4_image-400x250.png\" class=\"attachment-400x250 size-400x250\" alt=\"\" title=\"\">\t\t<\/a>\n\n\t\t\t\t\t<div class=\"wd-product-img-hover hover-img\">\n\t\t\t\t<img loading=\"lazy\" decoding=\"async\" width=\"400\" height=\"250\" src=\"https:\/\/www.moensmeubelen.be\/wp-content\/uploads\/2026\/06\/aa56c746b58f7496eab8c3beeeb6672dc99242b1_images_t_ll_m_b0c5b1a7cce6490bb10268105ee029e3_image-400x250.png\" class=\"attachment-400x250 size-400x250\" alt=\"\" title=\"\">\t\t\t<\/div>\n\t\t\t\n\t\t<div class=\"wd-buttons wd-pos-r-t\">\n\t\t\t\t\t<div class=\"wd-compare-btn wd-action-btn wd-style-icon wd-compare-icon\">\n\t\t\t<a href=\"https:\/\/www.moensmeubelen.be\/fr\/vergelijk\/?product_id=845944\" class=\"\" data-id=\"845944\" rel=\"nofollow\">\n\t\t\t\t<span class=\"wd-action-icon\">\n\t\t\t\t\t<span class=\"wd-check-icon\"><\/span>\n\t\t\t\t<\/span>\n\t\t\t\t<span class=\"wd-action-text\">Comparer<\/span>\n\t\t\t<\/a>\n\t\t<\/div>\n\t\t\t\t\t\t\t<div class=\"wd-quick-view-btn wd-quick-view-icon wd-action-btn wd-style-icon\">\n\t\t\t<a\n\t\t\t\thref=\"https:\/\/www.moensmeubelen.be\/fr\/produit\/56103001-fr_BE\/\"\n\t\t\t\tclass=\"open-quick-view\"\n\t\t\t\trel=\"nofollow\"\n\t\t\t\tdata-id=\"910281\"\n\t\t\t\t>\n\t\t\t\t\t<span class=\"wd-action-icon\"><\/span>\n\t\t\t\t\t<span class=\"wd-action-text\">\n\t\t\t\t\t\tQuick view\t\t\t\t\t<\/span>\n\t\t\t<\/a>\n\t\t<\/div>\n\t\t\t\t\t\t\t<\/div>\n\t<\/div>\n\n\t\t\t<div class=\"wd-product-header\">\n\t\t\t<h3 class=\"wd-entities-title\"><a href=\"https:\/\/www.moensmeubelen.be\/fr\/produit\/56103001-fr_BE\/\">Cantello, 3-places<\/a><\/h3>\t\t\t\t\t<\/div>\n\t\t\t\t<div class=\"wrap-price\">\n\t\t\t<div class=\"swap-wrapp\">\n\t\t\t\t<div class=\"swap-elements\">\n\t\t\t\t\t\n\t<span class=\"price\"><span class=\"woocommerce-Price-amount amount\"><bdi><span class=\"woocommerce-Price-currencySymbol\" translate=\"no\">&euro;<\/span>1.499,00<\/bdi><\/span><\/span>\n\t\t\t\t\t<div class=\"wd-add-btn\">\n\t\t\t\t\t\t<a href=\"\/fr\/wp-json\/wp\/v2\/pages\/1037365?add-to-cart=910281\"  data-quantity=\"1\" class=\"button product_type_simple add_to_cart_button ajax_add_to_cart add-to-cart-loop\" data-product_id=\"910281\" data-product_sku=\"56103001\" aria-label=\"Add to cart: &ldquo;Cantello, 3-places&rdquo;\" rel=\"nofollow\" data-success_message=\"&ldquo;Cantello, 3-places&rdquo; has been added to your cart\"><span class=\"wd-action-icon\"><span class=\"wd-check-icon\"><\/span><\/span><span class=\"wd-action-text\">Panier<\/span><\/a>\t\t\t\t\t<\/div>\n\t\t\t\t<\/div>\n\t\t\t<\/div>\n\t\t\t\t\t<\/div>\n\n\t\t<span class=\"gtm4wp_productdata\" style=\"display:none; visibility:hidden;\" data-gtm4wp_product_data=\"{&quot;internal_id&quot;:910281,&quot;item_id&quot;:&quot;56103001&quot;,&quot;item_name&quot;:&quot;Cantello, 3-places&quot;,&quot;sku&quot;:&quot;56103001&quot;,&quot;price&quot;:1499,&quot;stocklevel&quot;:null,&quot;stockstatus&quot;:&quot;instock&quot;,&quot;google_business_vertical&quot;:&quot;retail&quot;,&quot;item_category&quot;:&quot;vivre&quot;,&quot;item_category2&quot;:&quot;Canap\\u00e9s&quot;,&quot;item_category3&quot;:&quot;Canap\\u00e9s&quot;,&quot;id&quot;:&quot;56103001&quot;,&quot;productlink&quot;:&quot;https:\\\/\\\/www.moensmeubelen.be\\\/fr\\\/produit\\\/56103001-fr_BE\\\/&quot;,&quot;item_list_name&quot;:&quot;General Product List&quot;,&quot;index&quot;:21,&quot;product_type&quot;:&quot;simple&quot;,&quot;item_brand&quot;:&quot;&quot;}\"><\/span>\t\t\t<input type=\"hidden\" class=\"pmwProductId\" data-id=\"910281\">\n\t\t\t\t\t<script class=\"_iub_cs_skip\">\n\t\t\t(window.pmwDataLayer = window.pmwDataLayer || {}).products                = window.pmwDataLayer.products || {};\n\t\t\twindow.pmwDataLayer.products[910281] = {\"id\":\"910281\",\"sku\":\"56103001\",\"price\":1499,\"brand\":\"\",\"quantity\":1,\"dyn_r_ids\":{\"post_id\":\"910281\",\"sku\":\"56103001\",\"gpf\":\"woocommerce_gpf_910281\",\"gla\":\"gla_910281\"},\"is_variable\":false,\"type\":\"simple\",\"name\":\"Cantello, 3-places\",\"category\":[\"Canap\u00e9s\"],\"is_variation\":false};\n\t\t\t\t\twindow.pmw_product_position = window.pmw_product_position || 1;\n\t\twindow.pmwDataLayer.products[910281]['position'] = window.pmw_product_position++;\n\t\t\t\t<\/script>\n\t\t<div class=\"conditionele-tekst levertermijn-placeholder levertermijn-placeholder--plp\" data-aamss-sku=\"56103001\" data-aamss-product-id=\"910281\" data-aamss-context=\"plp\" data-aamss-state=\"loading\" aria-busy=\"true\">Sur commande - d\u00e9lai de livraison 8-10 semaines<\/div>\n\t\t\n\t\t\t<\/div>\n<\/div>\n<div class=\"wd-product wd-col wd-hover-alt product-grid-item product type-product post-799571 status-publish onbackorder product_cat-zetels_l2_fr_BE has-post-thumbnail sale taxable shipping-taxable purchasable product-type-simple\" data-loop=\"21\" data-id=\"799571\">\n\t\n<div class=\"wd-product-wrapper product-wrapper\">\n\t<div class=\"wd-product-thumb product-element-top wd-quick-shop\">\n\t\t<a href=\"https:\/\/www.moensmeubelen.be\/fr\/produit\/53750001-fr_BE\/\" class=\"wd-product-img-link product-image-link\" tabindex=\"-1\" aria-label=\"Carini, 2.5-places &#8211; fixe &#8211; ressorts bonell\">\n\t\t\t<img loading=\"lazy\" decoding=\"async\" width=\"400\" height=\"250\" src=\"https:\/\/www.moensmeubelen.be\/wp-content\/uploads\/2026\/06\/3d4ae39a908079ecef82ed0e0f9e87c33c676744_images_t_ll_m_32aea50c7f9a45fd9b402e39d914495e_image-400x250.jpg\" class=\"attachment-400x250 size-400x250\" alt=\"\" title=\"\">\t\t<\/a>\n\n\t\t\t\t\t<div class=\"product-labels labels-rounded-sm\">\n\t\t\t\t<span class=\"onsale product-label wd-shape-round-sm\">-8%<\/span>\t\t\t<\/div>\n\t\t\t\t\t\t<div class=\"wd-product-img-hover hover-img\">\n\t\t\t\t<img loading=\"lazy\" decoding=\"async\" width=\"400\" height=\"250\" src=\"https:\/\/www.moensmeubelen.be\/wp-content\/uploads\/2026\/06\/95958de1552c0691c17fcbf152cb8bd920d2733b_images_t_ll_m_6d783fa22b0e488da8181a22acb0e3a9_ambiance-400x250.jpg\" class=\"attachment-400x250 size-400x250\" alt=\"\" title=\"\">\t\t\t<\/div>\n\t\t\t\n\t\t<div class=\"wd-buttons wd-pos-r-t\">\n\t\t\t\t\t<div class=\"wd-compare-btn wd-action-btn wd-style-icon wd-compare-icon\">\n\t\t\t<a href=\"https:\/\/www.moensmeubelen.be\/fr\/vergelijk\/?product_id=799570\" class=\"\" data-id=\"799570\" rel=\"nofollow\">\n\t\t\t\t<span class=\"wd-action-icon\">\n\t\t\t\t\t<span class=\"wd-check-icon\"><\/span>\n\t\t\t\t<\/span>\n\t\t\t\t<span class=\"wd-action-text\">Comparer<\/span>\n\t\t\t<\/a>\n\t\t<\/div>\n\t\t\t\t\t\t\t<div class=\"wd-quick-view-btn wd-quick-view-icon wd-action-btn wd-style-icon\">\n\t\t\t<a\n\t\t\t\thref=\"https:\/\/www.moensmeubelen.be\/fr\/produit\/53750001-fr_BE\/\"\n\t\t\t\tclass=\"open-quick-view\"\n\t\t\t\trel=\"nofollow\"\n\t\t\t\tdata-id=\"799571\"\n\t\t\t\t>\n\t\t\t\t\t<span class=\"wd-action-icon\"><\/span>\n\t\t\t\t\t<span class=\"wd-action-text\">\n\t\t\t\t\t\tQuick view\t\t\t\t\t<\/span>\n\t\t\t<\/a>\n\t\t<\/div>\n\t\t\t\t\t\t\t<\/div>\n\t<\/div>\n\n\t\t\t<div class=\"wd-product-header\">\n\t\t\t<h3 class=\"wd-entities-title\"><a href=\"https:\/\/www.moensmeubelen.be\/fr\/produit\/53750001-fr_BE\/\">Carini, 2.5-places &#8211; fixe &#8211; ressorts bonell<\/a><\/h3>\t\t\t\t\t<\/div>\n\t\t\t\t<div class=\"wrap-price\">\n\t\t\t<div class=\"swap-wrapp\">\n\t\t\t\t<div class=\"swap-elements\">\n\t\t\t\t\t\n\t<span class=\"price\"><del aria-hidden=\"true\"><span class=\"woocommerce-Price-amount amount\"><bdi><span class=\"woocommerce-Price-currencySymbol\" translate=\"no\">&euro;<\/span>1.199,00<\/bdi><\/span><\/del> <span class=\"screen-reader-text\">Original price was: &euro;1.199,00.<\/span><ins aria-hidden=\"true\"><span class=\"woocommerce-Price-amount amount\"><bdi><span class=\"woocommerce-Price-currencySymbol\" translate=\"no\">&euro;<\/span>1.099,00<\/bdi><\/span><\/ins><span class=\"screen-reader-text\">Current price is: &euro;1.099,00.<\/span><\/span>\n\t\t\t\t\t<div class=\"wd-add-btn\">\n\t\t\t\t\t\t<a href=\"\/fr\/wp-json\/wp\/v2\/pages\/1037365?add-to-cart=799571\"  data-quantity=\"1\" class=\"button product_type_simple add_to_cart_button ajax_add_to_cart add-to-cart-loop\" data-product_id=\"799571\" data-product_sku=\"53750001\" aria-label=\"Add to cart: &ldquo;Carini, 2.5-places - fixe - ressorts bonell&rdquo;\" rel=\"nofollow\" data-success_message=\"&ldquo;Carini, 2.5-places - fixe - ressorts bonell&rdquo; has been added to your cart\"><span class=\"wd-action-icon\"><span class=\"wd-check-icon\"><\/span><\/span><span class=\"wd-action-text\">Panier<\/span><\/a>\t\t\t\t\t<\/div>\n\t\t\t\t<\/div>\n\t\t\t<\/div>\n\t\t\t\t\t<\/div>\n\n\t\t<span class=\"gtm4wp_productdata\" style=\"display:none; visibility:hidden;\" data-gtm4wp_product_data=\"{&quot;internal_id&quot;:799571,&quot;item_id&quot;:&quot;53750001&quot;,&quot;item_name&quot;:&quot;Carini, 2.5-places - fixe - ressorts bonell&quot;,&quot;sku&quot;:&quot;53750001&quot;,&quot;price&quot;:1099,&quot;stocklevel&quot;:null,&quot;stockstatus&quot;:&quot;onbackorder&quot;,&quot;google_business_vertical&quot;:&quot;retail&quot;,&quot;item_category&quot;:&quot;vivre&quot;,&quot;item_category2&quot;:&quot;Canap\\u00e9s&quot;,&quot;item_category3&quot;:&quot;Canap\\u00e9s&quot;,&quot;id&quot;:&quot;53750001&quot;,&quot;productlink&quot;:&quot;https:\\\/\\\/www.moensmeubelen.be\\\/fr\\\/produit\\\/53750001-fr_BE\\\/&quot;,&quot;item_list_name&quot;:&quot;General Product List&quot;,&quot;index&quot;:22,&quot;product_type&quot;:&quot;simple&quot;,&quot;item_brand&quot;:&quot;&quot;}\"><\/span>\t\t\t<input type=\"hidden\" class=\"pmwProductId\" data-id=\"799571\">\n\t\t\t\t\t<script class=\"_iub_cs_skip\">\n\t\t\t(window.pmwDataLayer = window.pmwDataLayer || {}).products                = window.pmwDataLayer.products || {};\n\t\t\twindow.pmwDataLayer.products[799571] = {\"id\":\"799571\",\"sku\":\"53750001\",\"price\":1099,\"brand\":\"\",\"quantity\":1,\"dyn_r_ids\":{\"post_id\":\"799571\",\"sku\":\"53750001\",\"gpf\":\"woocommerce_gpf_799571\",\"gla\":\"gla_799571\"},\"is_variable\":false,\"type\":\"simple\",\"name\":\"Carini, 2.5-places - fixe - ressorts bonell\",\"category\":[\"Canap\u00e9s\"],\"is_variation\":false};\n\t\t\t\t\twindow.pmw_product_position = window.pmw_product_position || 1;\n\t\twindow.pmwDataLayer.products[799571]['position'] = window.pmw_product_position++;\n\t\t\t\t<\/script>\n\t\t<div class=\"conditionele-tekst levertermijn-placeholder levertermijn-placeholder--plp\" data-aamss-sku=\"53750001\" data-aamss-product-id=\"799571\" data-aamss-context=\"plp\" data-aamss-state=\"loading\" aria-busy=\"true\">Sur commande - d\u00e9lai de livraison 8-10 semaines<\/div>\n\t\t\n\t\t\t<\/div>\n<\/div>\n<div class=\"wd-product wd-col wd-hover-alt product-grid-item product type-product post-737715 status-publish onbackorder product_cat-zetels_l2_fr_BE has-post-thumbnail sale taxable shipping-taxable purchasable product-type-simple\" data-loop=\"22\" data-id=\"737715\">\n\t\n<div class=\"wd-product-wrapper product-wrapper\">\n\t<div class=\"wd-product-thumb product-element-top wd-quick-shop\">\n\t\t<a href=\"https:\/\/www.moensmeubelen.be\/fr\/produit\/53751001-fr_BE\/\" class=\"wd-product-img-link product-image-link\" tabindex=\"-1\" aria-label=\"Carini, 3-places -fixe &#8211; ressorts bonell\">\n\t\t\t<img loading=\"lazy\" decoding=\"async\" width=\"400\" height=\"250\" src=\"https:\/\/www.moensmeubelen.be\/wp-content\/uploads\/2026\/06\/147ffc9bd7e0ff9d095d6f1159d01c49db0317bb_images_t_ll_m_fa16fa57eefb49809492ea71de7000da_image-400x250.jpg\" class=\"attachment-400x250 size-400x250\" alt=\"\" title=\"\">\t\t<\/a>\n\n\t\t\t\t\t<div class=\"product-labels labels-rounded-sm\">\n\t\t\t\t<span class=\"onsale product-label wd-shape-round-sm\">-8%<\/span>\t\t\t<\/div>\n\t\t\t\t\t\t<div class=\"wd-product-img-hover hover-img\">\n\t\t\t\t<img loading=\"lazy\" decoding=\"async\" width=\"400\" height=\"250\" src=\"https:\/\/www.moensmeubelen.be\/wp-content\/uploads\/2026\/06\/cf541e5b7e37211addda1b02246c753c32651fce_images_t_ll_m_6d783fa22b0e488da8181a22acb0e3a9_ambiance-400x250.jpg\" class=\"attachment-400x250 size-400x250\" alt=\"\" title=\"\">\t\t\t<\/div>\n\t\t\t\n\t\t<div class=\"wd-buttons wd-pos-r-t\">\n\t\t\t\t\t<div class=\"wd-compare-btn wd-action-btn wd-style-icon wd-compare-icon\">\n\t\t\t<a href=\"https:\/\/www.moensmeubelen.be\/fr\/vergelijk\/?product_id=737714\" class=\"\" data-id=\"737714\" rel=\"nofollow\">\n\t\t\t\t<span class=\"wd-action-icon\">\n\t\t\t\t\t<span class=\"wd-check-icon\"><\/span>\n\t\t\t\t<\/span>\n\t\t\t\t<span class=\"wd-action-text\">Comparer<\/span>\n\t\t\t<\/a>\n\t\t<\/div>\n\t\t\t\t\t\t\t<div class=\"wd-quick-view-btn wd-quick-view-icon wd-action-btn wd-style-icon\">\n\t\t\t<a\n\t\t\t\thref=\"https:\/\/www.moensmeubelen.be\/fr\/produit\/53751001-fr_BE\/\"\n\t\t\t\tclass=\"open-quick-view\"\n\t\t\t\trel=\"nofollow\"\n\t\t\t\tdata-id=\"737715\"\n\t\t\t\t>\n\t\t\t\t\t<span class=\"wd-action-icon\"><\/span>\n\t\t\t\t\t<span class=\"wd-action-text\">\n\t\t\t\t\t\tQuick view\t\t\t\t\t<\/span>\n\t\t\t<\/a>\n\t\t<\/div>\n\t\t\t\t\t\t\t<\/div>\n\t<\/div>\n\n\t\t\t<div class=\"wd-product-header\">\n\t\t\t<h3 class=\"wd-entities-title\"><a href=\"https:\/\/www.moensmeubelen.be\/fr\/produit\/53751001-fr_BE\/\">Carini, 3-places -fixe &#8211; ressorts bonell<\/a><\/h3>\t\t\t\t\t<\/div>\n\t\t\t\t<div class=\"wrap-price\">\n\t\t\t<div class=\"swap-wrapp\">\n\t\t\t\t<div class=\"swap-elements\">\n\t\t\t\t\t\n\t<span class=\"price\"><del aria-hidden=\"true\"><span class=\"woocommerce-Price-amount amount\"><bdi><span class=\"woocommerce-Price-currencySymbol\" translate=\"no\">&euro;<\/span>1.299,00<\/bdi><\/span><\/del> <span class=\"screen-reader-text\">Original price was: &euro;1.299,00.<\/span><ins aria-hidden=\"true\"><span class=\"woocommerce-Price-amount amount\"><bdi><span class=\"woocommerce-Price-currencySymbol\" translate=\"no\">&euro;<\/span>1.199,00<\/bdi><\/span><\/ins><span class=\"screen-reader-text\">Current price is: &euro;1.199,00.<\/span><\/span>\n\t\t\t\t\t<div class=\"wd-add-btn\">\n\t\t\t\t\t\t<a href=\"\/fr\/wp-json\/wp\/v2\/pages\/1037365?add-to-cart=737715\"  data-quantity=\"1\" class=\"button product_type_simple add_to_cart_button ajax_add_to_cart add-to-cart-loop\" data-product_id=\"737715\" data-product_sku=\"53751001\" aria-label=\"Add to cart: &ldquo;Carini, 3-places -fixe - ressorts bonell&rdquo;\" rel=\"nofollow\" data-success_message=\"&ldquo;Carini, 3-places -fixe - ressorts bonell&rdquo; has been added to your cart\"><span class=\"wd-action-icon\"><span class=\"wd-check-icon\"><\/span><\/span><span class=\"wd-action-text\">Panier<\/span><\/a>\t\t\t\t\t<\/div>\n\t\t\t\t<\/div>\n\t\t\t<\/div>\n\t\t\t\t\t<\/div>\n\n\t\t<span class=\"gtm4wp_productdata\" style=\"display:none; visibility:hidden;\" data-gtm4wp_product_data=\"{&quot;internal_id&quot;:737715,&quot;item_id&quot;:&quot;53751001&quot;,&quot;item_name&quot;:&quot;Carini, 3-places -fixe - ressorts bonell&quot;,&quot;sku&quot;:&quot;53751001&quot;,&quot;price&quot;:1199,&quot;stocklevel&quot;:null,&quot;stockstatus&quot;:&quot;onbackorder&quot;,&quot;google_business_vertical&quot;:&quot;retail&quot;,&quot;item_category&quot;:&quot;vivre&quot;,&quot;item_category2&quot;:&quot;Canap\\u00e9s&quot;,&quot;item_category3&quot;:&quot;Canap\\u00e9s&quot;,&quot;id&quot;:&quot;53751001&quot;,&quot;productlink&quot;:&quot;https:\\\/\\\/www.moensmeubelen.be\\\/fr\\\/produit\\\/53751001-fr_BE\\\/&quot;,&quot;item_list_name&quot;:&quot;General Product List&quot;,&quot;index&quot;:23,&quot;product_type&quot;:&quot;simple&quot;,&quot;item_brand&quot;:&quot;&quot;}\"><\/span>\t\t\t<input type=\"hidden\" class=\"pmwProductId\" data-id=\"737715\">\n\t\t\t\t\t<script class=\"_iub_cs_skip\">\n\t\t\t(window.pmwDataLayer = window.pmwDataLayer || {}).products                = window.pmwDataLayer.products || {};\n\t\t\twindow.pmwDataLayer.products[737715] = {\"id\":\"737715\",\"sku\":\"53751001\",\"price\":1199,\"brand\":\"\",\"quantity\":1,\"dyn_r_ids\":{\"post_id\":\"737715\",\"sku\":\"53751001\",\"gpf\":\"woocommerce_gpf_737715\",\"gla\":\"gla_737715\"},\"is_variable\":false,\"type\":\"simple\",\"name\":\"Carini, 3-places -fixe - ressorts bonell\",\"category\":[\"Canap\u00e9s\"],\"is_variation\":false};\n\t\t\t\t\twindow.pmw_product_position = window.pmw_product_position || 1;\n\t\twindow.pmwDataLayer.products[737715]['position'] = window.pmw_product_position++;\n\t\t\t\t<\/script>\n\t\t<div class=\"conditionele-tekst levertermijn-placeholder levertermijn-placeholder--plp\" data-aamss-sku=\"53751001\" data-aamss-product-id=\"737715\" data-aamss-context=\"plp\" data-aamss-state=\"loading\" aria-busy=\"true\">Sur commande - d\u00e9lai de livraison 8-10 semaines<\/div>\n\t\t\n\t\t\t<\/div>\n<\/div>\n<div class=\"wd-product wd-col wd-hover-alt product-grid-item product type-product post-799579 status-publish last onbackorder product_cat-zetels_l2_fr_BE has-post-thumbnail taxable shipping-taxable purchasable product-type-simple\" data-loop=\"23\" data-id=\"799579\">\n\t\n<div class=\"wd-product-wrapper product-wrapper\">\n\t<div class=\"wd-product-thumb product-element-top wd-quick-shop\">\n\t\t<a href=\"https:\/\/www.moensmeubelen.be\/fr\/produit\/53961001-fr_BE\/\" class=\"wd-product-img-link product-image-link\" tabindex=\"-1\" aria-label=\"Casoli, 2.5-places &#8211; r\u00e9glable\">\n\t\t\t<img loading=\"lazy\" decoding=\"async\" width=\"400\" height=\"250\" src=\"https:\/\/www.moensmeubelen.be\/wp-content\/uploads\/2026\/06\/a1b0bef6ef4de95ebe4cfbfe03d54559b45bc452_images_t_ll_m_a67e3f1fb4c7412d9a73ee217f00e922_image-400x250.jpg\" class=\"attachment-400x250 size-400x250\" alt=\"\" title=\"\">\t\t<\/a>\n\n\t\t\t\t\t<div class=\"wd-product-img-hover hover-img\">\n\t\t\t\t<img loading=\"lazy\" decoding=\"async\" width=\"400\" height=\"250\" src=\"https:\/\/www.moensmeubelen.be\/wp-content\/uploads\/2026\/06\/25d970ef015fc118471efb7e394465ecd80d689a_images_t_ll_m_233a8bb4223e4e0b95d69a18ed812567_image-400x250.jpg\" class=\"attachment-400x250 size-400x250\" alt=\"\" title=\"\">\t\t\t<\/div>\n\t\t\t\n\t\t<div class=\"wd-buttons wd-pos-r-t\">\n\t\t\t\t\t<div class=\"wd-compare-btn wd-action-btn wd-style-icon wd-compare-icon\">\n\t\t\t<a href=\"https:\/\/www.moensmeubelen.be\/fr\/vergelijk\/?product_id=799578\" class=\"\" data-id=\"799578\" rel=\"nofollow\">\n\t\t\t\t<span class=\"wd-action-icon\">\n\t\t\t\t\t<span class=\"wd-check-icon\"><\/span>\n\t\t\t\t<\/span>\n\t\t\t\t<span class=\"wd-action-text\">Comparer<\/span>\n\t\t\t<\/a>\n\t\t<\/div>\n\t\t\t\t\t\t\t<div class=\"wd-quick-view-btn wd-quick-view-icon wd-action-btn wd-style-icon\">\n\t\t\t<a\n\t\t\t\thref=\"https:\/\/www.moensmeubelen.be\/fr\/produit\/53961001-fr_BE\/\"\n\t\t\t\tclass=\"open-quick-view\"\n\t\t\t\trel=\"nofollow\"\n\t\t\t\tdata-id=\"799579\"\n\t\t\t\t>\n\t\t\t\t\t<span class=\"wd-action-icon\"><\/span>\n\t\t\t\t\t<span class=\"wd-action-text\">\n\t\t\t\t\t\tQuick view\t\t\t\t\t<\/span>\n\t\t\t<\/a>\n\t\t<\/div>\n\t\t\t\t\t\t\t<\/div>\n\t<\/div>\n\n\t\t\t<div class=\"wd-product-header\">\n\t\t\t<h3 class=\"wd-entities-title\"><a href=\"https:\/\/www.moensmeubelen.be\/fr\/produit\/53961001-fr_BE\/\">Casoli, 2.5-places &#8211; r\u00e9glable<\/a><\/h3>\t\t\t\t\t<\/div>\n\t\t\t\t<div class=\"wrap-price\">\n\t\t\t<div class=\"swap-wrapp\">\n\t\t\t\t<div class=\"swap-elements\">\n\t\t\t\t\t\n\t<span class=\"price\"><span class=\"woocommerce-Price-amount amount\"><bdi><span class=\"woocommerce-Price-currencySymbol\" translate=\"no\">&euro;<\/span>1.399,00<\/bdi><\/span><\/span>\n\t\t\t\t\t<div class=\"wd-add-btn\">\n\t\t\t\t\t\t<a href=\"\/fr\/wp-json\/wp\/v2\/pages\/1037365?add-to-cart=799579\"  data-quantity=\"1\" class=\"button product_type_simple add_to_cart_button ajax_add_to_cart add-to-cart-loop\" data-product_id=\"799579\" data-product_sku=\"53961001\" aria-label=\"Add to cart: &ldquo;Casoli, 2.5-places - r\u00e9glable&rdquo;\" rel=\"nofollow\" data-success_message=\"&ldquo;Casoli, 2.5-places - r\u00e9glable&rdquo; has been added to your cart\"><span class=\"wd-action-icon\"><span class=\"wd-check-icon\"><\/span><\/span><span class=\"wd-action-text\">Panier<\/span><\/a>\t\t\t\t\t<\/div>\n\t\t\t\t<\/div>\n\t\t\t<\/div>\n\t\t\t\t\t<\/div>\n\n\t\t<span class=\"gtm4wp_productdata\" style=\"display:none; visibility:hidden;\" data-gtm4wp_product_data=\"{&quot;internal_id&quot;:799579,&quot;item_id&quot;:&quot;53961001&quot;,&quot;item_name&quot;:&quot;Casoli, 2.5-places - r\\u00e9glable&quot;,&quot;sku&quot;:&quot;53961001&quot;,&quot;price&quot;:1399,&quot;stocklevel&quot;:null,&quot;stockstatus&quot;:&quot;onbackorder&quot;,&quot;google_business_vertical&quot;:&quot;retail&quot;,&quot;item_category&quot;:&quot;vivre&quot;,&quot;item_category2&quot;:&quot;Canap\\u00e9s&quot;,&quot;item_category3&quot;:&quot;Canap\\u00e9s&quot;,&quot;id&quot;:&quot;53961001&quot;,&quot;productlink&quot;:&quot;https:\\\/\\\/www.moensmeubelen.be\\\/fr\\\/produit\\\/53961001-fr_BE\\\/&quot;,&quot;item_list_name&quot;:&quot;General Product List&quot;,&quot;index&quot;:24,&quot;product_type&quot;:&quot;simple&quot;,&quot;item_brand&quot;:&quot;&quot;}\"><\/span>\t\t\t<input type=\"hidden\" class=\"pmwProductId\" data-id=\"799579\">\n\t\t\t\t\t<script class=\"_iub_cs_skip\">\n\t\t\t(window.pmwDataLayer = window.pmwDataLayer || {}).products                = window.pmwDataLayer.products || {};\n\t\t\twindow.pmwDataLayer.products[799579] = {\"id\":\"799579\",\"sku\":\"53961001\",\"price\":1399,\"brand\":\"\",\"quantity\":1,\"dyn_r_ids\":{\"post_id\":\"799579\",\"sku\":\"53961001\",\"gpf\":\"woocommerce_gpf_799579\",\"gla\":\"gla_799579\"},\"is_variable\":false,\"type\":\"simple\",\"name\":\"Casoli, 2.5-places - r\u00e9glable\",\"category\":[\"Canap\u00e9s\"],\"is_variation\":false};\n\t\t\t\t\twindow.pmw_product_position = window.pmw_product_position || 1;\n\t\twindow.pmwDataLayer.products[799579]['position'] = window.pmw_product_position++;\n\t\t\t\t<\/script>\n\t\t<div class=\"conditionele-tekst levertermijn-placeholder levertermijn-placeholder--plp\" data-aamss-sku=\"53961001\" data-aamss-product-id=\"799579\" data-aamss-context=\"plp\" data-aamss-state=\"loading\" aria-busy=\"true\">Sur commande - d\u00e9lai de livraison 8-10 semaines<\/div>\n\t\t\n\t\t\t<\/div>\n<\/div>\n<div class=\"wd-product wd-col wd-hover-alt product-grid-item product type-product post-799587 status-publish first onbackorder product_cat-zetels_l2_fr_BE has-post-thumbnail taxable shipping-taxable purchasable product-type-simple\" data-loop=\"24\" data-id=\"799587\">\n\t\n<div class=\"wd-product-wrapper product-wrapper\">\n\t<div class=\"wd-product-thumb product-element-top wd-quick-shop\">\n\t\t<a href=\"https:\/\/www.moensmeubelen.be\/fr\/produit\/53962001-fr_BE\/\" class=\"wd-product-img-link product-image-link\" tabindex=\"-1\" aria-label=\"Casoli, 3-places &#8211; r\u00e9glable\">\n\t\t\t<img loading=\"lazy\" decoding=\"async\" width=\"400\" height=\"250\" src=\"https:\/\/www.moensmeubelen.be\/wp-content\/uploads\/2026\/06\/3b413c9e34d099c9c430b21b1ce580bda07c4cbc_images_t_ll_m_3ad1e1b25dc843428d23e90b0f688eaa_image-400x250.jpg\" class=\"attachment-400x250 size-400x250\" alt=\"\" title=\"\">\t\t<\/a>\n\n\t\t\t\t\t<div class=\"wd-product-img-hover hover-img\">\n\t\t\t\t<img loading=\"lazy\" decoding=\"async\" width=\"400\" height=\"250\" src=\"https:\/\/www.moensmeubelen.be\/wp-content\/uploads\/2026\/06\/274232e38d9e5fbd4c17629580b67976536b9fd5_images_t_ll_m_233a8bb4223e4e0b95d69a18ed812567_image-400x250.jpg\" class=\"attachment-400x250 size-400x250\" alt=\"\" title=\"\">\t\t\t<\/div>\n\t\t\t\n\t\t<div class=\"wd-buttons wd-pos-r-t\">\n\t\t\t\t\t<div class=\"wd-compare-btn wd-action-btn wd-style-icon wd-compare-icon\">\n\t\t\t<a href=\"https:\/\/www.moensmeubelen.be\/fr\/vergelijk\/?product_id=799586\" class=\"\" data-id=\"799586\" rel=\"nofollow\">\n\t\t\t\t<span class=\"wd-action-icon\">\n\t\t\t\t\t<span class=\"wd-check-icon\"><\/span>\n\t\t\t\t<\/span>\n\t\t\t\t<span class=\"wd-action-text\">Comparer<\/span>\n\t\t\t<\/a>\n\t\t<\/div>\n\t\t\t\t\t\t\t<div class=\"wd-quick-view-btn wd-quick-view-icon wd-action-btn wd-style-icon\">\n\t\t\t<a\n\t\t\t\thref=\"https:\/\/www.moensmeubelen.be\/fr\/produit\/53962001-fr_BE\/\"\n\t\t\t\tclass=\"open-quick-view\"\n\t\t\t\trel=\"nofollow\"\n\t\t\t\tdata-id=\"799587\"\n\t\t\t\t>\n\t\t\t\t\t<span class=\"wd-action-icon\"><\/span>\n\t\t\t\t\t<span class=\"wd-action-text\">\n\t\t\t\t\t\tQuick view\t\t\t\t\t<\/span>\n\t\t\t<\/a>\n\t\t<\/div>\n\t\t\t\t\t\t\t<\/div>\n\t<\/div>\n\n\t\t\t<div class=\"wd-product-header\">\n\t\t\t<h3 class=\"wd-entities-title\"><a href=\"https:\/\/www.moensmeubelen.be\/fr\/produit\/53962001-fr_BE\/\">Casoli, 3-places &#8211; r\u00e9glable<\/a><\/h3>\t\t\t\t\t<\/div>\n\t\t\t\t<div class=\"wrap-price\">\n\t\t\t<div class=\"swap-wrapp\">\n\t\t\t\t<div class=\"swap-elements\">\n\t\t\t\t\t\n\t<span class=\"price\"><span class=\"woocommerce-Price-amount amount\"><bdi><span class=\"woocommerce-Price-currencySymbol\" translate=\"no\">&euro;<\/span>1.499,00<\/bdi><\/span><\/span>\n\t\t\t\t\t<div class=\"wd-add-btn\">\n\t\t\t\t\t\t<a href=\"\/fr\/wp-json\/wp\/v2\/pages\/1037365?add-to-cart=799587\"  data-quantity=\"1\" class=\"button product_type_simple add_to_cart_button ajax_add_to_cart add-to-cart-loop\" data-product_id=\"799587\" data-product_sku=\"53962001\" aria-label=\"Add to cart: &ldquo;Casoli, 3-places - r\u00e9glable&rdquo;\" rel=\"nofollow\" data-success_message=\"&ldquo;Casoli, 3-places - r\u00e9glable&rdquo; has been added to your cart\"><span class=\"wd-action-icon\"><span class=\"wd-check-icon\"><\/span><\/span><span class=\"wd-action-text\">Panier<\/span><\/a>\t\t\t\t\t<\/div>\n\t\t\t\t<\/div>\n\t\t\t<\/div>\n\t\t\t\t\t<\/div>\n\n\t\t<span class=\"gtm4wp_productdata\" style=\"display:none; visibility:hidden;\" data-gtm4wp_product_data=\"{&quot;internal_id&quot;:799587,&quot;item_id&quot;:&quot;53962001&quot;,&quot;item_name&quot;:&quot;Casoli, 3-places - r\\u00e9glable&quot;,&quot;sku&quot;:&quot;53962001&quot;,&quot;price&quot;:1499,&quot;stocklevel&quot;:null,&quot;stockstatus&quot;:&quot;onbackorder&quot;,&quot;google_business_vertical&quot;:&quot;retail&quot;,&quot;item_category&quot;:&quot;vivre&quot;,&quot;item_category2&quot;:&quot;Canap\\u00e9s&quot;,&quot;item_category3&quot;:&quot;Canap\\u00e9s&quot;,&quot;id&quot;:&quot;53962001&quot;,&quot;productlink&quot;:&quot;https:\\\/\\\/www.moensmeubelen.be\\\/fr\\\/produit\\\/53962001-fr_BE\\\/&quot;,&quot;item_list_name&quot;:&quot;General Product List&quot;,&quot;index&quot;:25,&quot;product_type&quot;:&quot;simple&quot;,&quot;item_brand&quot;:&quot;&quot;}\"><\/span>\t\t\t<input type=\"hidden\" class=\"pmwProductId\" data-id=\"799587\">\n\t\t\t\t\t<script class=\"_iub_cs_skip\">\n\t\t\t(window.pmwDataLayer = window.pmwDataLayer || {}).products                = window.pmwDataLayer.products || {};\n\t\t\twindow.pmwDataLayer.products[799587] = {\"id\":\"799587\",\"sku\":\"53962001\",\"price\":1499,\"brand\":\"\",\"quantity\":1,\"dyn_r_ids\":{\"post_id\":\"799587\",\"sku\":\"53962001\",\"gpf\":\"woocommerce_gpf_799587\",\"gla\":\"gla_799587\"},\"is_variable\":false,\"type\":\"simple\",\"name\":\"Casoli, 3-places - r\u00e9glable\",\"category\":[\"Canap\u00e9s\"],\"is_variation\":false};\n\t\t\t\t\twindow.pmw_product_position = window.pmw_product_position || 1;\n\t\twindow.pmwDataLayer.products[799587]['position'] = window.pmw_product_position++;\n\t\t\t\t<\/script>\n\t\t<div class=\"conditionele-tekst levertermijn-placeholder levertermijn-placeholder--plp\" data-aamss-sku=\"53962001\" data-aamss-product-id=\"799587\" data-aamss-context=\"plp\" data-aamss-state=\"loading\" aria-busy=\"true\">Sur commande - d\u00e9lai de livraison 8-10 semaines<\/div>\n\t\t\n\t\t\t<\/div>\n<\/div>\n<div class=\"wd-product wd-col wd-hover-alt product-grid-item product type-product post-799595 status-publish onbackorder product_cat-zetels_l2_fr_BE has-post-thumbnail taxable shipping-taxable purchasable product-type-simple\" data-loop=\"25\" data-id=\"799595\">\n\t\n<div class=\"wd-product-wrapper product-wrapper\">\n\t<div class=\"wd-product-thumb product-element-top wd-quick-shop\">\n\t\t<a href=\"https:\/\/www.moensmeubelen.be\/fr\/produit\/53963001-fr_BE\/\" class=\"wd-product-img-link product-image-link\" tabindex=\"-1\" aria-label=\"Casoli, 3.5-places &#8211; r\u00e9glable\">\n\t\t\t<img loading=\"lazy\" decoding=\"async\" width=\"400\" height=\"250\" src=\"https:\/\/www.moensmeubelen.be\/wp-content\/uploads\/2026\/06\/acbc6eed18f730fff727417d5d5c0dcafd246ff6_images_t_ll_m_3ad1e1b25dc843428d23e90b0f688eaa_image-400x250.jpg\" class=\"attachment-400x250 size-400x250\" alt=\"\" title=\"\">\t\t<\/a>\n\n\t\t\t\t\t<div class=\"wd-product-img-hover hover-img\">\n\t\t\t\t<img loading=\"lazy\" decoding=\"async\" width=\"400\" height=\"250\" src=\"https:\/\/www.moensmeubelen.be\/wp-content\/uploads\/2026\/06\/5a6c8bffc7b878b2570935780eb0ff22d3c1e60e_images_t_ll_m_98191bb01895429fb45915258c19f571_image-400x250.jpg\" class=\"attachment-400x250 size-400x250\" alt=\"\" title=\"\">\t\t\t<\/div>\n\t\t\t\n\t\t<div class=\"wd-buttons wd-pos-r-t\">\n\t\t\t\t\t<div class=\"wd-compare-btn wd-action-btn wd-style-icon wd-compare-icon\">\n\t\t\t<a href=\"https:\/\/www.moensmeubelen.be\/fr\/vergelijk\/?product_id=799594\" class=\"\" data-id=\"799594\" rel=\"nofollow\">\n\t\t\t\t<span class=\"wd-action-icon\">\n\t\t\t\t\t<span class=\"wd-check-icon\"><\/span>\n\t\t\t\t<\/span>\n\t\t\t\t<span class=\"wd-action-text\">Comparer<\/span>\n\t\t\t<\/a>\n\t\t<\/div>\n\t\t\t\t\t\t\t<div class=\"wd-quick-view-btn wd-quick-view-icon wd-action-btn wd-style-icon\">\n\t\t\t<a\n\t\t\t\thref=\"https:\/\/www.moensmeubelen.be\/fr\/produit\/53963001-fr_BE\/\"\n\t\t\t\tclass=\"open-quick-view\"\n\t\t\t\trel=\"nofollow\"\n\t\t\t\tdata-id=\"799595\"\n\t\t\t\t>\n\t\t\t\t\t<span class=\"wd-action-icon\"><\/span>\n\t\t\t\t\t<span class=\"wd-action-text\">\n\t\t\t\t\t\tQuick view\t\t\t\t\t<\/span>\n\t\t\t<\/a>\n\t\t<\/div>\n\t\t\t\t\t\t\t<\/div>\n\t<\/div>\n\n\t\t\t<div class=\"wd-product-header\">\n\t\t\t<h3 class=\"wd-entities-title\"><a href=\"https:\/\/www.moensmeubelen.be\/fr\/produit\/53963001-fr_BE\/\">Casoli, 3.5-places &#8211; r\u00e9glable<\/a><\/h3>\t\t\t\t\t<\/div>\n\t\t\t\t<div class=\"wrap-price\">\n\t\t\t<div class=\"swap-wrapp\">\n\t\t\t\t<div class=\"swap-elements\">\n\t\t\t\t\t\n\t<span class=\"price\"><span class=\"woocommerce-Price-amount amount\"><bdi><span class=\"woocommerce-Price-currencySymbol\" translate=\"no\">&euro;<\/span>1.599,00<\/bdi><\/span><\/span>\n\t\t\t\t\t<div class=\"wd-add-btn\">\n\t\t\t\t\t\t<a href=\"\/fr\/wp-json\/wp\/v2\/pages\/1037365?add-to-cart=799595\"  data-quantity=\"1\" class=\"button product_type_simple add_to_cart_button ajax_add_to_cart add-to-cart-loop\" data-product_id=\"799595\" data-product_sku=\"53963001\" aria-label=\"Add to cart: &ldquo;Casoli, 3.5-places - r\u00e9glable&rdquo;\" rel=\"nofollow\" data-success_message=\"&ldquo;Casoli, 3.5-places - r\u00e9glable&rdquo; has been added to your cart\"><span class=\"wd-action-icon\"><span class=\"wd-check-icon\"><\/span><\/span><span class=\"wd-action-text\">Panier<\/span><\/a>\t\t\t\t\t<\/div>\n\t\t\t\t<\/div>\n\t\t\t<\/div>\n\t\t\t\t\t<\/div>\n\n\t\t<span class=\"gtm4wp_productdata\" style=\"display:none; visibility:hidden;\" data-gtm4wp_product_data=\"{&quot;internal_id&quot;:799595,&quot;item_id&quot;:&quot;53963001&quot;,&quot;item_name&quot;:&quot;Casoli, 3.5-places - r\\u00e9glable&quot;,&quot;sku&quot;:&quot;53963001&quot;,&quot;price&quot;:1599,&quot;stocklevel&quot;:null,&quot;stockstatus&quot;:&quot;onbackorder&quot;,&quot;google_business_vertical&quot;:&quot;retail&quot;,&quot;item_category&quot;:&quot;vivre&quot;,&quot;item_category2&quot;:&quot;Canap\\u00e9s&quot;,&quot;item_category3&quot;:&quot;Canap\\u00e9s&quot;,&quot;id&quot;:&quot;53963001&quot;,&quot;productlink&quot;:&quot;https:\\\/\\\/www.moensmeubelen.be\\\/fr\\\/produit\\\/53963001-fr_BE\\\/&quot;,&quot;item_list_name&quot;:&quot;General Product List&quot;,&quot;index&quot;:26,&quot;product_type&quot;:&quot;simple&quot;,&quot;item_brand&quot;:&quot;&quot;}\"><\/span>\t\t\t<input type=\"hidden\" class=\"pmwProductId\" data-id=\"799595\">\n\t\t\t\t\t<script class=\"_iub_cs_skip\">\n\t\t\t(window.pmwDataLayer = window.pmwDataLayer || {}).products                = window.pmwDataLayer.products || {};\n\t\t\twindow.pmwDataLayer.products[799595] = {\"id\":\"799595\",\"sku\":\"53963001\",\"price\":1599,\"brand\":\"\",\"quantity\":1,\"dyn_r_ids\":{\"post_id\":\"799595\",\"sku\":\"53963001\",\"gpf\":\"woocommerce_gpf_799595\",\"gla\":\"gla_799595\"},\"is_variable\":false,\"type\":\"simple\",\"name\":\"Casoli, 3.5-places - r\u00e9glable\",\"category\":[\"Canap\u00e9s\"],\"is_variation\":false};\n\t\t\t\t\twindow.pmw_product_position = window.pmw_product_position || 1;\n\t\twindow.pmwDataLayer.products[799595]['position'] = window.pmw_product_position++;\n\t\t\t\t<\/script>\n\t\t<div class=\"conditionele-tekst levertermijn-placeholder levertermijn-placeholder--plp\" data-aamss-sku=\"53963001\" data-aamss-product-id=\"799595\" data-aamss-context=\"plp\" data-aamss-state=\"loading\" aria-busy=\"true\">Sur commande - d\u00e9lai de livraison 8-10 semaines<\/div>\n\t\t\n\t\t\t<\/div>\n<\/div>\n<div class=\"wd-product wd-col wd-hover-alt product-grid-item product type-product post-902020 status-publish onbackorder product_cat-zetels_l2_fr_BE has-post-thumbnail taxable shipping-taxable purchasable product-type-simple\" data-loop=\"26\" data-id=\"902020\">\n\t\n<div class=\"wd-product-wrapper product-wrapper\">\n\t<div class=\"wd-product-thumb product-element-top wd-quick-shop\">\n\t\t<a href=\"https:\/\/www.moensmeubelen.be\/fr\/produit\/54356001-fr_BE\/\" class=\"wd-product-img-link product-image-link\" tabindex=\"-1\" aria-label=\"Creazzo, 2 places\">\n\t\t\t<img loading=\"lazy\" decoding=\"async\" width=\"400\" height=\"250\" src=\"https:\/\/www.moensmeubelen.be\/wp-content\/uploads\/2026\/06\/36c6d8366dc34c2df32c463b7c000817092ba2a7_images_t_ll_m_1664146a7adf4985b43f389ad2af0b5d_image-400x250.jpg\" class=\"attachment-400x250 size-400x250\" alt=\"\" title=\"\">\t\t<\/a>\n\n\t\t\t\t\t<div class=\"wd-product-img-hover hover-img\">\n\t\t\t\t<img loading=\"lazy\" decoding=\"async\" width=\"400\" height=\"250\" src=\"https:\/\/www.moensmeubelen.be\/wp-content\/uploads\/2026\/06\/c7dfb5dfc1165b1038a9860178d2dd0c7ccab635_images_t_ll_m_3b9a92050c2c423db5578a95d7c363fe_ambiance-400x250.jpg\" class=\"attachment-400x250 size-400x250\" alt=\"\" title=\"\">\t\t\t<\/div>\n\t\t\t\n\t\t<div class=\"wd-buttons wd-pos-r-t\">\n\t\t\t\t\t<div class=\"wd-compare-btn wd-action-btn wd-style-icon wd-compare-icon\">\n\t\t\t<a href=\"https:\/\/www.moensmeubelen.be\/fr\/vergelijk\/?product_id=902019\" class=\"\" data-id=\"902019\" rel=\"nofollow\">\n\t\t\t\t<span class=\"wd-action-icon\">\n\t\t\t\t\t<span class=\"wd-check-icon\"><\/span>\n\t\t\t\t<\/span>\n\t\t\t\t<span class=\"wd-action-text\">Comparer<\/span>\n\t\t\t<\/a>\n\t\t<\/div>\n\t\t\t\t\t\t\t<div class=\"wd-quick-view-btn wd-quick-view-icon wd-action-btn wd-style-icon\">\n\t\t\t<a\n\t\t\t\thref=\"https:\/\/www.moensmeubelen.be\/fr\/produit\/54356001-fr_BE\/\"\n\t\t\t\tclass=\"open-quick-view\"\n\t\t\t\trel=\"nofollow\"\n\t\t\t\tdata-id=\"902020\"\n\t\t\t\t>\n\t\t\t\t\t<span class=\"wd-action-icon\"><\/span>\n\t\t\t\t\t<span class=\"wd-action-text\">\n\t\t\t\t\t\tQuick view\t\t\t\t\t<\/span>\n\t\t\t<\/a>\n\t\t<\/div>\n\t\t\t\t\t\t\t<\/div>\n\t<\/div>\n\n\t\t\t<div class=\"wd-product-header\">\n\t\t\t<h3 class=\"wd-entities-title\"><a href=\"https:\/\/www.moensmeubelen.be\/fr\/produit\/54356001-fr_BE\/\">Creazzo, 2 places<\/a><\/h3>\t\t\t\t\t<\/div>\n\t\t\t\t<div class=\"wrap-price\">\n\t\t\t<div class=\"swap-wrapp\">\n\t\t\t\t<div class=\"swap-elements\">\n\t\t\t\t\t\n\t<span class=\"price\"><span class=\"woocommerce-Price-amount amount\"><bdi><span class=\"woocommerce-Price-currencySymbol\" translate=\"no\">&euro;<\/span>1.099,00<\/bdi><\/span><\/span>\n\t\t\t\t\t<div class=\"wd-add-btn\">\n\t\t\t\t\t\t<a href=\"\/fr\/wp-json\/wp\/v2\/pages\/1037365?add-to-cart=902020\"  data-quantity=\"1\" class=\"button product_type_simple add_to_cart_button ajax_add_to_cart add-to-cart-loop\" data-product_id=\"902020\" data-product_sku=\"54356001\" aria-label=\"Add to cart: &ldquo;Creazzo, 2 places&rdquo;\" rel=\"nofollow\" data-success_message=\"&ldquo;Creazzo, 2 places&rdquo; has been added to your cart\"><span class=\"wd-action-icon\"><span class=\"wd-check-icon\"><\/span><\/span><span class=\"wd-action-text\">Panier<\/span><\/a>\t\t\t\t\t<\/div>\n\t\t\t\t<\/div>\n\t\t\t<\/div>\n\t\t\t\t\t<\/div>\n\n\t\t<span class=\"gtm4wp_productdata\" style=\"display:none; visibility:hidden;\" data-gtm4wp_product_data=\"{&quot;internal_id&quot;:902020,&quot;item_id&quot;:&quot;54356001&quot;,&quot;item_name&quot;:&quot;Creazzo, 2 places&quot;,&quot;sku&quot;:&quot;54356001&quot;,&quot;price&quot;:1099,&quot;stocklevel&quot;:null,&quot;stockstatus&quot;:&quot;onbackorder&quot;,&quot;google_business_vertical&quot;:&quot;retail&quot;,&quot;item_category&quot;:&quot;vivre&quot;,&quot;item_category2&quot;:&quot;Canap\\u00e9s&quot;,&quot;item_category3&quot;:&quot;Canap\\u00e9s&quot;,&quot;id&quot;:&quot;54356001&quot;,&quot;productlink&quot;:&quot;https:\\\/\\\/www.moensmeubelen.be\\\/fr\\\/produit\\\/54356001-fr_BE\\\/&quot;,&quot;item_list_name&quot;:&quot;General Product List&quot;,&quot;index&quot;:27,&quot;product_type&quot;:&quot;simple&quot;,&quot;item_brand&quot;:&quot;&quot;}\"><\/span>\t\t\t<input type=\"hidden\" class=\"pmwProductId\" data-id=\"902020\">\n\t\t\t\t\t<script class=\"_iub_cs_skip\">\n\t\t\t(window.pmwDataLayer = window.pmwDataLayer || {}).products                = window.pmwDataLayer.products || {};\n\t\t\twindow.pmwDataLayer.products[902020] = {\"id\":\"902020\",\"sku\":\"54356001\",\"price\":1099,\"brand\":\"\",\"quantity\":1,\"dyn_r_ids\":{\"post_id\":\"902020\",\"sku\":\"54356001\",\"gpf\":\"woocommerce_gpf_902020\",\"gla\":\"gla_902020\"},\"is_variable\":false,\"type\":\"simple\",\"name\":\"Creazzo, 2 places\",\"category\":[\"Canap\u00e9s\"],\"is_variation\":false};\n\t\t\t\t\twindow.pmw_product_position = window.pmw_product_position || 1;\n\t\twindow.pmwDataLayer.products[902020]['position'] = window.pmw_product_position++;\n\t\t\t\t<\/script>\n\t\t<div class=\"conditionele-tekst levertermijn-placeholder levertermijn-placeholder--plp\" data-aamss-sku=\"54356001\" data-aamss-product-id=\"902020\" data-aamss-context=\"plp\" data-aamss-state=\"loading\" aria-busy=\"true\">Sur commande - d\u00e9lai de livraison 8-10 semaines<\/div>\n\t\t\n\t\t\t<\/div>\n<\/div>\n<div class=\"wd-product wd-col wd-hover-alt product-grid-item product type-product post-901988 status-publish last onbackorder product_cat-zetels_l2_fr_BE has-post-thumbnail taxable shipping-taxable purchasable product-type-simple\" data-loop=\"27\" data-id=\"901988\">\n\t\n<div class=\"wd-product-wrapper product-wrapper\">\n\t<div class=\"wd-product-thumb product-element-top wd-quick-shop\">\n\t\t<a href=\"https:\/\/www.moensmeubelen.be\/fr\/produit\/54306001-fr_BE\/\" class=\"wd-product-img-link product-image-link\" tabindex=\"-1\" aria-label=\"Creazzo, 2 places &#8211; pied design\">\n\t\t\t<img loading=\"lazy\" decoding=\"async\" width=\"400\" height=\"250\" src=\"https:\/\/www.moensmeubelen.be\/wp-content\/uploads\/2026\/06\/1ba302b31511e24c2ec08d1996a759ff5e89aecc_images_t_ll_m_7e3eccb637d5485b8743ecccd92153be_image-400x250.jpg\" class=\"attachment-400x250 size-400x250\" alt=\"\" title=\"\">\t\t<\/a>\n\n\t\t\t\t\t<div class=\"wd-product-img-hover hover-img\">\n\t\t\t\t<img loading=\"lazy\" decoding=\"async\" width=\"400\" height=\"250\" src=\"https:\/\/www.moensmeubelen.be\/wp-content\/uploads\/2026\/06\/81c509361a224b7e97b96d85875bf4828bbc94e1_images_t_ll_m_3b9a92050c2c423db5578a95d7c363fe_ambiance-400x250.jpg\" class=\"attachment-400x250 size-400x250\" alt=\"\" title=\"\">\t\t\t<\/div>\n\t\t\t\n\t\t<div class=\"wd-buttons wd-pos-r-t\">\n\t\t\t\t\t<div class=\"wd-compare-btn wd-action-btn wd-style-icon wd-compare-icon\">\n\t\t\t<a href=\"https:\/\/www.moensmeubelen.be\/fr\/vergelijk\/?product_id=901987\" class=\"\" data-id=\"901987\" rel=\"nofollow\">\n\t\t\t\t<span class=\"wd-action-icon\">\n\t\t\t\t\t<span class=\"wd-check-icon\"><\/span>\n\t\t\t\t<\/span>\n\t\t\t\t<span class=\"wd-action-text\">Comparer<\/span>\n\t\t\t<\/a>\n\t\t<\/div>\n\t\t\t\t\t\t\t<div class=\"wd-quick-view-btn wd-quick-view-icon wd-action-btn wd-style-icon\">\n\t\t\t<a\n\t\t\t\thref=\"https:\/\/www.moensmeubelen.be\/fr\/produit\/54306001-fr_BE\/\"\n\t\t\t\tclass=\"open-quick-view\"\n\t\t\t\trel=\"nofollow\"\n\t\t\t\tdata-id=\"901988\"\n\t\t\t\t>\n\t\t\t\t\t<span class=\"wd-action-icon\"><\/span>\n\t\t\t\t\t<span class=\"wd-action-text\">\n\t\t\t\t\t\tQuick view\t\t\t\t\t<\/span>\n\t\t\t<\/a>\n\t\t<\/div>\n\t\t\t\t\t\t\t<\/div>\n\t<\/div>\n\n\t\t\t<div class=\"wd-product-header\">\n\t\t\t<h3 class=\"wd-entities-title\"><a href=\"https:\/\/www.moensmeubelen.be\/fr\/produit\/54306001-fr_BE\/\">Creazzo, 2 places &#8211; pied design<\/a><\/h3>\t\t\t\t\t<\/div>\n\t\t\t\t<div class=\"wrap-price\">\n\t\t\t<div class=\"swap-wrapp\">\n\t\t\t\t<div class=\"swap-elements\">\n\t\t\t\t\t\n\t<span class=\"price\"><span class=\"woocommerce-Price-amount amount\"><bdi><span class=\"woocommerce-Price-currencySymbol\" translate=\"no\">&euro;<\/span>1.299,00<\/bdi><\/span><\/span>\n\t\t\t\t\t<div class=\"wd-add-btn\">\n\t\t\t\t\t\t<a href=\"\/fr\/wp-json\/wp\/v2\/pages\/1037365?add-to-cart=901988\"  data-quantity=\"1\" class=\"button product_type_simple add_to_cart_button ajax_add_to_cart add-to-cart-loop\" data-product_id=\"901988\" data-product_sku=\"54306001\" aria-label=\"Add to cart: &ldquo;Creazzo, 2 places - pied design&rdquo;\" rel=\"nofollow\" data-success_message=\"&ldquo;Creazzo, 2 places - pied design&rdquo; has been added to your cart\"><span class=\"wd-action-icon\"><span class=\"wd-check-icon\"><\/span><\/span><span class=\"wd-action-text\">Panier<\/span><\/a>\t\t\t\t\t<\/div>\n\t\t\t\t<\/div>\n\t\t\t<\/div>\n\t\t\t\t\t<\/div>\n\n\t\t<span class=\"gtm4wp_productdata\" style=\"display:none; visibility:hidden;\" data-gtm4wp_product_data=\"{&quot;internal_id&quot;:901988,&quot;item_id&quot;:&quot;54306001&quot;,&quot;item_name&quot;:&quot;Creazzo, 2 places - pied design&quot;,&quot;sku&quot;:&quot;54306001&quot;,&quot;price&quot;:1299,&quot;stocklevel&quot;:null,&quot;stockstatus&quot;:&quot;onbackorder&quot;,&quot;google_business_vertical&quot;:&quot;retail&quot;,&quot;item_category&quot;:&quot;vivre&quot;,&quot;item_category2&quot;:&quot;Canap\\u00e9s&quot;,&quot;item_category3&quot;:&quot;Canap\\u00e9s&quot;,&quot;id&quot;:&quot;54306001&quot;,&quot;productlink&quot;:&quot;https:\\\/\\\/www.moensmeubelen.be\\\/fr\\\/produit\\\/54306001-fr_BE\\\/&quot;,&quot;item_list_name&quot;:&quot;General Product List&quot;,&quot;index&quot;:28,&quot;product_type&quot;:&quot;simple&quot;,&quot;item_brand&quot;:&quot;&quot;}\"><\/span>\t\t\t<input type=\"hidden\" class=\"pmwProductId\" data-id=\"901988\">\n\t\t\t\t\t<script class=\"_iub_cs_skip\">\n\t\t\t(window.pmwDataLayer = window.pmwDataLayer || {}).products                = window.pmwDataLayer.products || {};\n\t\t\twindow.pmwDataLayer.products[901988] = {\"id\":\"901988\",\"sku\":\"54306001\",\"price\":1299,\"brand\":\"\",\"quantity\":1,\"dyn_r_ids\":{\"post_id\":\"901988\",\"sku\":\"54306001\",\"gpf\":\"woocommerce_gpf_901988\",\"gla\":\"gla_901988\"},\"is_variable\":false,\"type\":\"simple\",\"name\":\"Creazzo, 2 places - pied design\",\"category\":[\"Canap\u00e9s\"],\"is_variation\":false};\n\t\t\t\t\twindow.pmw_product_position = window.pmw_product_position || 1;\n\t\twindow.pmwDataLayer.products[901988]['position'] = window.pmw_product_position++;\n\t\t\t\t<\/script>\n\t\t<div class=\"conditionele-tekst levertermijn-placeholder levertermijn-placeholder--plp\" data-aamss-sku=\"54306001\" data-aamss-product-id=\"901988\" data-aamss-context=\"plp\" data-aamss-state=\"loading\" aria-busy=\"true\">Sur commande - d\u00e9lai de livraison 8-10 semaines<\/div>\n\t\t\n\t\t\t<\/div>\n<\/div>\n<div class=\"wd-product wd-col wd-hover-alt product-grid-item product type-product post-902004 status-publish first onbackorder product_cat-zetels_l2_fr_BE has-post-thumbnail taxable shipping-taxable purchasable product-type-simple\" data-loop=\"28\" data-id=\"902004\">\n\t\n<div class=\"wd-product-wrapper product-wrapper\">\n\t<div class=\"wd-product-thumb product-element-top wd-quick-shop\">\n\t\t<a href=\"https:\/\/www.moensmeubelen.be\/fr\/produit\/54352001-fr_BE\/\" class=\"wd-product-img-link product-image-link\" tabindex=\"-1\" aria-label=\"Creazzo, 2 places &#8211; r\u00e9glable \u00e9lectriquement &#8211; 4 moteurs\">\n\t\t\t<img loading=\"lazy\" decoding=\"async\" width=\"400\" height=\"250\" src=\"https:\/\/www.moensmeubelen.be\/wp-content\/uploads\/2026\/06\/a90423a42f5b6fde87ce636f8fa36ca6cd7f4a8b_images_t_ll_m_f66c697de3944935bd0a710c3ecb9baa_image-400x250.jpg\" class=\"attachment-400x250 size-400x250\" alt=\"\" title=\"\">\t\t<\/a>\n\n\t\t\t\t\t<div class=\"wd-product-img-hover hover-img\">\n\t\t\t\t<img loading=\"lazy\" decoding=\"async\" width=\"400\" height=\"250\" src=\"https:\/\/www.moensmeubelen.be\/wp-content\/uploads\/2026\/06\/952c6b8115b866323cfd62544bfffcf6df80ef41_images_t_ll_m_3b9a92050c2c423db5578a95d7c363fe_ambiance-400x250.jpg\" class=\"attachment-400x250 size-400x250\" alt=\"\" title=\"\">\t\t\t<\/div>\n\t\t\t\n\t\t<div class=\"wd-buttons wd-pos-r-t\">\n\t\t\t\t\t<div class=\"wd-compare-btn wd-action-btn wd-style-icon wd-compare-icon\">\n\t\t\t<a href=\"https:\/\/www.moensmeubelen.be\/fr\/vergelijk\/?product_id=902003\" class=\"\" data-id=\"902003\" rel=\"nofollow\">\n\t\t\t\t<span class=\"wd-action-icon\">\n\t\t\t\t\t<span class=\"wd-check-icon\"><\/span>\n\t\t\t\t<\/span>\n\t\t\t\t<span class=\"wd-action-text\">Comparer<\/span>\n\t\t\t<\/a>\n\t\t<\/div>\n\t\t\t\t\t\t\t<div class=\"wd-quick-view-btn wd-quick-view-icon wd-action-btn wd-style-icon\">\n\t\t\t<a\n\t\t\t\thref=\"https:\/\/www.moensmeubelen.be\/fr\/produit\/54352001-fr_BE\/\"\n\t\t\t\tclass=\"open-quick-view\"\n\t\t\t\trel=\"nofollow\"\n\t\t\t\tdata-id=\"902004\"\n\t\t\t\t>\n\t\t\t\t\t<span class=\"wd-action-icon\"><\/span>\n\t\t\t\t\t<span class=\"wd-action-text\">\n\t\t\t\t\t\tQuick view\t\t\t\t\t<\/span>\n\t\t\t<\/a>\n\t\t<\/div>\n\t\t\t\t\t\t\t<\/div>\n\t<\/div>\n\n\t\t\t<div class=\"wd-product-header\">\n\t\t\t<h3 class=\"wd-entities-title\"><a href=\"https:\/\/www.moensmeubelen.be\/fr\/produit\/54352001-fr_BE\/\">Creazzo, 2 places &#8211; r\u00e9glable \u00e9lectriquement &#8211; 4 moteurs<\/a><\/h3>\t\t\t\t\t<\/div>\n\t\t\t\t<div class=\"wrap-price\">\n\t\t\t<div class=\"swap-wrapp\">\n\t\t\t\t<div class=\"swap-elements\">\n\t\t\t\t\t\n\t<span class=\"price\"><span class=\"woocommerce-Price-amount amount\"><bdi><span class=\"woocommerce-Price-currencySymbol\" translate=\"no\">&euro;<\/span>2.099,00<\/bdi><\/span><\/span>\n\t\t\t\t\t<div class=\"wd-add-btn\">\n\t\t\t\t\t\t<a href=\"\/fr\/wp-json\/wp\/v2\/pages\/1037365?add-to-cart=902004\"  data-quantity=\"1\" class=\"button product_type_simple add_to_cart_button ajax_add_to_cart add-to-cart-loop\" data-product_id=\"902004\" data-product_sku=\"54352001\" aria-label=\"Add to cart: &ldquo;Creazzo, 2 places - r\u00e9glable \u00e9lectriquement - 4 moteurs&rdquo;\" rel=\"nofollow\" data-success_message=\"&ldquo;Creazzo, 2 places - r\u00e9glable \u00e9lectriquement - 4 moteurs&rdquo; has been added to your cart\"><span class=\"wd-action-icon\"><span class=\"wd-check-icon\"><\/span><\/span><span class=\"wd-action-text\">Panier<\/span><\/a>\t\t\t\t\t<\/div>\n\t\t\t\t<\/div>\n\t\t\t<\/div>\n\t\t\t\t\t<\/div>\n\n\t\t<span class=\"gtm4wp_productdata\" style=\"display:none; visibility:hidden;\" data-gtm4wp_product_data=\"{&quot;internal_id&quot;:902004,&quot;item_id&quot;:&quot;54352001&quot;,&quot;item_name&quot;:&quot;Creazzo, 2 places - r\\u00e9glable \\u00e9lectriquement - 4 moteurs&quot;,&quot;sku&quot;:&quot;54352001&quot;,&quot;price&quot;:2099,&quot;stocklevel&quot;:null,&quot;stockstatus&quot;:&quot;onbackorder&quot;,&quot;google_business_vertical&quot;:&quot;retail&quot;,&quot;item_category&quot;:&quot;vivre&quot;,&quot;item_category2&quot;:&quot;Canap\\u00e9s&quot;,&quot;item_category3&quot;:&quot;Canap\\u00e9s&quot;,&quot;id&quot;:&quot;54352001&quot;,&quot;productlink&quot;:&quot;https:\\\/\\\/www.moensmeubelen.be\\\/fr\\\/produit\\\/54352001-fr_BE\\\/&quot;,&quot;item_list_name&quot;:&quot;General Product List&quot;,&quot;index&quot;:29,&quot;product_type&quot;:&quot;simple&quot;,&quot;item_brand&quot;:&quot;&quot;}\"><\/span>\t\t\t<input type=\"hidden\" class=\"pmwProductId\" data-id=\"902004\">\n\t\t\t\t\t<script class=\"_iub_cs_skip\">\n\t\t\t(window.pmwDataLayer = window.pmwDataLayer || {}).products                = window.pmwDataLayer.products || {};\n\t\t\twindow.pmwDataLayer.products[902004] = {\"id\":\"902004\",\"sku\":\"54352001\",\"price\":2099,\"brand\":\"\",\"quantity\":1,\"dyn_r_ids\":{\"post_id\":\"902004\",\"sku\":\"54352001\",\"gpf\":\"woocommerce_gpf_902004\",\"gla\":\"gla_902004\"},\"is_variable\":false,\"type\":\"simple\",\"name\":\"Creazzo, 2 places - r\u00e9glable \u00e9lectriquement - 4 moteurs\",\"category\":[\"Canap\u00e9s\"],\"is_variation\":false};\n\t\t\t\t\twindow.pmw_product_position = window.pmw_product_position || 1;\n\t\twindow.pmwDataLayer.products[902004]['position'] = window.pmw_product_position++;\n\t\t\t\t<\/script>\n\t\t<div class=\"conditionele-tekst levertermijn-placeholder levertermijn-placeholder--plp\" data-aamss-sku=\"54352001\" data-aamss-product-id=\"902004\" data-aamss-context=\"plp\" data-aamss-state=\"loading\" aria-busy=\"true\">Sur commande - d\u00e9lai de livraison 8-10 semaines<\/div>\n\t\t\n\t\t\t<\/div>\n<\/div>\n<div class=\"wd-product wd-col wd-hover-alt product-grid-item product type-product post-901972 status-publish onbackorder product_cat-zetels_l2_fr_BE has-post-thumbnail taxable shipping-taxable purchasable product-type-simple\" data-loop=\"29\" data-id=\"901972\">\n\t\n<div class=\"wd-product-wrapper product-wrapper\">\n\t<div class=\"wd-product-thumb product-element-top wd-quick-shop\">\n\t\t<a href=\"https:\/\/www.moensmeubelen.be\/fr\/produit\/54302001-fr_BE\/\" class=\"wd-product-img-link product-image-link\" tabindex=\"-1\" aria-label=\"Creazzo, 2 places &#8211; r\u00e9glable \u00e9lectriquement &#8211; 4 moteurs &#8211; pied design\">\n\t\t\t<img loading=\"lazy\" decoding=\"async\" width=\"400\" height=\"250\" src=\"https:\/\/www.moensmeubelen.be\/wp-content\/uploads\/2026\/06\/40b7f6366672fcc0e77db628ed2a82bfed6bc641_images_t_ll_m_41c9dd88f1e043c1901af486af12f342_image-400x250.jpg\" class=\"attachment-400x250 size-400x250\" alt=\"\" title=\"\">\t\t<\/a>\n\n\t\t\t\t\t<div class=\"wd-product-img-hover hover-img\">\n\t\t\t\t<img loading=\"lazy\" decoding=\"async\" width=\"400\" height=\"250\" src=\"https:\/\/www.moensmeubelen.be\/wp-content\/uploads\/2026\/06\/e09357e5dae829c02c1ff3af0652251fe443977d_images_t_ll_m_3b9a92050c2c423db5578a95d7c363fe_ambiance-400x250.jpg\" class=\"attachment-400x250 size-400x250\" alt=\"\" title=\"\">\t\t\t<\/div>\n\t\t\t\n\t\t<div class=\"wd-buttons wd-pos-r-t\">\n\t\t\t\t\t<div class=\"wd-compare-btn wd-action-btn wd-style-icon wd-compare-icon\">\n\t\t\t<a href=\"https:\/\/www.moensmeubelen.be\/fr\/vergelijk\/?product_id=901971\" class=\"\" data-id=\"901971\" rel=\"nofollow\">\n\t\t\t\t<span class=\"wd-action-icon\">\n\t\t\t\t\t<span class=\"wd-check-icon\"><\/span>\n\t\t\t\t<\/span>\n\t\t\t\t<span class=\"wd-action-text\">Comparer<\/span>\n\t\t\t<\/a>\n\t\t<\/div>\n\t\t\t\t\t\t\t<div class=\"wd-quick-view-btn wd-quick-view-icon wd-action-btn wd-style-icon\">\n\t\t\t<a\n\t\t\t\thref=\"https:\/\/www.moensmeubelen.be\/fr\/produit\/54302001-fr_BE\/\"\n\t\t\t\tclass=\"open-quick-view\"\n\t\t\t\trel=\"nofollow\"\n\t\t\t\tdata-id=\"901972\"\n\t\t\t\t>\n\t\t\t\t\t<span class=\"wd-action-icon\"><\/span>\n\t\t\t\t\t<span class=\"wd-action-text\">\n\t\t\t\t\t\tQuick view\t\t\t\t\t<\/span>\n\t\t\t<\/a>\n\t\t<\/div>\n\t\t\t\t\t\t\t<\/div>\n\t<\/div>\n\n\t\t\t<div class=\"wd-product-header\">\n\t\t\t<h3 class=\"wd-entities-title\"><a href=\"https:\/\/www.moensmeubelen.be\/fr\/produit\/54302001-fr_BE\/\">Creazzo, 2 places &#8211; r\u00e9glable \u00e9lectriquement &#8211; 4 moteurs &#8211; pied design<\/a><\/h3>\t\t\t\t\t<\/div>\n\t\t\t\t<div class=\"wrap-price\">\n\t\t\t<div class=\"swap-wrapp\">\n\t\t\t\t<div class=\"swap-elements\">\n\t\t\t\t\t\n\t<span class=\"price\"><span class=\"woocommerce-Price-amount amount\"><bdi><span class=\"woocommerce-Price-currencySymbol\" translate=\"no\">&euro;<\/span>2.299,00<\/bdi><\/span><\/span>\n\t\t\t\t\t<div class=\"wd-add-btn\">\n\t\t\t\t\t\t<a href=\"\/fr\/wp-json\/wp\/v2\/pages\/1037365?add-to-cart=901972\"  data-quantity=\"1\" class=\"button product_type_simple add_to_cart_button ajax_add_to_cart add-to-cart-loop\" data-product_id=\"901972\" data-product_sku=\"54302001\" aria-label=\"Add to cart: &ldquo;Creazzo, 2 places - r\u00e9glable \u00e9lectriquement - 4 moteurs - pied design&rdquo;\" rel=\"nofollow\" data-success_message=\"&ldquo;Creazzo, 2 places - r\u00e9glable \u00e9lectriquement - 4 moteurs - pied design&rdquo; has been added to your cart\"><span class=\"wd-action-icon\"><span class=\"wd-check-icon\"><\/span><\/span><span class=\"wd-action-text\">Panier<\/span><\/a>\t\t\t\t\t<\/div>\n\t\t\t\t<\/div>\n\t\t\t<\/div>\n\t\t\t\t\t<\/div>\n\n\t\t<span class=\"gtm4wp_productdata\" style=\"display:none; visibility:hidden;\" data-gtm4wp_product_data=\"{&quot;internal_id&quot;:901972,&quot;item_id&quot;:&quot;54302001&quot;,&quot;item_name&quot;:&quot;Creazzo, 2 places - r\\u00e9glable \\u00e9lectriquement - 4 moteurs - pied design&quot;,&quot;sku&quot;:&quot;54302001&quot;,&quot;price&quot;:2299,&quot;stocklevel&quot;:null,&quot;stockstatus&quot;:&quot;onbackorder&quot;,&quot;google_business_vertical&quot;:&quot;retail&quot;,&quot;item_category&quot;:&quot;vivre&quot;,&quot;item_category2&quot;:&quot;Canap\\u00e9s&quot;,&quot;item_category3&quot;:&quot;Canap\\u00e9s&quot;,&quot;id&quot;:&quot;54302001&quot;,&quot;productlink&quot;:&quot;https:\\\/\\\/www.moensmeubelen.be\\\/fr\\\/produit\\\/54302001-fr_BE\\\/&quot;,&quot;item_list_name&quot;:&quot;General Product List&quot;,&quot;index&quot;:30,&quot;product_type&quot;:&quot;simple&quot;,&quot;item_brand&quot;:&quot;&quot;}\"><\/span>\t\t\t<input type=\"hidden\" class=\"pmwProductId\" data-id=\"901972\">\n\t\t\t\t\t<script class=\"_iub_cs_skip\">\n\t\t\t(window.pmwDataLayer = window.pmwDataLayer || {}).products                = window.pmwDataLayer.products || {};\n\t\t\twindow.pmwDataLayer.products[901972] = {\"id\":\"901972\",\"sku\":\"54302001\",\"price\":2299,\"brand\":\"\",\"quantity\":1,\"dyn_r_ids\":{\"post_id\":\"901972\",\"sku\":\"54302001\",\"gpf\":\"woocommerce_gpf_901972\",\"gla\":\"gla_901972\"},\"is_variable\":false,\"type\":\"simple\",\"name\":\"Creazzo, 2 places - r\u00e9glable \u00e9lectriquement - 4 moteurs - pied design\",\"category\":[\"Canap\u00e9s\"],\"is_variation\":false};\n\t\t\t\t\twindow.pmw_product_position = window.pmw_product_position || 1;\n\t\twindow.pmwDataLayer.products[901972]['position'] = window.pmw_product_position++;\n\t\t\t\t<\/script>\n\t\t<div class=\"conditionele-tekst levertermijn-placeholder levertermijn-placeholder--plp\" data-aamss-sku=\"54302001\" data-aamss-product-id=\"901972\" data-aamss-context=\"plp\" data-aamss-state=\"loading\" aria-busy=\"true\">Sur commande - d\u00e9lai de livraison 8-10 semaines<\/div>\n\t\t\n\t\t\t<\/div>\n<\/div>\n<div class=\"wd-product wd-col wd-hover-alt product-grid-item product type-product post-902016 status-publish onbackorder product_cat-zetels_l2_fr_BE has-post-thumbnail taxable shipping-taxable purchasable product-type-simple\" data-loop=\"30\" data-id=\"902016\">\n\t\n<div class=\"wd-product-wrapper product-wrapper\">\n\t<div class=\"wd-product-thumb product-element-top wd-quick-shop\">\n\t\t<a href=\"https:\/\/www.moensmeubelen.be\/fr\/produit\/54355001-fr_BE\/\" class=\"wd-product-img-link product-image-link\" tabindex=\"-1\" aria-label=\"Creazzo, 2,5 places\">\n\t\t\t<img loading=\"lazy\" decoding=\"async\" width=\"400\" height=\"250\" src=\"https:\/\/www.moensmeubelen.be\/wp-content\/uploads\/2026\/06\/1194a62b57cdfbec53813b246dec5a506c15f3b2_images_t_ll_m_5d4764160a8a45c7b542f2b60d1ebb62_image-400x250.jpg\" class=\"attachment-400x250 size-400x250\" alt=\"\" title=\"\">\t\t<\/a>\n\n\t\t\t\t\t<div class=\"wd-product-img-hover hover-img\">\n\t\t\t\t<img loading=\"lazy\" decoding=\"async\" width=\"400\" height=\"250\" src=\"https:\/\/www.moensmeubelen.be\/wp-content\/uploads\/2026\/06\/6f64437e0e116d7b484e39cc0357cb763f11cd49_images_t_ll_m_3b9a92050c2c423db5578a95d7c363fe_ambiance-400x250.jpg\" class=\"attachment-400x250 size-400x250\" alt=\"\" title=\"\">\t\t\t<\/div>\n\t\t\t\n\t\t<div class=\"wd-buttons wd-pos-r-t\">\n\t\t\t\t\t<div class=\"wd-compare-btn wd-action-btn wd-style-icon wd-compare-icon\">\n\t\t\t<a href=\"https:\/\/www.moensmeubelen.be\/fr\/vergelijk\/?product_id=902015\" class=\"\" data-id=\"902015\" rel=\"nofollow\">\n\t\t\t\t<span class=\"wd-action-icon\">\n\t\t\t\t\t<span class=\"wd-check-icon\"><\/span>\n\t\t\t\t<\/span>\n\t\t\t\t<span class=\"wd-action-text\">Comparer<\/span>\n\t\t\t<\/a>\n\t\t<\/div>\n\t\t\t\t\t\t\t<div class=\"wd-quick-view-btn wd-quick-view-icon wd-action-btn wd-style-icon\">\n\t\t\t<a\n\t\t\t\thref=\"https:\/\/www.moensmeubelen.be\/fr\/produit\/54355001-fr_BE\/\"\n\t\t\t\tclass=\"open-quick-view\"\n\t\t\t\trel=\"nofollow\"\n\t\t\t\tdata-id=\"902016\"\n\t\t\t\t>\n\t\t\t\t\t<span class=\"wd-action-icon\"><\/span>\n\t\t\t\t\t<span class=\"wd-action-text\">\n\t\t\t\t\t\tQuick view\t\t\t\t\t<\/span>\n\t\t\t<\/a>\n\t\t<\/div>\n\t\t\t\t\t\t\t<\/div>\n\t<\/div>\n\n\t\t\t<div class=\"wd-product-header\">\n\t\t\t<h3 class=\"wd-entities-title\"><a href=\"https:\/\/www.moensmeubelen.be\/fr\/produit\/54355001-fr_BE\/\">Creazzo, 2,5 places<\/a><\/h3>\t\t\t\t\t<\/div>\n\t\t\t\t<div class=\"wrap-price\">\n\t\t\t<div class=\"swap-wrapp\">\n\t\t\t\t<div class=\"swap-elements\">\n\t\t\t\t\t\n\t<span class=\"price\"><span class=\"woocommerce-Price-amount amount\"><bdi><span class=\"woocommerce-Price-currencySymbol\" translate=\"no\">&euro;<\/span>1.199,00<\/bdi><\/span><\/span>\n\t\t\t\t\t<div class=\"wd-add-btn\">\n\t\t\t\t\t\t<a href=\"\/fr\/wp-json\/wp\/v2\/pages\/1037365?add-to-cart=902016\"  data-quantity=\"1\" class=\"button product_type_simple add_to_cart_button ajax_add_to_cart add-to-cart-loop\" data-product_id=\"902016\" data-product_sku=\"54355001\" aria-label=\"Add to cart: &ldquo;Creazzo, 2,5 places&rdquo;\" rel=\"nofollow\" data-success_message=\"&ldquo;Creazzo, 2,5 places&rdquo; has been added to your cart\"><span class=\"wd-action-icon\"><span class=\"wd-check-icon\"><\/span><\/span><span class=\"wd-action-text\">Panier<\/span><\/a>\t\t\t\t\t<\/div>\n\t\t\t\t<\/div>\n\t\t\t<\/div>\n\t\t\t\t\t<\/div>\n\n\t\t<span class=\"gtm4wp_productdata\" style=\"display:none; visibility:hidden;\" data-gtm4wp_product_data=\"{&quot;internal_id&quot;:902016,&quot;item_id&quot;:&quot;54355001&quot;,&quot;item_name&quot;:&quot;Creazzo, 2,5 places&quot;,&quot;sku&quot;:&quot;54355001&quot;,&quot;price&quot;:1199,&quot;stocklevel&quot;:null,&quot;stockstatus&quot;:&quot;onbackorder&quot;,&quot;google_business_vertical&quot;:&quot;retail&quot;,&quot;item_category&quot;:&quot;vivre&quot;,&quot;item_category2&quot;:&quot;Canap\\u00e9s&quot;,&quot;item_category3&quot;:&quot;Canap\\u00e9s&quot;,&quot;id&quot;:&quot;54355001&quot;,&quot;productlink&quot;:&quot;https:\\\/\\\/www.moensmeubelen.be\\\/fr\\\/produit\\\/54355001-fr_BE\\\/&quot;,&quot;item_list_name&quot;:&quot;General Product List&quot;,&quot;index&quot;:31,&quot;product_type&quot;:&quot;simple&quot;,&quot;item_brand&quot;:&quot;&quot;}\"><\/span>\t\t\t<input type=\"hidden\" class=\"pmwProductId\" data-id=\"902016\">\n\t\t\t\t\t<script class=\"_iub_cs_skip\">\n\t\t\t(window.pmwDataLayer = window.pmwDataLayer || {}).products                = window.pmwDataLayer.products || {};\n\t\t\twindow.pmwDataLayer.products[902016] = {\"id\":\"902016\",\"sku\":\"54355001\",\"price\":1199,\"brand\":\"\",\"quantity\":1,\"dyn_r_ids\":{\"post_id\":\"902016\",\"sku\":\"54355001\",\"gpf\":\"woocommerce_gpf_902016\",\"gla\":\"gla_902016\"},\"is_variable\":false,\"type\":\"simple\",\"name\":\"Creazzo, 2,5 places\",\"category\":[\"Canap\u00e9s\"],\"is_variation\":false};\n\t\t\t\t\twindow.pmw_product_position = window.pmw_product_position || 1;\n\t\twindow.pmwDataLayer.products[902016]['position'] = window.pmw_product_position++;\n\t\t\t\t<\/script>\n\t\t<div class=\"conditionele-tekst levertermijn-placeholder levertermijn-placeholder--plp\" data-aamss-sku=\"54355001\" data-aamss-product-id=\"902016\" data-aamss-context=\"plp\" data-aamss-state=\"loading\" aria-busy=\"true\">Sur commande - d\u00e9lai de livraison 8-10 semaines<\/div>\n\t\t\n\t\t\t<\/div>\n<\/div>\n<div class=\"wd-product wd-col wd-hover-alt product-grid-item product type-product post-901984 status-publish last onbackorder product_cat-zetels_l2_fr_BE has-post-thumbnail taxable shipping-taxable purchasable product-type-simple\" data-loop=\"31\" data-id=\"901984\">\n\t\n<div class=\"wd-product-wrapper product-wrapper\">\n\t<div class=\"wd-product-thumb product-element-top wd-quick-shop\">\n\t\t<a href=\"https:\/\/www.moensmeubelen.be\/fr\/produit\/54305001-fr_BE\/\" class=\"wd-product-img-link product-image-link\" tabindex=\"-1\" aria-label=\"Creazzo, 2,5 places &#8211; pied design\">\n\t\t\t<img loading=\"lazy\" decoding=\"async\" width=\"400\" height=\"250\" src=\"https:\/\/www.moensmeubelen.be\/wp-content\/uploads\/2026\/06\/fa3757f98d67c61a9aa856cb3a88a4f90bc1e4bb_images_t_ll_m_c9e55197c63e4b8d8561ba8fb459f2fb_image-400x250.jpg\" class=\"attachment-400x250 size-400x250\" alt=\"\" title=\"\">\t\t<\/a>\n\n\t\t\t\t\t<div class=\"wd-product-img-hover hover-img\">\n\t\t\t\t<img loading=\"lazy\" decoding=\"async\" width=\"400\" height=\"250\" src=\"https:\/\/www.moensmeubelen.be\/wp-content\/uploads\/2026\/06\/995fc7e4c84714104fda22ed3eac12a20e22eee9_images_t_ll_m_3b9a92050c2c423db5578a95d7c363fe_ambiance-400x250.jpg\" class=\"attachment-400x250 size-400x250\" alt=\"\" title=\"\">\t\t\t<\/div>\n\t\t\t\n\t\t<div class=\"wd-buttons wd-pos-r-t\">\n\t\t\t\t\t<div class=\"wd-compare-btn wd-action-btn wd-style-icon wd-compare-icon\">\n\t\t\t<a href=\"https:\/\/www.moensmeubelen.be\/fr\/vergelijk\/?product_id=901983\" class=\"\" data-id=\"901983\" rel=\"nofollow\">\n\t\t\t\t<span class=\"wd-action-icon\">\n\t\t\t\t\t<span class=\"wd-check-icon\"><\/span>\n\t\t\t\t<\/span>\n\t\t\t\t<span class=\"wd-action-text\">Comparer<\/span>\n\t\t\t<\/a>\n\t\t<\/div>\n\t\t\t\t\t\t\t<div class=\"wd-quick-view-btn wd-quick-view-icon wd-action-btn wd-style-icon\">\n\t\t\t<a\n\t\t\t\thref=\"https:\/\/www.moensmeubelen.be\/fr\/produit\/54305001-fr_BE\/\"\n\t\t\t\tclass=\"open-quick-view\"\n\t\t\t\trel=\"nofollow\"\n\t\t\t\tdata-id=\"901984\"\n\t\t\t\t>\n\t\t\t\t\t<span class=\"wd-action-icon\"><\/span>\n\t\t\t\t\t<span class=\"wd-action-text\">\n\t\t\t\t\t\tQuick view\t\t\t\t\t<\/span>\n\t\t\t<\/a>\n\t\t<\/div>\n\t\t\t\t\t\t\t<\/div>\n\t<\/div>\n\n\t\t\t<div class=\"wd-product-header\">\n\t\t\t<h3 class=\"wd-entities-title\"><a href=\"https:\/\/www.moensmeubelen.be\/fr\/produit\/54305001-fr_BE\/\">Creazzo, 2,5 places &#8211; pied design<\/a><\/h3>\t\t\t\t\t<\/div>\n\t\t\t\t<div class=\"wrap-price\">\n\t\t\t<div class=\"swap-wrapp\">\n\t\t\t\t<div class=\"swap-elements\">\n\t\t\t\t\t\n\t<span class=\"price\"><span class=\"woocommerce-Price-amount amount\"><bdi><span class=\"woocommerce-Price-currencySymbol\" translate=\"no\">&euro;<\/span>1.399,00<\/bdi><\/span><\/span>\n\t\t\t\t\t<div class=\"wd-add-btn\">\n\t\t\t\t\t\t<a href=\"\/fr\/wp-json\/wp\/v2\/pages\/1037365?add-to-cart=901984\"  data-quantity=\"1\" class=\"button product_type_simple add_to_cart_button ajax_add_to_cart add-to-cart-loop\" data-product_id=\"901984\" data-product_sku=\"54305001\" aria-label=\"Add to cart: &ldquo;Creazzo, 2,5 places - pied design&rdquo;\" rel=\"nofollow\" data-success_message=\"&ldquo;Creazzo, 2,5 places - pied design&rdquo; has been added to your cart\"><span class=\"wd-action-icon\"><span class=\"wd-check-icon\"><\/span><\/span><span class=\"wd-action-text\">Panier<\/span><\/a>\t\t\t\t\t<\/div>\n\t\t\t\t<\/div>\n\t\t\t<\/div>\n\t\t\t\t\t<\/div>\n\n\t\t<span class=\"gtm4wp_productdata\" style=\"display:none; visibility:hidden;\" data-gtm4wp_product_data=\"{&quot;internal_id&quot;:901984,&quot;item_id&quot;:&quot;54305001&quot;,&quot;item_name&quot;:&quot;Creazzo, 2,5 places - pied design&quot;,&quot;sku&quot;:&quot;54305001&quot;,&quot;price&quot;:1399,&quot;stocklevel&quot;:null,&quot;stockstatus&quot;:&quot;onbackorder&quot;,&quot;google_business_vertical&quot;:&quot;retail&quot;,&quot;item_category&quot;:&quot;vivre&quot;,&quot;item_category2&quot;:&quot;Canap\\u00e9s&quot;,&quot;item_category3&quot;:&quot;Canap\\u00e9s&quot;,&quot;id&quot;:&quot;54305001&quot;,&quot;productlink&quot;:&quot;https:\\\/\\\/www.moensmeubelen.be\\\/fr\\\/produit\\\/54305001-fr_BE\\\/&quot;,&quot;item_list_name&quot;:&quot;General Product List&quot;,&quot;index&quot;:32,&quot;product_type&quot;:&quot;simple&quot;,&quot;item_brand&quot;:&quot;&quot;}\"><\/span>\t\t\t<input type=\"hidden\" class=\"pmwProductId\" data-id=\"901984\">\n\t\t\t\t\t<script class=\"_iub_cs_skip\">\n\t\t\t(window.pmwDataLayer = window.pmwDataLayer || {}).products                = window.pmwDataLayer.products || {};\n\t\t\twindow.pmwDataLayer.products[901984] = {\"id\":\"901984\",\"sku\":\"54305001\",\"price\":1399,\"brand\":\"\",\"quantity\":1,\"dyn_r_ids\":{\"post_id\":\"901984\",\"sku\":\"54305001\",\"gpf\":\"woocommerce_gpf_901984\",\"gla\":\"gla_901984\"},\"is_variable\":false,\"type\":\"simple\",\"name\":\"Creazzo, 2,5 places - pied design\",\"category\":[\"Canap\u00e9s\"],\"is_variation\":false};\n\t\t\t\t\twindow.pmw_product_position = window.pmw_product_position || 1;\n\t\twindow.pmwDataLayer.products[901984]['position'] = window.pmw_product_position++;\n\t\t\t\t<\/script>\n\t\t<div class=\"conditionele-tekst levertermijn-placeholder levertermijn-placeholder--plp\" data-aamss-sku=\"54305001\" data-aamss-product-id=\"901984\" data-aamss-context=\"plp\" data-aamss-state=\"loading\" aria-busy=\"true\">Sur commande - d\u00e9lai de livraison 8-10 semaines<\/div>\n\t\t\n\t\t\t<\/div>\n<\/div>\n<div class=\"wd-product wd-col wd-hover-alt product-grid-item product type-product post-902000 status-publish first onbackorder product_cat-zetels_l2_fr_BE has-post-thumbnail taxable shipping-taxable purchasable product-type-simple\" data-loop=\"32\" data-id=\"902000\">\n\t\n<div class=\"wd-product-wrapper product-wrapper\">\n\t<div class=\"wd-product-thumb product-element-top wd-quick-shop\">\n\t\t<a href=\"https:\/\/www.moensmeubelen.be\/fr\/produit\/54351001-fr_BE\/\" class=\"wd-product-img-link product-image-link\" tabindex=\"-1\" aria-label=\"Creazzo, 2,5 places &#8211; r\u00e9glable \u00e9lectriquement &#8211; 4 moteurs\">\n\t\t\t<img loading=\"lazy\" decoding=\"async\" width=\"400\" height=\"250\" src=\"https:\/\/www.moensmeubelen.be\/wp-content\/uploads\/2026\/06\/3419fa2f76a302aa6feef78f35afed03d3b5be4e_images_t_ll_m_3c9060183de84bf9b4ba149a9833732a_image-400x250.jpg\" class=\"attachment-400x250 size-400x250\" alt=\"\" title=\"\">\t\t<\/a>\n\n\t\t\t\t\t<div class=\"wd-product-img-hover hover-img\">\n\t\t\t\t<img loading=\"lazy\" decoding=\"async\" width=\"400\" height=\"250\" src=\"https:\/\/www.moensmeubelen.be\/wp-content\/uploads\/2026\/06\/8a3370b6fafb7f00e2722fecec7b52225d1642f0_images_t_ll_m_3b9a92050c2c423db5578a95d7c363fe_ambiance-400x250.jpg\" class=\"attachment-400x250 size-400x250\" alt=\"\" title=\"\">\t\t\t<\/div>\n\t\t\t\n\t\t<div class=\"wd-buttons wd-pos-r-t\">\n\t\t\t\t\t<div class=\"wd-compare-btn wd-action-btn wd-style-icon wd-compare-icon\">\n\t\t\t<a href=\"https:\/\/www.moensmeubelen.be\/fr\/vergelijk\/?product_id=901999\" class=\"\" data-id=\"901999\" rel=\"nofollow\">\n\t\t\t\t<span class=\"wd-action-icon\">\n\t\t\t\t\t<span class=\"wd-check-icon\"><\/span>\n\t\t\t\t<\/span>\n\t\t\t\t<span class=\"wd-action-text\">Comparer<\/span>\n\t\t\t<\/a>\n\t\t<\/div>\n\t\t\t\t\t\t\t<div class=\"wd-quick-view-btn wd-quick-view-icon wd-action-btn wd-style-icon\">\n\t\t\t<a\n\t\t\t\thref=\"https:\/\/www.moensmeubelen.be\/fr\/produit\/54351001-fr_BE\/\"\n\t\t\t\tclass=\"open-quick-view\"\n\t\t\t\trel=\"nofollow\"\n\t\t\t\tdata-id=\"902000\"\n\t\t\t\t>\n\t\t\t\t\t<span class=\"wd-action-icon\"><\/span>\n\t\t\t\t\t<span class=\"wd-action-text\">\n\t\t\t\t\t\tQuick view\t\t\t\t\t<\/span>\n\t\t\t<\/a>\n\t\t<\/div>\n\t\t\t\t\t\t\t<\/div>\n\t<\/div>\n\n\t\t\t<div class=\"wd-product-header\">\n\t\t\t<h3 class=\"wd-entities-title\"><a href=\"https:\/\/www.moensmeubelen.be\/fr\/produit\/54351001-fr_BE\/\">Creazzo, 2,5 places &#8211; r\u00e9glable \u00e9lectriquement &#8211; 4 moteurs<\/a><\/h3>\t\t\t\t\t<\/div>\n\t\t\t\t<div class=\"wrap-price\">\n\t\t\t<div class=\"swap-wrapp\">\n\t\t\t\t<div class=\"swap-elements\">\n\t\t\t\t\t\n\t<span class=\"price\"><span class=\"woocommerce-Price-amount amount\"><bdi><span class=\"woocommerce-Price-currencySymbol\" translate=\"no\">&euro;<\/span>2.199,00<\/bdi><\/span><\/span>\n\t\t\t\t\t<div class=\"wd-add-btn\">\n\t\t\t\t\t\t<a href=\"\/fr\/wp-json\/wp\/v2\/pages\/1037365?add-to-cart=902000\"  data-quantity=\"1\" class=\"button product_type_simple add_to_cart_button ajax_add_to_cart add-to-cart-loop\" data-product_id=\"902000\" data-product_sku=\"54351001\" aria-label=\"Add to cart: &ldquo;Creazzo, 2,5 places - r\u00e9glable \u00e9lectriquement - 4 moteurs&rdquo;\" rel=\"nofollow\" data-success_message=\"&ldquo;Creazzo, 2,5 places - r\u00e9glable \u00e9lectriquement - 4 moteurs&rdquo; has been added to your cart\"><span class=\"wd-action-icon\"><span class=\"wd-check-icon\"><\/span><\/span><span class=\"wd-action-text\">Panier<\/span><\/a>\t\t\t\t\t<\/div>\n\t\t\t\t<\/div>\n\t\t\t<\/div>\n\t\t\t\t\t<\/div>\n\n\t\t<span class=\"gtm4wp_productdata\" style=\"display:none; visibility:hidden;\" data-gtm4wp_product_data=\"{&quot;internal_id&quot;:902000,&quot;item_id&quot;:&quot;54351001&quot;,&quot;item_name&quot;:&quot;Creazzo, 2,5 places - r\\u00e9glable \\u00e9lectriquement - 4 moteurs&quot;,&quot;sku&quot;:&quot;54351001&quot;,&quot;price&quot;:2199,&quot;stocklevel&quot;:null,&quot;stockstatus&quot;:&quot;onbackorder&quot;,&quot;google_business_vertical&quot;:&quot;retail&quot;,&quot;item_category&quot;:&quot;vivre&quot;,&quot;item_category2&quot;:&quot;Canap\\u00e9s&quot;,&quot;item_category3&quot;:&quot;Canap\\u00e9s&quot;,&quot;id&quot;:&quot;54351001&quot;,&quot;productlink&quot;:&quot;https:\\\/\\\/www.moensmeubelen.be\\\/fr\\\/produit\\\/54351001-fr_BE\\\/&quot;,&quot;item_list_name&quot;:&quot;General Product List&quot;,&quot;index&quot;:33,&quot;product_type&quot;:&quot;simple&quot;,&quot;item_brand&quot;:&quot;&quot;}\"><\/span>\t\t\t<input type=\"hidden\" class=\"pmwProductId\" data-id=\"902000\">\n\t\t\t\t\t<script class=\"_iub_cs_skip\">\n\t\t\t(window.pmwDataLayer = window.pmwDataLayer || {}).products                = window.pmwDataLayer.products || {};\n\t\t\twindow.pmwDataLayer.products[902000] = {\"id\":\"902000\",\"sku\":\"54351001\",\"price\":2199,\"brand\":\"\",\"quantity\":1,\"dyn_r_ids\":{\"post_id\":\"902000\",\"sku\":\"54351001\",\"gpf\":\"woocommerce_gpf_902000\",\"gla\":\"gla_902000\"},\"is_variable\":false,\"type\":\"simple\",\"name\":\"Creazzo, 2,5 places - r\u00e9glable \u00e9lectriquement - 4 moteurs\",\"category\":[\"Canap\u00e9s\"],\"is_variation\":false};\n\t\t\t\t\twindow.pmw_product_position = window.pmw_product_position || 1;\n\t\twindow.pmwDataLayer.products[902000]['position'] = window.pmw_product_position++;\n\t\t\t\t<\/script>\n\t\t<div class=\"conditionele-tekst levertermijn-placeholder levertermijn-placeholder--plp\" data-aamss-sku=\"54351001\" data-aamss-product-id=\"902000\" data-aamss-context=\"plp\" data-aamss-state=\"loading\" aria-busy=\"true\">Sur commande - d\u00e9lai de livraison 8-10 semaines<\/div>\n\t\t\n\t\t\t<\/div>\n<\/div>\n<div class=\"wd-product wd-col wd-hover-alt product-grid-item product type-product post-901968 status-publish onbackorder product_cat-zetels_l2_fr_BE has-post-thumbnail taxable shipping-taxable purchasable product-type-simple\" data-loop=\"33\" data-id=\"901968\">\n\t\n<div class=\"wd-product-wrapper product-wrapper\">\n\t<div class=\"wd-product-thumb product-element-top wd-quick-shop\">\n\t\t<a href=\"https:\/\/www.moensmeubelen.be\/fr\/produit\/54301001-fr_BE\/\" class=\"wd-product-img-link product-image-link\" tabindex=\"-1\" aria-label=\"Creazzo, 2,5 places &#8211; r\u00e9glable \u00e9lectriquement &#8211; 4 moteurs &#8211; pied design\">\n\t\t\t<img loading=\"lazy\" decoding=\"async\" width=\"400\" height=\"250\" src=\"https:\/\/www.moensmeubelen.be\/wp-content\/uploads\/2026\/06\/5cd6bb687b68fd8197cf4f966cbea743e03ce503_images_t_ll_m_6244b6bcc52441389a1a5308579eec0b_image-400x250.jpg\" class=\"attachment-400x250 size-400x250\" alt=\"\" title=\"\">\t\t<\/a>\n\n\t\t\t\t\t<div class=\"wd-product-img-hover hover-img\">\n\t\t\t\t<img loading=\"lazy\" decoding=\"async\" width=\"400\" height=\"250\" src=\"https:\/\/www.moensmeubelen.be\/wp-content\/uploads\/2026\/06\/18b989fd4dcd99a742d6394698d5480f8c475bba_images_t_ll_m_3b9a92050c2c423db5578a95d7c363fe_ambiance-400x250.jpg\" class=\"attachment-400x250 size-400x250\" alt=\"\" title=\"\">\t\t\t<\/div>\n\t\t\t\n\t\t<div class=\"wd-buttons wd-pos-r-t\">\n\t\t\t\t\t<div class=\"wd-compare-btn wd-action-btn wd-style-icon wd-compare-icon\">\n\t\t\t<a href=\"https:\/\/www.moensmeubelen.be\/fr\/vergelijk\/?product_id=901967\" class=\"\" data-id=\"901967\" rel=\"nofollow\">\n\t\t\t\t<span class=\"wd-action-icon\">\n\t\t\t\t\t<span class=\"wd-check-icon\"><\/span>\n\t\t\t\t<\/span>\n\t\t\t\t<span class=\"wd-action-text\">Comparer<\/span>\n\t\t\t<\/a>\n\t\t<\/div>\n\t\t\t\t\t\t\t<div class=\"wd-quick-view-btn wd-quick-view-icon wd-action-btn wd-style-icon\">\n\t\t\t<a\n\t\t\t\thref=\"https:\/\/www.moensmeubelen.be\/fr\/produit\/54301001-fr_BE\/\"\n\t\t\t\tclass=\"open-quick-view\"\n\t\t\t\trel=\"nofollow\"\n\t\t\t\tdata-id=\"901968\"\n\t\t\t\t>\n\t\t\t\t\t<span class=\"wd-action-icon\"><\/span>\n\t\t\t\t\t<span class=\"wd-action-text\">\n\t\t\t\t\t\tQuick view\t\t\t\t\t<\/span>\n\t\t\t<\/a>\n\t\t<\/div>\n\t\t\t\t\t\t\t<\/div>\n\t<\/div>\n\n\t\t\t<div class=\"wd-product-header\">\n\t\t\t<h3 class=\"wd-entities-title\"><a href=\"https:\/\/www.moensmeubelen.be\/fr\/produit\/54301001-fr_BE\/\">Creazzo, 2,5 places &#8211; r\u00e9glable \u00e9lectriquement &#8211; 4 moteurs &#8211; pied design<\/a><\/h3>\t\t\t\t\t<\/div>\n\t\t\t\t<div class=\"wrap-price\">\n\t\t\t<div class=\"swap-wrapp\">\n\t\t\t\t<div class=\"swap-elements\">\n\t\t\t\t\t\n\t<span class=\"price\"><span class=\"woocommerce-Price-amount amount\"><bdi><span class=\"woocommerce-Price-currencySymbol\" translate=\"no\">&euro;<\/span>2.399,00<\/bdi><\/span><\/span>\n\t\t\t\t\t<div class=\"wd-add-btn\">\n\t\t\t\t\t\t<a href=\"\/fr\/wp-json\/wp\/v2\/pages\/1037365?add-to-cart=901968\"  data-quantity=\"1\" class=\"button product_type_simple add_to_cart_button ajax_add_to_cart add-to-cart-loop\" data-product_id=\"901968\" data-product_sku=\"54301001\" aria-label=\"Add to cart: &ldquo;Creazzo, 2,5 places - r\u00e9glable \u00e9lectriquement - 4 moteurs - pied design&rdquo;\" rel=\"nofollow\" data-success_message=\"&ldquo;Creazzo, 2,5 places - r\u00e9glable \u00e9lectriquement - 4 moteurs - pied design&rdquo; has been added to your cart\"><span class=\"wd-action-icon\"><span class=\"wd-check-icon\"><\/span><\/span><span class=\"wd-action-text\">Panier<\/span><\/a>\t\t\t\t\t<\/div>\n\t\t\t\t<\/div>\n\t\t\t<\/div>\n\t\t\t\t\t<\/div>\n\n\t\t<span class=\"gtm4wp_productdata\" style=\"display:none; visibility:hidden;\" data-gtm4wp_product_data=\"{&quot;internal_id&quot;:901968,&quot;item_id&quot;:&quot;54301001&quot;,&quot;item_name&quot;:&quot;Creazzo, 2,5 places - r\\u00e9glable \\u00e9lectriquement - 4 moteurs - pied design&quot;,&quot;sku&quot;:&quot;54301001&quot;,&quot;price&quot;:2399,&quot;stocklevel&quot;:null,&quot;stockstatus&quot;:&quot;onbackorder&quot;,&quot;google_business_vertical&quot;:&quot;retail&quot;,&quot;item_category&quot;:&quot;vivre&quot;,&quot;item_category2&quot;:&quot;Canap\\u00e9s&quot;,&quot;item_category3&quot;:&quot;Canap\\u00e9s&quot;,&quot;id&quot;:&quot;54301001&quot;,&quot;productlink&quot;:&quot;https:\\\/\\\/www.moensmeubelen.be\\\/fr\\\/produit\\\/54301001-fr_BE\\\/&quot;,&quot;item_list_name&quot;:&quot;General Product List&quot;,&quot;index&quot;:34,&quot;product_type&quot;:&quot;simple&quot;,&quot;item_brand&quot;:&quot;&quot;}\"><\/span>\t\t\t<input type=\"hidden\" class=\"pmwProductId\" data-id=\"901968\">\n\t\t\t\t\t<script class=\"_iub_cs_skip\">\n\t\t\t(window.pmwDataLayer = window.pmwDataLayer || {}).products                = window.pmwDataLayer.products || {};\n\t\t\twindow.pmwDataLayer.products[901968] = {\"id\":\"901968\",\"sku\":\"54301001\",\"price\":2399,\"brand\":\"\",\"quantity\":1,\"dyn_r_ids\":{\"post_id\":\"901968\",\"sku\":\"54301001\",\"gpf\":\"woocommerce_gpf_901968\",\"gla\":\"gla_901968\"},\"is_variable\":false,\"type\":\"simple\",\"name\":\"Creazzo, 2,5 places - r\u00e9glable \u00e9lectriquement - 4 moteurs - pied design\",\"category\":[\"Canap\u00e9s\"],\"is_variation\":false};\n\t\t\t\t\twindow.pmw_product_position = window.pmw_product_position || 1;\n\t\twindow.pmwDataLayer.products[901968]['position'] = window.pmw_product_position++;\n\t\t\t\t<\/script>\n\t\t<div class=\"conditionele-tekst levertermijn-placeholder levertermijn-placeholder--plp\" data-aamss-sku=\"54301001\" data-aamss-product-id=\"901968\" data-aamss-context=\"plp\" data-aamss-state=\"loading\" aria-busy=\"true\">Sur commande - d\u00e9lai de livraison 8-10 semaines<\/div>\n\t\t\n\t\t\t<\/div>\n<\/div>\n<div class=\"wd-product wd-col wd-hover-alt product-grid-item product type-product post-902012 status-publish onbackorder product_cat-zetels_l2_fr_BE has-post-thumbnail taxable shipping-taxable purchasable product-type-simple\" data-loop=\"34\" data-id=\"902012\">\n\t\n<div class=\"wd-product-wrapper product-wrapper\">\n\t<div class=\"wd-product-thumb product-element-top wd-quick-shop\">\n\t\t<a href=\"https:\/\/www.moensmeubelen.be\/fr\/produit\/54354001-fr_BE\/\" class=\"wd-product-img-link product-image-link\" tabindex=\"-1\" aria-label=\"Creazzo, 3 places\">\n\t\t\t<img loading=\"lazy\" decoding=\"async\" width=\"400\" height=\"250\" src=\"https:\/\/www.moensmeubelen.be\/wp-content\/uploads\/2026\/06\/72b955c9652418ad6daa11372109aea75586a319_images_t_ll_m_e48786a8ee7a46ada5dad3807bce84ee_image-400x250.jpg\" class=\"attachment-400x250 size-400x250\" alt=\"\" title=\"\">\t\t<\/a>\n\n\t\t\t\t\t<div class=\"wd-product-img-hover hover-img\">\n\t\t\t\t<img loading=\"lazy\" decoding=\"async\" width=\"400\" height=\"250\" src=\"https:\/\/www.moensmeubelen.be\/wp-content\/uploads\/2026\/06\/70ae7d45b4c8bb888e31f131efa2e3f15095793f_images_t_ll_m_3b9a92050c2c423db5578a95d7c363fe_ambiance-400x250.jpg\" class=\"attachment-400x250 size-400x250\" alt=\"\" title=\"\">\t\t\t<\/div>\n\t\t\t\n\t\t<div class=\"wd-buttons wd-pos-r-t\">\n\t\t\t\t\t<div class=\"wd-compare-btn wd-action-btn wd-style-icon wd-compare-icon\">\n\t\t\t<a href=\"https:\/\/www.moensmeubelen.be\/fr\/vergelijk\/?product_id=902011\" class=\"\" data-id=\"902011\" rel=\"nofollow\">\n\t\t\t\t<span class=\"wd-action-icon\">\n\t\t\t\t\t<span class=\"wd-check-icon\"><\/span>\n\t\t\t\t<\/span>\n\t\t\t\t<span class=\"wd-action-text\">Comparer<\/span>\n\t\t\t<\/a>\n\t\t<\/div>\n\t\t\t\t\t\t\t<div class=\"wd-quick-view-btn wd-quick-view-icon wd-action-btn wd-style-icon\">\n\t\t\t<a\n\t\t\t\thref=\"https:\/\/www.moensmeubelen.be\/fr\/produit\/54354001-fr_BE\/\"\n\t\t\t\tclass=\"open-quick-view\"\n\t\t\t\trel=\"nofollow\"\n\t\t\t\tdata-id=\"902012\"\n\t\t\t\t>\n\t\t\t\t\t<span class=\"wd-action-icon\"><\/span>\n\t\t\t\t\t<span class=\"wd-action-text\">\n\t\t\t\t\t\tQuick view\t\t\t\t\t<\/span>\n\t\t\t<\/a>\n\t\t<\/div>\n\t\t\t\t\t\t\t<\/div>\n\t<\/div>\n\n\t\t\t<div class=\"wd-product-header\">\n\t\t\t<h3 class=\"wd-entities-title\"><a href=\"https:\/\/www.moensmeubelen.be\/fr\/produit\/54354001-fr_BE\/\">Creazzo, 3 places<\/a><\/h3>\t\t\t\t\t<\/div>\n\t\t\t\t<div class=\"wrap-price\">\n\t\t\t<div class=\"swap-wrapp\">\n\t\t\t\t<div class=\"swap-elements\">\n\t\t\t\t\t\n\t<span class=\"price\"><span class=\"woocommerce-Price-amount amount\"><bdi><span class=\"woocommerce-Price-currencySymbol\" translate=\"no\">&euro;<\/span>1.299,00<\/bdi><\/span><\/span>\n\t\t\t\t\t<div class=\"wd-add-btn\">\n\t\t\t\t\t\t<a href=\"\/fr\/wp-json\/wp\/v2\/pages\/1037365?add-to-cart=902012\"  data-quantity=\"1\" class=\"button product_type_simple add_to_cart_button ajax_add_to_cart add-to-cart-loop\" data-product_id=\"902012\" data-product_sku=\"54354001\" aria-label=\"Add to cart: &ldquo;Creazzo, 3 places&rdquo;\" rel=\"nofollow\" data-success_message=\"&ldquo;Creazzo, 3 places&rdquo; has been added to your cart\"><span class=\"wd-action-icon\"><span class=\"wd-check-icon\"><\/span><\/span><span class=\"wd-action-text\">Panier<\/span><\/a>\t\t\t\t\t<\/div>\n\t\t\t\t<\/div>\n\t\t\t<\/div>\n\t\t\t\t\t<\/div>\n\n\t\t<span class=\"gtm4wp_productdata\" style=\"display:none; visibility:hidden;\" data-gtm4wp_product_data=\"{&quot;internal_id&quot;:902012,&quot;item_id&quot;:&quot;54354001&quot;,&quot;item_name&quot;:&quot;Creazzo, 3 places&quot;,&quot;sku&quot;:&quot;54354001&quot;,&quot;price&quot;:1299,&quot;stocklevel&quot;:null,&quot;stockstatus&quot;:&quot;onbackorder&quot;,&quot;google_business_vertical&quot;:&quot;retail&quot;,&quot;item_category&quot;:&quot;vivre&quot;,&quot;item_category2&quot;:&quot;Canap\\u00e9s&quot;,&quot;item_category3&quot;:&quot;Canap\\u00e9s&quot;,&quot;id&quot;:&quot;54354001&quot;,&quot;productlink&quot;:&quot;https:\\\/\\\/www.moensmeubelen.be\\\/fr\\\/produit\\\/54354001-fr_BE\\\/&quot;,&quot;item_list_name&quot;:&quot;General Product List&quot;,&quot;index&quot;:35,&quot;product_type&quot;:&quot;simple&quot;,&quot;item_brand&quot;:&quot;&quot;}\"><\/span>\t\t\t<input type=\"hidden\" class=\"pmwProductId\" data-id=\"902012\">\n\t\t\t\t\t<script class=\"_iub_cs_skip\">\n\t\t\t(window.pmwDataLayer = window.pmwDataLayer || {}).products                = window.pmwDataLayer.products || {};\n\t\t\twindow.pmwDataLayer.products[902012] = {\"id\":\"902012\",\"sku\":\"54354001\",\"price\":1299,\"brand\":\"\",\"quantity\":1,\"dyn_r_ids\":{\"post_id\":\"902012\",\"sku\":\"54354001\",\"gpf\":\"woocommerce_gpf_902012\",\"gla\":\"gla_902012\"},\"is_variable\":false,\"type\":\"simple\",\"name\":\"Creazzo, 3 places\",\"category\":[\"Canap\u00e9s\"],\"is_variation\":false};\n\t\t\t\t\twindow.pmw_product_position = window.pmw_product_position || 1;\n\t\twindow.pmwDataLayer.products[902012]['position'] = window.pmw_product_position++;\n\t\t\t\t<\/script>\n\t\t<div class=\"conditionele-tekst levertermijn-placeholder levertermijn-placeholder--plp\" data-aamss-sku=\"54354001\" data-aamss-product-id=\"902012\" data-aamss-context=\"plp\" data-aamss-state=\"loading\" aria-busy=\"true\">Sur commande - d\u00e9lai de livraison 8-10 semaines<\/div>\n\t\t\n\t\t\t<\/div>\n<\/div>\n<div class=\"wd-product wd-col wd-hover-alt product-grid-item product type-product post-901980 status-publish last onbackorder product_cat-zetels_l2_fr_BE has-post-thumbnail taxable shipping-taxable purchasable product-type-simple\" data-loop=\"35\" data-id=\"901980\">\n\t\n<div class=\"wd-product-wrapper product-wrapper\">\n\t<div class=\"wd-product-thumb product-element-top wd-quick-shop\">\n\t\t<a href=\"https:\/\/www.moensmeubelen.be\/fr\/produit\/54304001-fr_BE\/\" class=\"wd-product-img-link product-image-link\" tabindex=\"-1\" aria-label=\"Creazzo, 3 places &#8211; pied design\">\n\t\t\t<img loading=\"lazy\" decoding=\"async\" width=\"400\" height=\"250\" src=\"https:\/\/www.moensmeubelen.be\/wp-content\/uploads\/2026\/06\/682f9fd4e5552e530bd34b1a0203e3294bf2b981_images_t_ll_m_64826a4526a64c438fbd8dae1fc8ca82_image-400x250.jpg\" class=\"attachment-400x250 size-400x250\" alt=\"\" title=\"\">\t\t<\/a>\n\n\t\t\t\t\t<div class=\"wd-product-img-hover hover-img\">\n\t\t\t\t<img loading=\"lazy\" decoding=\"async\" width=\"400\" height=\"250\" src=\"https:\/\/www.moensmeubelen.be\/wp-content\/uploads\/2026\/06\/95168b35083af77e99e0e247ee7386e3891630da_images_t_ll_m_3b9a92050c2c423db5578a95d7c363fe_ambiance-400x250.jpg\" class=\"attachment-400x250 size-400x250\" alt=\"\" title=\"\">\t\t\t<\/div>\n\t\t\t\n\t\t<div class=\"wd-buttons wd-pos-r-t\">\n\t\t\t\t\t<div class=\"wd-compare-btn wd-action-btn wd-style-icon wd-compare-icon\">\n\t\t\t<a href=\"https:\/\/www.moensmeubelen.be\/fr\/vergelijk\/?product_id=901979\" class=\"\" data-id=\"901979\" rel=\"nofollow\">\n\t\t\t\t<span class=\"wd-action-icon\">\n\t\t\t\t\t<span class=\"wd-check-icon\"><\/span>\n\t\t\t\t<\/span>\n\t\t\t\t<span class=\"wd-action-text\">Comparer<\/span>\n\t\t\t<\/a>\n\t\t<\/div>\n\t\t\t\t\t\t\t<div class=\"wd-quick-view-btn wd-quick-view-icon wd-action-btn wd-style-icon\">\n\t\t\t<a\n\t\t\t\thref=\"https:\/\/www.moensmeubelen.be\/fr\/produit\/54304001-fr_BE\/\"\n\t\t\t\tclass=\"open-quick-view\"\n\t\t\t\trel=\"nofollow\"\n\t\t\t\tdata-id=\"901980\"\n\t\t\t\t>\n\t\t\t\t\t<span class=\"wd-action-icon\"><\/span>\n\t\t\t\t\t<span class=\"wd-action-text\">\n\t\t\t\t\t\tQuick view\t\t\t\t\t<\/span>\n\t\t\t<\/a>\n\t\t<\/div>\n\t\t\t\t\t\t\t<\/div>\n\t<\/div>\n\n\t\t\t<div class=\"wd-product-header\">\n\t\t\t<h3 class=\"wd-entities-title\"><a href=\"https:\/\/www.moensmeubelen.be\/fr\/produit\/54304001-fr_BE\/\">Creazzo, 3 places &#8211; pied design<\/a><\/h3>\t\t\t\t\t<\/div>\n\t\t\t\t<div class=\"wrap-price\">\n\t\t\t<div class=\"swap-wrapp\">\n\t\t\t\t<div class=\"swap-elements\">\n\t\t\t\t\t\n\t<span class=\"price\"><span class=\"woocommerce-Price-amount amount\"><bdi><span class=\"woocommerce-Price-currencySymbol\" translate=\"no\">&euro;<\/span>1.499,00<\/bdi><\/span><\/span>\n\t\t\t\t\t<div class=\"wd-add-btn\">\n\t\t\t\t\t\t<a href=\"\/fr\/wp-json\/wp\/v2\/pages\/1037365?add-to-cart=901980\"  data-quantity=\"1\" class=\"button product_type_simple add_to_cart_button ajax_add_to_cart add-to-cart-loop\" data-product_id=\"901980\" data-product_sku=\"54304001\" aria-label=\"Add to cart: &ldquo;Creazzo, 3 places - pied design&rdquo;\" rel=\"nofollow\" data-success_message=\"&ldquo;Creazzo, 3 places - pied design&rdquo; has been added to your cart\"><span class=\"wd-action-icon\"><span class=\"wd-check-icon\"><\/span><\/span><span class=\"wd-action-text\">Panier<\/span><\/a>\t\t\t\t\t<\/div>\n\t\t\t\t<\/div>\n\t\t\t<\/div>\n\t\t\t\t\t<\/div>\n\n\t\t<span class=\"gtm4wp_productdata\" style=\"display:none; visibility:hidden;\" data-gtm4wp_product_data=\"{&quot;internal_id&quot;:901980,&quot;item_id&quot;:&quot;54304001&quot;,&quot;item_name&quot;:&quot;Creazzo, 3 places - pied design&quot;,&quot;sku&quot;:&quot;54304001&quot;,&quot;price&quot;:1499,&quot;stocklevel&quot;:null,&quot;stockstatus&quot;:&quot;onbackorder&quot;,&quot;google_business_vertical&quot;:&quot;retail&quot;,&quot;item_category&quot;:&quot;vivre&quot;,&quot;item_category2&quot;:&quot;Canap\\u00e9s&quot;,&quot;item_category3&quot;:&quot;Canap\\u00e9s&quot;,&quot;id&quot;:&quot;54304001&quot;,&quot;productlink&quot;:&quot;https:\\\/\\\/www.moensmeubelen.be\\\/fr\\\/produit\\\/54304001-fr_BE\\\/&quot;,&quot;item_list_name&quot;:&quot;General Product List&quot;,&quot;index&quot;:36,&quot;product_type&quot;:&quot;simple&quot;,&quot;item_brand&quot;:&quot;&quot;}\"><\/span>\t\t\t<input type=\"hidden\" class=\"pmwProductId\" data-id=\"901980\">\n\t\t\t\t\t<script class=\"_iub_cs_skip\">\n\t\t\t(window.pmwDataLayer = window.pmwDataLayer || {}).products                = window.pmwDataLayer.products || {};\n\t\t\twindow.pmwDataLayer.products[901980] = {\"id\":\"901980\",\"sku\":\"54304001\",\"price\":1499,\"brand\":\"\",\"quantity\":1,\"dyn_r_ids\":{\"post_id\":\"901980\",\"sku\":\"54304001\",\"gpf\":\"woocommerce_gpf_901980\",\"gla\":\"gla_901980\"},\"is_variable\":false,\"type\":\"simple\",\"name\":\"Creazzo, 3 places - pied design\",\"category\":[\"Canap\u00e9s\"],\"is_variation\":false};\n\t\t\t\t\twindow.pmw_product_position = window.pmw_product_position || 1;\n\t\twindow.pmwDataLayer.products[901980]['position'] = window.pmw_product_position++;\n\t\t\t\t<\/script>\n\t\t<div class=\"conditionele-tekst levertermijn-placeholder levertermijn-placeholder--plp\" data-aamss-sku=\"54304001\" data-aamss-product-id=\"901980\" data-aamss-context=\"plp\" data-aamss-state=\"loading\" aria-busy=\"true\">Sur commande - d\u00e9lai de livraison 8-10 semaines<\/div>\n\t\t\n\t\t\t<\/div>\n<\/div>\n<div class=\"wd-product wd-col wd-hover-alt product-grid-item product type-product post-901996 status-publish first onbackorder product_cat-zetels_l2_fr_BE has-post-thumbnail taxable shipping-taxable purchasable product-type-simple\" data-loop=\"36\" data-id=\"901996\">\n\t\n<div class=\"wd-product-wrapper product-wrapper\">\n\t<div class=\"wd-product-thumb product-element-top wd-quick-shop\">\n\t\t<a href=\"https:\/\/www.moensmeubelen.be\/fr\/produit\/54350001-fr_BE\/\" class=\"wd-product-img-link product-image-link\" tabindex=\"-1\" aria-label=\"Creazzo, 3 places &#8211; r\u00e9glable \u00e9lectriquement &#8211; 4 moteurs\">\n\t\t\t<img loading=\"lazy\" decoding=\"async\" width=\"400\" height=\"250\" src=\"https:\/\/www.moensmeubelen.be\/wp-content\/uploads\/2026\/06\/3a4f7a477ac456c84e3cd5c45af5aba85a190e26_images_t_ll_m_122795881c1645739f039323e47b80bf_image-400x250.jpg\" class=\"attachment-400x250 size-400x250\" alt=\"\" title=\"\">\t\t<\/a>\n\n\t\t\t\t\t<div class=\"wd-product-img-hover hover-img\">\n\t\t\t\t<img loading=\"lazy\" decoding=\"async\" width=\"400\" height=\"250\" src=\"https:\/\/www.moensmeubelen.be\/wp-content\/uploads\/2026\/06\/dc0c150a723a5dfd90cb53e17e98e7048a167114_images_t_ll_m_3b9a92050c2c423db5578a95d7c363fe_ambiance-400x250.jpg\" class=\"attachment-400x250 size-400x250\" alt=\"\" title=\"\">\t\t\t<\/div>\n\t\t\t\n\t\t<div class=\"wd-buttons wd-pos-r-t\">\n\t\t\t\t\t<div class=\"wd-compare-btn wd-action-btn wd-style-icon wd-compare-icon\">\n\t\t\t<a href=\"https:\/\/www.moensmeubelen.be\/fr\/vergelijk\/?product_id=901995\" class=\"\" data-id=\"901995\" rel=\"nofollow\">\n\t\t\t\t<span class=\"wd-action-icon\">\n\t\t\t\t\t<span class=\"wd-check-icon\"><\/span>\n\t\t\t\t<\/span>\n\t\t\t\t<span class=\"wd-action-text\">Comparer<\/span>\n\t\t\t<\/a>\n\t\t<\/div>\n\t\t\t\t\t\t\t<div class=\"wd-quick-view-btn wd-quick-view-icon wd-action-btn wd-style-icon\">\n\t\t\t<a\n\t\t\t\thref=\"https:\/\/www.moensmeubelen.be\/fr\/produit\/54350001-fr_BE\/\"\n\t\t\t\tclass=\"open-quick-view\"\n\t\t\t\trel=\"nofollow\"\n\t\t\t\tdata-id=\"901996\"\n\t\t\t\t>\n\t\t\t\t\t<span class=\"wd-action-icon\"><\/span>\n\t\t\t\t\t<span class=\"wd-action-text\">\n\t\t\t\t\t\tQuick view\t\t\t\t\t<\/span>\n\t\t\t<\/a>\n\t\t<\/div>\n\t\t\t\t\t\t\t<\/div>\n\t<\/div>\n\n\t\t\t<div class=\"wd-product-header\">\n\t\t\t<h3 class=\"wd-entities-title\"><a href=\"https:\/\/www.moensmeubelen.be\/fr\/produit\/54350001-fr_BE\/\">Creazzo, 3 places &#8211; r\u00e9glable \u00e9lectriquement &#8211; 4 moteurs<\/a><\/h3>\t\t\t\t\t<\/div>\n\t\t\t\t<div class=\"wrap-price\">\n\t\t\t<div class=\"swap-wrapp\">\n\t\t\t\t<div class=\"swap-elements\">\n\t\t\t\t\t\n\t<span class=\"price\"><span class=\"woocommerce-Price-amount amount\"><bdi><span class=\"woocommerce-Price-currencySymbol\" translate=\"no\">&euro;<\/span>2.299,00<\/bdi><\/span><\/span>\n\t\t\t\t\t<div class=\"wd-add-btn\">\n\t\t\t\t\t\t<a href=\"\/fr\/wp-json\/wp\/v2\/pages\/1037365?add-to-cart=901996\"  data-quantity=\"1\" class=\"button product_type_simple add_to_cart_button ajax_add_to_cart add-to-cart-loop\" data-product_id=\"901996\" data-product_sku=\"54350001\" aria-label=\"Add to cart: &ldquo;Creazzo, 3 places - r\u00e9glable \u00e9lectriquement - 4 moteurs&rdquo;\" rel=\"nofollow\" data-success_message=\"&ldquo;Creazzo, 3 places - r\u00e9glable \u00e9lectriquement - 4 moteurs&rdquo; has been added to your cart\"><span class=\"wd-action-icon\"><span class=\"wd-check-icon\"><\/span><\/span><span class=\"wd-action-text\">Panier<\/span><\/a>\t\t\t\t\t<\/div>\n\t\t\t\t<\/div>\n\t\t\t<\/div>\n\t\t\t\t\t<\/div>\n\n\t\t<span class=\"gtm4wp_productdata\" style=\"display:none; visibility:hidden;\" data-gtm4wp_product_data=\"{&quot;internal_id&quot;:901996,&quot;item_id&quot;:&quot;54350001&quot;,&quot;item_name&quot;:&quot;Creazzo, 3 places - r\\u00e9glable \\u00e9lectriquement - 4 moteurs&quot;,&quot;sku&quot;:&quot;54350001&quot;,&quot;price&quot;:2299,&quot;stocklevel&quot;:null,&quot;stockstatus&quot;:&quot;onbackorder&quot;,&quot;google_business_vertical&quot;:&quot;retail&quot;,&quot;item_category&quot;:&quot;vivre&quot;,&quot;item_category2&quot;:&quot;Canap\\u00e9s&quot;,&quot;item_category3&quot;:&quot;Canap\\u00e9s&quot;,&quot;id&quot;:&quot;54350001&quot;,&quot;productlink&quot;:&quot;https:\\\/\\\/www.moensmeubelen.be\\\/fr\\\/produit\\\/54350001-fr_BE\\\/&quot;,&quot;item_list_name&quot;:&quot;General Product List&quot;,&quot;index&quot;:37,&quot;product_type&quot;:&quot;simple&quot;,&quot;item_brand&quot;:&quot;&quot;}\"><\/span>\t\t\t<input type=\"hidden\" class=\"pmwProductId\" data-id=\"901996\">\n\t\t\t\t\t<script class=\"_iub_cs_skip\">\n\t\t\t(window.pmwDataLayer = window.pmwDataLayer || {}).products                = window.pmwDataLayer.products || {};\n\t\t\twindow.pmwDataLayer.products[901996] = {\"id\":\"901996\",\"sku\":\"54350001\",\"price\":2299,\"brand\":\"\",\"quantity\":1,\"dyn_r_ids\":{\"post_id\":\"901996\",\"sku\":\"54350001\",\"gpf\":\"woocommerce_gpf_901996\",\"gla\":\"gla_901996\"},\"is_variable\":false,\"type\":\"simple\",\"name\":\"Creazzo, 3 places - r\u00e9glable \u00e9lectriquement - 4 moteurs\",\"category\":[\"Canap\u00e9s\"],\"is_variation\":false};\n\t\t\t\t\twindow.pmw_product_position = window.pmw_product_position || 1;\n\t\twindow.pmwDataLayer.products[901996]['position'] = window.pmw_product_position++;\n\t\t\t\t<\/script>\n\t\t<div class=\"conditionele-tekst levertermijn-placeholder levertermijn-placeholder--plp\" data-aamss-sku=\"54350001\" data-aamss-product-id=\"901996\" data-aamss-context=\"plp\" data-aamss-state=\"loading\" aria-busy=\"true\">Sur commande - d\u00e9lai de livraison 8-10 semaines<\/div>\n\t\t\n\t\t\t<\/div>\n<\/div>\n<div class=\"wd-product wd-col wd-hover-alt product-grid-item product type-product post-901964 status-publish onbackorder product_cat-zetels_l2_fr_BE has-post-thumbnail taxable shipping-taxable purchasable product-type-simple\" data-loop=\"37\" data-id=\"901964\">\n\t\n<div class=\"wd-product-wrapper product-wrapper\">\n\t<div class=\"wd-product-thumb product-element-top wd-quick-shop\">\n\t\t<a href=\"https:\/\/www.moensmeubelen.be\/fr\/produit\/54300001-fr_BE\/\" class=\"wd-product-img-link product-image-link\" tabindex=\"-1\" aria-label=\"Creazzo, 3 places &#8211; r\u00e9glable \u00e9lectriquement &#8211; 4 moteurs &#8211; pied design\">\n\t\t\t<img loading=\"lazy\" decoding=\"async\" width=\"400\" height=\"250\" src=\"https:\/\/www.moensmeubelen.be\/wp-content\/uploads\/2026\/06\/608c3f2c8610fd9eeadb53bcd6ab4b757b1bff14_images_t_ll_m_aa39d73078b541b8bef00bddace6a7a8_image-400x250.jpg\" class=\"attachment-400x250 size-400x250\" alt=\"\" title=\"\">\t\t<\/a>\n\n\t\t\t\t\t<div class=\"wd-product-img-hover hover-img\">\n\t\t\t\t<img loading=\"lazy\" decoding=\"async\" width=\"400\" height=\"250\" src=\"https:\/\/www.moensmeubelen.be\/wp-content\/uploads\/2026\/06\/dee38ae9344fa30c4bfc9437d631891e2f58329d_images_t_ll_m_6f0986a6fd9a4432999900232c07e1b2_ambiance-400x250.jpg\" class=\"attachment-400x250 size-400x250\" alt=\"\" title=\"\">\t\t\t<\/div>\n\t\t\t\n\t\t<div class=\"wd-buttons wd-pos-r-t\">\n\t\t\t\t\t<div class=\"wd-compare-btn wd-action-btn wd-style-icon wd-compare-icon\">\n\t\t\t<a href=\"https:\/\/www.moensmeubelen.be\/fr\/vergelijk\/?product_id=901963\" class=\"\" data-id=\"901963\" rel=\"nofollow\">\n\t\t\t\t<span class=\"wd-action-icon\">\n\t\t\t\t\t<span class=\"wd-check-icon\"><\/span>\n\t\t\t\t<\/span>\n\t\t\t\t<span class=\"wd-action-text\">Comparer<\/span>\n\t\t\t<\/a>\n\t\t<\/div>\n\t\t\t\t\t\t\t<div class=\"wd-quick-view-btn wd-quick-view-icon wd-action-btn wd-style-icon\">\n\t\t\t<a\n\t\t\t\thref=\"https:\/\/www.moensmeubelen.be\/fr\/produit\/54300001-fr_BE\/\"\n\t\t\t\tclass=\"open-quick-view\"\n\t\t\t\trel=\"nofollow\"\n\t\t\t\tdata-id=\"901964\"\n\t\t\t\t>\n\t\t\t\t\t<span class=\"wd-action-icon\"><\/span>\n\t\t\t\t\t<span class=\"wd-action-text\">\n\t\t\t\t\t\tQuick view\t\t\t\t\t<\/span>\n\t\t\t<\/a>\n\t\t<\/div>\n\t\t\t\t\t\t\t<\/div>\n\t<\/div>\n\n\t\t\t<div class=\"wd-product-header\">\n\t\t\t<h3 class=\"wd-entities-title\"><a href=\"https:\/\/www.moensmeubelen.be\/fr\/produit\/54300001-fr_BE\/\">Creazzo, 3 places &#8211; r\u00e9glable \u00e9lectriquement &#8211; 4 moteurs &#8211; pied design<\/a><\/h3>\t\t\t\t\t<\/div>\n\t\t\t\t<div class=\"wrap-price\">\n\t\t\t<div class=\"swap-wrapp\">\n\t\t\t\t<div class=\"swap-elements\">\n\t\t\t\t\t\n\t<span class=\"price\"><span class=\"woocommerce-Price-amount amount\"><bdi><span class=\"woocommerce-Price-currencySymbol\" translate=\"no\">&euro;<\/span>2.499,00<\/bdi><\/span><\/span>\n\t\t\t\t\t<div class=\"wd-add-btn\">\n\t\t\t\t\t\t<a href=\"\/fr\/wp-json\/wp\/v2\/pages\/1037365?add-to-cart=901964\"  data-quantity=\"1\" class=\"button product_type_simple add_to_cart_button ajax_add_to_cart add-to-cart-loop\" data-product_id=\"901964\" data-product_sku=\"54300001\" aria-label=\"Add to cart: &ldquo;Creazzo, 3 places - r\u00e9glable \u00e9lectriquement - 4 moteurs - pied design&rdquo;\" rel=\"nofollow\" data-success_message=\"&ldquo;Creazzo, 3 places - r\u00e9glable \u00e9lectriquement - 4 moteurs - pied design&rdquo; has been added to your cart\"><span class=\"wd-action-icon\"><span class=\"wd-check-icon\"><\/span><\/span><span class=\"wd-action-text\">Panier<\/span><\/a>\t\t\t\t\t<\/div>\n\t\t\t\t<\/div>\n\t\t\t<\/div>\n\t\t\t\t\t<\/div>\n\n\t\t<span class=\"gtm4wp_productdata\" style=\"display:none; visibility:hidden;\" data-gtm4wp_product_data=\"{&quot;internal_id&quot;:901964,&quot;item_id&quot;:&quot;54300001&quot;,&quot;item_name&quot;:&quot;Creazzo, 3 places - r\\u00e9glable \\u00e9lectriquement - 4 moteurs - pied design&quot;,&quot;sku&quot;:&quot;54300001&quot;,&quot;price&quot;:2499,&quot;stocklevel&quot;:null,&quot;stockstatus&quot;:&quot;onbackorder&quot;,&quot;google_business_vertical&quot;:&quot;retail&quot;,&quot;item_category&quot;:&quot;vivre&quot;,&quot;item_category2&quot;:&quot;Canap\\u00e9s&quot;,&quot;item_category3&quot;:&quot;Canap\\u00e9s&quot;,&quot;id&quot;:&quot;54300001&quot;,&quot;productlink&quot;:&quot;https:\\\/\\\/www.moensmeubelen.be\\\/fr\\\/produit\\\/54300001-fr_BE\\\/&quot;,&quot;item_list_name&quot;:&quot;General Product List&quot;,&quot;index&quot;:38,&quot;product_type&quot;:&quot;simple&quot;,&quot;item_brand&quot;:&quot;&quot;}\"><\/span>\t\t\t<input type=\"hidden\" class=\"pmwProductId\" data-id=\"901964\">\n\t\t\t\t\t<script class=\"_iub_cs_skip\">\n\t\t\t(window.pmwDataLayer = window.pmwDataLayer || {}).products                = window.pmwDataLayer.products || {};\n\t\t\twindow.pmwDataLayer.products[901964] = {\"id\":\"901964\",\"sku\":\"54300001\",\"price\":2499,\"brand\":\"\",\"quantity\":1,\"dyn_r_ids\":{\"post_id\":\"901964\",\"sku\":\"54300001\",\"gpf\":\"woocommerce_gpf_901964\",\"gla\":\"gla_901964\"},\"is_variable\":false,\"type\":\"simple\",\"name\":\"Creazzo, 3 places - r\u00e9glable \u00e9lectriquement - 4 moteurs - pied design\",\"category\":[\"Canap\u00e9s\"],\"is_variation\":false};\n\t\t\t\t\twindow.pmw_product_position = window.pmw_product_position || 1;\n\t\twindow.pmwDataLayer.products[901964]['position'] = window.pmw_product_position++;\n\t\t\t\t<\/script>\n\t\t<div class=\"conditionele-tekst levertermijn-placeholder levertermijn-placeholder--plp\" data-aamss-sku=\"54300001\" data-aamss-product-id=\"901964\" data-aamss-context=\"plp\" data-aamss-state=\"loading\" aria-busy=\"true\">Sur commande - d\u00e9lai de livraison 8-10 semaines<\/div>\n\t\t\n\t\t\t<\/div>\n<\/div>\n<div class=\"wd-product wd-col wd-hover-alt product-grid-item product type-product post-902090 status-publish onbackorder product_cat-zetels_l2_fr_BE has-post-thumbnail taxable shipping-taxable purchasable product-type-simple\" data-loop=\"38\" data-id=\"902090\">\n\t\n<div class=\"wd-product-wrapper product-wrapper\">\n\t<div class=\"wd-product-thumb product-element-top wd-quick-shop\">\n\t\t<a href=\"https:\/\/www.moensmeubelen.be\/fr\/produit\/56471001-fr_BE\/\" class=\"wd-product-img-link product-image-link\" tabindex=\"-1\" aria-label=\"Creazzo, 3,5 places\">\n\t\t\t<img loading=\"lazy\" decoding=\"async\" width=\"400\" height=\"250\" src=\"https:\/\/www.moensmeubelen.be\/wp-content\/uploads\/2026\/06\/aa5b54383bac3b8ed00bf9608f4199fec23cbae9_images_t_ll_m_a5db4a0e40cb497b9241d0989015b1fa_image-400x250.jpg\" class=\"attachment-400x250 size-400x250\" alt=\"\" title=\"\">\t\t<\/a>\n\n\t\t\t\t\t<div class=\"wd-product-img-hover hover-img\">\n\t\t\t\t<img loading=\"lazy\" decoding=\"async\" width=\"400\" height=\"250\" src=\"https:\/\/www.moensmeubelen.be\/wp-content\/uploads\/2026\/06\/93610bdc034c5f1459de95f4c8a69a43998e85d9_images_t_ll_m_3b9a92050c2c423db5578a95d7c363fe_ambiance-400x250.jpg\" class=\"attachment-400x250 size-400x250\" alt=\"\" title=\"\">\t\t\t<\/div>\n\t\t\t\n\t\t<div class=\"wd-buttons wd-pos-r-t\">\n\t\t\t\t\t<div class=\"wd-compare-btn wd-action-btn wd-style-icon wd-compare-icon\">\n\t\t\t<a href=\"https:\/\/www.moensmeubelen.be\/fr\/vergelijk\/?product_id=902089\" class=\"\" data-id=\"902089\" rel=\"nofollow\">\n\t\t\t\t<span class=\"wd-action-icon\">\n\t\t\t\t\t<span class=\"wd-check-icon\"><\/span>\n\t\t\t\t<\/span>\n\t\t\t\t<span class=\"wd-action-text\">Comparer<\/span>\n\t\t\t<\/a>\n\t\t<\/div>\n\t\t\t\t\t\t\t<div class=\"wd-quick-view-btn wd-quick-view-icon wd-action-btn wd-style-icon\">\n\t\t\t<a\n\t\t\t\thref=\"https:\/\/www.moensmeubelen.be\/fr\/produit\/56471001-fr_BE\/\"\n\t\t\t\tclass=\"open-quick-view\"\n\t\t\t\trel=\"nofollow\"\n\t\t\t\tdata-id=\"902090\"\n\t\t\t\t>\n\t\t\t\t\t<span class=\"wd-action-icon\"><\/span>\n\t\t\t\t\t<span class=\"wd-action-text\">\n\t\t\t\t\t\tQuick view\t\t\t\t\t<\/span>\n\t\t\t<\/a>\n\t\t<\/div>\n\t\t\t\t\t\t\t<\/div>\n\t<\/div>\n\n\t\t\t<div class=\"wd-product-header\">\n\t\t\t<h3 class=\"wd-entities-title\"><a href=\"https:\/\/www.moensmeubelen.be\/fr\/produit\/56471001-fr_BE\/\">Creazzo, 3,5 places<\/a><\/h3>\t\t\t\t\t<\/div>\n\t\t\t\t<div class=\"wrap-price\">\n\t\t\t<div class=\"swap-wrapp\">\n\t\t\t\t<div class=\"swap-elements\">\n\t\t\t\t\t\n\t<span class=\"price\"><span class=\"woocommerce-Price-amount amount\"><bdi><span class=\"woocommerce-Price-currencySymbol\" translate=\"no\">&euro;<\/span>1.399,00<\/bdi><\/span><\/span>\n\t\t\t\t\t<div class=\"wd-add-btn\">\n\t\t\t\t\t\t<a href=\"\/fr\/wp-json\/wp\/v2\/pages\/1037365?add-to-cart=902090\"  data-quantity=\"1\" class=\"button product_type_simple add_to_cart_button ajax_add_to_cart add-to-cart-loop\" data-product_id=\"902090\" data-product_sku=\"56471001\" aria-label=\"Add to cart: &ldquo;Creazzo, 3,5 places&rdquo;\" rel=\"nofollow\" data-success_message=\"&ldquo;Creazzo, 3,5 places&rdquo; has been added to your cart\"><span class=\"wd-action-icon\"><span class=\"wd-check-icon\"><\/span><\/span><span class=\"wd-action-text\">Panier<\/span><\/a>\t\t\t\t\t<\/div>\n\t\t\t\t<\/div>\n\t\t\t<\/div>\n\t\t\t\t\t<\/div>\n\n\t\t<span class=\"gtm4wp_productdata\" style=\"display:none; visibility:hidden;\" data-gtm4wp_product_data=\"{&quot;internal_id&quot;:902090,&quot;item_id&quot;:&quot;56471001&quot;,&quot;item_name&quot;:&quot;Creazzo, 3,5 places&quot;,&quot;sku&quot;:&quot;56471001&quot;,&quot;price&quot;:1399,&quot;stocklevel&quot;:null,&quot;stockstatus&quot;:&quot;onbackorder&quot;,&quot;google_business_vertical&quot;:&quot;retail&quot;,&quot;item_category&quot;:&quot;vivre&quot;,&quot;item_category2&quot;:&quot;Canap\\u00e9s&quot;,&quot;item_category3&quot;:&quot;Canap\\u00e9s&quot;,&quot;id&quot;:&quot;56471001&quot;,&quot;productlink&quot;:&quot;https:\\\/\\\/www.moensmeubelen.be\\\/fr\\\/produit\\\/56471001-fr_BE\\\/&quot;,&quot;item_list_name&quot;:&quot;General Product List&quot;,&quot;index&quot;:39,&quot;product_type&quot;:&quot;simple&quot;,&quot;item_brand&quot;:&quot;&quot;}\"><\/span>\t\t\t<input type=\"hidden\" class=\"pmwProductId\" data-id=\"902090\">\n\t\t\t\t\t<script class=\"_iub_cs_skip\">\n\t\t\t(window.pmwDataLayer = window.pmwDataLayer || {}).products                = window.pmwDataLayer.products || {};\n\t\t\twindow.pmwDataLayer.products[902090] = {\"id\":\"902090\",\"sku\":\"56471001\",\"price\":1399,\"brand\":\"\",\"quantity\":1,\"dyn_r_ids\":{\"post_id\":\"902090\",\"sku\":\"56471001\",\"gpf\":\"woocommerce_gpf_902090\",\"gla\":\"gla_902090\"},\"is_variable\":false,\"type\":\"simple\",\"name\":\"Creazzo, 3,5 places\",\"category\":[\"Canap\u00e9s\"],\"is_variation\":false};\n\t\t\t\t\twindow.pmw_product_position = window.pmw_product_position || 1;\n\t\twindow.pmwDataLayer.products[902090]['position'] = window.pmw_product_position++;\n\t\t\t\t<\/script>\n\t\t<div class=\"conditionele-tekst levertermijn-placeholder levertermijn-placeholder--plp\" data-aamss-sku=\"56471001\" data-aamss-product-id=\"902090\" data-aamss-context=\"plp\" data-aamss-state=\"loading\" aria-busy=\"true\">Sur commande - d\u00e9lai de livraison 8-10 semaines<\/div>\n\t\t\n\t\t\t<\/div>\n<\/div>\n<div class=\"wd-product wd-col wd-hover-alt product-grid-item product type-product post-902078 status-publish last onbackorder product_cat-zetels_l2_fr_BE has-post-thumbnail taxable shipping-taxable purchasable product-type-simple\" data-loop=\"39\" data-id=\"902078\">\n\t\n<div class=\"wd-product-wrapper product-wrapper\">\n\t<div class=\"wd-product-thumb product-element-top wd-quick-shop\">\n\t\t<a href=\"https:\/\/www.moensmeubelen.be\/fr\/produit\/56451001-fr_BE\/\" class=\"wd-product-img-link product-image-link\" tabindex=\"-1\" aria-label=\"Creazzo, 3,5 places &#8211; pied design\">\n\t\t\t<img loading=\"lazy\" decoding=\"async\" width=\"400\" height=\"250\" src=\"https:\/\/www.moensmeubelen.be\/wp-content\/uploads\/2026\/06\/66c5837fb934918eb3ea47cfa693da361fd9105a_images_t_ll_m_36b4f7d734cc40d19984696c90f94f1e_image-400x250.jpg\" class=\"attachment-400x250 size-400x250\" alt=\"\" title=\"\">\t\t<\/a>\n\n\t\t\t\t\t<div class=\"wd-product-img-hover hover-img\">\n\t\t\t\t<img loading=\"lazy\" decoding=\"async\" width=\"400\" height=\"250\" src=\"https:\/\/www.moensmeubelen.be\/wp-content\/uploads\/2026\/06\/9349d72ff2ccdea012839be869f41b30b7a24b8e_images_t_ll_m_3b9a92050c2c423db5578a95d7c363fe_ambiance-400x250.jpg\" class=\"attachment-400x250 size-400x250\" alt=\"\" title=\"\">\t\t\t<\/div>\n\t\t\t\n\t\t<div class=\"wd-buttons wd-pos-r-t\">\n\t\t\t\t\t<div class=\"wd-compare-btn wd-action-btn wd-style-icon wd-compare-icon\">\n\t\t\t<a href=\"https:\/\/www.moensmeubelen.be\/fr\/vergelijk\/?product_id=902077\" class=\"\" data-id=\"902077\" rel=\"nofollow\">\n\t\t\t\t<span class=\"wd-action-icon\">\n\t\t\t\t\t<span class=\"wd-check-icon\"><\/span>\n\t\t\t\t<\/span>\n\t\t\t\t<span class=\"wd-action-text\">Comparer<\/span>\n\t\t\t<\/a>\n\t\t<\/div>\n\t\t\t\t\t\t\t<div class=\"wd-quick-view-btn wd-quick-view-icon wd-action-btn wd-style-icon\">\n\t\t\t<a\n\t\t\t\thref=\"https:\/\/www.moensmeubelen.be\/fr\/produit\/56451001-fr_BE\/\"\n\t\t\t\tclass=\"open-quick-view\"\n\t\t\t\trel=\"nofollow\"\n\t\t\t\tdata-id=\"902078\"\n\t\t\t\t>\n\t\t\t\t\t<span class=\"wd-action-icon\"><\/span>\n\t\t\t\t\t<span class=\"wd-action-text\">\n\t\t\t\t\t\tQuick view\t\t\t\t\t<\/span>\n\t\t\t<\/a>\n\t\t<\/div>\n\t\t\t\t\t\t\t<\/div>\n\t<\/div>\n\n\t\t\t<div class=\"wd-product-header\">\n\t\t\t<h3 class=\"wd-entities-title\"><a href=\"https:\/\/www.moensmeubelen.be\/fr\/produit\/56451001-fr_BE\/\">Creazzo, 3,5 places &#8211; pied design<\/a><\/h3>\t\t\t\t\t<\/div>\n\t\t\t\t<div class=\"wrap-price\">\n\t\t\t<div class=\"swap-wrapp\">\n\t\t\t\t<div class=\"swap-elements\">\n\t\t\t\t\t\n\t<span class=\"price\"><span class=\"woocommerce-Price-amount amount\"><bdi><span class=\"woocommerce-Price-currencySymbol\" translate=\"no\">&euro;<\/span>1.599,00<\/bdi><\/span><\/span>\n\t\t\t\t\t<div class=\"wd-add-btn\">\n\t\t\t\t\t\t<a href=\"\/fr\/wp-json\/wp\/v2\/pages\/1037365?add-to-cart=902078\"  data-quantity=\"1\" class=\"button product_type_simple add_to_cart_button ajax_add_to_cart add-to-cart-loop\" data-product_id=\"902078\" data-product_sku=\"56451001\" aria-label=\"Add to cart: &ldquo;Creazzo, 3,5 places - pied design&rdquo;\" rel=\"nofollow\" data-success_message=\"&ldquo;Creazzo, 3,5 places - pied design&rdquo; has been added to your cart\"><span class=\"wd-action-icon\"><span class=\"wd-check-icon\"><\/span><\/span><span class=\"wd-action-text\">Panier<\/span><\/a>\t\t\t\t\t<\/div>\n\t\t\t\t<\/div>\n\t\t\t<\/div>\n\t\t\t\t\t<\/div>\n\n\t\t<span class=\"gtm4wp_productdata\" style=\"display:none; visibility:hidden;\" data-gtm4wp_product_data=\"{&quot;internal_id&quot;:902078,&quot;item_id&quot;:&quot;56451001&quot;,&quot;item_name&quot;:&quot;Creazzo, 3,5 places - pied design&quot;,&quot;sku&quot;:&quot;56451001&quot;,&quot;price&quot;:1599,&quot;stocklevel&quot;:null,&quot;stockstatus&quot;:&quot;onbackorder&quot;,&quot;google_business_vertical&quot;:&quot;retail&quot;,&quot;item_category&quot;:&quot;vivre&quot;,&quot;item_category2&quot;:&quot;Canap\\u00e9s&quot;,&quot;item_category3&quot;:&quot;Canap\\u00e9s&quot;,&quot;id&quot;:&quot;56451001&quot;,&quot;productlink&quot;:&quot;https:\\\/\\\/www.moensmeubelen.be\\\/fr\\\/produit\\\/56451001-fr_BE\\\/&quot;,&quot;item_list_name&quot;:&quot;General Product List&quot;,&quot;index&quot;:40,&quot;product_type&quot;:&quot;simple&quot;,&quot;item_brand&quot;:&quot;&quot;}\"><\/span>\t\t\t<input type=\"hidden\" class=\"pmwProductId\" data-id=\"902078\">\n\t\t\t\t\t<script class=\"_iub_cs_skip\">\n\t\t\t(window.pmwDataLayer = window.pmwDataLayer || {}).products                = window.pmwDataLayer.products || {};\n\t\t\twindow.pmwDataLayer.products[902078] = {\"id\":\"902078\",\"sku\":\"56451001\",\"price\":1599,\"brand\":\"\",\"quantity\":1,\"dyn_r_ids\":{\"post_id\":\"902078\",\"sku\":\"56451001\",\"gpf\":\"woocommerce_gpf_902078\",\"gla\":\"gla_902078\"},\"is_variable\":false,\"type\":\"simple\",\"name\":\"Creazzo, 3,5 places - pied design\",\"category\":[\"Canap\u00e9s\"],\"is_variation\":false};\n\t\t\t\t\twindow.pmw_product_position = window.pmw_product_position || 1;\n\t\twindow.pmwDataLayer.products[902078]['position'] = window.pmw_product_position++;\n\t\t\t\t<\/script>\n\t\t<div class=\"conditionele-tekst levertermijn-placeholder levertermijn-placeholder--plp\" data-aamss-sku=\"56451001\" data-aamss-product-id=\"902078\" data-aamss-context=\"plp\" data-aamss-state=\"loading\" aria-busy=\"true\">Sur commande - d\u00e9lai de livraison 8-10 semaines<\/div>\n\t\t\n\t\t\t<\/div>\n<\/div>\n<div class=\"wd-product wd-col wd-hover-alt product-grid-item product type-product post-902086 status-publish first onbackorder product_cat-zetels_l2_fr_BE has-post-thumbnail taxable shipping-taxable purchasable product-type-simple\" data-loop=\"40\" data-id=\"902086\">\n\t\n<div class=\"wd-product-wrapper product-wrapper\">\n\t<div class=\"wd-product-thumb product-element-top wd-quick-shop\">\n\t\t<a href=\"https:\/\/www.moensmeubelen.be\/fr\/produit\/56470001-fr_BE\/\" class=\"wd-product-img-link product-image-link\" tabindex=\"-1\" aria-label=\"Creazzo, 3,5 places &#8211; r\u00e9glable \u00e9lectriquement &#8211; 4 moteurs\">\n\t\t\t<img loading=\"lazy\" decoding=\"async\" width=\"400\" height=\"250\" src=\"https:\/\/www.moensmeubelen.be\/wp-content\/uploads\/2026\/06\/5fe11722cf76a9a55d6d97abaa86feeff8daf2de_images_t_ll_m_632a2927c4eb46b6821450283bb89b4e_image-400x250.jpg\" class=\"attachment-400x250 size-400x250\" alt=\"\" title=\"\">\t\t<\/a>\n\n\t\t\t\t\t<div class=\"wd-product-img-hover hover-img\">\n\t\t\t\t<img loading=\"lazy\" decoding=\"async\" width=\"400\" height=\"250\" src=\"https:\/\/www.moensmeubelen.be\/wp-content\/uploads\/2026\/06\/075d3eb311f3ac9ebcf34a6a0b6517d786185b6e_images_t_ll_m_3b9a92050c2c423db5578a95d7c363fe_ambiance-400x250.jpg\" class=\"attachment-400x250 size-400x250\" alt=\"\" title=\"\">\t\t\t<\/div>\n\t\t\t\n\t\t<div class=\"wd-buttons wd-pos-r-t\">\n\t\t\t\t\t<div class=\"wd-compare-btn wd-action-btn wd-style-icon wd-compare-icon\">\n\t\t\t<a href=\"https:\/\/www.moensmeubelen.be\/fr\/vergelijk\/?product_id=902085\" class=\"\" data-id=\"902085\" rel=\"nofollow\">\n\t\t\t\t<span class=\"wd-action-icon\">\n\t\t\t\t\t<span class=\"wd-check-icon\"><\/span>\n\t\t\t\t<\/span>\n\t\t\t\t<span class=\"wd-action-text\">Comparer<\/span>\n\t\t\t<\/a>\n\t\t<\/div>\n\t\t\t\t\t\t\t<div class=\"wd-quick-view-btn wd-quick-view-icon wd-action-btn wd-style-icon\">\n\t\t\t<a\n\t\t\t\thref=\"https:\/\/www.moensmeubelen.be\/fr\/produit\/56470001-fr_BE\/\"\n\t\t\t\tclass=\"open-quick-view\"\n\t\t\t\trel=\"nofollow\"\n\t\t\t\tdata-id=\"902086\"\n\t\t\t\t>\n\t\t\t\t\t<span class=\"wd-action-icon\"><\/span>\n\t\t\t\t\t<span class=\"wd-action-text\">\n\t\t\t\t\t\tQuick view\t\t\t\t\t<\/span>\n\t\t\t<\/a>\n\t\t<\/div>\n\t\t\t\t\t\t\t<\/div>\n\t<\/div>\n\n\t\t\t<div class=\"wd-product-header\">\n\t\t\t<h3 class=\"wd-entities-title\"><a href=\"https:\/\/www.moensmeubelen.be\/fr\/produit\/56470001-fr_BE\/\">Creazzo, 3,5 places &#8211; r\u00e9glable \u00e9lectriquement &#8211; 4 moteurs<\/a><\/h3>\t\t\t\t\t<\/div>\n\t\t\t\t<div class=\"wrap-price\">\n\t\t\t<div class=\"swap-wrapp\">\n\t\t\t\t<div class=\"swap-elements\">\n\t\t\t\t\t\n\t<span class=\"price\"><span class=\"woocommerce-Price-amount amount\"><bdi><span class=\"woocommerce-Price-currencySymbol\" translate=\"no\">&euro;<\/span>2.399,00<\/bdi><\/span><\/span>\n\t\t\t\t\t<div class=\"wd-add-btn\">\n\t\t\t\t\t\t<a href=\"\/fr\/wp-json\/wp\/v2\/pages\/1037365?add-to-cart=902086\"  data-quantity=\"1\" class=\"button product_type_simple add_to_cart_button ajax_add_to_cart add-to-cart-loop\" data-product_id=\"902086\" data-product_sku=\"56470001\" aria-label=\"Add to cart: &ldquo;Creazzo, 3,5 places - r\u00e9glable \u00e9lectriquement - 4 moteurs&rdquo;\" rel=\"nofollow\" data-success_message=\"&ldquo;Creazzo, 3,5 places - r\u00e9glable \u00e9lectriquement - 4 moteurs&rdquo; has been added to your cart\"><span class=\"wd-action-icon\"><span class=\"wd-check-icon\"><\/span><\/span><span class=\"wd-action-text\">Panier<\/span><\/a>\t\t\t\t\t<\/div>\n\t\t\t\t<\/div>\n\t\t\t<\/div>\n\t\t\t\t\t<\/div>\n\n\t\t<span class=\"gtm4wp_productdata\" style=\"display:none; visibility:hidden;\" data-gtm4wp_product_data=\"{&quot;internal_id&quot;:902086,&quot;item_id&quot;:&quot;56470001&quot;,&quot;item_name&quot;:&quot;Creazzo, 3,5 places - r\\u00e9glable \\u00e9lectriquement - 4 moteurs&quot;,&quot;sku&quot;:&quot;56470001&quot;,&quot;price&quot;:2399,&quot;stocklevel&quot;:null,&quot;stockstatus&quot;:&quot;onbackorder&quot;,&quot;google_business_vertical&quot;:&quot;retail&quot;,&quot;item_category&quot;:&quot;vivre&quot;,&quot;item_category2&quot;:&quot;Canap\\u00e9s&quot;,&quot;item_category3&quot;:&quot;Canap\\u00e9s&quot;,&quot;id&quot;:&quot;56470001&quot;,&quot;productlink&quot;:&quot;https:\\\/\\\/www.moensmeubelen.be\\\/fr\\\/produit\\\/56470001-fr_BE\\\/&quot;,&quot;item_list_name&quot;:&quot;General Product List&quot;,&quot;index&quot;:41,&quot;product_type&quot;:&quot;simple&quot;,&quot;item_brand&quot;:&quot;&quot;}\"><\/span>\t\t\t<input type=\"hidden\" class=\"pmwProductId\" data-id=\"902086\">\n\t\t\t\t\t<script class=\"_iub_cs_skip\">\n\t\t\t(window.pmwDataLayer = window.pmwDataLayer || {}).products                = window.pmwDataLayer.products || {};\n\t\t\twindow.pmwDataLayer.products[902086] = {\"id\":\"902086\",\"sku\":\"56470001\",\"price\":2399,\"brand\":\"\",\"quantity\":1,\"dyn_r_ids\":{\"post_id\":\"902086\",\"sku\":\"56470001\",\"gpf\":\"woocommerce_gpf_902086\",\"gla\":\"gla_902086\"},\"is_variable\":false,\"type\":\"simple\",\"name\":\"Creazzo, 3,5 places - r\u00e9glable \u00e9lectriquement - 4 moteurs\",\"category\":[\"Canap\u00e9s\"],\"is_variation\":false};\n\t\t\t\t\twindow.pmw_product_position = window.pmw_product_position || 1;\n\t\twindow.pmwDataLayer.products[902086]['position'] = window.pmw_product_position++;\n\t\t\t\t<\/script>\n\t\t<div class=\"conditionele-tekst levertermijn-placeholder levertermijn-placeholder--plp\" data-aamss-sku=\"56470001\" data-aamss-product-id=\"902086\" data-aamss-context=\"plp\" data-aamss-state=\"loading\" aria-busy=\"true\">Sur commande - d\u00e9lai de livraison 8-10 semaines<\/div>\n\t\t\n\t\t\t<\/div>\n<\/div>\n\t\t\t<\/div>\n\t\t\t\t\t\t\t\t\t\t\t\t\t\t\t\t\t\t\t<div class=\"wd-loop-footer products-footer\">\n\t\t\t\t\t\t\t\t\t\t<a href=\"#\" rel=\"nofollow noopener\" class=\"btn wd-load-more wd-products-load-more load-on-click\"><span class=\"load-more-label\">Charger plus de produits<\/span><\/a>\n\t\t\t\t\t<div class=\"btn wd-load-more wd-load-more-loader\"><span class=\"load-more-loading\">Loading...<\/span><\/div>\n\t\t\t\t<\/div>\n\t\t\t\t\t\t\t\t\t\t\t\t<\/div><div id=\"wd-6a969138c9d37\" class=\"  wd-button-wrapper text-center\"><a href=\"\/fr\/shop-3\/merk-xooon-fr\/\" title=\"Voir tous les canap\u00e9s Xooon\" class=\"btn btn-color-primary btn-style-default btn-shape-round btn-size-large\">Voir tous les canap\u00e9s Xooon<\/a><\/div>[vc_empty_space height=&#8221;6px&#8221;]<div id=\"wd-6a969138c9d71\" class=\"  wd-button-wrapper text-center inline-element\"><a href=\"https:\/\/www.moensmeubelen.be\/fr\/marques\/xooon\/\" title=\"\" class=\"btn btn-color-primary btn-style-link btn-shape-rectangle btn-size-default\">\u2190 Tous les produits Xooon<\/a><\/div>[\/vc_column][\/vc_row]<\/p>\n<\/div>","protected":false},"excerpt":{"rendered":"<p>[vc_row][vc_column][vc_column_text woodmart_inline=&#8221;no&#8221; text_larger=&#8221;no&#8221;]Un canap\u00e9 Xooon apporte couleur et confort dans votre salon. Xooon est r\u00e9put\u00e9 pour ses salons d\u2019angle modulables<\/p>\n","protected":false},"author":3,"featured_media":0,"parent":83247,"menu_order":0,"comment_status":"closed","ping_status":"closed","template":"","meta":{"_relevanssi_hide_post":"","_relevanssi_hide_content":"","_relevanssi_pin_for_all":"","_relevanssi_pin_keywords":"","_relevanssi_unpin_keywords":"","_relevanssi_related_keywords":"","_relevanssi_related_include_ids":"","_relevanssi_related_exclude_ids":"","_relevanssi_related_no_append":"","_relevanssi_related_not_related":"","_relevanssi_related_posts":"","_relevanssi_noindex_reason":"","footnotes":""},"class_list":["post-1037365","page","type-page","status-publish","hentry"],"_links":{"self":[{"href":"https:\/\/www.moensmeubelen.be\/fr\/wp-json\/wp\/v2\/pages\/1037365","targetHints":{"allow":["GET"]}}],"collection":[{"href":"https:\/\/www.moensmeubelen.be\/fr\/wp-json\/wp\/v2\/pages"}],"about":[{"href":"https:\/\/www.moensmeubelen.be\/fr\/wp-json\/wp\/v2\/types\/page"}],"author":[{"embeddable":true,"href":"https:\/\/www.moensmeubelen.be\/fr\/wp-json\/wp\/v2\/users\/3"}],"replies":[{"embeddable":true,"href":"https:\/\/www.moensmeubelen.be\/fr\/wp-json\/wp\/v2\/comments?post=1037365"}],"version-history":[{"count":0,"href":"https:\/\/www.moensmeubelen.be\/fr\/wp-json\/wp\/v2\/pages\/1037365\/revisions"}],"up":[{"embeddable":true,"href":"https:\/\/www.moensmeubelen.be\/fr\/wp-json\/wp\/v2\/pages\/83247"}],"wp:attachment":[{"href":"https:\/\/www.moensmeubelen.be\/fr\/wp-json\/wp\/v2\/media?parent=1037365"}],"curies":[{"name":"wp","href":"https:\/\/api.w.org\/{rel}","templated":true}]}}