{"id":74581,"date":"2024-03-03T20:42:06","date_gmt":"2024-03-03T19:42:06","guid":{"rendered":"https:\/\/www.moensmeubelen.be\/nieuw-bij-meubelen-moens\/"},"modified":"2024-03-03T20:42:21","modified_gmt":"2024-03-03T19:42:21","slug":"nieuw-bij-meubelen-moens","status":"publish","type":"page","link":"https:\/\/www.moensmeubelen.be\/fr\/nieuw-bij-meubelen-moens\/","title":{"rendered":"Nouveaux mod\u00e8les"},"content":{"rendered":"<div class=\"wpb-content-wrapper\" id=\"wpb-content-root\"><p>[vc_row css=&#8221;.vc_custom_1628180041960{margin-bottom: 30px !important;}&#8221; woodmart_css_id=&#8221;610c0e47bb233&#8243; responsive_spacing=&#8221;eyJwYXJhbV90eXBlIjoid29vZG1hcnRfcmVzcG9uc2l2ZV9zcGFjaW5nIiwic2VsZWN0b3JfaWQiOiI2MTBjMGU0N2JiMjMzIiwic2hvcnRjb2RlIjoidmNfcm93IiwiZGF0YSI6eyJ0YWJsZXQiOnt9LCJtb2JpbGUiOnt9fX0=&#8221; mobile_bg_img_hidden=&#8221;no&#8221; tablet_bg_img_hidden=&#8221;no&#8221; woodmart_parallax=&#8221;0&#8243; woodmart_gradient_switch=&#8221;no&#8221; row_reverse_mobile=&#8221;0&#8243; row_reverse_tablet=&#8221;0&#8243; woodmart_disable_overflow=&#8221;0&#8243;][vc_column css=&#8221;.vc_custom_1511948721251{padding-top: 0px !important;}&#8221;]\t\t<div id=\"wd-651db970ec645\" class=\"wd-text-block wd-wpb reset-last-child wd-rs-651db970ec645 text-right wd-font-weight-700 wd-fontsize-custom font-primary vc_custom_1696446845854\">\n\t\t\t<p>NOUVEAU CHEZ MEUBELEN MOENS<\/p>\n\t\t<\/div>\n\t\t\n\t\t<div id=\"wd-651db8b483e2f\" class=\"title-wrapper wd-wpb wd-set-mb reset-last-child  wd-rs-651db8b483e2f wd-title-color-default wd-title-style-default text-left vc_custom_1696446656127 wd-underline-colored\">\n\t\t\t\n\t\t\t<div class=\"liner-continer\">\n\t\t\t\t<h4 class=\"woodmart-title-container title  wd-font-weight- wd-fontsize-l\" >NOUVEAU EN STOCK<\/h4>\n\t\t\t\t\t\t\t<\/div>\n\t\t\t\n\t\t\t\n\t\t\t\n\t\t<\/div>\n\t\t\n\t\t[\/vc_column][\/vc_row][vc_row css=&#8221;.vc_custom_1628180172480{margin-bottom: 70px !important;}&#8221; woodmart_css_id=&#8221;610c0ec8b2217&#8243; responsive_spacing=&#8221;eyJwYXJhbV90eXBlIjoid29vZG1hcnRfcmVzcG9uc2l2ZV9zcGFjaW5nIiwic2VsZWN0b3JfaWQiOiI2MTBjMGVjOGIyMjE3Iiwic2hvcnRjb2RlIjoidmNfcm93IiwiZGF0YSI6eyJ0YWJsZXQiOnt9LCJtb2JpbGUiOnsibWFyZ2luLWJvdHRvbSI6IjUwIn19fQ==&#8221; mobile_bg_img_hidden=&#8221;no&#8221; tablet_bg_img_hidden=&#8221;no&#8221; woodmart_parallax=&#8221;0&#8243; woodmart_gradient_switch=&#8221;no&#8221; row_reverse_mobile=&#8221;0&#8243; row_reverse_tablet=&#8221;0&#8243; woodmart_disable_overflow=&#8221;0&#8243;][vc_column]\t\t\t<div class=\"wd-products-element wd-rs-651e68e8d16af wd-wpb\">\n\t\t\t\t\t<div class=\"wd-sticky-loader wd-deferred\"><span class=\"wd-loader\"><\/span><\/div>\n\t\t\n\t\t\n\t\t\t\t\t<div class=\"products wd-products  grid-columns-4 elements-grid pagination-arrows wd-grid-g wd-loop-builder-off\" data-paged=\"1\" data-atts=\"{&quot;spacing&quot;:&quot;10&quot;,&quot;pagination&quot;:&quot;arrows&quot;,&quot;items_per_page&quot;:&quot;16&quot;,&quot;product_hover&quot;:&quot;tiled&quot;,&quot;sale_countdown&quot;:&quot;0&quot;,&quot;stretch_product_desktop&quot;:&quot;0&quot;,&quot;stretch_product_tablet&quot;:&quot;0&quot;,&quot;stretch_product_mobile&quot;:&quot;0&quot;,&quot;stock_progress_bar&quot;:&quot;0&quot;,&quot;highlighted_products&quot;:&quot;0&quot;,&quot;products_bordered_grid&quot;:&quot;0&quot;,&quot;products_with_background&quot;:&quot;0&quot;,&quot;products_shadow&quot;:&quot;0&quot;,&quot;orderby&quot;:&quot;date&quot;,&quot;img_size&quot;:&quot;300x150&quot;,&quot;woodmart_css_id&quot;:&quot;651e68e8d16af&quot;,&quot;force_not_ajax&quot;:&quot;no&quot;}\" data-source=\"shortcode\" data-columns=\"4\" style=\"--wd-col-lg:4;--wd-col-md:4;--wd-col-sm:2;--wd-gap-lg:10px;\">\n\t\t\t<div class=\"wd-product wd-col wd-hover-tiled product-grid-item product type-product post-1048253 status-publish instock product_cat-eetkamerstoelen has-post-thumbnail taxable shipping-taxable purchasable product-type-simple\" data-loop=\"1\" data-id=\"1048253\">\n\t\n<div class=\"wd-product-wrapper product-wrapper\">\n\t<div class=\"wd-product-thumb product-element-top wd-quick-shop\">\n\t\t<a href=\"https:\/\/www.moensmeubelen.be\/fr\/produit\/59625001-fr_be\/\" class=\"wd-product-img-link product-image-link\" tabindex=\"-1\" aria-label=\"Baya, chaise &#8211; pivotante + relax &#8211; naturel &#8211; ressorts ensaches &#8211; selected choices\">\n\t\t\t<img loading=\"lazy\" decoding=\"async\" width=\"300\" height=\"150\" src=\"https:\/\/www.moensmeubelen.be\/wp-content\/uploads\/2026\/09\/4235352e551574b335834d005d4424da3cf759b8_images_t_ll_m_92bd06efc9644a25b4fa9f12b8e81eb2_image-300x150.jpg\" class=\"attachment-300x150 size-300x150\" alt=\"\" title=\"\">\t\t<\/a>\n\n\t\t\t\t\t<div class=\"wd-product-img-hover hover-img\">\n\t\t\t\t<img loading=\"lazy\" decoding=\"async\" width=\"300\" height=\"150\" src=\"https:\/\/www.moensmeubelen.be\/wp-content\/uploads\/2026\/09\/3559233c517c9bd7861997929e6f781a9274ce86_images_t_ll_m_57bd84c0d755499498b89952b5c69a72_image-300x150.jpg\" class=\"attachment-300x150 size-300x150\" alt=\"\" title=\"\">\t\t\t<\/div>\n\t\t\t\n\t\t<div class=\"wd-buttons wd-pos-r-t\">\n\t\t\t\t\t\t<div class=\"wd-add-btn wd-action-btn wd-style-icon wd-add-cart-icon\"><a href=\"\/fr\/wp-json\/wp\/v2\/pages\/74581?add-to-cart=1048253\"  data-quantity=\"1\" class=\"button product_type_simple add_to_cart_button ajax_add_to_cart add-to-cart-loop\" data-product_id=\"1048253\" data-product_sku=\"59625001\" aria-label=\"Add to cart: &ldquo;Baya, chaise - pivotante + relax - naturel - ressorts ensaches - selected choices&rdquo;\" rel=\"nofollow\" data-success_message=\"&ldquo;Baya, chaise - pivotante + relax - naturel - ressorts ensaches - selected choices&rdquo; has been added to your cart\"><span class=\"wd-action-icon\"><span class=\"wd-check-icon\"><\/span><\/span><span class=\"wd-action-text\">Panier<\/span><\/a><\/div>\n\t\t\t\t\t<div class=\"wd-quick-view-btn wd-quick-view-icon wd-action-btn wd-style-icon\">\n\t\t\t<a\n\t\t\t\thref=\"https:\/\/www.moensmeubelen.be\/fr\/produit\/59625001-fr_be\/\"\n\t\t\t\tclass=\"open-quick-view\"\n\t\t\t\trel=\"nofollow\"\n\t\t\t\tdata-id=\"1048253\"\n\t\t\t\t>\n\t\t\t\t\t<span class=\"wd-action-icon\"><\/span>\n\t\t\t\t\t<span class=\"wd-action-text\">\n\t\t\t\t\t\tQuick view\t\t\t\t\t<\/span>\n\t\t\t<\/a>\n\t\t<\/div>\n\t\t\t\t\t\t\t<div class=\"wd-compare-btn wd-action-btn wd-style-icon wd-compare-icon\">\n\t\t\t<a href=\"https:\/\/www.moensmeubelen.be\/fr\/vergelijk\/?product_id=1048252\" class=\"\" data-id=\"1048252\" rel=\"nofollow\">\n\t\t\t\t<span class=\"wd-action-icon\">\n\t\t\t\t\t<span class=\"wd-check-icon\"><\/span>\n\t\t\t\t<\/span>\n\t\t\t\t<span class=\"wd-action-text\">Comparer<\/span>\n\t\t\t<\/a>\n\t\t<\/div>\n\t\t\t\t\t\t\t<\/div>\n\t<\/div>\n\n\t<div class=\"product-element-bottom\">\n\t\t<h3 class=\"wd-entities-title\"><a href=\"https:\/\/www.moensmeubelen.be\/fr\/produit\/59625001-fr_be\/\">Baya, chaise &#8211; pivotante + relax &#8211; naturel &#8211; ressorts ensaches &#8211; selected choices<\/a><\/h3>\t\t\t\t\t\t\t\t\t\t\n\t<span class=\"price\"><span class=\"woocommerce-Price-amount amount\"><bdi><span class=\"woocommerce-Price-currencySymbol\" translate=\"no\">&euro;<\/span>229,00<\/bdi><\/span><\/span>\n\n\t\t<span class=\"gtm4wp_productdata\" style=\"display:none; visibility:hidden;\" data-gtm4wp_product_data=\"{&quot;internal_id&quot;:1048253,&quot;item_id&quot;:&quot;59625001&quot;,&quot;item_name&quot;:&quot;Baya, chaise - pivotante + relax - naturel - ressorts ensaches - selected choices&quot;,&quot;sku&quot;:&quot;59625001&quot;,&quot;price&quot;:229,&quot;stocklevel&quot;:null,&quot;stockstatus&quot;:&quot;instock&quot;,&quot;google_business_vertical&quot;:&quot;retail&quot;,&quot;item_category&quot;:&quot;vivre&quot;,&quot;item_category2&quot;:&quot;Chaises&quot;,&quot;item_category3&quot;:&quot;Chaises de salle \\u00e0 manger&quot;,&quot;id&quot;:&quot;59625001&quot;,&quot;productlink&quot;:&quot;https:\\\/\\\/www.moensmeubelen.be\\\/fr\\\/produit\\\/59625001-fr_be\\\/&quot;,&quot;item_list_name&quot;:&quot;General Product List&quot;,&quot;index&quot;:2,&quot;product_type&quot;:&quot;simple&quot;,&quot;item_brand&quot;:&quot;&quot;}\"><\/span>\t\t\t<input type=\"hidden\" class=\"pmwProductId\" data-id=\"1048253\">\n\t\t\t\t\t<script class=\"_iub_cs_skip\">\n\t\t\t(window.pmwDataLayer = window.pmwDataLayer || {}).products                = window.pmwDataLayer.products || {};\n\t\t\twindow.pmwDataLayer.products[1048253] = {\"id\":\"1048253\",\"sku\":\"59625001\",\"price\":229,\"brand\":\"\",\"quantity\":1,\"dyn_r_ids\":{\"post_id\":\"1048253\",\"sku\":\"59625001\",\"gpf\":\"woocommerce_gpf_1048253\",\"gla\":\"gla_1048253\"},\"is_variable\":false,\"type\":\"simple\",\"name\":\"Baya, chaise - pivotante + relax - naturel - ressorts ensaches - selected choices\",\"category\":[\"Eetkamerstoelen\"],\"is_variation\":false};\n\t\t\t\t\twindow.pmw_product_position = window.pmw_product_position || 1;\n\t\twindow.pmwDataLayer.products[1048253]['position'] = window.pmw_product_position++;\n\t\t\t\t<\/script>\n\t\t<div class=\"conditionele-tekst levertermijn-placeholder levertermijn-placeholder--plp\" data-aamss-sku=\"59625001\" data-aamss-product-id=\"1048253\" data-aamss-context=\"plp\" data-aamss-state=\"loading\" aria-busy=\"true\">Sur commande - d\u00e9lai de livraison 8-10 semaines<\/div>\n\t\t\t\t\n\t\t\t<\/div>\n<\/div>\n<\/div>\n<div class=\"wd-product wd-col wd-hover-tiled product-grid-item product type-product post-1048245 status-publish instock product_cat-eetkamerstoelen has-post-thumbnail taxable shipping-taxable purchasable product-type-simple\" data-loop=\"2\" data-id=\"1048245\">\n\t\n<div class=\"wd-product-wrapper product-wrapper\">\n\t<div class=\"wd-product-thumb product-element-top wd-quick-shop\">\n\t\t<a href=\"https:\/\/www.moensmeubelen.be\/fr\/produit\/59624001-fr_be\/\" class=\"wd-product-img-link product-image-link\" tabindex=\"-1\" aria-label=\"Baya, chaise &#8211; pivotante &#8211; naturel &#8211; ressorts ensaches &#8211; selected choices\">\n\t\t\t<img loading=\"lazy\" decoding=\"async\" width=\"300\" height=\"150\" src=\"https:\/\/www.moensmeubelen.be\/wp-content\/uploads\/2026\/09\/230b419e02f9aba1e3967664141dd5dd22656065_images_t_ll_m_92bd06efc9644a25b4fa9f12b8e81eb2_image-300x150.jpg\" class=\"attachment-300x150 size-300x150\" alt=\"\" title=\"\">\t\t<\/a>\n\n\t\t\t\t\t<div class=\"wd-product-img-hover hover-img\">\n\t\t\t\t<img loading=\"lazy\" decoding=\"async\" width=\"300\" height=\"150\" src=\"https:\/\/www.moensmeubelen.be\/wp-content\/uploads\/2026\/09\/f2dc8072db0d975c15de063c274525652f0e4f78_images_t_ll_m_57bd84c0d755499498b89952b5c69a72_image-300x150.jpg\" class=\"attachment-300x150 size-300x150\" alt=\"\" title=\"\">\t\t\t<\/div>\n\t\t\t\n\t\t<div class=\"wd-buttons wd-pos-r-t\">\n\t\t\t\t\t\t<div class=\"wd-add-btn wd-action-btn wd-style-icon wd-add-cart-icon\"><a href=\"\/fr\/wp-json\/wp\/v2\/pages\/74581?add-to-cart=1048245\"  data-quantity=\"1\" class=\"button product_type_simple add_to_cart_button ajax_add_to_cart add-to-cart-loop\" data-product_id=\"1048245\" data-product_sku=\"59624001\" aria-label=\"Add to cart: &ldquo;Baya, chaise - pivotante - naturel - ressorts ensaches - selected choices&rdquo;\" rel=\"nofollow\" data-success_message=\"&ldquo;Baya, chaise - pivotante - naturel - ressorts ensaches - selected choices&rdquo; has been added to your cart\"><span class=\"wd-action-icon\"><span class=\"wd-check-icon\"><\/span><\/span><span class=\"wd-action-text\">Panier<\/span><\/a><\/div>\n\t\t\t\t\t<div class=\"wd-quick-view-btn wd-quick-view-icon wd-action-btn wd-style-icon\">\n\t\t\t<a\n\t\t\t\thref=\"https:\/\/www.moensmeubelen.be\/fr\/produit\/59624001-fr_be\/\"\n\t\t\t\tclass=\"open-quick-view\"\n\t\t\t\trel=\"nofollow\"\n\t\t\t\tdata-id=\"1048245\"\n\t\t\t\t>\n\t\t\t\t\t<span class=\"wd-action-icon\"><\/span>\n\t\t\t\t\t<span class=\"wd-action-text\">\n\t\t\t\t\t\tQuick view\t\t\t\t\t<\/span>\n\t\t\t<\/a>\n\t\t<\/div>\n\t\t\t\t\t\t\t<div class=\"wd-compare-btn wd-action-btn wd-style-icon wd-compare-icon\">\n\t\t\t<a href=\"https:\/\/www.moensmeubelen.be\/fr\/vergelijk\/?product_id=1048244\" class=\"\" data-id=\"1048244\" rel=\"nofollow\">\n\t\t\t\t<span class=\"wd-action-icon\">\n\t\t\t\t\t<span class=\"wd-check-icon\"><\/span>\n\t\t\t\t<\/span>\n\t\t\t\t<span class=\"wd-action-text\">Comparer<\/span>\n\t\t\t<\/a>\n\t\t<\/div>\n\t\t\t\t\t\t\t<\/div>\n\t<\/div>\n\n\t<div class=\"product-element-bottom\">\n\t\t<h3 class=\"wd-entities-title\"><a href=\"https:\/\/www.moensmeubelen.be\/fr\/produit\/59624001-fr_be\/\">Baya, chaise &#8211; pivotante &#8211; naturel &#8211; ressorts ensaches &#8211; selected choices<\/a><\/h3>\t\t\t\t\t\t\t\t\t\t\n\t<span class=\"price\"><span class=\"woocommerce-Price-amount amount\"><bdi><span class=\"woocommerce-Price-currencySymbol\" translate=\"no\">&euro;<\/span>209,00<\/bdi><\/span><\/span>\n\n\t\t<span class=\"gtm4wp_productdata\" style=\"display:none; visibility:hidden;\" data-gtm4wp_product_data=\"{&quot;internal_id&quot;:1048245,&quot;item_id&quot;:&quot;59624001&quot;,&quot;item_name&quot;:&quot;Baya, chaise - pivotante - naturel - ressorts ensaches - selected choices&quot;,&quot;sku&quot;:&quot;59624001&quot;,&quot;price&quot;:209,&quot;stocklevel&quot;:null,&quot;stockstatus&quot;:&quot;instock&quot;,&quot;google_business_vertical&quot;:&quot;retail&quot;,&quot;item_category&quot;:&quot;vivre&quot;,&quot;item_category2&quot;:&quot;Chaises&quot;,&quot;item_category3&quot;:&quot;Chaises de salle \\u00e0 manger&quot;,&quot;id&quot;:&quot;59624001&quot;,&quot;productlink&quot;:&quot;https:\\\/\\\/www.moensmeubelen.be\\\/fr\\\/produit\\\/59624001-fr_be\\\/&quot;,&quot;item_list_name&quot;:&quot;General Product List&quot;,&quot;index&quot;:3,&quot;product_type&quot;:&quot;simple&quot;,&quot;item_brand&quot;:&quot;&quot;}\"><\/span>\t\t\t<input type=\"hidden\" class=\"pmwProductId\" data-id=\"1048245\">\n\t\t\t\t\t<script class=\"_iub_cs_skip\">\n\t\t\t(window.pmwDataLayer = window.pmwDataLayer || {}).products                = window.pmwDataLayer.products || {};\n\t\t\twindow.pmwDataLayer.products[1048245] = {\"id\":\"1048245\",\"sku\":\"59624001\",\"price\":209,\"brand\":\"\",\"quantity\":1,\"dyn_r_ids\":{\"post_id\":\"1048245\",\"sku\":\"59624001\",\"gpf\":\"woocommerce_gpf_1048245\",\"gla\":\"gla_1048245\"},\"is_variable\":false,\"type\":\"simple\",\"name\":\"Baya, chaise - pivotante - naturel - ressorts ensaches - selected choices\",\"category\":[\"Eetkamerstoelen\"],\"is_variation\":false};\n\t\t\t\t\twindow.pmw_product_position = window.pmw_product_position || 1;\n\t\twindow.pmwDataLayer.products[1048245]['position'] = window.pmw_product_position++;\n\t\t\t\t<\/script>\n\t\t<div class=\"conditionele-tekst levertermijn-placeholder levertermijn-placeholder--plp\" data-aamss-sku=\"59624001\" data-aamss-product-id=\"1048245\" data-aamss-context=\"plp\" data-aamss-state=\"loading\" aria-busy=\"true\">Sur commande - d\u00e9lai de livraison 8-10 semaines<\/div>\n\t\t\t\t\n\t\t\t<\/div>\n<\/div>\n<\/div>\n<div class=\"wd-product wd-col wd-hover-tiled product-grid-item product type-product post-1048237 status-publish last instock product_cat-eetkamerstoelen has-post-thumbnail taxable shipping-taxable purchasable product-type-simple\" data-loop=\"3\" data-id=\"1048237\">\n\t\n<div class=\"wd-product-wrapper product-wrapper\">\n\t<div class=\"wd-product-thumb product-element-top wd-quick-shop\">\n\t\t<a href=\"https:\/\/www.moensmeubelen.be\/fr\/produit\/59623001-fr_be\/\" class=\"wd-product-img-link product-image-link\" tabindex=\"-1\" aria-label=\"Baya, chaise &#8211; ressorts ensaches &#8211; selected choices\">\n\t\t\t<img loading=\"lazy\" decoding=\"async\" width=\"300\" height=\"150\" src=\"https:\/\/www.moensmeubelen.be\/wp-content\/uploads\/2026\/09\/243d3142688d320be9ffd4e17e9cadb836c9d5d5_images_t_ll_m_533c5c91fa084a40814a9851b04d9747_image-300x150.jpg\" class=\"attachment-300x150 size-300x150\" alt=\"\" title=\"\">\t\t<\/a>\n\n\t\t\t\t\t<div class=\"wd-product-img-hover hover-img\">\n\t\t\t\t<img loading=\"lazy\" decoding=\"async\" width=\"300\" height=\"150\" src=\"https:\/\/www.moensmeubelen.be\/wp-content\/uploads\/2026\/09\/485a679d963fe6d5f893a2fd133ccfc44a1a2b60_images_t_ll_m_c5f89f3167a3453286f1609ff4da9b1f_image-300x150.jpg\" class=\"attachment-300x150 size-300x150\" alt=\"\" title=\"\">\t\t\t<\/div>\n\t\t\t\n\t\t<div class=\"wd-buttons wd-pos-r-t\">\n\t\t\t\t\t\t<div class=\"wd-add-btn wd-action-btn wd-style-icon wd-add-cart-icon\"><a href=\"\/fr\/wp-json\/wp\/v2\/pages\/74581?add-to-cart=1048237\"  data-quantity=\"1\" class=\"button product_type_simple add_to_cart_button ajax_add_to_cart add-to-cart-loop\" data-product_id=\"1048237\" data-product_sku=\"59623001\" aria-label=\"Add to cart: &ldquo;Baya, chaise - ressorts ensaches - selected choices&rdquo;\" rel=\"nofollow\" data-success_message=\"&ldquo;Baya, chaise - ressorts ensaches - selected choices&rdquo; has been added to your cart\"><span class=\"wd-action-icon\"><span class=\"wd-check-icon\"><\/span><\/span><span class=\"wd-action-text\">Panier<\/span><\/a><\/div>\n\t\t\t\t\t<div class=\"wd-quick-view-btn wd-quick-view-icon wd-action-btn wd-style-icon\">\n\t\t\t<a\n\t\t\t\thref=\"https:\/\/www.moensmeubelen.be\/fr\/produit\/59623001-fr_be\/\"\n\t\t\t\tclass=\"open-quick-view\"\n\t\t\t\trel=\"nofollow\"\n\t\t\t\tdata-id=\"1048237\"\n\t\t\t\t>\n\t\t\t\t\t<span class=\"wd-action-icon\"><\/span>\n\t\t\t\t\t<span class=\"wd-action-text\">\n\t\t\t\t\t\tQuick view\t\t\t\t\t<\/span>\n\t\t\t<\/a>\n\t\t<\/div>\n\t\t\t\t\t\t\t<div class=\"wd-compare-btn wd-action-btn wd-style-icon wd-compare-icon\">\n\t\t\t<a href=\"https:\/\/www.moensmeubelen.be\/fr\/vergelijk\/?product_id=1048236\" class=\"\" data-id=\"1048236\" rel=\"nofollow\">\n\t\t\t\t<span class=\"wd-action-icon\">\n\t\t\t\t\t<span class=\"wd-check-icon\"><\/span>\n\t\t\t\t<\/span>\n\t\t\t\t<span class=\"wd-action-text\">Comparer<\/span>\n\t\t\t<\/a>\n\t\t<\/div>\n\t\t\t\t\t\t\t<\/div>\n\t<\/div>\n\n\t<div class=\"product-element-bottom\">\n\t\t<h3 class=\"wd-entities-title\"><a href=\"https:\/\/www.moensmeubelen.be\/fr\/produit\/59623001-fr_be\/\">Baya, chaise &#8211; ressorts ensaches &#8211; selected choices<\/a><\/h3>\t\t\t\t\t\t\t\t\t\t\n\t<span class=\"price\"><span class=\"woocommerce-Price-amount amount\"><bdi><span class=\"woocommerce-Price-currencySymbol\" translate=\"no\">&euro;<\/span>179,00<\/bdi><\/span><\/span>\n\n\t\t<span class=\"gtm4wp_productdata\" style=\"display:none; visibility:hidden;\" data-gtm4wp_product_data=\"{&quot;internal_id&quot;:1048237,&quot;item_id&quot;:&quot;59623001&quot;,&quot;item_name&quot;:&quot;Baya, chaise - ressorts ensaches - selected choices&quot;,&quot;sku&quot;:&quot;59623001&quot;,&quot;price&quot;:179,&quot;stocklevel&quot;:null,&quot;stockstatus&quot;:&quot;instock&quot;,&quot;google_business_vertical&quot;:&quot;retail&quot;,&quot;item_category&quot;:&quot;vivre&quot;,&quot;item_category2&quot;:&quot;Chaises&quot;,&quot;item_category3&quot;:&quot;Chaises de salle \\u00e0 manger&quot;,&quot;id&quot;:&quot;59623001&quot;,&quot;productlink&quot;:&quot;https:\\\/\\\/www.moensmeubelen.be\\\/fr\\\/produit\\\/59623001-fr_be\\\/&quot;,&quot;item_list_name&quot;:&quot;General Product List&quot;,&quot;index&quot;:4,&quot;product_type&quot;:&quot;simple&quot;,&quot;item_brand&quot;:&quot;&quot;}\"><\/span>\t\t\t<input type=\"hidden\" class=\"pmwProductId\" data-id=\"1048237\">\n\t\t\t\t\t<script class=\"_iub_cs_skip\">\n\t\t\t(window.pmwDataLayer = window.pmwDataLayer || {}).products                = window.pmwDataLayer.products || {};\n\t\t\twindow.pmwDataLayer.products[1048237] = {\"id\":\"1048237\",\"sku\":\"59623001\",\"price\":179,\"brand\":\"\",\"quantity\":1,\"dyn_r_ids\":{\"post_id\":\"1048237\",\"sku\":\"59623001\",\"gpf\":\"woocommerce_gpf_1048237\",\"gla\":\"gla_1048237\"},\"is_variable\":false,\"type\":\"simple\",\"name\":\"Baya, chaise - ressorts ensaches - selected choices\",\"category\":[\"Eetkamerstoelen\"],\"is_variation\":false};\n\t\t\t\t\twindow.pmw_product_position = window.pmw_product_position || 1;\n\t\twindow.pmwDataLayer.products[1048237]['position'] = window.pmw_product_position++;\n\t\t\t\t<\/script>\n\t\t<div class=\"conditionele-tekst levertermijn-placeholder levertermijn-placeholder--plp\" data-aamss-sku=\"59623001\" data-aamss-product-id=\"1048237\" data-aamss-context=\"plp\" data-aamss-state=\"loading\" aria-busy=\"true\">Sur commande - d\u00e9lai de livraison 8-10 semaines<\/div>\n\t\t\t\t\n\t\t\t<\/div>\n<\/div>\n<\/div>\n<div class=\"wd-product wd-col wd-hover-tiled product-grid-item product type-product post-1048229 status-publish first instock product_cat-eetkamerstoelen has-post-thumbnail taxable shipping-taxable purchasable product-type-simple\" data-loop=\"4\" data-id=\"1048229\">\n\t\n<div class=\"wd-product-wrapper product-wrapper\">\n\t<div class=\"wd-product-thumb product-element-top wd-quick-shop\">\n\t\t<a href=\"https:\/\/www.moensmeubelen.be\/fr\/produit\/55494001-fr_be\/\" class=\"wd-product-img-link product-image-link\" tabindex=\"-1\" aria-label=\"Baya, chaise &#8211; pivotante + relax &#8211; ressorts ensaches &#8211; selected choices\">\n\t\t\t<img loading=\"lazy\" decoding=\"async\" width=\"300\" height=\"150\" src=\"https:\/\/www.moensmeubelen.be\/wp-content\/uploads\/2026\/09\/671ddc91b02bea64a140b447664cbdc5ad8978b0_images_t_ll_m_533c5c91fa084a40814a9851b04d9747_image-300x150.jpg\" class=\"attachment-300x150 size-300x150\" alt=\"\" title=\"\">\t\t<\/a>\n\n\t\t\t\t\t<div class=\"wd-product-img-hover hover-img\">\n\t\t\t\t<img loading=\"lazy\" decoding=\"async\" width=\"300\" height=\"150\" src=\"https:\/\/www.moensmeubelen.be\/wp-content\/uploads\/2026\/09\/2c839bf09dbbd04ed214c733212794c5c16f2d57_images_t_ll_m_c5f89f3167a3453286f1609ff4da9b1f_image-300x150.jpg\" class=\"attachment-300x150 size-300x150\" alt=\"\" title=\"\">\t\t\t<\/div>\n\t\t\t\n\t\t<div class=\"wd-buttons wd-pos-r-t\">\n\t\t\t\t\t\t<div class=\"wd-add-btn wd-action-btn wd-style-icon wd-add-cart-icon\"><a href=\"\/fr\/wp-json\/wp\/v2\/pages\/74581?add-to-cart=1048229\"  data-quantity=\"1\" class=\"button product_type_simple add_to_cart_button ajax_add_to_cart add-to-cart-loop\" data-product_id=\"1048229\" data-product_sku=\"55494001\" aria-label=\"Add to cart: &ldquo;Baya, chaise - pivotante + relax - ressorts ensaches - selected choices&rdquo;\" rel=\"nofollow\" data-success_message=\"&ldquo;Baya, chaise - pivotante + relax - ressorts ensaches - selected choices&rdquo; has been added to your cart\"><span class=\"wd-action-icon\"><span class=\"wd-check-icon\"><\/span><\/span><span class=\"wd-action-text\">Panier<\/span><\/a><\/div>\n\t\t\t\t\t<div class=\"wd-quick-view-btn wd-quick-view-icon wd-action-btn wd-style-icon\">\n\t\t\t<a\n\t\t\t\thref=\"https:\/\/www.moensmeubelen.be\/fr\/produit\/55494001-fr_be\/\"\n\t\t\t\tclass=\"open-quick-view\"\n\t\t\t\trel=\"nofollow\"\n\t\t\t\tdata-id=\"1048229\"\n\t\t\t\t>\n\t\t\t\t\t<span class=\"wd-action-icon\"><\/span>\n\t\t\t\t\t<span class=\"wd-action-text\">\n\t\t\t\t\t\tQuick view\t\t\t\t\t<\/span>\n\t\t\t<\/a>\n\t\t<\/div>\n\t\t\t\t\t\t\t<div class=\"wd-compare-btn wd-action-btn wd-style-icon wd-compare-icon\">\n\t\t\t<a href=\"https:\/\/www.moensmeubelen.be\/fr\/vergelijk\/?product_id=1048228\" class=\"\" data-id=\"1048228\" rel=\"nofollow\">\n\t\t\t\t<span class=\"wd-action-icon\">\n\t\t\t\t\t<span class=\"wd-check-icon\"><\/span>\n\t\t\t\t<\/span>\n\t\t\t\t<span class=\"wd-action-text\">Comparer<\/span>\n\t\t\t<\/a>\n\t\t<\/div>\n\t\t\t\t\t\t\t<\/div>\n\t<\/div>\n\n\t<div class=\"product-element-bottom\">\n\t\t<h3 class=\"wd-entities-title\"><a href=\"https:\/\/www.moensmeubelen.be\/fr\/produit\/55494001-fr_be\/\">Baya, chaise &#8211; pivotante + relax &#8211; ressorts ensaches &#8211; selected choices<\/a><\/h3>\t\t\t\t\t\t\t\t\t\t\n\t<span class=\"price\"><span class=\"woocommerce-Price-amount amount\"><bdi><span class=\"woocommerce-Price-currencySymbol\" translate=\"no\">&euro;<\/span>219,00<\/bdi><\/span><\/span>\n\n\t\t<span class=\"gtm4wp_productdata\" style=\"display:none; visibility:hidden;\" data-gtm4wp_product_data=\"{&quot;internal_id&quot;:1048229,&quot;item_id&quot;:&quot;55494001&quot;,&quot;item_name&quot;:&quot;Baya, chaise - pivotante + relax - ressorts ensaches - selected choices&quot;,&quot;sku&quot;:&quot;55494001&quot;,&quot;price&quot;:219,&quot;stocklevel&quot;:null,&quot;stockstatus&quot;:&quot;instock&quot;,&quot;google_business_vertical&quot;:&quot;retail&quot;,&quot;item_category&quot;:&quot;vivre&quot;,&quot;item_category2&quot;:&quot;Chaises&quot;,&quot;item_category3&quot;:&quot;Chaises de salle \\u00e0 manger&quot;,&quot;id&quot;:&quot;55494001&quot;,&quot;productlink&quot;:&quot;https:\\\/\\\/www.moensmeubelen.be\\\/fr\\\/produit\\\/55494001-fr_be\\\/&quot;,&quot;item_list_name&quot;:&quot;General Product List&quot;,&quot;index&quot;:5,&quot;product_type&quot;:&quot;simple&quot;,&quot;item_brand&quot;:&quot;&quot;}\"><\/span>\t\t\t<input type=\"hidden\" class=\"pmwProductId\" data-id=\"1048229\">\n\t\t\t\t\t<script class=\"_iub_cs_skip\">\n\t\t\t(window.pmwDataLayer = window.pmwDataLayer || {}).products                = window.pmwDataLayer.products || {};\n\t\t\twindow.pmwDataLayer.products[1048229] = {\"id\":\"1048229\",\"sku\":\"55494001\",\"price\":219,\"brand\":\"\",\"quantity\":1,\"dyn_r_ids\":{\"post_id\":\"1048229\",\"sku\":\"55494001\",\"gpf\":\"woocommerce_gpf_1048229\",\"gla\":\"gla_1048229\"},\"is_variable\":false,\"type\":\"simple\",\"name\":\"Baya, chaise - pivotante + relax - ressorts ensaches - selected choices\",\"category\":[\"Eetkamerstoelen\"],\"is_variation\":false};\n\t\t\t\t\twindow.pmw_product_position = window.pmw_product_position || 1;\n\t\twindow.pmwDataLayer.products[1048229]['position'] = window.pmw_product_position++;\n\t\t\t\t<\/script>\n\t\t<div class=\"conditionele-tekst levertermijn-placeholder levertermijn-placeholder--plp\" data-aamss-sku=\"55494001\" data-aamss-product-id=\"1048229\" data-aamss-context=\"plp\" data-aamss-state=\"loading\" aria-busy=\"true\">Sur commande - d\u00e9lai de livraison 8-10 semaines<\/div>\n\t\t\t\t\n\t\t\t<\/div>\n<\/div>\n<\/div>\n<div class=\"wd-product wd-col wd-hover-tiled product-grid-item product type-product post-1048221 status-publish instock product_cat-eetkamerstoelen has-post-thumbnail taxable shipping-taxable purchasable product-type-simple\" data-loop=\"5\" data-id=\"1048221\">\n\t\n<div class=\"wd-product-wrapper product-wrapper\">\n\t<div class=\"wd-product-thumb product-element-top wd-quick-shop\">\n\t\t<a href=\"https:\/\/www.moensmeubelen.be\/fr\/produit\/55493001-fr_be\/\" class=\"wd-product-img-link product-image-link\" tabindex=\"-1\" aria-label=\"Baya, chaise &#8211; pivotante &#8211; ressorts ensaches &#8211; selected choices\">\n\t\t\t<img loading=\"lazy\" decoding=\"async\" width=\"300\" height=\"150\" src=\"https:\/\/www.moensmeubelen.be\/wp-content\/uploads\/2026\/09\/94da6fa24429fdac403d7948e8fdeeb32a16d972_images_t_ll_m_533c5c91fa084a40814a9851b04d9747_image-300x150.jpg\" class=\"attachment-300x150 size-300x150\" alt=\"\" title=\"\">\t\t<\/a>\n\n\t\t\t\t\t<div class=\"wd-product-img-hover hover-img\">\n\t\t\t\t<img loading=\"lazy\" decoding=\"async\" width=\"300\" height=\"150\" src=\"https:\/\/www.moensmeubelen.be\/wp-content\/uploads\/2026\/09\/febeb4c248ff12b468203c538342d7c4e861e4a6_images_t_ll_m_c5f89f3167a3453286f1609ff4da9b1f_image-300x150.jpg\" class=\"attachment-300x150 size-300x150\" alt=\"\" title=\"\">\t\t\t<\/div>\n\t\t\t\n\t\t<div class=\"wd-buttons wd-pos-r-t\">\n\t\t\t\t\t\t<div class=\"wd-add-btn wd-action-btn wd-style-icon wd-add-cart-icon\"><a href=\"\/fr\/wp-json\/wp\/v2\/pages\/74581?add-to-cart=1048221\"  data-quantity=\"1\" class=\"button product_type_simple add_to_cart_button ajax_add_to_cart add-to-cart-loop\" data-product_id=\"1048221\" data-product_sku=\"55493001\" aria-label=\"Add to cart: &ldquo;Baya, chaise - pivotante - ressorts ensaches - selected choices&rdquo;\" rel=\"nofollow\" data-success_message=\"&ldquo;Baya, chaise - pivotante - ressorts ensaches - selected choices&rdquo; has been added to your cart\"><span class=\"wd-action-icon\"><span class=\"wd-check-icon\"><\/span><\/span><span class=\"wd-action-text\">Panier<\/span><\/a><\/div>\n\t\t\t\t\t<div class=\"wd-quick-view-btn wd-quick-view-icon wd-action-btn wd-style-icon\">\n\t\t\t<a\n\t\t\t\thref=\"https:\/\/www.moensmeubelen.be\/fr\/produit\/55493001-fr_be\/\"\n\t\t\t\tclass=\"open-quick-view\"\n\t\t\t\trel=\"nofollow\"\n\t\t\t\tdata-id=\"1048221\"\n\t\t\t\t>\n\t\t\t\t\t<span class=\"wd-action-icon\"><\/span>\n\t\t\t\t\t<span class=\"wd-action-text\">\n\t\t\t\t\t\tQuick view\t\t\t\t\t<\/span>\n\t\t\t<\/a>\n\t\t<\/div>\n\t\t\t\t\t\t\t<div class=\"wd-compare-btn wd-action-btn wd-style-icon wd-compare-icon\">\n\t\t\t<a href=\"https:\/\/www.moensmeubelen.be\/fr\/vergelijk\/?product_id=1048220\" class=\"\" data-id=\"1048220\" rel=\"nofollow\">\n\t\t\t\t<span class=\"wd-action-icon\">\n\t\t\t\t\t<span class=\"wd-check-icon\"><\/span>\n\t\t\t\t<\/span>\n\t\t\t\t<span class=\"wd-action-text\">Comparer<\/span>\n\t\t\t<\/a>\n\t\t<\/div>\n\t\t\t\t\t\t\t<\/div>\n\t<\/div>\n\n\t<div class=\"product-element-bottom\">\n\t\t<h3 class=\"wd-entities-title\"><a href=\"https:\/\/www.moensmeubelen.be\/fr\/produit\/55493001-fr_be\/\">Baya, chaise &#8211; pivotante &#8211; ressorts ensaches &#8211; selected choices<\/a><\/h3>\t\t\t\t\t\t\t\t\t\t\n\t<span class=\"price\"><span class=\"woocommerce-Price-amount amount\"><bdi><span class=\"woocommerce-Price-currencySymbol\" translate=\"no\">&euro;<\/span>199,00<\/bdi><\/span><\/span>\n\n\t\t<span class=\"gtm4wp_productdata\" style=\"display:none; visibility:hidden;\" data-gtm4wp_product_data=\"{&quot;internal_id&quot;:1048221,&quot;item_id&quot;:&quot;55493001&quot;,&quot;item_name&quot;:&quot;Baya, chaise - pivotante - ressorts ensaches - selected choices&quot;,&quot;sku&quot;:&quot;55493001&quot;,&quot;price&quot;:199,&quot;stocklevel&quot;:null,&quot;stockstatus&quot;:&quot;instock&quot;,&quot;google_business_vertical&quot;:&quot;retail&quot;,&quot;item_category&quot;:&quot;vivre&quot;,&quot;item_category2&quot;:&quot;Chaises&quot;,&quot;item_category3&quot;:&quot;Chaises de salle \\u00e0 manger&quot;,&quot;id&quot;:&quot;55493001&quot;,&quot;productlink&quot;:&quot;https:\\\/\\\/www.moensmeubelen.be\\\/fr\\\/produit\\\/55493001-fr_be\\\/&quot;,&quot;item_list_name&quot;:&quot;General Product List&quot;,&quot;index&quot;:6,&quot;product_type&quot;:&quot;simple&quot;,&quot;item_brand&quot;:&quot;&quot;}\"><\/span>\t\t\t<input type=\"hidden\" class=\"pmwProductId\" data-id=\"1048221\">\n\t\t\t\t\t<script class=\"_iub_cs_skip\">\n\t\t\t(window.pmwDataLayer = window.pmwDataLayer || {}).products                = window.pmwDataLayer.products || {};\n\t\t\twindow.pmwDataLayer.products[1048221] = {\"id\":\"1048221\",\"sku\":\"55493001\",\"price\":199,\"brand\":\"\",\"quantity\":1,\"dyn_r_ids\":{\"post_id\":\"1048221\",\"sku\":\"55493001\",\"gpf\":\"woocommerce_gpf_1048221\",\"gla\":\"gla_1048221\"},\"is_variable\":false,\"type\":\"simple\",\"name\":\"Baya, chaise - pivotante - ressorts ensaches - selected choices\",\"category\":[\"Eetkamerstoelen\"],\"is_variation\":false};\n\t\t\t\t\twindow.pmw_product_position = window.pmw_product_position || 1;\n\t\twindow.pmwDataLayer.products[1048221]['position'] = window.pmw_product_position++;\n\t\t\t\t<\/script>\n\t\t<div class=\"conditionele-tekst levertermijn-placeholder levertermijn-placeholder--plp\" data-aamss-sku=\"55493001\" data-aamss-product-id=\"1048221\" data-aamss-context=\"plp\" data-aamss-state=\"loading\" aria-busy=\"true\">Sur commande - d\u00e9lai de livraison 8-10 semaines<\/div>\n\t\t\t\t\n\t\t\t<\/div>\n<\/div>\n<\/div>\n<div class=\"wd-product wd-col wd-hover-tiled product-grid-item product type-product post-1048213 status-publish instock product_cat-barkrukken has-post-thumbnail taxable shipping-taxable purchasable product-type-simple\" data-loop=\"6\" data-id=\"1048213\">\n\t\n<div class=\"wd-product-wrapper product-wrapper\">\n\t<div class=\"wd-product-thumb product-element-top wd-quick-shop\">\n\t\t<a href=\"https:\/\/www.moensmeubelen.be\/fr\/produit\/48963001-fr_be\/\" class=\"wd-product-img-link product-image-link\" tabindex=\"-1\" aria-label=\"Baya, chaise de bar &#8211; pivotante &#8211; ressorts ensaches &#8211; selected choices\">\n\t\t\t<img loading=\"lazy\" decoding=\"async\" width=\"300\" height=\"150\" src=\"https:\/\/www.moensmeubelen.be\/wp-content\/uploads\/2026\/09\/75139956bcf78fb52aedf49d45b401c011151e60_images_t_ll_m_4ae8860b9fd544699bf3d916315b2575_image-300x150.jpg\" class=\"attachment-300x150 size-300x150\" alt=\"\" title=\"\">\t\t<\/a>\n\n\t\t\t\t\t<div class=\"wd-product-img-hover hover-img\">\n\t\t\t\t<img loading=\"lazy\" decoding=\"async\" width=\"300\" height=\"150\" src=\"https:\/\/www.moensmeubelen.be\/wp-content\/uploads\/2026\/09\/0312c2d13f3509ac590122d919dc24dad6a599ff_images_t_ll_m_64613fc1cf11479592683d846657da14_image-300x150.jpg\" class=\"attachment-300x150 size-300x150\" alt=\"\" title=\"\">\t\t\t<\/div>\n\t\t\t\n\t\t<div class=\"wd-buttons wd-pos-r-t\">\n\t\t\t\t\t\t<div class=\"wd-add-btn wd-action-btn wd-style-icon wd-add-cart-icon\"><a href=\"\/fr\/wp-json\/wp\/v2\/pages\/74581?add-to-cart=1048213\"  data-quantity=\"1\" class=\"button product_type_simple add_to_cart_button ajax_add_to_cart add-to-cart-loop\" data-product_id=\"1048213\" data-product_sku=\"48963001\" aria-label=\"Add to cart: &ldquo;Baya, chaise de bar - pivotante - ressorts ensaches - selected choices&rdquo;\" rel=\"nofollow\" data-success_message=\"&ldquo;Baya, chaise de bar - pivotante - ressorts ensaches - selected choices&rdquo; has been added to your cart\"><span class=\"wd-action-icon\"><span class=\"wd-check-icon\"><\/span><\/span><span class=\"wd-action-text\">Panier<\/span><\/a><\/div>\n\t\t\t\t\t<div class=\"wd-quick-view-btn wd-quick-view-icon wd-action-btn wd-style-icon\">\n\t\t\t<a\n\t\t\t\thref=\"https:\/\/www.moensmeubelen.be\/fr\/produit\/48963001-fr_be\/\"\n\t\t\t\tclass=\"open-quick-view\"\n\t\t\t\trel=\"nofollow\"\n\t\t\t\tdata-id=\"1048213\"\n\t\t\t\t>\n\t\t\t\t\t<span class=\"wd-action-icon\"><\/span>\n\t\t\t\t\t<span class=\"wd-action-text\">\n\t\t\t\t\t\tQuick view\t\t\t\t\t<\/span>\n\t\t\t<\/a>\n\t\t<\/div>\n\t\t\t\t\t\t\t<div class=\"wd-compare-btn wd-action-btn wd-style-icon wd-compare-icon\">\n\t\t\t<a href=\"https:\/\/www.moensmeubelen.be\/fr\/vergelijk\/?product_id=1048212\" class=\"\" data-id=\"1048212\" rel=\"nofollow\">\n\t\t\t\t<span class=\"wd-action-icon\">\n\t\t\t\t\t<span class=\"wd-check-icon\"><\/span>\n\t\t\t\t<\/span>\n\t\t\t\t<span class=\"wd-action-text\">Comparer<\/span>\n\t\t\t<\/a>\n\t\t<\/div>\n\t\t\t\t\t\t\t<\/div>\n\t<\/div>\n\n\t<div class=\"product-element-bottom\">\n\t\t<h3 class=\"wd-entities-title\"><a href=\"https:\/\/www.moensmeubelen.be\/fr\/produit\/48963001-fr_be\/\">Baya, chaise de bar &#8211; pivotante &#8211; ressorts ensaches &#8211; selected choices<\/a><\/h3>\t\t\t\t\t\t\t\t\t\t\n\t<span class=\"price\"><span class=\"woocommerce-Price-amount amount\"><bdi><span class=\"woocommerce-Price-currencySymbol\" translate=\"no\">&euro;<\/span>219,00<\/bdi><\/span><\/span>\n\n\t\t<span class=\"gtm4wp_productdata\" style=\"display:none; visibility:hidden;\" data-gtm4wp_product_data=\"{&quot;internal_id&quot;:1048213,&quot;item_id&quot;:&quot;48963001&quot;,&quot;item_name&quot;:&quot;Baya, chaise de bar - pivotante - ressorts ensaches - selected choices&quot;,&quot;sku&quot;:&quot;48963001&quot;,&quot;price&quot;:219,&quot;stocklevel&quot;:null,&quot;stockstatus&quot;:&quot;instock&quot;,&quot;google_business_vertical&quot;:&quot;retail&quot;,&quot;item_category&quot;:&quot;vivre&quot;,&quot;item_category2&quot;:&quot;Chaises&quot;,&quot;item_category3&quot;:&quot;Tabourets de bar&quot;,&quot;id&quot;:&quot;48963001&quot;,&quot;productlink&quot;:&quot;https:\\\/\\\/www.moensmeubelen.be\\\/fr\\\/produit\\\/48963001-fr_be\\\/&quot;,&quot;item_list_name&quot;:&quot;General Product List&quot;,&quot;index&quot;:7,&quot;product_type&quot;:&quot;simple&quot;,&quot;item_brand&quot;:&quot;&quot;}\"><\/span>\t\t\t<input type=\"hidden\" class=\"pmwProductId\" data-id=\"1048213\">\n\t\t\t\t\t<script class=\"_iub_cs_skip\">\n\t\t\t(window.pmwDataLayer = window.pmwDataLayer || {}).products                = window.pmwDataLayer.products || {};\n\t\t\twindow.pmwDataLayer.products[1048213] = {\"id\":\"1048213\",\"sku\":\"48963001\",\"price\":219,\"brand\":\"\",\"quantity\":1,\"dyn_r_ids\":{\"post_id\":\"1048213\",\"sku\":\"48963001\",\"gpf\":\"woocommerce_gpf_1048213\",\"gla\":\"gla_1048213\"},\"is_variable\":false,\"type\":\"simple\",\"name\":\"Baya, chaise de bar - pivotante - ressorts ensaches - selected choices\",\"category\":[\"Barkrukken\"],\"is_variation\":false};\n\t\t\t\t\twindow.pmw_product_position = window.pmw_product_position || 1;\n\t\twindow.pmwDataLayer.products[1048213]['position'] = window.pmw_product_position++;\n\t\t\t\t<\/script>\n\t\t<div class=\"conditionele-tekst levertermijn-placeholder levertermijn-placeholder--plp\" data-aamss-sku=\"48963001\" data-aamss-product-id=\"1048213\" data-aamss-context=\"plp\" data-aamss-state=\"loading\" aria-busy=\"true\">Sur commande - d\u00e9lai de livraison 8-10 semaines<\/div>\n\t\t\t\t\n\t\t\t<\/div>\n<\/div>\n<\/div>\n<div class=\"wd-product wd-col wd-hover-tiled product-grid-item product type-product post-1047938 status-publish last instock product_cat-Armstoelen_fr_BE has-post-thumbnail taxable shipping-taxable purchasable product-type-simple\" data-loop=\"7\" data-id=\"1047938\">\n\t\n<div class=\"wd-product-wrapper product-wrapper\">\n\t<div class=\"wd-product-thumb product-element-top wd-quick-shop\">\n\t\t<a href=\"https:\/\/www.moensmeubelen.be\/fr\/produit\/59610001-fr_be\/\" class=\"wd-product-img-link product-image-link\" tabindex=\"-1\" aria-label=\"Baya, chaise \u00e0 accoudoirs &#8211; pivotante &#8211; naturel &#8211; ressorts ensaches &#8211; selected choices\">\n\t\t\t<img loading=\"lazy\" decoding=\"async\" width=\"300\" height=\"150\" src=\"https:\/\/www.moensmeubelen.be\/wp-content\/uploads\/2026\/08\/5eac5e8bef63fbb5bc195e200aaea02b4b295b3a_images_t_ll_m_558d776a1b7c4aa2b613c632700fd363_image-300x150.jpg\" class=\"attachment-300x150 size-300x150\" alt=\"\" title=\"\">\t\t<\/a>\n\n\t\t\t\t\t<div class=\"wd-product-img-hover hover-img\">\n\t\t\t\t<img loading=\"lazy\" decoding=\"async\" width=\"300\" height=\"150\" src=\"https:\/\/www.moensmeubelen.be\/wp-content\/uploads\/2026\/08\/6e787d0ee145338886c42e37a8bb50e3ea12c804_images_t_ll_m_bd17cca09db64caf880f4fa9901c2386_image-300x150.jpg\" class=\"attachment-300x150 size-300x150\" alt=\"\" title=\"\">\t\t\t<\/div>\n\t\t\t\n\t\t<div class=\"wd-buttons wd-pos-r-t\">\n\t\t\t\t\t\t<div class=\"wd-add-btn wd-action-btn wd-style-icon wd-add-cart-icon\"><a href=\"\/fr\/wp-json\/wp\/v2\/pages\/74581?add-to-cart=1047938\"  data-quantity=\"1\" class=\"button product_type_simple add_to_cart_button ajax_add_to_cart add-to-cart-loop\" data-product_id=\"1047938\" data-product_sku=\"59610001\" aria-label=\"Add to cart: &ldquo;Baya, chaise \u00e0 accoudoirs - pivotante - naturel - ressorts ensaches - selected choices&rdquo;\" rel=\"nofollow\" data-success_message=\"&ldquo;Baya, chaise \u00e0 accoudoirs - pivotante - naturel - ressorts ensaches - selected choices&rdquo; has been added to your cart\"><span class=\"wd-action-icon\"><span class=\"wd-check-icon\"><\/span><\/span><span class=\"wd-action-text\">Panier<\/span><\/a><\/div>\n\t\t\t\t\t<div class=\"wd-quick-view-btn wd-quick-view-icon wd-action-btn wd-style-icon\">\n\t\t\t<a\n\t\t\t\thref=\"https:\/\/www.moensmeubelen.be\/fr\/produit\/59610001-fr_be\/\"\n\t\t\t\tclass=\"open-quick-view\"\n\t\t\t\trel=\"nofollow\"\n\t\t\t\tdata-id=\"1047938\"\n\t\t\t\t>\n\t\t\t\t\t<span class=\"wd-action-icon\"><\/span>\n\t\t\t\t\t<span class=\"wd-action-text\">\n\t\t\t\t\t\tQuick view\t\t\t\t\t<\/span>\n\t\t\t<\/a>\n\t\t<\/div>\n\t\t\t\t\t\t\t<div class=\"wd-compare-btn wd-action-btn wd-style-icon wd-compare-icon\">\n\t\t\t<a href=\"https:\/\/www.moensmeubelen.be\/fr\/vergelijk\/?product_id=1047937\" class=\"\" data-id=\"1047937\" rel=\"nofollow\">\n\t\t\t\t<span class=\"wd-action-icon\">\n\t\t\t\t\t<span class=\"wd-check-icon\"><\/span>\n\t\t\t\t<\/span>\n\t\t\t\t<span class=\"wd-action-text\">Comparer<\/span>\n\t\t\t<\/a>\n\t\t<\/div>\n\t\t\t\t\t\t\t<\/div>\n\t<\/div>\n\n\t<div class=\"product-element-bottom\">\n\t\t<h3 class=\"wd-entities-title\"><a href=\"https:\/\/www.moensmeubelen.be\/fr\/produit\/59610001-fr_be\/\">Baya, chaise \u00e0 accoudoirs &#8211; pivotante &#8211; naturel &#8211; ressorts ensaches &#8211; selected choices<\/a><\/h3>\t\t\t\t\t\t\t\t\t\t\n\t<span class=\"price\"><span class=\"woocommerce-Price-amount amount\"><bdi><span class=\"woocommerce-Price-currencySymbol\" translate=\"no\">&euro;<\/span>229,00<\/bdi><\/span><\/span>\n\n\t\t<span class=\"gtm4wp_productdata\" style=\"display:none; visibility:hidden;\" data-gtm4wp_product_data=\"{&quot;internal_id&quot;:1047938,&quot;item_id&quot;:&quot;59610001&quot;,&quot;item_name&quot;:&quot;Baya, chaise \\u00e0 accoudoirs - pivotante - naturel - ressorts ensaches - selected choices&quot;,&quot;sku&quot;:&quot;59610001&quot;,&quot;price&quot;:229,&quot;stocklevel&quot;:null,&quot;stockstatus&quot;:&quot;instock&quot;,&quot;google_business_vertical&quot;:&quot;retail&quot;,&quot;item_category&quot;:&quot;vivre&quot;,&quot;item_category2&quot;:&quot;Chaises&quot;,&quot;item_category3&quot;:&quot;Fauteuils&quot;,&quot;id&quot;:&quot;59610001&quot;,&quot;productlink&quot;:&quot;https:\\\/\\\/www.moensmeubelen.be\\\/fr\\\/produit\\\/59610001-fr_be\\\/&quot;,&quot;item_list_name&quot;:&quot;General Product List&quot;,&quot;index&quot;:8,&quot;product_type&quot;:&quot;simple&quot;,&quot;item_brand&quot;:&quot;&quot;}\"><\/span>\t\t\t<input type=\"hidden\" class=\"pmwProductId\" data-id=\"1047938\">\n\t\t\t\t\t<script class=\"_iub_cs_skip\">\n\t\t\t(window.pmwDataLayer = window.pmwDataLayer || {}).products                = window.pmwDataLayer.products || {};\n\t\t\twindow.pmwDataLayer.products[1047938] = {\"id\":\"1047938\",\"sku\":\"59610001\",\"price\":229,\"brand\":\"\",\"quantity\":1,\"dyn_r_ids\":{\"post_id\":\"1047938\",\"sku\":\"59610001\",\"gpf\":\"woocommerce_gpf_1047938\",\"gla\":\"gla_1047938\"},\"is_variable\":false,\"type\":\"simple\",\"name\":\"Baya, chaise \u00e0 accoudoirs - pivotante - naturel - ressorts ensaches - selected choices\",\"category\":[\"Fauteuils\",\"Fauteuils\"],\"is_variation\":false};\n\t\t\t\t\twindow.pmw_product_position = window.pmw_product_position || 1;\n\t\twindow.pmwDataLayer.products[1047938]['position'] = window.pmw_product_position++;\n\t\t\t\t<\/script>\n\t\t<div class=\"conditionele-tekst levertermijn-placeholder levertermijn-placeholder--plp\" data-aamss-sku=\"59610001\" data-aamss-product-id=\"1047938\" data-aamss-context=\"plp\" data-aamss-state=\"loading\" aria-busy=\"true\">Sur commande - d\u00e9lai de livraison 8-10 semaines, Sur commande - d\u00e9lai de livraison 8-10 semaines<\/div>\n\t\t\t\t\n\t\t\t<\/div>\n<\/div>\n<\/div>\n<div class=\"wd-product wd-col wd-hover-tiled product-grid-item product type-product post-1047930 status-publish first instock product_cat-Armstoelen_fr_BE has-post-thumbnail taxable shipping-taxable purchasable product-type-simple\" data-loop=\"8\" data-id=\"1047930\">\n\t\n<div class=\"wd-product-wrapper product-wrapper\">\n\t<div class=\"wd-product-thumb product-element-top wd-quick-shop\">\n\t\t<a href=\"https:\/\/www.moensmeubelen.be\/fr\/produit\/59609001-fr_be\/\" class=\"wd-product-img-link product-image-link\" tabindex=\"-1\" aria-label=\"Baya, chaise \u00e0 accoudoirs &#8211; ressorts ensaches &#8211; selected choices\">\n\t\t\t<img loading=\"lazy\" decoding=\"async\" width=\"300\" height=\"150\" src=\"https:\/\/www.moensmeubelen.be\/wp-content\/uploads\/2026\/08\/ac44558c0454a91b763977761e9aa92dc83aaa5c_images_t_ll_m_579529ec2e5f4416a54fd3b0fd54c1fd_image-300x150.jpg\" class=\"attachment-300x150 size-300x150\" alt=\"\" title=\"\">\t\t<\/a>\n\n\t\t\t\t\t<div class=\"wd-product-img-hover hover-img\">\n\t\t\t\t<img loading=\"lazy\" decoding=\"async\" width=\"300\" height=\"150\" src=\"https:\/\/www.moensmeubelen.be\/wp-content\/uploads\/2026\/08\/8bc70637d4857a713ba9ffe2917a9813ce5da172_images_t_ll_m_12824cbc547e4679bca31ec845192045_image-300x150.jpg\" class=\"attachment-300x150 size-300x150\" alt=\"\" title=\"\">\t\t\t<\/div>\n\t\t\t\n\t\t<div class=\"wd-buttons wd-pos-r-t\">\n\t\t\t\t\t\t<div class=\"wd-add-btn wd-action-btn wd-style-icon wd-add-cart-icon\"><a href=\"\/fr\/wp-json\/wp\/v2\/pages\/74581?add-to-cart=1047930\"  data-quantity=\"1\" class=\"button product_type_simple add_to_cart_button ajax_add_to_cart add-to-cart-loop\" data-product_id=\"1047930\" data-product_sku=\"59609001\" aria-label=\"Add to cart: &ldquo;Baya, chaise \u00e0 accoudoirs - ressorts ensaches - selected choices&rdquo;\" rel=\"nofollow\" data-success_message=\"&ldquo;Baya, chaise \u00e0 accoudoirs - ressorts ensaches - selected choices&rdquo; has been added to your cart\"><span class=\"wd-action-icon\"><span class=\"wd-check-icon\"><\/span><\/span><span class=\"wd-action-text\">Panier<\/span><\/a><\/div>\n\t\t\t\t\t<div class=\"wd-quick-view-btn wd-quick-view-icon wd-action-btn wd-style-icon\">\n\t\t\t<a\n\t\t\t\thref=\"https:\/\/www.moensmeubelen.be\/fr\/produit\/59609001-fr_be\/\"\n\t\t\t\tclass=\"open-quick-view\"\n\t\t\t\trel=\"nofollow\"\n\t\t\t\tdata-id=\"1047930\"\n\t\t\t\t>\n\t\t\t\t\t<span class=\"wd-action-icon\"><\/span>\n\t\t\t\t\t<span class=\"wd-action-text\">\n\t\t\t\t\t\tQuick view\t\t\t\t\t<\/span>\n\t\t\t<\/a>\n\t\t<\/div>\n\t\t\t\t\t\t\t<div class=\"wd-compare-btn wd-action-btn wd-style-icon wd-compare-icon\">\n\t\t\t<a href=\"https:\/\/www.moensmeubelen.be\/fr\/vergelijk\/?product_id=1047929\" class=\"\" data-id=\"1047929\" rel=\"nofollow\">\n\t\t\t\t<span class=\"wd-action-icon\">\n\t\t\t\t\t<span class=\"wd-check-icon\"><\/span>\n\t\t\t\t<\/span>\n\t\t\t\t<span class=\"wd-action-text\">Comparer<\/span>\n\t\t\t<\/a>\n\t\t<\/div>\n\t\t\t\t\t\t\t<\/div>\n\t<\/div>\n\n\t<div class=\"product-element-bottom\">\n\t\t<h3 class=\"wd-entities-title\"><a href=\"https:\/\/www.moensmeubelen.be\/fr\/produit\/59609001-fr_be\/\">Baya, chaise \u00e0 accoudoirs &#8211; ressorts ensaches &#8211; selected choices<\/a><\/h3>\t\t\t\t\t\t\t\t\t\t\n\t<span class=\"price\"><span class=\"woocommerce-Price-amount amount\"><bdi><span class=\"woocommerce-Price-currencySymbol\" translate=\"no\">&euro;<\/span>199,00<\/bdi><\/span><\/span>\n\n\t\t<span class=\"gtm4wp_productdata\" style=\"display:none; visibility:hidden;\" data-gtm4wp_product_data=\"{&quot;internal_id&quot;:1047930,&quot;item_id&quot;:&quot;59609001&quot;,&quot;item_name&quot;:&quot;Baya, chaise \\u00e0 accoudoirs - ressorts ensaches - selected choices&quot;,&quot;sku&quot;:&quot;59609001&quot;,&quot;price&quot;:199,&quot;stocklevel&quot;:null,&quot;stockstatus&quot;:&quot;instock&quot;,&quot;google_business_vertical&quot;:&quot;retail&quot;,&quot;item_category&quot;:&quot;vivre&quot;,&quot;item_category2&quot;:&quot;Chaises&quot;,&quot;item_category3&quot;:&quot;Fauteuils&quot;,&quot;id&quot;:&quot;59609001&quot;,&quot;productlink&quot;:&quot;https:\\\/\\\/www.moensmeubelen.be\\\/fr\\\/produit\\\/59609001-fr_be\\\/&quot;,&quot;item_list_name&quot;:&quot;General Product List&quot;,&quot;index&quot;:9,&quot;product_type&quot;:&quot;simple&quot;,&quot;item_brand&quot;:&quot;&quot;}\"><\/span>\t\t\t<input type=\"hidden\" class=\"pmwProductId\" data-id=\"1047930\">\n\t\t\t\t\t<script class=\"_iub_cs_skip\">\n\t\t\t(window.pmwDataLayer = window.pmwDataLayer || {}).products                = window.pmwDataLayer.products || {};\n\t\t\twindow.pmwDataLayer.products[1047930] = {\"id\":\"1047930\",\"sku\":\"59609001\",\"price\":199,\"brand\":\"\",\"quantity\":1,\"dyn_r_ids\":{\"post_id\":\"1047930\",\"sku\":\"59609001\",\"gpf\":\"woocommerce_gpf_1047930\",\"gla\":\"gla_1047930\"},\"is_variable\":false,\"type\":\"simple\",\"name\":\"Baya, chaise \u00e0 accoudoirs - ressorts ensaches - selected choices\",\"category\":[\"Fauteuils\"],\"is_variation\":false};\n\t\t\t\t\twindow.pmw_product_position = window.pmw_product_position || 1;\n\t\twindow.pmwDataLayer.products[1047930]['position'] = window.pmw_product_position++;\n\t\t\t\t<\/script>\n\t\t<div class=\"conditionele-tekst levertermijn-placeholder levertermijn-placeholder--plp\" data-aamss-sku=\"59609001\" data-aamss-product-id=\"1047930\" data-aamss-context=\"plp\" data-aamss-state=\"loading\" aria-busy=\"true\">Sur commande - d\u00e9lai de livraison 8-10 semaines<\/div>\n\t\t\t\t\n\t\t\t<\/div>\n<\/div>\n<\/div>\n<div class=\"wd-product wd-col wd-hover-tiled product-grid-item product type-product post-1047922 status-publish instock product_cat-decoratie_fr_BE has-post-thumbnail taxable shipping-taxable purchasable product-type-simple\" data-loop=\"9\" data-id=\"1047922\">\n\t\n<div class=\"wd-product-wrapper product-wrapper\">\n\t<div class=\"wd-product-thumb product-element-top wd-quick-shop\">\n\t\t<a href=\"https:\/\/www.moensmeubelen.be\/fr\/produit\/58019mnt-fr_be\/\" class=\"wd-product-img-link product-image-link\" tabindex=\"-1\" aria-label=\"Rhea vase h32cm\">\n\t\t\t<img loading=\"lazy\" decoding=\"async\" width=\"300\" height=\"150\" src=\"https:\/\/www.moensmeubelen.be\/wp-content\/uploads\/2026\/08\/70db5b8d33d51cc3e7dbc4525d2ec61eba860d1d_images_t_ll_m_ab44532547084bbb810234d8278e5fe7_image-300x150.jpg\" class=\"attachment-300x150 size-300x150\" alt=\"\" title=\"\">\t\t<\/a>\n\n\t\t\t\t\t<div class=\"wd-product-img-hover hover-img\">\n\t\t\t\t<img loading=\"lazy\" decoding=\"async\" width=\"300\" height=\"150\" src=\"https:\/\/www.moensmeubelen.be\/wp-content\/uploads\/2026\/08\/4b19e4d3934f6577ed94ac13018cb16223b877ba_images_t_ll_m_7c82e31d37e04684aeb31057fe5b48ef_image-300x150.jpg\" class=\"attachment-300x150 size-300x150\" alt=\"\" title=\"\">\t\t\t<\/div>\n\t\t\t\n\t\t<div class=\"wd-buttons wd-pos-r-t\">\n\t\t\t\t\t\t<div class=\"wd-add-btn wd-action-btn wd-style-icon wd-add-cart-icon\"><a href=\"\/fr\/wp-json\/wp\/v2\/pages\/74581?add-to-cart=1047922\"  data-quantity=\"1\" class=\"button product_type_simple add_to_cart_button ajax_add_to_cart add-to-cart-loop\" data-product_id=\"1047922\" data-product_sku=\"58019MNT\" aria-label=\"Add to cart: &ldquo;Rhea vase h32cm&rdquo;\" rel=\"nofollow\" data-success_message=\"&ldquo;Rhea vase h32cm&rdquo; has been added to your cart\"><span class=\"wd-action-icon\"><span class=\"wd-check-icon\"><\/span><\/span><span class=\"wd-action-text\">Panier<\/span><\/a><\/div>\n\t\t\t\t\t<div class=\"wd-quick-view-btn wd-quick-view-icon wd-action-btn wd-style-icon\">\n\t\t\t<a\n\t\t\t\thref=\"https:\/\/www.moensmeubelen.be\/fr\/produit\/58019mnt-fr_be\/\"\n\t\t\t\tclass=\"open-quick-view\"\n\t\t\t\trel=\"nofollow\"\n\t\t\t\tdata-id=\"1047922\"\n\t\t\t\t>\n\t\t\t\t\t<span class=\"wd-action-icon\"><\/span>\n\t\t\t\t\t<span class=\"wd-action-text\">\n\t\t\t\t\t\tQuick view\t\t\t\t\t<\/span>\n\t\t\t<\/a>\n\t\t<\/div>\n\t\t\t\t\t\t\t<div class=\"wd-compare-btn wd-action-btn wd-style-icon wd-compare-icon\">\n\t\t\t<a href=\"https:\/\/www.moensmeubelen.be\/fr\/vergelijk\/?product_id=1047921\" class=\"\" data-id=\"1047921\" rel=\"nofollow\">\n\t\t\t\t<span class=\"wd-action-icon\">\n\t\t\t\t\t<span class=\"wd-check-icon\"><\/span>\n\t\t\t\t<\/span>\n\t\t\t\t<span class=\"wd-action-text\">Comparer<\/span>\n\t\t\t<\/a>\n\t\t<\/div>\n\t\t\t\t\t\t\t<\/div>\n\t<\/div>\n\n\t<div class=\"product-element-bottom\">\n\t\t<h3 class=\"wd-entities-title\"><a href=\"https:\/\/www.moensmeubelen.be\/fr\/produit\/58019mnt-fr_be\/\">Rhea vase h32cm<\/a><\/h3>\t\t\t\t\t\t\t\t\t\t\n\t<span class=\"price\"><span class=\"woocommerce-Price-amount amount\"><bdi><span class=\"woocommerce-Price-currencySymbol\" translate=\"no\">&euro;<\/span>69,00<\/bdi><\/span><\/span>\n\n\t\t<span class=\"gtm4wp_productdata\" style=\"display:none; visibility:hidden;\" data-gtm4wp_product_data=\"{&quot;internal_id&quot;:1047922,&quot;item_id&quot;:&quot;58019MNT&quot;,&quot;item_name&quot;:&quot;Rhea vase h32cm&quot;,&quot;sku&quot;:&quot;58019MNT&quot;,&quot;price&quot;:69,&quot;stocklevel&quot;:null,&quot;stockstatus&quot;:&quot;instock&quot;,&quot;google_business_vertical&quot;:&quot;retail&quot;,&quot;item_category&quot;:&quot;vivre&quot;,&quot;item_category2&quot;:&quot;Decoration&quot;,&quot;id&quot;:&quot;58019MNT&quot;,&quot;productlink&quot;:&quot;https:\\\/\\\/www.moensmeubelen.be\\\/fr\\\/produit\\\/58019mnt-fr_be\\\/&quot;,&quot;item_list_name&quot;:&quot;General Product List&quot;,&quot;index&quot;:10,&quot;product_type&quot;:&quot;simple&quot;,&quot;item_brand&quot;:&quot;&quot;}\"><\/span>\t\t\t<input type=\"hidden\" class=\"pmwProductId\" data-id=\"1047922\">\n\t\t\t\t\t<script class=\"_iub_cs_skip\">\n\t\t\t(window.pmwDataLayer = window.pmwDataLayer || {}).products                = window.pmwDataLayer.products || {};\n\t\t\twindow.pmwDataLayer.products[1047922] = {\"id\":\"1047922\",\"sku\":\"58019MNT\",\"price\":69,\"brand\":\"\",\"quantity\":1,\"dyn_r_ids\":{\"post_id\":\"1047922\",\"sku\":\"58019MNT\",\"gpf\":\"woocommerce_gpf_1047922\",\"gla\":\"gla_1047922\"},\"is_variable\":false,\"type\":\"simple\",\"name\":\"Rhea vase h32cm\",\"category\":[\"Decoration\",\"Decoration\"],\"is_variation\":false};\n\t\t\t\t\twindow.pmw_product_position = window.pmw_product_position || 1;\n\t\twindow.pmwDataLayer.products[1047922]['position'] = window.pmw_product_position++;\n\t\t\t\t<\/script>\n\t\t<div class=\"conditionele-tekst levertermijn-placeholder levertermijn-placeholder--plp\" data-aamss-sku=\"58019MNT\" data-aamss-product-id=\"1047922\" data-aamss-context=\"plp\" data-aamss-state=\"loading\" aria-busy=\"true\">En stock - livraison sous 3 semaines, En stock - livraison 3 semaines<\/div>\n\t\t\t\t\n\t\t\t<\/div>\n<\/div>\n<\/div>\n<div class=\"wd-product wd-col wd-hover-tiled product-grid-item product type-product post-1047914 status-publish instock product_cat-decoratie_fr_BE has-post-thumbnail taxable shipping-taxable purchasable product-type-simple\" data-loop=\"10\" data-id=\"1047914\">\n\t\n<div class=\"wd-product-wrapper product-wrapper\">\n\t<div class=\"wd-product-thumb product-element-top wd-quick-shop\">\n\t\t<a href=\"https:\/\/www.moensmeubelen.be\/fr\/produit\/58018mnt-fr_be\/\" class=\"wd-product-img-link product-image-link\" tabindex=\"-1\" aria-label=\"Rhea vase H52CM\">\n\t\t\t<img loading=\"lazy\" decoding=\"async\" width=\"300\" height=\"150\" src=\"https:\/\/www.moensmeubelen.be\/wp-content\/uploads\/2026\/08\/d8b7b25998571c7c1832f7c3e1d226cb4de2539d_images_t_ll_m_fcd70c57d7224331bfc4c4608f4341fd_image-300x150.jpg\" class=\"attachment-300x150 size-300x150\" alt=\"\" title=\"\">\t\t<\/a>\n\n\t\t\t\t\t<div class=\"wd-product-img-hover hover-img\">\n\t\t\t\t<img loading=\"lazy\" decoding=\"async\" width=\"300\" height=\"150\" src=\"https:\/\/www.moensmeubelen.be\/wp-content\/uploads\/2026\/08\/a2cd7f353df47af5590281c5f4937e02ec331f50_images_t_ll_m_38687c7dafbf4729963e0f92433cd4a0_image-300x150.jpg\" class=\"attachment-300x150 size-300x150\" alt=\"\" title=\"\">\t\t\t<\/div>\n\t\t\t\n\t\t<div class=\"wd-buttons wd-pos-r-t\">\n\t\t\t\t\t\t<div class=\"wd-add-btn wd-action-btn wd-style-icon wd-add-cart-icon\"><a href=\"\/fr\/wp-json\/wp\/v2\/pages\/74581?add-to-cart=1047914\"  data-quantity=\"1\" class=\"button product_type_simple add_to_cart_button ajax_add_to_cart add-to-cart-loop\" data-product_id=\"1047914\" data-product_sku=\"58018MNT\" aria-label=\"Add to cart: &ldquo;Rhea vase H52CM&rdquo;\" rel=\"nofollow\" data-success_message=\"&ldquo;Rhea vase H52CM&rdquo; has been added to your cart\"><span class=\"wd-action-icon\"><span class=\"wd-check-icon\"><\/span><\/span><span class=\"wd-action-text\">Panier<\/span><\/a><\/div>\n\t\t\t\t\t<div class=\"wd-quick-view-btn wd-quick-view-icon wd-action-btn wd-style-icon\">\n\t\t\t<a\n\t\t\t\thref=\"https:\/\/www.moensmeubelen.be\/fr\/produit\/58018mnt-fr_be\/\"\n\t\t\t\tclass=\"open-quick-view\"\n\t\t\t\trel=\"nofollow\"\n\t\t\t\tdata-id=\"1047914\"\n\t\t\t\t>\n\t\t\t\t\t<span class=\"wd-action-icon\"><\/span>\n\t\t\t\t\t<span class=\"wd-action-text\">\n\t\t\t\t\t\tQuick view\t\t\t\t\t<\/span>\n\t\t\t<\/a>\n\t\t<\/div>\n\t\t\t\t\t\t\t<div class=\"wd-compare-btn wd-action-btn wd-style-icon wd-compare-icon\">\n\t\t\t<a href=\"https:\/\/www.moensmeubelen.be\/fr\/vergelijk\/?product_id=1047913\" class=\"\" data-id=\"1047913\" rel=\"nofollow\">\n\t\t\t\t<span class=\"wd-action-icon\">\n\t\t\t\t\t<span class=\"wd-check-icon\"><\/span>\n\t\t\t\t<\/span>\n\t\t\t\t<span class=\"wd-action-text\">Comparer<\/span>\n\t\t\t<\/a>\n\t\t<\/div>\n\t\t\t\t\t\t\t<\/div>\n\t<\/div>\n\n\t<div class=\"product-element-bottom\">\n\t\t<h3 class=\"wd-entities-title\"><a href=\"https:\/\/www.moensmeubelen.be\/fr\/produit\/58018mnt-fr_be\/\">Rhea vase H52CM<\/a><\/h3>\t\t\t\t\t\t\t\t\t\t\n\t<span class=\"price\"><span class=\"woocommerce-Price-amount amount\"><bdi><span class=\"woocommerce-Price-currencySymbol\" translate=\"no\">&euro;<\/span>89,00<\/bdi><\/span><\/span>\n\n\t\t<span class=\"gtm4wp_productdata\" style=\"display:none; visibility:hidden;\" data-gtm4wp_product_data=\"{&quot;internal_id&quot;:1047914,&quot;item_id&quot;:&quot;58018MNT&quot;,&quot;item_name&quot;:&quot;Rhea vase H52CM&quot;,&quot;sku&quot;:&quot;58018MNT&quot;,&quot;price&quot;:89,&quot;stocklevel&quot;:null,&quot;stockstatus&quot;:&quot;instock&quot;,&quot;google_business_vertical&quot;:&quot;retail&quot;,&quot;item_category&quot;:&quot;vivre&quot;,&quot;item_category2&quot;:&quot;Decoration&quot;,&quot;id&quot;:&quot;58018MNT&quot;,&quot;productlink&quot;:&quot;https:\\\/\\\/www.moensmeubelen.be\\\/fr\\\/produit\\\/58018mnt-fr_be\\\/&quot;,&quot;item_list_name&quot;:&quot;General Product List&quot;,&quot;index&quot;:11,&quot;product_type&quot;:&quot;simple&quot;,&quot;item_brand&quot;:&quot;&quot;}\"><\/span>\t\t\t<input type=\"hidden\" class=\"pmwProductId\" data-id=\"1047914\">\n\t\t\t\t\t<script class=\"_iub_cs_skip\">\n\t\t\t(window.pmwDataLayer = window.pmwDataLayer || {}).products                = window.pmwDataLayer.products || {};\n\t\t\twindow.pmwDataLayer.products[1047914] = {\"id\":\"1047914\",\"sku\":\"58018MNT\",\"price\":89,\"brand\":\"\",\"quantity\":1,\"dyn_r_ids\":{\"post_id\":\"1047914\",\"sku\":\"58018MNT\",\"gpf\":\"woocommerce_gpf_1047914\",\"gla\":\"gla_1047914\"},\"is_variable\":false,\"type\":\"simple\",\"name\":\"Rhea vase H52CM\",\"category\":[\"Decoration\"],\"is_variation\":false};\n\t\t\t\t\twindow.pmw_product_position = window.pmw_product_position || 1;\n\t\twindow.pmwDataLayer.products[1047914]['position'] = window.pmw_product_position++;\n\t\t\t\t<\/script>\n\t\t<div class=\"conditionele-tekst levertermijn-placeholder levertermijn-placeholder--plp\" data-aamss-sku=\"58018MNT\" data-aamss-product-id=\"1047914\" data-aamss-context=\"plp\" data-aamss-state=\"loading\" aria-busy=\"true\">En stock - livraison sous 3 semaines, En stock - livraison 3 semaines<\/div>\n\t\t\t\t\n\t\t\t<\/div>\n<\/div>\n<\/div>\n<div class=\"wd-product wd-col wd-hover-tiled product-grid-item product type-product post-1047896 status-publish last instock product_cat-salontafels_fr_be has-post-thumbnail taxable shipping-taxable purchasable product-type-simple\" data-loop=\"11\" data-id=\"1047896\">\n\t\n<div class=\"wd-product-wrapper product-wrapper\">\n\t<div class=\"wd-product-thumb product-element-top wd-quick-shop\">\n\t\t<a href=\"https:\/\/www.moensmeubelen.be\/fr\/produit\/56840tra-fr_be\/\" class=\"wd-product-img-link product-image-link\" tabindex=\"-1\" aria-label=\"Mogana, Table basse 72 x 60 cm, primo laminato (HPL), pieds brun acier &#8211; Travertin\">\n\t\t\t<img loading=\"lazy\" decoding=\"async\" width=\"300\" height=\"150\" src=\"https:\/\/www.moensmeubelen.be\/wp-content\/uploads\/2026\/08\/fafe11e5b858e86bb3073402c75ce19dae76e760_images_t_ll_m_c9fd9fe366844a93abc18c438e7897e9_image-300x150.jpg\" class=\"attachment-300x150 size-300x150\" alt=\"\" title=\"\">\t\t<\/a>\n\n\t\t\t\t\t<div class=\"wd-product-img-hover hover-img\">\n\t\t\t\t<img loading=\"lazy\" decoding=\"async\" width=\"300\" height=\"150\" src=\"https:\/\/www.moensmeubelen.be\/wp-content\/uploads\/2026\/08\/0c199e1d870fe512b59f5c1eeffedb7d3d12f198_images_t_ll_m_99230fb946114fd3b0155e0ff054206e_image-300x150.jpg\" class=\"attachment-300x150 size-300x150\" alt=\"\" title=\"\">\t\t\t<\/div>\n\t\t\t\n\t\t<div class=\"wd-buttons wd-pos-r-t\">\n\t\t\t\t\t\t<div class=\"wd-add-btn wd-action-btn wd-style-icon wd-add-cart-icon\"><a href=\"\/fr\/wp-json\/wp\/v2\/pages\/74581?add-to-cart=1047896\"  data-quantity=\"1\" class=\"button product_type_simple add_to_cart_button ajax_add_to_cart add-to-cart-loop\" data-product_id=\"1047896\" data-product_sku=\"56840TRA\" aria-label=\"Add to cart: &ldquo;Mogana, Table basse 72 x 60 cm, primo laminato (HPL), pieds brun acier - Travertin&rdquo;\" rel=\"nofollow\" data-success_message=\"&ldquo;Mogana, Table basse 72 x 60 cm, primo laminato (HPL), pieds brun acier - Travertin&rdquo; has been added to your cart\"><span class=\"wd-action-icon\"><span class=\"wd-check-icon\"><\/span><\/span><span class=\"wd-action-text\">Panier<\/span><\/a><\/div>\n\t\t\t\t\t<div class=\"wd-quick-view-btn wd-quick-view-icon wd-action-btn wd-style-icon\">\n\t\t\t<a\n\t\t\t\thref=\"https:\/\/www.moensmeubelen.be\/fr\/produit\/56840tra-fr_be\/\"\n\t\t\t\tclass=\"open-quick-view\"\n\t\t\t\trel=\"nofollow\"\n\t\t\t\tdata-id=\"1047896\"\n\t\t\t\t>\n\t\t\t\t\t<span class=\"wd-action-icon\"><\/span>\n\t\t\t\t\t<span class=\"wd-action-text\">\n\t\t\t\t\t\tQuick view\t\t\t\t\t<\/span>\n\t\t\t<\/a>\n\t\t<\/div>\n\t\t\t\t\t\t\t<div class=\"wd-compare-btn wd-action-btn wd-style-icon wd-compare-icon\">\n\t\t\t<a href=\"https:\/\/www.moensmeubelen.be\/fr\/vergelijk\/?product_id=1047895\" class=\"\" data-id=\"1047895\" rel=\"nofollow\">\n\t\t\t\t<span class=\"wd-action-icon\">\n\t\t\t\t\t<span class=\"wd-check-icon\"><\/span>\n\t\t\t\t<\/span>\n\t\t\t\t<span class=\"wd-action-text\">Comparer<\/span>\n\t\t\t<\/a>\n\t\t<\/div>\n\t\t\t\t\t\t\t<\/div>\n\t<\/div>\n\n\t<div class=\"product-element-bottom\">\n\t\t<h3 class=\"wd-entities-title\"><a href=\"https:\/\/www.moensmeubelen.be\/fr\/produit\/56840tra-fr_be\/\">Mogana, Table basse 72 x 60 cm, primo laminato (HPL), pieds brun acier &#8211; Travertin<\/a><\/h3>\t\t\t\t\t\t\t\t\t\t\n\t<span class=\"price\"><span class=\"woocommerce-Price-amount amount\"><bdi><span class=\"woocommerce-Price-currencySymbol\" translate=\"no\">&euro;<\/span>199,00<\/bdi><\/span><\/span>\n\n\t\t<span class=\"gtm4wp_productdata\" style=\"display:none; visibility:hidden;\" data-gtm4wp_product_data=\"{&quot;internal_id&quot;:1047896,&quot;item_id&quot;:&quot;56840TRA&quot;,&quot;item_name&quot;:&quot;Mogana, Table basse 72 x 60 cm, primo laminato (HPL), pieds brun acier - Travertin&quot;,&quot;sku&quot;:&quot;56840TRA&quot;,&quot;price&quot;:199,&quot;stocklevel&quot;:null,&quot;stockstatus&quot;:&quot;instock&quot;,&quot;google_business_vertical&quot;:&quot;retail&quot;,&quot;item_category&quot;:&quot;vivre&quot;,&quot;item_category2&quot;:&quot;Tables&quot;,&quot;item_category3&quot;:&quot;Tables basses&quot;,&quot;id&quot;:&quot;56840TRA&quot;,&quot;productlink&quot;:&quot;https:\\\/\\\/www.moensmeubelen.be\\\/fr\\\/produit\\\/56840tra-fr_be\\\/&quot;,&quot;item_list_name&quot;:&quot;General Product List&quot;,&quot;index&quot;:12,&quot;product_type&quot;:&quot;simple&quot;,&quot;item_brand&quot;:&quot;&quot;}\"><\/span>\t\t\t<input type=\"hidden\" class=\"pmwProductId\" data-id=\"1047896\">\n\t\t\t\t\t<script class=\"_iub_cs_skip\">\n\t\t\t(window.pmwDataLayer = window.pmwDataLayer || {}).products                = window.pmwDataLayer.products || {};\n\t\t\twindow.pmwDataLayer.products[1047896] = {\"id\":\"1047896\",\"sku\":\"56840TRA\",\"price\":199,\"brand\":\"\",\"quantity\":1,\"dyn_r_ids\":{\"post_id\":\"1047896\",\"sku\":\"56840TRA\",\"gpf\":\"woocommerce_gpf_1047896\",\"gla\":\"gla_1047896\"},\"is_variable\":false,\"type\":\"simple\",\"name\":\"Mogana, Table basse 72 x 60 cm, primo laminato (HPL), pieds brun acier - Travertin\",\"category\":[\"Tables basses\"],\"is_variation\":false};\n\t\t\t\t\twindow.pmw_product_position = window.pmw_product_position || 1;\n\t\twindow.pmwDataLayer.products[1047896]['position'] = window.pmw_product_position++;\n\t\t\t\t<\/script>\n\t\t<div class=\"conditionele-tekst levertermijn-placeholder levertermijn-placeholder--plp\" data-aamss-sku=\"56840TRA\" data-aamss-product-id=\"1047896\" data-aamss-context=\"plp\" data-aamss-state=\"loading\" aria-busy=\"true\">En stock - livraison sous 3 semaines, En stock - livraison sous 3 semaines, En stock - livraison 3 semaines<\/div>\n\t\t\t\t\n\t\t\t<\/div>\n<\/div>\n<\/div>\n<div class=\"wd-product wd-col wd-hover-tiled product-grid-item product type-product post-1047888 status-publish first instock product_cat-salontafels_fr_be has-post-thumbnail taxable shipping-taxable purchasable product-type-simple\" data-loop=\"12\" data-id=\"1047888\">\n\t\n<div class=\"wd-product-wrapper product-wrapper\">\n\t<div class=\"wd-product-thumb product-element-top wd-quick-shop\">\n\t\t<a href=\"https:\/\/www.moensmeubelen.be\/fr\/produit\/56840mbr-fr_be\/\" class=\"wd-product-img-link product-image-link\" tabindex=\"-1\" aria-label=\"Mogana, Table basse 72 x 60 cm, primo laminato (HPL), pieds brun acier &#8211; marble brown\">\n\t\t\t<img loading=\"lazy\" decoding=\"async\" width=\"300\" height=\"150\" src=\"https:\/\/www.moensmeubelen.be\/wp-content\/uploads\/2026\/08\/cec505b3171ac8ede1a0078bbe7e64967b03f1c7_images_t_ll_m_93b9101a44164d0994a5a43503388d5f_image-300x150.jpg\" class=\"attachment-300x150 size-300x150\" alt=\"\" title=\"\">\t\t<\/a>\n\n\t\t\t\t\t<div class=\"wd-product-img-hover hover-img\">\n\t\t\t\t<img loading=\"lazy\" decoding=\"async\" width=\"300\" height=\"150\" src=\"https:\/\/www.moensmeubelen.be\/wp-content\/uploads\/2026\/08\/d314569ac65f9134b020e6d7c9e767c6540d34ec_images_t_ll_m_97f1ddf6b1ff47c3add7c9f3b7f338c3_image-300x150.jpg\" class=\"attachment-300x150 size-300x150\" alt=\"\" title=\"\">\t\t\t<\/div>\n\t\t\t\n\t\t<div class=\"wd-buttons wd-pos-r-t\">\n\t\t\t\t\t\t<div class=\"wd-add-btn wd-action-btn wd-style-icon wd-add-cart-icon\"><a href=\"\/fr\/wp-json\/wp\/v2\/pages\/74581?add-to-cart=1047888\"  data-quantity=\"1\" class=\"button product_type_simple add_to_cart_button ajax_add_to_cart add-to-cart-loop\" data-product_id=\"1047888\" data-product_sku=\"56840MBR\" aria-label=\"Add to cart: &ldquo;Mogana, Table basse 72 x 60 cm, primo laminato (HPL), pieds brun acier - marble brown&rdquo;\" rel=\"nofollow\" data-success_message=\"&ldquo;Mogana, Table basse 72 x 60 cm, primo laminato (HPL), pieds brun acier - marble brown&rdquo; has been added to your cart\"><span class=\"wd-action-icon\"><span class=\"wd-check-icon\"><\/span><\/span><span class=\"wd-action-text\">Panier<\/span><\/a><\/div>\n\t\t\t\t\t<div class=\"wd-quick-view-btn wd-quick-view-icon wd-action-btn wd-style-icon\">\n\t\t\t<a\n\t\t\t\thref=\"https:\/\/www.moensmeubelen.be\/fr\/produit\/56840mbr-fr_be\/\"\n\t\t\t\tclass=\"open-quick-view\"\n\t\t\t\trel=\"nofollow\"\n\t\t\t\tdata-id=\"1047888\"\n\t\t\t\t>\n\t\t\t\t\t<span class=\"wd-action-icon\"><\/span>\n\t\t\t\t\t<span class=\"wd-action-text\">\n\t\t\t\t\t\tQuick view\t\t\t\t\t<\/span>\n\t\t\t<\/a>\n\t\t<\/div>\n\t\t\t\t\t\t\t<div class=\"wd-compare-btn wd-action-btn wd-style-icon wd-compare-icon\">\n\t\t\t<a href=\"https:\/\/www.moensmeubelen.be\/fr\/vergelijk\/?product_id=1047887\" class=\"\" data-id=\"1047887\" rel=\"nofollow\">\n\t\t\t\t<span class=\"wd-action-icon\">\n\t\t\t\t\t<span class=\"wd-check-icon\"><\/span>\n\t\t\t\t<\/span>\n\t\t\t\t<span class=\"wd-action-text\">Comparer<\/span>\n\t\t\t<\/a>\n\t\t<\/div>\n\t\t\t\t\t\t\t<\/div>\n\t<\/div>\n\n\t<div class=\"product-element-bottom\">\n\t\t<h3 class=\"wd-entities-title\"><a href=\"https:\/\/www.moensmeubelen.be\/fr\/produit\/56840mbr-fr_be\/\">Mogana, Table basse 72 x 60 cm, primo laminato (HPL), pieds brun acier &#8211; marble brown<\/a><\/h3>\t\t\t\t\t\t\t\t\t\t\n\t<span class=\"price\"><span class=\"woocommerce-Price-amount amount\"><bdi><span class=\"woocommerce-Price-currencySymbol\" translate=\"no\">&euro;<\/span>199,00<\/bdi><\/span><\/span>\n\n\t\t<span class=\"gtm4wp_productdata\" style=\"display:none; visibility:hidden;\" data-gtm4wp_product_data=\"{&quot;internal_id&quot;:1047888,&quot;item_id&quot;:&quot;56840MBR&quot;,&quot;item_name&quot;:&quot;Mogana, Table basse 72 x 60 cm, primo laminato (HPL), pieds brun acier - marble brown&quot;,&quot;sku&quot;:&quot;56840MBR&quot;,&quot;price&quot;:199,&quot;stocklevel&quot;:null,&quot;stockstatus&quot;:&quot;instock&quot;,&quot;google_business_vertical&quot;:&quot;retail&quot;,&quot;item_category&quot;:&quot;vivre&quot;,&quot;item_category2&quot;:&quot;Tables&quot;,&quot;item_category3&quot;:&quot;Tables basses&quot;,&quot;id&quot;:&quot;56840MBR&quot;,&quot;productlink&quot;:&quot;https:\\\/\\\/www.moensmeubelen.be\\\/fr\\\/produit\\\/56840mbr-fr_be\\\/&quot;,&quot;item_list_name&quot;:&quot;General Product List&quot;,&quot;index&quot;:13,&quot;product_type&quot;:&quot;simple&quot;,&quot;item_brand&quot;:&quot;&quot;}\"><\/span>\t\t\t<input type=\"hidden\" class=\"pmwProductId\" data-id=\"1047888\">\n\t\t\t\t\t<script class=\"_iub_cs_skip\">\n\t\t\t(window.pmwDataLayer = window.pmwDataLayer || {}).products                = window.pmwDataLayer.products || {};\n\t\t\twindow.pmwDataLayer.products[1047888] = {\"id\":\"1047888\",\"sku\":\"56840MBR\",\"price\":199,\"brand\":\"\",\"quantity\":1,\"dyn_r_ids\":{\"post_id\":\"1047888\",\"sku\":\"56840MBR\",\"gpf\":\"woocommerce_gpf_1047888\",\"gla\":\"gla_1047888\"},\"is_variable\":false,\"type\":\"simple\",\"name\":\"Mogana, Table basse 72 x 60 cm, primo laminato (HPL), pieds brun acier - marble brown\",\"category\":[\"Tables basses\",\"Tables basses\"],\"is_variation\":false};\n\t\t\t\t\twindow.pmw_product_position = window.pmw_product_position || 1;\n\t\twindow.pmwDataLayer.products[1047888]['position'] = window.pmw_product_position++;\n\t\t\t\t<\/script>\n\t\t<div class=\"conditionele-tekst levertermijn-placeholder levertermijn-placeholder--plp\" data-aamss-sku=\"56840MBR\" data-aamss-product-id=\"1047888\" data-aamss-context=\"plp\" data-aamss-state=\"loading\" aria-busy=\"true\">Sur commande - d\u00e9lai de livraison 8-10 semaines, Sur commande - d\u00e9lai de livraison 8-10 semaines<\/div>\n\t\t\t\t\n\t\t\t<\/div>\n<\/div>\n<\/div>\n<div class=\"wd-product wd-col wd-hover-tiled product-grid-item product type-product post-1047880 status-publish instock product_cat-salontafels_fr_be has-post-thumbnail taxable shipping-taxable purchasable product-type-simple\" data-loop=\"13\" data-id=\"1047880\">\n\t\n<div class=\"wd-product-wrapper product-wrapper\">\n\t<div class=\"wd-product-thumb product-element-top wd-quick-shop\">\n\t\t<a href=\"https:\/\/www.moensmeubelen.be\/fr\/produit\/56835nat-fr_be\/\" class=\"wd-product-img-link product-image-link\" tabindex=\"-1\" aria-label=\"Mogana, Table basse 120 x 75 cm placage de ch\u00eane, pieds brun acier &#8211; natural\">\n\t\t\t<img loading=\"lazy\" decoding=\"async\" width=\"300\" height=\"150\" src=\"https:\/\/www.moensmeubelen.be\/wp-content\/uploads\/2026\/08\/4443ce6a307320ca8ae499e206bd998d017c2820_images_t_ll_m_0463d7128ff1497a93a3ca6e6eb3f080_image-300x150.jpg\" class=\"attachment-300x150 size-300x150\" alt=\"\" title=\"\">\t\t<\/a>\n\n\t\t\t\t\t<div class=\"wd-product-img-hover hover-img\">\n\t\t\t\t<img loading=\"lazy\" decoding=\"async\" width=\"300\" height=\"150\" src=\"https:\/\/www.moensmeubelen.be\/wp-content\/uploads\/2026\/08\/f77f313de5050c1da3213fd7e3fe4884f7191aae_images_t_ll_m_99230fb946114fd3b0155e0ff054206e_image-300x150.jpg\" class=\"attachment-300x150 size-300x150\" alt=\"\" title=\"\">\t\t\t<\/div>\n\t\t\t\n\t\t<div class=\"wd-buttons wd-pos-r-t\">\n\t\t\t\t\t\t<div class=\"wd-add-btn wd-action-btn wd-style-icon wd-add-cart-icon\"><a href=\"\/fr\/wp-json\/wp\/v2\/pages\/74581?add-to-cart=1047880\"  data-quantity=\"1\" class=\"button product_type_simple add_to_cart_button ajax_add_to_cart add-to-cart-loop\" data-product_id=\"1047880\" data-product_sku=\"56835NAT\" aria-label=\"Add to cart: &ldquo;Mogana, Table basse 120 x 75 cm placage de ch\u00eane, pieds brun acier - natural&rdquo;\" rel=\"nofollow\" data-success_message=\"&ldquo;Mogana, Table basse 120 x 75 cm placage de ch\u00eane, pieds brun acier - natural&rdquo; has been added to your cart\"><span class=\"wd-action-icon\"><span class=\"wd-check-icon\"><\/span><\/span><span class=\"wd-action-text\">Panier<\/span><\/a><\/div>\n\t\t\t\t\t<div class=\"wd-quick-view-btn wd-quick-view-icon wd-action-btn wd-style-icon\">\n\t\t\t<a\n\t\t\t\thref=\"https:\/\/www.moensmeubelen.be\/fr\/produit\/56835nat-fr_be\/\"\n\t\t\t\tclass=\"open-quick-view\"\n\t\t\t\trel=\"nofollow\"\n\t\t\t\tdata-id=\"1047880\"\n\t\t\t\t>\n\t\t\t\t\t<span class=\"wd-action-icon\"><\/span>\n\t\t\t\t\t<span class=\"wd-action-text\">\n\t\t\t\t\t\tQuick view\t\t\t\t\t<\/span>\n\t\t\t<\/a>\n\t\t<\/div>\n\t\t\t\t\t\t\t<div class=\"wd-compare-btn wd-action-btn wd-style-icon wd-compare-icon\">\n\t\t\t<a href=\"https:\/\/www.moensmeubelen.be\/fr\/vergelijk\/?product_id=1047879\" class=\"\" data-id=\"1047879\" rel=\"nofollow\">\n\t\t\t\t<span class=\"wd-action-icon\">\n\t\t\t\t\t<span class=\"wd-check-icon\"><\/span>\n\t\t\t\t<\/span>\n\t\t\t\t<span class=\"wd-action-text\">Comparer<\/span>\n\t\t\t<\/a>\n\t\t<\/div>\n\t\t\t\t\t\t\t<\/div>\n\t<\/div>\n\n\t<div class=\"product-element-bottom\">\n\t\t<h3 class=\"wd-entities-title\"><a href=\"https:\/\/www.moensmeubelen.be\/fr\/produit\/56835nat-fr_be\/\">Mogana, Table basse 120 x 75 cm placage de ch\u00eane, pieds brun acier &#8211; natural<\/a><\/h3>\t\t\t\t\t\t\t\t\t\t\n\t<span class=\"price\"><span class=\"woocommerce-Price-amount amount\"><bdi><span class=\"woocommerce-Price-currencySymbol\" translate=\"no\">&euro;<\/span>299,00<\/bdi><\/span><\/span>\n\n\t\t<span class=\"gtm4wp_productdata\" style=\"display:none; visibility:hidden;\" data-gtm4wp_product_data=\"{&quot;internal_id&quot;:1047880,&quot;item_id&quot;:&quot;56835NAT&quot;,&quot;item_name&quot;:&quot;Mogana, Table basse 120 x 75 cm placage de ch\\u00eane, pieds brun acier - natural&quot;,&quot;sku&quot;:&quot;56835NAT&quot;,&quot;price&quot;:299,&quot;stocklevel&quot;:null,&quot;stockstatus&quot;:&quot;instock&quot;,&quot;google_business_vertical&quot;:&quot;retail&quot;,&quot;item_category&quot;:&quot;vivre&quot;,&quot;item_category2&quot;:&quot;Tables&quot;,&quot;item_category3&quot;:&quot;Tables basses&quot;,&quot;id&quot;:&quot;56835NAT&quot;,&quot;productlink&quot;:&quot;https:\\\/\\\/www.moensmeubelen.be\\\/fr\\\/produit\\\/56835nat-fr_be\\\/&quot;,&quot;item_list_name&quot;:&quot;General Product List&quot;,&quot;index&quot;:14,&quot;product_type&quot;:&quot;simple&quot;,&quot;item_brand&quot;:&quot;&quot;}\"><\/span>\t\t\t<input type=\"hidden\" class=\"pmwProductId\" data-id=\"1047880\">\n\t\t\t\t\t<script class=\"_iub_cs_skip\">\n\t\t\t(window.pmwDataLayer = window.pmwDataLayer || {}).products                = window.pmwDataLayer.products || {};\n\t\t\twindow.pmwDataLayer.products[1047880] = {\"id\":\"1047880\",\"sku\":\"56835NAT\",\"price\":299,\"brand\":\"\",\"quantity\":1,\"dyn_r_ids\":{\"post_id\":\"1047880\",\"sku\":\"56835NAT\",\"gpf\":\"woocommerce_gpf_1047880\",\"gla\":\"gla_1047880\"},\"is_variable\":false,\"type\":\"simple\",\"name\":\"Mogana, Table basse 120 x 75 cm placage de ch\u00eane, pieds brun acier - natural\",\"category\":[\"Tables basses\"],\"is_variation\":false};\n\t\t\t\t\twindow.pmw_product_position = window.pmw_product_position || 1;\n\t\twindow.pmwDataLayer.products[1047880]['position'] = window.pmw_product_position++;\n\t\t\t\t<\/script>\n\t\t<div class=\"conditionele-tekst levertermijn-placeholder levertermijn-placeholder--plp\" data-aamss-sku=\"56835NAT\" data-aamss-product-id=\"1047880\" data-aamss-context=\"plp\" data-aamss-state=\"loading\" aria-busy=\"true\">Sur commande - d\u00e9lai de livraison 8-10 semaines<\/div>\n\t\t\t\t\n\t\t\t<\/div>\n<\/div>\n<\/div>\n<div class=\"wd-product wd-col wd-hover-tiled product-grid-item product type-product post-1047872 status-publish instock product_cat-salontafels_fr_be has-post-thumbnail taxable shipping-taxable purchasable product-type-simple\" data-loop=\"14\" data-id=\"1047872\">\n\t\n<div class=\"wd-product-wrapper product-wrapper\">\n\t<div class=\"wd-product-thumb product-element-top wd-quick-shop\">\n\t\t<a href=\"https:\/\/www.moensmeubelen.be\/fr\/produit\/56835bas-fr_be\/\" class=\"wd-product-img-link product-image-link\" tabindex=\"-1\" aria-label=\"Mogana, Table basse 120 x 75 cm placage de ch\u00eane, pieds brun acier &#8211; Basalt\">\n\t\t\t<img loading=\"lazy\" decoding=\"async\" width=\"300\" height=\"150\" src=\"https:\/\/www.moensmeubelen.be\/wp-content\/uploads\/2026\/08\/c392c6ed9a1497f02c8a865d20573b138962d4fc_images_t_ll_m_307630e77597444a8d33533b73754791_image-300x150.jpg\" class=\"attachment-300x150 size-300x150\" alt=\"\" title=\"\">\t\t<\/a>\n\n\t\t\t\t\t<div class=\"wd-product-img-hover hover-img\">\n\t\t\t\t<img loading=\"lazy\" decoding=\"async\" width=\"300\" height=\"150\" src=\"https:\/\/www.moensmeubelen.be\/wp-content\/uploads\/2026\/08\/633f79c71da2dd7b9547daf524b22f21474bfc41_images_t_ll_m_97f1ddf6b1ff47c3add7c9f3b7f338c3_image-300x150.jpg\" class=\"attachment-300x150 size-300x150\" alt=\"\" title=\"\">\t\t\t<\/div>\n\t\t\t\n\t\t<div class=\"wd-buttons wd-pos-r-t\">\n\t\t\t\t\t\t<div class=\"wd-add-btn wd-action-btn wd-style-icon wd-add-cart-icon\"><a href=\"\/fr\/wp-json\/wp\/v2\/pages\/74581?add-to-cart=1047872\"  data-quantity=\"1\" class=\"button product_type_simple add_to_cart_button ajax_add_to_cart add-to-cart-loop\" data-product_id=\"1047872\" data-product_sku=\"56835BAS\" aria-label=\"Add to cart: &ldquo;Mogana, Table basse 120 x 75 cm placage de ch\u00eane, pieds brun acier - Basalt&rdquo;\" rel=\"nofollow\" data-success_message=\"&ldquo;Mogana, Table basse 120 x 75 cm placage de ch\u00eane, pieds brun acier - Basalt&rdquo; has been added to your cart\"><span class=\"wd-action-icon\"><span class=\"wd-check-icon\"><\/span><\/span><span class=\"wd-action-text\">Panier<\/span><\/a><\/div>\n\t\t\t\t\t<div class=\"wd-quick-view-btn wd-quick-view-icon wd-action-btn wd-style-icon\">\n\t\t\t<a\n\t\t\t\thref=\"https:\/\/www.moensmeubelen.be\/fr\/produit\/56835bas-fr_be\/\"\n\t\t\t\tclass=\"open-quick-view\"\n\t\t\t\trel=\"nofollow\"\n\t\t\t\tdata-id=\"1047872\"\n\t\t\t\t>\n\t\t\t\t\t<span class=\"wd-action-icon\"><\/span>\n\t\t\t\t\t<span class=\"wd-action-text\">\n\t\t\t\t\t\tQuick view\t\t\t\t\t<\/span>\n\t\t\t<\/a>\n\t\t<\/div>\n\t\t\t\t\t\t\t<div class=\"wd-compare-btn wd-action-btn wd-style-icon wd-compare-icon\">\n\t\t\t<a href=\"https:\/\/www.moensmeubelen.be\/fr\/vergelijk\/?product_id=1047871\" class=\"\" data-id=\"1047871\" rel=\"nofollow\">\n\t\t\t\t<span class=\"wd-action-icon\">\n\t\t\t\t\t<span class=\"wd-check-icon\"><\/span>\n\t\t\t\t<\/span>\n\t\t\t\t<span class=\"wd-action-text\">Comparer<\/span>\n\t\t\t<\/a>\n\t\t<\/div>\n\t\t\t\t\t\t\t<\/div>\n\t<\/div>\n\n\t<div class=\"product-element-bottom\">\n\t\t<h3 class=\"wd-entities-title\"><a href=\"https:\/\/www.moensmeubelen.be\/fr\/produit\/56835bas-fr_be\/\">Mogana, Table basse 120 x 75 cm placage de ch\u00eane, pieds brun acier &#8211; Basalt<\/a><\/h3>\t\t\t\t\t\t\t\t\t\t\n\t<span class=\"price\"><span class=\"woocommerce-Price-amount amount\"><bdi><span class=\"woocommerce-Price-currencySymbol\" translate=\"no\">&euro;<\/span>299,00<\/bdi><\/span><\/span>\n\n\t\t<span class=\"gtm4wp_productdata\" style=\"display:none; visibility:hidden;\" data-gtm4wp_product_data=\"{&quot;internal_id&quot;:1047872,&quot;item_id&quot;:&quot;56835BAS&quot;,&quot;item_name&quot;:&quot;Mogana, Table basse 120 x 75 cm placage de ch\\u00eane, pieds brun acier - Basalt&quot;,&quot;sku&quot;:&quot;56835BAS&quot;,&quot;price&quot;:299,&quot;stocklevel&quot;:null,&quot;stockstatus&quot;:&quot;instock&quot;,&quot;google_business_vertical&quot;:&quot;retail&quot;,&quot;item_category&quot;:&quot;vivre&quot;,&quot;item_category2&quot;:&quot;Tables&quot;,&quot;item_category3&quot;:&quot;Tables basses&quot;,&quot;id&quot;:&quot;56835BAS&quot;,&quot;productlink&quot;:&quot;https:\\\/\\\/www.moensmeubelen.be\\\/fr\\\/produit\\\/56835bas-fr_be\\\/&quot;,&quot;item_list_name&quot;:&quot;General Product List&quot;,&quot;index&quot;:15,&quot;product_type&quot;:&quot;simple&quot;,&quot;item_brand&quot;:&quot;&quot;}\"><\/span>\t\t\t<input type=\"hidden\" class=\"pmwProductId\" data-id=\"1047872\">\n\t\t\t\t\t<script class=\"_iub_cs_skip\">\n\t\t\t(window.pmwDataLayer = window.pmwDataLayer || {}).products                = window.pmwDataLayer.products || {};\n\t\t\twindow.pmwDataLayer.products[1047872] = {\"id\":\"1047872\",\"sku\":\"56835BAS\",\"price\":299,\"brand\":\"\",\"quantity\":1,\"dyn_r_ids\":{\"post_id\":\"1047872\",\"sku\":\"56835BAS\",\"gpf\":\"woocommerce_gpf_1047872\",\"gla\":\"gla_1047872\"},\"is_variable\":false,\"type\":\"simple\",\"name\":\"Mogana, Table basse 120 x 75 cm placage de ch\u00eane, pieds brun acier - Basalt\",\"category\":[\"Tables basses\",\"Tables basses\"],\"is_variation\":false};\n\t\t\t\t\twindow.pmw_product_position = window.pmw_product_position || 1;\n\t\twindow.pmwDataLayer.products[1047872]['position'] = window.pmw_product_position++;\n\t\t\t\t<\/script>\n\t\t<div class=\"conditionele-tekst levertermijn-placeholder levertermijn-placeholder--plp\" data-aamss-sku=\"56835BAS\" data-aamss-product-id=\"1047872\" data-aamss-context=\"plp\" data-aamss-state=\"loading\" aria-busy=\"true\">Presque \u00e9puis\u00e9 - livraison 3 semaines, Presque \u00e9puis\u00e9 - livraison 3 semaines, Presque \u00e9puis\u00e9 - livraison 3 semaines<\/div>\n\t\t\t\t\n\t\t\t<\/div>\n<\/div>\n<\/div>\n<div class=\"wd-product wd-col wd-hover-tiled product-grid-item product type-product post-1047786 status-publish last instock product_cat-decoratie_fr_BE has-post-thumbnail taxable shipping-taxable purchasable product-type-simple\" data-loop=\"15\" data-id=\"1047786\">\n\t\n<div class=\"wd-product-wrapper product-wrapper\">\n\t<div class=\"wd-product-thumb product-element-top wd-quick-shop\">\n\t\t<a href=\"https:\/\/www.moensmeubelen.be\/fr\/produit\/53479bei-fr_be\/\" class=\"wd-product-img-link product-image-link\" tabindex=\"-1\" aria-label=\"carra objet 29cm\">\n\t\t\t<img loading=\"lazy\" decoding=\"async\" width=\"300\" height=\"150\" src=\"https:\/\/www.moensmeubelen.be\/wp-content\/uploads\/2026\/08\/2327c284e75ff0387212702cd0454b86315e7acc_images_t_ll_m_f9cd8cc497574597bd48a22a04c052d8_image-300x150.jpg\" class=\"attachment-300x150 size-300x150\" alt=\"\" title=\"\">\t\t<\/a>\n\n\t\t\t\t\t<div class=\"wd-product-img-hover hover-img\">\n\t\t\t\t<img loading=\"lazy\" decoding=\"async\" width=\"300\" height=\"150\" src=\"https:\/\/www.moensmeubelen.be\/wp-content\/uploads\/2026\/08\/334c8631b5bb088c3e81d71af80a7722005bdd92_images_t_ll_m_cc01405bb33c4ea0bfa92288a44f1365_image-300x150.jpg\" class=\"attachment-300x150 size-300x150\" alt=\"\" title=\"\">\t\t\t<\/div>\n\t\t\t\n\t\t<div class=\"wd-buttons wd-pos-r-t\">\n\t\t\t\t\t\t<div class=\"wd-add-btn wd-action-btn wd-style-icon wd-add-cart-icon\"><a href=\"\/fr\/wp-json\/wp\/v2\/pages\/74581?add-to-cart=1047786\"  data-quantity=\"1\" class=\"button product_type_simple add_to_cart_button ajax_add_to_cart add-to-cart-loop\" data-product_id=\"1047786\" data-product_sku=\"53479BEI\" aria-label=\"Add to cart: &ldquo;carra objet 29cm&rdquo;\" rel=\"nofollow\" data-success_message=\"&ldquo;carra objet 29cm&rdquo; has been added to your cart\"><span class=\"wd-action-icon\"><span class=\"wd-check-icon\"><\/span><\/span><span class=\"wd-action-text\">Panier<\/span><\/a><\/div>\n\t\t\t\t\t<div class=\"wd-quick-view-btn wd-quick-view-icon wd-action-btn wd-style-icon\">\n\t\t\t<a\n\t\t\t\thref=\"https:\/\/www.moensmeubelen.be\/fr\/produit\/53479bei-fr_be\/\"\n\t\t\t\tclass=\"open-quick-view\"\n\t\t\t\trel=\"nofollow\"\n\t\t\t\tdata-id=\"1047786\"\n\t\t\t\t>\n\t\t\t\t\t<span class=\"wd-action-icon\"><\/span>\n\t\t\t\t\t<span class=\"wd-action-text\">\n\t\t\t\t\t\tQuick view\t\t\t\t\t<\/span>\n\t\t\t<\/a>\n\t\t<\/div>\n\t\t\t\t\t\t\t<div class=\"wd-compare-btn wd-action-btn wd-style-icon wd-compare-icon\">\n\t\t\t<a href=\"https:\/\/www.moensmeubelen.be\/fr\/vergelijk\/?product_id=1047784\" class=\"\" data-id=\"1047784\" rel=\"nofollow\">\n\t\t\t\t<span class=\"wd-action-icon\">\n\t\t\t\t\t<span class=\"wd-check-icon\"><\/span>\n\t\t\t\t<\/span>\n\t\t\t\t<span class=\"wd-action-text\">Comparer<\/span>\n\t\t\t<\/a>\n\t\t<\/div>\n\t\t\t\t\t\t\t<\/div>\n\t<\/div>\n\n\t<div class=\"product-element-bottom\">\n\t\t<h3 class=\"wd-entities-title\"><a href=\"https:\/\/www.moensmeubelen.be\/fr\/produit\/53479bei-fr_be\/\">carra objet 29cm<\/a><\/h3>\t\t\t\t\t\t\t\t\t\t\n\t<span class=\"price\"><span class=\"woocommerce-Price-amount amount\"><bdi><span class=\"woocommerce-Price-currencySymbol\" translate=\"no\">&euro;<\/span>39,99<\/bdi><\/span><\/span>\n\n\t\t<span class=\"gtm4wp_productdata\" style=\"display:none; visibility:hidden;\" data-gtm4wp_product_data=\"{&quot;internal_id&quot;:1047786,&quot;item_id&quot;:&quot;53479BEI&quot;,&quot;item_name&quot;:&quot;carra objet 29cm&quot;,&quot;sku&quot;:&quot;53479BEI&quot;,&quot;price&quot;:39.99,&quot;stocklevel&quot;:null,&quot;stockstatus&quot;:&quot;instock&quot;,&quot;google_business_vertical&quot;:&quot;retail&quot;,&quot;item_category&quot;:&quot;vivre&quot;,&quot;item_category2&quot;:&quot;Decoration&quot;,&quot;id&quot;:&quot;53479BEI&quot;,&quot;productlink&quot;:&quot;https:\\\/\\\/www.moensmeubelen.be\\\/fr\\\/produit\\\/53479bei-fr_be\\\/&quot;,&quot;item_list_name&quot;:&quot;General Product List&quot;,&quot;index&quot;:16,&quot;product_type&quot;:&quot;simple&quot;,&quot;item_brand&quot;:&quot;&quot;}\"><\/span>\t\t\t<input type=\"hidden\" class=\"pmwProductId\" data-id=\"1047786\">\n\t\t\t\t\t<script class=\"_iub_cs_skip\">\n\t\t\t(window.pmwDataLayer = window.pmwDataLayer || {}).products                = window.pmwDataLayer.products || {};\n\t\t\twindow.pmwDataLayer.products[1047786] = {\"id\":\"1047786\",\"sku\":\"53479BEI\",\"price\":39.99,\"brand\":\"\",\"quantity\":1,\"dyn_r_ids\":{\"post_id\":\"1047786\",\"sku\":\"53479BEI\",\"gpf\":\"woocommerce_gpf_1047786\",\"gla\":\"gla_1047786\"},\"is_variable\":false,\"type\":\"simple\",\"name\":\"carra objet 29cm\",\"category\":[\"Decoration\",\"Decoration\"],\"is_variation\":false};\n\t\t\t\t\twindow.pmw_product_position = window.pmw_product_position || 1;\n\t\twindow.pmwDataLayer.products[1047786]['position'] = window.pmw_product_position++;\n\t\t\t\t<\/script>\n\t\t<div class=\"conditionele-tekst levertermijn-placeholder levertermijn-placeholder--plp\" data-aamss-sku=\"53479BEI\" data-aamss-product-id=\"1047786\" data-aamss-context=\"plp\" data-aamss-state=\"loading\" aria-busy=\"true\">Sur commande - d\u00e9lai de livraison 12-14 semaines<\/div>\n\t\t\t\t\n\t\t\t<\/div>\n<\/div>\n<\/div>\n<div class=\"wd-product wd-col wd-hover-tiled product-grid-item product type-product post-1047778 status-publish first instock product_cat-Schaal_fr_BE has-post-thumbnail taxable shipping-taxable purchasable product-type-simple\" data-loop=\"16\" data-id=\"1047778\">\n\t\n<div class=\"wd-product-wrapper product-wrapper\">\n\t<div class=\"wd-product-thumb product-element-top wd-quick-shop\">\n\t\t<a href=\"https:\/\/www.moensmeubelen.be\/fr\/produit\/53474roo-fr_be\/\" class=\"wd-product-img-link product-image-link\" tabindex=\"-1\" aria-label=\"orbis plat 29x20cm\">\n\t\t\t<img loading=\"lazy\" decoding=\"async\" width=\"300\" height=\"150\" src=\"https:\/\/www.moensmeubelen.be\/wp-content\/uploads\/2026\/08\/300f112d1d22e74babf5e093af9f804cc04c930b_images_t_ll_m_e78c81dd8db14a979c2d0258aafcde9f_image-300x150.jpg\" class=\"attachment-300x150 size-300x150\" alt=\"\" title=\"\">\t\t<\/a>\n\n\t\t\t\t\t<div class=\"wd-product-img-hover hover-img\">\n\t\t\t\t<img loading=\"lazy\" decoding=\"async\" width=\"300\" height=\"150\" src=\"https:\/\/www.moensmeubelen.be\/wp-content\/uploads\/2026\/08\/b86c364933d630187aae1e821dcbb7d471bae2a2_images_t_ll_m_27edb65944454e688681b62313f9e067_image-300x150.jpg\" class=\"attachment-300x150 size-300x150\" alt=\"\" title=\"\">\t\t\t<\/div>\n\t\t\t\n\t\t<div class=\"wd-buttons wd-pos-r-t\">\n\t\t\t\t\t\t<div class=\"wd-add-btn wd-action-btn wd-style-icon wd-add-cart-icon\"><a href=\"\/fr\/wp-json\/wp\/v2\/pages\/74581?add-to-cart=1047778\"  data-quantity=\"1\" class=\"button product_type_simple add_to_cart_button ajax_add_to_cart add-to-cart-loop\" data-product_id=\"1047778\" data-product_sku=\"53474ROO\" aria-label=\"Add to cart: &ldquo;orbis plat 29x20cm&rdquo;\" rel=\"nofollow\" data-success_message=\"&ldquo;orbis plat 29x20cm&rdquo; has been added to your cart\"><span class=\"wd-action-icon\"><span class=\"wd-check-icon\"><\/span><\/span><span class=\"wd-action-text\">Panier<\/span><\/a><\/div>\n\t\t\t\t\t<div class=\"wd-quick-view-btn wd-quick-view-icon wd-action-btn wd-style-icon\">\n\t\t\t<a\n\t\t\t\thref=\"https:\/\/www.moensmeubelen.be\/fr\/produit\/53474roo-fr_be\/\"\n\t\t\t\tclass=\"open-quick-view\"\n\t\t\t\trel=\"nofollow\"\n\t\t\t\tdata-id=\"1047778\"\n\t\t\t\t>\n\t\t\t\t\t<span class=\"wd-action-icon\"><\/span>\n\t\t\t\t\t<span class=\"wd-action-text\">\n\t\t\t\t\t\tQuick view\t\t\t\t\t<\/span>\n\t\t\t<\/a>\n\t\t<\/div>\n\t\t\t\t\t\t\t<div class=\"wd-compare-btn wd-action-btn wd-style-icon wd-compare-icon\">\n\t\t\t<a href=\"https:\/\/www.moensmeubelen.be\/fr\/vergelijk\/?product_id=1047777\" class=\"\" data-id=\"1047777\" rel=\"nofollow\">\n\t\t\t\t<span class=\"wd-action-icon\">\n\t\t\t\t\t<span class=\"wd-check-icon\"><\/span>\n\t\t\t\t<\/span>\n\t\t\t\t<span class=\"wd-action-text\">Comparer<\/span>\n\t\t\t<\/a>\n\t\t<\/div>\n\t\t\t\t\t\t\t<\/div>\n\t<\/div>\n\n\t<div class=\"product-element-bottom\">\n\t\t<h3 class=\"wd-entities-title\"><a href=\"https:\/\/www.moensmeubelen.be\/fr\/produit\/53474roo-fr_be\/\">orbis plat 29x20cm<\/a><\/h3>\t\t\t\t\t\t\t\t\t\t\n\t<span class=\"price\"><span class=\"woocommerce-Price-amount amount\"><bdi><span class=\"woocommerce-Price-currencySymbol\" translate=\"no\">&euro;<\/span>44,99<\/bdi><\/span><\/span>\n\n\t\t<span class=\"gtm4wp_productdata\" style=\"display:none; visibility:hidden;\" data-gtm4wp_product_data=\"{&quot;internal_id&quot;:1047778,&quot;item_id&quot;:&quot;53474ROO&quot;,&quot;item_name&quot;:&quot;orbis plat 29x20cm&quot;,&quot;sku&quot;:&quot;53474ROO&quot;,&quot;price&quot;:44.99,&quot;stocklevel&quot;:null,&quot;stockstatus&quot;:&quot;instock&quot;,&quot;google_business_vertical&quot;:&quot;retail&quot;,&quot;item_category&quot;:&quot;vivre&quot;,&quot;item_category2&quot;:&quot;Decoration&quot;,&quot;item_category3&quot;:&quot;Bol&quot;,&quot;id&quot;:&quot;53474ROO&quot;,&quot;productlink&quot;:&quot;https:\\\/\\\/www.moensmeubelen.be\\\/fr\\\/produit\\\/53474roo-fr_be\\\/&quot;,&quot;item_list_name&quot;:&quot;General Product List&quot;,&quot;index&quot;:17,&quot;product_type&quot;:&quot;simple&quot;,&quot;item_brand&quot;:&quot;&quot;}\"><\/span>\t\t\t<input type=\"hidden\" class=\"pmwProductId\" data-id=\"1047778\">\n\t\t\t\t\t<script class=\"_iub_cs_skip\">\n\t\t\t(window.pmwDataLayer = window.pmwDataLayer || {}).products                = window.pmwDataLayer.products || {};\n\t\t\twindow.pmwDataLayer.products[1047778] = {\"id\":\"1047778\",\"sku\":\"53474ROO\",\"price\":44.99,\"brand\":\"\",\"quantity\":1,\"dyn_r_ids\":{\"post_id\":\"1047778\",\"sku\":\"53474ROO\",\"gpf\":\"woocommerce_gpf_1047778\",\"gla\":\"gla_1047778\"},\"is_variable\":false,\"type\":\"simple\",\"name\":\"orbis plat 29x20cm\",\"category\":[\"Bol\"],\"is_variation\":false};\n\t\t\t\t\twindow.pmw_product_position = window.pmw_product_position || 1;\n\t\twindow.pmwDataLayer.products[1047778]['position'] = window.pmw_product_position++;\n\t\t\t\t<\/script>\n\t\t<div class=\"conditionele-tekst levertermijn-placeholder levertermijn-placeholder--plp\" data-aamss-sku=\"53474ROO\" data-aamss-product-id=\"1047778\" data-aamss-context=\"plp\" data-aamss-state=\"loading\" aria-busy=\"true\">Sur commande - d\u00e9lai de livraison 8-10 semaines<\/div>\n\t\t\t\t\n\t\t\t<\/div>\n<\/div>\n<\/div>\n\t\t\t<\/div>\n\t\t\t\t\t\t\t\t\t\t\t\t\t\t\t\t\t\t\t\t\t\t\t\t<div class=\"wd-nav-arrows wd-ajax-arrows wd-hover-1 wd-pos-sep wd-icon-1\">\n\t\t\t<div class=\"wd-btn-arrow wd-prev wd-disabled\">\n\t\t\t\t<div class=\"wd-arrow-inner  wd-role-btn\" tabindex=\"0\"><\/div>\n\t\t\t<\/div>\n\t\t\t<div class=\"wd-btn-arrow wd-next\">\n\t\t\t\t<div class=\"wd-arrow-inner  wd-role-btn\" tabindex=\"0\"><\/div>\n\t\t\t<\/div>\n\t\t<\/div>\n\t\t\t\t\t\t\t\t\t\t\t<\/div>[\/vc_column][\/vc_row]<\/p>\n<\/div>","protected":false},"excerpt":{"rendered":"<p>[vc_row css=&#8221;.vc_custom_1628180041960{margin-bottom: 30px !important;}&#8221; woodmart_css_id=&#8221;610c0e47bb233&#8243; responsive_spacing=&#8221;eyJwYXJhbV90eXBlIjoid29vZG1hcnRfcmVzcG9uc2l2ZV9zcGFjaW5nIiwic2VsZWN0b3JfaWQiOiI2MTBjMGU0N2JiMjMzIiwic2hvcnRjb2RlIjoidmNfcm93IiwiZGF0YSI6eyJ0YWJsZXQiOnt9LCJtb2JpbGUiOnt9fX0=&#8221; mobile_bg_img_hidden=&#8221;no&#8221; tablet_bg_img_hidden=&#8221;no&#8221; woodmart_parallax=&#8221;0&#8243; woodmart_gradient_switch=&#8221;no&#8221; row_reverse_mobile=&#8221;0&#8243; row_reverse_tablet=&#8221;0&#8243; woodmart_disable_overflow=&#8221;0&#8243;][vc_column css=&#8221;.vc_custom_1511948721251{padding-top: 0px !important;}&#8221;][\/vc_column][\/vc_row][vc_row css=&#8221;.vc_custom_1628180172480{margin-bottom: 70px !important;}&#8221; woodmart_css_id=&#8221;610c0ec8b2217&#8243;<\/p>\n","protected":false},"author":1,"featured_media":0,"parent":0,"menu_order":0,"comment_status":"closed","ping_status":"closed","template":"","meta":{"_relevanssi_hide_post":"","_relevanssi_hide_content":"","_relevanssi_pin_for_all":"","_relevanssi_pin_keywords":"","_relevanssi_unpin_keywords":"","_relevanssi_related_keywords":"","_relevanssi_related_include_ids":"","_relevanssi_related_exclude_ids":"","_relevanssi_related_no_append":"","_relevanssi_related_not_related":"","_relevanssi_related_posts":"","_relevanssi_noindex_reason":"","footnotes":""},"class_list":["post-74581","page","type-page","status-publish","hentry"],"_links":{"self":[{"href":"https:\/\/www.moensmeubelen.be\/fr\/wp-json\/wp\/v2\/pages\/74581","targetHints":{"allow":["GET"]}}],"collection":[{"href":"https:\/\/www.moensmeubelen.be\/fr\/wp-json\/wp\/v2\/pages"}],"about":[{"href":"https:\/\/www.moensmeubelen.be\/fr\/wp-json\/wp\/v2\/types\/page"}],"author":[{"embeddable":true,"href":"https:\/\/www.moensmeubelen.be\/fr\/wp-json\/wp\/v2\/users\/1"}],"replies":[{"embeddable":true,"href":"https:\/\/www.moensmeubelen.be\/fr\/wp-json\/wp\/v2\/comments?post=74581"}],"version-history":[{"count":0,"href":"https:\/\/www.moensmeubelen.be\/fr\/wp-json\/wp\/v2\/pages\/74581\/revisions"}],"wp:attachment":[{"href":"https:\/\/www.moensmeubelen.be\/fr\/wp-json\/wp\/v2\/media?parent=74581"}],"curies":[{"name":"wp","href":"https:\/\/api.w.org\/{rel}","templated":true}]}}