{"id":74665,"date":"2018-11-17T11:35:40","date_gmt":"2018-11-17T10:35:40","guid":{"rendered":"https:\/\/www.moensmeubelen.be\/keukenstoelen\/"},"modified":"2026-08-29T15:47:52","modified_gmt":"2026-08-29T13:47:52","slug":"keukenstoelen","status":"publish","type":"page","link":"https:\/\/www.moensmeubelen.be\/fr\/keukenstoelen\/","title":{"rendered":"Chaises de cuisine"},"content":{"rendered":"<div class=\"wpb-content-wrapper\" id=\"wpb-content-root\"><p>[vc_row][vc_column width=&#8221;1\/2&#8243;][vc_column_text]Chez Meubelen Moens, vous trouvez des <strong>chaises de cuisine<\/strong> de diff\u00e9rentes grandes marques au prix le plus avantageux.<\/p>\n<p>Nos professionnels vous accompagnent volontiers dans le choix de la <strong>chaise de cuisine<\/strong> id\u00e9ale, afin qu&#8217;elle s&#8217;int\u00e8gre parfaitement dans votre int\u00e9rieur actuel.<\/p>\n<p>N&#8217;h\u00e9sitez pas \u00e0 poser une question sur nos chaises de cuisine sur notre page de contact. D\u00e9couvrez toutes les possibilit\u00e9s de nos chaises de cuisine dans notre catalogue ou venez y jeter un \u0153il dans notre salle d&#8217;exposition.<\/p>\n<p>Sur cette page, vous d\u00e9couvrez d\u00e9j\u00e0 un aper\u00e7u de notre large assortiment de chaises de cuisine ; vous en trouverez davantage dans notre salle d&#8217;exposition.[\/vc_column_text][\/vc_column][vc_column width=&#8221;1\/2&#8243;][vc_single_image image=&#8221;685140&#8243; img_size=&#8221;large&#8221; css=&#8221;&#8221; parallax_scroll=&#8221;no&#8221; woodmart_inline=&#8221;no&#8221;][\/vc_column][\/vc_row][vc_row][vc_column][vc_empty_space][\/vc_column][\/vc_row][vc_row][vc_column]\t\t\t<div class=\"wd-products-element wd-rs-6331718a5bb9e wd-wpb\">\n\t\t\t\n\t\t\n\t\t\t\t\t<div class=\"products wd-products  grid-columns-6 elements-grid wd-grid-g wd-loop-builder-off wd-stretch-cont-lg wd-stretch-cont-md wd-stretch-cont-sm\" data-paged=\"1\" data-atts=\"{&quot;taxonomies&quot;:&quot;1372&quot;,&quot;items_per_page&quot;:&quot;24&quot;,&quot;columns&quot;:&quot;6&quot;,&quot;sale_countdown&quot;:&quot;0&quot;,&quot;stock_progress_bar&quot;:&quot;0&quot;,&quot;highlighted_products&quot;:&quot;0&quot;,&quot;products_bordered_grid&quot;:&quot;0&quot;,&quot;lazy_loading&quot;:&quot;yes&quot;,&quot;woodmart_css_id&quot;:&quot;6331718a5bb9e&quot;,&quot;force_not_ajax&quot;:&quot;no&quot;}\" data-source=\"shortcode\" data-columns=\"6\" style=\"--wd-col-lg:6;--wd-col-md:4;--wd-col-sm:2;--wd-gap-lg:20px;--wd-gap-sm:10px;\">\n\t\t\t<div class=\"wd-product wd-col wd-hover-buttons-on-hover product-grid-item product type-product post-737795 status-publish onbackorder product_cat-keukenstoelen_fr_BE product_cat-eetkamerstoelen_fr_BE has-post-thumbnail taxable shipping-taxable purchasable product-type-simple\" data-loop=\"1\" data-id=\"737795\">\n\t\n<div class=\"wd-product-wrapper product-wrapper\">\n\t<div class=\"wd-product-thumb product-element-top wd-quick-shop\">\n\t\t<a href=\"https:\/\/www.moensmeubelen.be\/fr\/produit\/ADAGIO-fr_BE\/\" class=\"wd-product-img-link product-image-link\" tabindex=\"-1\" aria-label=\"ADAGIO\">\n\t\t\t<img loading=\"lazy\" decoding=\"async\" width=\"300\" height=\"300\" src=\"https:\/\/www.moensmeubelen.be\/wp-content\/uploads\/2024\/12\/27cf61d018900e74f3dab14e2494473046488b36_ADAGIO-300x300.png\" class=\"attachment-woocommerce_thumbnail size-woocommerce_thumbnail\" alt=\"\" srcset=\"https:\/\/www.moensmeubelen.be\/wp-content\/uploads\/2024\/12\/27cf61d018900e74f3dab14e2494473046488b36_ADAGIO-300x300.png 300w, https:\/\/www.moensmeubelen.be\/wp-content\/uploads\/2024\/12\/27cf61d018900e74f3dab14e2494473046488b36_ADAGIO-1024x1024.png 1024w, https:\/\/www.moensmeubelen.be\/wp-content\/uploads\/2024\/12\/27cf61d018900e74f3dab14e2494473046488b36_ADAGIO-250x250.png 250w, https:\/\/www.moensmeubelen.be\/wp-content\/uploads\/2024\/12\/27cf61d018900e74f3dab14e2494473046488b36_ADAGIO-768x768.png 768w, https:\/\/www.moensmeubelen.be\/wp-content\/uploads\/2024\/12\/27cf61d018900e74f3dab14e2494473046488b36_ADAGIO-1536x1536.png 1536w, https:\/\/www.moensmeubelen.be\/wp-content\/uploads\/2024\/12\/27cf61d018900e74f3dab14e2494473046488b36_ADAGIO-2048x2048.png 2048w, https:\/\/www.moensmeubelen.be\/wp-content\/uploads\/2024\/12\/27cf61d018900e74f3dab14e2494473046488b36_ADAGIO-800x800.png 800w, https:\/\/www.moensmeubelen.be\/wp-content\/uploads\/2024\/12\/27cf61d018900e74f3dab14e2494473046488b36_ADAGIO-200x200.png 200w\" sizes=\"auto, (max-width: 300px) 100vw, 300px\" title=\"\">\t\t<\/a>\n\n\t\t\n\t\t<div class=\"wd-buttons wd-pos-r-t\">\n\t\t\t\t\t<\/div>\n\t<\/div>\n\n\t<div class=\"product-element-bottom\">\n\n\t\t<div class=\"wd-product-header\">\n\t\t\t<h3 class=\"wd-entities-title\"><a href=\"https:\/\/www.moensmeubelen.be\/fr\/produit\/ADAGIO-fr_BE\/\">ADAGIO<\/a><\/h3>\n\t\t\t\t\t<\/div>\n\n\t\t\n\t\t\n\t\t<div class=\"wrap-price\">\n\t\t\t\n\t<span class=\"price\"><span class=\"woocommerce-Price-amount amount\"><bdi><span class=\"woocommerce-Price-currencySymbol\" translate=\"no\">&euro;<\/span>269,00<\/bdi><\/span><\/span>\n\n\t\t\t\t\t<\/div>\n\n\t\t<span class=\"gtm4wp_productdata\" style=\"display:none; visibility:hidden;\" data-gtm4wp_product_data=\"{&quot;internal_id&quot;:737795,&quot;item_id&quot;:&quot;ADAGIO&quot;,&quot;item_name&quot;:&quot;ADAGIO&quot;,&quot;sku&quot;:&quot;ADAGIO&quot;,&quot;price&quot;:269,&quot;stocklevel&quot;:null,&quot;stockstatus&quot;:&quot;onbackorder&quot;,&quot;google_business_vertical&quot;:&quot;retail&quot;,&quot;item_category&quot;:&quot;vivre&quot;,&quot;item_category2&quot;:&quot;Chaises&quot;,&quot;item_category3&quot;:&quot;chaises de cuisine&quot;,&quot;id&quot;:&quot;ADAGIO&quot;,&quot;productlink&quot;:&quot;https:\\\/\\\/www.moensmeubelen.be\\\/fr\\\/produit\\\/ADAGIO-fr_BE\\\/&quot;,&quot;item_list_name&quot;:&quot;General Product List&quot;,&quot;index&quot;:2,&quot;product_type&quot;:&quot;simple&quot;,&quot;item_brand&quot;:&quot;&quot;}\"><\/span>\t\t\t<input type=\"hidden\" class=\"pmwProductId\" data-id=\"737795\">\n\t\t\t\t\t<script class=\"_iub_cs_skip\">\n\t\t\t(window.pmwDataLayer = window.pmwDataLayer || {}).products                = window.pmwDataLayer.products || {};\n\t\t\twindow.pmwDataLayer.products[737795] = {\"id\":\"737795\",\"sku\":\"ADAGIO\",\"price\":269,\"brand\":\"\",\"quantity\":1,\"dyn_r_ids\":{\"post_id\":\"737795\",\"sku\":\"ADAGIO\",\"gpf\":\"woocommerce_gpf_737795\",\"gla\":\"gla_737795\"},\"is_variable\":false,\"type\":\"simple\",\"name\":\"ADAGIO\",\"category\":[\"chaises de cuisine\",\"Chaises de salle \u00e0 manger\"],\"is_variation\":false};\n\t\t\t\t\twindow.pmw_product_position = window.pmw_product_position || 1;\n\t\twindow.pmwDataLayer.products[737795]['position'] = window.pmw_product_position++;\n\t\t\t\t<\/script>\n\t\t<div class=\"conditionele-tekst levertermijn-placeholder levertermijn-placeholder--plp\" data-aamss-sku=\"ADAGIO\" data-aamss-product-id=\"737795\" data-aamss-context=\"plp\" data-aamss-state=\"loading\" aria-busy=\"true\">D\u00e9lai de livraison 8-10 semaines<\/div>\n\t\t\n\t\t\n\t\t\n\t\t<div class=\"wd-product-footer\">\n\t\t\t<div class=\"wd-add-btn wd-add-btn-replace\">\n\t\t\t\t<a href=\"\/fr\/wp-json\/wp\/v2\/pages\/74665?add-to-cart=737795\"  data-quantity=\"1\" class=\"button product_type_simple add_to_cart_button ajax_add_to_cart add-to-cart-loop\" data-product_id=\"737795\" data-product_sku=\"ADAGIO\" aria-label=\"Add to cart: &ldquo;ADAGIO&rdquo;\" rel=\"nofollow\" data-success_message=\"&ldquo;ADAGIO&rdquo; has been added to your cart\"><span class=\"wd-action-icon\"><span class=\"wd-check-icon\"><\/span><\/span><span class=\"wd-action-text\">Panier<\/span><\/a>\t\t\t<\/div>\n\n\t\t\t\t\t\t<div class=\"wd-action-buttons\">\n\t\t\t\t\t\t<div class=\"wd-compare-btn wd-action-btn wd-style-icon wd-compare-icon wd-tooltip\">\n\t\t\t<a href=\"https:\/\/www.moensmeubelen.be\/fr\/vergelijk\/?product_id=737794\" class=\"\" data-id=\"737794\" rel=\"nofollow\">\n\t\t\t\t<span class=\"wd-action-icon\">\n\t\t\t\t\t<span class=\"wd-check-icon\"><\/span>\n\t\t\t\t<\/span>\n\t\t\t\t<span class=\"wd-action-text\">Comparer<\/span>\n\t\t\t<\/a>\n\t\t<\/div>\n\t\t\t\t\t\t\t\t<div class=\"wd-quick-view-btn wd-quick-view-icon wd-action-btn wd-style-icon wd-tooltip\">\n\t\t\t<a\n\t\t\t\thref=\"https:\/\/www.moensmeubelen.be\/fr\/produit\/ADAGIO-fr_BE\/\"\n\t\t\t\tclass=\"open-quick-view\"\n\t\t\t\trel=\"nofollow\"\n\t\t\t\tdata-id=\"737795\"\n\t\t\t\t>\n\t\t\t\t\t<span class=\"wd-action-icon\"><\/span>\n\t\t\t\t\t<span class=\"wd-action-text\">\n\t\t\t\t\t\tQuick view\t\t\t\t\t<\/span>\n\t\t\t<\/a>\n\t\t<\/div>\n\t\t\t\t\t<\/div>\n\t\t\t\t\t<\/div>\n\t<\/div>\n<\/div>\n<\/div>\n<div class=\"wd-product wd-col wd-hover-buttons-on-hover product-grid-item product type-product post-737797 status-publish onbackorder product_cat-keukenstoelen_fr_BE product_cat-eetkamerstoelen_fr_BE has-post-thumbnail taxable shipping-taxable purchasable product-type-simple\" data-loop=\"2\" data-id=\"737797\">\n\t\n<div class=\"wd-product-wrapper product-wrapper\">\n\t<div class=\"wd-product-thumb product-element-top wd-quick-shop\">\n\t\t<a href=\"https:\/\/www.moensmeubelen.be\/fr\/produit\/AERO-fr_BE\/\" class=\"wd-product-img-link product-image-link\" tabindex=\"-1\" aria-label=\"AERO\">\n\t\t\t<img loading=\"lazy\" decoding=\"async\" width=\"300\" height=\"300\" src=\"https:\/\/www.moensmeubelen.be\/wp-content\/uploads\/2024\/12\/4bb9e48b03ea2b6f997c0468b482722a371b84db_AERO-300x300.png\" class=\"attachment-woocommerce_thumbnail size-woocommerce_thumbnail\" alt=\"\" srcset=\"https:\/\/www.moensmeubelen.be\/wp-content\/uploads\/2024\/12\/4bb9e48b03ea2b6f997c0468b482722a371b84db_AERO-300x300.png 300w, https:\/\/www.moensmeubelen.be\/wp-content\/uploads\/2024\/12\/4bb9e48b03ea2b6f997c0468b482722a371b84db_AERO-1024x1024.png 1024w, https:\/\/www.moensmeubelen.be\/wp-content\/uploads\/2024\/12\/4bb9e48b03ea2b6f997c0468b482722a371b84db_AERO-250x250.png 250w, https:\/\/www.moensmeubelen.be\/wp-content\/uploads\/2024\/12\/4bb9e48b03ea2b6f997c0468b482722a371b84db_AERO-768x768.png 768w, https:\/\/www.moensmeubelen.be\/wp-content\/uploads\/2024\/12\/4bb9e48b03ea2b6f997c0468b482722a371b84db_AERO-1536x1536.png 1536w, https:\/\/www.moensmeubelen.be\/wp-content\/uploads\/2024\/12\/4bb9e48b03ea2b6f997c0468b482722a371b84db_AERO-2048x2048.png 2048w, https:\/\/www.moensmeubelen.be\/wp-content\/uploads\/2024\/12\/4bb9e48b03ea2b6f997c0468b482722a371b84db_AERO-800x800.png 800w, https:\/\/www.moensmeubelen.be\/wp-content\/uploads\/2024\/12\/4bb9e48b03ea2b6f997c0468b482722a371b84db_AERO-200x200.png 200w\" sizes=\"auto, (max-width: 300px) 100vw, 300px\" title=\"\">\t\t<\/a>\n\n\t\t\n\t\t<div class=\"wd-buttons wd-pos-r-t\">\n\t\t\t\t\t<\/div>\n\t<\/div>\n\n\t<div class=\"product-element-bottom\">\n\n\t\t<div class=\"wd-product-header\">\n\t\t\t<h3 class=\"wd-entities-title\"><a href=\"https:\/\/www.moensmeubelen.be\/fr\/produit\/AERO-fr_BE\/\">AERO<\/a><\/h3>\n\t\t\t\t\t<\/div>\n\n\t\t\n\t\t\n\t\t<div class=\"wrap-price\">\n\t\t\t\n\t<span class=\"price\"><span class=\"woocommerce-Price-amount amount\"><bdi><span class=\"woocommerce-Price-currencySymbol\" translate=\"no\">&euro;<\/span>200,00<\/bdi><\/span><\/span>\n\n\t\t\t\t\t<\/div>\n\n\t\t<span class=\"gtm4wp_productdata\" style=\"display:none; visibility:hidden;\" data-gtm4wp_product_data=\"{&quot;internal_id&quot;:737797,&quot;item_id&quot;:&quot;AERO&quot;,&quot;item_name&quot;:&quot;AERO&quot;,&quot;sku&quot;:&quot;AERO&quot;,&quot;price&quot;:200,&quot;stocklevel&quot;:null,&quot;stockstatus&quot;:&quot;onbackorder&quot;,&quot;google_business_vertical&quot;:&quot;retail&quot;,&quot;item_category&quot;:&quot;vivre&quot;,&quot;item_category2&quot;:&quot;Chaises&quot;,&quot;item_category3&quot;:&quot;chaises de cuisine&quot;,&quot;id&quot;:&quot;AERO&quot;,&quot;productlink&quot;:&quot;https:\\\/\\\/www.moensmeubelen.be\\\/fr\\\/produit\\\/AERO-fr_BE\\\/&quot;,&quot;item_list_name&quot;:&quot;General Product List&quot;,&quot;index&quot;:3,&quot;product_type&quot;:&quot;simple&quot;,&quot;item_brand&quot;:&quot;&quot;}\"><\/span>\t\t\t<input type=\"hidden\" class=\"pmwProductId\" data-id=\"737797\">\n\t\t\t\t\t<script class=\"_iub_cs_skip\">\n\t\t\t(window.pmwDataLayer = window.pmwDataLayer || {}).products                = window.pmwDataLayer.products || {};\n\t\t\twindow.pmwDataLayer.products[737797] = {\"id\":\"737797\",\"sku\":\"AERO\",\"price\":200,\"brand\":\"\",\"quantity\":1,\"dyn_r_ids\":{\"post_id\":\"737797\",\"sku\":\"AERO\",\"gpf\":\"woocommerce_gpf_737797\",\"gla\":\"gla_737797\"},\"is_variable\":false,\"type\":\"simple\",\"name\":\"AERO\",\"category\":[\"chaises de cuisine\",\"Chaises de salle \u00e0 manger\"],\"is_variation\":false};\n\t\t\t\t\twindow.pmw_product_position = window.pmw_product_position || 1;\n\t\twindow.pmwDataLayer.products[737797]['position'] = window.pmw_product_position++;\n\t\t\t\t<\/script>\n\t\t<div class=\"conditionele-tekst levertermijn-placeholder levertermijn-placeholder--plp\" data-aamss-sku=\"AERO\" data-aamss-product-id=\"737797\" data-aamss-context=\"plp\" data-aamss-state=\"loading\" aria-busy=\"true\">D\u00e9lai de livraison 8-10 semaines<\/div>\n\t\t\n\t\t\n\t\t\n\t\t<div class=\"wd-product-footer\">\n\t\t\t<div class=\"wd-add-btn wd-add-btn-replace\">\n\t\t\t\t<a href=\"\/fr\/wp-json\/wp\/v2\/pages\/74665?add-to-cart=737797\"  data-quantity=\"1\" class=\"button product_type_simple add_to_cart_button ajax_add_to_cart add-to-cart-loop\" data-product_id=\"737797\" data-product_sku=\"AERO\" aria-label=\"Add to cart: &ldquo;AERO&rdquo;\" rel=\"nofollow\" data-success_message=\"&ldquo;AERO&rdquo; has been added to your cart\"><span class=\"wd-action-icon\"><span class=\"wd-check-icon\"><\/span><\/span><span class=\"wd-action-text\">Panier<\/span><\/a>\t\t\t<\/div>\n\n\t\t\t\t\t\t<div class=\"wd-action-buttons\">\n\t\t\t\t\t\t<div class=\"wd-compare-btn wd-action-btn wd-style-icon wd-compare-icon wd-tooltip\">\n\t\t\t<a href=\"https:\/\/www.moensmeubelen.be\/fr\/vergelijk\/?product_id=737796\" class=\"\" data-id=\"737796\" rel=\"nofollow\">\n\t\t\t\t<span class=\"wd-action-icon\">\n\t\t\t\t\t<span class=\"wd-check-icon\"><\/span>\n\t\t\t\t<\/span>\n\t\t\t\t<span class=\"wd-action-text\">Comparer<\/span>\n\t\t\t<\/a>\n\t\t<\/div>\n\t\t\t\t\t\t\t\t<div class=\"wd-quick-view-btn wd-quick-view-icon wd-action-btn wd-style-icon wd-tooltip\">\n\t\t\t<a\n\t\t\t\thref=\"https:\/\/www.moensmeubelen.be\/fr\/produit\/AERO-fr_BE\/\"\n\t\t\t\tclass=\"open-quick-view\"\n\t\t\t\trel=\"nofollow\"\n\t\t\t\tdata-id=\"737797\"\n\t\t\t\t>\n\t\t\t\t\t<span class=\"wd-action-icon\"><\/span>\n\t\t\t\t\t<span class=\"wd-action-text\">\n\t\t\t\t\t\tQuick view\t\t\t\t\t<\/span>\n\t\t\t<\/a>\n\t\t<\/div>\n\t\t\t\t\t<\/div>\n\t\t\t\t\t<\/div>\n\t<\/div>\n<\/div>\n<\/div>\n<div class=\"wd-product wd-col wd-hover-buttons-on-hover product-grid-item product type-product post-737799 status-publish last onbackorder product_cat-keukenstoelen_fr_BE product_cat-eetkamerstoelen_fr_BE has-post-thumbnail taxable shipping-taxable purchasable product-type-simple\" data-loop=\"3\" data-id=\"737799\">\n\t\n<div class=\"wd-product-wrapper product-wrapper\">\n\t<div class=\"wd-product-thumb product-element-top wd-quick-shop\">\n\t\t<a href=\"https:\/\/www.moensmeubelen.be\/fr\/produit\/ALLURE-fr_BE\/\" class=\"wd-product-img-link product-image-link\" tabindex=\"-1\" aria-label=\"ALLURE\">\n\t\t\t<img loading=\"lazy\" decoding=\"async\" width=\"300\" height=\"300\" src=\"https:\/\/www.moensmeubelen.be\/wp-content\/uploads\/2024\/12\/64d0059bd98aed8ddb29f63bccb48b7b71edb802_ALLURE-300x300.png\" class=\"attachment-woocommerce_thumbnail size-woocommerce_thumbnail\" alt=\"\" srcset=\"https:\/\/www.moensmeubelen.be\/wp-content\/uploads\/2024\/12\/64d0059bd98aed8ddb29f63bccb48b7b71edb802_ALLURE-300x300.png 300w, https:\/\/www.moensmeubelen.be\/wp-content\/uploads\/2024\/12\/64d0059bd98aed8ddb29f63bccb48b7b71edb802_ALLURE-1024x1024.png 1024w, https:\/\/www.moensmeubelen.be\/wp-content\/uploads\/2024\/12\/64d0059bd98aed8ddb29f63bccb48b7b71edb802_ALLURE-250x250.png 250w, https:\/\/www.moensmeubelen.be\/wp-content\/uploads\/2024\/12\/64d0059bd98aed8ddb29f63bccb48b7b71edb802_ALLURE-768x768.png 768w, https:\/\/www.moensmeubelen.be\/wp-content\/uploads\/2024\/12\/64d0059bd98aed8ddb29f63bccb48b7b71edb802_ALLURE-1536x1536.png 1536w, https:\/\/www.moensmeubelen.be\/wp-content\/uploads\/2024\/12\/64d0059bd98aed8ddb29f63bccb48b7b71edb802_ALLURE-2048x2048.png 2048w, https:\/\/www.moensmeubelen.be\/wp-content\/uploads\/2024\/12\/64d0059bd98aed8ddb29f63bccb48b7b71edb802_ALLURE-800x800.png 800w, https:\/\/www.moensmeubelen.be\/wp-content\/uploads\/2024\/12\/64d0059bd98aed8ddb29f63bccb48b7b71edb802_ALLURE-200x200.png 200w\" sizes=\"auto, (max-width: 300px) 100vw, 300px\" title=\"\">\t\t<\/a>\n\n\t\t\n\t\t<div class=\"wd-buttons wd-pos-r-t\">\n\t\t\t\t\t<\/div>\n\t<\/div>\n\n\t<div class=\"product-element-bottom\">\n\n\t\t<div class=\"wd-product-header\">\n\t\t\t<h3 class=\"wd-entities-title\"><a href=\"https:\/\/www.moensmeubelen.be\/fr\/produit\/ALLURE-fr_BE\/\">ALLURE<\/a><\/h3>\n\t\t\t\t\t<\/div>\n\n\t\t\n\t\t\n\t\t<div class=\"wrap-price\">\n\t\t\t\n\t<span class=\"price\"><span class=\"woocommerce-Price-amount amount\"><bdi><span class=\"woocommerce-Price-currencySymbol\" translate=\"no\">&euro;<\/span>246,00<\/bdi><\/span><\/span>\n\n\t\t\t\t\t<\/div>\n\n\t\t<span class=\"gtm4wp_productdata\" style=\"display:none; visibility:hidden;\" data-gtm4wp_product_data=\"{&quot;internal_id&quot;:737799,&quot;item_id&quot;:&quot;ALLURE&quot;,&quot;item_name&quot;:&quot;ALLURE&quot;,&quot;sku&quot;:&quot;ALLURE&quot;,&quot;price&quot;:246,&quot;stocklevel&quot;:null,&quot;stockstatus&quot;:&quot;onbackorder&quot;,&quot;google_business_vertical&quot;:&quot;retail&quot;,&quot;item_category&quot;:&quot;vivre&quot;,&quot;item_category2&quot;:&quot;Chaises&quot;,&quot;item_category3&quot;:&quot;chaises de cuisine&quot;,&quot;id&quot;:&quot;ALLURE&quot;,&quot;productlink&quot;:&quot;https:\\\/\\\/www.moensmeubelen.be\\\/fr\\\/produit\\\/ALLURE-fr_BE\\\/&quot;,&quot;item_list_name&quot;:&quot;General Product List&quot;,&quot;index&quot;:4,&quot;product_type&quot;:&quot;simple&quot;,&quot;item_brand&quot;:&quot;&quot;}\"><\/span>\t\t\t<input type=\"hidden\" class=\"pmwProductId\" data-id=\"737799\">\n\t\t\t\t\t<script class=\"_iub_cs_skip\">\n\t\t\t(window.pmwDataLayer = window.pmwDataLayer || {}).products                = window.pmwDataLayer.products || {};\n\t\t\twindow.pmwDataLayer.products[737799] = {\"id\":\"737799\",\"sku\":\"ALLURE\",\"price\":246,\"brand\":\"\",\"quantity\":1,\"dyn_r_ids\":{\"post_id\":\"737799\",\"sku\":\"ALLURE\",\"gpf\":\"woocommerce_gpf_737799\",\"gla\":\"gla_737799\"},\"is_variable\":false,\"type\":\"simple\",\"name\":\"ALLURE\",\"category\":[\"chaises de cuisine\",\"Chaises de salle \u00e0 manger\"],\"is_variation\":false};\n\t\t\t\t\twindow.pmw_product_position = window.pmw_product_position || 1;\n\t\twindow.pmwDataLayer.products[737799]['position'] = window.pmw_product_position++;\n\t\t\t\t<\/script>\n\t\t<div class=\"conditionele-tekst levertermijn-placeholder levertermijn-placeholder--plp\" data-aamss-sku=\"ALLURE\" data-aamss-product-id=\"737799\" data-aamss-context=\"plp\" data-aamss-state=\"loading\" aria-busy=\"true\">D\u00e9lai de livraison 8-10 semaines<\/div>\n\t\t\n\t\t\n\t\t\n\t\t<div class=\"wd-product-footer\">\n\t\t\t<div class=\"wd-add-btn wd-add-btn-replace\">\n\t\t\t\t<a href=\"\/fr\/wp-json\/wp\/v2\/pages\/74665?add-to-cart=737799\"  data-quantity=\"1\" class=\"button product_type_simple add_to_cart_button ajax_add_to_cart add-to-cart-loop\" data-product_id=\"737799\" data-product_sku=\"ALLURE\" aria-label=\"Add to cart: &ldquo;ALLURE&rdquo;\" rel=\"nofollow\" data-success_message=\"&ldquo;ALLURE&rdquo; has been added to your cart\"><span class=\"wd-action-icon\"><span class=\"wd-check-icon\"><\/span><\/span><span class=\"wd-action-text\">Panier<\/span><\/a>\t\t\t<\/div>\n\n\t\t\t\t\t\t<div class=\"wd-action-buttons\">\n\t\t\t\t\t\t<div class=\"wd-compare-btn wd-action-btn wd-style-icon wd-compare-icon wd-tooltip\">\n\t\t\t<a href=\"https:\/\/www.moensmeubelen.be\/fr\/vergelijk\/?product_id=737798\" class=\"\" data-id=\"737798\" rel=\"nofollow\">\n\t\t\t\t<span class=\"wd-action-icon\">\n\t\t\t\t\t<span class=\"wd-check-icon\"><\/span>\n\t\t\t\t<\/span>\n\t\t\t\t<span class=\"wd-action-text\">Comparer<\/span>\n\t\t\t<\/a>\n\t\t<\/div>\n\t\t\t\t\t\t\t\t<div class=\"wd-quick-view-btn wd-quick-view-icon wd-action-btn wd-style-icon wd-tooltip\">\n\t\t\t<a\n\t\t\t\thref=\"https:\/\/www.moensmeubelen.be\/fr\/produit\/ALLURE-fr_BE\/\"\n\t\t\t\tclass=\"open-quick-view\"\n\t\t\t\trel=\"nofollow\"\n\t\t\t\tdata-id=\"737799\"\n\t\t\t\t>\n\t\t\t\t\t<span class=\"wd-action-icon\"><\/span>\n\t\t\t\t\t<span class=\"wd-action-text\">\n\t\t\t\t\t\tQuick view\t\t\t\t\t<\/span>\n\t\t\t<\/a>\n\t\t<\/div>\n\t\t\t\t\t<\/div>\n\t\t\t\t\t<\/div>\n\t<\/div>\n<\/div>\n<\/div>\n<div class=\"wd-product wd-col wd-hover-buttons-on-hover product-grid-item product type-product post-737809 status-publish first onbackorder product_cat-keukenstoelen_fr_BE product_cat-eetkamerstoelen_fr_BE has-post-thumbnail taxable shipping-taxable purchasable product-type-simple\" data-loop=\"4\" data-id=\"737809\">\n\t\n<div class=\"wd-product-wrapper product-wrapper\">\n\t<div class=\"wd-product-thumb product-element-top wd-quick-shop\">\n\t\t<a href=\"https:\/\/www.moensmeubelen.be\/fr\/produit\/ALTEA-fr_BE\/\" class=\"wd-product-img-link product-image-link\" tabindex=\"-1\" aria-label=\"ALTEA\">\n\t\t\t<img loading=\"lazy\" decoding=\"async\" width=\"300\" height=\"300\" src=\"https:\/\/www.moensmeubelen.be\/wp-content\/uploads\/2024\/12\/8566e5f9f31ec5faa2c52c835899abf201b2c87e_ALTEA-300x300.png\" class=\"attachment-woocommerce_thumbnail size-woocommerce_thumbnail\" alt=\"\" srcset=\"https:\/\/www.moensmeubelen.be\/wp-content\/uploads\/2024\/12\/8566e5f9f31ec5faa2c52c835899abf201b2c87e_ALTEA-300x300.png 300w, https:\/\/www.moensmeubelen.be\/wp-content\/uploads\/2024\/12\/8566e5f9f31ec5faa2c52c835899abf201b2c87e_ALTEA-1024x1024.png 1024w, https:\/\/www.moensmeubelen.be\/wp-content\/uploads\/2024\/12\/8566e5f9f31ec5faa2c52c835899abf201b2c87e_ALTEA-250x250.png 250w, https:\/\/www.moensmeubelen.be\/wp-content\/uploads\/2024\/12\/8566e5f9f31ec5faa2c52c835899abf201b2c87e_ALTEA-768x768.png 768w, https:\/\/www.moensmeubelen.be\/wp-content\/uploads\/2024\/12\/8566e5f9f31ec5faa2c52c835899abf201b2c87e_ALTEA-1536x1536.png 1536w, https:\/\/www.moensmeubelen.be\/wp-content\/uploads\/2024\/12\/8566e5f9f31ec5faa2c52c835899abf201b2c87e_ALTEA-2048x2048.png 2048w, https:\/\/www.moensmeubelen.be\/wp-content\/uploads\/2024\/12\/8566e5f9f31ec5faa2c52c835899abf201b2c87e_ALTEA-800x800.png 800w, https:\/\/www.moensmeubelen.be\/wp-content\/uploads\/2024\/12\/8566e5f9f31ec5faa2c52c835899abf201b2c87e_ALTEA-200x200.png 200w\" sizes=\"auto, (max-width: 300px) 100vw, 300px\" title=\"\">\t\t<\/a>\n\n\t\t\n\t\t<div class=\"wd-buttons wd-pos-r-t\">\n\t\t\t\t\t<\/div>\n\t<\/div>\n\n\t<div class=\"product-element-bottom\">\n\n\t\t<div class=\"wd-product-header\">\n\t\t\t<h3 class=\"wd-entities-title\"><a href=\"https:\/\/www.moensmeubelen.be\/fr\/produit\/ALTEA-fr_BE\/\">ALTEA<\/a><\/h3>\n\t\t\t\t\t<\/div>\n\n\t\t\n\t\t\n\t\t<div class=\"wrap-price\">\n\t\t\t\n\t<span class=\"price\"><span class=\"woocommerce-Price-amount amount\"><bdi><span class=\"woocommerce-Price-currencySymbol\" translate=\"no\">&euro;<\/span>126,00<\/bdi><\/span><\/span>\n\n\t\t\t\t\t<\/div>\n\n\t\t<span class=\"gtm4wp_productdata\" style=\"display:none; visibility:hidden;\" data-gtm4wp_product_data=\"{&quot;internal_id&quot;:737809,&quot;item_id&quot;:&quot;ALTEA&quot;,&quot;item_name&quot;:&quot;ALTEA&quot;,&quot;sku&quot;:&quot;ALTEA&quot;,&quot;price&quot;:126,&quot;stocklevel&quot;:null,&quot;stockstatus&quot;:&quot;onbackorder&quot;,&quot;google_business_vertical&quot;:&quot;retail&quot;,&quot;item_category&quot;:&quot;vivre&quot;,&quot;item_category2&quot;:&quot;Chaises&quot;,&quot;item_category3&quot;:&quot;chaises de cuisine&quot;,&quot;id&quot;:&quot;ALTEA&quot;,&quot;productlink&quot;:&quot;https:\\\/\\\/www.moensmeubelen.be\\\/fr\\\/produit\\\/ALTEA-fr_BE\\\/&quot;,&quot;item_list_name&quot;:&quot;General Product List&quot;,&quot;index&quot;:5,&quot;product_type&quot;:&quot;simple&quot;,&quot;item_brand&quot;:&quot;&quot;}\"><\/span>\t\t\t<input type=\"hidden\" class=\"pmwProductId\" data-id=\"737809\">\n\t\t\t\t\t<script class=\"_iub_cs_skip\">\n\t\t\t(window.pmwDataLayer = window.pmwDataLayer || {}).products                = window.pmwDataLayer.products || {};\n\t\t\twindow.pmwDataLayer.products[737809] = {\"id\":\"737809\",\"sku\":\"ALTEA\",\"price\":126,\"brand\":\"\",\"quantity\":1,\"dyn_r_ids\":{\"post_id\":\"737809\",\"sku\":\"ALTEA\",\"gpf\":\"woocommerce_gpf_737809\",\"gla\":\"gla_737809\"},\"is_variable\":false,\"type\":\"simple\",\"name\":\"ALTEA\",\"category\":[\"chaises de cuisine\",\"Chaises de salle \u00e0 manger\"],\"is_variation\":false};\n\t\t\t\t\twindow.pmw_product_position = window.pmw_product_position || 1;\n\t\twindow.pmwDataLayer.products[737809]['position'] = window.pmw_product_position++;\n\t\t\t\t<\/script>\n\t\t<div class=\"conditionele-tekst levertermijn-placeholder levertermijn-placeholder--plp\" data-aamss-sku=\"ALTEA\" data-aamss-product-id=\"737809\" data-aamss-context=\"plp\" data-aamss-state=\"loading\" aria-busy=\"true\">D\u00e9lai de livraison 8-10 semaines<\/div>\n\t\t\n\t\t\n\t\t\n\t\t<div class=\"wd-product-footer\">\n\t\t\t<div class=\"wd-add-btn wd-add-btn-replace\">\n\t\t\t\t<a href=\"\/fr\/wp-json\/wp\/v2\/pages\/74665?add-to-cart=737809\"  data-quantity=\"1\" class=\"button product_type_simple add_to_cart_button ajax_add_to_cart add-to-cart-loop\" data-product_id=\"737809\" data-product_sku=\"ALTEA\" aria-label=\"Add to cart: &ldquo;ALTEA&rdquo;\" rel=\"nofollow\" data-success_message=\"&ldquo;ALTEA&rdquo; has been added to your cart\"><span class=\"wd-action-icon\"><span class=\"wd-check-icon\"><\/span><\/span><span class=\"wd-action-text\">Panier<\/span><\/a>\t\t\t<\/div>\n\n\t\t\t\t\t\t<div class=\"wd-action-buttons\">\n\t\t\t\t\t\t<div class=\"wd-compare-btn wd-action-btn wd-style-icon wd-compare-icon wd-tooltip\">\n\t\t\t<a href=\"https:\/\/www.moensmeubelen.be\/fr\/vergelijk\/?product_id=737808\" class=\"\" data-id=\"737808\" rel=\"nofollow\">\n\t\t\t\t<span class=\"wd-action-icon\">\n\t\t\t\t\t<span class=\"wd-check-icon\"><\/span>\n\t\t\t\t<\/span>\n\t\t\t\t<span class=\"wd-action-text\">Comparer<\/span>\n\t\t\t<\/a>\n\t\t<\/div>\n\t\t\t\t\t\t\t\t<div class=\"wd-quick-view-btn wd-quick-view-icon wd-action-btn wd-style-icon wd-tooltip\">\n\t\t\t<a\n\t\t\t\thref=\"https:\/\/www.moensmeubelen.be\/fr\/produit\/ALTEA-fr_BE\/\"\n\t\t\t\tclass=\"open-quick-view\"\n\t\t\t\trel=\"nofollow\"\n\t\t\t\tdata-id=\"737809\"\n\t\t\t\t>\n\t\t\t\t\t<span class=\"wd-action-icon\"><\/span>\n\t\t\t\t\t<span class=\"wd-action-text\">\n\t\t\t\t\t\tQuick view\t\t\t\t\t<\/span>\n\t\t\t<\/a>\n\t\t<\/div>\n\t\t\t\t\t<\/div>\n\t\t\t\t\t<\/div>\n\t<\/div>\n<\/div>\n<\/div>\n<div class=\"wd-product wd-col wd-hover-buttons-on-hover product-grid-item product type-product post-737811 status-publish onbackorder product_cat-keukenstoelen_fr_BE product_cat-eetkamerstoelen_fr_BE has-post-thumbnail taxable shipping-taxable purchasable product-type-simple\" data-loop=\"5\" data-id=\"737811\">\n\t\n<div class=\"wd-product-wrapper product-wrapper\">\n\t<div class=\"wd-product-thumb product-element-top wd-quick-shop\">\n\t\t<a href=\"https:\/\/www.moensmeubelen.be\/fr\/produit\/ARCA-fr_BE\/\" class=\"wd-product-img-link product-image-link\" tabindex=\"-1\" aria-label=\"ARCA\">\n\t\t\t<img loading=\"lazy\" decoding=\"async\" width=\"300\" height=\"300\" src=\"https:\/\/www.moensmeubelen.be\/wp-content\/uploads\/2024\/12\/db7f154672d0cbcd109bff01331c3e3c7e8d688f_ARCA-300x300.png\" class=\"attachment-woocommerce_thumbnail size-woocommerce_thumbnail\" alt=\"\" srcset=\"https:\/\/www.moensmeubelen.be\/wp-content\/uploads\/2024\/12\/db7f154672d0cbcd109bff01331c3e3c7e8d688f_ARCA-300x300.png 300w, https:\/\/www.moensmeubelen.be\/wp-content\/uploads\/2024\/12\/db7f154672d0cbcd109bff01331c3e3c7e8d688f_ARCA-1024x1024.png 1024w, https:\/\/www.moensmeubelen.be\/wp-content\/uploads\/2024\/12\/db7f154672d0cbcd109bff01331c3e3c7e8d688f_ARCA-250x250.png 250w, https:\/\/www.moensmeubelen.be\/wp-content\/uploads\/2024\/12\/db7f154672d0cbcd109bff01331c3e3c7e8d688f_ARCA-768x768.png 768w, https:\/\/www.moensmeubelen.be\/wp-content\/uploads\/2024\/12\/db7f154672d0cbcd109bff01331c3e3c7e8d688f_ARCA-1536x1536.png 1536w, https:\/\/www.moensmeubelen.be\/wp-content\/uploads\/2024\/12\/db7f154672d0cbcd109bff01331c3e3c7e8d688f_ARCA-2048x2048.png 2048w, https:\/\/www.moensmeubelen.be\/wp-content\/uploads\/2024\/12\/db7f154672d0cbcd109bff01331c3e3c7e8d688f_ARCA-800x800.png 800w, https:\/\/www.moensmeubelen.be\/wp-content\/uploads\/2024\/12\/db7f154672d0cbcd109bff01331c3e3c7e8d688f_ARCA-200x200.png 200w\" sizes=\"auto, (max-width: 300px) 100vw, 300px\" title=\"\">\t\t<\/a>\n\n\t\t\n\t\t<div class=\"wd-buttons wd-pos-r-t\">\n\t\t\t\t\t<\/div>\n\t<\/div>\n\n\t<div class=\"product-element-bottom\">\n\n\t\t<div class=\"wd-product-header\">\n\t\t\t<h3 class=\"wd-entities-title\"><a href=\"https:\/\/www.moensmeubelen.be\/fr\/produit\/ARCA-fr_BE\/\">ARCA<\/a><\/h3>\n\t\t\t\t\t<\/div>\n\n\t\t\n\t\t\n\t\t<div class=\"wrap-price\">\n\t\t\t\n\t<span class=\"price\"><span class=\"woocommerce-Price-amount amount\"><bdi><span class=\"woocommerce-Price-currencySymbol\" translate=\"no\">&euro;<\/span>202,00<\/bdi><\/span><\/span>\n\n\t\t\t\t\t<\/div>\n\n\t\t<span class=\"gtm4wp_productdata\" style=\"display:none; visibility:hidden;\" data-gtm4wp_product_data=\"{&quot;internal_id&quot;:737811,&quot;item_id&quot;:&quot;ARCA&quot;,&quot;item_name&quot;:&quot;ARCA&quot;,&quot;sku&quot;:&quot;ARCA&quot;,&quot;price&quot;:202,&quot;stocklevel&quot;:null,&quot;stockstatus&quot;:&quot;onbackorder&quot;,&quot;google_business_vertical&quot;:&quot;retail&quot;,&quot;item_category&quot;:&quot;vivre&quot;,&quot;item_category2&quot;:&quot;Chaises&quot;,&quot;item_category3&quot;:&quot;chaises de cuisine&quot;,&quot;id&quot;:&quot;ARCA&quot;,&quot;productlink&quot;:&quot;https:\\\/\\\/www.moensmeubelen.be\\\/fr\\\/produit\\\/ARCA-fr_BE\\\/&quot;,&quot;item_list_name&quot;:&quot;General Product List&quot;,&quot;index&quot;:6,&quot;product_type&quot;:&quot;simple&quot;,&quot;item_brand&quot;:&quot;&quot;}\"><\/span>\t\t\t<input type=\"hidden\" class=\"pmwProductId\" data-id=\"737811\">\n\t\t\t\t\t<script class=\"_iub_cs_skip\">\n\t\t\t(window.pmwDataLayer = window.pmwDataLayer || {}).products                = window.pmwDataLayer.products || {};\n\t\t\twindow.pmwDataLayer.products[737811] = {\"id\":\"737811\",\"sku\":\"ARCA\",\"price\":202,\"brand\":\"\",\"quantity\":1,\"dyn_r_ids\":{\"post_id\":\"737811\",\"sku\":\"ARCA\",\"gpf\":\"woocommerce_gpf_737811\",\"gla\":\"gla_737811\"},\"is_variable\":false,\"type\":\"simple\",\"name\":\"ARCA\",\"category\":[\"chaises de cuisine\",\"Chaises de salle \u00e0 manger\"],\"is_variation\":false};\n\t\t\t\t\twindow.pmw_product_position = window.pmw_product_position || 1;\n\t\twindow.pmwDataLayer.products[737811]['position'] = window.pmw_product_position++;\n\t\t\t\t<\/script>\n\t\t<div class=\"conditionele-tekst levertermijn-placeholder levertermijn-placeholder--plp\" data-aamss-sku=\"ARCA\" data-aamss-product-id=\"737811\" data-aamss-context=\"plp\" data-aamss-state=\"loading\" aria-busy=\"true\">D\u00e9lai de livraison 8-10 semaines<\/div>\n\t\t\n\t\t\n\t\t\n\t\t<div class=\"wd-product-footer\">\n\t\t\t<div class=\"wd-add-btn wd-add-btn-replace\">\n\t\t\t\t<a href=\"\/fr\/wp-json\/wp\/v2\/pages\/74665?add-to-cart=737811\"  data-quantity=\"1\" class=\"button product_type_simple add_to_cart_button ajax_add_to_cart add-to-cart-loop\" data-product_id=\"737811\" data-product_sku=\"ARCA\" aria-label=\"Add to cart: &ldquo;ARCA&rdquo;\" rel=\"nofollow\" data-success_message=\"&ldquo;ARCA&rdquo; has been added to your cart\"><span class=\"wd-action-icon\"><span class=\"wd-check-icon\"><\/span><\/span><span class=\"wd-action-text\">Panier<\/span><\/a>\t\t\t<\/div>\n\n\t\t\t\t\t\t<div class=\"wd-action-buttons\">\n\t\t\t\t\t\t<div class=\"wd-compare-btn wd-action-btn wd-style-icon wd-compare-icon wd-tooltip\">\n\t\t\t<a href=\"https:\/\/www.moensmeubelen.be\/fr\/vergelijk\/?product_id=737810\" class=\"\" data-id=\"737810\" rel=\"nofollow\">\n\t\t\t\t<span class=\"wd-action-icon\">\n\t\t\t\t\t<span class=\"wd-check-icon\"><\/span>\n\t\t\t\t<\/span>\n\t\t\t\t<span class=\"wd-action-text\">Comparer<\/span>\n\t\t\t<\/a>\n\t\t<\/div>\n\t\t\t\t\t\t\t\t<div class=\"wd-quick-view-btn wd-quick-view-icon wd-action-btn wd-style-icon wd-tooltip\">\n\t\t\t<a\n\t\t\t\thref=\"https:\/\/www.moensmeubelen.be\/fr\/produit\/ARCA-fr_BE\/\"\n\t\t\t\tclass=\"open-quick-view\"\n\t\t\t\trel=\"nofollow\"\n\t\t\t\tdata-id=\"737811\"\n\t\t\t\t>\n\t\t\t\t\t<span class=\"wd-action-icon\"><\/span>\n\t\t\t\t\t<span class=\"wd-action-text\">\n\t\t\t\t\t\tQuick view\t\t\t\t\t<\/span>\n\t\t\t<\/a>\n\t\t<\/div>\n\t\t\t\t\t<\/div>\n\t\t\t\t\t<\/div>\n\t<\/div>\n<\/div>\n<\/div>\n<div class=\"wd-product wd-col wd-hover-buttons-on-hover product-grid-item product type-product post-737907 status-publish onbackorder product_cat-keukenstoelen_fr_BE product_cat-eetkamerstoelen_fr_BE has-post-thumbnail taxable shipping-taxable purchasable product-type-simple\" data-loop=\"6\" data-id=\"737907\">\n\t\n<div class=\"wd-product-wrapper product-wrapper\">\n\t<div class=\"wd-product-thumb product-element-top wd-quick-shop\">\n\t\t<a href=\"https:\/\/www.moensmeubelen.be\/fr\/produit\/BISTRO-fr_BE\/\" class=\"wd-product-img-link product-image-link\" tabindex=\"-1\" aria-label=\"BISTRO\">\n\t\t\t<img loading=\"lazy\" decoding=\"async\" width=\"300\" height=\"300\" src=\"https:\/\/www.moensmeubelen.be\/wp-content\/uploads\/2024\/12\/70bd6ff498300865442ff326e53d03edd90c2376_BISTRO-300x300.png\" class=\"attachment-woocommerce_thumbnail size-woocommerce_thumbnail\" alt=\"\" srcset=\"https:\/\/www.moensmeubelen.be\/wp-content\/uploads\/2024\/12\/70bd6ff498300865442ff326e53d03edd90c2376_BISTRO-300x300.png 300w, https:\/\/www.moensmeubelen.be\/wp-content\/uploads\/2024\/12\/70bd6ff498300865442ff326e53d03edd90c2376_BISTRO-1024x1024.png 1024w, https:\/\/www.moensmeubelen.be\/wp-content\/uploads\/2024\/12\/70bd6ff498300865442ff326e53d03edd90c2376_BISTRO-250x250.png 250w, https:\/\/www.moensmeubelen.be\/wp-content\/uploads\/2024\/12\/70bd6ff498300865442ff326e53d03edd90c2376_BISTRO-768x768.png 768w, https:\/\/www.moensmeubelen.be\/wp-content\/uploads\/2024\/12\/70bd6ff498300865442ff326e53d03edd90c2376_BISTRO-1536x1536.png 1536w, https:\/\/www.moensmeubelen.be\/wp-content\/uploads\/2024\/12\/70bd6ff498300865442ff326e53d03edd90c2376_BISTRO-2048x2048.png 2048w, https:\/\/www.moensmeubelen.be\/wp-content\/uploads\/2024\/12\/70bd6ff498300865442ff326e53d03edd90c2376_BISTRO-800x800.png 800w, https:\/\/www.moensmeubelen.be\/wp-content\/uploads\/2024\/12\/70bd6ff498300865442ff326e53d03edd90c2376_BISTRO-200x200.png 200w\" sizes=\"auto, (max-width: 300px) 100vw, 300px\" title=\"\">\t\t<\/a>\n\n\t\t\n\t\t<div class=\"wd-buttons wd-pos-r-t\">\n\t\t\t\t\t<\/div>\n\t<\/div>\n\n\t<div class=\"product-element-bottom\">\n\n\t\t<div class=\"wd-product-header\">\n\t\t\t<h3 class=\"wd-entities-title\"><a href=\"https:\/\/www.moensmeubelen.be\/fr\/produit\/BISTRO-fr_BE\/\">BISTRO<\/a><\/h3>\n\t\t\t\t\t<\/div>\n\n\t\t\n\t\t\n\t\t<div class=\"wrap-price\">\n\t\t\t\n\t<span class=\"price\"><span class=\"woocommerce-Price-amount amount\"><bdi><span class=\"woocommerce-Price-currencySymbol\" translate=\"no\">&euro;<\/span>152,00<\/bdi><\/span><\/span>\n\n\t\t\t\t\t<\/div>\n\n\t\t<span class=\"gtm4wp_productdata\" style=\"display:none; visibility:hidden;\" data-gtm4wp_product_data=\"{&quot;internal_id&quot;:737907,&quot;item_id&quot;:&quot;BISTRO&quot;,&quot;item_name&quot;:&quot;BISTRO&quot;,&quot;sku&quot;:&quot;BISTRO&quot;,&quot;price&quot;:152,&quot;stocklevel&quot;:null,&quot;stockstatus&quot;:&quot;onbackorder&quot;,&quot;google_business_vertical&quot;:&quot;retail&quot;,&quot;item_category&quot;:&quot;vivre&quot;,&quot;item_category2&quot;:&quot;Chaises&quot;,&quot;item_category3&quot;:&quot;chaises de cuisine&quot;,&quot;id&quot;:&quot;BISTRO&quot;,&quot;productlink&quot;:&quot;https:\\\/\\\/www.moensmeubelen.be\\\/fr\\\/produit\\\/BISTRO-fr_BE\\\/&quot;,&quot;item_list_name&quot;:&quot;General Product List&quot;,&quot;index&quot;:7,&quot;product_type&quot;:&quot;simple&quot;,&quot;item_brand&quot;:&quot;&quot;}\"><\/span>\t\t\t<input type=\"hidden\" class=\"pmwProductId\" data-id=\"737907\">\n\t\t\t\t\t<script class=\"_iub_cs_skip\">\n\t\t\t(window.pmwDataLayer = window.pmwDataLayer || {}).products                = window.pmwDataLayer.products || {};\n\t\t\twindow.pmwDataLayer.products[737907] = {\"id\":\"737907\",\"sku\":\"BISTRO\",\"price\":152,\"brand\":\"\",\"quantity\":1,\"dyn_r_ids\":{\"post_id\":\"737907\",\"sku\":\"BISTRO\",\"gpf\":\"woocommerce_gpf_737907\",\"gla\":\"gla_737907\"},\"is_variable\":false,\"type\":\"simple\",\"name\":\"BISTRO\",\"category\":[\"chaises de cuisine\",\"Chaises de salle \u00e0 manger\"],\"is_variation\":false};\n\t\t\t\t\twindow.pmw_product_position = window.pmw_product_position || 1;\n\t\twindow.pmwDataLayer.products[737907]['position'] = window.pmw_product_position++;\n\t\t\t\t<\/script>\n\t\t<div class=\"conditionele-tekst levertermijn-placeholder levertermijn-placeholder--plp\" data-aamss-sku=\"BISTRO\" data-aamss-product-id=\"737907\" data-aamss-context=\"plp\" data-aamss-state=\"loading\" aria-busy=\"true\">D\u00e9lai de livraison 8-10 semaines<\/div>\n\t\t\n\t\t\n\t\t\n\t\t<div class=\"wd-product-footer\">\n\t\t\t<div class=\"wd-add-btn wd-add-btn-replace\">\n\t\t\t\t<a href=\"\/fr\/wp-json\/wp\/v2\/pages\/74665?add-to-cart=737907\"  data-quantity=\"1\" class=\"button product_type_simple add_to_cart_button ajax_add_to_cart add-to-cart-loop\" data-product_id=\"737907\" data-product_sku=\"BISTRO\" aria-label=\"Add to cart: &ldquo;BISTRO&rdquo;\" rel=\"nofollow\" data-success_message=\"&ldquo;BISTRO&rdquo; has been added to your cart\"><span class=\"wd-action-icon\"><span class=\"wd-check-icon\"><\/span><\/span><span class=\"wd-action-text\">Panier<\/span><\/a>\t\t\t<\/div>\n\n\t\t\t\t\t\t<div class=\"wd-action-buttons\">\n\t\t\t\t\t\t<div class=\"wd-compare-btn wd-action-btn wd-style-icon wd-compare-icon wd-tooltip\">\n\t\t\t<a href=\"https:\/\/www.moensmeubelen.be\/fr\/vergelijk\/?product_id=737906\" class=\"\" data-id=\"737906\" rel=\"nofollow\">\n\t\t\t\t<span class=\"wd-action-icon\">\n\t\t\t\t\t<span class=\"wd-check-icon\"><\/span>\n\t\t\t\t<\/span>\n\t\t\t\t<span class=\"wd-action-text\">Comparer<\/span>\n\t\t\t<\/a>\n\t\t<\/div>\n\t\t\t\t\t\t\t\t<div class=\"wd-quick-view-btn wd-quick-view-icon wd-action-btn wd-style-icon wd-tooltip\">\n\t\t\t<a\n\t\t\t\thref=\"https:\/\/www.moensmeubelen.be\/fr\/produit\/BISTRO-fr_BE\/\"\n\t\t\t\tclass=\"open-quick-view\"\n\t\t\t\trel=\"nofollow\"\n\t\t\t\tdata-id=\"737907\"\n\t\t\t\t>\n\t\t\t\t\t<span class=\"wd-action-icon\"><\/span>\n\t\t\t\t\t<span class=\"wd-action-text\">\n\t\t\t\t\t\tQuick view\t\t\t\t\t<\/span>\n\t\t\t<\/a>\n\t\t<\/div>\n\t\t\t\t\t<\/div>\n\t\t\t\t\t<\/div>\n\t<\/div>\n<\/div>\n<\/div>\n<div class=\"wd-product wd-col wd-hover-buttons-on-hover product-grid-item product type-product post-804396 status-publish last onbackorder product_cat-keukenstoelen_fr_BE product_cat-eettafels_fr_BE has-post-thumbnail taxable shipping-taxable purchasable product-type-simple\" data-loop=\"7\" data-id=\"804396\">\n\t\n<div class=\"wd-product-wrapper product-wrapper\">\n\t<div class=\"wd-product-thumb product-element-top wd-quick-shop\">\n\t\t<a href=\"https:\/\/www.moensmeubelen.be\/fr\/produit\/DNLF-1022543-fr_BE\/\" class=\"wd-product-img-link product-image-link\" tabindex=\"-1\" aria-label=\"Bono smeedijzeren + eiken\">\n\t\t\t<img loading=\"lazy\" decoding=\"async\" width=\"300\" height=\"300\" src=\"https:\/\/www.moensmeubelen.be\/wp-content\/uploads\/2024\/11\/d15718807a1da1e6947a8d6c305ebef5d9e89fce_frontly_image_upload_v1730668649_2024_11_03_22_17_17_111__Bono_smeedijzeren_salontafel_T78.jpg_-300x300.png\" class=\"attachment-woocommerce_thumbnail size-woocommerce_thumbnail\" alt=\"\" srcset=\"https:\/\/www.moensmeubelen.be\/wp-content\/uploads\/2024\/11\/d15718807a1da1e6947a8d6c305ebef5d9e89fce_frontly_image_upload_v1730668649_2024_11_03_22_17_17_111__Bono_smeedijzeren_salontafel_T78.jpg_-300x300.png 300w, https:\/\/www.moensmeubelen.be\/wp-content\/uploads\/2024\/11\/d15718807a1da1e6947a8d6c305ebef5d9e89fce_frontly_image_upload_v1730668649_2024_11_03_22_17_17_111__Bono_smeedijzeren_salontafel_T78.jpg_-250x250.png 250w\" sizes=\"auto, (max-width: 300px) 100vw, 300px\" title=\"\">\t\t<\/a>\n\n\t\t\n\t\t<div class=\"wd-buttons wd-pos-r-t\">\n\t\t\t\t\t<\/div>\n\t<\/div>\n\n\t<div class=\"product-element-bottom\">\n\n\t\t<div class=\"wd-product-header\">\n\t\t\t<h3 class=\"wd-entities-title\"><a href=\"https:\/\/www.moensmeubelen.be\/fr\/produit\/DNLF-1022543-fr_BE\/\">Bono smeedijzeren + eiken<\/a><\/h3>\n\t\t\t\t\t<\/div>\n\n\t\t\n\t\t\n\t\t<div class=\"wrap-price\">\n\t\t\t\n\t<span class=\"price\"><span class=\"woocommerce-Price-amount amount\"><bdi><span class=\"woocommerce-Price-currencySymbol\" translate=\"no\">&euro;<\/span>1.834,00<\/bdi><\/span><\/span>\n\n\t\t\t\t\t<\/div>\n\n\t\t<span class=\"gtm4wp_productdata\" style=\"display:none; visibility:hidden;\" data-gtm4wp_product_data=\"{&quot;internal_id&quot;:804396,&quot;item_id&quot;:&quot;DNLF-1022543&quot;,&quot;item_name&quot;:&quot;Bono smeedijzeren + eiken&quot;,&quot;sku&quot;:&quot;DNLF-1022543&quot;,&quot;price&quot;:1834,&quot;stocklevel&quot;:null,&quot;stockstatus&quot;:&quot;onbackorder&quot;,&quot;google_business_vertical&quot;:&quot;retail&quot;,&quot;item_category&quot;:&quot;vivre&quot;,&quot;item_category2&quot;:&quot;Tables&quot;,&quot;item_category3&quot;:&quot;Tables \\u00e0 manger&quot;,&quot;id&quot;:&quot;DNLF-1022543&quot;,&quot;productlink&quot;:&quot;https:\\\/\\\/www.moensmeubelen.be\\\/fr\\\/produit\\\/DNLF-1022543-fr_BE\\\/&quot;,&quot;item_list_name&quot;:&quot;General Product List&quot;,&quot;index&quot;:8,&quot;product_type&quot;:&quot;simple&quot;,&quot;item_brand&quot;:&quot;&quot;}\"><\/span>\t\t\t<input type=\"hidden\" class=\"pmwProductId\" data-id=\"804396\">\n\t\t\t\t\t<script class=\"_iub_cs_skip\">\n\t\t\t(window.pmwDataLayer = window.pmwDataLayer || {}).products                = window.pmwDataLayer.products || {};\n\t\t\twindow.pmwDataLayer.products[804396] = {\"id\":\"804396\",\"sku\":\"DNLF-1022543\",\"price\":1834,\"brand\":\"\",\"quantity\":1,\"dyn_r_ids\":{\"post_id\":\"804396\",\"sku\":\"DNLF-1022543\",\"gpf\":\"woocommerce_gpf_804396\",\"gla\":\"gla_804396\"},\"is_variable\":false,\"type\":\"simple\",\"name\":\"Bono smeedijzeren + eiken\",\"category\":[\"chaises de cuisine\",\"Tables \u00e0 manger\"],\"is_variation\":false};\n\t\t\t\t\twindow.pmw_product_position = window.pmw_product_position || 1;\n\t\twindow.pmwDataLayer.products[804396]['position'] = window.pmw_product_position++;\n\t\t\t\t<\/script>\n\t\t<div class=\"conditionele-tekst levertermijn-placeholder levertermijn-placeholder--plp\" data-aamss-sku=\"DNLF-1022543\" data-aamss-product-id=\"804396\" data-aamss-context=\"plp\" data-aamss-state=\"loading\" aria-busy=\"true\">D\u00e9lai de livraison 8-10 semaines<\/div>\n\t\t\n\t\t\n\t\t\n\t\t<div class=\"wd-product-footer\">\n\t\t\t<div class=\"wd-add-btn wd-add-btn-replace\">\n\t\t\t\t<a href=\"\/fr\/wp-json\/wp\/v2\/pages\/74665?add-to-cart=804396\"  data-quantity=\"1\" class=\"button product_type_simple add_to_cart_button ajax_add_to_cart add-to-cart-loop\" data-product_id=\"804396\" data-product_sku=\"DNLF-1022543\" aria-label=\"Add to cart: &ldquo;Bono smeedijzeren + eiken&rdquo;\" rel=\"nofollow\" data-success_message=\"&ldquo;Bono smeedijzeren + eiken&rdquo; has been added to your cart\"><span class=\"wd-action-icon\"><span class=\"wd-check-icon\"><\/span><\/span><span class=\"wd-action-text\">Panier<\/span><\/a>\t\t\t<\/div>\n\n\t\t\t\t\t\t<div class=\"wd-action-buttons\">\n\t\t\t\t\t\t<div class=\"wd-compare-btn wd-action-btn wd-style-icon wd-compare-icon wd-tooltip\">\n\t\t\t<a href=\"https:\/\/www.moensmeubelen.be\/fr\/vergelijk\/?product_id=804395\" class=\"\" data-id=\"804395\" rel=\"nofollow\">\n\t\t\t\t<span class=\"wd-action-icon\">\n\t\t\t\t\t<span class=\"wd-check-icon\"><\/span>\n\t\t\t\t<\/span>\n\t\t\t\t<span class=\"wd-action-text\">Comparer<\/span>\n\t\t\t<\/a>\n\t\t<\/div>\n\t\t\t\t\t\t\t\t<div class=\"wd-quick-view-btn wd-quick-view-icon wd-action-btn wd-style-icon wd-tooltip\">\n\t\t\t<a\n\t\t\t\thref=\"https:\/\/www.moensmeubelen.be\/fr\/produit\/DNLF-1022543-fr_BE\/\"\n\t\t\t\tclass=\"open-quick-view\"\n\t\t\t\trel=\"nofollow\"\n\t\t\t\tdata-id=\"804396\"\n\t\t\t\t>\n\t\t\t\t\t<span class=\"wd-action-icon\"><\/span>\n\t\t\t\t\t<span class=\"wd-action-text\">\n\t\t\t\t\t\tQuick view\t\t\t\t\t<\/span>\n\t\t\t<\/a>\n\t\t<\/div>\n\t\t\t\t\t<\/div>\n\t\t\t\t\t<\/div>\n\t<\/div>\n<\/div>\n<\/div>\n<div class=\"wd-product wd-col wd-hover-buttons-on-hover product-grid-item product type-product post-737909 status-publish first onbackorder product_cat-kantoorstoelen_fr_BE product_cat-Bureaustoelen_fr_BE product_cat-keukenstoelen_fr_BE product_cat-eetkamerstoelen_fr_BE has-post-thumbnail taxable shipping-taxable purchasable product-type-simple\" data-loop=\"8\" data-id=\"737909\">\n\t\n<div class=\"wd-product-wrapper product-wrapper\">\n\t<div class=\"wd-product-thumb product-element-top wd-quick-shop\">\n\t\t<a href=\"https:\/\/www.moensmeubelen.be\/fr\/produit\/BORA-fr_BE\/\" class=\"wd-product-img-link product-image-link\" tabindex=\"-1\" aria-label=\"BORA\">\n\t\t\t<img loading=\"lazy\" decoding=\"async\" width=\"300\" height=\"300\" src=\"https:\/\/www.moensmeubelen.be\/wp-content\/uploads\/2024\/12\/5539a87188a2c32c8eb6880c8e3630fca129d40c_BORA-300x300.png\" class=\"attachment-woocommerce_thumbnail size-woocommerce_thumbnail\" alt=\"\" srcset=\"https:\/\/www.moensmeubelen.be\/wp-content\/uploads\/2024\/12\/5539a87188a2c32c8eb6880c8e3630fca129d40c_BORA-300x300.png 300w, https:\/\/www.moensmeubelen.be\/wp-content\/uploads\/2024\/12\/5539a87188a2c32c8eb6880c8e3630fca129d40c_BORA-1024x1024.png 1024w, https:\/\/www.moensmeubelen.be\/wp-content\/uploads\/2024\/12\/5539a87188a2c32c8eb6880c8e3630fca129d40c_BORA-250x250.png 250w, https:\/\/www.moensmeubelen.be\/wp-content\/uploads\/2024\/12\/5539a87188a2c32c8eb6880c8e3630fca129d40c_BORA-768x768.png 768w, https:\/\/www.moensmeubelen.be\/wp-content\/uploads\/2024\/12\/5539a87188a2c32c8eb6880c8e3630fca129d40c_BORA-1536x1536.png 1536w, https:\/\/www.moensmeubelen.be\/wp-content\/uploads\/2024\/12\/5539a87188a2c32c8eb6880c8e3630fca129d40c_BORA-2048x2048.png 2048w, https:\/\/www.moensmeubelen.be\/wp-content\/uploads\/2024\/12\/5539a87188a2c32c8eb6880c8e3630fca129d40c_BORA-800x800.png 800w, https:\/\/www.moensmeubelen.be\/wp-content\/uploads\/2024\/12\/5539a87188a2c32c8eb6880c8e3630fca129d40c_BORA-200x200.png 200w\" sizes=\"auto, (max-width: 300px) 100vw, 300px\" title=\"\">\t\t<\/a>\n\n\t\t\n\t\t<div class=\"wd-buttons wd-pos-r-t\">\n\t\t\t\t\t<\/div>\n\t<\/div>\n\n\t<div class=\"product-element-bottom\">\n\n\t\t<div class=\"wd-product-header\">\n\t\t\t<h3 class=\"wd-entities-title\"><a href=\"https:\/\/www.moensmeubelen.be\/fr\/produit\/BORA-fr_BE\/\">BORA<\/a><\/h3>\n\t\t\t\t\t<\/div>\n\n\t\t\n\t\t\n\t\t<div class=\"wrap-price\">\n\t\t\t\n\t<span class=\"price\"><span class=\"woocommerce-Price-amount amount\"><bdi><span class=\"woocommerce-Price-currencySymbol\" translate=\"no\">&euro;<\/span>184,00<\/bdi><\/span><\/span>\n\n\t\t\t\t\t<\/div>\n\n\t\t<span class=\"gtm4wp_productdata\" style=\"display:none; visibility:hidden;\" data-gtm4wp_product_data=\"{&quot;internal_id&quot;:737909,&quot;item_id&quot;:&quot;BORA&quot;,&quot;item_name&quot;:&quot;BORA&quot;,&quot;sku&quot;:&quot;BORA&quot;,&quot;price&quot;:184,&quot;stocklevel&quot;:null,&quot;stockstatus&quot;:&quot;onbackorder&quot;,&quot;google_business_vertical&quot;:&quot;retail&quot;,&quot;item_category&quot;:&quot;vivre&quot;,&quot;item_category2&quot;:&quot;Chaises&quot;,&quot;item_category3&quot;:&quot;Chaises de bureau&quot;,&quot;id&quot;:&quot;BORA&quot;,&quot;productlink&quot;:&quot;https:\\\/\\\/www.moensmeubelen.be\\\/fr\\\/produit\\\/BORA-fr_BE\\\/&quot;,&quot;item_list_name&quot;:&quot;General Product List&quot;,&quot;index&quot;:9,&quot;product_type&quot;:&quot;simple&quot;,&quot;item_brand&quot;:&quot;&quot;}\"><\/span>\t\t\t<input type=\"hidden\" class=\"pmwProductId\" data-id=\"737909\">\n\t\t\t\t\t<script class=\"_iub_cs_skip\">\n\t\t\t(window.pmwDataLayer = window.pmwDataLayer || {}).products                = window.pmwDataLayer.products || {};\n\t\t\twindow.pmwDataLayer.products[737909] = {\"id\":\"737909\",\"sku\":\"BORA\",\"price\":184,\"brand\":\"\",\"quantity\":1,\"dyn_r_ids\":{\"post_id\":\"737909\",\"sku\":\"BORA\",\"gpf\":\"woocommerce_gpf_737909\",\"gla\":\"gla_737909\"},\"is_variable\":false,\"type\":\"simple\",\"name\":\"BORA\",\"category\":[\"Chaises de bureau\",\"Chaises de bureau\",\"chaises de cuisine\",\"Chaises de salle \u00e0 manger\"],\"is_variation\":false};\n\t\t\t\t\twindow.pmw_product_position = window.pmw_product_position || 1;\n\t\twindow.pmwDataLayer.products[737909]['position'] = window.pmw_product_position++;\n\t\t\t\t<\/script>\n\t\t<div class=\"conditionele-tekst levertermijn-placeholder levertermijn-placeholder--plp\" data-aamss-sku=\"BORA\" data-aamss-product-id=\"737909\" data-aamss-context=\"plp\" data-aamss-state=\"loading\" aria-busy=\"true\">D\u00e9lai de livraison 8-10 semaines<\/div>\n\t\t\n\t\t\n\t\t\n\t\t<div class=\"wd-product-footer\">\n\t\t\t<div class=\"wd-add-btn wd-add-btn-replace\">\n\t\t\t\t<a href=\"\/fr\/wp-json\/wp\/v2\/pages\/74665?add-to-cart=737909\"  data-quantity=\"1\" class=\"button product_type_simple add_to_cart_button ajax_add_to_cart add-to-cart-loop\" data-product_id=\"737909\" data-product_sku=\"BORA\" aria-label=\"Add to cart: &ldquo;BORA&rdquo;\" rel=\"nofollow\" data-success_message=\"&ldquo;BORA&rdquo; has been added to your cart\"><span class=\"wd-action-icon\"><span class=\"wd-check-icon\"><\/span><\/span><span class=\"wd-action-text\">Panier<\/span><\/a>\t\t\t<\/div>\n\n\t\t\t\t\t\t<div class=\"wd-action-buttons\">\n\t\t\t\t\t\t<div class=\"wd-compare-btn wd-action-btn wd-style-icon wd-compare-icon wd-tooltip\">\n\t\t\t<a href=\"https:\/\/www.moensmeubelen.be\/fr\/vergelijk\/?product_id=737908\" class=\"\" data-id=\"737908\" rel=\"nofollow\">\n\t\t\t\t<span class=\"wd-action-icon\">\n\t\t\t\t\t<span class=\"wd-check-icon\"><\/span>\n\t\t\t\t<\/span>\n\t\t\t\t<span class=\"wd-action-text\">Comparer<\/span>\n\t\t\t<\/a>\n\t\t<\/div>\n\t\t\t\t\t\t\t\t<div class=\"wd-quick-view-btn wd-quick-view-icon wd-action-btn wd-style-icon wd-tooltip\">\n\t\t\t<a\n\t\t\t\thref=\"https:\/\/www.moensmeubelen.be\/fr\/produit\/BORA-fr_BE\/\"\n\t\t\t\tclass=\"open-quick-view\"\n\t\t\t\trel=\"nofollow\"\n\t\t\t\tdata-id=\"737909\"\n\t\t\t\t>\n\t\t\t\t\t<span class=\"wd-action-icon\"><\/span>\n\t\t\t\t\t<span class=\"wd-action-text\">\n\t\t\t\t\t\tQuick view\t\t\t\t\t<\/span>\n\t\t\t<\/a>\n\t\t<\/div>\n\t\t\t\t\t<\/div>\n\t\t\t\t\t<\/div>\n\t<\/div>\n<\/div>\n<\/div>\n<div class=\"wd-product wd-col wd-hover-buttons-on-hover product-grid-item product type-product post-737911 status-publish onbackorder product_cat-keukenstoelen_fr_BE product_cat-eetkamerstoelen_fr_BE has-post-thumbnail taxable shipping-taxable purchasable product-type-simple\" data-loop=\"9\" data-id=\"737911\">\n\t\n<div class=\"wd-product-wrapper product-wrapper\">\n\t<div class=\"wd-product-thumb product-element-top wd-quick-shop\">\n\t\t<a href=\"https:\/\/www.moensmeubelen.be\/fr\/produit\/BORMIO-fr_BE\/\" class=\"wd-product-img-link product-image-link\" tabindex=\"-1\" aria-label=\"BORMIO\">\n\t\t\t<img loading=\"lazy\" decoding=\"async\" width=\"300\" height=\"300\" src=\"https:\/\/www.moensmeubelen.be\/wp-content\/uploads\/2024\/12\/082dc02a9b25551ad3e82afb9d5b30392025a3e6_BORMIO-300x300.png\" class=\"attachment-woocommerce_thumbnail size-woocommerce_thumbnail\" alt=\"\" srcset=\"https:\/\/www.moensmeubelen.be\/wp-content\/uploads\/2024\/12\/082dc02a9b25551ad3e82afb9d5b30392025a3e6_BORMIO-300x300.png 300w, https:\/\/www.moensmeubelen.be\/wp-content\/uploads\/2024\/12\/082dc02a9b25551ad3e82afb9d5b30392025a3e6_BORMIO-1024x1024.png 1024w, https:\/\/www.moensmeubelen.be\/wp-content\/uploads\/2024\/12\/082dc02a9b25551ad3e82afb9d5b30392025a3e6_BORMIO-250x250.png 250w, https:\/\/www.moensmeubelen.be\/wp-content\/uploads\/2024\/12\/082dc02a9b25551ad3e82afb9d5b30392025a3e6_BORMIO-768x768.png 768w, https:\/\/www.moensmeubelen.be\/wp-content\/uploads\/2024\/12\/082dc02a9b25551ad3e82afb9d5b30392025a3e6_BORMIO-1536x1536.png 1536w, https:\/\/www.moensmeubelen.be\/wp-content\/uploads\/2024\/12\/082dc02a9b25551ad3e82afb9d5b30392025a3e6_BORMIO-2048x2048.png 2048w, https:\/\/www.moensmeubelen.be\/wp-content\/uploads\/2024\/12\/082dc02a9b25551ad3e82afb9d5b30392025a3e6_BORMIO-800x800.png 800w, https:\/\/www.moensmeubelen.be\/wp-content\/uploads\/2024\/12\/082dc02a9b25551ad3e82afb9d5b30392025a3e6_BORMIO-200x200.png 200w\" sizes=\"auto, (max-width: 300px) 100vw, 300px\" title=\"\">\t\t<\/a>\n\n\t\t\n\t\t<div class=\"wd-buttons wd-pos-r-t\">\n\t\t\t\t\t<\/div>\n\t<\/div>\n\n\t<div class=\"product-element-bottom\">\n\n\t\t<div class=\"wd-product-header\">\n\t\t\t<h3 class=\"wd-entities-title\"><a href=\"https:\/\/www.moensmeubelen.be\/fr\/produit\/BORMIO-fr_BE\/\">BORMIO<\/a><\/h3>\n\t\t\t\t\t<\/div>\n\n\t\t\n\t\t\n\t\t<div class=\"wrap-price\">\n\t\t\t\n\t<span class=\"price\"><span class=\"woocommerce-Price-amount amount\"><bdi><span class=\"woocommerce-Price-currencySymbol\" translate=\"no\">&euro;<\/span>187,00<\/bdi><\/span><\/span>\n\n\t\t\t\t\t<\/div>\n\n\t\t<span class=\"gtm4wp_productdata\" style=\"display:none; visibility:hidden;\" data-gtm4wp_product_data=\"{&quot;internal_id&quot;:737911,&quot;item_id&quot;:&quot;BORMIO&quot;,&quot;item_name&quot;:&quot;BORMIO&quot;,&quot;sku&quot;:&quot;BORMIO&quot;,&quot;price&quot;:187,&quot;stocklevel&quot;:null,&quot;stockstatus&quot;:&quot;onbackorder&quot;,&quot;google_business_vertical&quot;:&quot;retail&quot;,&quot;item_category&quot;:&quot;vivre&quot;,&quot;item_category2&quot;:&quot;Chaises&quot;,&quot;item_category3&quot;:&quot;chaises de cuisine&quot;,&quot;id&quot;:&quot;BORMIO&quot;,&quot;productlink&quot;:&quot;https:\\\/\\\/www.moensmeubelen.be\\\/fr\\\/produit\\\/BORMIO-fr_BE\\\/&quot;,&quot;item_list_name&quot;:&quot;General Product List&quot;,&quot;index&quot;:10,&quot;product_type&quot;:&quot;simple&quot;,&quot;item_brand&quot;:&quot;&quot;}\"><\/span>\t\t\t<input type=\"hidden\" class=\"pmwProductId\" data-id=\"737911\">\n\t\t\t\t\t<script class=\"_iub_cs_skip\">\n\t\t\t(window.pmwDataLayer = window.pmwDataLayer || {}).products                = window.pmwDataLayer.products || {};\n\t\t\twindow.pmwDataLayer.products[737911] = {\"id\":\"737911\",\"sku\":\"BORMIO\",\"price\":187,\"brand\":\"\",\"quantity\":1,\"dyn_r_ids\":{\"post_id\":\"737911\",\"sku\":\"BORMIO\",\"gpf\":\"woocommerce_gpf_737911\",\"gla\":\"gla_737911\"},\"is_variable\":false,\"type\":\"simple\",\"name\":\"BORMIO\",\"category\":[\"chaises de cuisine\",\"Chaises de salle \u00e0 manger\"],\"is_variation\":false};\n\t\t\t\t\twindow.pmw_product_position = window.pmw_product_position || 1;\n\t\twindow.pmwDataLayer.products[737911]['position'] = window.pmw_product_position++;\n\t\t\t\t<\/script>\n\t\t<div class=\"conditionele-tekst levertermijn-placeholder levertermijn-placeholder--plp\" data-aamss-sku=\"BORMIO\" data-aamss-product-id=\"737911\" data-aamss-context=\"plp\" data-aamss-state=\"loading\" aria-busy=\"true\">D\u00e9lai de livraison 8-10 semaines<\/div>\n\t\t\n\t\t\n\t\t\n\t\t<div class=\"wd-product-footer\">\n\t\t\t<div class=\"wd-add-btn wd-add-btn-replace\">\n\t\t\t\t<a href=\"\/fr\/wp-json\/wp\/v2\/pages\/74665?add-to-cart=737911\"  data-quantity=\"1\" class=\"button product_type_simple add_to_cart_button ajax_add_to_cart add-to-cart-loop\" data-product_id=\"737911\" data-product_sku=\"BORMIO\" aria-label=\"Add to cart: &ldquo;BORMIO&rdquo;\" rel=\"nofollow\" data-success_message=\"&ldquo;BORMIO&rdquo; has been added to your cart\"><span class=\"wd-action-icon\"><span class=\"wd-check-icon\"><\/span><\/span><span class=\"wd-action-text\">Panier<\/span><\/a>\t\t\t<\/div>\n\n\t\t\t\t\t\t<div class=\"wd-action-buttons\">\n\t\t\t\t\t\t<div class=\"wd-compare-btn wd-action-btn wd-style-icon wd-compare-icon wd-tooltip\">\n\t\t\t<a href=\"https:\/\/www.moensmeubelen.be\/fr\/vergelijk\/?product_id=737910\" class=\"\" data-id=\"737910\" rel=\"nofollow\">\n\t\t\t\t<span class=\"wd-action-icon\">\n\t\t\t\t\t<span class=\"wd-check-icon\"><\/span>\n\t\t\t\t<\/span>\n\t\t\t\t<span class=\"wd-action-text\">Comparer<\/span>\n\t\t\t<\/a>\n\t\t<\/div>\n\t\t\t\t\t\t\t\t<div class=\"wd-quick-view-btn wd-quick-view-icon wd-action-btn wd-style-icon wd-tooltip\">\n\t\t\t<a\n\t\t\t\thref=\"https:\/\/www.moensmeubelen.be\/fr\/produit\/BORMIO-fr_BE\/\"\n\t\t\t\tclass=\"open-quick-view\"\n\t\t\t\trel=\"nofollow\"\n\t\t\t\tdata-id=\"737911\"\n\t\t\t\t>\n\t\t\t\t\t<span class=\"wd-action-icon\"><\/span>\n\t\t\t\t\t<span class=\"wd-action-text\">\n\t\t\t\t\t\tQuick view\t\t\t\t\t<\/span>\n\t\t\t<\/a>\n\t\t<\/div>\n\t\t\t\t\t<\/div>\n\t\t\t\t\t<\/div>\n\t<\/div>\n<\/div>\n<\/div>\n<div class=\"wd-product wd-col wd-hover-buttons-on-hover product-grid-item product type-product post-737959 status-publish onbackorder product_cat-keukenstoelen_fr_BE product_cat-eetkamerstoelen_fr_BE product_cat-Armstoelen_fr_BE has-post-thumbnail taxable shipping-taxable purchasable product-type-simple\" data-loop=\"10\" data-id=\"737959\">\n\t\n<div class=\"wd-product-wrapper product-wrapper\">\n\t<div class=\"wd-product-thumb product-element-top wd-quick-shop\">\n\t\t<a href=\"https:\/\/www.moensmeubelen.be\/fr\/produit\/CASSIS-fr_BE\/\" class=\"wd-product-img-link product-image-link\" tabindex=\"-1\" aria-label=\"CASSIS\">\n\t\t\t<img loading=\"lazy\" decoding=\"async\" width=\"300\" height=\"300\" src=\"https:\/\/www.moensmeubelen.be\/wp-content\/uploads\/2024\/12\/5c0cc43db705523263ed29c23f8b0bfee6fb3270_CASSIS-300x300.png\" class=\"attachment-woocommerce_thumbnail size-woocommerce_thumbnail\" alt=\"\" srcset=\"https:\/\/www.moensmeubelen.be\/wp-content\/uploads\/2024\/12\/5c0cc43db705523263ed29c23f8b0bfee6fb3270_CASSIS-300x300.png 300w, https:\/\/www.moensmeubelen.be\/wp-content\/uploads\/2024\/12\/5c0cc43db705523263ed29c23f8b0bfee6fb3270_CASSIS-1024x1024.png 1024w, https:\/\/www.moensmeubelen.be\/wp-content\/uploads\/2024\/12\/5c0cc43db705523263ed29c23f8b0bfee6fb3270_CASSIS-250x250.png 250w, https:\/\/www.moensmeubelen.be\/wp-content\/uploads\/2024\/12\/5c0cc43db705523263ed29c23f8b0bfee6fb3270_CASSIS-768x768.png 768w, https:\/\/www.moensmeubelen.be\/wp-content\/uploads\/2024\/12\/5c0cc43db705523263ed29c23f8b0bfee6fb3270_CASSIS-1536x1536.png 1536w, https:\/\/www.moensmeubelen.be\/wp-content\/uploads\/2024\/12\/5c0cc43db705523263ed29c23f8b0bfee6fb3270_CASSIS-2048x2048.png 2048w, https:\/\/www.moensmeubelen.be\/wp-content\/uploads\/2024\/12\/5c0cc43db705523263ed29c23f8b0bfee6fb3270_CASSIS-800x800.png 800w, https:\/\/www.moensmeubelen.be\/wp-content\/uploads\/2024\/12\/5c0cc43db705523263ed29c23f8b0bfee6fb3270_CASSIS-200x200.png 200w\" sizes=\"auto, (max-width: 300px) 100vw, 300px\" title=\"\">\t\t<\/a>\n\n\t\t\n\t\t<div class=\"wd-buttons wd-pos-r-t\">\n\t\t\t\t\t<\/div>\n\t<\/div>\n\n\t<div class=\"product-element-bottom\">\n\n\t\t<div class=\"wd-product-header\">\n\t\t\t<h3 class=\"wd-entities-title\"><a href=\"https:\/\/www.moensmeubelen.be\/fr\/produit\/CASSIS-fr_BE\/\">CASSIS<\/a><\/h3>\n\t\t\t\t\t<\/div>\n\n\t\t\n\t\t\n\t\t<div class=\"wrap-price\">\n\t\t\t\n\t<span class=\"price\"><span class=\"woocommerce-Price-amount amount\"><bdi><span class=\"woocommerce-Price-currencySymbol\" translate=\"no\">&euro;<\/span>263,00<\/bdi><\/span><\/span>\n\n\t\t\t\t\t<\/div>\n\n\t\t<span class=\"gtm4wp_productdata\" style=\"display:none; visibility:hidden;\" data-gtm4wp_product_data=\"{&quot;internal_id&quot;:737959,&quot;item_id&quot;:&quot;CASSIS&quot;,&quot;item_name&quot;:&quot;CASSIS&quot;,&quot;sku&quot;:&quot;CASSIS&quot;,&quot;price&quot;:263,&quot;stocklevel&quot;:null,&quot;stockstatus&quot;:&quot;onbackorder&quot;,&quot;google_business_vertical&quot;:&quot;retail&quot;,&quot;item_category&quot;:&quot;vivre&quot;,&quot;item_category2&quot;:&quot;Chaises&quot;,&quot;item_category3&quot;:&quot;Fauteuils&quot;,&quot;id&quot;:&quot;CASSIS&quot;,&quot;productlink&quot;:&quot;https:\\\/\\\/www.moensmeubelen.be\\\/fr\\\/produit\\\/CASSIS-fr_BE\\\/&quot;,&quot;item_list_name&quot;:&quot;General Product List&quot;,&quot;index&quot;:11,&quot;product_type&quot;:&quot;simple&quot;,&quot;item_brand&quot;:&quot;&quot;}\"><\/span>\t\t\t<input type=\"hidden\" class=\"pmwProductId\" data-id=\"737959\">\n\t\t\t\t\t<script class=\"_iub_cs_skip\">\n\t\t\t(window.pmwDataLayer = window.pmwDataLayer || {}).products                = window.pmwDataLayer.products || {};\n\t\t\twindow.pmwDataLayer.products[737959] = {\"id\":\"737959\",\"sku\":\"CASSIS\",\"price\":263,\"brand\":\"\",\"quantity\":1,\"dyn_r_ids\":{\"post_id\":\"737959\",\"sku\":\"CASSIS\",\"gpf\":\"woocommerce_gpf_737959\",\"gla\":\"gla_737959\"},\"is_variable\":false,\"type\":\"simple\",\"name\":\"CASSIS\",\"category\":[\"chaises de cuisine\",\"Chaises de salle \u00e0 manger\",\"Fauteuils\"],\"is_variation\":false};\n\t\t\t\t\twindow.pmw_product_position = window.pmw_product_position || 1;\n\t\twindow.pmwDataLayer.products[737959]['position'] = window.pmw_product_position++;\n\t\t\t\t<\/script>\n\t\t<div class=\"conditionele-tekst levertermijn-placeholder levertermijn-placeholder--plp\" data-aamss-sku=\"CASSIS\" data-aamss-product-id=\"737959\" data-aamss-context=\"plp\" data-aamss-state=\"loading\" aria-busy=\"true\">D\u00e9lai de livraison 8-10 semaines<\/div>\n\t\t\n\t\t\n\t\t\n\t\t<div class=\"wd-product-footer\">\n\t\t\t<div class=\"wd-add-btn wd-add-btn-replace\">\n\t\t\t\t<a href=\"\/fr\/wp-json\/wp\/v2\/pages\/74665?add-to-cart=737959\"  data-quantity=\"1\" class=\"button product_type_simple add_to_cart_button ajax_add_to_cart add-to-cart-loop\" data-product_id=\"737959\" data-product_sku=\"CASSIS\" aria-label=\"Add to cart: &ldquo;CASSIS&rdquo;\" rel=\"nofollow\" data-success_message=\"&ldquo;CASSIS&rdquo; has been added to your cart\"><span class=\"wd-action-icon\"><span class=\"wd-check-icon\"><\/span><\/span><span class=\"wd-action-text\">Panier<\/span><\/a>\t\t\t<\/div>\n\n\t\t\t\t\t\t<div class=\"wd-action-buttons\">\n\t\t\t\t\t\t<div class=\"wd-compare-btn wd-action-btn wd-style-icon wd-compare-icon wd-tooltip\">\n\t\t\t<a href=\"https:\/\/www.moensmeubelen.be\/fr\/vergelijk\/?product_id=737958\" class=\"\" data-id=\"737958\" rel=\"nofollow\">\n\t\t\t\t<span class=\"wd-action-icon\">\n\t\t\t\t\t<span class=\"wd-check-icon\"><\/span>\n\t\t\t\t<\/span>\n\t\t\t\t<span class=\"wd-action-text\">Comparer<\/span>\n\t\t\t<\/a>\n\t\t<\/div>\n\t\t\t\t\t\t\t\t<div class=\"wd-quick-view-btn wd-quick-view-icon wd-action-btn wd-style-icon wd-tooltip\">\n\t\t\t<a\n\t\t\t\thref=\"https:\/\/www.moensmeubelen.be\/fr\/produit\/CASSIS-fr_BE\/\"\n\t\t\t\tclass=\"open-quick-view\"\n\t\t\t\trel=\"nofollow\"\n\t\t\t\tdata-id=\"737959\"\n\t\t\t\t>\n\t\t\t\t\t<span class=\"wd-action-icon\"><\/span>\n\t\t\t\t\t<span class=\"wd-action-text\">\n\t\t\t\t\t\tQuick view\t\t\t\t\t<\/span>\n\t\t\t<\/a>\n\t\t<\/div>\n\t\t\t\t\t<\/div>\n\t\t\t\t\t<\/div>\n\t<\/div>\n<\/div>\n<\/div>\n<div class=\"wd-product wd-col wd-hover-buttons-on-hover product-grid-item product type-product post-771021 status-publish last onbackorder product_cat-keukenstoelen_fr_BE product_cat-eetkamerstoelen_fr_BE has-post-thumbnail taxable shipping-taxable purchasable product-type-simple\" data-loop=\"11\" data-id=\"771021\">\n\t\n<div class=\"wd-product-wrapper product-wrapper\">\n\t<div class=\"wd-product-thumb product-element-top wd-quick-shop\">\n\t\t<a href=\"https:\/\/www.moensmeubelen.be\/fr\/produit\/CLStoel-Hapy-fr_BE\/\" class=\"wd-product-img-link product-image-link\" tabindex=\"-1\" aria-label=\"Chaise Hapy\">\n\t\t\t<img loading=\"lazy\" decoding=\"async\" width=\"300\" height=\"300\" src=\"https:\/\/www.moensmeubelen.be\/wp-content\/uploads\/2024\/12\/f30af926912df45242cbe6a87b4af1252ebf3983_hapyc022-300x300.jpg\" class=\"attachment-woocommerce_thumbnail size-woocommerce_thumbnail\" alt=\"\" srcset=\"https:\/\/www.moensmeubelen.be\/wp-content\/uploads\/2024\/12\/f30af926912df45242cbe6a87b4af1252ebf3983_hapyc022-300x300.jpg 300w, https:\/\/www.moensmeubelen.be\/wp-content\/uploads\/2024\/12\/f30af926912df45242cbe6a87b4af1252ebf3983_hapyc022-250x250.jpg 250w, https:\/\/www.moensmeubelen.be\/wp-content\/uploads\/2024\/12\/f30af926912df45242cbe6a87b4af1252ebf3983_hapyc022-200x200.jpg 200w, https:\/\/www.moensmeubelen.be\/wp-content\/uploads\/2024\/12\/f30af926912df45242cbe6a87b4af1252ebf3983_hapyc022.jpg 344w\" sizes=\"auto, (max-width: 300px) 100vw, 300px\" title=\"\">\t\t<\/a>\n\n\t\t\t\t\t<div class=\"wd-product-img-hover hover-img\">\n\t\t\t\t<img loading=\"lazy\" decoding=\"async\" width=\"300\" height=\"300\" src=\"https:\/\/www.moensmeubelen.be\/wp-content\/uploads\/2024\/12\/103e2b3946d522cb6283f629d20c8e7b6d846b99_hapyc02dc5-300x300.jpg\" class=\"attachment-woocommerce_thumbnail size-woocommerce_thumbnail\" alt=\"\" srcset=\"https:\/\/www.moensmeubelen.be\/wp-content\/uploads\/2024\/12\/103e2b3946d522cb6283f629d20c8e7b6d846b99_hapyc02dc5-300x300.jpg 300w, https:\/\/www.moensmeubelen.be\/wp-content\/uploads\/2024\/12\/103e2b3946d522cb6283f629d20c8e7b6d846b99_hapyc02dc5-250x250.jpg 250w\" sizes=\"auto, (max-width: 300px) 100vw, 300px\" title=\"\">\t\t\t<\/div>\n\t\t\t\n\t\t<div class=\"wd-buttons wd-pos-r-t\">\n\t\t\t\t\t<\/div>\n\t<\/div>\n\n\t<div class=\"product-element-bottom\">\n\n\t\t<div class=\"wd-product-header\">\n\t\t\t<h3 class=\"wd-entities-title\"><a href=\"https:\/\/www.moensmeubelen.be\/fr\/produit\/CLStoel-Hapy-fr_BE\/\">Chaise Hapy<\/a><\/h3>\n\t\t\t\t\t<\/div>\n\n\t\t\n\t\t\n\t\t<div class=\"wrap-price\">\n\t\t\t\n\t<span class=\"price\"><span class=\"woocommerce-Price-amount amount\"><bdi><span class=\"woocommerce-Price-currencySymbol\" translate=\"no\">&euro;<\/span>281,00<\/bdi><\/span><\/span>\n\n\t\t\t\t\t<\/div>\n\n\t\t<span class=\"gtm4wp_productdata\" style=\"display:none; visibility:hidden;\" data-gtm4wp_product_data=\"{&quot;internal_id&quot;:771021,&quot;item_id&quot;:&quot;CLStoel-Hapy&quot;,&quot;item_name&quot;:&quot;Chaise Hapy&quot;,&quot;sku&quot;:&quot;CLStoel-Hapy&quot;,&quot;price&quot;:281,&quot;stocklevel&quot;:null,&quot;stockstatus&quot;:&quot;onbackorder&quot;,&quot;google_business_vertical&quot;:&quot;retail&quot;,&quot;item_category&quot;:&quot;vivre&quot;,&quot;item_category2&quot;:&quot;Chaises&quot;,&quot;item_category3&quot;:&quot;chaises de cuisine&quot;,&quot;id&quot;:&quot;CLStoel-Hapy&quot;,&quot;productlink&quot;:&quot;https:\\\/\\\/www.moensmeubelen.be\\\/fr\\\/produit\\\/CLStoel-Hapy-fr_BE\\\/&quot;,&quot;item_list_name&quot;:&quot;General Product List&quot;,&quot;index&quot;:12,&quot;product_type&quot;:&quot;simple&quot;,&quot;item_brand&quot;:&quot;&quot;}\"><\/span>\t\t\t<input type=\"hidden\" class=\"pmwProductId\" data-id=\"771021\">\n\t\t\t\t\t<script class=\"_iub_cs_skip\">\n\t\t\t(window.pmwDataLayer = window.pmwDataLayer || {}).products                = window.pmwDataLayer.products || {};\n\t\t\twindow.pmwDataLayer.products[771021] = {\"id\":\"771021\",\"sku\":\"CLStoel-Hapy\",\"price\":281,\"brand\":\"\",\"quantity\":1,\"dyn_r_ids\":{\"post_id\":\"771021\",\"sku\":\"CLStoel-Hapy\",\"gpf\":\"woocommerce_gpf_771021\",\"gla\":\"gla_771021\"},\"is_variable\":false,\"type\":\"simple\",\"name\":\"Chaise Hapy\",\"category\":[\"chaises de cuisine\",\"Chaises de salle \u00e0 manger\"],\"is_variation\":false};\n\t\t\t\t\twindow.pmw_product_position = window.pmw_product_position || 1;\n\t\twindow.pmwDataLayer.products[771021]['position'] = window.pmw_product_position++;\n\t\t\t\t<\/script>\n\t\t<div class=\"conditionele-tekst levertermijn-placeholder levertermijn-placeholder--plp\" data-aamss-sku=\"CLStoel-Hapy\" data-aamss-product-id=\"771021\" data-aamss-context=\"plp\" data-aamss-state=\"loading\" aria-busy=\"true\">Sur commande - d\u00e9lai de livraison 10-12 semaines<\/div>\n\t\t\n\t\t\n\t\t\n\t\t<div class=\"wd-product-footer\">\n\t\t\t<div class=\"wd-add-btn wd-add-btn-replace\">\n\t\t\t\t<a href=\"\/fr\/wp-json\/wp\/v2\/pages\/74665?add-to-cart=771021\"  data-quantity=\"1\" class=\"button product_type_simple add_to_cart_button ajax_add_to_cart add-to-cart-loop\" data-product_id=\"771021\" data-product_sku=\"CLStoel-Hapy\" aria-label=\"Add to cart: &ldquo;Chaise Hapy&rdquo;\" rel=\"nofollow\" data-success_message=\"&ldquo;Chaise Hapy&rdquo; has been added to your cart\"><span class=\"wd-action-icon\"><span class=\"wd-check-icon\"><\/span><\/span><span class=\"wd-action-text\">Panier<\/span><\/a>\t\t\t<\/div>\n\n\t\t\t\t\t\t<div class=\"wd-action-buttons\">\n\t\t\t\t\t\t<div class=\"wd-compare-btn wd-action-btn wd-style-icon wd-compare-icon wd-tooltip\">\n\t\t\t<a href=\"https:\/\/www.moensmeubelen.be\/fr\/vergelijk\/?product_id=771020\" class=\"\" data-id=\"771020\" rel=\"nofollow\">\n\t\t\t\t<span class=\"wd-action-icon\">\n\t\t\t\t\t<span class=\"wd-check-icon\"><\/span>\n\t\t\t\t<\/span>\n\t\t\t\t<span class=\"wd-action-text\">Comparer<\/span>\n\t\t\t<\/a>\n\t\t<\/div>\n\t\t\t\t\t\t\t\t<div class=\"wd-quick-view-btn wd-quick-view-icon wd-action-btn wd-style-icon wd-tooltip\">\n\t\t\t<a\n\t\t\t\thref=\"https:\/\/www.moensmeubelen.be\/fr\/produit\/CLStoel-Hapy-fr_BE\/\"\n\t\t\t\tclass=\"open-quick-view\"\n\t\t\t\trel=\"nofollow\"\n\t\t\t\tdata-id=\"771021\"\n\t\t\t\t>\n\t\t\t\t\t<span class=\"wd-action-icon\"><\/span>\n\t\t\t\t\t<span class=\"wd-action-text\">\n\t\t\t\t\t\tQuick view\t\t\t\t\t<\/span>\n\t\t\t<\/a>\n\t\t<\/div>\n\t\t\t\t\t<\/div>\n\t\t\t\t\t<\/div>\n\t<\/div>\n<\/div>\n<\/div>\n<div class=\"wd-product wd-col wd-hover-buttons-on-hover product-grid-item product type-product post-771027 status-publish first onbackorder product_cat-keukenstoelen_fr_BE product_cat-eetkamerstoelen_fr_BE has-post-thumbnail taxable shipping-taxable purchasable product-type-simple\" data-loop=\"12\" data-id=\"771027\">\n\t\n<div class=\"wd-product-wrapper product-wrapper\">\n\t<div class=\"wd-product-thumb product-element-top wd-quick-shop\">\n\t\t<a href=\"https:\/\/www.moensmeubelen.be\/fr\/produit\/CLStoel-Omis-fr_BE\/\" class=\"wd-product-img-link product-image-link\" tabindex=\"-1\" aria-label=\"Chaise Omis\">\n\t\t\t<img loading=\"lazy\" decoding=\"async\" width=\"300\" height=\"300\" src=\"https:\/\/www.moensmeubelen.be\/wp-content\/uploads\/2024\/12\/7c02702526a5e872d4f4bf2b0a13821dab7c4dc9_ch00421_omis_1-300x300.jpg\" class=\"attachment-woocommerce_thumbnail size-woocommerce_thumbnail\" alt=\"\" srcset=\"https:\/\/www.moensmeubelen.be\/wp-content\/uploads\/2024\/12\/7c02702526a5e872d4f4bf2b0a13821dab7c4dc9_ch00421_omis_1-300x300.jpg 300w, https:\/\/www.moensmeubelen.be\/wp-content\/uploads\/2024\/12\/7c02702526a5e872d4f4bf2b0a13821dab7c4dc9_ch00421_omis_1-250x250.jpg 250w, https:\/\/www.moensmeubelen.be\/wp-content\/uploads\/2024\/12\/7c02702526a5e872d4f4bf2b0a13821dab7c4dc9_ch00421_omis_1-200x200.jpg 200w, https:\/\/www.moensmeubelen.be\/wp-content\/uploads\/2024\/12\/7c02702526a5e872d4f4bf2b0a13821dab7c4dc9_ch00421_omis_1.jpg 600w\" sizes=\"auto, (max-width: 300px) 100vw, 300px\" title=\"\">\t\t<\/a>\n\n\t\t\t\t\t<div class=\"wd-product-img-hover hover-img\">\n\t\t\t\t<img loading=\"lazy\" decoding=\"async\" width=\"300\" height=\"300\" src=\"https:\/\/www.moensmeubelen.be\/wp-content\/uploads\/2024\/12\/073aa7655bddc672bc9d3cfc3fe94371bd72b80d_ch00355_omis_3-300x300.jpg\" class=\"attachment-woocommerce_thumbnail size-woocommerce_thumbnail\" alt=\"\" srcset=\"https:\/\/www.moensmeubelen.be\/wp-content\/uploads\/2024\/12\/073aa7655bddc672bc9d3cfc3fe94371bd72b80d_ch00355_omis_3-300x300.jpg 300w, https:\/\/www.moensmeubelen.be\/wp-content\/uploads\/2024\/12\/073aa7655bddc672bc9d3cfc3fe94371bd72b80d_ch00355_omis_3-250x250.jpg 250w, https:\/\/www.moensmeubelen.be\/wp-content\/uploads\/2024\/12\/073aa7655bddc672bc9d3cfc3fe94371bd72b80d_ch00355_omis_3-200x200.jpg 200w, https:\/\/www.moensmeubelen.be\/wp-content\/uploads\/2024\/12\/073aa7655bddc672bc9d3cfc3fe94371bd72b80d_ch00355_omis_3.jpg 600w\" sizes=\"auto, (max-width: 300px) 100vw, 300px\" title=\"\">\t\t\t<\/div>\n\t\t\t\n\t\t<div class=\"wd-buttons wd-pos-r-t\">\n\t\t\t\t\t<\/div>\n\t<\/div>\n\n\t<div class=\"product-element-bottom\">\n\n\t\t<div class=\"wd-product-header\">\n\t\t\t<h3 class=\"wd-entities-title\"><a href=\"https:\/\/www.moensmeubelen.be\/fr\/produit\/CLStoel-Omis-fr_BE\/\">Chaise Omis<\/a><\/h3>\n\t\t\t\t\t<\/div>\n\n\t\t\n\t\t\n\t\t<div class=\"wrap-price\">\n\t\t\t\n\t<span class=\"price\"><span class=\"woocommerce-Price-amount amount\"><bdi><span class=\"woocommerce-Price-currencySymbol\" translate=\"no\">&euro;<\/span>205,00<\/bdi><\/span><\/span>\n\n\t\t\t\t\t<\/div>\n\n\t\t<span class=\"gtm4wp_productdata\" style=\"display:none; visibility:hidden;\" data-gtm4wp_product_data=\"{&quot;internal_id&quot;:771027,&quot;item_id&quot;:&quot;CLStoel-Omis&quot;,&quot;item_name&quot;:&quot;Chaise Omis&quot;,&quot;sku&quot;:&quot;CLStoel-Omis&quot;,&quot;price&quot;:205,&quot;stocklevel&quot;:null,&quot;stockstatus&quot;:&quot;onbackorder&quot;,&quot;google_business_vertical&quot;:&quot;retail&quot;,&quot;item_category&quot;:&quot;vivre&quot;,&quot;item_category2&quot;:&quot;Chaises&quot;,&quot;item_category3&quot;:&quot;chaises de cuisine&quot;,&quot;id&quot;:&quot;CLStoel-Omis&quot;,&quot;productlink&quot;:&quot;https:\\\/\\\/www.moensmeubelen.be\\\/fr\\\/produit\\\/CLStoel-Omis-fr_BE\\\/&quot;,&quot;item_list_name&quot;:&quot;General Product List&quot;,&quot;index&quot;:13,&quot;product_type&quot;:&quot;simple&quot;,&quot;item_brand&quot;:&quot;&quot;}\"><\/span>\t\t\t<input type=\"hidden\" class=\"pmwProductId\" data-id=\"771027\">\n\t\t\t\t\t<script class=\"_iub_cs_skip\">\n\t\t\t(window.pmwDataLayer = window.pmwDataLayer || {}).products                = window.pmwDataLayer.products || {};\n\t\t\twindow.pmwDataLayer.products[771027] = {\"id\":\"771027\",\"sku\":\"CLStoel-Omis\",\"price\":205,\"brand\":\"\",\"quantity\":1,\"dyn_r_ids\":{\"post_id\":\"771027\",\"sku\":\"CLStoel-Omis\",\"gpf\":\"woocommerce_gpf_771027\",\"gla\":\"gla_771027\"},\"is_variable\":false,\"type\":\"simple\",\"name\":\"Chaise Omis\",\"category\":[\"chaises de cuisine\",\"Chaises de salle \u00e0 manger\"],\"is_variation\":false};\n\t\t\t\t\twindow.pmw_product_position = window.pmw_product_position || 1;\n\t\twindow.pmwDataLayer.products[771027]['position'] = window.pmw_product_position++;\n\t\t\t\t<\/script>\n\t\t<div class=\"conditionele-tekst levertermijn-placeholder levertermijn-placeholder--plp\" data-aamss-sku=\"CLStoel-Omis\" data-aamss-product-id=\"771027\" data-aamss-context=\"plp\" data-aamss-state=\"loading\" aria-busy=\"true\">D\u00e9lai de livraison 8-10 semaines<\/div>\n\t\t\n\t\t\n\t\t\n\t\t<div class=\"wd-product-footer\">\n\t\t\t<div class=\"wd-add-btn wd-add-btn-replace\">\n\t\t\t\t<a href=\"\/fr\/wp-json\/wp\/v2\/pages\/74665?add-to-cart=771027\"  data-quantity=\"1\" class=\"button product_type_simple add_to_cart_button ajax_add_to_cart add-to-cart-loop\" data-product_id=\"771027\" data-product_sku=\"CLStoel-Omis\" aria-label=\"Add to cart: &ldquo;Chaise Omis&rdquo;\" rel=\"nofollow\" data-success_message=\"&ldquo;Chaise Omis&rdquo; has been added to your cart\"><span class=\"wd-action-icon\"><span class=\"wd-check-icon\"><\/span><\/span><span class=\"wd-action-text\">Panier<\/span><\/a>\t\t\t<\/div>\n\n\t\t\t\t\t\t<div class=\"wd-action-buttons\">\n\t\t\t\t\t\t<div class=\"wd-compare-btn wd-action-btn wd-style-icon wd-compare-icon wd-tooltip\">\n\t\t\t<a href=\"https:\/\/www.moensmeubelen.be\/fr\/vergelijk\/?product_id=771026\" class=\"\" data-id=\"771026\" rel=\"nofollow\">\n\t\t\t\t<span class=\"wd-action-icon\">\n\t\t\t\t\t<span class=\"wd-check-icon\"><\/span>\n\t\t\t\t<\/span>\n\t\t\t\t<span class=\"wd-action-text\">Comparer<\/span>\n\t\t\t<\/a>\n\t\t<\/div>\n\t\t\t\t\t\t\t\t<div class=\"wd-quick-view-btn wd-quick-view-icon wd-action-btn wd-style-icon wd-tooltip\">\n\t\t\t<a\n\t\t\t\thref=\"https:\/\/www.moensmeubelen.be\/fr\/produit\/CLStoel-Omis-fr_BE\/\"\n\t\t\t\tclass=\"open-quick-view\"\n\t\t\t\trel=\"nofollow\"\n\t\t\t\tdata-id=\"771027\"\n\t\t\t\t>\n\t\t\t\t\t<span class=\"wd-action-icon\"><\/span>\n\t\t\t\t\t<span class=\"wd-action-text\">\n\t\t\t\t\t\tQuick view\t\t\t\t\t<\/span>\n\t\t\t<\/a>\n\t\t<\/div>\n\t\t\t\t\t<\/div>\n\t\t\t\t\t<\/div>\n\t<\/div>\n<\/div>\n<\/div>\n<div class=\"wd-product wd-col wd-hover-buttons-on-hover product-grid-item product type-product post-737961 status-publish onbackorder product_cat-keukenstoelen_fr_BE product_cat-eetkamerstoelen_fr_BE has-post-thumbnail taxable shipping-taxable purchasable product-type-simple\" data-loop=\"13\" data-id=\"737961\">\n\t\n<div class=\"wd-product-wrapper product-wrapper\">\n\t<div class=\"wd-product-thumb product-element-top wd-quick-shop\">\n\t\t<a href=\"https:\/\/www.moensmeubelen.be\/fr\/produit\/CHARENTES-fr_BE\/\" class=\"wd-product-img-link product-image-link\" tabindex=\"-1\" aria-label=\"CHARENTES\">\n\t\t\t<img loading=\"lazy\" decoding=\"async\" width=\"300\" height=\"300\" src=\"https:\/\/www.moensmeubelen.be\/wp-content\/uploads\/2024\/12\/442d778fa4a92b132540280a97dff9f2a13be8bc_CHARENTES-300x300.png\" class=\"attachment-woocommerce_thumbnail size-woocommerce_thumbnail\" alt=\"\" srcset=\"https:\/\/www.moensmeubelen.be\/wp-content\/uploads\/2024\/12\/442d778fa4a92b132540280a97dff9f2a13be8bc_CHARENTES-300x300.png 300w, https:\/\/www.moensmeubelen.be\/wp-content\/uploads\/2024\/12\/442d778fa4a92b132540280a97dff9f2a13be8bc_CHARENTES-1024x1024.png 1024w, https:\/\/www.moensmeubelen.be\/wp-content\/uploads\/2024\/12\/442d778fa4a92b132540280a97dff9f2a13be8bc_CHARENTES-250x250.png 250w, https:\/\/www.moensmeubelen.be\/wp-content\/uploads\/2024\/12\/442d778fa4a92b132540280a97dff9f2a13be8bc_CHARENTES-768x768.png 768w, https:\/\/www.moensmeubelen.be\/wp-content\/uploads\/2024\/12\/442d778fa4a92b132540280a97dff9f2a13be8bc_CHARENTES-1536x1536.png 1536w, https:\/\/www.moensmeubelen.be\/wp-content\/uploads\/2024\/12\/442d778fa4a92b132540280a97dff9f2a13be8bc_CHARENTES-2048x2048.png 2048w, https:\/\/www.moensmeubelen.be\/wp-content\/uploads\/2024\/12\/442d778fa4a92b132540280a97dff9f2a13be8bc_CHARENTES-800x800.png 800w, https:\/\/www.moensmeubelen.be\/wp-content\/uploads\/2024\/12\/442d778fa4a92b132540280a97dff9f2a13be8bc_CHARENTES-200x200.png 200w\" sizes=\"auto, (max-width: 300px) 100vw, 300px\" title=\"\">\t\t<\/a>\n\n\t\t\n\t\t<div class=\"wd-buttons wd-pos-r-t\">\n\t\t\t\t\t<\/div>\n\t<\/div>\n\n\t<div class=\"product-element-bottom\">\n\n\t\t<div class=\"wd-product-header\">\n\t\t\t<h3 class=\"wd-entities-title\"><a href=\"https:\/\/www.moensmeubelen.be\/fr\/produit\/CHARENTES-fr_BE\/\">CHARENTES<\/a><\/h3>\n\t\t\t\t\t<\/div>\n\n\t\t\n\t\t\n\t\t<div class=\"wrap-price\">\n\t\t\t\n\t<span class=\"price\"><span class=\"woocommerce-Price-amount amount\"><bdi><span class=\"woocommerce-Price-currencySymbol\" translate=\"no\">&euro;<\/span>205,00<\/bdi><\/span><\/span>\n\n\t\t\t\t\t<\/div>\n\n\t\t<span class=\"gtm4wp_productdata\" style=\"display:none; visibility:hidden;\" data-gtm4wp_product_data=\"{&quot;internal_id&quot;:737961,&quot;item_id&quot;:&quot;CHARENTES&quot;,&quot;item_name&quot;:&quot;CHARENTES&quot;,&quot;sku&quot;:&quot;CHARENTES&quot;,&quot;price&quot;:205,&quot;stocklevel&quot;:null,&quot;stockstatus&quot;:&quot;onbackorder&quot;,&quot;google_business_vertical&quot;:&quot;retail&quot;,&quot;item_category&quot;:&quot;vivre&quot;,&quot;item_category2&quot;:&quot;Chaises&quot;,&quot;item_category3&quot;:&quot;chaises de cuisine&quot;,&quot;id&quot;:&quot;CHARENTES&quot;,&quot;productlink&quot;:&quot;https:\\\/\\\/www.moensmeubelen.be\\\/fr\\\/produit\\\/CHARENTES-fr_BE\\\/&quot;,&quot;item_list_name&quot;:&quot;General Product List&quot;,&quot;index&quot;:14,&quot;product_type&quot;:&quot;simple&quot;,&quot;item_brand&quot;:&quot;&quot;}\"><\/span>\t\t\t<input type=\"hidden\" class=\"pmwProductId\" data-id=\"737961\">\n\t\t\t\t\t<script class=\"_iub_cs_skip\">\n\t\t\t(window.pmwDataLayer = window.pmwDataLayer || {}).products                = window.pmwDataLayer.products || {};\n\t\t\twindow.pmwDataLayer.products[737961] = {\"id\":\"737961\",\"sku\":\"CHARENTES\",\"price\":205,\"brand\":\"\",\"quantity\":1,\"dyn_r_ids\":{\"post_id\":\"737961\",\"sku\":\"CHARENTES\",\"gpf\":\"woocommerce_gpf_737961\",\"gla\":\"gla_737961\"},\"is_variable\":false,\"type\":\"simple\",\"name\":\"CHARENTES\",\"category\":[\"chaises de cuisine\",\"Chaises de salle \u00e0 manger\"],\"is_variation\":false};\n\t\t\t\t\twindow.pmw_product_position = window.pmw_product_position || 1;\n\t\twindow.pmwDataLayer.products[737961]['position'] = window.pmw_product_position++;\n\t\t\t\t<\/script>\n\t\t<div class=\"conditionele-tekst levertermijn-placeholder levertermijn-placeholder--plp\" data-aamss-sku=\"CHARENTES\" data-aamss-product-id=\"737961\" data-aamss-context=\"plp\" data-aamss-state=\"loading\" aria-busy=\"true\">D\u00e9lai de livraison 8-10 semaines<\/div>\n\t\t\n\t\t\n\t\t\n\t\t<div class=\"wd-product-footer\">\n\t\t\t<div class=\"wd-add-btn wd-add-btn-replace\">\n\t\t\t\t<a href=\"\/fr\/wp-json\/wp\/v2\/pages\/74665?add-to-cart=737961\"  data-quantity=\"1\" class=\"button product_type_simple add_to_cart_button ajax_add_to_cart add-to-cart-loop\" data-product_id=\"737961\" data-product_sku=\"CHARENTES\" aria-label=\"Add to cart: &ldquo;CHARENTES&rdquo;\" rel=\"nofollow\" data-success_message=\"&ldquo;CHARENTES&rdquo; has been added to your cart\"><span class=\"wd-action-icon\"><span class=\"wd-check-icon\"><\/span><\/span><span class=\"wd-action-text\">Panier<\/span><\/a>\t\t\t<\/div>\n\n\t\t\t\t\t\t<div class=\"wd-action-buttons\">\n\t\t\t\t\t\t<div class=\"wd-compare-btn wd-action-btn wd-style-icon wd-compare-icon wd-tooltip\">\n\t\t\t<a href=\"https:\/\/www.moensmeubelen.be\/fr\/vergelijk\/?product_id=737960\" class=\"\" data-id=\"737960\" rel=\"nofollow\">\n\t\t\t\t<span class=\"wd-action-icon\">\n\t\t\t\t\t<span class=\"wd-check-icon\"><\/span>\n\t\t\t\t<\/span>\n\t\t\t\t<span class=\"wd-action-text\">Comparer<\/span>\n\t\t\t<\/a>\n\t\t<\/div>\n\t\t\t\t\t\t\t\t<div class=\"wd-quick-view-btn wd-quick-view-icon wd-action-btn wd-style-icon wd-tooltip\">\n\t\t\t<a\n\t\t\t\thref=\"https:\/\/www.moensmeubelen.be\/fr\/produit\/CHARENTES-fr_BE\/\"\n\t\t\t\tclass=\"open-quick-view\"\n\t\t\t\trel=\"nofollow\"\n\t\t\t\tdata-id=\"737961\"\n\t\t\t\t>\n\t\t\t\t\t<span class=\"wd-action-icon\"><\/span>\n\t\t\t\t\t<span class=\"wd-action-text\">\n\t\t\t\t\t\tQuick view\t\t\t\t\t<\/span>\n\t\t\t<\/a>\n\t\t<\/div>\n\t\t\t\t\t<\/div>\n\t\t\t\t\t<\/div>\n\t<\/div>\n<\/div>\n<\/div>\n<div class=\"wd-product wd-col wd-hover-buttons-on-hover product-grid-item product type-product post-738001 status-publish onbackorder product_cat-keukenstoelen_fr_BE product_cat-eetkamerstoelen_fr_BE has-post-thumbnail taxable shipping-taxable purchasable product-type-simple\" data-loop=\"14\" data-id=\"738001\">\n\t\n<div class=\"wd-product-wrapper product-wrapper\">\n\t<div class=\"wd-product-thumb product-element-top wd-quick-shop\">\n\t\t<a href=\"https:\/\/www.moensmeubelen.be\/fr\/produit\/CLAUDIO-fr_BE\/\" class=\"wd-product-img-link product-image-link\" tabindex=\"-1\" aria-label=\"CLAUDIO\">\n\t\t\t<img loading=\"lazy\" decoding=\"async\" width=\"300\" height=\"300\" src=\"https:\/\/www.moensmeubelen.be\/wp-content\/uploads\/2024\/12\/f70add2c2ae9958a5fab65dcc022da0fbf116ebf_CLAUDIO-300x300.png\" class=\"attachment-woocommerce_thumbnail size-woocommerce_thumbnail\" alt=\"\" srcset=\"https:\/\/www.moensmeubelen.be\/wp-content\/uploads\/2024\/12\/f70add2c2ae9958a5fab65dcc022da0fbf116ebf_CLAUDIO-300x300.png 300w, https:\/\/www.moensmeubelen.be\/wp-content\/uploads\/2024\/12\/f70add2c2ae9958a5fab65dcc022da0fbf116ebf_CLAUDIO-1024x1024.png 1024w, https:\/\/www.moensmeubelen.be\/wp-content\/uploads\/2024\/12\/f70add2c2ae9958a5fab65dcc022da0fbf116ebf_CLAUDIO-250x250.png 250w, https:\/\/www.moensmeubelen.be\/wp-content\/uploads\/2024\/12\/f70add2c2ae9958a5fab65dcc022da0fbf116ebf_CLAUDIO-768x768.png 768w, https:\/\/www.moensmeubelen.be\/wp-content\/uploads\/2024\/12\/f70add2c2ae9958a5fab65dcc022da0fbf116ebf_CLAUDIO-1536x1536.png 1536w, https:\/\/www.moensmeubelen.be\/wp-content\/uploads\/2024\/12\/f70add2c2ae9958a5fab65dcc022da0fbf116ebf_CLAUDIO-2048x2048.png 2048w, https:\/\/www.moensmeubelen.be\/wp-content\/uploads\/2024\/12\/f70add2c2ae9958a5fab65dcc022da0fbf116ebf_CLAUDIO-800x800.png 800w, https:\/\/www.moensmeubelen.be\/wp-content\/uploads\/2024\/12\/f70add2c2ae9958a5fab65dcc022da0fbf116ebf_CLAUDIO-200x200.png 200w\" sizes=\"auto, (max-width: 300px) 100vw, 300px\" title=\"\">\t\t<\/a>\n\n\t\t\n\t\t<div class=\"wd-buttons wd-pos-r-t\">\n\t\t\t\t\t<\/div>\n\t<\/div>\n\n\t<div class=\"product-element-bottom\">\n\n\t\t<div class=\"wd-product-header\">\n\t\t\t<h3 class=\"wd-entities-title\"><a href=\"https:\/\/www.moensmeubelen.be\/fr\/produit\/CLAUDIO-fr_BE\/\">CLAUDIO<\/a><\/h3>\n\t\t\t\t\t<\/div>\n\n\t\t\n\t\t\n\t\t<div class=\"wrap-price\">\n\t\t\t\n\t<span class=\"price\"><span class=\"woocommerce-Price-amount amount\"><bdi><span class=\"woocommerce-Price-currencySymbol\" translate=\"no\">&euro;<\/span>112,00<\/bdi><\/span><\/span>\n\n\t\t\t\t\t<\/div>\n\n\t\t<span class=\"gtm4wp_productdata\" style=\"display:none; visibility:hidden;\" data-gtm4wp_product_data=\"{&quot;internal_id&quot;:738001,&quot;item_id&quot;:&quot;CLAUDIO&quot;,&quot;item_name&quot;:&quot;CLAUDIO&quot;,&quot;sku&quot;:&quot;CLAUDIO&quot;,&quot;price&quot;:112,&quot;stocklevel&quot;:null,&quot;stockstatus&quot;:&quot;onbackorder&quot;,&quot;google_business_vertical&quot;:&quot;retail&quot;,&quot;item_category&quot;:&quot;vivre&quot;,&quot;item_category2&quot;:&quot;Chaises&quot;,&quot;item_category3&quot;:&quot;chaises de cuisine&quot;,&quot;id&quot;:&quot;CLAUDIO&quot;,&quot;productlink&quot;:&quot;https:\\\/\\\/www.moensmeubelen.be\\\/fr\\\/produit\\\/CLAUDIO-fr_BE\\\/&quot;,&quot;item_list_name&quot;:&quot;General Product List&quot;,&quot;index&quot;:15,&quot;product_type&quot;:&quot;simple&quot;,&quot;item_brand&quot;:&quot;&quot;}\"><\/span>\t\t\t<input type=\"hidden\" class=\"pmwProductId\" data-id=\"738001\">\n\t\t\t\t\t<script class=\"_iub_cs_skip\">\n\t\t\t(window.pmwDataLayer = window.pmwDataLayer || {}).products                = window.pmwDataLayer.products || {};\n\t\t\twindow.pmwDataLayer.products[738001] = {\"id\":\"738001\",\"sku\":\"CLAUDIO\",\"price\":112,\"brand\":\"\",\"quantity\":1,\"dyn_r_ids\":{\"post_id\":\"738001\",\"sku\":\"CLAUDIO\",\"gpf\":\"woocommerce_gpf_738001\",\"gla\":\"gla_738001\"},\"is_variable\":false,\"type\":\"simple\",\"name\":\"CLAUDIO\",\"category\":[\"chaises de cuisine\",\"Chaises de salle \u00e0 manger\"],\"is_variation\":false};\n\t\t\t\t\twindow.pmw_product_position = window.pmw_product_position || 1;\n\t\twindow.pmwDataLayer.products[738001]['position'] = window.pmw_product_position++;\n\t\t\t\t<\/script>\n\t\t<div class=\"conditionele-tekst levertermijn-placeholder levertermijn-placeholder--plp\" data-aamss-sku=\"CLAUDIO\" data-aamss-product-id=\"738001\" data-aamss-context=\"plp\" data-aamss-state=\"loading\" aria-busy=\"true\">D\u00e9lai de livraison 8-10 semaines<\/div>\n\t\t\n\t\t\n\t\t\n\t\t<div class=\"wd-product-footer\">\n\t\t\t<div class=\"wd-add-btn wd-add-btn-replace\">\n\t\t\t\t<a href=\"\/fr\/wp-json\/wp\/v2\/pages\/74665?add-to-cart=738001\"  data-quantity=\"1\" class=\"button product_type_simple add_to_cart_button ajax_add_to_cart add-to-cart-loop\" data-product_id=\"738001\" data-product_sku=\"CLAUDIO\" aria-label=\"Add to cart: &ldquo;CLAUDIO&rdquo;\" rel=\"nofollow\" data-success_message=\"&ldquo;CLAUDIO&rdquo; has been added to your cart\"><span class=\"wd-action-icon\"><span class=\"wd-check-icon\"><\/span><\/span><span class=\"wd-action-text\">Panier<\/span><\/a>\t\t\t<\/div>\n\n\t\t\t\t\t\t<div class=\"wd-action-buttons\">\n\t\t\t\t\t\t<div class=\"wd-compare-btn wd-action-btn wd-style-icon wd-compare-icon wd-tooltip\">\n\t\t\t<a href=\"https:\/\/www.moensmeubelen.be\/fr\/vergelijk\/?product_id=738000\" class=\"\" data-id=\"738000\" rel=\"nofollow\">\n\t\t\t\t<span class=\"wd-action-icon\">\n\t\t\t\t\t<span class=\"wd-check-icon\"><\/span>\n\t\t\t\t<\/span>\n\t\t\t\t<span class=\"wd-action-text\">Comparer<\/span>\n\t\t\t<\/a>\n\t\t<\/div>\n\t\t\t\t\t\t\t\t<div class=\"wd-quick-view-btn wd-quick-view-icon wd-action-btn wd-style-icon wd-tooltip\">\n\t\t\t<a\n\t\t\t\thref=\"https:\/\/www.moensmeubelen.be\/fr\/produit\/CLAUDIO-fr_BE\/\"\n\t\t\t\tclass=\"open-quick-view\"\n\t\t\t\trel=\"nofollow\"\n\t\t\t\tdata-id=\"738001\"\n\t\t\t\t>\n\t\t\t\t\t<span class=\"wd-action-icon\"><\/span>\n\t\t\t\t\t<span class=\"wd-action-text\">\n\t\t\t\t\t\tQuick view\t\t\t\t\t<\/span>\n\t\t\t<\/a>\n\t\t<\/div>\n\t\t\t\t\t<\/div>\n\t\t\t\t\t<\/div>\n\t<\/div>\n<\/div>\n<\/div>\n<div class=\"wd-product wd-col wd-hover-buttons-on-hover product-grid-item product type-product post-738071 status-publish last onbackorder product_cat-keukenstoelen_fr_BE product_cat-eetkamerstoelen_fr_BE has-post-thumbnail taxable shipping-taxable purchasable product-type-simple\" data-loop=\"15\" data-id=\"738071\">\n\t\n<div class=\"wd-product-wrapper product-wrapper\">\n\t<div class=\"wd-product-thumb product-element-top wd-quick-shop\">\n\t\t<a href=\"https:\/\/www.moensmeubelen.be\/fr\/produit\/CLOE-fr_BE\/\" class=\"wd-product-img-link product-image-link\" tabindex=\"-1\" aria-label=\"CLOE\">\n\t\t\t<img loading=\"lazy\" decoding=\"async\" width=\"300\" height=\"300\" src=\"https:\/\/www.moensmeubelen.be\/wp-content\/uploads\/2024\/12\/3d752847f95f7ec460bc7cac3eccc3c2ee8c7f57_CLOE-300x300.png\" class=\"attachment-woocommerce_thumbnail size-woocommerce_thumbnail\" alt=\"\" srcset=\"https:\/\/www.moensmeubelen.be\/wp-content\/uploads\/2024\/12\/3d752847f95f7ec460bc7cac3eccc3c2ee8c7f57_CLOE-300x300.png 300w, https:\/\/www.moensmeubelen.be\/wp-content\/uploads\/2024\/12\/3d752847f95f7ec460bc7cac3eccc3c2ee8c7f57_CLOE-1024x1024.png 1024w, https:\/\/www.moensmeubelen.be\/wp-content\/uploads\/2024\/12\/3d752847f95f7ec460bc7cac3eccc3c2ee8c7f57_CLOE-250x250.png 250w, https:\/\/www.moensmeubelen.be\/wp-content\/uploads\/2024\/12\/3d752847f95f7ec460bc7cac3eccc3c2ee8c7f57_CLOE-768x768.png 768w, https:\/\/www.moensmeubelen.be\/wp-content\/uploads\/2024\/12\/3d752847f95f7ec460bc7cac3eccc3c2ee8c7f57_CLOE-1536x1536.png 1536w, https:\/\/www.moensmeubelen.be\/wp-content\/uploads\/2024\/12\/3d752847f95f7ec460bc7cac3eccc3c2ee8c7f57_CLOE-2048x2048.png 2048w, https:\/\/www.moensmeubelen.be\/wp-content\/uploads\/2024\/12\/3d752847f95f7ec460bc7cac3eccc3c2ee8c7f57_CLOE-800x800.png 800w, https:\/\/www.moensmeubelen.be\/wp-content\/uploads\/2024\/12\/3d752847f95f7ec460bc7cac3eccc3c2ee8c7f57_CLOE-200x200.png 200w\" sizes=\"auto, (max-width: 300px) 100vw, 300px\" title=\"\">\t\t<\/a>\n\n\t\t\n\t\t<div class=\"wd-buttons wd-pos-r-t\">\n\t\t\t\t\t<\/div>\n\t<\/div>\n\n\t<div class=\"product-element-bottom\">\n\n\t\t<div class=\"wd-product-header\">\n\t\t\t<h3 class=\"wd-entities-title\"><a href=\"https:\/\/www.moensmeubelen.be\/fr\/produit\/CLOE-fr_BE\/\">CLOE<\/a><\/h3>\n\t\t\t\t\t<\/div>\n\n\t\t\n\t\t\n\t\t<div class=\"wrap-price\">\n\t\t\t\n\t<span class=\"price\"><span class=\"woocommerce-Price-amount amount\"><bdi><span class=\"woocommerce-Price-currencySymbol\" translate=\"no\">&euro;<\/span>125,00<\/bdi><\/span><\/span>\n\n\t\t\t\t\t<\/div>\n\n\t\t<span class=\"gtm4wp_productdata\" style=\"display:none; visibility:hidden;\" data-gtm4wp_product_data=\"{&quot;internal_id&quot;:738071,&quot;item_id&quot;:&quot;CLOE&quot;,&quot;item_name&quot;:&quot;CLOE&quot;,&quot;sku&quot;:&quot;CLOE&quot;,&quot;price&quot;:125,&quot;stocklevel&quot;:null,&quot;stockstatus&quot;:&quot;onbackorder&quot;,&quot;google_business_vertical&quot;:&quot;retail&quot;,&quot;item_category&quot;:&quot;vivre&quot;,&quot;item_category2&quot;:&quot;Chaises&quot;,&quot;item_category3&quot;:&quot;chaises de cuisine&quot;,&quot;id&quot;:&quot;CLOE&quot;,&quot;productlink&quot;:&quot;https:\\\/\\\/www.moensmeubelen.be\\\/fr\\\/produit\\\/CLOE-fr_BE\\\/&quot;,&quot;item_list_name&quot;:&quot;General Product List&quot;,&quot;index&quot;:16,&quot;product_type&quot;:&quot;simple&quot;,&quot;item_brand&quot;:&quot;&quot;}\"><\/span>\t\t\t<input type=\"hidden\" class=\"pmwProductId\" data-id=\"738071\">\n\t\t\t\t\t<script class=\"_iub_cs_skip\">\n\t\t\t(window.pmwDataLayer = window.pmwDataLayer || {}).products                = window.pmwDataLayer.products || {};\n\t\t\twindow.pmwDataLayer.products[738071] = {\"id\":\"738071\",\"sku\":\"CLOE\",\"price\":125,\"brand\":\"\",\"quantity\":1,\"dyn_r_ids\":{\"post_id\":\"738071\",\"sku\":\"CLOE\",\"gpf\":\"woocommerce_gpf_738071\",\"gla\":\"gla_738071\"},\"is_variable\":false,\"type\":\"simple\",\"name\":\"CLOE\",\"category\":[\"chaises de cuisine\",\"Chaises de salle \u00e0 manger\"],\"is_variation\":false};\n\t\t\t\t\twindow.pmw_product_position = window.pmw_product_position || 1;\n\t\twindow.pmwDataLayer.products[738071]['position'] = window.pmw_product_position++;\n\t\t\t\t<\/script>\n\t\t<div class=\"conditionele-tekst levertermijn-placeholder levertermijn-placeholder--plp\" data-aamss-sku=\"CLOE\" data-aamss-product-id=\"738071\" data-aamss-context=\"plp\" data-aamss-state=\"loading\" aria-busy=\"true\">D\u00e9lai de livraison 8-10 semaines<\/div>\n\t\t\n\t\t\n\t\t\n\t\t<div class=\"wd-product-footer\">\n\t\t\t<div class=\"wd-add-btn wd-add-btn-replace\">\n\t\t\t\t<a href=\"\/fr\/wp-json\/wp\/v2\/pages\/74665?add-to-cart=738071\"  data-quantity=\"1\" class=\"button product_type_simple add_to_cart_button ajax_add_to_cart add-to-cart-loop\" data-product_id=\"738071\" data-product_sku=\"CLOE\" aria-label=\"Add to cart: &ldquo;CLOE&rdquo;\" rel=\"nofollow\" data-success_message=\"&ldquo;CLOE&rdquo; has been added to your cart\"><span class=\"wd-action-icon\"><span class=\"wd-check-icon\"><\/span><\/span><span class=\"wd-action-text\">Panier<\/span><\/a>\t\t\t<\/div>\n\n\t\t\t\t\t\t<div class=\"wd-action-buttons\">\n\t\t\t\t\t\t<div class=\"wd-compare-btn wd-action-btn wd-style-icon wd-compare-icon wd-tooltip\">\n\t\t\t<a href=\"https:\/\/www.moensmeubelen.be\/fr\/vergelijk\/?product_id=738070\" class=\"\" data-id=\"738070\" rel=\"nofollow\">\n\t\t\t\t<span class=\"wd-action-icon\">\n\t\t\t\t\t<span class=\"wd-check-icon\"><\/span>\n\t\t\t\t<\/span>\n\t\t\t\t<span class=\"wd-action-text\">Comparer<\/span>\n\t\t\t<\/a>\n\t\t<\/div>\n\t\t\t\t\t\t\t\t<div class=\"wd-quick-view-btn wd-quick-view-icon wd-action-btn wd-style-icon wd-tooltip\">\n\t\t\t<a\n\t\t\t\thref=\"https:\/\/www.moensmeubelen.be\/fr\/produit\/CLOE-fr_BE\/\"\n\t\t\t\tclass=\"open-quick-view\"\n\t\t\t\trel=\"nofollow\"\n\t\t\t\tdata-id=\"738071\"\n\t\t\t\t>\n\t\t\t\t\t<span class=\"wd-action-icon\"><\/span>\n\t\t\t\t\t<span class=\"wd-action-text\">\n\t\t\t\t\t\tQuick view\t\t\t\t\t<\/span>\n\t\t\t<\/a>\n\t\t<\/div>\n\t\t\t\t\t<\/div>\n\t\t\t\t\t<\/div>\n\t<\/div>\n<\/div>\n<\/div>\n<div class=\"wd-product wd-col wd-hover-buttons-on-hover product-grid-item product type-product post-738073 status-publish first onbackorder product_cat-keukenstoelen_fr_BE product_cat-eetkamerstoelen_fr_BE has-post-thumbnail taxable shipping-taxable purchasable product-type-simple\" data-loop=\"16\" data-id=\"738073\">\n\t\n<div class=\"wd-product-wrapper product-wrapper\">\n\t<div class=\"wd-product-thumb product-element-top wd-quick-shop\">\n\t\t<a href=\"https:\/\/www.moensmeubelen.be\/fr\/produit\/clstoel-hapy-fr_be-2\/\" class=\"wd-product-img-link product-image-link\" tabindex=\"-1\" aria-label=\"CLStoel Hapy\">\n\t\t\t<img loading=\"lazy\" decoding=\"async\" width=\"300\" height=\"300\" src=\"https:\/\/www.moensmeubelen.be\/wp-content\/uploads\/2024\/12\/f30af926912df45242cbe6a87b4af1252ebf3983_hapyc022-300x300.jpg\" class=\"attachment-woocommerce_thumbnail size-woocommerce_thumbnail\" alt=\"\" srcset=\"https:\/\/www.moensmeubelen.be\/wp-content\/uploads\/2024\/12\/f30af926912df45242cbe6a87b4af1252ebf3983_hapyc022-300x300.jpg 300w, https:\/\/www.moensmeubelen.be\/wp-content\/uploads\/2024\/12\/f30af926912df45242cbe6a87b4af1252ebf3983_hapyc022-250x250.jpg 250w, https:\/\/www.moensmeubelen.be\/wp-content\/uploads\/2024\/12\/f30af926912df45242cbe6a87b4af1252ebf3983_hapyc022-200x200.jpg 200w, https:\/\/www.moensmeubelen.be\/wp-content\/uploads\/2024\/12\/f30af926912df45242cbe6a87b4af1252ebf3983_hapyc022.jpg 344w\" sizes=\"auto, (max-width: 300px) 100vw, 300px\" title=\"\">\t\t<\/a>\n\n\t\t\t\t\t<div class=\"wd-product-img-hover hover-img\">\n\t\t\t\t<img loading=\"lazy\" decoding=\"async\" width=\"300\" height=\"300\" src=\"https:\/\/www.moensmeubelen.be\/wp-content\/uploads\/2024\/12\/f30af926912df45242cbe6a87b4af1252ebf3983_hapyc022-300x300.jpg\" class=\"attachment-woocommerce_thumbnail size-woocommerce_thumbnail\" alt=\"\" srcset=\"https:\/\/www.moensmeubelen.be\/wp-content\/uploads\/2024\/12\/f30af926912df45242cbe6a87b4af1252ebf3983_hapyc022-300x300.jpg 300w, https:\/\/www.moensmeubelen.be\/wp-content\/uploads\/2024\/12\/f30af926912df45242cbe6a87b4af1252ebf3983_hapyc022-250x250.jpg 250w, https:\/\/www.moensmeubelen.be\/wp-content\/uploads\/2024\/12\/f30af926912df45242cbe6a87b4af1252ebf3983_hapyc022-200x200.jpg 200w, https:\/\/www.moensmeubelen.be\/wp-content\/uploads\/2024\/12\/f30af926912df45242cbe6a87b4af1252ebf3983_hapyc022.jpg 344w\" sizes=\"auto, (max-width: 300px) 100vw, 300px\" title=\"\">\t\t\t<\/div>\n\t\t\t\n\t\t<div class=\"wd-buttons wd-pos-r-t\">\n\t\t\t\t\t<\/div>\n\t<\/div>\n\n\t<div class=\"product-element-bottom\">\n\n\t\t<div class=\"wd-product-header\">\n\t\t\t<h3 class=\"wd-entities-title\"><a href=\"https:\/\/www.moensmeubelen.be\/fr\/produit\/clstoel-hapy-fr_be-2\/\">CLStoel Hapy<\/a><\/h3>\n\t\t\t\t\t<\/div>\n\n\t\t\n\t\t\n\t\t<div class=\"wrap-price\">\n\t\t\t\n\t<span class=\"price\"><span class=\"woocommerce-Price-amount amount\"><bdi><span class=\"woocommerce-Price-currencySymbol\" translate=\"no\">&euro;<\/span>281,00<\/bdi><\/span><\/span>\n\n\t\t\t\t\t<\/div>\n\n\t\t<span class=\"gtm4wp_productdata\" style=\"display:none; visibility:hidden;\" data-gtm4wp_product_data=\"{&quot;internal_id&quot;:738073,&quot;item_id&quot;:&quot;CLStoel Hapy&quot;,&quot;item_name&quot;:&quot;CLStoel Hapy&quot;,&quot;sku&quot;:&quot;CLStoel Hapy&quot;,&quot;price&quot;:281,&quot;stocklevel&quot;:null,&quot;stockstatus&quot;:&quot;onbackorder&quot;,&quot;google_business_vertical&quot;:&quot;retail&quot;,&quot;item_category&quot;:&quot;vivre&quot;,&quot;item_category2&quot;:&quot;Chaises&quot;,&quot;item_category3&quot;:&quot;chaises de cuisine&quot;,&quot;id&quot;:&quot;CLStoel Hapy&quot;,&quot;productlink&quot;:&quot;https:\\\/\\\/www.moensmeubelen.be\\\/fr\\\/produit\\\/clstoel-hapy-fr_be-2\\\/&quot;,&quot;item_list_name&quot;:&quot;General Product List&quot;,&quot;index&quot;:17,&quot;product_type&quot;:&quot;simple&quot;,&quot;item_brand&quot;:&quot;&quot;}\"><\/span>\t\t\t<input type=\"hidden\" class=\"pmwProductId\" data-id=\"738073\">\n\t\t\t\t\t<script class=\"_iub_cs_skip\">\n\t\t\t(window.pmwDataLayer = window.pmwDataLayer || {}).products                = window.pmwDataLayer.products || {};\n\t\t\twindow.pmwDataLayer.products[738073] = {\"id\":\"738073\",\"sku\":\"CLStoel Hapy\",\"price\":281,\"brand\":\"\",\"quantity\":1,\"dyn_r_ids\":{\"post_id\":\"738073\",\"sku\":\"CLStoel Hapy\",\"gpf\":\"woocommerce_gpf_738073\",\"gla\":\"gla_738073\"},\"is_variable\":false,\"type\":\"simple\",\"name\":\"CLStoel Hapy\",\"category\":[\"chaises de cuisine\",\"Chaises de salle \u00e0 manger\"],\"is_variation\":false};\n\t\t\t\t\twindow.pmw_product_position = window.pmw_product_position || 1;\n\t\twindow.pmwDataLayer.products[738073]['position'] = window.pmw_product_position++;\n\t\t\t\t<\/script>\n\t\t<div class=\"conditionele-tekst levertermijn-placeholder levertermijn-placeholder--plp\" data-aamss-sku=\"CLStoel Hapy\" data-aamss-product-id=\"738073\" data-aamss-context=\"plp\" data-aamss-state=\"loading\" aria-busy=\"true\">D\u00e9lai de livraison 8-10 semaines<\/div>\n\t\t\n\t\t\n\t\t\n\t\t<div class=\"wd-product-footer\">\n\t\t\t<div class=\"wd-add-btn wd-add-btn-replace\">\n\t\t\t\t<a href=\"\/fr\/wp-json\/wp\/v2\/pages\/74665?add-to-cart=738073\"  data-quantity=\"1\" class=\"button product_type_simple add_to_cart_button ajax_add_to_cart add-to-cart-loop\" data-product_id=\"738073\" data-product_sku=\"CLStoel Hapy\" aria-label=\"Add to cart: &ldquo;CLStoel Hapy&rdquo;\" rel=\"nofollow\" data-success_message=\"&ldquo;CLStoel Hapy&rdquo; has been added to your cart\"><span class=\"wd-action-icon\"><span class=\"wd-check-icon\"><\/span><\/span><span class=\"wd-action-text\">Panier<\/span><\/a>\t\t\t<\/div>\n\n\t\t\t\t\t\t<div class=\"wd-action-buttons\">\n\t\t\t\t\t\t<div class=\"wd-compare-btn wd-action-btn wd-style-icon wd-compare-icon wd-tooltip\">\n\t\t\t<a href=\"https:\/\/www.moensmeubelen.be\/fr\/vergelijk\/?product_id=738073\" class=\"\" data-id=\"738073\" rel=\"nofollow\">\n\t\t\t\t<span class=\"wd-action-icon\">\n\t\t\t\t\t<span class=\"wd-check-icon\"><\/span>\n\t\t\t\t<\/span>\n\t\t\t\t<span class=\"wd-action-text\">Comparer<\/span>\n\t\t\t<\/a>\n\t\t<\/div>\n\t\t\t\t\t\t\t\t<div class=\"wd-quick-view-btn wd-quick-view-icon wd-action-btn wd-style-icon wd-tooltip\">\n\t\t\t<a\n\t\t\t\thref=\"https:\/\/www.moensmeubelen.be\/fr\/produit\/clstoel-hapy-fr_be-2\/\"\n\t\t\t\tclass=\"open-quick-view\"\n\t\t\t\trel=\"nofollow\"\n\t\t\t\tdata-id=\"738073\"\n\t\t\t\t>\n\t\t\t\t\t<span class=\"wd-action-icon\"><\/span>\n\t\t\t\t\t<span class=\"wd-action-text\">\n\t\t\t\t\t\tQuick view\t\t\t\t\t<\/span>\n\t\t\t<\/a>\n\t\t<\/div>\n\t\t\t\t\t<\/div>\n\t\t\t\t\t<\/div>\n\t<\/div>\n<\/div>\n<\/div>\n<div class=\"wd-product wd-col wd-hover-buttons-on-hover product-grid-item product type-product post-738079 status-publish onbackorder product_cat-keukenstoelen_fr_BE product_cat-eetkamerstoelen_fr_BE has-post-thumbnail taxable shipping-taxable purchasable product-type-simple\" data-loop=\"17\" data-id=\"738079\">\n\t\n<div class=\"wd-product-wrapper product-wrapper\">\n\t<div class=\"wd-product-thumb product-element-top wd-quick-shop\">\n\t\t<a href=\"https:\/\/www.moensmeubelen.be\/fr\/produit\/clstoel-omis-fr_be-2\/\" class=\"wd-product-img-link product-image-link\" tabindex=\"-1\" aria-label=\"CLStoel Omis\">\n\t\t\t<img loading=\"lazy\" decoding=\"async\" width=\"300\" height=\"300\" src=\"https:\/\/www.moensmeubelen.be\/wp-content\/uploads\/2024\/12\/7c02702526a5e872d4f4bf2b0a13821dab7c4dc9_ch00421_omis_1-300x300.jpg\" class=\"attachment-woocommerce_thumbnail size-woocommerce_thumbnail\" alt=\"\" srcset=\"https:\/\/www.moensmeubelen.be\/wp-content\/uploads\/2024\/12\/7c02702526a5e872d4f4bf2b0a13821dab7c4dc9_ch00421_omis_1-300x300.jpg 300w, https:\/\/www.moensmeubelen.be\/wp-content\/uploads\/2024\/12\/7c02702526a5e872d4f4bf2b0a13821dab7c4dc9_ch00421_omis_1-250x250.jpg 250w, https:\/\/www.moensmeubelen.be\/wp-content\/uploads\/2024\/12\/7c02702526a5e872d4f4bf2b0a13821dab7c4dc9_ch00421_omis_1-200x200.jpg 200w, https:\/\/www.moensmeubelen.be\/wp-content\/uploads\/2024\/12\/7c02702526a5e872d4f4bf2b0a13821dab7c4dc9_ch00421_omis_1.jpg 600w\" sizes=\"auto, (max-width: 300px) 100vw, 300px\" title=\"\">\t\t<\/a>\n\n\t\t\t\t\t<div class=\"wd-product-img-hover hover-img\">\n\t\t\t\t<img loading=\"lazy\" decoding=\"async\" width=\"300\" height=\"300\" src=\"https:\/\/www.moensmeubelen.be\/wp-content\/uploads\/2024\/12\/7c02702526a5e872d4f4bf2b0a13821dab7c4dc9_ch00421_omis_1-300x300.jpg\" class=\"attachment-woocommerce_thumbnail size-woocommerce_thumbnail\" alt=\"\" srcset=\"https:\/\/www.moensmeubelen.be\/wp-content\/uploads\/2024\/12\/7c02702526a5e872d4f4bf2b0a13821dab7c4dc9_ch00421_omis_1-300x300.jpg 300w, https:\/\/www.moensmeubelen.be\/wp-content\/uploads\/2024\/12\/7c02702526a5e872d4f4bf2b0a13821dab7c4dc9_ch00421_omis_1-250x250.jpg 250w, https:\/\/www.moensmeubelen.be\/wp-content\/uploads\/2024\/12\/7c02702526a5e872d4f4bf2b0a13821dab7c4dc9_ch00421_omis_1-200x200.jpg 200w, https:\/\/www.moensmeubelen.be\/wp-content\/uploads\/2024\/12\/7c02702526a5e872d4f4bf2b0a13821dab7c4dc9_ch00421_omis_1.jpg 600w\" sizes=\"auto, (max-width: 300px) 100vw, 300px\" title=\"\">\t\t\t<\/div>\n\t\t\t\n\t\t<div class=\"wd-buttons wd-pos-r-t\">\n\t\t\t\t\t<\/div>\n\t<\/div>\n\n\t<div class=\"product-element-bottom\">\n\n\t\t<div class=\"wd-product-header\">\n\t\t\t<h3 class=\"wd-entities-title\"><a href=\"https:\/\/www.moensmeubelen.be\/fr\/produit\/clstoel-omis-fr_be-2\/\">CLStoel Omis<\/a><\/h3>\n\t\t\t\t\t<\/div>\n\n\t\t\n\t\t\n\t\t<div class=\"wrap-price\">\n\t\t\t\n\t<span class=\"price\"><span class=\"woocommerce-Price-amount amount\"><bdi><span class=\"woocommerce-Price-currencySymbol\" translate=\"no\">&euro;<\/span>205,00<\/bdi><\/span><\/span>\n\n\t\t\t\t\t<\/div>\n\n\t\t<span class=\"gtm4wp_productdata\" style=\"display:none; visibility:hidden;\" data-gtm4wp_product_data=\"{&quot;internal_id&quot;:738079,&quot;item_id&quot;:&quot;CLStoel Omis&quot;,&quot;item_name&quot;:&quot;CLStoel Omis&quot;,&quot;sku&quot;:&quot;CLStoel Omis&quot;,&quot;price&quot;:205,&quot;stocklevel&quot;:null,&quot;stockstatus&quot;:&quot;onbackorder&quot;,&quot;google_business_vertical&quot;:&quot;retail&quot;,&quot;item_category&quot;:&quot;vivre&quot;,&quot;item_category2&quot;:&quot;Chaises&quot;,&quot;item_category3&quot;:&quot;chaises de cuisine&quot;,&quot;id&quot;:&quot;CLStoel Omis&quot;,&quot;productlink&quot;:&quot;https:\\\/\\\/www.moensmeubelen.be\\\/fr\\\/produit\\\/clstoel-omis-fr_be-2\\\/&quot;,&quot;item_list_name&quot;:&quot;General Product List&quot;,&quot;index&quot;:18,&quot;product_type&quot;:&quot;simple&quot;,&quot;item_brand&quot;:&quot;&quot;}\"><\/span>\t\t\t<input type=\"hidden\" class=\"pmwProductId\" data-id=\"738079\">\n\t\t\t\t\t<script class=\"_iub_cs_skip\">\n\t\t\t(window.pmwDataLayer = window.pmwDataLayer || {}).products                = window.pmwDataLayer.products || {};\n\t\t\twindow.pmwDataLayer.products[738079] = {\"id\":\"738079\",\"sku\":\"CLStoel Omis\",\"price\":205,\"brand\":\"\",\"quantity\":1,\"dyn_r_ids\":{\"post_id\":\"738079\",\"sku\":\"CLStoel Omis\",\"gpf\":\"woocommerce_gpf_738079\",\"gla\":\"gla_738079\"},\"is_variable\":false,\"type\":\"simple\",\"name\":\"CLStoel Omis\",\"category\":[\"chaises de cuisine\",\"Chaises de salle \u00e0 manger\"],\"is_variation\":false};\n\t\t\t\t\twindow.pmw_product_position = window.pmw_product_position || 1;\n\t\twindow.pmwDataLayer.products[738079]['position'] = window.pmw_product_position++;\n\t\t\t\t<\/script>\n\t\t<div class=\"conditionele-tekst levertermijn-placeholder levertermijn-placeholder--plp\" data-aamss-sku=\"CLStoel Omis\" data-aamss-product-id=\"738079\" data-aamss-context=\"plp\" data-aamss-state=\"loading\" aria-busy=\"true\">D\u00e9lai de livraison 8-10 semaines<\/div>\n\t\t\n\t\t\n\t\t\n\t\t<div class=\"wd-product-footer\">\n\t\t\t<div class=\"wd-add-btn wd-add-btn-replace\">\n\t\t\t\t<a href=\"\/fr\/wp-json\/wp\/v2\/pages\/74665?add-to-cart=738079\"  data-quantity=\"1\" class=\"button product_type_simple add_to_cart_button ajax_add_to_cart add-to-cart-loop\" data-product_id=\"738079\" data-product_sku=\"CLStoel Omis\" aria-label=\"Add to cart: &ldquo;CLStoel Omis&rdquo;\" rel=\"nofollow\" data-success_message=\"&ldquo;CLStoel Omis&rdquo; has been added to your cart\"><span class=\"wd-action-icon\"><span class=\"wd-check-icon\"><\/span><\/span><span class=\"wd-action-text\">Panier<\/span><\/a>\t\t\t<\/div>\n\n\t\t\t\t\t\t<div class=\"wd-action-buttons\">\n\t\t\t\t\t\t<div class=\"wd-compare-btn wd-action-btn wd-style-icon wd-compare-icon wd-tooltip\">\n\t\t\t<a href=\"https:\/\/www.moensmeubelen.be\/fr\/vergelijk\/?product_id=738079\" class=\"\" data-id=\"738079\" rel=\"nofollow\">\n\t\t\t\t<span class=\"wd-action-icon\">\n\t\t\t\t\t<span class=\"wd-check-icon\"><\/span>\n\t\t\t\t<\/span>\n\t\t\t\t<span class=\"wd-action-text\">Comparer<\/span>\n\t\t\t<\/a>\n\t\t<\/div>\n\t\t\t\t\t\t\t\t<div class=\"wd-quick-view-btn wd-quick-view-icon wd-action-btn wd-style-icon wd-tooltip\">\n\t\t\t<a\n\t\t\t\thref=\"https:\/\/www.moensmeubelen.be\/fr\/produit\/clstoel-omis-fr_be-2\/\"\n\t\t\t\tclass=\"open-quick-view\"\n\t\t\t\trel=\"nofollow\"\n\t\t\t\tdata-id=\"738079\"\n\t\t\t\t>\n\t\t\t\t\t<span class=\"wd-action-icon\"><\/span>\n\t\t\t\t\t<span class=\"wd-action-text\">\n\t\t\t\t\t\tQuick view\t\t\t\t\t<\/span>\n\t\t\t<\/a>\n\t\t<\/div>\n\t\t\t\t\t<\/div>\n\t\t\t\t\t<\/div>\n\t<\/div>\n<\/div>\n<\/div>\n<div class=\"wd-product wd-col wd-hover-buttons-on-hover product-grid-item product type-product post-738109 status-publish onbackorder product_cat-keukenstoelen_fr_BE product_cat-eetkamerstoelen_fr_BE has-post-thumbnail taxable shipping-taxable purchasable product-type-simple\" data-loop=\"18\" data-id=\"738109\">\n\t\n<div class=\"wd-product-wrapper product-wrapper\">\n\t<div class=\"wd-product-thumb product-element-top wd-quick-shop\">\n\t\t<a href=\"https:\/\/www.moensmeubelen.be\/fr\/produit\/COLLEGE-fr_BE\/\" class=\"wd-product-img-link product-image-link\" tabindex=\"-1\" aria-label=\"COLLEGE\">\n\t\t\t<img loading=\"lazy\" decoding=\"async\" width=\"300\" height=\"300\" src=\"https:\/\/www.moensmeubelen.be\/wp-content\/uploads\/2024\/12\/23480283a9393a367153a2ac9f94f47e512fa969_COLLEGE-300x300.png\" class=\"attachment-woocommerce_thumbnail size-woocommerce_thumbnail\" alt=\"\" srcset=\"https:\/\/www.moensmeubelen.be\/wp-content\/uploads\/2024\/12\/23480283a9393a367153a2ac9f94f47e512fa969_COLLEGE-300x300.png 300w, https:\/\/www.moensmeubelen.be\/wp-content\/uploads\/2024\/12\/23480283a9393a367153a2ac9f94f47e512fa969_COLLEGE-1024x1024.png 1024w, https:\/\/www.moensmeubelen.be\/wp-content\/uploads\/2024\/12\/23480283a9393a367153a2ac9f94f47e512fa969_COLLEGE-250x250.png 250w, https:\/\/www.moensmeubelen.be\/wp-content\/uploads\/2024\/12\/23480283a9393a367153a2ac9f94f47e512fa969_COLLEGE-768x768.png 768w, https:\/\/www.moensmeubelen.be\/wp-content\/uploads\/2024\/12\/23480283a9393a367153a2ac9f94f47e512fa969_COLLEGE-1536x1536.png 1536w, https:\/\/www.moensmeubelen.be\/wp-content\/uploads\/2024\/12\/23480283a9393a367153a2ac9f94f47e512fa969_COLLEGE-2048x2048.png 2048w, https:\/\/www.moensmeubelen.be\/wp-content\/uploads\/2024\/12\/23480283a9393a367153a2ac9f94f47e512fa969_COLLEGE-800x800.png 800w, https:\/\/www.moensmeubelen.be\/wp-content\/uploads\/2024\/12\/23480283a9393a367153a2ac9f94f47e512fa969_COLLEGE-200x200.png 200w\" sizes=\"auto, (max-width: 300px) 100vw, 300px\" title=\"\">\t\t<\/a>\n\n\t\t\n\t\t<div class=\"wd-buttons wd-pos-r-t\">\n\t\t\t\t\t<\/div>\n\t<\/div>\n\n\t<div class=\"product-element-bottom\">\n\n\t\t<div class=\"wd-product-header\">\n\t\t\t<h3 class=\"wd-entities-title\"><a href=\"https:\/\/www.moensmeubelen.be\/fr\/produit\/COLLEGE-fr_BE\/\">COLLEGE<\/a><\/h3>\n\t\t\t\t\t<\/div>\n\n\t\t\n\t\t\n\t\t<div class=\"wrap-price\">\n\t\t\t\n\t<span class=\"price\"><span class=\"woocommerce-Price-amount amount\"><bdi><span class=\"woocommerce-Price-currencySymbol\" translate=\"no\">&euro;<\/span>89,00<\/bdi><\/span><\/span>\n\n\t\t\t\t\t<\/div>\n\n\t\t<span class=\"gtm4wp_productdata\" style=\"display:none; visibility:hidden;\" data-gtm4wp_product_data=\"{&quot;internal_id&quot;:738109,&quot;item_id&quot;:&quot;COLLEGE&quot;,&quot;item_name&quot;:&quot;COLLEGE&quot;,&quot;sku&quot;:&quot;COLLEGE&quot;,&quot;price&quot;:89,&quot;stocklevel&quot;:null,&quot;stockstatus&quot;:&quot;onbackorder&quot;,&quot;google_business_vertical&quot;:&quot;retail&quot;,&quot;item_category&quot;:&quot;vivre&quot;,&quot;item_category2&quot;:&quot;Chaises&quot;,&quot;item_category3&quot;:&quot;chaises de cuisine&quot;,&quot;id&quot;:&quot;COLLEGE&quot;,&quot;productlink&quot;:&quot;https:\\\/\\\/www.moensmeubelen.be\\\/fr\\\/produit\\\/COLLEGE-fr_BE\\\/&quot;,&quot;item_list_name&quot;:&quot;General Product List&quot;,&quot;index&quot;:19,&quot;product_type&quot;:&quot;simple&quot;,&quot;item_brand&quot;:&quot;&quot;}\"><\/span>\t\t\t<input type=\"hidden\" class=\"pmwProductId\" data-id=\"738109\">\n\t\t\t\t\t<script class=\"_iub_cs_skip\">\n\t\t\t(window.pmwDataLayer = window.pmwDataLayer || {}).products                = window.pmwDataLayer.products || {};\n\t\t\twindow.pmwDataLayer.products[738109] = {\"id\":\"738109\",\"sku\":\"COLLEGE\",\"price\":89,\"brand\":\"\",\"quantity\":1,\"dyn_r_ids\":{\"post_id\":\"738109\",\"sku\":\"COLLEGE\",\"gpf\":\"woocommerce_gpf_738109\",\"gla\":\"gla_738109\"},\"is_variable\":false,\"type\":\"simple\",\"name\":\"COLLEGE\",\"category\":[\"chaises de cuisine\",\"Chaises de salle \u00e0 manger\"],\"is_variation\":false};\n\t\t\t\t\twindow.pmw_product_position = window.pmw_product_position || 1;\n\t\twindow.pmwDataLayer.products[738109]['position'] = window.pmw_product_position++;\n\t\t\t\t<\/script>\n\t\t<div class=\"conditionele-tekst levertermijn-placeholder levertermijn-placeholder--plp\" data-aamss-sku=\"COLLEGE\" data-aamss-product-id=\"738109\" data-aamss-context=\"plp\" data-aamss-state=\"loading\" aria-busy=\"true\">D\u00e9lai de livraison 8-10 semaines<\/div>\n\t\t\n\t\t\n\t\t\n\t\t<div class=\"wd-product-footer\">\n\t\t\t<div class=\"wd-add-btn wd-add-btn-replace\">\n\t\t\t\t<a href=\"\/fr\/wp-json\/wp\/v2\/pages\/74665?add-to-cart=738109\"  data-quantity=\"1\" class=\"button product_type_simple add_to_cart_button ajax_add_to_cart add-to-cart-loop\" data-product_id=\"738109\" data-product_sku=\"COLLEGE\" aria-label=\"Add to cart: &ldquo;COLLEGE&rdquo;\" rel=\"nofollow\" data-success_message=\"&ldquo;COLLEGE&rdquo; has been added to your cart\"><span class=\"wd-action-icon\"><span class=\"wd-check-icon\"><\/span><\/span><span class=\"wd-action-text\">Panier<\/span><\/a>\t\t\t<\/div>\n\n\t\t\t\t\t\t<div class=\"wd-action-buttons\">\n\t\t\t\t\t\t<div class=\"wd-compare-btn wd-action-btn wd-style-icon wd-compare-icon wd-tooltip\">\n\t\t\t<a href=\"https:\/\/www.moensmeubelen.be\/fr\/vergelijk\/?product_id=738108\" class=\"\" data-id=\"738108\" rel=\"nofollow\">\n\t\t\t\t<span class=\"wd-action-icon\">\n\t\t\t\t\t<span class=\"wd-check-icon\"><\/span>\n\t\t\t\t<\/span>\n\t\t\t\t<span class=\"wd-action-text\">Comparer<\/span>\n\t\t\t<\/a>\n\t\t<\/div>\n\t\t\t\t\t\t\t\t<div class=\"wd-quick-view-btn wd-quick-view-icon wd-action-btn wd-style-icon wd-tooltip\">\n\t\t\t<a\n\t\t\t\thref=\"https:\/\/www.moensmeubelen.be\/fr\/produit\/COLLEGE-fr_BE\/\"\n\t\t\t\tclass=\"open-quick-view\"\n\t\t\t\trel=\"nofollow\"\n\t\t\t\tdata-id=\"738109\"\n\t\t\t\t>\n\t\t\t\t\t<span class=\"wd-action-icon\"><\/span>\n\t\t\t\t\t<span class=\"wd-action-text\">\n\t\t\t\t\t\tQuick view\t\t\t\t\t<\/span>\n\t\t\t<\/a>\n\t\t<\/div>\n\t\t\t\t\t<\/div>\n\t\t\t\t\t<\/div>\n\t<\/div>\n<\/div>\n<\/div>\n<div class=\"wd-product wd-col wd-hover-buttons-on-hover product-grid-item product type-product post-738145 status-publish last onbackorder product_cat-keukenstoelen_fr_BE product_cat-eetkamerstoelen_fr_BE has-post-thumbnail taxable shipping-taxable purchasable product-type-simple\" data-loop=\"19\" data-id=\"738145\">\n\t\n<div class=\"wd-product-wrapper product-wrapper\">\n\t<div class=\"wd-product-thumb product-element-top wd-quick-shop\">\n\t\t<a href=\"https:\/\/www.moensmeubelen.be\/fr\/produit\/ELYN-fr_BE\/\" class=\"wd-product-img-link product-image-link\" tabindex=\"-1\" aria-label=\"ELYN\">\n\t\t\t<img loading=\"lazy\" decoding=\"async\" width=\"300\" height=\"300\" src=\"https:\/\/www.moensmeubelen.be\/wp-content\/uploads\/2024\/12\/31472cd3c9515048f54a4c336bfeea1dc2faa785_ELYN-300x300.png\" class=\"attachment-woocommerce_thumbnail size-woocommerce_thumbnail\" alt=\"\" srcset=\"https:\/\/www.moensmeubelen.be\/wp-content\/uploads\/2024\/12\/31472cd3c9515048f54a4c336bfeea1dc2faa785_ELYN-300x300.png 300w, https:\/\/www.moensmeubelen.be\/wp-content\/uploads\/2024\/12\/31472cd3c9515048f54a4c336bfeea1dc2faa785_ELYN-1024x1024.png 1024w, https:\/\/www.moensmeubelen.be\/wp-content\/uploads\/2024\/12\/31472cd3c9515048f54a4c336bfeea1dc2faa785_ELYN-250x250.png 250w, https:\/\/www.moensmeubelen.be\/wp-content\/uploads\/2024\/12\/31472cd3c9515048f54a4c336bfeea1dc2faa785_ELYN-768x768.png 768w, https:\/\/www.moensmeubelen.be\/wp-content\/uploads\/2024\/12\/31472cd3c9515048f54a4c336bfeea1dc2faa785_ELYN-1536x1536.png 1536w, https:\/\/www.moensmeubelen.be\/wp-content\/uploads\/2024\/12\/31472cd3c9515048f54a4c336bfeea1dc2faa785_ELYN-2048x2048.png 2048w, https:\/\/www.moensmeubelen.be\/wp-content\/uploads\/2024\/12\/31472cd3c9515048f54a4c336bfeea1dc2faa785_ELYN-800x800.png 800w, https:\/\/www.moensmeubelen.be\/wp-content\/uploads\/2024\/12\/31472cd3c9515048f54a4c336bfeea1dc2faa785_ELYN-200x200.png 200w\" sizes=\"auto, (max-width: 300px) 100vw, 300px\" title=\"\">\t\t<\/a>\n\n\t\t\n\t\t<div class=\"wd-buttons wd-pos-r-t\">\n\t\t\t\t\t<\/div>\n\t<\/div>\n\n\t<div class=\"product-element-bottom\">\n\n\t\t<div class=\"wd-product-header\">\n\t\t\t<h3 class=\"wd-entities-title\"><a href=\"https:\/\/www.moensmeubelen.be\/fr\/produit\/ELYN-fr_BE\/\">ELYN<\/a><\/h3>\n\t\t\t\t\t<\/div>\n\n\t\t\n\t\t\n\t\t<div class=\"wrap-price\">\n\t\t\t\n\t<span class=\"price\"><span class=\"woocommerce-Price-amount amount\"><bdi><span class=\"woocommerce-Price-currencySymbol\" translate=\"no\">&euro;<\/span>128,00<\/bdi><\/span><\/span>\n\n\t\t\t\t\t<\/div>\n\n\t\t<span class=\"gtm4wp_productdata\" style=\"display:none; visibility:hidden;\" data-gtm4wp_product_data=\"{&quot;internal_id&quot;:738145,&quot;item_id&quot;:&quot;ELYN&quot;,&quot;item_name&quot;:&quot;ELYN&quot;,&quot;sku&quot;:&quot;ELYN&quot;,&quot;price&quot;:128,&quot;stocklevel&quot;:null,&quot;stockstatus&quot;:&quot;onbackorder&quot;,&quot;google_business_vertical&quot;:&quot;retail&quot;,&quot;item_category&quot;:&quot;vivre&quot;,&quot;item_category2&quot;:&quot;Chaises&quot;,&quot;item_category3&quot;:&quot;chaises de cuisine&quot;,&quot;id&quot;:&quot;ELYN&quot;,&quot;productlink&quot;:&quot;https:\\\/\\\/www.moensmeubelen.be\\\/fr\\\/produit\\\/ELYN-fr_BE\\\/&quot;,&quot;item_list_name&quot;:&quot;General Product List&quot;,&quot;index&quot;:20,&quot;product_type&quot;:&quot;simple&quot;,&quot;item_brand&quot;:&quot;&quot;}\"><\/span>\t\t\t<input type=\"hidden\" class=\"pmwProductId\" data-id=\"738145\">\n\t\t\t\t\t<script class=\"_iub_cs_skip\">\n\t\t\t(window.pmwDataLayer = window.pmwDataLayer || {}).products                = window.pmwDataLayer.products || {};\n\t\t\twindow.pmwDataLayer.products[738145] = {\"id\":\"738145\",\"sku\":\"ELYN\",\"price\":128,\"brand\":\"\",\"quantity\":1,\"dyn_r_ids\":{\"post_id\":\"738145\",\"sku\":\"ELYN\",\"gpf\":\"woocommerce_gpf_738145\",\"gla\":\"gla_738145\"},\"is_variable\":false,\"type\":\"simple\",\"name\":\"ELYN\",\"category\":[\"chaises de cuisine\",\"Chaises de salle \u00e0 manger\"],\"is_variation\":false};\n\t\t\t\t\twindow.pmw_product_position = window.pmw_product_position || 1;\n\t\twindow.pmwDataLayer.products[738145]['position'] = window.pmw_product_position++;\n\t\t\t\t<\/script>\n\t\t<div class=\"conditionele-tekst levertermijn-placeholder levertermijn-placeholder--plp\" data-aamss-sku=\"ELYN\" data-aamss-product-id=\"738145\" data-aamss-context=\"plp\" data-aamss-state=\"loading\" aria-busy=\"true\">D\u00e9lai de livraison 8-10 semaines<\/div>\n\t\t\n\t\t\n\t\t\n\t\t<div class=\"wd-product-footer\">\n\t\t\t<div class=\"wd-add-btn wd-add-btn-replace\">\n\t\t\t\t<a href=\"\/fr\/wp-json\/wp\/v2\/pages\/74665?add-to-cart=738145\"  data-quantity=\"1\" class=\"button product_type_simple add_to_cart_button ajax_add_to_cart add-to-cart-loop\" data-product_id=\"738145\" data-product_sku=\"ELYN\" aria-label=\"Add to cart: &ldquo;ELYN&rdquo;\" rel=\"nofollow\" data-success_message=\"&ldquo;ELYN&rdquo; has been added to your cart\"><span class=\"wd-action-icon\"><span class=\"wd-check-icon\"><\/span><\/span><span class=\"wd-action-text\">Panier<\/span><\/a>\t\t\t<\/div>\n\n\t\t\t\t\t\t<div class=\"wd-action-buttons\">\n\t\t\t\t\t\t<div class=\"wd-compare-btn wd-action-btn wd-style-icon wd-compare-icon wd-tooltip\">\n\t\t\t<a href=\"https:\/\/www.moensmeubelen.be\/fr\/vergelijk\/?product_id=738144\" class=\"\" data-id=\"738144\" rel=\"nofollow\">\n\t\t\t\t<span class=\"wd-action-icon\">\n\t\t\t\t\t<span class=\"wd-check-icon\"><\/span>\n\t\t\t\t<\/span>\n\t\t\t\t<span class=\"wd-action-text\">Comparer<\/span>\n\t\t\t<\/a>\n\t\t<\/div>\n\t\t\t\t\t\t\t\t<div class=\"wd-quick-view-btn wd-quick-view-icon wd-action-btn wd-style-icon wd-tooltip\">\n\t\t\t<a\n\t\t\t\thref=\"https:\/\/www.moensmeubelen.be\/fr\/produit\/ELYN-fr_BE\/\"\n\t\t\t\tclass=\"open-quick-view\"\n\t\t\t\trel=\"nofollow\"\n\t\t\t\tdata-id=\"738145\"\n\t\t\t\t>\n\t\t\t\t\t<span class=\"wd-action-icon\"><\/span>\n\t\t\t\t\t<span class=\"wd-action-text\">\n\t\t\t\t\t\tQuick view\t\t\t\t\t<\/span>\n\t\t\t<\/a>\n\t\t<\/div>\n\t\t\t\t\t<\/div>\n\t\t\t\t\t<\/div>\n\t<\/div>\n<\/div>\n<\/div>\n<div class=\"wd-product wd-col wd-hover-buttons-on-hover product-grid-item product type-product post-738147 status-publish first onbackorder product_cat-keukenstoelen_fr_BE product_cat-eetkamerstoelen_fr_BE has-post-thumbnail taxable shipping-taxable purchasable product-type-simple\" data-loop=\"20\" data-id=\"738147\">\n\t\n<div class=\"wd-product-wrapper product-wrapper\">\n\t<div class=\"wd-product-thumb product-element-top wd-quick-shop\">\n\t\t<a href=\"https:\/\/www.moensmeubelen.be\/fr\/produit\/FIGARO-fr_BE\/\" class=\"wd-product-img-link product-image-link\" tabindex=\"-1\" aria-label=\"FIGARO\">\n\t\t\t<img loading=\"lazy\" decoding=\"async\" width=\"300\" height=\"300\" src=\"https:\/\/www.moensmeubelen.be\/wp-content\/uploads\/2024\/12\/6a8d9c3a57e54e11adc52f19a2206d67720c1d69_FIGARO-300x300.png\" class=\"attachment-woocommerce_thumbnail size-woocommerce_thumbnail\" alt=\"\" srcset=\"https:\/\/www.moensmeubelen.be\/wp-content\/uploads\/2024\/12\/6a8d9c3a57e54e11adc52f19a2206d67720c1d69_FIGARO-300x300.png 300w, https:\/\/www.moensmeubelen.be\/wp-content\/uploads\/2024\/12\/6a8d9c3a57e54e11adc52f19a2206d67720c1d69_FIGARO-1024x1024.png 1024w, https:\/\/www.moensmeubelen.be\/wp-content\/uploads\/2024\/12\/6a8d9c3a57e54e11adc52f19a2206d67720c1d69_FIGARO-250x250.png 250w, https:\/\/www.moensmeubelen.be\/wp-content\/uploads\/2024\/12\/6a8d9c3a57e54e11adc52f19a2206d67720c1d69_FIGARO-768x768.png 768w, https:\/\/www.moensmeubelen.be\/wp-content\/uploads\/2024\/12\/6a8d9c3a57e54e11adc52f19a2206d67720c1d69_FIGARO-1536x1536.png 1536w, https:\/\/www.moensmeubelen.be\/wp-content\/uploads\/2024\/12\/6a8d9c3a57e54e11adc52f19a2206d67720c1d69_FIGARO-2048x2048.png 2048w, https:\/\/www.moensmeubelen.be\/wp-content\/uploads\/2024\/12\/6a8d9c3a57e54e11adc52f19a2206d67720c1d69_FIGARO-800x800.png 800w, https:\/\/www.moensmeubelen.be\/wp-content\/uploads\/2024\/12\/6a8d9c3a57e54e11adc52f19a2206d67720c1d69_FIGARO-200x200.png 200w\" sizes=\"auto, (max-width: 300px) 100vw, 300px\" title=\"\">\t\t<\/a>\n\n\t\t\t\t\t<div class=\"wd-product-img-hover hover-img\">\n\t\t\t\t<img loading=\"lazy\" decoding=\"async\" width=\"300\" height=\"300\" src=\"https:\/\/www.moensmeubelen.be\/wp-content\/uploads\/2024\/12\/6a8d9c3a57e54e11adc52f19a2206d67720c1d69_FIGARO-300x300.png\" class=\"attachment-woocommerce_thumbnail size-woocommerce_thumbnail\" alt=\"\" srcset=\"https:\/\/www.moensmeubelen.be\/wp-content\/uploads\/2024\/12\/6a8d9c3a57e54e11adc52f19a2206d67720c1d69_FIGARO-300x300.png 300w, https:\/\/www.moensmeubelen.be\/wp-content\/uploads\/2024\/12\/6a8d9c3a57e54e11adc52f19a2206d67720c1d69_FIGARO-1024x1024.png 1024w, https:\/\/www.moensmeubelen.be\/wp-content\/uploads\/2024\/12\/6a8d9c3a57e54e11adc52f19a2206d67720c1d69_FIGARO-250x250.png 250w, https:\/\/www.moensmeubelen.be\/wp-content\/uploads\/2024\/12\/6a8d9c3a57e54e11adc52f19a2206d67720c1d69_FIGARO-768x768.png 768w, https:\/\/www.moensmeubelen.be\/wp-content\/uploads\/2024\/12\/6a8d9c3a57e54e11adc52f19a2206d67720c1d69_FIGARO-1536x1536.png 1536w, https:\/\/www.moensmeubelen.be\/wp-content\/uploads\/2024\/12\/6a8d9c3a57e54e11adc52f19a2206d67720c1d69_FIGARO-2048x2048.png 2048w, https:\/\/www.moensmeubelen.be\/wp-content\/uploads\/2024\/12\/6a8d9c3a57e54e11adc52f19a2206d67720c1d69_FIGARO-800x800.png 800w, https:\/\/www.moensmeubelen.be\/wp-content\/uploads\/2024\/12\/6a8d9c3a57e54e11adc52f19a2206d67720c1d69_FIGARO-200x200.png 200w\" sizes=\"auto, (max-width: 300px) 100vw, 300px\" title=\"\">\t\t\t<\/div>\n\t\t\t\n\t\t<div class=\"wd-buttons wd-pos-r-t\">\n\t\t\t\t\t<\/div>\n\t<\/div>\n\n\t<div class=\"product-element-bottom\">\n\n\t\t<div class=\"wd-product-header\">\n\t\t\t<h3 class=\"wd-entities-title\"><a href=\"https:\/\/www.moensmeubelen.be\/fr\/produit\/FIGARO-fr_BE\/\">FIGARO<\/a><\/h3>\n\t\t\t\t\t<\/div>\n\n\t\t\n\t\t\n\t\t<div class=\"wrap-price\">\n\t\t\t\n\t<span class=\"price\"><span class=\"woocommerce-Price-amount amount\"><bdi><span class=\"woocommerce-Price-currencySymbol\" translate=\"no\">&euro;<\/span>208,00<\/bdi><\/span><\/span>\n\n\t\t\t\t\t<\/div>\n\n\t\t<span class=\"gtm4wp_productdata\" style=\"display:none; visibility:hidden;\" data-gtm4wp_product_data=\"{&quot;internal_id&quot;:738147,&quot;item_id&quot;:&quot;FIGARO&quot;,&quot;item_name&quot;:&quot;FIGARO&quot;,&quot;sku&quot;:&quot;FIGARO&quot;,&quot;price&quot;:208,&quot;stocklevel&quot;:null,&quot;stockstatus&quot;:&quot;onbackorder&quot;,&quot;google_business_vertical&quot;:&quot;retail&quot;,&quot;item_category&quot;:&quot;vivre&quot;,&quot;item_category2&quot;:&quot;Chaises&quot;,&quot;item_category3&quot;:&quot;chaises de cuisine&quot;,&quot;id&quot;:&quot;FIGARO&quot;,&quot;productlink&quot;:&quot;https:\\\/\\\/www.moensmeubelen.be\\\/fr\\\/produit\\\/FIGARO-fr_BE\\\/&quot;,&quot;item_list_name&quot;:&quot;General Product List&quot;,&quot;index&quot;:21,&quot;product_type&quot;:&quot;simple&quot;,&quot;item_brand&quot;:&quot;&quot;}\"><\/span>\t\t\t<input type=\"hidden\" class=\"pmwProductId\" data-id=\"738147\">\n\t\t\t\t\t<script class=\"_iub_cs_skip\">\n\t\t\t(window.pmwDataLayer = window.pmwDataLayer || {}).products                = window.pmwDataLayer.products || {};\n\t\t\twindow.pmwDataLayer.products[738147] = {\"id\":\"738147\",\"sku\":\"FIGARO\",\"price\":208,\"brand\":\"\",\"quantity\":1,\"dyn_r_ids\":{\"post_id\":\"738147\",\"sku\":\"FIGARO\",\"gpf\":\"woocommerce_gpf_738147\",\"gla\":\"gla_738147\"},\"is_variable\":false,\"type\":\"simple\",\"name\":\"FIGARO\",\"category\":[\"chaises de cuisine\",\"Chaises de salle \u00e0 manger\"],\"is_variation\":false};\n\t\t\t\t\twindow.pmw_product_position = window.pmw_product_position || 1;\n\t\twindow.pmwDataLayer.products[738147]['position'] = window.pmw_product_position++;\n\t\t\t\t<\/script>\n\t\t<div class=\"conditionele-tekst levertermijn-placeholder levertermijn-placeholder--plp\" data-aamss-sku=\"FIGARO\" data-aamss-product-id=\"738147\" data-aamss-context=\"plp\" data-aamss-state=\"loading\" aria-busy=\"true\">D\u00e9lai de livraison 8-10 semaines<\/div>\n\t\t\n\t\t\n\t\t\n\t\t<div class=\"wd-product-footer\">\n\t\t\t<div class=\"wd-add-btn wd-add-btn-replace\">\n\t\t\t\t<a href=\"\/fr\/wp-json\/wp\/v2\/pages\/74665?add-to-cart=738147\"  data-quantity=\"1\" class=\"button product_type_simple add_to_cart_button ajax_add_to_cart add-to-cart-loop\" data-product_id=\"738147\" data-product_sku=\"FIGARO\" aria-label=\"Add to cart: &ldquo;FIGARO&rdquo;\" rel=\"nofollow\" data-success_message=\"&ldquo;FIGARO&rdquo; has been added to your cart\"><span class=\"wd-action-icon\"><span class=\"wd-check-icon\"><\/span><\/span><span class=\"wd-action-text\">Panier<\/span><\/a>\t\t\t<\/div>\n\n\t\t\t\t\t\t<div class=\"wd-action-buttons\">\n\t\t\t\t\t\t<div class=\"wd-compare-btn wd-action-btn wd-style-icon wd-compare-icon wd-tooltip\">\n\t\t\t<a href=\"https:\/\/www.moensmeubelen.be\/fr\/vergelijk\/?product_id=738146\" class=\"\" data-id=\"738146\" rel=\"nofollow\">\n\t\t\t\t<span class=\"wd-action-icon\">\n\t\t\t\t\t<span class=\"wd-check-icon\"><\/span>\n\t\t\t\t<\/span>\n\t\t\t\t<span class=\"wd-action-text\">Comparer<\/span>\n\t\t\t<\/a>\n\t\t<\/div>\n\t\t\t\t\t\t\t\t<div class=\"wd-quick-view-btn wd-quick-view-icon wd-action-btn wd-style-icon wd-tooltip\">\n\t\t\t<a\n\t\t\t\thref=\"https:\/\/www.moensmeubelen.be\/fr\/produit\/FIGARO-fr_BE\/\"\n\t\t\t\tclass=\"open-quick-view\"\n\t\t\t\trel=\"nofollow\"\n\t\t\t\tdata-id=\"738147\"\n\t\t\t\t>\n\t\t\t\t\t<span class=\"wd-action-icon\"><\/span>\n\t\t\t\t\t<span class=\"wd-action-text\">\n\t\t\t\t\t\tQuick view\t\t\t\t\t<\/span>\n\t\t\t<\/a>\n\t\t<\/div>\n\t\t\t\t\t<\/div>\n\t\t\t\t\t<\/div>\n\t<\/div>\n<\/div>\n<\/div>\n<div class=\"wd-product wd-col wd-hover-buttons-on-hover product-grid-item product type-product post-738149 status-publish onbackorder product_cat-keukenstoelen_fr_BE product_cat-eetkamerstoelen_fr_BE has-post-thumbnail taxable shipping-taxable purchasable product-type-simple\" data-loop=\"21\" data-id=\"738149\">\n\t\n<div class=\"wd-product-wrapper product-wrapper\">\n\t<div class=\"wd-product-thumb product-element-top wd-quick-shop\">\n\t\t<a href=\"https:\/\/www.moensmeubelen.be\/fr\/produit\/FIGAROTWEE-fr_BE\/\" class=\"wd-product-img-link product-image-link\" tabindex=\"-1\" aria-label=\"FIGAROTWEE\">\n\t\t\t<img loading=\"lazy\" decoding=\"async\" width=\"300\" height=\"300\" src=\"https:\/\/www.moensmeubelen.be\/wp-content\/uploads\/2024\/12\/32f4288a22b6c838167dab444b7e9eca20bd3c3a_FIGAROTWEE-300x300.png\" class=\"attachment-woocommerce_thumbnail size-woocommerce_thumbnail\" alt=\"\" srcset=\"https:\/\/www.moensmeubelen.be\/wp-content\/uploads\/2024\/12\/32f4288a22b6c838167dab444b7e9eca20bd3c3a_FIGAROTWEE-300x300.png 300w, https:\/\/www.moensmeubelen.be\/wp-content\/uploads\/2024\/12\/32f4288a22b6c838167dab444b7e9eca20bd3c3a_FIGAROTWEE-1024x1024.png 1024w, https:\/\/www.moensmeubelen.be\/wp-content\/uploads\/2024\/12\/32f4288a22b6c838167dab444b7e9eca20bd3c3a_FIGAROTWEE-250x250.png 250w, https:\/\/www.moensmeubelen.be\/wp-content\/uploads\/2024\/12\/32f4288a22b6c838167dab444b7e9eca20bd3c3a_FIGAROTWEE-768x768.png 768w, https:\/\/www.moensmeubelen.be\/wp-content\/uploads\/2024\/12\/32f4288a22b6c838167dab444b7e9eca20bd3c3a_FIGAROTWEE-1536x1536.png 1536w, https:\/\/www.moensmeubelen.be\/wp-content\/uploads\/2024\/12\/32f4288a22b6c838167dab444b7e9eca20bd3c3a_FIGAROTWEE-2048x2048.png 2048w, https:\/\/www.moensmeubelen.be\/wp-content\/uploads\/2024\/12\/32f4288a22b6c838167dab444b7e9eca20bd3c3a_FIGAROTWEE-800x800.png 800w, https:\/\/www.moensmeubelen.be\/wp-content\/uploads\/2024\/12\/32f4288a22b6c838167dab444b7e9eca20bd3c3a_FIGAROTWEE-200x200.png 200w\" sizes=\"auto, (max-width: 300px) 100vw, 300px\" title=\"\">\t\t<\/a>\n\n\t\t\n\t\t<div class=\"wd-buttons wd-pos-r-t\">\n\t\t\t\t\t<\/div>\n\t<\/div>\n\n\t<div class=\"product-element-bottom\">\n\n\t\t<div class=\"wd-product-header\">\n\t\t\t<h3 class=\"wd-entities-title\"><a href=\"https:\/\/www.moensmeubelen.be\/fr\/produit\/FIGAROTWEE-fr_BE\/\">FIGAROTWEE<\/a><\/h3>\n\t\t\t\t\t<\/div>\n\n\t\t\n\t\t\n\t\t<div class=\"wrap-price\">\n\t\t\t\n\t<span class=\"price\"><span class=\"woocommerce-Price-amount amount\"><bdi><span class=\"woocommerce-Price-currencySymbol\" translate=\"no\">&euro;<\/span>240,00<\/bdi><\/span><\/span>\n\n\t\t\t\t\t<\/div>\n\n\t\t<span class=\"gtm4wp_productdata\" style=\"display:none; visibility:hidden;\" data-gtm4wp_product_data=\"{&quot;internal_id&quot;:738149,&quot;item_id&quot;:&quot;FIGAROTWEE&quot;,&quot;item_name&quot;:&quot;FIGAROTWEE&quot;,&quot;sku&quot;:&quot;FIGAROTWEE&quot;,&quot;price&quot;:240,&quot;stocklevel&quot;:null,&quot;stockstatus&quot;:&quot;onbackorder&quot;,&quot;google_business_vertical&quot;:&quot;retail&quot;,&quot;item_category&quot;:&quot;vivre&quot;,&quot;item_category2&quot;:&quot;Chaises&quot;,&quot;item_category3&quot;:&quot;chaises de cuisine&quot;,&quot;id&quot;:&quot;FIGAROTWEE&quot;,&quot;productlink&quot;:&quot;https:\\\/\\\/www.moensmeubelen.be\\\/fr\\\/produit\\\/FIGAROTWEE-fr_BE\\\/&quot;,&quot;item_list_name&quot;:&quot;General Product List&quot;,&quot;index&quot;:22,&quot;product_type&quot;:&quot;simple&quot;,&quot;item_brand&quot;:&quot;&quot;}\"><\/span>\t\t\t<input type=\"hidden\" class=\"pmwProductId\" data-id=\"738149\">\n\t\t\t\t\t<script class=\"_iub_cs_skip\">\n\t\t\t(window.pmwDataLayer = window.pmwDataLayer || {}).products                = window.pmwDataLayer.products || {};\n\t\t\twindow.pmwDataLayer.products[738149] = {\"id\":\"738149\",\"sku\":\"FIGAROTWEE\",\"price\":240,\"brand\":\"\",\"quantity\":1,\"dyn_r_ids\":{\"post_id\":\"738149\",\"sku\":\"FIGAROTWEE\",\"gpf\":\"woocommerce_gpf_738149\",\"gla\":\"gla_738149\"},\"is_variable\":false,\"type\":\"simple\",\"name\":\"FIGAROTWEE\",\"category\":[\"chaises de cuisine\",\"Chaises de salle \u00e0 manger\"],\"is_variation\":false};\n\t\t\t\t\twindow.pmw_product_position = window.pmw_product_position || 1;\n\t\twindow.pmwDataLayer.products[738149]['position'] = window.pmw_product_position++;\n\t\t\t\t<\/script>\n\t\t<div class=\"conditionele-tekst levertermijn-placeholder levertermijn-placeholder--plp\" data-aamss-sku=\"FIGAROTWEE\" data-aamss-product-id=\"738149\" data-aamss-context=\"plp\" data-aamss-state=\"loading\" aria-busy=\"true\">D\u00e9lai de livraison 8-10 semaines<\/div>\n\t\t\n\t\t\n\t\t\n\t\t<div class=\"wd-product-footer\">\n\t\t\t<div class=\"wd-add-btn wd-add-btn-replace\">\n\t\t\t\t<a href=\"\/fr\/wp-json\/wp\/v2\/pages\/74665?add-to-cart=738149\"  data-quantity=\"1\" class=\"button product_type_simple add_to_cart_button ajax_add_to_cart add-to-cart-loop\" data-product_id=\"738149\" data-product_sku=\"FIGAROTWEE\" aria-label=\"Add to cart: &ldquo;FIGAROTWEE&rdquo;\" rel=\"nofollow\" data-success_message=\"&ldquo;FIGAROTWEE&rdquo; has been added to your cart\"><span class=\"wd-action-icon\"><span class=\"wd-check-icon\"><\/span><\/span><span class=\"wd-action-text\">Panier<\/span><\/a>\t\t\t<\/div>\n\n\t\t\t\t\t\t<div class=\"wd-action-buttons\">\n\t\t\t\t\t\t<div class=\"wd-compare-btn wd-action-btn wd-style-icon wd-compare-icon wd-tooltip\">\n\t\t\t<a href=\"https:\/\/www.moensmeubelen.be\/fr\/vergelijk\/?product_id=738148\" class=\"\" data-id=\"738148\" rel=\"nofollow\">\n\t\t\t\t<span class=\"wd-action-icon\">\n\t\t\t\t\t<span class=\"wd-check-icon\"><\/span>\n\t\t\t\t<\/span>\n\t\t\t\t<span class=\"wd-action-text\">Comparer<\/span>\n\t\t\t<\/a>\n\t\t<\/div>\n\t\t\t\t\t\t\t\t<div class=\"wd-quick-view-btn wd-quick-view-icon wd-action-btn wd-style-icon wd-tooltip\">\n\t\t\t<a\n\t\t\t\thref=\"https:\/\/www.moensmeubelen.be\/fr\/produit\/FIGAROTWEE-fr_BE\/\"\n\t\t\t\tclass=\"open-quick-view\"\n\t\t\t\trel=\"nofollow\"\n\t\t\t\tdata-id=\"738149\"\n\t\t\t\t>\n\t\t\t\t\t<span class=\"wd-action-icon\"><\/span>\n\t\t\t\t\t<span class=\"wd-action-text\">\n\t\t\t\t\t\tQuick view\t\t\t\t\t<\/span>\n\t\t\t<\/a>\n\t\t<\/div>\n\t\t\t\t\t<\/div>\n\t\t\t\t\t<\/div>\n\t<\/div>\n<\/div>\n<\/div>\n<div class=\"wd-product wd-col wd-hover-buttons-on-hover product-grid-item product type-product post-738151 status-publish onbackorder product_cat-keukenstoelen_fr_BE product_cat-eetkamerstoelen_fr_BE has-post-thumbnail taxable shipping-taxable purchasable product-type-simple\" data-loop=\"22\" data-id=\"738151\">\n\t\n<div class=\"wd-product-wrapper product-wrapper\">\n\t<div class=\"wd-product-thumb product-element-top wd-quick-shop\">\n\t\t<a href=\"https:\/\/www.moensmeubelen.be\/fr\/produit\/FIONA-fr_BE\/\" class=\"wd-product-img-link product-image-link\" tabindex=\"-1\" aria-label=\"FIONA\">\n\t\t\t<img loading=\"lazy\" decoding=\"async\" width=\"300\" height=\"300\" src=\"https:\/\/www.moensmeubelen.be\/wp-content\/uploads\/2024\/12\/0bd16b9719de09835da3b1dcd77c503ce94a3f1a_FIONA-300x300.png\" class=\"attachment-woocommerce_thumbnail size-woocommerce_thumbnail\" alt=\"\" srcset=\"https:\/\/www.moensmeubelen.be\/wp-content\/uploads\/2024\/12\/0bd16b9719de09835da3b1dcd77c503ce94a3f1a_FIONA-300x300.png 300w, https:\/\/www.moensmeubelen.be\/wp-content\/uploads\/2024\/12\/0bd16b9719de09835da3b1dcd77c503ce94a3f1a_FIONA-1024x1024.png 1024w, https:\/\/www.moensmeubelen.be\/wp-content\/uploads\/2024\/12\/0bd16b9719de09835da3b1dcd77c503ce94a3f1a_FIONA-250x250.png 250w, https:\/\/www.moensmeubelen.be\/wp-content\/uploads\/2024\/12\/0bd16b9719de09835da3b1dcd77c503ce94a3f1a_FIONA-768x768.png 768w, https:\/\/www.moensmeubelen.be\/wp-content\/uploads\/2024\/12\/0bd16b9719de09835da3b1dcd77c503ce94a3f1a_FIONA-1536x1536.png 1536w, https:\/\/www.moensmeubelen.be\/wp-content\/uploads\/2024\/12\/0bd16b9719de09835da3b1dcd77c503ce94a3f1a_FIONA-2048x2048.png 2048w, https:\/\/www.moensmeubelen.be\/wp-content\/uploads\/2024\/12\/0bd16b9719de09835da3b1dcd77c503ce94a3f1a_FIONA-800x800.png 800w, https:\/\/www.moensmeubelen.be\/wp-content\/uploads\/2024\/12\/0bd16b9719de09835da3b1dcd77c503ce94a3f1a_FIONA-200x200.png 200w\" sizes=\"auto, (max-width: 300px) 100vw, 300px\" title=\"\">\t\t<\/a>\n\n\t\t\t\t\t<div class=\"wd-product-img-hover hover-img\">\n\t\t\t\t<img loading=\"lazy\" decoding=\"async\" width=\"300\" height=\"300\" src=\"https:\/\/www.moensmeubelen.be\/wp-content\/uploads\/2024\/12\/0bd16b9719de09835da3b1dcd77c503ce94a3f1a_FIONA-300x300.png\" class=\"attachment-woocommerce_thumbnail size-woocommerce_thumbnail\" alt=\"\" srcset=\"https:\/\/www.moensmeubelen.be\/wp-content\/uploads\/2024\/12\/0bd16b9719de09835da3b1dcd77c503ce94a3f1a_FIONA-300x300.png 300w, https:\/\/www.moensmeubelen.be\/wp-content\/uploads\/2024\/12\/0bd16b9719de09835da3b1dcd77c503ce94a3f1a_FIONA-1024x1024.png 1024w, https:\/\/www.moensmeubelen.be\/wp-content\/uploads\/2024\/12\/0bd16b9719de09835da3b1dcd77c503ce94a3f1a_FIONA-250x250.png 250w, https:\/\/www.moensmeubelen.be\/wp-content\/uploads\/2024\/12\/0bd16b9719de09835da3b1dcd77c503ce94a3f1a_FIONA-768x768.png 768w, https:\/\/www.moensmeubelen.be\/wp-content\/uploads\/2024\/12\/0bd16b9719de09835da3b1dcd77c503ce94a3f1a_FIONA-1536x1536.png 1536w, https:\/\/www.moensmeubelen.be\/wp-content\/uploads\/2024\/12\/0bd16b9719de09835da3b1dcd77c503ce94a3f1a_FIONA-2048x2048.png 2048w, https:\/\/www.moensmeubelen.be\/wp-content\/uploads\/2024\/12\/0bd16b9719de09835da3b1dcd77c503ce94a3f1a_FIONA-800x800.png 800w, https:\/\/www.moensmeubelen.be\/wp-content\/uploads\/2024\/12\/0bd16b9719de09835da3b1dcd77c503ce94a3f1a_FIONA-200x200.png 200w\" sizes=\"auto, (max-width: 300px) 100vw, 300px\" title=\"\">\t\t\t<\/div>\n\t\t\t\n\t\t<div class=\"wd-buttons wd-pos-r-t\">\n\t\t\t\t\t<\/div>\n\t<\/div>\n\n\t<div class=\"product-element-bottom\">\n\n\t\t<div class=\"wd-product-header\">\n\t\t\t<h3 class=\"wd-entities-title\"><a href=\"https:\/\/www.moensmeubelen.be\/fr\/produit\/FIONA-fr_BE\/\">FIONA<\/a><\/h3>\n\t\t\t\t\t<\/div>\n\n\t\t\n\t\t\n\t\t<div class=\"wrap-price\">\n\t\t\t\n\t<span class=\"price\"><span class=\"woocommerce-Price-amount amount\"><bdi><span class=\"woocommerce-Price-currencySymbol\" translate=\"no\">&euro;<\/span>197,00<\/bdi><\/span><\/span>\n\n\t\t\t\t\t<\/div>\n\n\t\t<span class=\"gtm4wp_productdata\" style=\"display:none; visibility:hidden;\" data-gtm4wp_product_data=\"{&quot;internal_id&quot;:738151,&quot;item_id&quot;:&quot;FIONA&quot;,&quot;item_name&quot;:&quot;FIONA&quot;,&quot;sku&quot;:&quot;FIONA&quot;,&quot;price&quot;:197,&quot;stocklevel&quot;:null,&quot;stockstatus&quot;:&quot;onbackorder&quot;,&quot;google_business_vertical&quot;:&quot;retail&quot;,&quot;item_category&quot;:&quot;vivre&quot;,&quot;item_category2&quot;:&quot;Chaises&quot;,&quot;item_category3&quot;:&quot;chaises de cuisine&quot;,&quot;id&quot;:&quot;FIONA&quot;,&quot;productlink&quot;:&quot;https:\\\/\\\/www.moensmeubelen.be\\\/fr\\\/produit\\\/FIONA-fr_BE\\\/&quot;,&quot;item_list_name&quot;:&quot;General Product List&quot;,&quot;index&quot;:23,&quot;product_type&quot;:&quot;simple&quot;,&quot;item_brand&quot;:&quot;&quot;}\"><\/span>\t\t\t<input type=\"hidden\" class=\"pmwProductId\" data-id=\"738151\">\n\t\t\t\t\t<script class=\"_iub_cs_skip\">\n\t\t\t(window.pmwDataLayer = window.pmwDataLayer || {}).products                = window.pmwDataLayer.products || {};\n\t\t\twindow.pmwDataLayer.products[738151] = {\"id\":\"738151\",\"sku\":\"FIONA\",\"price\":197,\"brand\":\"\",\"quantity\":1,\"dyn_r_ids\":{\"post_id\":\"738151\",\"sku\":\"FIONA\",\"gpf\":\"woocommerce_gpf_738151\",\"gla\":\"gla_738151\"},\"is_variable\":false,\"type\":\"simple\",\"name\":\"FIONA\",\"category\":[\"chaises de cuisine\",\"Chaises de salle \u00e0 manger\"],\"is_variation\":false};\n\t\t\t\t\twindow.pmw_product_position = window.pmw_product_position || 1;\n\t\twindow.pmwDataLayer.products[738151]['position'] = window.pmw_product_position++;\n\t\t\t\t<\/script>\n\t\t<div class=\"conditionele-tekst levertermijn-placeholder levertermijn-placeholder--plp\" data-aamss-sku=\"FIONA\" data-aamss-product-id=\"738151\" data-aamss-context=\"plp\" data-aamss-state=\"loading\" aria-busy=\"true\">D\u00e9lai de livraison 8-10 semaines<\/div>\n\t\t\n\t\t\n\t\t\n\t\t<div class=\"wd-product-footer\">\n\t\t\t<div class=\"wd-add-btn wd-add-btn-replace\">\n\t\t\t\t<a href=\"\/fr\/wp-json\/wp\/v2\/pages\/74665?add-to-cart=738151\"  data-quantity=\"1\" class=\"button product_type_simple add_to_cart_button ajax_add_to_cart add-to-cart-loop\" data-product_id=\"738151\" data-product_sku=\"FIONA\" aria-label=\"Add to cart: &ldquo;FIONA&rdquo;\" rel=\"nofollow\" data-success_message=\"&ldquo;FIONA&rdquo; has been added to your cart\"><span class=\"wd-action-icon\"><span class=\"wd-check-icon\"><\/span><\/span><span class=\"wd-action-text\">Panier<\/span><\/a>\t\t\t<\/div>\n\n\t\t\t\t\t\t<div class=\"wd-action-buttons\">\n\t\t\t\t\t\t<div class=\"wd-compare-btn wd-action-btn wd-style-icon wd-compare-icon wd-tooltip\">\n\t\t\t<a href=\"https:\/\/www.moensmeubelen.be\/fr\/vergelijk\/?product_id=738150\" class=\"\" data-id=\"738150\" rel=\"nofollow\">\n\t\t\t\t<span class=\"wd-action-icon\">\n\t\t\t\t\t<span class=\"wd-check-icon\"><\/span>\n\t\t\t\t<\/span>\n\t\t\t\t<span class=\"wd-action-text\">Comparer<\/span>\n\t\t\t<\/a>\n\t\t<\/div>\n\t\t\t\t\t\t\t\t<div class=\"wd-quick-view-btn wd-quick-view-icon wd-action-btn wd-style-icon wd-tooltip\">\n\t\t\t<a\n\t\t\t\thref=\"https:\/\/www.moensmeubelen.be\/fr\/produit\/FIONA-fr_BE\/\"\n\t\t\t\tclass=\"open-quick-view\"\n\t\t\t\trel=\"nofollow\"\n\t\t\t\tdata-id=\"738151\"\n\t\t\t\t>\n\t\t\t\t\t<span class=\"wd-action-icon\"><\/span>\n\t\t\t\t\t<span class=\"wd-action-text\">\n\t\t\t\t\t\tQuick view\t\t\t\t\t<\/span>\n\t\t\t<\/a>\n\t\t<\/div>\n\t\t\t\t\t<\/div>\n\t\t\t\t\t<\/div>\n\t<\/div>\n<\/div>\n<\/div>\n<div class=\"wd-product wd-col wd-hover-buttons-on-hover product-grid-item product type-product post-738153 status-publish last onbackorder product_cat-keukenstoelen_fr_BE product_cat-eetkamerstoelen_fr_BE has-post-thumbnail taxable shipping-taxable purchasable product-type-simple\" data-loop=\"23\" data-id=\"738153\">\n\t\n<div class=\"wd-product-wrapper product-wrapper\">\n\t<div class=\"wd-product-thumb product-element-top wd-quick-shop\">\n\t\t<a href=\"https:\/\/www.moensmeubelen.be\/fr\/produit\/FIONATWEE-fr_BE\/\" class=\"wd-product-img-link product-image-link\" tabindex=\"-1\" aria-label=\"FIONATWEE\">\n\t\t\t<img loading=\"lazy\" decoding=\"async\" width=\"300\" height=\"300\" src=\"https:\/\/www.moensmeubelen.be\/wp-content\/uploads\/2024\/12\/edf128d94a760bec6f6213d842eaf7b902ab8e0f_FIONATWEE-300x300.png\" class=\"attachment-woocommerce_thumbnail size-woocommerce_thumbnail\" alt=\"\" srcset=\"https:\/\/www.moensmeubelen.be\/wp-content\/uploads\/2024\/12\/edf128d94a760bec6f6213d842eaf7b902ab8e0f_FIONATWEE-300x300.png 300w, https:\/\/www.moensmeubelen.be\/wp-content\/uploads\/2024\/12\/edf128d94a760bec6f6213d842eaf7b902ab8e0f_FIONATWEE-1024x1024.png 1024w, https:\/\/www.moensmeubelen.be\/wp-content\/uploads\/2024\/12\/edf128d94a760bec6f6213d842eaf7b902ab8e0f_FIONATWEE-250x250.png 250w, https:\/\/www.moensmeubelen.be\/wp-content\/uploads\/2024\/12\/edf128d94a760bec6f6213d842eaf7b902ab8e0f_FIONATWEE-768x768.png 768w, https:\/\/www.moensmeubelen.be\/wp-content\/uploads\/2024\/12\/edf128d94a760bec6f6213d842eaf7b902ab8e0f_FIONATWEE-1536x1536.png 1536w, https:\/\/www.moensmeubelen.be\/wp-content\/uploads\/2024\/12\/edf128d94a760bec6f6213d842eaf7b902ab8e0f_FIONATWEE-2048x2048.png 2048w, https:\/\/www.moensmeubelen.be\/wp-content\/uploads\/2024\/12\/edf128d94a760bec6f6213d842eaf7b902ab8e0f_FIONATWEE-800x800.png 800w, https:\/\/www.moensmeubelen.be\/wp-content\/uploads\/2024\/12\/edf128d94a760bec6f6213d842eaf7b902ab8e0f_FIONATWEE-200x200.png 200w\" sizes=\"auto, (max-width: 300px) 100vw, 300px\" title=\"\">\t\t<\/a>\n\n\t\t\n\t\t<div class=\"wd-buttons wd-pos-r-t\">\n\t\t\t\t\t<\/div>\n\t<\/div>\n\n\t<div class=\"product-element-bottom\">\n\n\t\t<div class=\"wd-product-header\">\n\t\t\t<h3 class=\"wd-entities-title\"><a href=\"https:\/\/www.moensmeubelen.be\/fr\/produit\/FIONATWEE-fr_BE\/\">FIONATWEE<\/a><\/h3>\n\t\t\t\t\t<\/div>\n\n\t\t\n\t\t\n\t\t<div class=\"wrap-price\">\n\t\t\t\n\t<span class=\"price\"><span class=\"woocommerce-Price-amount amount\"><bdi><span class=\"woocommerce-Price-currencySymbol\" translate=\"no\">&euro;<\/span>197,00<\/bdi><\/span><\/span>\n\n\t\t\t\t\t<\/div>\n\n\t\t<span class=\"gtm4wp_productdata\" style=\"display:none; visibility:hidden;\" data-gtm4wp_product_data=\"{&quot;internal_id&quot;:738153,&quot;item_id&quot;:&quot;FIONATWEE&quot;,&quot;item_name&quot;:&quot;FIONATWEE&quot;,&quot;sku&quot;:&quot;FIONATWEE&quot;,&quot;price&quot;:197,&quot;stocklevel&quot;:null,&quot;stockstatus&quot;:&quot;onbackorder&quot;,&quot;google_business_vertical&quot;:&quot;retail&quot;,&quot;item_category&quot;:&quot;vivre&quot;,&quot;item_category2&quot;:&quot;Chaises&quot;,&quot;item_category3&quot;:&quot;chaises de cuisine&quot;,&quot;id&quot;:&quot;FIONATWEE&quot;,&quot;productlink&quot;:&quot;https:\\\/\\\/www.moensmeubelen.be\\\/fr\\\/produit\\\/FIONATWEE-fr_BE\\\/&quot;,&quot;item_list_name&quot;:&quot;General Product List&quot;,&quot;index&quot;:24,&quot;product_type&quot;:&quot;simple&quot;,&quot;item_brand&quot;:&quot;&quot;}\"><\/span>\t\t\t<input type=\"hidden\" class=\"pmwProductId\" data-id=\"738153\">\n\t\t\t\t\t<script class=\"_iub_cs_skip\">\n\t\t\t(window.pmwDataLayer = window.pmwDataLayer || {}).products                = window.pmwDataLayer.products || {};\n\t\t\twindow.pmwDataLayer.products[738153] = {\"id\":\"738153\",\"sku\":\"FIONATWEE\",\"price\":197,\"brand\":\"\",\"quantity\":1,\"dyn_r_ids\":{\"post_id\":\"738153\",\"sku\":\"FIONATWEE\",\"gpf\":\"woocommerce_gpf_738153\",\"gla\":\"gla_738153\"},\"is_variable\":false,\"type\":\"simple\",\"name\":\"FIONATWEE\",\"category\":[\"chaises de cuisine\",\"Chaises de salle \u00e0 manger\"],\"is_variation\":false};\n\t\t\t\t\twindow.pmw_product_position = window.pmw_product_position || 1;\n\t\twindow.pmwDataLayer.products[738153]['position'] = window.pmw_product_position++;\n\t\t\t\t<\/script>\n\t\t<div class=\"conditionele-tekst levertermijn-placeholder levertermijn-placeholder--plp\" data-aamss-sku=\"FIONATWEE\" data-aamss-product-id=\"738153\" data-aamss-context=\"plp\" data-aamss-state=\"loading\" aria-busy=\"true\">D\u00e9lai de livraison 8-10 semaines<\/div>\n\t\t\n\t\t\n\t\t\n\t\t<div class=\"wd-product-footer\">\n\t\t\t<div class=\"wd-add-btn wd-add-btn-replace\">\n\t\t\t\t<a href=\"\/fr\/wp-json\/wp\/v2\/pages\/74665?add-to-cart=738153\"  data-quantity=\"1\" class=\"button product_type_simple add_to_cart_button ajax_add_to_cart add-to-cart-loop\" data-product_id=\"738153\" data-product_sku=\"FIONATWEE\" aria-label=\"Add to cart: &ldquo;FIONATWEE&rdquo;\" rel=\"nofollow\" data-success_message=\"&ldquo;FIONATWEE&rdquo; has been added to your cart\"><span class=\"wd-action-icon\"><span class=\"wd-check-icon\"><\/span><\/span><span class=\"wd-action-text\">Panier<\/span><\/a>\t\t\t<\/div>\n\n\t\t\t\t\t\t<div class=\"wd-action-buttons\">\n\t\t\t\t\t\t<div class=\"wd-compare-btn wd-action-btn wd-style-icon wd-compare-icon wd-tooltip\">\n\t\t\t<a href=\"https:\/\/www.moensmeubelen.be\/fr\/vergelijk\/?product_id=738152\" class=\"\" data-id=\"738152\" rel=\"nofollow\">\n\t\t\t\t<span class=\"wd-action-icon\">\n\t\t\t\t\t<span class=\"wd-check-icon\"><\/span>\n\t\t\t\t<\/span>\n\t\t\t\t<span class=\"wd-action-text\">Comparer<\/span>\n\t\t\t<\/a>\n\t\t<\/div>\n\t\t\t\t\t\t\t\t<div class=\"wd-quick-view-btn wd-quick-view-icon wd-action-btn wd-style-icon wd-tooltip\">\n\t\t\t<a\n\t\t\t\thref=\"https:\/\/www.moensmeubelen.be\/fr\/produit\/FIONATWEE-fr_BE\/\"\n\t\t\t\tclass=\"open-quick-view\"\n\t\t\t\trel=\"nofollow\"\n\t\t\t\tdata-id=\"738153\"\n\t\t\t\t>\n\t\t\t\t\t<span class=\"wd-action-icon\"><\/span>\n\t\t\t\t\t<span class=\"wd-action-text\">\n\t\t\t\t\t\tQuick view\t\t\t\t\t<\/span>\n\t\t\t<\/a>\n\t\t<\/div>\n\t\t\t\t\t<\/div>\n\t\t\t\t\t<\/div>\n\t<\/div>\n<\/div>\n<\/div>\n<div class=\"wd-product wd-col wd-hover-buttons-on-hover product-grid-item product type-product post-738155 status-publish first onbackorder product_cat-keukenstoelen_fr_BE product_cat-eetkamerstoelen_fr_BE has-post-thumbnail taxable shipping-taxable purchasable product-type-simple\" data-loop=\"24\" data-id=\"738155\">\n\t\n<div class=\"wd-product-wrapper product-wrapper\">\n\t<div class=\"wd-product-thumb product-element-top wd-quick-shop\">\n\t\t<a href=\"https:\/\/www.moensmeubelen.be\/fr\/produit\/FIXIE-fr_BE\/\" class=\"wd-product-img-link product-image-link\" tabindex=\"-1\" aria-label=\"FIXIE\">\n\t\t\t<img loading=\"lazy\" decoding=\"async\" width=\"300\" height=\"300\" src=\"https:\/\/www.moensmeubelen.be\/wp-content\/uploads\/2024\/12\/dec959acda024911bafcc3daaed906df483eea16_FIXIE-300x300.jpg\" class=\"attachment-woocommerce_thumbnail size-woocommerce_thumbnail\" alt=\"\" srcset=\"https:\/\/www.moensmeubelen.be\/wp-content\/uploads\/2024\/12\/dec959acda024911bafcc3daaed906df483eea16_FIXIE-300x300.jpg 300w, https:\/\/www.moensmeubelen.be\/wp-content\/uploads\/2024\/12\/dec959acda024911bafcc3daaed906df483eea16_FIXIE-250x250.jpg 250w, https:\/\/www.moensmeubelen.be\/wp-content\/uploads\/2024\/12\/dec959acda024911bafcc3daaed906df483eea16_FIXIE-768x768.jpg 768w, https:\/\/www.moensmeubelen.be\/wp-content\/uploads\/2024\/12\/dec959acda024911bafcc3daaed906df483eea16_FIXIE-800x800.jpg 800w, https:\/\/www.moensmeubelen.be\/wp-content\/uploads\/2024\/12\/dec959acda024911bafcc3daaed906df483eea16_FIXIE-200x200.jpg 200w, https:\/\/www.moensmeubelen.be\/wp-content\/uploads\/2024\/12\/dec959acda024911bafcc3daaed906df483eea16_FIXIE.jpg 920w\" sizes=\"auto, (max-width: 300px) 100vw, 300px\" title=\"\">\t\t<\/a>\n\n\t\t\n\t\t<div class=\"wd-buttons wd-pos-r-t\">\n\t\t\t\t\t<\/div>\n\t<\/div>\n\n\t<div class=\"product-element-bottom\">\n\n\t\t<div class=\"wd-product-header\">\n\t\t\t<h3 class=\"wd-entities-title\"><a href=\"https:\/\/www.moensmeubelen.be\/fr\/produit\/FIXIE-fr_BE\/\">FIXIE<\/a><\/h3>\n\t\t\t\t\t<\/div>\n\n\t\t\n\t\t\n\t\t<div class=\"wrap-price\">\n\t\t\t\n\t<span class=\"price\"><span class=\"woocommerce-Price-amount amount\"><bdi><span class=\"woocommerce-Price-currencySymbol\" translate=\"no\">&euro;<\/span>239,00<\/bdi><\/span><\/span>\n\n\t\t\t\t\t<\/div>\n\n\t\t<span class=\"gtm4wp_productdata\" style=\"display:none; visibility:hidden;\" data-gtm4wp_product_data=\"{&quot;internal_id&quot;:738155,&quot;item_id&quot;:&quot;FIXIE&quot;,&quot;item_name&quot;:&quot;FIXIE&quot;,&quot;sku&quot;:&quot;FIXIE&quot;,&quot;price&quot;:239,&quot;stocklevel&quot;:null,&quot;stockstatus&quot;:&quot;onbackorder&quot;,&quot;google_business_vertical&quot;:&quot;retail&quot;,&quot;item_category&quot;:&quot;vivre&quot;,&quot;item_category2&quot;:&quot;Chaises&quot;,&quot;item_category3&quot;:&quot;chaises de cuisine&quot;,&quot;id&quot;:&quot;FIXIE&quot;,&quot;productlink&quot;:&quot;https:\\\/\\\/www.moensmeubelen.be\\\/fr\\\/produit\\\/FIXIE-fr_BE\\\/&quot;,&quot;item_list_name&quot;:&quot;General Product List&quot;,&quot;index&quot;:25,&quot;product_type&quot;:&quot;simple&quot;,&quot;item_brand&quot;:&quot;&quot;}\"><\/span>\t\t\t<input type=\"hidden\" class=\"pmwProductId\" data-id=\"738155\">\n\t\t\t\t\t<script class=\"_iub_cs_skip\">\n\t\t\t(window.pmwDataLayer = window.pmwDataLayer || {}).products                = window.pmwDataLayer.products || {};\n\t\t\twindow.pmwDataLayer.products[738155] = {\"id\":\"738155\",\"sku\":\"FIXIE\",\"price\":239,\"brand\":\"\",\"quantity\":1,\"dyn_r_ids\":{\"post_id\":\"738155\",\"sku\":\"FIXIE\",\"gpf\":\"woocommerce_gpf_738155\",\"gla\":\"gla_738155\"},\"is_variable\":false,\"type\":\"simple\",\"name\":\"FIXIE\",\"category\":[\"chaises de cuisine\",\"Chaises de salle \u00e0 manger\"],\"is_variation\":false};\n\t\t\t\t\twindow.pmw_product_position = window.pmw_product_position || 1;\n\t\twindow.pmwDataLayer.products[738155]['position'] = window.pmw_product_position++;\n\t\t\t\t<\/script>\n\t\t<div class=\"conditionele-tekst levertermijn-placeholder levertermijn-placeholder--plp\" data-aamss-sku=\"FIXIE\" data-aamss-product-id=\"738155\" data-aamss-context=\"plp\" data-aamss-state=\"loading\" aria-busy=\"true\">D\u00e9lai de livraison 8-10 semaines<\/div>\n\t\t\n\t\t\n\t\t\n\t\t<div class=\"wd-product-footer\">\n\t\t\t<div class=\"wd-add-btn wd-add-btn-replace\">\n\t\t\t\t<a href=\"\/fr\/wp-json\/wp\/v2\/pages\/74665?add-to-cart=738155\"  data-quantity=\"1\" class=\"button product_type_simple add_to_cart_button ajax_add_to_cart add-to-cart-loop\" data-product_id=\"738155\" data-product_sku=\"FIXIE\" aria-label=\"Add to cart: &ldquo;FIXIE&rdquo;\" rel=\"nofollow\" data-success_message=\"&ldquo;FIXIE&rdquo; has been added to your cart\"><span class=\"wd-action-icon\"><span class=\"wd-check-icon\"><\/span><\/span><span class=\"wd-action-text\">Panier<\/span><\/a>\t\t\t<\/div>\n\n\t\t\t\t\t\t<div class=\"wd-action-buttons\">\n\t\t\t\t\t\t<div class=\"wd-compare-btn wd-action-btn wd-style-icon wd-compare-icon wd-tooltip\">\n\t\t\t<a href=\"https:\/\/www.moensmeubelen.be\/fr\/vergelijk\/?product_id=738154\" class=\"\" data-id=\"738154\" rel=\"nofollow\">\n\t\t\t\t<span class=\"wd-action-icon\">\n\t\t\t\t\t<span class=\"wd-check-icon\"><\/span>\n\t\t\t\t<\/span>\n\t\t\t\t<span class=\"wd-action-text\">Comparer<\/span>\n\t\t\t<\/a>\n\t\t<\/div>\n\t\t\t\t\t\t\t\t<div class=\"wd-quick-view-btn wd-quick-view-icon wd-action-btn wd-style-icon wd-tooltip\">\n\t\t\t<a\n\t\t\t\thref=\"https:\/\/www.moensmeubelen.be\/fr\/produit\/FIXIE-fr_BE\/\"\n\t\t\t\tclass=\"open-quick-view\"\n\t\t\t\trel=\"nofollow\"\n\t\t\t\tdata-id=\"738155\"\n\t\t\t\t>\n\t\t\t\t\t<span class=\"wd-action-icon\"><\/span>\n\t\t\t\t\t<span class=\"wd-action-text\">\n\t\t\t\t\t\tQuick view\t\t\t\t\t<\/span>\n\t\t\t<\/a>\n\t\t<\/div>\n\t\t\t\t\t<\/div>\n\t\t\t\t\t<\/div>\n\t<\/div>\n<\/div>\n<\/div>\n\t\t\t<\/div>\n\t\t\t<\/div>[\/vc_column][\/vc_row][vc_row][vc_column][vc_raw_html]JTVCaHRtbF9ibG9jayUyMGlkJTNEJTIyMTA0Nzk0NyUyMiU1RA==[\/vc_raw_html][\/vc_column][\/vc_row]<\/p>\n<\/div>","protected":false},"excerpt":{"rendered":"<p>[vc_row][vc_column width=&#8221;1\/2&#8243;][vc_column_text]Chez Meubelen Moens, vous trouvez des chaises de cuisine de diff\u00e9rentes grandes marques au prix le plus avantageux. Nos<\/p>\n","protected":false},"author":1,"featured_media":0,"parent":0,"menu_order":0,"comment_status":"closed","ping_status":"closed","template":"","meta":{"_relevanssi_hide_post":"","_relevanssi_hide_content":"","_relevanssi_pin_for_all":"","_relevanssi_pin_keywords":"","_relevanssi_unpin_keywords":"","_relevanssi_related_keywords":"","_relevanssi_related_include_ids":"","_relevanssi_related_exclude_ids":"","_relevanssi_related_no_append":"","_relevanssi_related_not_related":"","_relevanssi_related_posts":"","_relevanssi_noindex_reason":"","footnotes":""},"class_list":["post-74665","page","type-page","status-publish","hentry"],"_links":{"self":[{"href":"https:\/\/www.moensmeubelen.be\/fr\/wp-json\/wp\/v2\/pages\/74665","targetHints":{"allow":["GET"]}}],"collection":[{"href":"https:\/\/www.moensmeubelen.be\/fr\/wp-json\/wp\/v2\/pages"}],"about":[{"href":"https:\/\/www.moensmeubelen.be\/fr\/wp-json\/wp\/v2\/types\/page"}],"author":[{"embeddable":true,"href":"https:\/\/www.moensmeubelen.be\/fr\/wp-json\/wp\/v2\/users\/1"}],"replies":[{"embeddable":true,"href":"https:\/\/www.moensmeubelen.be\/fr\/wp-json\/wp\/v2\/comments?post=74665"}],"version-history":[{"count":3,"href":"https:\/\/www.moensmeubelen.be\/fr\/wp-json\/wp\/v2\/pages\/74665\/revisions"}],"predecessor-version":[{"id":1047950,"href":"https:\/\/www.moensmeubelen.be\/fr\/wp-json\/wp\/v2\/pages\/74665\/revisions\/1047950"}],"wp:attachment":[{"href":"https:\/\/www.moensmeubelen.be\/fr\/wp-json\/wp\/v2\/media?parent=74665"}],"curies":[{"name":"wp","href":"https:\/\/api.w.org\/{rel}","templated":true}]}}