{"id":74672,"date":"2024-03-03T20:40:58","date_gmt":"2024-03-03T19:40:58","guid":{"rendered":"https:\/\/www.moensmeubelen.be\/inbouwkasten\/"},"modified":"2026-08-29T16:04:29","modified_gmt":"2026-08-29T14:04:29","slug":"inbouwkasten","status":"publish","type":"page","link":"https:\/\/www.moensmeubelen.be\/fr\/chambres-a-coucher\/inbouwkasten\/","title":{"rendered":"Armoires encastr\u00e9es"},"content":{"rendered":"<div class=\"wpb-content-wrapper\" id=\"wpb-content-root\"><p>[vc_row][vc_column width=&#8221;1\/2&#8243;][vc_column_text text_larger=&#8221;no&#8221;]<strong>Armoires encastr\u00e9es<\/strong><\/p>\n<p>Les armoires encastr\u00e9es offrent des concepts d&#8217;habitat harmonieux pour chaque espace. Elles permettent aussi de contourner de nombreux obstacles tels que des poutres ou des pentes de toit. Dans la chambre ou dans le hall, dans le bureau ou sous les combles, gr\u00e2ce aux biseaux, aux ajustements et aux d\u00e9coupes, chaque recoin est judicieusement exploit\u00e9.<\/p>\n<p>Chez Meubelen Moens, vous pouvez am\u00e9nager vos armoires encastr\u00e9es enti\u00e8rement \u00e0 votre go\u00fbt et les faire r\u00e9aliser totalement sur mesure. Vraiment tout est possible. Vous choisissez vous-m\u00eame votre armoire encastr\u00e9e selon la hauteur, la profondeur, la couleur, le type de poign\u00e9e\u2026<\/p>\n<p>Des miroirs, un \u00e9clairage int\u00e9gr\u00e9, des tiroirs suppl\u00e9mentaires et des espaces de rangement sont \u00e9galement possibles dans votre armoire encastr\u00e9e.<\/p>\n<p>Nous fabriquons votre syst\u00e8me d&#8217;armoire enti\u00e8rement selon vos souhaits et pouvons encastrer votre armoire sur mesure. Toutes les fabrications particuli\u00e8res sont r\u00e9alis\u00e9es pr\u00eates \u00e0 l&#8217;emploi et mont\u00e9es sur place avec le plus grand soin. M\u00eame dans des configurations d&#8217;espace probl\u00e9matiques, vous pouvez profiter d&#8217;un design tendance. Les portes de toute nature, avec par exemple du verre d\u00e9poli, sont adapt\u00e9es individuellement par nos soins.<\/p>\n<p>Nos professionnels vous accompagnent volontiers pour concevoir votre armoire encastr\u00e9e, afin qu&#8217;elle s&#8217;int\u00e8gre parfaitement dans votre habitation.<\/p>\n<p>D\u00e9couvrez sur cette page les diff\u00e9rentes possibilit\u00e9s de nos armoires encastr\u00e9es.[\/vc_column_text][\/vc_column][vc_column width=&#8221;1\/2&#8243;][vc_single_image image=&#8221;5698&#8243; img_size=&#8221;600&#215;600&#8243; alignment=&#8221;right&#8221; parallax_scroll=&#8221;no&#8221; woodmart_inline=&#8221;no&#8221;][\/vc_column][\/vc_row][vc_row][vc_column][vc_empty_space][\/vc_column][\/vc_row][vc_row 0=&#8221;&#8221; css=&#8221;.vc_custom_1550328523447{margin-bottom: 8vh !important;}&#8221; mobile_bg_img_hidden=&#8221;no&#8221; woodmart_parallax=&#8221;0&#8243; woodmart_gradient_switch=&#8221;no&#8221; row_reverse_mobile=&#8221;0&#8243; row_reverse_tablet=&#8221;0&#8243; woodmart_disable_overflow=&#8221;0&#8243;][vc_column 0=&#8221;&#8221; css=&#8221;.vc_custom_1493297480660{padding-right: 30px !important;padding-left: 30px !important;}&#8221;]\n\t\t<div id=\"wd-5c93edc733e58\" class=\"title-wrapper wd-wpb wd-set-mb reset-last-child  wd-rs-5c93edc733e58 wd-title-color-primary wd-title-style-simple text-left  wd-underline-colored\">\n\t\t\t\n\t\t\t<div class=\"liner-continer\">\n\t\t\t\t<h4 class=\"woodmart-title-container title  wd-font-weight- wd-fontsize-xxl\" >Armoires encastr\u00e9es<\/h4>\n\t\t\t\t\t\t\t<\/div>\n\t\t\t\n\t\t\t\n\t\t\t\n\t\t<\/div>\n\t\t\n\t\t\t\t\t<div class=\"wd-products-element wd-rs-63b5fbc3cc4f0 wd-wpb\">\n\t\t\t\n\t\t\n\t\t\t\t\t<div class=\"products wd-products  grid-columns-5 elements-grid pagination-more-btn wd-grid-g wd-loop-builder-off\" data-paged=\"1\" data-atts=\"{&quot;spacing&quot;:&quot;20&quot;,&quot;taxonomies&quot;:&quot;430&quot;,&quot;pagination&quot;:&quot;more-btn&quot;,&quot;items_per_page&quot;:&quot;30&quot;,&quot;product_hover&quot;:&quot;alt&quot;,&quot;columns&quot;:&quot;5&quot;,&quot;sale_countdown&quot;:&quot;0&quot;,&quot;stretch_product_desktop&quot;:&quot;0&quot;,&quot;stretch_product_tablet&quot;:&quot;0&quot;,&quot;stretch_product_mobile&quot;:&quot;0&quot;,&quot;stock_progress_bar&quot;:&quot;0&quot;,&quot;highlighted_products&quot;:&quot;0&quot;,&quot;products_bordered_grid&quot;:&quot;0&quot;,&quot;img_size&quot;:&quot;400x250&quot;,&quot;woodmart_css_id&quot;:&quot;63b5fbc3cc4f0&quot;,&quot;force_not_ajax&quot;:&quot;no&quot;}\" data-source=\"shortcode\" data-columns=\"5\" style=\"--wd-col-lg:5;--wd-col-md:4;--wd-col-sm:2;--wd-gap-lg:20px;--wd-gap-sm:10px;\">\n\t\t\t<div class=\"wd-product wd-col wd-hover-alt product-grid-item product type-product post-811555 status-publish onbackorder product_cat-bergkasten_fr_BE has-post-thumbnail taxable shipping-taxable purchasable product-type-simple\" data-loop=\"1\" data-id=\"811555\">\n\t\n<div class=\"wd-product-wrapper product-wrapper\">\n\t<div class=\"wd-product-thumb product-element-top wd-quick-shop\">\n\t\t<a href=\"https:\/\/www.moensmeubelen.be\/fr\/produit\/52261BAS-fr_BE\/\" class=\"wd-product-img-link product-image-link\" tabindex=\"-1\" aria-label=\"Amsterdam, armoire 120 cm &#8211; 2 portes + 2 tiroirs (+ LED)\">\n\t\t\t<img loading=\"lazy\" decoding=\"async\" width=\"400\" height=\"250\" src=\"https:\/\/www.moensmeubelen.be\/wp-content\/uploads\/2026\/06\/f04bfb9ad8000205558d87246a5bf77e21a1379d_images_t_ll_m_1cfe123ddd864903a2e432e2097adfb9_image-400x250.jpg\" class=\"attachment-400x250 size-400x250\" alt=\"\" title=\"\">\t\t<\/a>\n\n\t\t\t\t\t<div class=\"wd-product-img-hover hover-img\">\n\t\t\t\t<img loading=\"lazy\" decoding=\"async\" width=\"400\" height=\"250\" src=\"https:\/\/www.moensmeubelen.be\/wp-content\/uploads\/2026\/06\/9ed7a600b45da8fcc65bf732ed6ede1722f78c49_images_t_ll_m_42815c3f93f9446ba1b68f34a4795d9d_image-400x250.jpg\" class=\"attachment-400x250 size-400x250\" alt=\"\" title=\"\">\t\t\t<\/div>\n\t\t\t\n\t\t<div class=\"wd-buttons wd-pos-r-t\">\n\t\t\t\t\t<div class=\"wd-compare-btn wd-action-btn wd-style-icon wd-compare-icon\">\n\t\t\t<a href=\"https:\/\/www.moensmeubelen.be\/fr\/vergelijk\/?product_id=811554\" class=\"\" data-id=\"811554\" rel=\"nofollow\">\n\t\t\t\t<span class=\"wd-action-icon\">\n\t\t\t\t\t<span class=\"wd-check-icon\"><\/span>\n\t\t\t\t<\/span>\n\t\t\t\t<span class=\"wd-action-text\">Comparer<\/span>\n\t\t\t<\/a>\n\t\t<\/div>\n\t\t\t\t\t\t\t<div class=\"wd-quick-view-btn wd-quick-view-icon wd-action-btn wd-style-icon\">\n\t\t\t<a\n\t\t\t\thref=\"https:\/\/www.moensmeubelen.be\/fr\/produit\/52261BAS-fr_BE\/\"\n\t\t\t\tclass=\"open-quick-view\"\n\t\t\t\trel=\"nofollow\"\n\t\t\t\tdata-id=\"811555\"\n\t\t\t\t>\n\t\t\t\t\t<span class=\"wd-action-icon\"><\/span>\n\t\t\t\t\t<span class=\"wd-action-text\">\n\t\t\t\t\t\tQuick view\t\t\t\t\t<\/span>\n\t\t\t<\/a>\n\t\t<\/div>\n\t\t\t\t\t\t\t<\/div>\n\t<\/div>\n\n\t\t\t<div class=\"wd-product-header\">\n\t\t\t<h3 class=\"wd-entities-title\"><a href=\"https:\/\/www.moensmeubelen.be\/fr\/produit\/52261BAS-fr_BE\/\">Amsterdam, armoire 120 cm &#8211; 2 portes + 2 tiroirs (+ LED)<\/a><\/h3>\t\t\t\t\t<\/div>\n\t\t\t\t<div class=\"wrap-price\">\n\t\t\t<div class=\"swap-wrapp\">\n\t\t\t\t<div class=\"swap-elements\">\n\t\t\t\t\t\n\t<span class=\"price\"><span class=\"woocommerce-Price-amount amount\"><bdi><span class=\"woocommerce-Price-currencySymbol\" translate=\"no\">&euro;<\/span>1.699,00<\/bdi><\/span><\/span>\n\t\t\t\t\t<div class=\"wd-add-btn\">\n\t\t\t\t\t\t<a data-gtm4wp_product_data=\"{&quot;internal_id&quot;:811555,&quot;item_id&quot;:&quot;52261BAS&quot;,&quot;item_name&quot;:&quot;Amsterdam, armoire 120 cm - 2 portes + 2 tiroirs (+ LED)&quot;,&quot;sku&quot;:&quot;52261BAS&quot;,&quot;price&quot;:1699,&quot;stocklevel&quot;:null,&quot;stockstatus&quot;:&quot;onbackorder&quot;,&quot;google_business_vertical&quot;:&quot;retail&quot;,&quot;item_category&quot;:&quot;vivre&quot;,&quot;item_category2&quot;:&quot;Armoires&quot;,&quot;item_category3&quot;:&quot;Armoires de rangement&quot;,&quot;id&quot;:&quot;52261BAS&quot;}\" href=\"\/fr\/wp-json\/wp\/v2\/pages\/74672?add-to-cart=811555\"  data-quantity=\"1\" class=\"button product_type_simple add_to_cart_button ajax_add_to_cart add-to-cart-loop\" data-product_id=\"811555\" data-product_sku=\"52261BAS\" aria-label=\"Add to cart: &ldquo;Amsterdam, armoire 120 cm - 2 portes + 2 tiroirs (+ LED)&rdquo;\" rel=\"nofollow\" data-success_message=\"&ldquo;Amsterdam, armoire 120 cm - 2 portes + 2 tiroirs (+ LED)&rdquo; has been added to your cart\"><span class=\"wd-action-icon\"><span class=\"wd-check-icon\"><\/span><\/span><span class=\"wd-action-text\">Panier<\/span><\/a>\t\t\t\t\t<\/div>\n\t\t\t\t<\/div>\n\t\t\t<\/div>\n\t\t\t\t\t<\/div>\n\n\t\t<span class=\"gtm4wp_productdata\" style=\"display:none; visibility:hidden;\" data-gtm4wp_product_data=\"{&quot;internal_id&quot;:811555,&quot;item_id&quot;:&quot;52261BAS&quot;,&quot;item_name&quot;:&quot;Amsterdam, armoire 120 cm - 2 portes + 2 tiroirs (+ LED)&quot;,&quot;sku&quot;:&quot;52261BAS&quot;,&quot;price&quot;:1699,&quot;stocklevel&quot;:null,&quot;stockstatus&quot;:&quot;onbackorder&quot;,&quot;google_business_vertical&quot;:&quot;retail&quot;,&quot;item_category&quot;:&quot;vivre&quot;,&quot;item_category2&quot;:&quot;Armoires&quot;,&quot;item_category3&quot;:&quot;Armoires de rangement&quot;,&quot;id&quot;:&quot;52261BAS&quot;,&quot;productlink&quot;:&quot;https:\\\/\\\/www.moensmeubelen.be\\\/fr\\\/produit\\\/52261BAS-fr_BE\\\/&quot;,&quot;item_list_name&quot;:&quot;General Product List&quot;,&quot;index&quot;:2,&quot;product_type&quot;:&quot;simple&quot;,&quot;item_list_id&quot;:&quot;general-product-list&quot;,&quot;item_brand&quot;:&quot;&quot;}\"><\/span>\t\t\t<input type=\"hidden\" class=\"pmwProductId\" data-id=\"811555\">\n\t\t\t\t\t<script class=\"_iub_cs_skip\">\n\t\t\t(window.pmwDataLayer = window.pmwDataLayer || {}).products                = window.pmwDataLayer.products || {};\n\t\t\twindow.pmwDataLayer.products[811555] = {\"id\":\"811555\",\"sku\":\"52261BAS\",\"price\":1699,\"brand\":\"\",\"quantity\":1,\"dyn_r_ids\":{\"post_id\":\"811555\",\"sku\":\"52261BAS\",\"gpf\":\"woocommerce_gpf_811555\",\"gla\":\"gla_811555\"},\"is_variable\":false,\"type\":\"simple\",\"name\":\"Amsterdam, armoire 120 cm - 2 portes + 2 tiroirs (+ LED)\",\"category\":[\"Armoires de rangement\"],\"is_variation\":false};\n\t\t\t\t\twindow.pmw_product_position = window.pmw_product_position || 1;\n\t\twindow.pmwDataLayer.products[811555]['position'] = window.pmw_product_position++;\n\t\t\t\t<\/script>\n\t\t<div class=\"conditionele-tekst levertermijn-placeholder levertermijn-placeholder--plp\" data-aamss-sku=\"52261BAS\" data-aamss-product-id=\"811555\" data-aamss-context=\"plp\" data-aamss-state=\"loading\" aria-busy=\"true\">En stock - livraison sous 3 semaines<\/div>\n\t\t\n\t\t\t<\/div>\n<\/div>\n<div class=\"wd-product wd-col wd-hover-alt product-grid-item product type-product post-721606 status-publish onbackorder product_cat-bergkasten_fr_BE has-post-thumbnail taxable shipping-taxable purchasable product-type-simple\" data-loop=\"2\" data-id=\"721606\">\n\t\n<div class=\"wd-product-wrapper product-wrapper\">\n\t<div class=\"wd-product-thumb product-element-top wd-quick-shop\">\n\t\t<a href=\"https:\/\/www.moensmeubelen.be\/fr\/produit\/46410NAT-fr_BE\/\" class=\"wd-product-img-link product-image-link\" tabindex=\"-1\" aria-label=\"Aramon, armoire 125 cm. &#8211; 2-portes + 2-portes en verre (+ LED)\">\n\t\t\t<img loading=\"lazy\" decoding=\"async\" width=\"400\" height=\"250\" src=\"https:\/\/www.moensmeubelen.be\/wp-content\/uploads\/2026\/06\/db713a1b7d76472c720eaa1f566c0a81f55dbdf2_images_t_ll_m_fbbe1f13146c42f4a8432c1132c4be2e_image-400x250.jpg\" class=\"attachment-400x250 size-400x250\" alt=\"\" title=\"\">\t\t<\/a>\n\n\t\t\t\t\t<div class=\"wd-product-img-hover hover-img\">\n\t\t\t\t<img loading=\"lazy\" decoding=\"async\" width=\"400\" height=\"250\" src=\"https:\/\/www.moensmeubelen.be\/wp-content\/uploads\/2026\/06\/57b1779d98d945227177af37a769f21db51defe2_images_t_ll_m_f0a072a616634ce682b80ac18393c21f_image-400x250.jpg\" class=\"attachment-400x250 size-400x250\" alt=\"\" title=\"\">\t\t\t<\/div>\n\t\t\t\n\t\t<div class=\"wd-buttons wd-pos-r-t\">\n\t\t\t\t\t<div class=\"wd-compare-btn wd-action-btn wd-style-icon wd-compare-icon\">\n\t\t\t<a href=\"https:\/\/www.moensmeubelen.be\/fr\/vergelijk\/?product_id=721605\" class=\"\" data-id=\"721605\" rel=\"nofollow\">\n\t\t\t\t<span class=\"wd-action-icon\">\n\t\t\t\t\t<span class=\"wd-check-icon\"><\/span>\n\t\t\t\t<\/span>\n\t\t\t\t<span class=\"wd-action-text\">Comparer<\/span>\n\t\t\t<\/a>\n\t\t<\/div>\n\t\t\t\t\t\t\t<div class=\"wd-quick-view-btn wd-quick-view-icon wd-action-btn wd-style-icon\">\n\t\t\t<a\n\t\t\t\thref=\"https:\/\/www.moensmeubelen.be\/fr\/produit\/46410NAT-fr_BE\/\"\n\t\t\t\tclass=\"open-quick-view\"\n\t\t\t\trel=\"nofollow\"\n\t\t\t\tdata-id=\"721606\"\n\t\t\t\t>\n\t\t\t\t\t<span class=\"wd-action-icon\"><\/span>\n\t\t\t\t\t<span class=\"wd-action-text\">\n\t\t\t\t\t\tQuick view\t\t\t\t\t<\/span>\n\t\t\t<\/a>\n\t\t<\/div>\n\t\t\t\t\t\t\t<\/div>\n\t<\/div>\n\n\t\t\t<div class=\"wd-product-header\">\n\t\t\t<h3 class=\"wd-entities-title\"><a href=\"https:\/\/www.moensmeubelen.be\/fr\/produit\/46410NAT-fr_BE\/\">Aramon, armoire 125 cm. &#8211; 2-portes + 2-portes en verre (+ LED)<\/a><\/h3>\t\t\t\t\t<\/div>\n\t\t\t\t<div class=\"wrap-price\">\n\t\t\t<div class=\"swap-wrapp\">\n\t\t\t\t<div class=\"swap-elements\">\n\t\t\t\t\t\n\t<span class=\"price\"><span class=\"woocommerce-Price-amount amount\"><bdi><span class=\"woocommerce-Price-currencySymbol\" translate=\"no\">&euro;<\/span>1.299,00<\/bdi><\/span><\/span>\n\t\t\t\t\t<div class=\"wd-add-btn\">\n\t\t\t\t\t\t<a data-gtm4wp_product_data=\"{&quot;internal_id&quot;:721606,&quot;item_id&quot;:&quot;46410NAT&quot;,&quot;item_name&quot;:&quot;Aramon, armoire 125 cm. - 2-portes + 2-portes en verre (+ LED)&quot;,&quot;sku&quot;:&quot;46410NAT&quot;,&quot;price&quot;:1299,&quot;stocklevel&quot;:null,&quot;stockstatus&quot;:&quot;onbackorder&quot;,&quot;google_business_vertical&quot;:&quot;retail&quot;,&quot;item_category&quot;:&quot;vivre&quot;,&quot;item_category2&quot;:&quot;Armoires&quot;,&quot;item_category3&quot;:&quot;Armoires de rangement&quot;,&quot;id&quot;:&quot;46410NAT&quot;}\" href=\"\/fr\/wp-json\/wp\/v2\/pages\/74672?add-to-cart=721606\"  data-quantity=\"1\" class=\"button product_type_simple add_to_cart_button ajax_add_to_cart add-to-cart-loop\" data-product_id=\"721606\" data-product_sku=\"46410NAT\" aria-label=\"Add to cart: &ldquo;Aramon, armoire 125 cm. - 2-portes + 2-portes en verre (+ LED)&rdquo;\" rel=\"nofollow\" data-success_message=\"&ldquo;Aramon, armoire 125 cm. - 2-portes + 2-portes en verre (+ LED)&rdquo; has been added to your cart\"><span class=\"wd-action-icon\"><span class=\"wd-check-icon\"><\/span><\/span><span class=\"wd-action-text\">Panier<\/span><\/a>\t\t\t\t\t<\/div>\n\t\t\t\t<\/div>\n\t\t\t<\/div>\n\t\t\t\t\t<\/div>\n\n\t\t<span class=\"gtm4wp_productdata\" style=\"display:none; visibility:hidden;\" data-gtm4wp_product_data=\"{&quot;internal_id&quot;:721606,&quot;item_id&quot;:&quot;46410NAT&quot;,&quot;item_name&quot;:&quot;Aramon, armoire 125 cm. - 2-portes + 2-portes en verre (+ LED)&quot;,&quot;sku&quot;:&quot;46410NAT&quot;,&quot;price&quot;:1299,&quot;stocklevel&quot;:null,&quot;stockstatus&quot;:&quot;onbackorder&quot;,&quot;google_business_vertical&quot;:&quot;retail&quot;,&quot;item_category&quot;:&quot;vivre&quot;,&quot;item_category2&quot;:&quot;Armoires&quot;,&quot;item_category3&quot;:&quot;Armoires de rangement&quot;,&quot;id&quot;:&quot;46410NAT&quot;,&quot;productlink&quot;:&quot;https:\\\/\\\/www.moensmeubelen.be\\\/fr\\\/produit\\\/46410NAT-fr_BE\\\/&quot;,&quot;item_list_name&quot;:&quot;General Product List&quot;,&quot;index&quot;:3,&quot;product_type&quot;:&quot;simple&quot;,&quot;item_list_id&quot;:&quot;general-product-list&quot;,&quot;item_brand&quot;:&quot;&quot;}\"><\/span>\t\t\t<input type=\"hidden\" class=\"pmwProductId\" data-id=\"721606\">\n\t\t\t\t\t<script class=\"_iub_cs_skip\">\n\t\t\t(window.pmwDataLayer = window.pmwDataLayer || {}).products                = window.pmwDataLayer.products || {};\n\t\t\twindow.pmwDataLayer.products[721606] = {\"id\":\"721606\",\"sku\":\"46410NAT\",\"price\":1299,\"brand\":\"\",\"quantity\":1,\"dyn_r_ids\":{\"post_id\":\"721606\",\"sku\":\"46410NAT\",\"gpf\":\"woocommerce_gpf_721606\",\"gla\":\"gla_721606\"},\"is_variable\":false,\"type\":\"simple\",\"name\":\"Aramon, armoire 125 cm. - 2-portes + 2-portes en verre (+ LED)\",\"category\":[\"Armoires de rangement\"],\"is_variation\":false};\n\t\t\t\t\twindow.pmw_product_position = window.pmw_product_position || 1;\n\t\twindow.pmwDataLayer.products[721606]['position'] = window.pmw_product_position++;\n\t\t\t\t<\/script>\n\t\t<div class=\"conditionele-tekst levertermijn-placeholder levertermijn-placeholder--plp\" data-aamss-sku=\"46410NAT\" data-aamss-product-id=\"721606\" data-aamss-context=\"plp\" data-aamss-state=\"loading\" aria-busy=\"true\">En stock - livraison sous 3 semaines<\/div>\n\t\t\n\t\t\t<\/div>\n<\/div>\n<div class=\"wd-product wd-col wd-hover-alt product-grid-item product type-product post-721616 status-publish last onbackorder product_cat-bergkasten_fr_BE has-post-thumbnail taxable shipping-taxable purchasable product-type-simple\" data-loop=\"3\" data-id=\"721616\">\n\t\n<div class=\"wd-product-wrapper product-wrapper\">\n\t<div class=\"wd-product-thumb product-element-top wd-quick-shop\">\n\t\t<a href=\"https:\/\/www.moensmeubelen.be\/fr\/produit\/46411NAT-fr_BE\/\" class=\"wd-product-img-link product-image-link\" tabindex=\"-1\" aria-label=\"Aramon, bibliotheque 100 cm. &#8211; 5-niches\">\n\t\t\t<img loading=\"lazy\" decoding=\"async\" width=\"400\" height=\"250\" src=\"https:\/\/www.moensmeubelen.be\/wp-content\/uploads\/2026\/06\/baee5fb33c1366327d54a10da9a2b38fb036a5e3_images_t_ll_m_58e4aeb0eaef4485888bbfc3a77a7583_image-400x250.jpg\" class=\"attachment-400x250 size-400x250\" alt=\"\" title=\"\">\t\t<\/a>\n\n\t\t\t\t\t<div class=\"wd-product-img-hover hover-img\">\n\t\t\t\t<img loading=\"lazy\" decoding=\"async\" width=\"400\" height=\"250\" src=\"https:\/\/www.moensmeubelen.be\/wp-content\/uploads\/2026\/06\/7d8e0a533cce51fd0c228201fd30df5048b4fe6c_images_t_ll_m_1e9b38c3dfb14b1aa5a9baedca1ab6c9_ambiance-400x250.jpg\" class=\"attachment-400x250 size-400x250\" alt=\"\" title=\"\">\t\t\t<\/div>\n\t\t\t\n\t\t<div class=\"wd-buttons wd-pos-r-t\">\n\t\t\t\t\t<div class=\"wd-compare-btn wd-action-btn wd-style-icon wd-compare-icon\">\n\t\t\t<a href=\"https:\/\/www.moensmeubelen.be\/fr\/vergelijk\/?product_id=721615\" class=\"\" data-id=\"721615\" rel=\"nofollow\">\n\t\t\t\t<span class=\"wd-action-icon\">\n\t\t\t\t\t<span class=\"wd-check-icon\"><\/span>\n\t\t\t\t<\/span>\n\t\t\t\t<span class=\"wd-action-text\">Comparer<\/span>\n\t\t\t<\/a>\n\t\t<\/div>\n\t\t\t\t\t\t\t<div class=\"wd-quick-view-btn wd-quick-view-icon wd-action-btn wd-style-icon\">\n\t\t\t<a\n\t\t\t\thref=\"https:\/\/www.moensmeubelen.be\/fr\/produit\/46411NAT-fr_BE\/\"\n\t\t\t\tclass=\"open-quick-view\"\n\t\t\t\trel=\"nofollow\"\n\t\t\t\tdata-id=\"721616\"\n\t\t\t\t>\n\t\t\t\t\t<span class=\"wd-action-icon\"><\/span>\n\t\t\t\t\t<span class=\"wd-action-text\">\n\t\t\t\t\t\tQuick view\t\t\t\t\t<\/span>\n\t\t\t<\/a>\n\t\t<\/div>\n\t\t\t\t\t\t\t<\/div>\n\t<\/div>\n\n\t\t\t<div class=\"wd-product-header\">\n\t\t\t<h3 class=\"wd-entities-title\"><a href=\"https:\/\/www.moensmeubelen.be\/fr\/produit\/46411NAT-fr_BE\/\">Aramon, bibliotheque 100 cm. &#8211; 5-niches<\/a><\/h3>\t\t\t\t\t<\/div>\n\t\t\t\t<div class=\"wrap-price\">\n\t\t\t<div class=\"swap-wrapp\">\n\t\t\t\t<div class=\"swap-elements\">\n\t\t\t\t\t\n\t<span class=\"price\"><span class=\"woocommerce-Price-amount amount\"><bdi><span class=\"woocommerce-Price-currencySymbol\" translate=\"no\">&euro;<\/span>899,00<\/bdi><\/span><\/span>\n\t\t\t\t\t<div class=\"wd-add-btn\">\n\t\t\t\t\t\t<a data-gtm4wp_product_data=\"{&quot;internal_id&quot;:721616,&quot;item_id&quot;:&quot;46411NAT&quot;,&quot;item_name&quot;:&quot;Aramon, bibliotheque 100 cm. - 5-niches&quot;,&quot;sku&quot;:&quot;46411NAT&quot;,&quot;price&quot;:899,&quot;stocklevel&quot;:null,&quot;stockstatus&quot;:&quot;onbackorder&quot;,&quot;google_business_vertical&quot;:&quot;retail&quot;,&quot;item_category&quot;:&quot;vivre&quot;,&quot;item_category2&quot;:&quot;Armoires&quot;,&quot;item_category3&quot;:&quot;Armoires de rangement&quot;,&quot;id&quot;:&quot;46411NAT&quot;}\" href=\"\/fr\/wp-json\/wp\/v2\/pages\/74672?add-to-cart=721616\"  data-quantity=\"1\" class=\"button product_type_simple add_to_cart_button ajax_add_to_cart add-to-cart-loop\" data-product_id=\"721616\" data-product_sku=\"46411NAT\" aria-label=\"Add to cart: &ldquo;Aramon, bibliotheque 100 cm. - 5-niches&rdquo;\" rel=\"nofollow\" data-success_message=\"&ldquo;Aramon, bibliotheque 100 cm. - 5-niches&rdquo; has been added to your cart\"><span class=\"wd-action-icon\"><span class=\"wd-check-icon\"><\/span><\/span><span class=\"wd-action-text\">Panier<\/span><\/a>\t\t\t\t\t<\/div>\n\t\t\t\t<\/div>\n\t\t\t<\/div>\n\t\t\t\t\t<\/div>\n\n\t\t<span class=\"gtm4wp_productdata\" style=\"display:none; visibility:hidden;\" data-gtm4wp_product_data=\"{&quot;internal_id&quot;:721616,&quot;item_id&quot;:&quot;46411NAT&quot;,&quot;item_name&quot;:&quot;Aramon, bibliotheque 100 cm. - 5-niches&quot;,&quot;sku&quot;:&quot;46411NAT&quot;,&quot;price&quot;:899,&quot;stocklevel&quot;:null,&quot;stockstatus&quot;:&quot;onbackorder&quot;,&quot;google_business_vertical&quot;:&quot;retail&quot;,&quot;item_category&quot;:&quot;vivre&quot;,&quot;item_category2&quot;:&quot;Armoires&quot;,&quot;item_category3&quot;:&quot;Armoires de rangement&quot;,&quot;id&quot;:&quot;46411NAT&quot;,&quot;productlink&quot;:&quot;https:\\\/\\\/www.moensmeubelen.be\\\/fr\\\/produit\\\/46411NAT-fr_BE\\\/&quot;,&quot;item_list_name&quot;:&quot;General Product List&quot;,&quot;index&quot;:4,&quot;product_type&quot;:&quot;simple&quot;,&quot;item_list_id&quot;:&quot;general-product-list&quot;,&quot;item_brand&quot;:&quot;&quot;}\"><\/span>\t\t\t<input type=\"hidden\" class=\"pmwProductId\" data-id=\"721616\">\n\t\t\t\t\t<script class=\"_iub_cs_skip\">\n\t\t\t(window.pmwDataLayer = window.pmwDataLayer || {}).products                = window.pmwDataLayer.products || {};\n\t\t\twindow.pmwDataLayer.products[721616] = {\"id\":\"721616\",\"sku\":\"46411NAT\",\"price\":899,\"brand\":\"\",\"quantity\":1,\"dyn_r_ids\":{\"post_id\":\"721616\",\"sku\":\"46411NAT\",\"gpf\":\"woocommerce_gpf_721616\",\"gla\":\"gla_721616\"},\"is_variable\":false,\"type\":\"simple\",\"name\":\"Aramon, bibliotheque 100 cm. - 5-niches\",\"category\":[\"Armoires de rangement\"],\"is_variation\":false};\n\t\t\t\t\twindow.pmw_product_position = window.pmw_product_position || 1;\n\t\twindow.pmwDataLayer.products[721616]['position'] = window.pmw_product_position++;\n\t\t\t\t<\/script>\n\t\t<div class=\"conditionele-tekst levertermijn-placeholder levertermijn-placeholder--plp\" data-aamss-sku=\"46411NAT\" data-aamss-product-id=\"721616\" data-aamss-context=\"plp\" data-aamss-state=\"loading\" aria-busy=\"true\">Stock limit\u00e9 - livraison sous 3 semaines<\/div>\n\t\t\n\t\t\t<\/div>\n<\/div>\n<div class=\"wd-product wd-col wd-hover-alt product-grid-item product type-product post-721582 status-publish first onbackorder product_cat-dressoirs_fr_BE has-post-thumbnail taxable shipping-taxable purchasable product-type-simple\" data-loop=\"4\" data-id=\"721582\">\n\t\n<div class=\"wd-product-wrapper product-wrapper\">\n\t<div class=\"wd-product-thumb product-element-top wd-quick-shop\">\n\t\t<a href=\"https:\/\/www.moensmeubelen.be\/fr\/produit\/46407NAT-fr_BE\/\" class=\"wd-product-img-link product-image-link\" tabindex=\"-1\" aria-label=\"Aramon, buffet 210 cm. &#8211; 2-portes + 2-portes en verre + 3-niches (+ LED)\">\n\t\t\t<img loading=\"lazy\" decoding=\"async\" width=\"400\" height=\"250\" src=\"https:\/\/www.moensmeubelen.be\/wp-content\/uploads\/2026\/06\/a4b0537d50802cd8cbd000291758cc9b68d5d0a4_images_t_ll_m_858a911460c4415eb26462e9ea8d5431_image-400x250.jpg\" class=\"attachment-400x250 size-400x250\" alt=\"\" title=\"\">\t\t<\/a>\n\n\t\t\n\t\t<div class=\"wd-buttons wd-pos-r-t\">\n\t\t\t\t\t<div class=\"wd-compare-btn wd-action-btn wd-style-icon wd-compare-icon\">\n\t\t\t<a href=\"https:\/\/www.moensmeubelen.be\/fr\/vergelijk\/?product_id=721581\" class=\"\" data-id=\"721581\" rel=\"nofollow\">\n\t\t\t\t<span class=\"wd-action-icon\">\n\t\t\t\t\t<span class=\"wd-check-icon\"><\/span>\n\t\t\t\t<\/span>\n\t\t\t\t<span class=\"wd-action-text\">Comparer<\/span>\n\t\t\t<\/a>\n\t\t<\/div>\n\t\t\t\t\t\t\t<div class=\"wd-quick-view-btn wd-quick-view-icon wd-action-btn wd-style-icon\">\n\t\t\t<a\n\t\t\t\thref=\"https:\/\/www.moensmeubelen.be\/fr\/produit\/46407NAT-fr_BE\/\"\n\t\t\t\tclass=\"open-quick-view\"\n\t\t\t\trel=\"nofollow\"\n\t\t\t\tdata-id=\"721582\"\n\t\t\t\t>\n\t\t\t\t\t<span class=\"wd-action-icon\"><\/span>\n\t\t\t\t\t<span class=\"wd-action-text\">\n\t\t\t\t\t\tQuick view\t\t\t\t\t<\/span>\n\t\t\t<\/a>\n\t\t<\/div>\n\t\t\t\t\t\t\t<\/div>\n\t<\/div>\n\n\t\t\t<div class=\"wd-product-header\">\n\t\t\t<h3 class=\"wd-entities-title\"><a href=\"https:\/\/www.moensmeubelen.be\/fr\/produit\/46407NAT-fr_BE\/\">Aramon, buffet 210 cm. &#8211; 2-portes + 2-portes en verre + 3-niches (+ LED)<\/a><\/h3>\t\t\t\t\t<\/div>\n\t\t\t\t<div class=\"wrap-price\">\n\t\t\t<div class=\"swap-wrapp\">\n\t\t\t\t<div class=\"swap-elements\">\n\t\t\t\t\t\n\t<span class=\"price\"><span class=\"woocommerce-Price-amount amount\"><bdi><span class=\"woocommerce-Price-currencySymbol\" translate=\"no\">&euro;<\/span>1.199,00<\/bdi><\/span><\/span>\n\t\t\t\t\t<div class=\"wd-add-btn\">\n\t\t\t\t\t\t<a data-gtm4wp_product_data=\"{&quot;internal_id&quot;:721582,&quot;item_id&quot;:&quot;46407NAT&quot;,&quot;item_name&quot;:&quot;Aramon, buffet 210 cm. - 2-portes + 2-portes en verre + 3-niches (+ LED)&quot;,&quot;sku&quot;:&quot;46407NAT&quot;,&quot;price&quot;:1199,&quot;stocklevel&quot;:null,&quot;stockstatus&quot;:&quot;onbackorder&quot;,&quot;google_business_vertical&quot;:&quot;retail&quot;,&quot;item_category&quot;:&quot;vivre&quot;,&quot;item_category2&quot;:&quot;Armoires&quot;,&quot;item_category3&quot;:&quot;Buffets bas&quot;,&quot;id&quot;:&quot;46407NAT&quot;}\" href=\"\/fr\/wp-json\/wp\/v2\/pages\/74672?add-to-cart=721582\"  data-quantity=\"1\" class=\"button product_type_simple add_to_cart_button ajax_add_to_cart add-to-cart-loop\" data-product_id=\"721582\" data-product_sku=\"46407NAT\" aria-label=\"Add to cart: &ldquo;Aramon, buffet 210 cm. - 2-portes + 2-portes en verre + 3-niches (+ LED)&rdquo;\" rel=\"nofollow\" data-success_message=\"&ldquo;Aramon, buffet 210 cm. - 2-portes + 2-portes en verre + 3-niches (+ LED)&rdquo; has been added to your cart\"><span class=\"wd-action-icon\"><span class=\"wd-check-icon\"><\/span><\/span><span class=\"wd-action-text\">Panier<\/span><\/a>\t\t\t\t\t<\/div>\n\t\t\t\t<\/div>\n\t\t\t<\/div>\n\t\t\t\t\t<\/div>\n\n\t\t<span class=\"gtm4wp_productdata\" style=\"display:none; visibility:hidden;\" data-gtm4wp_product_data=\"{&quot;internal_id&quot;:721582,&quot;item_id&quot;:&quot;46407NAT&quot;,&quot;item_name&quot;:&quot;Aramon, buffet 210 cm. - 2-portes + 2-portes en verre + 3-niches (+ LED)&quot;,&quot;sku&quot;:&quot;46407NAT&quot;,&quot;price&quot;:1199,&quot;stocklevel&quot;:null,&quot;stockstatus&quot;:&quot;onbackorder&quot;,&quot;google_business_vertical&quot;:&quot;retail&quot;,&quot;item_category&quot;:&quot;vivre&quot;,&quot;item_category2&quot;:&quot;Armoires&quot;,&quot;item_category3&quot;:&quot;Buffets bas&quot;,&quot;id&quot;:&quot;46407NAT&quot;,&quot;productlink&quot;:&quot;https:\\\/\\\/www.moensmeubelen.be\\\/fr\\\/produit\\\/46407NAT-fr_BE\\\/&quot;,&quot;item_list_name&quot;:&quot;General Product List&quot;,&quot;index&quot;:5,&quot;product_type&quot;:&quot;simple&quot;,&quot;item_list_id&quot;:&quot;general-product-list&quot;,&quot;item_brand&quot;:&quot;&quot;}\"><\/span>\t\t\t<input type=\"hidden\" class=\"pmwProductId\" data-id=\"721582\">\n\t\t\t\t\t<script class=\"_iub_cs_skip\">\n\t\t\t(window.pmwDataLayer = window.pmwDataLayer || {}).products                = window.pmwDataLayer.products || {};\n\t\t\twindow.pmwDataLayer.products[721582] = {\"id\":\"721582\",\"sku\":\"46407NAT\",\"price\":1199,\"brand\":\"\",\"quantity\":1,\"dyn_r_ids\":{\"post_id\":\"721582\",\"sku\":\"46407NAT\",\"gpf\":\"woocommerce_gpf_721582\",\"gla\":\"gla_721582\"},\"is_variable\":false,\"type\":\"simple\",\"name\":\"Aramon, buffet 210 cm. - 2-portes + 2-portes en verre + 3-niches (+ LED)\",\"category\":[\"Buffets bas\"],\"is_variation\":false};\n\t\t\t\t\twindow.pmw_product_position = window.pmw_product_position || 1;\n\t\twindow.pmwDataLayer.products[721582]['position'] = window.pmw_product_position++;\n\t\t\t\t<\/script>\n\t\t<div class=\"conditionele-tekst levertermijn-placeholder levertermijn-placeholder--plp\" data-aamss-sku=\"46407NAT\" data-aamss-product-id=\"721582\" data-aamss-context=\"plp\" data-aamss-state=\"loading\" aria-busy=\"true\">En stock - livraison sous 3 semaines<\/div>\n\t\t\n\t\t\t<\/div>\n<\/div>\n<div class=\"wd-product wd-col wd-hover-alt product-grid-item product type-product post-721574 status-publish onbackorder product_cat-dressoirs_fr_BE has-post-thumbnail taxable shipping-taxable purchasable product-type-simple\" data-loop=\"5\" data-id=\"721574\">\n\t\n<div class=\"wd-product-wrapper product-wrapper\">\n\t<div class=\"wd-product-thumb product-element-top wd-quick-shop\">\n\t\t<a href=\"https:\/\/www.moensmeubelen.be\/fr\/produit\/46406NAT-fr_BE\/\" class=\"wd-product-img-link product-image-link\" tabindex=\"-1\" aria-label=\"Aramon, buffet 240 cm. &#8211; 2-portes + 2-portes en verre + 3-niches (+ LED)\">\n\t\t\t<img loading=\"lazy\" decoding=\"async\" width=\"400\" height=\"250\" src=\"https:\/\/www.moensmeubelen.be\/wp-content\/uploads\/2026\/06\/281bc30e749e1ea1719d98739a9799f1bee5fb31_images_t_ll_m_418560dac2f3442bbf409135c59c91d9_image-400x250.jpg\" class=\"attachment-400x250 size-400x250\" alt=\"\" title=\"\">\t\t<\/a>\n\n\t\t\t\t\t<div class=\"wd-product-img-hover hover-img\">\n\t\t\t\t<img loading=\"lazy\" decoding=\"async\" width=\"400\" height=\"250\" src=\"https:\/\/www.moensmeubelen.be\/wp-content\/uploads\/2026\/06\/69dbc75bb6cccaf48b0c49b3c9f5d6343c71a44a_images_t_ll_m_10fa8ba05b594df58fb11af2502eb1bd_image-400x250.jpg\" class=\"attachment-400x250 size-400x250\" alt=\"\" title=\"\">\t\t\t<\/div>\n\t\t\t\n\t\t<div class=\"wd-buttons wd-pos-r-t\">\n\t\t\t\t\t<div class=\"wd-compare-btn wd-action-btn wd-style-icon wd-compare-icon\">\n\t\t\t<a href=\"https:\/\/www.moensmeubelen.be\/fr\/vergelijk\/?product_id=721573\" class=\"\" data-id=\"721573\" rel=\"nofollow\">\n\t\t\t\t<span class=\"wd-action-icon\">\n\t\t\t\t\t<span class=\"wd-check-icon\"><\/span>\n\t\t\t\t<\/span>\n\t\t\t\t<span class=\"wd-action-text\">Comparer<\/span>\n\t\t\t<\/a>\n\t\t<\/div>\n\t\t\t\t\t\t\t<div class=\"wd-quick-view-btn wd-quick-view-icon wd-action-btn wd-style-icon\">\n\t\t\t<a\n\t\t\t\thref=\"https:\/\/www.moensmeubelen.be\/fr\/produit\/46406NAT-fr_BE\/\"\n\t\t\t\tclass=\"open-quick-view\"\n\t\t\t\trel=\"nofollow\"\n\t\t\t\tdata-id=\"721574\"\n\t\t\t\t>\n\t\t\t\t\t<span class=\"wd-action-icon\"><\/span>\n\t\t\t\t\t<span class=\"wd-action-text\">\n\t\t\t\t\t\tQuick view\t\t\t\t\t<\/span>\n\t\t\t<\/a>\n\t\t<\/div>\n\t\t\t\t\t\t\t<\/div>\n\t<\/div>\n\n\t\t\t<div class=\"wd-product-header\">\n\t\t\t<h3 class=\"wd-entities-title\"><a href=\"https:\/\/www.moensmeubelen.be\/fr\/produit\/46406NAT-fr_BE\/\">Aramon, buffet 240 cm. &#8211; 2-portes + 2-portes en verre + 3-niches (+ LED)<\/a><\/h3>\t\t\t\t\t<\/div>\n\t\t\t\t<div class=\"wrap-price\">\n\t\t\t<div class=\"swap-wrapp\">\n\t\t\t\t<div class=\"swap-elements\">\n\t\t\t\t\t\n\t<span class=\"price\"><span class=\"woocommerce-Price-amount amount\"><bdi><span class=\"woocommerce-Price-currencySymbol\" translate=\"no\">&euro;<\/span>1.299,00<\/bdi><\/span><\/span>\n\t\t\t\t\t<div class=\"wd-add-btn\">\n\t\t\t\t\t\t<a data-gtm4wp_product_data=\"{&quot;internal_id&quot;:721574,&quot;item_id&quot;:&quot;46406NAT&quot;,&quot;item_name&quot;:&quot;Aramon, buffet 240 cm. - 2-portes + 2-portes en verre + 3-niches (+ LED)&quot;,&quot;sku&quot;:&quot;46406NAT&quot;,&quot;price&quot;:1299,&quot;stocklevel&quot;:null,&quot;stockstatus&quot;:&quot;onbackorder&quot;,&quot;google_business_vertical&quot;:&quot;retail&quot;,&quot;item_category&quot;:&quot;vivre&quot;,&quot;item_category2&quot;:&quot;Armoires&quot;,&quot;item_category3&quot;:&quot;Buffets bas&quot;,&quot;id&quot;:&quot;46406NAT&quot;}\" href=\"\/fr\/wp-json\/wp\/v2\/pages\/74672?add-to-cart=721574\"  data-quantity=\"1\" class=\"button product_type_simple add_to_cart_button ajax_add_to_cart add-to-cart-loop\" data-product_id=\"721574\" data-product_sku=\"46406NAT\" aria-label=\"Add to cart: &ldquo;Aramon, buffet 240 cm. - 2-portes + 2-portes en verre + 3-niches (+ LED)&rdquo;\" rel=\"nofollow\" data-success_message=\"&ldquo;Aramon, buffet 240 cm. - 2-portes + 2-portes en verre + 3-niches (+ LED)&rdquo; has been added to your cart\"><span class=\"wd-action-icon\"><span class=\"wd-check-icon\"><\/span><\/span><span class=\"wd-action-text\">Panier<\/span><\/a>\t\t\t\t\t<\/div>\n\t\t\t\t<\/div>\n\t\t\t<\/div>\n\t\t\t\t\t<\/div>\n\n\t\t<span class=\"gtm4wp_productdata\" style=\"display:none; visibility:hidden;\" data-gtm4wp_product_data=\"{&quot;internal_id&quot;:721574,&quot;item_id&quot;:&quot;46406NAT&quot;,&quot;item_name&quot;:&quot;Aramon, buffet 240 cm. - 2-portes + 2-portes en verre + 3-niches (+ LED)&quot;,&quot;sku&quot;:&quot;46406NAT&quot;,&quot;price&quot;:1299,&quot;stocklevel&quot;:null,&quot;stockstatus&quot;:&quot;onbackorder&quot;,&quot;google_business_vertical&quot;:&quot;retail&quot;,&quot;item_category&quot;:&quot;vivre&quot;,&quot;item_category2&quot;:&quot;Armoires&quot;,&quot;item_category3&quot;:&quot;Buffets bas&quot;,&quot;id&quot;:&quot;46406NAT&quot;,&quot;productlink&quot;:&quot;https:\\\/\\\/www.moensmeubelen.be\\\/fr\\\/produit\\\/46406NAT-fr_BE\\\/&quot;,&quot;item_list_name&quot;:&quot;General Product List&quot;,&quot;index&quot;:6,&quot;product_type&quot;:&quot;simple&quot;,&quot;item_list_id&quot;:&quot;general-product-list&quot;,&quot;item_brand&quot;:&quot;&quot;}\"><\/span>\t\t\t<input type=\"hidden\" class=\"pmwProductId\" data-id=\"721574\">\n\t\t\t\t\t<script class=\"_iub_cs_skip\">\n\t\t\t(window.pmwDataLayer = window.pmwDataLayer || {}).products                = window.pmwDataLayer.products || {};\n\t\t\twindow.pmwDataLayer.products[721574] = {\"id\":\"721574\",\"sku\":\"46406NAT\",\"price\":1299,\"brand\":\"\",\"quantity\":1,\"dyn_r_ids\":{\"post_id\":\"721574\",\"sku\":\"46406NAT\",\"gpf\":\"woocommerce_gpf_721574\",\"gla\":\"gla_721574\"},\"is_variable\":false,\"type\":\"simple\",\"name\":\"Aramon, buffet 240 cm. - 2-portes + 2-portes en verre + 3-niches (+ LED)\",\"category\":[\"Buffets bas\"],\"is_variation\":false};\n\t\t\t\t\twindow.pmw_product_position = window.pmw_product_position || 1;\n\t\twindow.pmwDataLayer.products[721574]['position'] = window.pmw_product_position++;\n\t\t\t\t<\/script>\n\t\t<div class=\"conditionele-tekst levertermijn-placeholder levertermijn-placeholder--plp\" data-aamss-sku=\"46406NAT\" data-aamss-product-id=\"721574\" data-aamss-context=\"plp\" data-aamss-state=\"loading\" aria-busy=\"true\">En stock - livraison sous 3 semaines<\/div>\n\t\t\n\t\t\t<\/div>\n<\/div>\n<div class=\"wd-product wd-col wd-hover-alt product-grid-item product type-product post-721586 status-publish onbackorder product_cat-tv_meubels_fr_BE has-post-thumbnail taxable shipping-taxable purchasable product-type-simple\" data-loop=\"6\" data-id=\"721586\">\n\t\n<div class=\"wd-product-wrapper product-wrapper\">\n\t<div class=\"wd-product-thumb product-element-top wd-quick-shop\">\n\t\t<a href=\"https:\/\/www.moensmeubelen.be\/fr\/produit\/46408NAT-fr_BE\/\" class=\"wd-product-img-link product-image-link\" tabindex=\"-1\" aria-label=\"Aramon, buffet bas 170 cm. &#8211; 2-portes + 1-tiroir + 1-niche (+ LED)\">\n\t\t\t<img loading=\"lazy\" decoding=\"async\" width=\"400\" height=\"250\" src=\"https:\/\/www.moensmeubelen.be\/wp-content\/uploads\/2026\/06\/97a1f54d08da8964302073d80276841474e2fcba_images_t_ll_m_7033cb45441e4e8b9e9d7506956d6c6c_image-400x250.jpg\" class=\"attachment-400x250 size-400x250\" alt=\"\" title=\"\">\t\t<\/a>\n\n\t\t\t\t\t<div class=\"wd-product-img-hover hover-img\">\n\t\t\t\t<img loading=\"lazy\" decoding=\"async\" width=\"400\" height=\"250\" src=\"https:\/\/www.moensmeubelen.be\/wp-content\/uploads\/2026\/06\/9b047bdf2526e9c7879898c064df7237f9a1f90d_images_t_ll_m_915509970b4b4db38978b7f00face70b_image-400x250.jpg\" class=\"attachment-400x250 size-400x250\" alt=\"\" title=\"\">\t\t\t<\/div>\n\t\t\t\n\t\t<div class=\"wd-buttons wd-pos-r-t\">\n\t\t\t\t\t<div class=\"wd-compare-btn wd-action-btn wd-style-icon wd-compare-icon\">\n\t\t\t<a href=\"https:\/\/www.moensmeubelen.be\/fr\/vergelijk\/?product_id=721585\" class=\"\" data-id=\"721585\" rel=\"nofollow\">\n\t\t\t\t<span class=\"wd-action-icon\">\n\t\t\t\t\t<span class=\"wd-check-icon\"><\/span>\n\t\t\t\t<\/span>\n\t\t\t\t<span class=\"wd-action-text\">Comparer<\/span>\n\t\t\t<\/a>\n\t\t<\/div>\n\t\t\t\t\t\t\t<div class=\"wd-quick-view-btn wd-quick-view-icon wd-action-btn wd-style-icon\">\n\t\t\t<a\n\t\t\t\thref=\"https:\/\/www.moensmeubelen.be\/fr\/produit\/46408NAT-fr_BE\/\"\n\t\t\t\tclass=\"open-quick-view\"\n\t\t\t\trel=\"nofollow\"\n\t\t\t\tdata-id=\"721586\"\n\t\t\t\t>\n\t\t\t\t\t<span class=\"wd-action-icon\"><\/span>\n\t\t\t\t\t<span class=\"wd-action-text\">\n\t\t\t\t\t\tQuick view\t\t\t\t\t<\/span>\n\t\t\t<\/a>\n\t\t<\/div>\n\t\t\t\t\t\t\t<\/div>\n\t<\/div>\n\n\t\t\t<div class=\"wd-product-header\">\n\t\t\t<h3 class=\"wd-entities-title\"><a href=\"https:\/\/www.moensmeubelen.be\/fr\/produit\/46408NAT-fr_BE\/\">Aramon, buffet bas 170 cm. &#8211; 2-portes + 1-tiroir + 1-niche (+ LED)<\/a><\/h3>\t\t\t\t\t<\/div>\n\t\t\t\t<div class=\"wrap-price\">\n\t\t\t<div class=\"swap-wrapp\">\n\t\t\t\t<div class=\"swap-elements\">\n\t\t\t\t\t\n\t<span class=\"price\"><span class=\"woocommerce-Price-amount amount\"><bdi><span class=\"woocommerce-Price-currencySymbol\" translate=\"no\">&euro;<\/span>799,00<\/bdi><\/span><\/span>\n\t\t\t\t\t<div class=\"wd-add-btn\">\n\t\t\t\t\t\t<a data-gtm4wp_product_data=\"{&quot;internal_id&quot;:721586,&quot;item_id&quot;:&quot;46408NAT&quot;,&quot;item_name&quot;:&quot;Aramon, buffet bas 170 cm. - 2-portes + 1-tiroir + 1-niche (+ LED)&quot;,&quot;sku&quot;:&quot;46408NAT&quot;,&quot;price&quot;:799,&quot;stocklevel&quot;:null,&quot;stockstatus&quot;:&quot;onbackorder&quot;,&quot;google_business_vertical&quot;:&quot;retail&quot;,&quot;item_category&quot;:&quot;vivre&quot;,&quot;item_category2&quot;:&quot;Armoires&quot;,&quot;item_category3&quot;:&quot;Meubles TV&quot;,&quot;id&quot;:&quot;46408NAT&quot;}\" href=\"\/fr\/wp-json\/wp\/v2\/pages\/74672?add-to-cart=721586\"  data-quantity=\"1\" class=\"button product_type_simple add_to_cart_button ajax_add_to_cart add-to-cart-loop\" data-product_id=\"721586\" data-product_sku=\"46408NAT\" aria-label=\"Add to cart: &ldquo;Aramon, buffet bas 170 cm. - 2-portes + 1-tiroir + 1-niche (+ LED)&rdquo;\" rel=\"nofollow\" data-success_message=\"&ldquo;Aramon, buffet bas 170 cm. - 2-portes + 1-tiroir + 1-niche (+ LED)&rdquo; has been added to your cart\"><span class=\"wd-action-icon\"><span class=\"wd-check-icon\"><\/span><\/span><span class=\"wd-action-text\">Panier<\/span><\/a>\t\t\t\t\t<\/div>\n\t\t\t\t<\/div>\n\t\t\t<\/div>\n\t\t\t\t\t<\/div>\n\n\t\t<span class=\"gtm4wp_productdata\" style=\"display:none; visibility:hidden;\" data-gtm4wp_product_data=\"{&quot;internal_id&quot;:721586,&quot;item_id&quot;:&quot;46408NAT&quot;,&quot;item_name&quot;:&quot;Aramon, buffet bas 170 cm. - 2-portes + 1-tiroir + 1-niche (+ LED)&quot;,&quot;sku&quot;:&quot;46408NAT&quot;,&quot;price&quot;:799,&quot;stocklevel&quot;:null,&quot;stockstatus&quot;:&quot;onbackorder&quot;,&quot;google_business_vertical&quot;:&quot;retail&quot;,&quot;item_category&quot;:&quot;vivre&quot;,&quot;item_category2&quot;:&quot;Armoires&quot;,&quot;item_category3&quot;:&quot;Meubles TV&quot;,&quot;id&quot;:&quot;46408NAT&quot;,&quot;productlink&quot;:&quot;https:\\\/\\\/www.moensmeubelen.be\\\/fr\\\/produit\\\/46408NAT-fr_BE\\\/&quot;,&quot;item_list_name&quot;:&quot;General Product List&quot;,&quot;index&quot;:7,&quot;product_type&quot;:&quot;simple&quot;,&quot;item_list_id&quot;:&quot;general-product-list&quot;,&quot;item_brand&quot;:&quot;&quot;}\"><\/span>\t\t\t<input type=\"hidden\" class=\"pmwProductId\" data-id=\"721586\">\n\t\t\t\t\t<script class=\"_iub_cs_skip\">\n\t\t\t(window.pmwDataLayer = window.pmwDataLayer || {}).products                = window.pmwDataLayer.products || {};\n\t\t\twindow.pmwDataLayer.products[721586] = {\"id\":\"721586\",\"sku\":\"46408NAT\",\"price\":799,\"brand\":\"\",\"quantity\":1,\"dyn_r_ids\":{\"post_id\":\"721586\",\"sku\":\"46408NAT\",\"gpf\":\"woocommerce_gpf_721586\",\"gla\":\"gla_721586\"},\"is_variable\":false,\"type\":\"simple\",\"name\":\"Aramon, buffet bas 170 cm. - 2-portes + 1-tiroir + 1-niche (+ LED)\",\"category\":[\"Meubles TV\"],\"is_variation\":false};\n\t\t\t\t\twindow.pmw_product_position = window.pmw_product_position || 1;\n\t\twindow.pmwDataLayer.products[721586]['position'] = window.pmw_product_position++;\n\t\t\t\t<\/script>\n\t\t<div class=\"conditionele-tekst levertermijn-placeholder levertermijn-placeholder--plp\" data-aamss-sku=\"46408NAT\" data-aamss-product-id=\"721586\" data-aamss-context=\"plp\" data-aamss-state=\"loading\" aria-busy=\"true\">Stock limit\u00e9 - livraison sous 3 semaines<\/div>\n\t\t\n\t\t\t<\/div>\n<\/div>\n<div class=\"wd-product wd-col wd-hover-alt product-grid-item product type-product post-721596 status-publish last onbackorder product_cat-tv_meubels_fr_BE has-post-thumbnail taxable shipping-taxable purchasable product-type-simple\" data-loop=\"7\" data-id=\"721596\">\n\t\n<div class=\"wd-product-wrapper product-wrapper\">\n\t<div class=\"wd-product-thumb product-element-top wd-quick-shop\">\n\t\t<a href=\"https:\/\/www.moensmeubelen.be\/fr\/produit\/46409NAT-fr_BE\/\" class=\"wd-product-img-link product-image-link\" tabindex=\"-1\" aria-label=\"Aramon, buffet bas 210 cm. &#8211; 2-portes + 1-tiroir + 1-niche (+ LED)\">\n\t\t\t<img loading=\"lazy\" decoding=\"async\" width=\"400\" height=\"250\" src=\"https:\/\/www.moensmeubelen.be\/wp-content\/uploads\/2026\/06\/c51e5f87b8a5d7d7298d9038a81b9a5e15012f4d_images_t_ll_m_72826b3b40bd49429290d2fbad5bd0b1_image-400x250.jpg\" class=\"attachment-400x250 size-400x250\" alt=\"\" title=\"\">\t\t<\/a>\n\n\t\t\t\t\t<div class=\"wd-product-img-hover hover-img\">\n\t\t\t\t<img loading=\"lazy\" decoding=\"async\" width=\"400\" height=\"250\" src=\"https:\/\/www.moensmeubelen.be\/wp-content\/uploads\/2026\/06\/81d82ff711978723a702e5f6914303891a982411_images_t_ll_m_019cef616bee479c8ee178f3fecbe38f_ambiance-400x250.jpg\" class=\"attachment-400x250 size-400x250\" alt=\"\" title=\"\">\t\t\t<\/div>\n\t\t\t\n\t\t<div class=\"wd-buttons wd-pos-r-t\">\n\t\t\t\t\t<div class=\"wd-compare-btn wd-action-btn wd-style-icon wd-compare-icon\">\n\t\t\t<a href=\"https:\/\/www.moensmeubelen.be\/fr\/vergelijk\/?product_id=721595\" class=\"\" data-id=\"721595\" rel=\"nofollow\">\n\t\t\t\t<span class=\"wd-action-icon\">\n\t\t\t\t\t<span class=\"wd-check-icon\"><\/span>\n\t\t\t\t<\/span>\n\t\t\t\t<span class=\"wd-action-text\">Comparer<\/span>\n\t\t\t<\/a>\n\t\t<\/div>\n\t\t\t\t\t\t\t<div class=\"wd-quick-view-btn wd-quick-view-icon wd-action-btn wd-style-icon\">\n\t\t\t<a\n\t\t\t\thref=\"https:\/\/www.moensmeubelen.be\/fr\/produit\/46409NAT-fr_BE\/\"\n\t\t\t\tclass=\"open-quick-view\"\n\t\t\t\trel=\"nofollow\"\n\t\t\t\tdata-id=\"721596\"\n\t\t\t\t>\n\t\t\t\t\t<span class=\"wd-action-icon\"><\/span>\n\t\t\t\t\t<span class=\"wd-action-text\">\n\t\t\t\t\t\tQuick view\t\t\t\t\t<\/span>\n\t\t\t<\/a>\n\t\t<\/div>\n\t\t\t\t\t\t\t<\/div>\n\t<\/div>\n\n\t\t\t<div class=\"wd-product-header\">\n\t\t\t<h3 class=\"wd-entities-title\"><a href=\"https:\/\/www.moensmeubelen.be\/fr\/produit\/46409NAT-fr_BE\/\">Aramon, buffet bas 210 cm. &#8211; 2-portes + 1-tiroir + 1-niche (+ LED)<\/a><\/h3>\t\t\t\t\t<\/div>\n\t\t\t\t<div class=\"wrap-price\">\n\t\t\t<div class=\"swap-wrapp\">\n\t\t\t\t<div class=\"swap-elements\">\n\t\t\t\t\t\n\t<span class=\"price\"><span class=\"woocommerce-Price-amount amount\"><bdi><span class=\"woocommerce-Price-currencySymbol\" translate=\"no\">&euro;<\/span>899,00<\/bdi><\/span><\/span>\n\t\t\t\t\t<div class=\"wd-add-btn\">\n\t\t\t\t\t\t<a data-gtm4wp_product_data=\"{&quot;internal_id&quot;:721596,&quot;item_id&quot;:&quot;46409NAT&quot;,&quot;item_name&quot;:&quot;Aramon, buffet bas 210 cm. - 2-portes + 1-tiroir + 1-niche (+ LED)&quot;,&quot;sku&quot;:&quot;46409NAT&quot;,&quot;price&quot;:899,&quot;stocklevel&quot;:null,&quot;stockstatus&quot;:&quot;onbackorder&quot;,&quot;google_business_vertical&quot;:&quot;retail&quot;,&quot;item_category&quot;:&quot;vivre&quot;,&quot;item_category2&quot;:&quot;Armoires&quot;,&quot;item_category3&quot;:&quot;Meubles TV&quot;,&quot;id&quot;:&quot;46409NAT&quot;}\" href=\"\/fr\/wp-json\/wp\/v2\/pages\/74672?add-to-cart=721596\"  data-quantity=\"1\" class=\"button product_type_simple add_to_cart_button ajax_add_to_cart add-to-cart-loop\" data-product_id=\"721596\" data-product_sku=\"46409NAT\" aria-label=\"Add to cart: &ldquo;Aramon, buffet bas 210 cm. - 2-portes + 1-tiroir + 1-niche (+ LED)&rdquo;\" rel=\"nofollow\" data-success_message=\"&ldquo;Aramon, buffet bas 210 cm. - 2-portes + 1-tiroir + 1-niche (+ LED)&rdquo; has been added to your cart\"><span class=\"wd-action-icon\"><span class=\"wd-check-icon\"><\/span><\/span><span class=\"wd-action-text\">Panier<\/span><\/a>\t\t\t\t\t<\/div>\n\t\t\t\t<\/div>\n\t\t\t<\/div>\n\t\t\t\t\t<\/div>\n\n\t\t<span class=\"gtm4wp_productdata\" style=\"display:none; visibility:hidden;\" data-gtm4wp_product_data=\"{&quot;internal_id&quot;:721596,&quot;item_id&quot;:&quot;46409NAT&quot;,&quot;item_name&quot;:&quot;Aramon, buffet bas 210 cm. - 2-portes + 1-tiroir + 1-niche (+ LED)&quot;,&quot;sku&quot;:&quot;46409NAT&quot;,&quot;price&quot;:899,&quot;stocklevel&quot;:null,&quot;stockstatus&quot;:&quot;onbackorder&quot;,&quot;google_business_vertical&quot;:&quot;retail&quot;,&quot;item_category&quot;:&quot;vivre&quot;,&quot;item_category2&quot;:&quot;Armoires&quot;,&quot;item_category3&quot;:&quot;Meubles TV&quot;,&quot;id&quot;:&quot;46409NAT&quot;,&quot;productlink&quot;:&quot;https:\\\/\\\/www.moensmeubelen.be\\\/fr\\\/produit\\\/46409NAT-fr_BE\\\/&quot;,&quot;item_list_name&quot;:&quot;General Product List&quot;,&quot;index&quot;:8,&quot;product_type&quot;:&quot;simple&quot;,&quot;item_list_id&quot;:&quot;general-product-list&quot;,&quot;item_brand&quot;:&quot;&quot;}\"><\/span>\t\t\t<input type=\"hidden\" class=\"pmwProductId\" data-id=\"721596\">\n\t\t\t\t\t<script class=\"_iub_cs_skip\">\n\t\t\t(window.pmwDataLayer = window.pmwDataLayer || {}).products                = window.pmwDataLayer.products || {};\n\t\t\twindow.pmwDataLayer.products[721596] = {\"id\":\"721596\",\"sku\":\"46409NAT\",\"price\":899,\"brand\":\"\",\"quantity\":1,\"dyn_r_ids\":{\"post_id\":\"721596\",\"sku\":\"46409NAT\",\"gpf\":\"woocommerce_gpf_721596\",\"gla\":\"gla_721596\"},\"is_variable\":false,\"type\":\"simple\",\"name\":\"Aramon, buffet bas 210 cm. - 2-portes + 1-tiroir + 1-niche (+ LED)\",\"category\":[\"Meubles TV\"],\"is_variation\":false};\n\t\t\t\t\twindow.pmw_product_position = window.pmw_product_position || 1;\n\t\twindow.pmwDataLayer.products[721596]['position'] = window.pmw_product_position++;\n\t\t\t\t<\/script>\n\t\t<div class=\"conditionele-tekst levertermijn-placeholder levertermijn-placeholder--plp\" data-aamss-sku=\"46409NAT\" data-aamss-product-id=\"721596\" data-aamss-context=\"plp\" data-aamss-state=\"loading\" aria-busy=\"true\">En stock - livraison sous 3 semaines<\/div>\n\t\t\n\t\t\t<\/div>\n<\/div>\n<div class=\"wd-product wd-col wd-hover-alt product-grid-item product type-product post-804424 status-publish first onbackorder product_cat-buffetkasten_fr_BE has-post-thumbnail taxable shipping-taxable purchasable product-type-simple\" data-loop=\"8\" data-id=\"804424\">\n\t\n<div class=\"wd-product-wrapper product-wrapper\">\n\t<div class=\"wd-product-thumb product-element-top wd-quick-shop\">\n\t\t<a href=\"https:\/\/www.moensmeubelen.be\/fr\/produit\/DNLF-6554897-fr_BE\/\" class=\"wd-product-img-link product-image-link\" tabindex=\"-1\" aria-label=\"Armoire Berg\u00e8re Michel Denolf Cubico\">\n\t\t\t<img loading=\"lazy\" decoding=\"async\" width=\"400\" height=\"250\" src=\"https:\/\/www.moensmeubelen.be\/wp-content\/uploads\/2024\/11\/8534c8e40be1c323341a2d86186891f557d5339e_frontly_image_upload_v1730665146_2024_11_03_21_18_40_CUB13_2D_HR_04.jpg_rj3apc-400x250.png\" class=\"attachment-400x250 size-400x250\" alt=\"Michel Denolf Cubico bergkast in licht eiken met geopende deur, naast een eettafel\" title=\"\">\t\t<\/a>\n\n\t\t\t\t\t<div class=\"wd-product-img-hover hover-img\">\n\t\t\t\t<img loading=\"lazy\" decoding=\"async\" width=\"400\" height=\"250\" src=\"https:\/\/www.moensmeubelen.be\/wp-content\/uploads\/2024\/11\/32a3545e31d3bf9f2f00afedd94816b298389e93_frontly_image_upload_v1730665172_2024_11_03_21_19_18_CUB13_2D_HR_1.jpg_k0ti2k-400x250.png\" class=\"attachment-400x250 size-400x250\" alt=\"Michel Denolf Cubico bergkast in zwart eiken, detail van de open nis met boeken en vaas\" title=\"\">\t\t\t<\/div>\n\t\t\t\n\t\t<div class=\"wd-buttons wd-pos-r-t\">\n\t\t\t\t\t<div class=\"wd-compare-btn wd-action-btn wd-style-icon wd-compare-icon\">\n\t\t\t<a href=\"https:\/\/www.moensmeubelen.be\/fr\/vergelijk\/?product_id=804423\" class=\"\" data-id=\"804423\" rel=\"nofollow\">\n\t\t\t\t<span class=\"wd-action-icon\">\n\t\t\t\t\t<span class=\"wd-check-icon\"><\/span>\n\t\t\t\t<\/span>\n\t\t\t\t<span class=\"wd-action-text\">Comparer<\/span>\n\t\t\t<\/a>\n\t\t<\/div>\n\t\t\t\t\t\t\t<div class=\"wd-quick-view-btn wd-quick-view-icon wd-action-btn wd-style-icon\">\n\t\t\t<a\n\t\t\t\thref=\"https:\/\/www.moensmeubelen.be\/fr\/produit\/DNLF-6554897-fr_BE\/\"\n\t\t\t\tclass=\"open-quick-view\"\n\t\t\t\trel=\"nofollow\"\n\t\t\t\tdata-id=\"804424\"\n\t\t\t\t>\n\t\t\t\t\t<span class=\"wd-action-icon\"><\/span>\n\t\t\t\t\t<span class=\"wd-action-text\">\n\t\t\t\t\t\tQuick view\t\t\t\t\t<\/span>\n\t\t\t<\/a>\n\t\t<\/div>\n\t\t\t\t\t\t\t<\/div>\n\t<\/div>\n\n\t\t\t<div class=\"wd-product-header\">\n\t\t\t<h3 class=\"wd-entities-title\"><a href=\"https:\/\/www.moensmeubelen.be\/fr\/produit\/DNLF-6554897-fr_BE\/\">Armoire Berg\u00e8re Michel Denolf Cubico<\/a><\/h3>\t\t\t\t\t<\/div>\n\t\t\t\t<div class=\"wrap-price\">\n\t\t\t<div class=\"swap-wrapp\">\n\t\t\t\t<div class=\"swap-elements\">\n\t\t\t\t\t\n\t<span class=\"price\"><span class=\"woocommerce-Price-amount amount\"><bdi><span class=\"woocommerce-Price-currencySymbol\" translate=\"no\">&euro;<\/span>4.102,00<\/bdi><\/span><\/span>\n\t\t\t\t\t<div class=\"wd-add-btn\">\n\t\t\t\t\t\t<a data-gtm4wp_product_data=\"{&quot;internal_id&quot;:804424,&quot;item_id&quot;:&quot;DNLF-6554897&quot;,&quot;item_name&quot;:&quot;Armoire Berg\\u00e8re Michel Denolf Cubico&quot;,&quot;sku&quot;:&quot;DNLF-6554897&quot;,&quot;price&quot;:4102,&quot;stocklevel&quot;:null,&quot;stockstatus&quot;:&quot;onbackorder&quot;,&quot;google_business_vertical&quot;:&quot;retail&quot;,&quot;item_category&quot;:&quot;vivre&quot;,&quot;item_category2&quot;:&quot;Armoires&quot;,&quot;item_category3&quot;:&quot;Buffets hauts&quot;,&quot;id&quot;:&quot;DNLF-6554897&quot;}\" href=\"\/fr\/wp-json\/wp\/v2\/pages\/74672?add-to-cart=804424\"  data-quantity=\"1\" class=\"button product_type_simple add_to_cart_button ajax_add_to_cart add-to-cart-loop\" data-product_id=\"804424\" data-product_sku=\"DNLF-6554897\" aria-label=\"Add to cart: &ldquo;Armoire Berg\u00e8re Michel Denolf Cubico&rdquo;\" rel=\"nofollow\" data-success_message=\"&ldquo;Armoire Berg\u00e8re Michel Denolf Cubico&rdquo; has been added to your cart\"><span class=\"wd-action-icon\"><span class=\"wd-check-icon\"><\/span><\/span><span class=\"wd-action-text\">Panier<\/span><\/a>\t\t\t\t\t<\/div>\n\t\t\t\t<\/div>\n\t\t\t<\/div>\n\t\t\t\t\t<\/div>\n\n\t\t<span class=\"gtm4wp_productdata\" style=\"display:none; visibility:hidden;\" data-gtm4wp_product_data=\"{&quot;internal_id&quot;:804424,&quot;item_id&quot;:&quot;DNLF-6554897&quot;,&quot;item_name&quot;:&quot;Armoire Berg\\u00e8re Michel Denolf Cubico&quot;,&quot;sku&quot;:&quot;DNLF-6554897&quot;,&quot;price&quot;:4102,&quot;stocklevel&quot;:null,&quot;stockstatus&quot;:&quot;onbackorder&quot;,&quot;google_business_vertical&quot;:&quot;retail&quot;,&quot;item_category&quot;:&quot;vivre&quot;,&quot;item_category2&quot;:&quot;Armoires&quot;,&quot;item_category3&quot;:&quot;Buffets hauts&quot;,&quot;id&quot;:&quot;DNLF-6554897&quot;,&quot;productlink&quot;:&quot;https:\\\/\\\/www.moensmeubelen.be\\\/fr\\\/produit\\\/DNLF-6554897-fr_BE\\\/&quot;,&quot;item_list_name&quot;:&quot;General Product List&quot;,&quot;index&quot;:9,&quot;product_type&quot;:&quot;simple&quot;,&quot;item_list_id&quot;:&quot;general-product-list&quot;,&quot;item_brand&quot;:&quot;&quot;}\"><\/span>\t\t\t<input type=\"hidden\" class=\"pmwProductId\" data-id=\"804424\">\n\t\t\t\t\t<script class=\"_iub_cs_skip\">\n\t\t\t(window.pmwDataLayer = window.pmwDataLayer || {}).products                = window.pmwDataLayer.products || {};\n\t\t\twindow.pmwDataLayer.products[804424] = {\"id\":\"804424\",\"sku\":\"DNLF-6554897\",\"price\":4102,\"brand\":\"\",\"quantity\":1,\"dyn_r_ids\":{\"post_id\":\"804424\",\"sku\":\"DNLF-6554897\",\"gpf\":\"woocommerce_gpf_804424\",\"gla\":\"gla_804424\"},\"is_variable\":false,\"type\":\"simple\",\"name\":\"Armoire Berg\u00e8re Michel Denolf Cubico\",\"category\":[\"Buffets hauts\"],\"is_variation\":false};\n\t\t\t\t\twindow.pmw_product_position = window.pmw_product_position || 1;\n\t\twindow.pmwDataLayer.products[804424]['position'] = window.pmw_product_position++;\n\t\t\t\t<\/script>\n\t\t<div class=\"conditionele-tekst levertermijn-placeholder levertermijn-placeholder--plp\" data-aamss-sku=\"DNLF-6554897\" data-aamss-product-id=\"804424\" data-aamss-context=\"plp\" data-aamss-state=\"loading\" aria-busy=\"true\">D\u00e9lai de livraison 8-10 semaines<\/div>\n\t\t\n\t\t\t<\/div>\n<\/div>\n<div class=\"wd-product wd-col wd-hover-alt product-grid-item product type-product post-805226 status-publish onbackorder product_cat-buffetkasten_fr_BE has-post-thumbnail taxable shipping-taxable purchasable product-type-simple\" data-loop=\"9\" data-id=\"805226\">\n\t\n<div class=\"wd-product-wrapper product-wrapper\">\n\t<div class=\"wd-product-thumb product-element-top wd-quick-shop\">\n\t\t<a href=\"https:\/\/www.moensmeubelen.be\/fr\/produit\/wood35-fr_BE\/\" class=\"wd-product-img-link product-image-link\" tabindex=\"-1\" aria-label=\"Armoire Michel Denolf Wood35\">\n\t\t\t<img loading=\"lazy\" decoding=\"async\" width=\"400\" height=\"250\" src=\"https:\/\/www.moensmeubelen.be\/wp-content\/uploads\/2024\/11\/7ca5aed1df303f6e257143afd53d0fac8a68e07b_frontly_image_upload_v1730664310_2024_11_03_21_04_50_0012_Michel_Denolf_01___005_Lineo_.tif_uce-400x250.png\" class=\"attachment-400x250 size-400x250\" alt=\"Michel Denolf Wood35 kast in licht eiken met glazen bovendeuren, in een eetkamer met eettafel en stoelen\" title=\"\">\t\t<\/a>\n\n\t\t\n\t\t<div class=\"wd-buttons wd-pos-r-t\">\n\t\t\t\t\t<div class=\"wd-compare-btn wd-action-btn wd-style-icon wd-compare-icon\">\n\t\t\t<a href=\"https:\/\/www.moensmeubelen.be\/fr\/vergelijk\/?product_id=805225\" class=\"\" data-id=\"805225\" rel=\"nofollow\">\n\t\t\t\t<span class=\"wd-action-icon\">\n\t\t\t\t\t<span class=\"wd-check-icon\"><\/span>\n\t\t\t\t<\/span>\n\t\t\t\t<span class=\"wd-action-text\">Comparer<\/span>\n\t\t\t<\/a>\n\t\t<\/div>\n\t\t\t\t\t\t\t<div class=\"wd-quick-view-btn wd-quick-view-icon wd-action-btn wd-style-icon\">\n\t\t\t<a\n\t\t\t\thref=\"https:\/\/www.moensmeubelen.be\/fr\/produit\/wood35-fr_BE\/\"\n\t\t\t\tclass=\"open-quick-view\"\n\t\t\t\trel=\"nofollow\"\n\t\t\t\tdata-id=\"805226\"\n\t\t\t\t>\n\t\t\t\t\t<span class=\"wd-action-icon\"><\/span>\n\t\t\t\t\t<span class=\"wd-action-text\">\n\t\t\t\t\t\tQuick view\t\t\t\t\t<\/span>\n\t\t\t<\/a>\n\t\t<\/div>\n\t\t\t\t\t\t\t<\/div>\n\t<\/div>\n\n\t\t\t<div class=\"wd-product-header\">\n\t\t\t<h3 class=\"wd-entities-title\"><a href=\"https:\/\/www.moensmeubelen.be\/fr\/produit\/wood35-fr_BE\/\">Armoire Michel Denolf Wood35<\/a><\/h3>\t\t\t\t\t<\/div>\n\t\t\t\t<div class=\"wrap-price\">\n\t\t\t<div class=\"swap-wrapp\">\n\t\t\t\t<div class=\"swap-elements\">\n\t\t\t\t\t\n\t<span class=\"price\"><span class=\"woocommerce-Price-amount amount\"><bdi><span class=\"woocommerce-Price-currencySymbol\" translate=\"no\">&euro;<\/span>5.302,00<\/bdi><\/span><\/span>\n\t\t\t\t\t<div class=\"wd-add-btn\">\n\t\t\t\t\t\t<a data-gtm4wp_product_data=\"{&quot;internal_id&quot;:805226,&quot;item_id&quot;:&quot;wood35&quot;,&quot;item_name&quot;:&quot;Armoire Michel Denolf Wood35&quot;,&quot;sku&quot;:&quot;wood35&quot;,&quot;price&quot;:5302,&quot;stocklevel&quot;:null,&quot;stockstatus&quot;:&quot;onbackorder&quot;,&quot;google_business_vertical&quot;:&quot;retail&quot;,&quot;item_category&quot;:&quot;vivre&quot;,&quot;item_category2&quot;:&quot;Armoires&quot;,&quot;item_category3&quot;:&quot;Buffets hauts&quot;,&quot;id&quot;:&quot;wood35&quot;}\" href=\"\/fr\/wp-json\/wp\/v2\/pages\/74672?add-to-cart=805226\"  data-quantity=\"1\" class=\"button product_type_simple add_to_cart_button ajax_add_to_cart add-to-cart-loop\" data-product_id=\"805226\" data-product_sku=\"wood35\" aria-label=\"Add to cart: &ldquo;Armoire Michel Denolf Wood35&rdquo;\" rel=\"nofollow\" data-success_message=\"&ldquo;Armoire Michel Denolf Wood35&rdquo; has been added to your cart\"><span class=\"wd-action-icon\"><span class=\"wd-check-icon\"><\/span><\/span><span class=\"wd-action-text\">Panier<\/span><\/a>\t\t\t\t\t<\/div>\n\t\t\t\t<\/div>\n\t\t\t<\/div>\n\t\t\t\t\t<\/div>\n\n\t\t<span class=\"gtm4wp_productdata\" style=\"display:none; visibility:hidden;\" data-gtm4wp_product_data=\"{&quot;internal_id&quot;:805226,&quot;item_id&quot;:&quot;wood35&quot;,&quot;item_name&quot;:&quot;Armoire Michel Denolf Wood35&quot;,&quot;sku&quot;:&quot;wood35&quot;,&quot;price&quot;:5302,&quot;stocklevel&quot;:null,&quot;stockstatus&quot;:&quot;onbackorder&quot;,&quot;google_business_vertical&quot;:&quot;retail&quot;,&quot;item_category&quot;:&quot;vivre&quot;,&quot;item_category2&quot;:&quot;Armoires&quot;,&quot;item_category3&quot;:&quot;Buffets hauts&quot;,&quot;id&quot;:&quot;wood35&quot;,&quot;productlink&quot;:&quot;https:\\\/\\\/www.moensmeubelen.be\\\/fr\\\/produit\\\/wood35-fr_BE\\\/&quot;,&quot;item_list_name&quot;:&quot;General Product List&quot;,&quot;index&quot;:10,&quot;product_type&quot;:&quot;simple&quot;,&quot;item_list_id&quot;:&quot;general-product-list&quot;,&quot;item_brand&quot;:&quot;&quot;}\"><\/span>\t\t\t<input type=\"hidden\" class=\"pmwProductId\" data-id=\"805226\">\n\t\t\t\t\t<script class=\"_iub_cs_skip\">\n\t\t\t(window.pmwDataLayer = window.pmwDataLayer || {}).products                = window.pmwDataLayer.products || {};\n\t\t\twindow.pmwDataLayer.products[805226] = {\"id\":\"805226\",\"sku\":\"wood35\",\"price\":5302,\"brand\":\"\",\"quantity\":1,\"dyn_r_ids\":{\"post_id\":\"805226\",\"sku\":\"wood35\",\"gpf\":\"woocommerce_gpf_805226\",\"gla\":\"gla_805226\"},\"is_variable\":false,\"type\":\"simple\",\"name\":\"Armoire Michel Denolf Wood35\",\"category\":[\"Buffets hauts\"],\"is_variation\":false};\n\t\t\t\t\twindow.pmw_product_position = window.pmw_product_position || 1;\n\t\twindow.pmwDataLayer.products[805226]['position'] = window.pmw_product_position++;\n\t\t\t\t<\/script>\n\t\t<div class=\"conditionele-tekst levertermijn-placeholder levertermijn-placeholder--plp\" data-aamss-sku=\"wood35\" data-aamss-product-id=\"805226\" data-aamss-context=\"plp\" data-aamss-state=\"loading\" aria-busy=\"true\">D\u00e9lai de livraison 8-10 semaines<\/div>\n\t\t\n\t\t\t<\/div>\n<\/div>\n<div class=\"wd-product wd-col wd-hover-alt product-grid-item product type-product post-804430 status-publish onbackorder product_cat-vitrinekasten_fr_BE has-post-thumbnail taxable shipping-taxable purchasable product-type-simple\" data-loop=\"10\" data-id=\"804430\">\n\t\n<div class=\"wd-product-wrapper product-wrapper\">\n\t<div class=\"wd-product-thumb product-element-top wd-quick-shop\">\n\t\t<a href=\"https:\/\/www.moensmeubelen.be\/fr\/produit\/DNLF-779854-fr_BE\/\" class=\"wd-product-img-link product-image-link\" tabindex=\"-1\" aria-label=\"Armoire Murale Michel Denolf Wood\">\n\t\t\t<img loading=\"lazy\" decoding=\"async\" width=\"400\" height=\"250\" src=\"https:\/\/www.moensmeubelen.be\/wp-content\/uploads\/2024\/11\/c36f344e54ff4c57a6c5e37efef42e21c05434e9_frontly_image_upload_v1730668388_2024_11_03_22_12_55_WOOD10_4D2DG_03.jpg_ugalvc-400x250.png\" class=\"attachment-400x250 size-400x250\" alt=\"\" title=\"\">\t\t<\/a>\n\n\t\t\n\t\t<div class=\"wd-buttons wd-pos-r-t\">\n\t\t\t\t\t<div class=\"wd-compare-btn wd-action-btn wd-style-icon wd-compare-icon\">\n\t\t\t<a href=\"https:\/\/www.moensmeubelen.be\/fr\/vergelijk\/?product_id=804429\" class=\"\" data-id=\"804429\" rel=\"nofollow\">\n\t\t\t\t<span class=\"wd-action-icon\">\n\t\t\t\t\t<span class=\"wd-check-icon\"><\/span>\n\t\t\t\t<\/span>\n\t\t\t\t<span class=\"wd-action-text\">Comparer<\/span>\n\t\t\t<\/a>\n\t\t<\/div>\n\t\t\t\t\t\t\t<div class=\"wd-quick-view-btn wd-quick-view-icon wd-action-btn wd-style-icon\">\n\t\t\t<a\n\t\t\t\thref=\"https:\/\/www.moensmeubelen.be\/fr\/produit\/DNLF-779854-fr_BE\/\"\n\t\t\t\tclass=\"open-quick-view\"\n\t\t\t\trel=\"nofollow\"\n\t\t\t\tdata-id=\"804430\"\n\t\t\t\t>\n\t\t\t\t\t<span class=\"wd-action-icon\"><\/span>\n\t\t\t\t\t<span class=\"wd-action-text\">\n\t\t\t\t\t\tQuick view\t\t\t\t\t<\/span>\n\t\t\t<\/a>\n\t\t<\/div>\n\t\t\t\t\t\t\t<\/div>\n\t<\/div>\n\n\t\t\t<div class=\"wd-product-header\">\n\t\t\t<h3 class=\"wd-entities-title\"><a href=\"https:\/\/www.moensmeubelen.be\/fr\/produit\/DNLF-779854-fr_BE\/\">Armoire Murale Michel Denolf Wood<\/a><\/h3>\t\t\t\t\t<\/div>\n\t\t\t\t<div class=\"wrap-price\">\n\t\t\t<div class=\"swap-wrapp\">\n\t\t\t\t<div class=\"swap-elements\">\n\t\t\t\t\t\n\t<span class=\"price\"><span class=\"woocommerce-Price-amount amount\"><bdi><span class=\"woocommerce-Price-currencySymbol\" translate=\"no\">&euro;<\/span>10.410,00<\/bdi><\/span><\/span>\n\t\t\t\t\t<div class=\"wd-add-btn\">\n\t\t\t\t\t\t<a data-gtm4wp_product_data=\"{&quot;internal_id&quot;:804430,&quot;item_id&quot;:&quot;DNLF-779854&quot;,&quot;item_name&quot;:&quot;Armoire Murale Michel Denolf Wood&quot;,&quot;sku&quot;:&quot;DNLF-779854&quot;,&quot;price&quot;:10410,&quot;stocklevel&quot;:null,&quot;stockstatus&quot;:&quot;onbackorder&quot;,&quot;google_business_vertical&quot;:&quot;retail&quot;,&quot;item_category&quot;:&quot;vivre&quot;,&quot;item_category2&quot;:&quot;Armoires&quot;,&quot;item_category3&quot;:&quot;Vitrines&quot;,&quot;id&quot;:&quot;DNLF-779854&quot;}\" href=\"\/fr\/wp-json\/wp\/v2\/pages\/74672?add-to-cart=804430\"  data-quantity=\"1\" class=\"button product_type_simple add_to_cart_button ajax_add_to_cart add-to-cart-loop\" data-product_id=\"804430\" data-product_sku=\"DNLF-779854\" aria-label=\"Add to cart: &ldquo;Armoire Murale Michel Denolf Wood&rdquo;\" rel=\"nofollow\" data-success_message=\"&ldquo;Armoire Murale Michel Denolf Wood&rdquo; has been added to your cart\"><span class=\"wd-action-icon\"><span class=\"wd-check-icon\"><\/span><\/span><span class=\"wd-action-text\">Panier<\/span><\/a>\t\t\t\t\t<\/div>\n\t\t\t\t<\/div>\n\t\t\t<\/div>\n\t\t\t\t\t<\/div>\n\n\t\t<span class=\"gtm4wp_productdata\" style=\"display:none; visibility:hidden;\" data-gtm4wp_product_data=\"{&quot;internal_id&quot;:804430,&quot;item_id&quot;:&quot;DNLF-779854&quot;,&quot;item_name&quot;:&quot;Armoire Murale Michel Denolf Wood&quot;,&quot;sku&quot;:&quot;DNLF-779854&quot;,&quot;price&quot;:10410,&quot;stocklevel&quot;:null,&quot;stockstatus&quot;:&quot;onbackorder&quot;,&quot;google_business_vertical&quot;:&quot;retail&quot;,&quot;item_category&quot;:&quot;vivre&quot;,&quot;item_category2&quot;:&quot;Armoires&quot;,&quot;item_category3&quot;:&quot;Vitrines&quot;,&quot;id&quot;:&quot;DNLF-779854&quot;,&quot;productlink&quot;:&quot;https:\\\/\\\/www.moensmeubelen.be\\\/fr\\\/produit\\\/DNLF-779854-fr_BE\\\/&quot;,&quot;item_list_name&quot;:&quot;General Product List&quot;,&quot;index&quot;:11,&quot;product_type&quot;:&quot;simple&quot;,&quot;item_list_id&quot;:&quot;general-product-list&quot;,&quot;item_brand&quot;:&quot;&quot;}\"><\/span>\t\t\t<input type=\"hidden\" class=\"pmwProductId\" data-id=\"804430\">\n\t\t\t\t\t<script class=\"_iub_cs_skip\">\n\t\t\t(window.pmwDataLayer = window.pmwDataLayer || {}).products                = window.pmwDataLayer.products || {};\n\t\t\twindow.pmwDataLayer.products[804430] = {\"id\":\"804430\",\"sku\":\"DNLF-779854\",\"price\":10410,\"brand\":\"\",\"quantity\":1,\"dyn_r_ids\":{\"post_id\":\"804430\",\"sku\":\"DNLF-779854\",\"gpf\":\"woocommerce_gpf_804430\",\"gla\":\"gla_804430\"},\"is_variable\":false,\"type\":\"simple\",\"name\":\"Armoire Murale Michel Denolf Wood\",\"category\":[\"Vitrines\"],\"is_variation\":false};\n\t\t\t\t\twindow.pmw_product_position = window.pmw_product_position || 1;\n\t\twindow.pmwDataLayer.products[804430]['position'] = window.pmw_product_position++;\n\t\t\t\t<\/script>\n\t\t<div class=\"conditionele-tekst levertermijn-placeholder levertermijn-placeholder--plp\" data-aamss-sku=\"DNLF-779854\" data-aamss-product-id=\"804430\" data-aamss-context=\"plp\" data-aamss-state=\"loading\" aria-busy=\"true\">D\u00e9lai de livraison 8-10 semaines<\/div>\n\t\t\n\t\t\t<\/div>\n<\/div>\n<div class=\"wd-product wd-col wd-hover-alt product-grid-item product type-product post-804412 status-publish last onbackorder product_cat-dressoirs_fr_BE has-post-thumbnail taxable shipping-taxable purchasable product-type-simple\" data-loop=\"11\" data-id=\"804412\">\n\t\n<div class=\"wd-product-wrapper product-wrapper\">\n\t<div class=\"wd-product-thumb product-element-top wd-quick-shop\">\n\t\t<a href=\"https:\/\/www.moensmeubelen.be\/fr\/produit\/DNLF-54982221-fr_BE\/\" class=\"wd-product-img-link product-image-link\" tabindex=\"-1\" aria-label=\"Armoire Murale Michel Denolf Wood avec 4 Portes (258 x 47 x 90 cm)\">\n\t\t\t<img loading=\"lazy\" decoding=\"async\" width=\"400\" height=\"250\" src=\"https:\/\/www.moensmeubelen.be\/wp-content\/uploads\/2024\/11\/6a5c21e460e8d182b3e277f58fbe5219a4e0a029_frontly_image_upload_v1730668582_2024_11_03_22_16_07_wood32.jpg_zemc6q-400x250.png\" class=\"attachment-400x250 size-400x250\" alt=\"\" title=\"\">\t\t<\/a>\n\n\t\t\n\t\t<div class=\"wd-buttons wd-pos-r-t\">\n\t\t\t\t\t<div class=\"wd-compare-btn wd-action-btn wd-style-icon wd-compare-icon\">\n\t\t\t<a href=\"https:\/\/www.moensmeubelen.be\/fr\/vergelijk\/?product_id=804411\" class=\"\" data-id=\"804411\" rel=\"nofollow\">\n\t\t\t\t<span class=\"wd-action-icon\">\n\t\t\t\t\t<span class=\"wd-check-icon\"><\/span>\n\t\t\t\t<\/span>\n\t\t\t\t<span class=\"wd-action-text\">Comparer<\/span>\n\t\t\t<\/a>\n\t\t<\/div>\n\t\t\t\t\t\t\t<div class=\"wd-quick-view-btn wd-quick-view-icon wd-action-btn wd-style-icon\">\n\t\t\t<a\n\t\t\t\thref=\"https:\/\/www.moensmeubelen.be\/fr\/produit\/DNLF-54982221-fr_BE\/\"\n\t\t\t\tclass=\"open-quick-view\"\n\t\t\t\trel=\"nofollow\"\n\t\t\t\tdata-id=\"804412\"\n\t\t\t\t>\n\t\t\t\t\t<span class=\"wd-action-icon\"><\/span>\n\t\t\t\t\t<span class=\"wd-action-text\">\n\t\t\t\t\t\tQuick view\t\t\t\t\t<\/span>\n\t\t\t<\/a>\n\t\t<\/div>\n\t\t\t\t\t\t\t<\/div>\n\t<\/div>\n\n\t\t\t<div class=\"wd-product-header\">\n\t\t\t<h3 class=\"wd-entities-title\"><a href=\"https:\/\/www.moensmeubelen.be\/fr\/produit\/DNLF-54982221-fr_BE\/\">Armoire Murale Michel Denolf Wood avec 4 Portes (258 x 47 x 90 cm)<\/a><\/h3>\t\t\t\t\t<\/div>\n\t\t\t\t<div class=\"wrap-price\">\n\t\t\t<div class=\"swap-wrapp\">\n\t\t\t\t<div class=\"swap-elements\">\n\t\t\t\t\t\n\t<span class=\"price\"><span class=\"woocommerce-Price-amount amount\"><bdi><span class=\"woocommerce-Price-currencySymbol\" translate=\"no\">&euro;<\/span>4.594,00<\/bdi><\/span><\/span>\n\t\t\t\t\t<div class=\"wd-add-btn\">\n\t\t\t\t\t\t<a data-gtm4wp_product_data=\"{&quot;internal_id&quot;:804412,&quot;item_id&quot;:&quot;DNLF-54982221&quot;,&quot;item_name&quot;:&quot;Armoire Murale Michel Denolf Wood avec 4 Portes (258 x 47 x 90 cm)&quot;,&quot;sku&quot;:&quot;DNLF-54982221&quot;,&quot;price&quot;:4594,&quot;stocklevel&quot;:null,&quot;stockstatus&quot;:&quot;onbackorder&quot;,&quot;google_business_vertical&quot;:&quot;retail&quot;,&quot;item_category&quot;:&quot;vivre&quot;,&quot;item_category2&quot;:&quot;Armoires&quot;,&quot;item_category3&quot;:&quot;Buffets bas&quot;,&quot;id&quot;:&quot;DNLF-54982221&quot;}\" href=\"\/fr\/wp-json\/wp\/v2\/pages\/74672?add-to-cart=804412\"  data-quantity=\"1\" class=\"button product_type_simple add_to_cart_button ajax_add_to_cart add-to-cart-loop\" data-product_id=\"804412\" data-product_sku=\"DNLF-54982221\" aria-label=\"Add to cart: &ldquo;Armoire Murale Michel Denolf Wood avec 4 Portes (258 x 47 x 90 cm)&rdquo;\" rel=\"nofollow\" data-success_message=\"&ldquo;Armoire Murale Michel Denolf Wood avec 4 Portes (258 x 47 x 90 cm)&rdquo; has been added to your cart\"><span class=\"wd-action-icon\"><span class=\"wd-check-icon\"><\/span><\/span><span class=\"wd-action-text\">Panier<\/span><\/a>\t\t\t\t\t<\/div>\n\t\t\t\t<\/div>\n\t\t\t<\/div>\n\t\t\t\t\t<\/div>\n\n\t\t<span class=\"gtm4wp_productdata\" style=\"display:none; visibility:hidden;\" data-gtm4wp_product_data=\"{&quot;internal_id&quot;:804412,&quot;item_id&quot;:&quot;DNLF-54982221&quot;,&quot;item_name&quot;:&quot;Armoire Murale Michel Denolf Wood avec 4 Portes (258 x 47 x 90 cm)&quot;,&quot;sku&quot;:&quot;DNLF-54982221&quot;,&quot;price&quot;:4594,&quot;stocklevel&quot;:null,&quot;stockstatus&quot;:&quot;onbackorder&quot;,&quot;google_business_vertical&quot;:&quot;retail&quot;,&quot;item_category&quot;:&quot;vivre&quot;,&quot;item_category2&quot;:&quot;Armoires&quot;,&quot;item_category3&quot;:&quot;Buffets bas&quot;,&quot;id&quot;:&quot;DNLF-54982221&quot;,&quot;productlink&quot;:&quot;https:\\\/\\\/www.moensmeubelen.be\\\/fr\\\/produit\\\/DNLF-54982221-fr_BE\\\/&quot;,&quot;item_list_name&quot;:&quot;General Product List&quot;,&quot;index&quot;:12,&quot;product_type&quot;:&quot;simple&quot;,&quot;item_list_id&quot;:&quot;general-product-list&quot;,&quot;item_brand&quot;:&quot;&quot;}\"><\/span>\t\t\t<input type=\"hidden\" class=\"pmwProductId\" data-id=\"804412\">\n\t\t\t\t\t<script class=\"_iub_cs_skip\">\n\t\t\t(window.pmwDataLayer = window.pmwDataLayer || {}).products                = window.pmwDataLayer.products || {};\n\t\t\twindow.pmwDataLayer.products[804412] = {\"id\":\"804412\",\"sku\":\"DNLF-54982221\",\"price\":4594,\"brand\":\"\",\"quantity\":1,\"dyn_r_ids\":{\"post_id\":\"804412\",\"sku\":\"DNLF-54982221\",\"gpf\":\"woocommerce_gpf_804412\",\"gla\":\"gla_804412\"},\"is_variable\":false,\"type\":\"simple\",\"name\":\"Armoire Murale Michel Denolf Wood avec 4 Portes (258 x 47 x 90 cm)\",\"category\":[\"Buffets bas\"],\"is_variation\":false};\n\t\t\t\t\twindow.pmw_product_position = window.pmw_product_position || 1;\n\t\twindow.pmwDataLayer.products[804412]['position'] = window.pmw_product_position++;\n\t\t\t\t<\/script>\n\t\t<div class=\"conditionele-tekst levertermijn-placeholder levertermijn-placeholder--plp\" data-aamss-sku=\"DNLF-54982221\" data-aamss-product-id=\"804412\" data-aamss-context=\"plp\" data-aamss-state=\"loading\" aria-busy=\"true\">D\u00e9lai de livraison 8-10 semaines<\/div>\n\t\t\n\t\t\t<\/div>\n<\/div>\n<div class=\"wd-product wd-col wd-hover-alt product-grid-item product type-product post-805212 status-publish first onbackorder product_cat-barkasten_fr_BE has-post-thumbnail taxable shipping-taxable purchasable product-type-simple\" data-loop=\"12\" data-id=\"805212\">\n\t\n<div class=\"wd-product-wrapper product-wrapper\">\n\t<div class=\"wd-product-thumb product-element-top wd-quick-shop\">\n\t\t<a href=\"https:\/\/www.moensmeubelen.be\/fr\/produit\/THSEBERG2-fr_BE\/\" class=\"wd-product-img-link product-image-link\" tabindex=\"-1\" aria-label=\"Armoire Sento 2 portes &#8211; BERG2\">\n\t\t\t<img loading=\"lazy\" decoding=\"async\" width=\"400\" height=\"250\" src=\"https:\/\/www.moensmeubelen.be\/wp-content\/uploads\/2026\/04\/75867d505aa0c5aafa2717bf749d53003eab2ee7_Assets_Images_42840-1-400x250.png\" class=\"attachment-400x250 size-400x250\" alt=\"\" title=\"\">\t\t<\/a>\n\n\t\t\t\t\t<div class=\"wd-product-img-hover hover-img\">\n\t\t\t\t<img loading=\"lazy\" decoding=\"async\" width=\"400\" height=\"250\" src=\"https:\/\/www.moensmeubelen.be\/wp-content\/uploads\/2026\/04\/47e8cf3ac6b4e0188504d5d1d2c48578981cae7c_Assets_Images_42841-1-400x250.png\" class=\"attachment-400x250 size-400x250\" alt=\"\" title=\"\">\t\t\t<\/div>\n\t\t\t\n\t\t<div class=\"wd-buttons wd-pos-r-t\">\n\t\t\t\t\t<div class=\"wd-compare-btn wd-action-btn wd-style-icon wd-compare-icon\">\n\t\t\t<a href=\"https:\/\/www.moensmeubelen.be\/fr\/vergelijk\/?product_id=805211\" class=\"\" data-id=\"805211\" rel=\"nofollow\">\n\t\t\t\t<span class=\"wd-action-icon\">\n\t\t\t\t\t<span class=\"wd-check-icon\"><\/span>\n\t\t\t\t<\/span>\n\t\t\t\t<span class=\"wd-action-text\">Comparer<\/span>\n\t\t\t<\/a>\n\t\t<\/div>\n\t\t\t\t\t\t\t<div class=\"wd-quick-view-btn wd-quick-view-icon wd-action-btn wd-style-icon\">\n\t\t\t<a\n\t\t\t\thref=\"https:\/\/www.moensmeubelen.be\/fr\/produit\/THSEBERG2-fr_BE\/\"\n\t\t\t\tclass=\"open-quick-view\"\n\t\t\t\trel=\"nofollow\"\n\t\t\t\tdata-id=\"805212\"\n\t\t\t\t>\n\t\t\t\t\t<span class=\"wd-action-icon\"><\/span>\n\t\t\t\t\t<span class=\"wd-action-text\">\n\t\t\t\t\t\tQuick view\t\t\t\t\t<\/span>\n\t\t\t<\/a>\n\t\t<\/div>\n\t\t\t\t\t\t\t<\/div>\n\t<\/div>\n\n\t\t\t<div class=\"wd-product-header\">\n\t\t\t<h3 class=\"wd-entities-title\"><a href=\"https:\/\/www.moensmeubelen.be\/fr\/produit\/THSEBERG2-fr_BE\/\">Armoire Sento 2 portes &#8211; BERG2<\/a><\/h3>\t\t\t\t\t<\/div>\n\t\t\t\t<div class=\"wrap-price\">\n\t\t\t<div class=\"swap-wrapp\">\n\t\t\t\t<div class=\"swap-elements\">\n\t\t\t\t\t\n\t<span class=\"price\"><span class=\"woocommerce-Price-amount amount\"><bdi><span class=\"woocommerce-Price-currencySymbol\" translate=\"no\">&euro;<\/span>1.518,00<\/bdi><\/span><\/span>\n\t\t\t\t\t<div class=\"wd-add-btn\">\n\t\t\t\t\t\t<a data-gtm4wp_product_data=\"{&quot;internal_id&quot;:805212,&quot;item_id&quot;:&quot;THSEBERG2&quot;,&quot;item_name&quot;:&quot;Armoire Sento 2 portes - BERG2&quot;,&quot;sku&quot;:&quot;THSEBERG2&quot;,&quot;price&quot;:1518,&quot;stocklevel&quot;:null,&quot;stockstatus&quot;:&quot;onbackorder&quot;,&quot;google_business_vertical&quot;:&quot;retail&quot;,&quot;item_category&quot;:&quot;vivre&quot;,&quot;item_category2&quot;:&quot;Armoires&quot;,&quot;item_category3&quot;:&quot;Armoires bar&quot;,&quot;id&quot;:&quot;THSEBERG2&quot;}\" href=\"\/fr\/wp-json\/wp\/v2\/pages\/74672?add-to-cart=805212\"  data-quantity=\"1\" class=\"button product_type_simple add_to_cart_button ajax_add_to_cart add-to-cart-loop\" data-product_id=\"805212\" data-product_sku=\"THSEBERG2\" aria-label=\"Add to cart: &ldquo;Armoire Sento 2 portes - BERG2&rdquo;\" rel=\"nofollow\" data-success_message=\"&ldquo;Armoire Sento 2 portes - BERG2&rdquo; has been added to your cart\"><span class=\"wd-action-icon\"><span class=\"wd-check-icon\"><\/span><\/span><span class=\"wd-action-text\">Panier<\/span><\/a>\t\t\t\t\t<\/div>\n\t\t\t\t<\/div>\n\t\t\t<\/div>\n\t\t\t\t\t<\/div>\n\n\t\t<span class=\"gtm4wp_productdata\" style=\"display:none; visibility:hidden;\" data-gtm4wp_product_data=\"{&quot;internal_id&quot;:805212,&quot;item_id&quot;:&quot;THSEBERG2&quot;,&quot;item_name&quot;:&quot;Armoire Sento 2 portes - BERG2&quot;,&quot;sku&quot;:&quot;THSEBERG2&quot;,&quot;price&quot;:1518,&quot;stocklevel&quot;:null,&quot;stockstatus&quot;:&quot;onbackorder&quot;,&quot;google_business_vertical&quot;:&quot;retail&quot;,&quot;item_category&quot;:&quot;vivre&quot;,&quot;item_category2&quot;:&quot;Armoires&quot;,&quot;item_category3&quot;:&quot;Armoires bar&quot;,&quot;id&quot;:&quot;THSEBERG2&quot;,&quot;productlink&quot;:&quot;https:\\\/\\\/www.moensmeubelen.be\\\/fr\\\/produit\\\/THSEBERG2-fr_BE\\\/&quot;,&quot;item_list_name&quot;:&quot;General Product List&quot;,&quot;index&quot;:13,&quot;product_type&quot;:&quot;simple&quot;,&quot;item_list_id&quot;:&quot;general-product-list&quot;,&quot;item_brand&quot;:&quot;&quot;}\"><\/span>\t\t\t<input type=\"hidden\" class=\"pmwProductId\" data-id=\"805212\">\n\t\t\t\t\t<script class=\"_iub_cs_skip\">\n\t\t\t(window.pmwDataLayer = window.pmwDataLayer || {}).products                = window.pmwDataLayer.products || {};\n\t\t\twindow.pmwDataLayer.products[805212] = {\"id\":\"805212\",\"sku\":\"THSEBERG2\",\"price\":1518,\"brand\":\"\",\"quantity\":1,\"dyn_r_ids\":{\"post_id\":\"805212\",\"sku\":\"THSEBERG2\",\"gpf\":\"woocommerce_gpf_805212\",\"gla\":\"gla_805212\"},\"is_variable\":false,\"type\":\"simple\",\"name\":\"Armoire Sento 2 portes - BERG2\",\"category\":[\"Armoires bar\"],\"is_variation\":false};\n\t\t\t\t\twindow.pmw_product_position = window.pmw_product_position || 1;\n\t\twindow.pmwDataLayer.products[805212]['position'] = window.pmw_product_position++;\n\t\t\t\t<\/script>\n\t\t<div class=\"conditionele-tekst levertermijn-placeholder levertermijn-placeholder--plp\" data-aamss-sku=\"THSEBERG2\" data-aamss-product-id=\"805212\" data-aamss-context=\"plp\" data-aamss-state=\"loading\" aria-busy=\"true\">D\u00e9lai de livraison 8-10 semaines<\/div>\n\t\t\n\t\t\t<\/div>\n<\/div>\n<div class=\"wd-product wd-col wd-hover-alt product-grid-item product type-product post-804428 status-publish onbackorder product_cat-dressoirs_fr_BE has-post-thumbnail taxable shipping-taxable purchasable product-type-simple\" data-loop=\"13\" data-id=\"804428\">\n\t\n<div class=\"wd-product-wrapper product-wrapper\">\n\t<div class=\"wd-product-thumb product-element-top wd-quick-shop\">\n\t\t<a href=\"https:\/\/www.moensmeubelen.be\/fr\/produit\/DNLF-665645714-fr_BE\/\" class=\"wd-product-img-link product-image-link\" tabindex=\"-1\" aria-label=\"Armoire Suspendue Michel Denolf Cubico avec 4 Portes\">\n\t\t\t<img loading=\"lazy\" decoding=\"async\" width=\"400\" height=\"250\" src=\"https:\/\/www.moensmeubelen.be\/wp-content\/uploads\/2024\/11\/1724256cf4a5d0863737ad3b02a18b5fc1ed1dd2_frontly_image_upload_v1730665401_2024_11_03_21_23_07_Cubico_hangdressoir_CUB054D_T82.tif_mkxajq-400x250.png\" class=\"attachment-400x250 size-400x250\" alt=\"\" title=\"\">\t\t<\/a>\n\n\t\t\n\t\t<div class=\"wd-buttons wd-pos-r-t\">\n\t\t\t\t\t<div class=\"wd-compare-btn wd-action-btn wd-style-icon wd-compare-icon\">\n\t\t\t<a href=\"https:\/\/www.moensmeubelen.be\/fr\/vergelijk\/?product_id=804427\" class=\"\" data-id=\"804427\" rel=\"nofollow\">\n\t\t\t\t<span class=\"wd-action-icon\">\n\t\t\t\t\t<span class=\"wd-check-icon\"><\/span>\n\t\t\t\t<\/span>\n\t\t\t\t<span class=\"wd-action-text\">Comparer<\/span>\n\t\t\t<\/a>\n\t\t<\/div>\n\t\t\t\t\t\t\t<div class=\"wd-quick-view-btn wd-quick-view-icon wd-action-btn wd-style-icon\">\n\t\t\t<a\n\t\t\t\thref=\"https:\/\/www.moensmeubelen.be\/fr\/produit\/DNLF-665645714-fr_BE\/\"\n\t\t\t\tclass=\"open-quick-view\"\n\t\t\t\trel=\"nofollow\"\n\t\t\t\tdata-id=\"804428\"\n\t\t\t\t>\n\t\t\t\t\t<span class=\"wd-action-icon\"><\/span>\n\t\t\t\t\t<span class=\"wd-action-text\">\n\t\t\t\t\t\tQuick view\t\t\t\t\t<\/span>\n\t\t\t<\/a>\n\t\t<\/div>\n\t\t\t\t\t\t\t<\/div>\n\t<\/div>\n\n\t\t\t<div class=\"wd-product-header\">\n\t\t\t<h3 class=\"wd-entities-title\"><a href=\"https:\/\/www.moensmeubelen.be\/fr\/produit\/DNLF-665645714-fr_BE\/\">Armoire Suspendue Michel Denolf Cubico avec 4 Portes<\/a><\/h3>\t\t\t\t\t<\/div>\n\t\t\t\t<div class=\"wrap-price\">\n\t\t\t<div class=\"swap-wrapp\">\n\t\t\t\t<div class=\"swap-elements\">\n\t\t\t\t\t\n\t<span class=\"price\"><span class=\"woocommerce-Price-amount amount\"><bdi><span class=\"woocommerce-Price-currencySymbol\" translate=\"no\">&euro;<\/span>3.548,00<\/bdi><\/span><\/span>\n\t\t\t\t\t<div class=\"wd-add-btn\">\n\t\t\t\t\t\t<a data-gtm4wp_product_data=\"{&quot;internal_id&quot;:804428,&quot;item_id&quot;:&quot;DNLF-665645714&quot;,&quot;item_name&quot;:&quot;Armoire Suspendue Michel Denolf Cubico avec 4 Portes&quot;,&quot;sku&quot;:&quot;DNLF-665645714&quot;,&quot;price&quot;:3548,&quot;stocklevel&quot;:null,&quot;stockstatus&quot;:&quot;onbackorder&quot;,&quot;google_business_vertical&quot;:&quot;retail&quot;,&quot;item_category&quot;:&quot;vivre&quot;,&quot;item_category2&quot;:&quot;Armoires&quot;,&quot;item_category3&quot;:&quot;Buffets bas&quot;,&quot;id&quot;:&quot;DNLF-665645714&quot;}\" href=\"\/fr\/wp-json\/wp\/v2\/pages\/74672?add-to-cart=804428\"  data-quantity=\"1\" class=\"button product_type_simple add_to_cart_button ajax_add_to_cart add-to-cart-loop\" data-product_id=\"804428\" data-product_sku=\"DNLF-665645714\" aria-label=\"Add to cart: &ldquo;Armoire Suspendue Michel Denolf Cubico avec 4 Portes&rdquo;\" rel=\"nofollow\" data-success_message=\"&ldquo;Armoire Suspendue Michel Denolf Cubico avec 4 Portes&rdquo; has been added to your cart\"><span class=\"wd-action-icon\"><span class=\"wd-check-icon\"><\/span><\/span><span class=\"wd-action-text\">Panier<\/span><\/a>\t\t\t\t\t<\/div>\n\t\t\t\t<\/div>\n\t\t\t<\/div>\n\t\t\t\t\t<\/div>\n\n\t\t<span class=\"gtm4wp_productdata\" style=\"display:none; visibility:hidden;\" data-gtm4wp_product_data=\"{&quot;internal_id&quot;:804428,&quot;item_id&quot;:&quot;DNLF-665645714&quot;,&quot;item_name&quot;:&quot;Armoire Suspendue Michel Denolf Cubico avec 4 Portes&quot;,&quot;sku&quot;:&quot;DNLF-665645714&quot;,&quot;price&quot;:3548,&quot;stocklevel&quot;:null,&quot;stockstatus&quot;:&quot;onbackorder&quot;,&quot;google_business_vertical&quot;:&quot;retail&quot;,&quot;item_category&quot;:&quot;vivre&quot;,&quot;item_category2&quot;:&quot;Armoires&quot;,&quot;item_category3&quot;:&quot;Buffets bas&quot;,&quot;id&quot;:&quot;DNLF-665645714&quot;,&quot;productlink&quot;:&quot;https:\\\/\\\/www.moensmeubelen.be\\\/fr\\\/produit\\\/DNLF-665645714-fr_BE\\\/&quot;,&quot;item_list_name&quot;:&quot;General Product List&quot;,&quot;index&quot;:14,&quot;product_type&quot;:&quot;simple&quot;,&quot;item_list_id&quot;:&quot;general-product-list&quot;,&quot;item_brand&quot;:&quot;&quot;}\"><\/span>\t\t\t<input type=\"hidden\" class=\"pmwProductId\" data-id=\"804428\">\n\t\t\t\t\t<script class=\"_iub_cs_skip\">\n\t\t\t(window.pmwDataLayer = window.pmwDataLayer || {}).products                = window.pmwDataLayer.products || {};\n\t\t\twindow.pmwDataLayer.products[804428] = {\"id\":\"804428\",\"sku\":\"DNLF-665645714\",\"price\":3548,\"brand\":\"\",\"quantity\":1,\"dyn_r_ids\":{\"post_id\":\"804428\",\"sku\":\"DNLF-665645714\",\"gpf\":\"woocommerce_gpf_804428\",\"gla\":\"gla_804428\"},\"is_variable\":false,\"type\":\"simple\",\"name\":\"Armoire Suspendue Michel Denolf Cubico avec 4 Portes\",\"category\":[\"Buffets bas\"],\"is_variation\":false};\n\t\t\t\t\twindow.pmw_product_position = window.pmw_product_position || 1;\n\t\twindow.pmwDataLayer.products[804428]['position'] = window.pmw_product_position++;\n\t\t\t\t<\/script>\n\t\t<div class=\"conditionele-tekst levertermijn-placeholder levertermijn-placeholder--plp\" data-aamss-sku=\"DNLF-665645714\" data-aamss-product-id=\"804428\" data-aamss-context=\"plp\" data-aamss-state=\"loading\" aria-busy=\"true\">D\u00e9lai de livraison 8-10 semaines<\/div>\n\t\t\n\t\t\t<\/div>\n<\/div>\n<div class=\"wd-product wd-col wd-hover-alt product-grid-item product type-product post-804408 status-publish onbackorder product_cat-vitrinekasten_fr_BE has-post-thumbnail taxable shipping-taxable purchasable product-type-simple\" data-loop=\"14\" data-id=\"804408\">\n\t\n<div class=\"wd-product-wrapper product-wrapper\">\n\t<div class=\"wd-product-thumb product-element-top wd-quick-shop\">\n\t\t<a href=\"https:\/\/www.moensmeubelen.be\/fr\/produit\/DNLF-545481-fr_BE\/\" class=\"wd-product-img-link product-image-link\" tabindex=\"-1\" aria-label=\"Armoire Vitr\u00e9e Michel Denolf Cubico\">\n\t\t\t<img loading=\"lazy\" decoding=\"async\" width=\"400\" height=\"250\" src=\"https:\/\/www.moensmeubelen.be\/wp-content\/uploads\/2024\/11\/50a44c6eda44c6b1918fc556b66aeb9506c3f36a_frontly_image_upload_v1730664918_CUB09_2D2D__1_kjwl4u-400x250.jpg\" class=\"attachment-400x250 size-400x250\" alt=\"\" title=\"\">\t\t<\/a>\n\n\t\t\t\t\t<div class=\"wd-product-img-hover hover-img\">\n\t\t\t\t<img loading=\"lazy\" decoding=\"async\" width=\"400\" height=\"250\" src=\"https:\/\/www.moensmeubelen.be\/wp-content\/uploads\/2024\/11\/50ea458a24dfdaee8827180a4fbbfcba9c2e3d42_frontly_image_upload_v1730665062_2024_11_03_21_17_23_CUB09_1D1D_HR_3.jpg_vtgyms-400x250.png\" class=\"attachment-400x250 size-400x250\" alt=\"\" title=\"\">\t\t\t<\/div>\n\t\t\t\n\t\t<div class=\"wd-buttons wd-pos-r-t\">\n\t\t\t\t\t<div class=\"wd-compare-btn wd-action-btn wd-style-icon wd-compare-icon\">\n\t\t\t<a href=\"https:\/\/www.moensmeubelen.be\/fr\/vergelijk\/?product_id=804407\" class=\"\" data-id=\"804407\" rel=\"nofollow\">\n\t\t\t\t<span class=\"wd-action-icon\">\n\t\t\t\t\t<span class=\"wd-check-icon\"><\/span>\n\t\t\t\t<\/span>\n\t\t\t\t<span class=\"wd-action-text\">Comparer<\/span>\n\t\t\t<\/a>\n\t\t<\/div>\n\t\t\t\t\t\t\t<div class=\"wd-quick-view-btn wd-quick-view-icon wd-action-btn wd-style-icon\">\n\t\t\t<a\n\t\t\t\thref=\"https:\/\/www.moensmeubelen.be\/fr\/produit\/DNLF-545481-fr_BE\/\"\n\t\t\t\tclass=\"open-quick-view\"\n\t\t\t\trel=\"nofollow\"\n\t\t\t\tdata-id=\"804408\"\n\t\t\t\t>\n\t\t\t\t\t<span class=\"wd-action-icon\"><\/span>\n\t\t\t\t\t<span class=\"wd-action-text\">\n\t\t\t\t\t\tQuick view\t\t\t\t\t<\/span>\n\t\t\t<\/a>\n\t\t<\/div>\n\t\t\t\t\t\t\t<\/div>\n\t<\/div>\n\n\t\t\t<div class=\"wd-product-header\">\n\t\t\t<h3 class=\"wd-entities-title\"><a href=\"https:\/\/www.moensmeubelen.be\/fr\/produit\/DNLF-545481-fr_BE\/\">Armoire Vitr\u00e9e Michel Denolf Cubico<\/a><\/h3>\t\t\t\t\t<\/div>\n\t\t\t\t<div class=\"wrap-price\">\n\t\t\t<div class=\"swap-wrapp\">\n\t\t\t\t<div class=\"swap-elements\">\n\t\t\t\t\t\n\t<span class=\"price\"><span class=\"woocommerce-Price-amount amount\"><bdi><span class=\"woocommerce-Price-currencySymbol\" translate=\"no\">&euro;<\/span>4.994,00<\/bdi><\/span><\/span>\n\t\t\t\t\t<div class=\"wd-add-btn\">\n\t\t\t\t\t\t<a data-gtm4wp_product_data=\"{&quot;internal_id&quot;:804408,&quot;item_id&quot;:&quot;DNLF-545481&quot;,&quot;item_name&quot;:&quot;Armoire Vitr\\u00e9e Michel Denolf Cubico&quot;,&quot;sku&quot;:&quot;DNLF-545481&quot;,&quot;price&quot;:4994,&quot;stocklevel&quot;:null,&quot;stockstatus&quot;:&quot;onbackorder&quot;,&quot;google_business_vertical&quot;:&quot;retail&quot;,&quot;item_category&quot;:&quot;vivre&quot;,&quot;item_category2&quot;:&quot;Armoires&quot;,&quot;item_category3&quot;:&quot;Vitrines&quot;,&quot;id&quot;:&quot;DNLF-545481&quot;}\" href=\"\/fr\/wp-json\/wp\/v2\/pages\/74672?add-to-cart=804408\"  data-quantity=\"1\" class=\"button product_type_simple add_to_cart_button ajax_add_to_cart add-to-cart-loop\" data-product_id=\"804408\" data-product_sku=\"DNLF-545481\" aria-label=\"Add to cart: &ldquo;Armoire Vitr\u00e9e Michel Denolf Cubico&rdquo;\" rel=\"nofollow\" data-success_message=\"&ldquo;Armoire Vitr\u00e9e Michel Denolf Cubico&rdquo; has been added to your cart\"><span class=\"wd-action-icon\"><span class=\"wd-check-icon\"><\/span><\/span><span class=\"wd-action-text\">Panier<\/span><\/a>\t\t\t\t\t<\/div>\n\t\t\t\t<\/div>\n\t\t\t<\/div>\n\t\t\t\t\t<\/div>\n\n\t\t<span class=\"gtm4wp_productdata\" style=\"display:none; visibility:hidden;\" data-gtm4wp_product_data=\"{&quot;internal_id&quot;:804408,&quot;item_id&quot;:&quot;DNLF-545481&quot;,&quot;item_name&quot;:&quot;Armoire Vitr\\u00e9e Michel Denolf Cubico&quot;,&quot;sku&quot;:&quot;DNLF-545481&quot;,&quot;price&quot;:4994,&quot;stocklevel&quot;:null,&quot;stockstatus&quot;:&quot;onbackorder&quot;,&quot;google_business_vertical&quot;:&quot;retail&quot;,&quot;item_category&quot;:&quot;vivre&quot;,&quot;item_category2&quot;:&quot;Armoires&quot;,&quot;item_category3&quot;:&quot;Vitrines&quot;,&quot;id&quot;:&quot;DNLF-545481&quot;,&quot;productlink&quot;:&quot;https:\\\/\\\/www.moensmeubelen.be\\\/fr\\\/produit\\\/DNLF-545481-fr_BE\\\/&quot;,&quot;item_list_name&quot;:&quot;General Product List&quot;,&quot;index&quot;:15,&quot;product_type&quot;:&quot;simple&quot;,&quot;item_list_id&quot;:&quot;general-product-list&quot;,&quot;item_brand&quot;:&quot;&quot;}\"><\/span>\t\t\t<input type=\"hidden\" class=\"pmwProductId\" data-id=\"804408\">\n\t\t\t\t\t<script class=\"_iub_cs_skip\">\n\t\t\t(window.pmwDataLayer = window.pmwDataLayer || {}).products                = window.pmwDataLayer.products || {};\n\t\t\twindow.pmwDataLayer.products[804408] = {\"id\":\"804408\",\"sku\":\"DNLF-545481\",\"price\":4994,\"brand\":\"\",\"quantity\":1,\"dyn_r_ids\":{\"post_id\":\"804408\",\"sku\":\"DNLF-545481\",\"gpf\":\"woocommerce_gpf_804408\",\"gla\":\"gla_804408\"},\"is_variable\":false,\"type\":\"simple\",\"name\":\"Armoire Vitr\u00e9e Michel Denolf Cubico\",\"category\":[\"Vitrines\"],\"is_variation\":false};\n\t\t\t\t\twindow.pmw_product_position = window.pmw_product_position || 1;\n\t\twindow.pmwDataLayer.products[804408]['position'] = window.pmw_product_position++;\n\t\t\t\t<\/script>\n\t\t<div class=\"conditionele-tekst levertermijn-placeholder levertermijn-placeholder--plp\" data-aamss-sku=\"DNLF-545481\" data-aamss-product-id=\"804408\" data-aamss-context=\"plp\" data-aamss-state=\"loading\" aria-busy=\"true\">D\u00e9lai de livraison 8-10 semaines<\/div>\n\t\t\n\t\t\t<\/div>\n<\/div>\n<div class=\"wd-product wd-col wd-hover-alt product-grid-item product type-product post-718095 status-publish last onbackorder product_cat-bergkasten_fr_BE has-post-thumbnail taxable shipping-taxable purchasable product-type-simple\" data-loop=\"15\" data-id=\"718095\">\n\t\n<div class=\"wd-product-wrapper product-wrapper\">\n\t<div class=\"wd-product-thumb product-element-top wd-quick-shop\">\n\t\t<a href=\"https:\/\/www.moensmeubelen.be\/fr\/produit\/42488DRI-fr_BE\/\" class=\"wd-product-img-link product-image-link\" tabindex=\"-1\" aria-label=\"Avalon, armoire 96 cm &#8211; 3-portes + 1-tiroir + 1-porte en verre (+ LED) &#8211; Driftwood\">\n\t\t\t<img loading=\"lazy\" decoding=\"async\" width=\"400\" height=\"250\" src=\"https:\/\/www.moensmeubelen.be\/wp-content\/uploads\/2026\/04\/1fb26d6d357f6af8521386c5088db9b502469344_images_t_ll_m_778cabee6e3748d9845df941bfc83a2b_image-400x250.jpg\" class=\"attachment-400x250 size-400x250\" alt=\"\" title=\"\">\t\t<\/a>\n\n\t\t\t\t\t<div class=\"wd-product-img-hover hover-img\">\n\t\t\t\t<img loading=\"lazy\" decoding=\"async\" width=\"400\" height=\"250\" src=\"https:\/\/www.moensmeubelen.be\/wp-content\/uploads\/2026\/04\/da0efc780e3e5b23ae7206d7c8d219256d18673e_images_t_ll_m_3ea42ad8e1754f098af030228aee1f17_image-400x250.jpg\" class=\"attachment-400x250 size-400x250\" alt=\"\" title=\"\">\t\t\t<\/div>\n\t\t\t\n\t\t<div class=\"wd-buttons wd-pos-r-t\">\n\t\t\t\t\t<div class=\"wd-compare-btn wd-action-btn wd-style-icon wd-compare-icon\">\n\t\t\t<a href=\"https:\/\/www.moensmeubelen.be\/fr\/vergelijk\/?product_id=718094\" class=\"\" data-id=\"718094\" rel=\"nofollow\">\n\t\t\t\t<span class=\"wd-action-icon\">\n\t\t\t\t\t<span class=\"wd-check-icon\"><\/span>\n\t\t\t\t<\/span>\n\t\t\t\t<span class=\"wd-action-text\">Comparer<\/span>\n\t\t\t<\/a>\n\t\t<\/div>\n\t\t\t\t\t\t\t<div class=\"wd-quick-view-btn wd-quick-view-icon wd-action-btn wd-style-icon\">\n\t\t\t<a\n\t\t\t\thref=\"https:\/\/www.moensmeubelen.be\/fr\/produit\/42488DRI-fr_BE\/\"\n\t\t\t\tclass=\"open-quick-view\"\n\t\t\t\trel=\"nofollow\"\n\t\t\t\tdata-id=\"718095\"\n\t\t\t\t>\n\t\t\t\t\t<span class=\"wd-action-icon\"><\/span>\n\t\t\t\t\t<span class=\"wd-action-text\">\n\t\t\t\t\t\tQuick view\t\t\t\t\t<\/span>\n\t\t\t<\/a>\n\t\t<\/div>\n\t\t\t\t\t\t\t<\/div>\n\t<\/div>\n\n\t\t\t<div class=\"wd-product-header\">\n\t\t\t<h3 class=\"wd-entities-title\"><a href=\"https:\/\/www.moensmeubelen.be\/fr\/produit\/42488DRI-fr_BE\/\">Avalon, armoire 96 cm &#8211; 3-portes + 1-tiroir + 1-porte en verre (+ LED) &#8211; Driftwood<\/a><\/h3>\t\t\t\t\t<\/div>\n\t\t\t\t<div class=\"wrap-price\">\n\t\t\t<div class=\"swap-wrapp\">\n\t\t\t\t<div class=\"swap-elements\">\n\t\t\t\t\t\n\t<span class=\"price\"><span class=\"woocommerce-Price-amount amount\"><bdi><span class=\"woocommerce-Price-currencySymbol\" translate=\"no\">&euro;<\/span>1.299,00<\/bdi><\/span><\/span>\n\t\t\t\t\t<div class=\"wd-add-btn\">\n\t\t\t\t\t\t<a data-gtm4wp_product_data=\"{&quot;internal_id&quot;:718095,&quot;item_id&quot;:&quot;42488DRI&quot;,&quot;item_name&quot;:&quot;Avalon, armoire 96 cm - 3-portes + 1-tiroir + 1-porte en verre (+ LED) - Driftwood&quot;,&quot;sku&quot;:&quot;42488DRI&quot;,&quot;price&quot;:1299,&quot;stocklevel&quot;:null,&quot;stockstatus&quot;:&quot;onbackorder&quot;,&quot;google_business_vertical&quot;:&quot;retail&quot;,&quot;item_category&quot;:&quot;vivre&quot;,&quot;item_category2&quot;:&quot;Armoires&quot;,&quot;item_category3&quot;:&quot;Armoires de rangement&quot;,&quot;id&quot;:&quot;42488DRI&quot;}\" href=\"\/fr\/wp-json\/wp\/v2\/pages\/74672?add-to-cart=718095\"  data-quantity=\"1\" class=\"button product_type_simple add_to_cart_button ajax_add_to_cart add-to-cart-loop\" data-product_id=\"718095\" data-product_sku=\"42488DRI\" aria-label=\"Add to cart: &ldquo;Avalon, armoire 96 cm - 3-portes + 1-tiroir + 1-porte en verre (+ LED) - Driftwood&rdquo;\" rel=\"nofollow\" data-success_message=\"&ldquo;Avalon, armoire 96 cm - 3-portes + 1-tiroir + 1-porte en verre (+ LED) - Driftwood&rdquo; has been added to your cart\"><span class=\"wd-action-icon\"><span class=\"wd-check-icon\"><\/span><\/span><span class=\"wd-action-text\">Panier<\/span><\/a>\t\t\t\t\t<\/div>\n\t\t\t\t<\/div>\n\t\t\t<\/div>\n\t\t\t\t\t<\/div>\n\n\t\t<span class=\"gtm4wp_productdata\" style=\"display:none; visibility:hidden;\" data-gtm4wp_product_data=\"{&quot;internal_id&quot;:718095,&quot;item_id&quot;:&quot;42488DRI&quot;,&quot;item_name&quot;:&quot;Avalon, armoire 96 cm - 3-portes + 1-tiroir + 1-porte en verre (+ LED) - Driftwood&quot;,&quot;sku&quot;:&quot;42488DRI&quot;,&quot;price&quot;:1299,&quot;stocklevel&quot;:null,&quot;stockstatus&quot;:&quot;onbackorder&quot;,&quot;google_business_vertical&quot;:&quot;retail&quot;,&quot;item_category&quot;:&quot;vivre&quot;,&quot;item_category2&quot;:&quot;Armoires&quot;,&quot;item_category3&quot;:&quot;Armoires de rangement&quot;,&quot;id&quot;:&quot;42488DRI&quot;,&quot;productlink&quot;:&quot;https:\\\/\\\/www.moensmeubelen.be\\\/fr\\\/produit\\\/42488DRI-fr_BE\\\/&quot;,&quot;item_list_name&quot;:&quot;General Product List&quot;,&quot;index&quot;:16,&quot;product_type&quot;:&quot;simple&quot;,&quot;item_list_id&quot;:&quot;general-product-list&quot;,&quot;item_brand&quot;:&quot;&quot;}\"><\/span>\t\t\t<input type=\"hidden\" class=\"pmwProductId\" data-id=\"718095\">\n\t\t\t\t\t<script class=\"_iub_cs_skip\">\n\t\t\t(window.pmwDataLayer = window.pmwDataLayer || {}).products                = window.pmwDataLayer.products || {};\n\t\t\twindow.pmwDataLayer.products[718095] = {\"id\":\"718095\",\"sku\":\"42488DRI\",\"price\":1299,\"brand\":\"\",\"quantity\":1,\"dyn_r_ids\":{\"post_id\":\"718095\",\"sku\":\"42488DRI\",\"gpf\":\"woocommerce_gpf_718095\",\"gla\":\"gla_718095\"},\"is_variable\":false,\"type\":\"simple\",\"name\":\"Avalon, armoire 96 cm - 3-portes + 1-tiroir + 1-porte en verre (+ LED) - Driftwood\",\"category\":[\"Armoires de rangement\"],\"is_variation\":false};\n\t\t\t\t\twindow.pmw_product_position = window.pmw_product_position || 1;\n\t\twindow.pmwDataLayer.products[718095]['position'] = window.pmw_product_position++;\n\t\t\t\t<\/script>\n\t\t<div class=\"conditionele-tekst levertermijn-placeholder levertermijn-placeholder--plp\" data-aamss-sku=\"42488DRI\" data-aamss-product-id=\"718095\" data-aamss-context=\"plp\" data-aamss-state=\"loading\" aria-busy=\"true\">En stock - livraison sous 3 semaines<\/div>\n\t\t\n\t\t\t<\/div>\n<\/div>\n<div class=\"wd-product wd-col wd-hover-alt product-grid-item product type-product post-718105 status-publish first onbackorder product_cat-bergkasten_fr_BE has-post-thumbnail taxable shipping-taxable purchasable product-type-simple\" data-loop=\"16\" data-id=\"718105\">\n\t\n<div class=\"wd-product-wrapper product-wrapper\">\n\t<div class=\"wd-product-thumb product-element-top wd-quick-shop\">\n\t\t<a href=\"https:\/\/www.moensmeubelen.be\/fr\/produit\/42488NAT-fr_BE\/\" class=\"wd-product-img-link product-image-link\" tabindex=\"-1\" aria-label=\"Avalon, armoire 96 cm &#8211; 3-portes + 1-tiroir + 1-porte en verre (+ LED) &#8211; natural\">\n\t\t\t<img loading=\"lazy\" decoding=\"async\" width=\"400\" height=\"250\" src=\"https:\/\/www.moensmeubelen.be\/wp-content\/uploads\/2026\/04\/002a8c288aed7771644ad90b68f5ea3abffbc428_images_t_ll_m_4a716625c13a4ac09559a4f761703c2c_image-400x250.jpg\" class=\"attachment-400x250 size-400x250\" alt=\"\" title=\"\">\t\t<\/a>\n\n\t\t\t\t\t<div class=\"wd-product-img-hover hover-img\">\n\t\t\t\t<img loading=\"lazy\" decoding=\"async\" width=\"400\" height=\"250\" src=\"https:\/\/www.moensmeubelen.be\/wp-content\/uploads\/2026\/04\/d86bcd6408557d9244abebaefd354e060b5a6bf5_images_t_ll_m_04748b1364434ca4a92848f6c61a3b1c_ambiance-400x250.jpg\" class=\"attachment-400x250 size-400x250\" alt=\"\" title=\"\">\t\t\t<\/div>\n\t\t\t\n\t\t<div class=\"wd-buttons wd-pos-r-t\">\n\t\t\t\t\t<div class=\"wd-compare-btn wd-action-btn wd-style-icon wd-compare-icon\">\n\t\t\t<a href=\"https:\/\/www.moensmeubelen.be\/fr\/vergelijk\/?product_id=718104\" class=\"\" data-id=\"718104\" rel=\"nofollow\">\n\t\t\t\t<span class=\"wd-action-icon\">\n\t\t\t\t\t<span class=\"wd-check-icon\"><\/span>\n\t\t\t\t<\/span>\n\t\t\t\t<span class=\"wd-action-text\">Comparer<\/span>\n\t\t\t<\/a>\n\t\t<\/div>\n\t\t\t\t\t\t\t<div class=\"wd-quick-view-btn wd-quick-view-icon wd-action-btn wd-style-icon\">\n\t\t\t<a\n\t\t\t\thref=\"https:\/\/www.moensmeubelen.be\/fr\/produit\/42488NAT-fr_BE\/\"\n\t\t\t\tclass=\"open-quick-view\"\n\t\t\t\trel=\"nofollow\"\n\t\t\t\tdata-id=\"718105\"\n\t\t\t\t>\n\t\t\t\t\t<span class=\"wd-action-icon\"><\/span>\n\t\t\t\t\t<span class=\"wd-action-text\">\n\t\t\t\t\t\tQuick view\t\t\t\t\t<\/span>\n\t\t\t<\/a>\n\t\t<\/div>\n\t\t\t\t\t\t\t<\/div>\n\t<\/div>\n\n\t\t\t<div class=\"wd-product-header\">\n\t\t\t<h3 class=\"wd-entities-title\"><a href=\"https:\/\/www.moensmeubelen.be\/fr\/produit\/42488NAT-fr_BE\/\">Avalon, armoire 96 cm &#8211; 3-portes + 1-tiroir + 1-porte en verre (+ LED) &#8211; natural<\/a><\/h3>\t\t\t\t\t<\/div>\n\t\t\t\t<div class=\"wrap-price\">\n\t\t\t<div class=\"swap-wrapp\">\n\t\t\t\t<div class=\"swap-elements\">\n\t\t\t\t\t\n\t<span class=\"price\"><span class=\"woocommerce-Price-amount amount\"><bdi><span class=\"woocommerce-Price-currencySymbol\" translate=\"no\">&euro;<\/span>1.299,00<\/bdi><\/span><\/span>\n\t\t\t\t\t<div class=\"wd-add-btn\">\n\t\t\t\t\t\t<a data-gtm4wp_product_data=\"{&quot;internal_id&quot;:718105,&quot;item_id&quot;:&quot;42488NAT&quot;,&quot;item_name&quot;:&quot;Avalon, armoire 96 cm - 3-portes + 1-tiroir + 1-porte en verre (+ LED) - natural&quot;,&quot;sku&quot;:&quot;42488NAT&quot;,&quot;price&quot;:1299,&quot;stocklevel&quot;:null,&quot;stockstatus&quot;:&quot;onbackorder&quot;,&quot;google_business_vertical&quot;:&quot;retail&quot;,&quot;item_category&quot;:&quot;vivre&quot;,&quot;item_category2&quot;:&quot;Armoires&quot;,&quot;item_category3&quot;:&quot;Armoires de rangement&quot;,&quot;id&quot;:&quot;42488NAT&quot;}\" href=\"\/fr\/wp-json\/wp\/v2\/pages\/74672?add-to-cart=718105\"  data-quantity=\"1\" class=\"button product_type_simple add_to_cart_button ajax_add_to_cart add-to-cart-loop\" data-product_id=\"718105\" data-product_sku=\"42488NAT\" aria-label=\"Add to cart: &ldquo;Avalon, armoire 96 cm - 3-portes + 1-tiroir + 1-porte en verre (+ LED) - natural&rdquo;\" rel=\"nofollow\" data-success_message=\"&ldquo;Avalon, armoire 96 cm - 3-portes + 1-tiroir + 1-porte en verre (+ LED) - natural&rdquo; has been added to your cart\"><span class=\"wd-action-icon\"><span class=\"wd-check-icon\"><\/span><\/span><span class=\"wd-action-text\">Panier<\/span><\/a>\t\t\t\t\t<\/div>\n\t\t\t\t<\/div>\n\t\t\t<\/div>\n\t\t\t\t\t<\/div>\n\n\t\t<span class=\"gtm4wp_productdata\" style=\"display:none; visibility:hidden;\" data-gtm4wp_product_data=\"{&quot;internal_id&quot;:718105,&quot;item_id&quot;:&quot;42488NAT&quot;,&quot;item_name&quot;:&quot;Avalon, armoire 96 cm - 3-portes + 1-tiroir + 1-porte en verre (+ LED) - natural&quot;,&quot;sku&quot;:&quot;42488NAT&quot;,&quot;price&quot;:1299,&quot;stocklevel&quot;:null,&quot;stockstatus&quot;:&quot;onbackorder&quot;,&quot;google_business_vertical&quot;:&quot;retail&quot;,&quot;item_category&quot;:&quot;vivre&quot;,&quot;item_category2&quot;:&quot;Armoires&quot;,&quot;item_category3&quot;:&quot;Armoires de rangement&quot;,&quot;id&quot;:&quot;42488NAT&quot;,&quot;productlink&quot;:&quot;https:\\\/\\\/www.moensmeubelen.be\\\/fr\\\/produit\\\/42488NAT-fr_BE\\\/&quot;,&quot;item_list_name&quot;:&quot;General Product List&quot;,&quot;index&quot;:17,&quot;product_type&quot;:&quot;simple&quot;,&quot;item_list_id&quot;:&quot;general-product-list&quot;,&quot;item_brand&quot;:&quot;&quot;}\"><\/span>\t\t\t<input type=\"hidden\" class=\"pmwProductId\" data-id=\"718105\">\n\t\t\t\t\t<script class=\"_iub_cs_skip\">\n\t\t\t(window.pmwDataLayer = window.pmwDataLayer || {}).products                = window.pmwDataLayer.products || {};\n\t\t\twindow.pmwDataLayer.products[718105] = {\"id\":\"718105\",\"sku\":\"42488NAT\",\"price\":1299,\"brand\":\"\",\"quantity\":1,\"dyn_r_ids\":{\"post_id\":\"718105\",\"sku\":\"42488NAT\",\"gpf\":\"woocommerce_gpf_718105\",\"gla\":\"gla_718105\"},\"is_variable\":false,\"type\":\"simple\",\"name\":\"Avalon, armoire 96 cm - 3-portes + 1-tiroir + 1-porte en verre (+ LED) - natural\",\"category\":[\"Armoires de rangement\"],\"is_variation\":false};\n\t\t\t\t\twindow.pmw_product_position = window.pmw_product_position || 1;\n\t\twindow.pmwDataLayer.products[718105]['position'] = window.pmw_product_position++;\n\t\t\t\t<\/script>\n\t\t<div class=\"conditionele-tekst levertermijn-placeholder levertermijn-placeholder--plp\" data-aamss-sku=\"42488NAT\" data-aamss-product-id=\"718105\" data-aamss-context=\"plp\" data-aamss-state=\"loading\" aria-busy=\"true\">En stock - livraison sous 3 semaines<\/div>\n\t\t\n\t\t\t<\/div>\n<\/div>\n<div class=\"wd-product wd-col wd-hover-alt product-grid-item product type-product post-718135 status-publish onbackorder product_cat-boekenkasten_fr_BE has-post-thumbnail taxable shipping-taxable purchasable product-type-simple\" data-loop=\"17\" data-id=\"718135\">\n\t\n<div class=\"wd-product-wrapper product-wrapper\">\n\t<div class=\"wd-product-thumb product-element-top wd-quick-shop\">\n\t\t<a href=\"https:\/\/www.moensmeubelen.be\/fr\/produit\/42490DRI-fr_BE\/\" class=\"wd-product-img-link product-image-link\" tabindex=\"-1\" aria-label=\"Avalon, bibliotheque 80 cm &#8211; 1-porte + 1-tiroir + 5-niches &#8211; Driftwood\">\n\t\t\t<img loading=\"lazy\" decoding=\"async\" width=\"400\" height=\"250\" src=\"https:\/\/www.moensmeubelen.be\/wp-content\/uploads\/2026\/04\/698fe79bab1c0dc8b76e47b5165ce23594bffc5d_images_t_ll_m_419ae44721d242fb84cbcfbc33461761_image-400x250.jpg\" class=\"attachment-400x250 size-400x250\" alt=\"\" title=\"\">\t\t<\/a>\n\n\t\t\t\t\t<div class=\"wd-product-img-hover hover-img\">\n\t\t\t\t<img loading=\"lazy\" decoding=\"async\" width=\"400\" height=\"250\" src=\"https:\/\/www.moensmeubelen.be\/wp-content\/uploads\/2026\/04\/a153f09922e86ba9affba1e60d49aa749f610e87_images_t_ll_m_e0537063dc014910bc9add83c6acab21_image-400x250.jpg\" class=\"attachment-400x250 size-400x250\" alt=\"\" title=\"\">\t\t\t<\/div>\n\t\t\t\n\t\t<div class=\"wd-buttons wd-pos-r-t\">\n\t\t\t\t\t<div class=\"wd-compare-btn wd-action-btn wd-style-icon wd-compare-icon\">\n\t\t\t<a href=\"https:\/\/www.moensmeubelen.be\/fr\/vergelijk\/?product_id=718134\" class=\"\" data-id=\"718134\" rel=\"nofollow\">\n\t\t\t\t<span class=\"wd-action-icon\">\n\t\t\t\t\t<span class=\"wd-check-icon\"><\/span>\n\t\t\t\t<\/span>\n\t\t\t\t<span class=\"wd-action-text\">Comparer<\/span>\n\t\t\t<\/a>\n\t\t<\/div>\n\t\t\t\t\t\t\t<div class=\"wd-quick-view-btn wd-quick-view-icon wd-action-btn wd-style-icon\">\n\t\t\t<a\n\t\t\t\thref=\"https:\/\/www.moensmeubelen.be\/fr\/produit\/42490DRI-fr_BE\/\"\n\t\t\t\tclass=\"open-quick-view\"\n\t\t\t\trel=\"nofollow\"\n\t\t\t\tdata-id=\"718135\"\n\t\t\t\t>\n\t\t\t\t\t<span class=\"wd-action-icon\"><\/span>\n\t\t\t\t\t<span class=\"wd-action-text\">\n\t\t\t\t\t\tQuick view\t\t\t\t\t<\/span>\n\t\t\t<\/a>\n\t\t<\/div>\n\t\t\t\t\t\t\t<\/div>\n\t<\/div>\n\n\t\t\t<div class=\"wd-product-header\">\n\t\t\t<h3 class=\"wd-entities-title\"><a href=\"https:\/\/www.moensmeubelen.be\/fr\/produit\/42490DRI-fr_BE\/\">Avalon, bibliotheque 80 cm &#8211; 1-porte + 1-tiroir + 5-niches &#8211; Driftwood<\/a><\/h3>\t\t\t\t\t<\/div>\n\t\t\t\t<div class=\"wrap-price\">\n\t\t\t<div class=\"swap-wrapp\">\n\t\t\t\t<div class=\"swap-elements\">\n\t\t\t\t\t\n\t<span class=\"price\"><span class=\"woocommerce-Price-amount amount\"><bdi><span class=\"woocommerce-Price-currencySymbol\" translate=\"no\">&euro;<\/span>999,00<\/bdi><\/span><\/span>\n\t\t\t\t\t<div class=\"wd-add-btn\">\n\t\t\t\t\t\t<a data-gtm4wp_product_data=\"{&quot;internal_id&quot;:718135,&quot;item_id&quot;:&quot;42490DRI&quot;,&quot;item_name&quot;:&quot;Avalon, bibliotheque 80 cm - 1-porte + 1-tiroir + 5-niches - Driftwood&quot;,&quot;sku&quot;:&quot;42490DRI&quot;,&quot;price&quot;:999,&quot;stocklevel&quot;:null,&quot;stockstatus&quot;:&quot;onbackorder&quot;,&quot;google_business_vertical&quot;:&quot;retail&quot;,&quot;item_category&quot;:&quot;vivre&quot;,&quot;item_category2&quot;:&quot;Armoires&quot;,&quot;item_category3&quot;:&quot;Biblioth\\u00e8ques&quot;,&quot;id&quot;:&quot;42490DRI&quot;}\" href=\"\/fr\/wp-json\/wp\/v2\/pages\/74672?add-to-cart=718135\"  data-quantity=\"1\" class=\"button product_type_simple add_to_cart_button ajax_add_to_cart add-to-cart-loop\" data-product_id=\"718135\" data-product_sku=\"42490DRI\" aria-label=\"Add to cart: &ldquo;Avalon, bibliotheque 80 cm - 1-porte + 1-tiroir + 5-niches - Driftwood&rdquo;\" rel=\"nofollow\" data-success_message=\"&ldquo;Avalon, bibliotheque 80 cm - 1-porte + 1-tiroir + 5-niches - Driftwood&rdquo; has been added to your cart\"><span class=\"wd-action-icon\"><span class=\"wd-check-icon\"><\/span><\/span><span class=\"wd-action-text\">Panier<\/span><\/a>\t\t\t\t\t<\/div>\n\t\t\t\t<\/div>\n\t\t\t<\/div>\n\t\t\t\t\t<\/div>\n\n\t\t<span class=\"gtm4wp_productdata\" style=\"display:none; visibility:hidden;\" data-gtm4wp_product_data=\"{&quot;internal_id&quot;:718135,&quot;item_id&quot;:&quot;42490DRI&quot;,&quot;item_name&quot;:&quot;Avalon, bibliotheque 80 cm - 1-porte + 1-tiroir + 5-niches - Driftwood&quot;,&quot;sku&quot;:&quot;42490DRI&quot;,&quot;price&quot;:999,&quot;stocklevel&quot;:null,&quot;stockstatus&quot;:&quot;onbackorder&quot;,&quot;google_business_vertical&quot;:&quot;retail&quot;,&quot;item_category&quot;:&quot;vivre&quot;,&quot;item_category2&quot;:&quot;Armoires&quot;,&quot;item_category3&quot;:&quot;Biblioth\\u00e8ques&quot;,&quot;id&quot;:&quot;42490DRI&quot;,&quot;productlink&quot;:&quot;https:\\\/\\\/www.moensmeubelen.be\\\/fr\\\/produit\\\/42490DRI-fr_BE\\\/&quot;,&quot;item_list_name&quot;:&quot;General Product List&quot;,&quot;index&quot;:18,&quot;product_type&quot;:&quot;simple&quot;,&quot;item_list_id&quot;:&quot;general-product-list&quot;,&quot;item_brand&quot;:&quot;&quot;}\"><\/span>\t\t\t<input type=\"hidden\" class=\"pmwProductId\" data-id=\"718135\">\n\t\t\t\t\t<script class=\"_iub_cs_skip\">\n\t\t\t(window.pmwDataLayer = window.pmwDataLayer || {}).products                = window.pmwDataLayer.products || {};\n\t\t\twindow.pmwDataLayer.products[718135] = {\"id\":\"718135\",\"sku\":\"42490DRI\",\"price\":999,\"brand\":\"\",\"quantity\":1,\"dyn_r_ids\":{\"post_id\":\"718135\",\"sku\":\"42490DRI\",\"gpf\":\"woocommerce_gpf_718135\",\"gla\":\"gla_718135\"},\"is_variable\":false,\"type\":\"simple\",\"name\":\"Avalon, bibliotheque 80 cm - 1-porte + 1-tiroir + 5-niches - Driftwood\",\"category\":[\"Biblioth\u00e8ques\"],\"is_variation\":false};\n\t\t\t\t\twindow.pmw_product_position = window.pmw_product_position || 1;\n\t\twindow.pmwDataLayer.products[718135]['position'] = window.pmw_product_position++;\n\t\t\t\t<\/script>\n\t\t<div class=\"conditionele-tekst levertermijn-placeholder levertermijn-placeholder--plp\" data-aamss-sku=\"42490DRI\" data-aamss-product-id=\"718135\" data-aamss-context=\"plp\" data-aamss-state=\"loading\" aria-busy=\"true\">En stock - livraison sous 3 semaines<\/div>\n\t\t\n\t\t\t<\/div>\n<\/div>\n<div class=\"wd-product wd-col wd-hover-alt product-grid-item product type-product post-718145 status-publish onbackorder product_cat-boekenkasten_fr_BE has-post-thumbnail taxable shipping-taxable purchasable product-type-simple\" data-loop=\"18\" data-id=\"718145\">\n\t\n<div class=\"wd-product-wrapper product-wrapper\">\n\t<div class=\"wd-product-thumb product-element-top wd-quick-shop\">\n\t\t<a href=\"https:\/\/www.moensmeubelen.be\/fr\/produit\/42490NAT-fr_BE\/\" class=\"wd-product-img-link product-image-link\" tabindex=\"-1\" aria-label=\"Avalon, bibliotheque 80 cm &#8211; 1-porte + 1-tiroir + 5-niches &#8211; natural\">\n\t\t\t<img loading=\"lazy\" decoding=\"async\" width=\"400\" height=\"250\" src=\"https:\/\/www.moensmeubelen.be\/wp-content\/uploads\/2026\/04\/45d94d0c5bd61f1188da6b6360acb67724fa91ad_images_t_ll_m_fed3c8764892442fa10c2994f3e1c42e_image-400x250.jpg\" class=\"attachment-400x250 size-400x250\" alt=\"\" title=\"\">\t\t<\/a>\n\n\t\t\t\t\t<div class=\"wd-product-img-hover hover-img\">\n\t\t\t\t<img loading=\"lazy\" decoding=\"async\" width=\"400\" height=\"250\" src=\"https:\/\/www.moensmeubelen.be\/wp-content\/uploads\/2026\/04\/bfe579e33e747cd97a0cdca10314c234ff490dda_images_t_ll_m_3e642cbdbc864a64a7edcfe25719f7d4_image-400x250.jpg\" class=\"attachment-400x250 size-400x250\" alt=\"\" title=\"\">\t\t\t<\/div>\n\t\t\t\n\t\t<div class=\"wd-buttons wd-pos-r-t\">\n\t\t\t\t\t<div class=\"wd-compare-btn wd-action-btn wd-style-icon wd-compare-icon\">\n\t\t\t<a href=\"https:\/\/www.moensmeubelen.be\/fr\/vergelijk\/?product_id=718144\" class=\"\" data-id=\"718144\" rel=\"nofollow\">\n\t\t\t\t<span class=\"wd-action-icon\">\n\t\t\t\t\t<span class=\"wd-check-icon\"><\/span>\n\t\t\t\t<\/span>\n\t\t\t\t<span class=\"wd-action-text\">Comparer<\/span>\n\t\t\t<\/a>\n\t\t<\/div>\n\t\t\t\t\t\t\t<div class=\"wd-quick-view-btn wd-quick-view-icon wd-action-btn wd-style-icon\">\n\t\t\t<a\n\t\t\t\thref=\"https:\/\/www.moensmeubelen.be\/fr\/produit\/42490NAT-fr_BE\/\"\n\t\t\t\tclass=\"open-quick-view\"\n\t\t\t\trel=\"nofollow\"\n\t\t\t\tdata-id=\"718145\"\n\t\t\t\t>\n\t\t\t\t\t<span class=\"wd-action-icon\"><\/span>\n\t\t\t\t\t<span class=\"wd-action-text\">\n\t\t\t\t\t\tQuick view\t\t\t\t\t<\/span>\n\t\t\t<\/a>\n\t\t<\/div>\n\t\t\t\t\t\t\t<\/div>\n\t<\/div>\n\n\t\t\t<div class=\"wd-product-header\">\n\t\t\t<h3 class=\"wd-entities-title\"><a href=\"https:\/\/www.moensmeubelen.be\/fr\/produit\/42490NAT-fr_BE\/\">Avalon, bibliotheque 80 cm &#8211; 1-porte + 1-tiroir + 5-niches &#8211; natural<\/a><\/h3>\t\t\t\t\t<\/div>\n\t\t\t\t<div class=\"wrap-price\">\n\t\t\t<div class=\"swap-wrapp\">\n\t\t\t\t<div class=\"swap-elements\">\n\t\t\t\t\t\n\t<span class=\"price\"><span class=\"woocommerce-Price-amount amount\"><bdi><span class=\"woocommerce-Price-currencySymbol\" translate=\"no\">&euro;<\/span>999,00<\/bdi><\/span><\/span>\n\t\t\t\t\t<div class=\"wd-add-btn\">\n\t\t\t\t\t\t<a data-gtm4wp_product_data=\"{&quot;internal_id&quot;:718145,&quot;item_id&quot;:&quot;42490NAT&quot;,&quot;item_name&quot;:&quot;Avalon, bibliotheque 80 cm - 1-porte + 1-tiroir + 5-niches - natural&quot;,&quot;sku&quot;:&quot;42490NAT&quot;,&quot;price&quot;:999,&quot;stocklevel&quot;:null,&quot;stockstatus&quot;:&quot;onbackorder&quot;,&quot;google_business_vertical&quot;:&quot;retail&quot;,&quot;item_category&quot;:&quot;vivre&quot;,&quot;item_category2&quot;:&quot;Armoires&quot;,&quot;item_category3&quot;:&quot;Biblioth\\u00e8ques&quot;,&quot;id&quot;:&quot;42490NAT&quot;}\" href=\"\/fr\/wp-json\/wp\/v2\/pages\/74672?add-to-cart=718145\"  data-quantity=\"1\" class=\"button product_type_simple add_to_cart_button ajax_add_to_cart add-to-cart-loop\" data-product_id=\"718145\" data-product_sku=\"42490NAT\" aria-label=\"Add to cart: &ldquo;Avalon, bibliotheque 80 cm - 1-porte + 1-tiroir + 5-niches - natural&rdquo;\" rel=\"nofollow\" data-success_message=\"&ldquo;Avalon, bibliotheque 80 cm - 1-porte + 1-tiroir + 5-niches - natural&rdquo; has been added to your cart\"><span class=\"wd-action-icon\"><span class=\"wd-check-icon\"><\/span><\/span><span class=\"wd-action-text\">Panier<\/span><\/a>\t\t\t\t\t<\/div>\n\t\t\t\t<\/div>\n\t\t\t<\/div>\n\t\t\t\t\t<\/div>\n\n\t\t<span class=\"gtm4wp_productdata\" style=\"display:none; visibility:hidden;\" data-gtm4wp_product_data=\"{&quot;internal_id&quot;:718145,&quot;item_id&quot;:&quot;42490NAT&quot;,&quot;item_name&quot;:&quot;Avalon, bibliotheque 80 cm - 1-porte + 1-tiroir + 5-niches - natural&quot;,&quot;sku&quot;:&quot;42490NAT&quot;,&quot;price&quot;:999,&quot;stocklevel&quot;:null,&quot;stockstatus&quot;:&quot;onbackorder&quot;,&quot;google_business_vertical&quot;:&quot;retail&quot;,&quot;item_category&quot;:&quot;vivre&quot;,&quot;item_category2&quot;:&quot;Armoires&quot;,&quot;item_category3&quot;:&quot;Biblioth\\u00e8ques&quot;,&quot;id&quot;:&quot;42490NAT&quot;,&quot;productlink&quot;:&quot;https:\\\/\\\/www.moensmeubelen.be\\\/fr\\\/produit\\\/42490NAT-fr_BE\\\/&quot;,&quot;item_list_name&quot;:&quot;General Product List&quot;,&quot;index&quot;:19,&quot;product_type&quot;:&quot;simple&quot;,&quot;item_list_id&quot;:&quot;general-product-list&quot;,&quot;item_brand&quot;:&quot;&quot;}\"><\/span>\t\t\t<input type=\"hidden\" class=\"pmwProductId\" data-id=\"718145\">\n\t\t\t\t\t<script class=\"_iub_cs_skip\">\n\t\t\t(window.pmwDataLayer = window.pmwDataLayer || {}).products                = window.pmwDataLayer.products || {};\n\t\t\twindow.pmwDataLayer.products[718145] = {\"id\":\"718145\",\"sku\":\"42490NAT\",\"price\":999,\"brand\":\"\",\"quantity\":1,\"dyn_r_ids\":{\"post_id\":\"718145\",\"sku\":\"42490NAT\",\"gpf\":\"woocommerce_gpf_718145\",\"gla\":\"gla_718145\"},\"is_variable\":false,\"type\":\"simple\",\"name\":\"Avalon, bibliotheque 80 cm - 1-porte + 1-tiroir + 5-niches - natural\",\"category\":[\"Biblioth\u00e8ques\"],\"is_variation\":false};\n\t\t\t\t\twindow.pmw_product_position = window.pmw_product_position || 1;\n\t\twindow.pmwDataLayer.products[718145]['position'] = window.pmw_product_position++;\n\t\t\t\t<\/script>\n\t\t<div class=\"conditionele-tekst levertermijn-placeholder levertermijn-placeholder--plp\" data-aamss-sku=\"42490NAT\" data-aamss-product-id=\"718145\" data-aamss-context=\"plp\" data-aamss-state=\"loading\" aria-busy=\"true\">En stock - livraison sous 3 semaines<\/div>\n\t\t\n\t\t\t<\/div>\n<\/div>\n<div class=\"wd-product wd-col wd-hover-alt product-grid-item product type-product post-718235 status-publish last onbackorder product_cat-dressoirs_fr_BE has-post-thumbnail taxable shipping-taxable purchasable product-type-simple\" data-loop=\"19\" data-id=\"718235\">\n\t\n<div class=\"wd-product-wrapper product-wrapper\">\n\t<div class=\"wd-product-thumb product-element-top wd-quick-shop\">\n\t\t<a href=\"https:\/\/www.moensmeubelen.be\/fr\/produit\/42495DRI-fr_BE\/\" class=\"wd-product-img-link product-image-link\" tabindex=\"-1\" aria-label=\"Avalon, buffet 127 cm &#8211; 2-portes + 1-tiroir &#8211; Driftwood\">\n\t\t\t<img loading=\"lazy\" decoding=\"async\" width=\"400\" height=\"250\" src=\"https:\/\/www.moensmeubelen.be\/wp-content\/uploads\/2026\/04\/9b70799f15a5e19de8269ad2288f7744e90497e5_images_t_ll_m_116cb08a82e942e78a998d9cf2d16213_image-400x250.jpg\" class=\"attachment-400x250 size-400x250\" alt=\"\" title=\"\">\t\t<\/a>\n\n\t\t\t\t\t<div class=\"wd-product-img-hover hover-img\">\n\t\t\t\t<img loading=\"lazy\" decoding=\"async\" width=\"400\" height=\"250\" src=\"https:\/\/www.moensmeubelen.be\/wp-content\/uploads\/2026\/04\/becea2ce3a2620a7aeb27174f2772b5990aa3e27_images_t_ll_m_3703baa9c69849c192b4545d630e7009_image-400x250.jpg\" class=\"attachment-400x250 size-400x250\" alt=\"\" title=\"\">\t\t\t<\/div>\n\t\t\t\n\t\t<div class=\"wd-buttons wd-pos-r-t\">\n\t\t\t\t\t<div class=\"wd-compare-btn wd-action-btn wd-style-icon wd-compare-icon\">\n\t\t\t<a href=\"https:\/\/www.moensmeubelen.be\/fr\/vergelijk\/?product_id=718234\" class=\"\" data-id=\"718234\" rel=\"nofollow\">\n\t\t\t\t<span class=\"wd-action-icon\">\n\t\t\t\t\t<span class=\"wd-check-icon\"><\/span>\n\t\t\t\t<\/span>\n\t\t\t\t<span class=\"wd-action-text\">Comparer<\/span>\n\t\t\t<\/a>\n\t\t<\/div>\n\t\t\t\t\t\t\t<div class=\"wd-quick-view-btn wd-quick-view-icon wd-action-btn wd-style-icon\">\n\t\t\t<a\n\t\t\t\thref=\"https:\/\/www.moensmeubelen.be\/fr\/produit\/42495DRI-fr_BE\/\"\n\t\t\t\tclass=\"open-quick-view\"\n\t\t\t\trel=\"nofollow\"\n\t\t\t\tdata-id=\"718235\"\n\t\t\t\t>\n\t\t\t\t\t<span class=\"wd-action-icon\"><\/span>\n\t\t\t\t\t<span class=\"wd-action-text\">\n\t\t\t\t\t\tQuick view\t\t\t\t\t<\/span>\n\t\t\t<\/a>\n\t\t<\/div>\n\t\t\t\t\t\t\t<\/div>\n\t<\/div>\n\n\t\t\t<div class=\"wd-product-header\">\n\t\t\t<h3 class=\"wd-entities-title\"><a href=\"https:\/\/www.moensmeubelen.be\/fr\/produit\/42495DRI-fr_BE\/\">Avalon, buffet 127 cm &#8211; 2-portes + 1-tiroir &#8211; Driftwood<\/a><\/h3>\t\t\t\t\t<\/div>\n\t\t\t\t<div class=\"wrap-price\">\n\t\t\t<div class=\"swap-wrapp\">\n\t\t\t\t<div class=\"swap-elements\">\n\t\t\t\t\t\n\t<span class=\"price\"><span class=\"woocommerce-Price-amount amount\"><bdi><span class=\"woocommerce-Price-currencySymbol\" translate=\"no\">&euro;<\/span>699,00<\/bdi><\/span><\/span>\n\t\t\t\t\t<div class=\"wd-add-btn\">\n\t\t\t\t\t\t<a data-gtm4wp_product_data=\"{&quot;internal_id&quot;:718235,&quot;item_id&quot;:&quot;42495DRI&quot;,&quot;item_name&quot;:&quot;Avalon, buffet 127 cm - 2-portes + 1-tiroir - Driftwood&quot;,&quot;sku&quot;:&quot;42495DRI&quot;,&quot;price&quot;:699,&quot;stocklevel&quot;:null,&quot;stockstatus&quot;:&quot;onbackorder&quot;,&quot;google_business_vertical&quot;:&quot;retail&quot;,&quot;item_category&quot;:&quot;vivre&quot;,&quot;item_category2&quot;:&quot;Armoires&quot;,&quot;item_category3&quot;:&quot;Buffets bas&quot;,&quot;id&quot;:&quot;42495DRI&quot;}\" href=\"\/fr\/wp-json\/wp\/v2\/pages\/74672?add-to-cart=718235\"  data-quantity=\"1\" class=\"button product_type_simple add_to_cart_button ajax_add_to_cart add-to-cart-loop\" data-product_id=\"718235\" data-product_sku=\"42495DRI\" aria-label=\"Add to cart: &ldquo;Avalon, buffet 127 cm - 2-portes + 1-tiroir - Driftwood&rdquo;\" rel=\"nofollow\" data-success_message=\"&ldquo;Avalon, buffet 127 cm - 2-portes + 1-tiroir - Driftwood&rdquo; has been added to your cart\"><span class=\"wd-action-icon\"><span class=\"wd-check-icon\"><\/span><\/span><span class=\"wd-action-text\">Panier<\/span><\/a>\t\t\t\t\t<\/div>\n\t\t\t\t<\/div>\n\t\t\t<\/div>\n\t\t\t\t\t<\/div>\n\n\t\t<span class=\"gtm4wp_productdata\" style=\"display:none; visibility:hidden;\" data-gtm4wp_product_data=\"{&quot;internal_id&quot;:718235,&quot;item_id&quot;:&quot;42495DRI&quot;,&quot;item_name&quot;:&quot;Avalon, buffet 127 cm - 2-portes + 1-tiroir - Driftwood&quot;,&quot;sku&quot;:&quot;42495DRI&quot;,&quot;price&quot;:699,&quot;stocklevel&quot;:null,&quot;stockstatus&quot;:&quot;onbackorder&quot;,&quot;google_business_vertical&quot;:&quot;retail&quot;,&quot;item_category&quot;:&quot;vivre&quot;,&quot;item_category2&quot;:&quot;Armoires&quot;,&quot;item_category3&quot;:&quot;Buffets bas&quot;,&quot;id&quot;:&quot;42495DRI&quot;,&quot;productlink&quot;:&quot;https:\\\/\\\/www.moensmeubelen.be\\\/fr\\\/produit\\\/42495DRI-fr_BE\\\/&quot;,&quot;item_list_name&quot;:&quot;General Product List&quot;,&quot;index&quot;:20,&quot;product_type&quot;:&quot;simple&quot;,&quot;item_list_id&quot;:&quot;general-product-list&quot;,&quot;item_brand&quot;:&quot;&quot;}\"><\/span>\t\t\t<input type=\"hidden\" class=\"pmwProductId\" data-id=\"718235\">\n\t\t\t\t\t<script class=\"_iub_cs_skip\">\n\t\t\t(window.pmwDataLayer = window.pmwDataLayer || {}).products                = window.pmwDataLayer.products || {};\n\t\t\twindow.pmwDataLayer.products[718235] = {\"id\":\"718235\",\"sku\":\"42495DRI\",\"price\":699,\"brand\":\"\",\"quantity\":1,\"dyn_r_ids\":{\"post_id\":\"718235\",\"sku\":\"42495DRI\",\"gpf\":\"woocommerce_gpf_718235\",\"gla\":\"gla_718235\"},\"is_variable\":false,\"type\":\"simple\",\"name\":\"Avalon, buffet 127 cm - 2-portes + 1-tiroir - Driftwood\",\"category\":[\"Buffets bas\"],\"is_variation\":false};\n\t\t\t\t\twindow.pmw_product_position = window.pmw_product_position || 1;\n\t\twindow.pmwDataLayer.products[718235]['position'] = window.pmw_product_position++;\n\t\t\t\t<\/script>\n\t\t<div class=\"conditionele-tekst levertermijn-placeholder levertermijn-placeholder--plp\" data-aamss-sku=\"42495DRI\" data-aamss-product-id=\"718235\" data-aamss-context=\"plp\" data-aamss-state=\"loading\" aria-busy=\"true\">En stock - livraison sous 3 semaines<\/div>\n\t\t\n\t\t\t<\/div>\n<\/div>\n<div class=\"wd-product wd-col wd-hover-alt product-grid-item product type-product post-718245 status-publish first onbackorder product_cat-dressoirs_fr_BE has-post-thumbnail taxable shipping-taxable purchasable product-type-simple\" data-loop=\"20\" data-id=\"718245\">\n\t\n<div class=\"wd-product-wrapper product-wrapper\">\n\t<div class=\"wd-product-thumb product-element-top wd-quick-shop\">\n\t\t<a href=\"https:\/\/www.moensmeubelen.be\/fr\/produit\/42495NAT-fr_BE\/\" class=\"wd-product-img-link product-image-link\" tabindex=\"-1\" aria-label=\"Avalon, buffet 127 cm &#8211; 2-portes + 1-tiroir &#8211; natural\">\n\t\t\t<img loading=\"lazy\" decoding=\"async\" width=\"400\" height=\"250\" src=\"https:\/\/www.moensmeubelen.be\/wp-content\/uploads\/2026\/04\/5e0ff6c2caabf27af999f6bb0701b81f57953d61_images_t_ll_m_998c6d12908e409ea89951d428b280ba_image-400x250.jpg\" class=\"attachment-400x250 size-400x250\" alt=\"\" title=\"\">\t\t<\/a>\n\n\t\t\t\t\t<div class=\"wd-product-img-hover hover-img\">\n\t\t\t\t<img loading=\"lazy\" decoding=\"async\" width=\"400\" height=\"250\" src=\"https:\/\/www.moensmeubelen.be\/wp-content\/uploads\/2026\/04\/1359ba911c441b110deb9c93cc2fbf65385d07e7_images_t_ll_m_bf5a28f298064c1ab8814fd66b34cabf_ambiance-400x250.jpg\" class=\"attachment-400x250 size-400x250\" alt=\"\" title=\"\">\t\t\t<\/div>\n\t\t\t\n\t\t<div class=\"wd-buttons wd-pos-r-t\">\n\t\t\t\t\t<div class=\"wd-compare-btn wd-action-btn wd-style-icon wd-compare-icon\">\n\t\t\t<a href=\"https:\/\/www.moensmeubelen.be\/fr\/vergelijk\/?product_id=718244\" class=\"\" data-id=\"718244\" rel=\"nofollow\">\n\t\t\t\t<span class=\"wd-action-icon\">\n\t\t\t\t\t<span class=\"wd-check-icon\"><\/span>\n\t\t\t\t<\/span>\n\t\t\t\t<span class=\"wd-action-text\">Comparer<\/span>\n\t\t\t<\/a>\n\t\t<\/div>\n\t\t\t\t\t\t\t<div class=\"wd-quick-view-btn wd-quick-view-icon wd-action-btn wd-style-icon\">\n\t\t\t<a\n\t\t\t\thref=\"https:\/\/www.moensmeubelen.be\/fr\/produit\/42495NAT-fr_BE\/\"\n\t\t\t\tclass=\"open-quick-view\"\n\t\t\t\trel=\"nofollow\"\n\t\t\t\tdata-id=\"718245\"\n\t\t\t\t>\n\t\t\t\t\t<span class=\"wd-action-icon\"><\/span>\n\t\t\t\t\t<span class=\"wd-action-text\">\n\t\t\t\t\t\tQuick view\t\t\t\t\t<\/span>\n\t\t\t<\/a>\n\t\t<\/div>\n\t\t\t\t\t\t\t<\/div>\n\t<\/div>\n\n\t\t\t<div class=\"wd-product-header\">\n\t\t\t<h3 class=\"wd-entities-title\"><a href=\"https:\/\/www.moensmeubelen.be\/fr\/produit\/42495NAT-fr_BE\/\">Avalon, buffet 127 cm &#8211; 2-portes + 1-tiroir &#8211; natural<\/a><\/h3>\t\t\t\t\t<\/div>\n\t\t\t\t<div class=\"wrap-price\">\n\t\t\t<div class=\"swap-wrapp\">\n\t\t\t\t<div class=\"swap-elements\">\n\t\t\t\t\t\n\t<span class=\"price\"><span class=\"woocommerce-Price-amount amount\"><bdi><span class=\"woocommerce-Price-currencySymbol\" translate=\"no\">&euro;<\/span>699,00<\/bdi><\/span><\/span>\n\t\t\t\t\t<div class=\"wd-add-btn\">\n\t\t\t\t\t\t<a data-gtm4wp_product_data=\"{&quot;internal_id&quot;:718245,&quot;item_id&quot;:&quot;42495NAT&quot;,&quot;item_name&quot;:&quot;Avalon, buffet 127 cm - 2-portes + 1-tiroir - natural&quot;,&quot;sku&quot;:&quot;42495NAT&quot;,&quot;price&quot;:699,&quot;stocklevel&quot;:null,&quot;stockstatus&quot;:&quot;onbackorder&quot;,&quot;google_business_vertical&quot;:&quot;retail&quot;,&quot;item_category&quot;:&quot;vivre&quot;,&quot;item_category2&quot;:&quot;Armoires&quot;,&quot;item_category3&quot;:&quot;Buffets bas&quot;,&quot;id&quot;:&quot;42495NAT&quot;}\" href=\"\/fr\/wp-json\/wp\/v2\/pages\/74672?add-to-cart=718245\"  data-quantity=\"1\" class=\"button product_type_simple add_to_cart_button ajax_add_to_cart add-to-cart-loop\" data-product_id=\"718245\" data-product_sku=\"42495NAT\" aria-label=\"Add to cart: &ldquo;Avalon, buffet 127 cm - 2-portes + 1-tiroir - natural&rdquo;\" rel=\"nofollow\" data-success_message=\"&ldquo;Avalon, buffet 127 cm - 2-portes + 1-tiroir - natural&rdquo; has been added to your cart\"><span class=\"wd-action-icon\"><span class=\"wd-check-icon\"><\/span><\/span><span class=\"wd-action-text\">Panier<\/span><\/a>\t\t\t\t\t<\/div>\n\t\t\t\t<\/div>\n\t\t\t<\/div>\n\t\t\t\t\t<\/div>\n\n\t\t<span class=\"gtm4wp_productdata\" style=\"display:none; visibility:hidden;\" data-gtm4wp_product_data=\"{&quot;internal_id&quot;:718245,&quot;item_id&quot;:&quot;42495NAT&quot;,&quot;item_name&quot;:&quot;Avalon, buffet 127 cm - 2-portes + 1-tiroir - natural&quot;,&quot;sku&quot;:&quot;42495NAT&quot;,&quot;price&quot;:699,&quot;stocklevel&quot;:null,&quot;stockstatus&quot;:&quot;onbackorder&quot;,&quot;google_business_vertical&quot;:&quot;retail&quot;,&quot;item_category&quot;:&quot;vivre&quot;,&quot;item_category2&quot;:&quot;Armoires&quot;,&quot;item_category3&quot;:&quot;Buffets bas&quot;,&quot;id&quot;:&quot;42495NAT&quot;,&quot;productlink&quot;:&quot;https:\\\/\\\/www.moensmeubelen.be\\\/fr\\\/produit\\\/42495NAT-fr_BE\\\/&quot;,&quot;item_list_name&quot;:&quot;General Product List&quot;,&quot;index&quot;:21,&quot;product_type&quot;:&quot;simple&quot;,&quot;item_list_id&quot;:&quot;general-product-list&quot;,&quot;item_brand&quot;:&quot;&quot;}\"><\/span>\t\t\t<input type=\"hidden\" class=\"pmwProductId\" data-id=\"718245\">\n\t\t\t\t\t<script class=\"_iub_cs_skip\">\n\t\t\t(window.pmwDataLayer = window.pmwDataLayer || {}).products                = window.pmwDataLayer.products || {};\n\t\t\twindow.pmwDataLayer.products[718245] = {\"id\":\"718245\",\"sku\":\"42495NAT\",\"price\":699,\"brand\":\"\",\"quantity\":1,\"dyn_r_ids\":{\"post_id\":\"718245\",\"sku\":\"42495NAT\",\"gpf\":\"woocommerce_gpf_718245\",\"gla\":\"gla_718245\"},\"is_variable\":false,\"type\":\"simple\",\"name\":\"Avalon, buffet 127 cm - 2-portes + 1-tiroir - natural\",\"category\":[\"Buffets bas\"],\"is_variation\":false};\n\t\t\t\t\twindow.pmw_product_position = window.pmw_product_position || 1;\n\t\twindow.pmwDataLayer.products[718245]['position'] = window.pmw_product_position++;\n\t\t\t\t<\/script>\n\t\t<div class=\"conditionele-tekst levertermijn-placeholder levertermijn-placeholder--plp\" data-aamss-sku=\"42495NAT\" data-aamss-product-id=\"718245\" data-aamss-context=\"plp\" data-aamss-state=\"loading\" aria-busy=\"true\">En stock - livraison sous 3 semaines<\/div>\n\t\t\n\t\t\t<\/div>\n<\/div>\n<div class=\"wd-product wd-col wd-hover-alt product-grid-item product type-product post-718001 status-publish onbackorder product_cat-dressoirs_fr_BE has-post-thumbnail taxable shipping-taxable purchasable product-type-simple\" data-loop=\"21\" data-id=\"718001\">\n\t\n<div class=\"wd-product-wrapper product-wrapper\">\n\t<div class=\"wd-product-thumb product-element-top wd-quick-shop\">\n\t\t<a href=\"https:\/\/www.moensmeubelen.be\/fr\/produit\/42482DRI-fr_BE\/\" class=\"wd-product-img-link product-image-link\" tabindex=\"-1\" aria-label=\"Avalon, buffet 170 cm &#8211; 4-portes + 1-tiroir &#8211; Driftwood\">\n\t\t\t<img loading=\"lazy\" decoding=\"async\" width=\"400\" height=\"250\" src=\"https:\/\/www.moensmeubelen.be\/wp-content\/uploads\/2026\/04\/469776294615fab19c0e2e4a4dfa616cbb8244e3_images_t_ll_m_73f6b14f28214e5a8b3c2275bf387c8b_image-400x250.jpg\" class=\"attachment-400x250 size-400x250\" alt=\"\" title=\"\">\t\t<\/a>\n\n\t\t\t\t\t<div class=\"wd-product-img-hover hover-img\">\n\t\t\t\t<img loading=\"lazy\" decoding=\"async\" width=\"400\" height=\"250\" src=\"https:\/\/www.moensmeubelen.be\/wp-content\/uploads\/2026\/04\/378017e5540b618a5bf60a092727a8952e889f9e_images_t_ll_m_bf5a28f298064c1ab8814fd66b34cabf_ambiance-400x250.jpg\" class=\"attachment-400x250 size-400x250\" alt=\"\" title=\"\">\t\t\t<\/div>\n\t\t\t\n\t\t<div class=\"wd-buttons wd-pos-r-t\">\n\t\t\t\t\t<div class=\"wd-compare-btn wd-action-btn wd-style-icon wd-compare-icon\">\n\t\t\t<a href=\"https:\/\/www.moensmeubelen.be\/fr\/vergelijk\/?product_id=718000\" class=\"\" data-id=\"718000\" rel=\"nofollow\">\n\t\t\t\t<span class=\"wd-action-icon\">\n\t\t\t\t\t<span class=\"wd-check-icon\"><\/span>\n\t\t\t\t<\/span>\n\t\t\t\t<span class=\"wd-action-text\">Comparer<\/span>\n\t\t\t<\/a>\n\t\t<\/div>\n\t\t\t\t\t\t\t<div class=\"wd-quick-view-btn wd-quick-view-icon wd-action-btn wd-style-icon\">\n\t\t\t<a\n\t\t\t\thref=\"https:\/\/www.moensmeubelen.be\/fr\/produit\/42482DRI-fr_BE\/\"\n\t\t\t\tclass=\"open-quick-view\"\n\t\t\t\trel=\"nofollow\"\n\t\t\t\tdata-id=\"718001\"\n\t\t\t\t>\n\t\t\t\t\t<span class=\"wd-action-icon\"><\/span>\n\t\t\t\t\t<span class=\"wd-action-text\">\n\t\t\t\t\t\tQuick view\t\t\t\t\t<\/span>\n\t\t\t<\/a>\n\t\t<\/div>\n\t\t\t\t\t\t\t<\/div>\n\t<\/div>\n\n\t\t\t<div class=\"wd-product-header\">\n\t\t\t<h3 class=\"wd-entities-title\"><a href=\"https:\/\/www.moensmeubelen.be\/fr\/produit\/42482DRI-fr_BE\/\">Avalon, buffet 170 cm &#8211; 4-portes + 1-tiroir &#8211; Driftwood<\/a><\/h3>\t\t\t\t\t<\/div>\n\t\t\t\t<div class=\"wrap-price\">\n\t\t\t<div class=\"swap-wrapp\">\n\t\t\t\t<div class=\"swap-elements\">\n\t\t\t\t\t\n\t<span class=\"price\"><span class=\"woocommerce-Price-amount amount\"><bdi><span class=\"woocommerce-Price-currencySymbol\" translate=\"no\">&euro;<\/span>999,00<\/bdi><\/span><\/span>\n\t\t\t\t\t<div class=\"wd-add-btn\">\n\t\t\t\t\t\t<a data-gtm4wp_product_data=\"{&quot;internal_id&quot;:718001,&quot;item_id&quot;:&quot;42482DRI&quot;,&quot;item_name&quot;:&quot;Avalon, buffet 170 cm - 4-portes + 1-tiroir - Driftwood&quot;,&quot;sku&quot;:&quot;42482DRI&quot;,&quot;price&quot;:999,&quot;stocklevel&quot;:null,&quot;stockstatus&quot;:&quot;onbackorder&quot;,&quot;google_business_vertical&quot;:&quot;retail&quot;,&quot;item_category&quot;:&quot;vivre&quot;,&quot;item_category2&quot;:&quot;Armoires&quot;,&quot;item_category3&quot;:&quot;Buffets bas&quot;,&quot;id&quot;:&quot;42482DRI&quot;}\" href=\"\/fr\/wp-json\/wp\/v2\/pages\/74672?add-to-cart=718001\"  data-quantity=\"1\" class=\"button product_type_simple add_to_cart_button ajax_add_to_cart add-to-cart-loop\" data-product_id=\"718001\" data-product_sku=\"42482DRI\" aria-label=\"Add to cart: &ldquo;Avalon, buffet 170 cm - 4-portes + 1-tiroir - Driftwood&rdquo;\" rel=\"nofollow\" data-success_message=\"&ldquo;Avalon, buffet 170 cm - 4-portes + 1-tiroir - Driftwood&rdquo; has been added to your cart\"><span class=\"wd-action-icon\"><span class=\"wd-check-icon\"><\/span><\/span><span class=\"wd-action-text\">Panier<\/span><\/a>\t\t\t\t\t<\/div>\n\t\t\t\t<\/div>\n\t\t\t<\/div>\n\t\t\t\t\t<\/div>\n\n\t\t<span class=\"gtm4wp_productdata\" style=\"display:none; visibility:hidden;\" data-gtm4wp_product_data=\"{&quot;internal_id&quot;:718001,&quot;item_id&quot;:&quot;42482DRI&quot;,&quot;item_name&quot;:&quot;Avalon, buffet 170 cm - 4-portes + 1-tiroir - Driftwood&quot;,&quot;sku&quot;:&quot;42482DRI&quot;,&quot;price&quot;:999,&quot;stocklevel&quot;:null,&quot;stockstatus&quot;:&quot;onbackorder&quot;,&quot;google_business_vertical&quot;:&quot;retail&quot;,&quot;item_category&quot;:&quot;vivre&quot;,&quot;item_category2&quot;:&quot;Armoires&quot;,&quot;item_category3&quot;:&quot;Buffets bas&quot;,&quot;id&quot;:&quot;42482DRI&quot;,&quot;productlink&quot;:&quot;https:\\\/\\\/www.moensmeubelen.be\\\/fr\\\/produit\\\/42482DRI-fr_BE\\\/&quot;,&quot;item_list_name&quot;:&quot;General Product List&quot;,&quot;index&quot;:22,&quot;product_type&quot;:&quot;simple&quot;,&quot;item_list_id&quot;:&quot;general-product-list&quot;,&quot;item_brand&quot;:&quot;&quot;}\"><\/span>\t\t\t<input type=\"hidden\" class=\"pmwProductId\" data-id=\"718001\">\n\t\t\t\t\t<script class=\"_iub_cs_skip\">\n\t\t\t(window.pmwDataLayer = window.pmwDataLayer || {}).products                = window.pmwDataLayer.products || {};\n\t\t\twindow.pmwDataLayer.products[718001] = {\"id\":\"718001\",\"sku\":\"42482DRI\",\"price\":999,\"brand\":\"\",\"quantity\":1,\"dyn_r_ids\":{\"post_id\":\"718001\",\"sku\":\"42482DRI\",\"gpf\":\"woocommerce_gpf_718001\",\"gla\":\"gla_718001\"},\"is_variable\":false,\"type\":\"simple\",\"name\":\"Avalon, buffet 170 cm - 4-portes + 1-tiroir - Driftwood\",\"category\":[\"Buffets bas\"],\"is_variation\":false};\n\t\t\t\t\twindow.pmw_product_position = window.pmw_product_position || 1;\n\t\twindow.pmwDataLayer.products[718001]['position'] = window.pmw_product_position++;\n\t\t\t\t<\/script>\n\t\t<div class=\"conditionele-tekst levertermijn-placeholder levertermijn-placeholder--plp\" data-aamss-sku=\"42482DRI\" data-aamss-product-id=\"718001\" data-aamss-context=\"plp\" data-aamss-state=\"loading\" aria-busy=\"true\">En stock - livraison sous 3 semaines<\/div>\n\t\t\n\t\t\t<\/div>\n<\/div>\n<div class=\"wd-product wd-col wd-hover-alt product-grid-item product type-product post-718011 status-publish onbackorder product_cat-dressoirs_fr_BE has-post-thumbnail taxable shipping-taxable purchasable product-type-simple\" data-loop=\"22\" data-id=\"718011\">\n\t\n<div class=\"wd-product-wrapper product-wrapper\">\n\t<div class=\"wd-product-thumb product-element-top wd-quick-shop\">\n\t\t<a href=\"https:\/\/www.moensmeubelen.be\/fr\/produit\/42482NAT-fr_BE\/\" class=\"wd-product-img-link product-image-link\" tabindex=\"-1\" aria-label=\"Avalon, buffet 170 cm &#8211; 4-portes + 1-tiroir &#8211; natural\">\n\t\t\t<img loading=\"lazy\" decoding=\"async\" width=\"400\" height=\"250\" src=\"https:\/\/www.moensmeubelen.be\/wp-content\/uploads\/2026\/04\/48497c353c02f3b7b2ff0120f3b0e4fd0668cf5a_images_t_ll_m_11cff0f868ed42c6b4ef216a52556247_image-400x250.jpg\" class=\"attachment-400x250 size-400x250\" alt=\"\" title=\"\">\t\t<\/a>\n\n\t\t\t\t\t<div class=\"wd-product-img-hover hover-img\">\n\t\t\t\t<img loading=\"lazy\" decoding=\"async\" width=\"400\" height=\"250\" src=\"https:\/\/www.moensmeubelen.be\/wp-content\/uploads\/2026\/04\/362b1e719fe61ce432de49d6c20ae903daf6c303_images_t_ll_m_bf5a28f298064c1ab8814fd66b34cabf_ambiance-400x250.jpg\" class=\"attachment-400x250 size-400x250\" alt=\"\" title=\"\">\t\t\t<\/div>\n\t\t\t\n\t\t<div class=\"wd-buttons wd-pos-r-t\">\n\t\t\t\t\t<div class=\"wd-compare-btn wd-action-btn wd-style-icon wd-compare-icon\">\n\t\t\t<a href=\"https:\/\/www.moensmeubelen.be\/fr\/vergelijk\/?product_id=718010\" class=\"\" data-id=\"718010\" rel=\"nofollow\">\n\t\t\t\t<span class=\"wd-action-icon\">\n\t\t\t\t\t<span class=\"wd-check-icon\"><\/span>\n\t\t\t\t<\/span>\n\t\t\t\t<span class=\"wd-action-text\">Comparer<\/span>\n\t\t\t<\/a>\n\t\t<\/div>\n\t\t\t\t\t\t\t<div class=\"wd-quick-view-btn wd-quick-view-icon wd-action-btn wd-style-icon\">\n\t\t\t<a\n\t\t\t\thref=\"https:\/\/www.moensmeubelen.be\/fr\/produit\/42482NAT-fr_BE\/\"\n\t\t\t\tclass=\"open-quick-view\"\n\t\t\t\trel=\"nofollow\"\n\t\t\t\tdata-id=\"718011\"\n\t\t\t\t>\n\t\t\t\t\t<span class=\"wd-action-icon\"><\/span>\n\t\t\t\t\t<span class=\"wd-action-text\">\n\t\t\t\t\t\tQuick view\t\t\t\t\t<\/span>\n\t\t\t<\/a>\n\t\t<\/div>\n\t\t\t\t\t\t\t<\/div>\n\t<\/div>\n\n\t\t\t<div class=\"wd-product-header\">\n\t\t\t<h3 class=\"wd-entities-title\"><a href=\"https:\/\/www.moensmeubelen.be\/fr\/produit\/42482NAT-fr_BE\/\">Avalon, buffet 170 cm &#8211; 4-portes + 1-tiroir &#8211; natural<\/a><\/h3>\t\t\t\t\t<\/div>\n\t\t\t\t<div class=\"wrap-price\">\n\t\t\t<div class=\"swap-wrapp\">\n\t\t\t\t<div class=\"swap-elements\">\n\t\t\t\t\t\n\t<span class=\"price\"><span class=\"woocommerce-Price-amount amount\"><bdi><span class=\"woocommerce-Price-currencySymbol\" translate=\"no\">&euro;<\/span>999,00<\/bdi><\/span><\/span>\n\t\t\t\t\t<div class=\"wd-add-btn\">\n\t\t\t\t\t\t<a data-gtm4wp_product_data=\"{&quot;internal_id&quot;:718011,&quot;item_id&quot;:&quot;42482NAT&quot;,&quot;item_name&quot;:&quot;Avalon, buffet 170 cm - 4-portes + 1-tiroir - natural&quot;,&quot;sku&quot;:&quot;42482NAT&quot;,&quot;price&quot;:999,&quot;stocklevel&quot;:null,&quot;stockstatus&quot;:&quot;onbackorder&quot;,&quot;google_business_vertical&quot;:&quot;retail&quot;,&quot;item_category&quot;:&quot;vivre&quot;,&quot;item_category2&quot;:&quot;Armoires&quot;,&quot;item_category3&quot;:&quot;Buffets bas&quot;,&quot;id&quot;:&quot;42482NAT&quot;}\" href=\"\/fr\/wp-json\/wp\/v2\/pages\/74672?add-to-cart=718011\"  data-quantity=\"1\" class=\"button product_type_simple add_to_cart_button ajax_add_to_cart add-to-cart-loop\" data-product_id=\"718011\" data-product_sku=\"42482NAT\" aria-label=\"Add to cart: &ldquo;Avalon, buffet 170 cm - 4-portes + 1-tiroir - natural&rdquo;\" rel=\"nofollow\" data-success_message=\"&ldquo;Avalon, buffet 170 cm - 4-portes + 1-tiroir - natural&rdquo; has been added to your cart\"><span class=\"wd-action-icon\"><span class=\"wd-check-icon\"><\/span><\/span><span class=\"wd-action-text\">Panier<\/span><\/a>\t\t\t\t\t<\/div>\n\t\t\t\t<\/div>\n\t\t\t<\/div>\n\t\t\t\t\t<\/div>\n\n\t\t<span class=\"gtm4wp_productdata\" style=\"display:none; visibility:hidden;\" data-gtm4wp_product_data=\"{&quot;internal_id&quot;:718011,&quot;item_id&quot;:&quot;42482NAT&quot;,&quot;item_name&quot;:&quot;Avalon, buffet 170 cm - 4-portes + 1-tiroir - natural&quot;,&quot;sku&quot;:&quot;42482NAT&quot;,&quot;price&quot;:999,&quot;stocklevel&quot;:null,&quot;stockstatus&quot;:&quot;onbackorder&quot;,&quot;google_business_vertical&quot;:&quot;retail&quot;,&quot;item_category&quot;:&quot;vivre&quot;,&quot;item_category2&quot;:&quot;Armoires&quot;,&quot;item_category3&quot;:&quot;Buffets bas&quot;,&quot;id&quot;:&quot;42482NAT&quot;,&quot;productlink&quot;:&quot;https:\\\/\\\/www.moensmeubelen.be\\\/fr\\\/produit\\\/42482NAT-fr_BE\\\/&quot;,&quot;item_list_name&quot;:&quot;General Product List&quot;,&quot;index&quot;:23,&quot;product_type&quot;:&quot;simple&quot;,&quot;item_list_id&quot;:&quot;general-product-list&quot;,&quot;item_brand&quot;:&quot;&quot;}\"><\/span>\t\t\t<input type=\"hidden\" class=\"pmwProductId\" data-id=\"718011\">\n\t\t\t\t\t<script class=\"_iub_cs_skip\">\n\t\t\t(window.pmwDataLayer = window.pmwDataLayer || {}).products                = window.pmwDataLayer.products || {};\n\t\t\twindow.pmwDataLayer.products[718011] = {\"id\":\"718011\",\"sku\":\"42482NAT\",\"price\":999,\"brand\":\"\",\"quantity\":1,\"dyn_r_ids\":{\"post_id\":\"718011\",\"sku\":\"42482NAT\",\"gpf\":\"woocommerce_gpf_718011\",\"gla\":\"gla_718011\"},\"is_variable\":false,\"type\":\"simple\",\"name\":\"Avalon, buffet 170 cm - 4-portes + 1-tiroir - natural\",\"category\":[\"Buffets bas\"],\"is_variation\":false};\n\t\t\t\t\twindow.pmw_product_position = window.pmw_product_position || 1;\n\t\twindow.pmwDataLayer.products[718011]['position'] = window.pmw_product_position++;\n\t\t\t\t<\/script>\n\t\t<div class=\"conditionele-tekst levertermijn-placeholder levertermijn-placeholder--plp\" data-aamss-sku=\"42482NAT\" data-aamss-product-id=\"718011\" data-aamss-context=\"plp\" data-aamss-state=\"loading\" aria-busy=\"true\">En stock - livraison sous 3 semaines<\/div>\n\t\t\n\t\t\t<\/div>\n<\/div>\n<div class=\"wd-product wd-col wd-hover-alt product-grid-item product type-product post-717983 status-publish last onbackorder product_cat-dressoirs_fr_BE has-post-thumbnail taxable shipping-taxable purchasable product-type-simple\" data-loop=\"23\" data-id=\"717983\">\n\t\n<div class=\"wd-product-wrapper product-wrapper\">\n\t<div class=\"wd-product-thumb product-element-top wd-quick-shop\">\n\t\t<a href=\"https:\/\/www.moensmeubelen.be\/fr\/produit\/42481DRI-fr_BE\/\" class=\"wd-product-img-link product-image-link\" tabindex=\"-1\" aria-label=\"Avalon, buffet 200 cm &#8211; 4-portes + 1-tiroir + 1-porte en verre (+ LED) &#8211; Driftwood\">\n\t\t\t<img loading=\"lazy\" decoding=\"async\" width=\"400\" height=\"250\" src=\"https:\/\/www.moensmeubelen.be\/wp-content\/uploads\/2026\/04\/37efbc3b40f37a94b776022d3544b27f51c7d9da_images_t_ll_m_4f8f2d25805e4a28ba7e5b49046fba58_image-400x250.jpg\" class=\"attachment-400x250 size-400x250\" alt=\"\" title=\"\">\t\t<\/a>\n\n\t\t\t\t\t<div class=\"wd-product-img-hover hover-img\">\n\t\t\t\t<img loading=\"lazy\" decoding=\"async\" width=\"400\" height=\"250\" src=\"https:\/\/www.moensmeubelen.be\/wp-content\/uploads\/2026\/04\/2cb3a3965353add4d1643b7c281db9c927b66aaa_images_t_ll_m_990b4ae860274ec3adf123eb76d4669d_ambiance-400x250.jpg\" class=\"attachment-400x250 size-400x250\" alt=\"\" title=\"\">\t\t\t<\/div>\n\t\t\t\n\t\t<div class=\"wd-buttons wd-pos-r-t\">\n\t\t\t\t\t<div class=\"wd-compare-btn wd-action-btn wd-style-icon wd-compare-icon\">\n\t\t\t<a href=\"https:\/\/www.moensmeubelen.be\/fr\/vergelijk\/?product_id=717982\" class=\"\" data-id=\"717982\" rel=\"nofollow\">\n\t\t\t\t<span class=\"wd-action-icon\">\n\t\t\t\t\t<span class=\"wd-check-icon\"><\/span>\n\t\t\t\t<\/span>\n\t\t\t\t<span class=\"wd-action-text\">Comparer<\/span>\n\t\t\t<\/a>\n\t\t<\/div>\n\t\t\t\t\t\t\t<div class=\"wd-quick-view-btn wd-quick-view-icon wd-action-btn wd-style-icon\">\n\t\t\t<a\n\t\t\t\thref=\"https:\/\/www.moensmeubelen.be\/fr\/produit\/42481DRI-fr_BE\/\"\n\t\t\t\tclass=\"open-quick-view\"\n\t\t\t\trel=\"nofollow\"\n\t\t\t\tdata-id=\"717983\"\n\t\t\t\t>\n\t\t\t\t\t<span class=\"wd-action-icon\"><\/span>\n\t\t\t\t\t<span class=\"wd-action-text\">\n\t\t\t\t\t\tQuick view\t\t\t\t\t<\/span>\n\t\t\t<\/a>\n\t\t<\/div>\n\t\t\t\t\t\t\t<\/div>\n\t<\/div>\n\n\t\t\t<div class=\"wd-product-header\">\n\t\t\t<h3 class=\"wd-entities-title\"><a href=\"https:\/\/www.moensmeubelen.be\/fr\/produit\/42481DRI-fr_BE\/\">Avalon, buffet 200 cm &#8211; 4-portes + 1-tiroir + 1-porte en verre (+ LED) &#8211; Driftwood<\/a><\/h3>\t\t\t\t\t<\/div>\n\t\t\t\t<div class=\"wrap-price\">\n\t\t\t<div class=\"swap-wrapp\">\n\t\t\t\t<div class=\"swap-elements\">\n\t\t\t\t\t\n\t<span class=\"price\"><span class=\"woocommerce-Price-amount amount\"><bdi><span class=\"woocommerce-Price-currencySymbol\" translate=\"no\">&euro;<\/span>1.099,00<\/bdi><\/span><\/span>\n\t\t\t\t\t<div class=\"wd-add-btn\">\n\t\t\t\t\t\t<a data-gtm4wp_product_data=\"{&quot;internal_id&quot;:717983,&quot;item_id&quot;:&quot;42481DRI&quot;,&quot;item_name&quot;:&quot;Avalon, buffet 200 cm - 4-portes + 1-tiroir + 1-porte en verre (+ LED) - Driftwood&quot;,&quot;sku&quot;:&quot;42481DRI&quot;,&quot;price&quot;:1099,&quot;stocklevel&quot;:null,&quot;stockstatus&quot;:&quot;onbackorder&quot;,&quot;google_business_vertical&quot;:&quot;retail&quot;,&quot;item_category&quot;:&quot;vivre&quot;,&quot;item_category2&quot;:&quot;Armoires&quot;,&quot;item_category3&quot;:&quot;Buffets bas&quot;,&quot;id&quot;:&quot;42481DRI&quot;}\" href=\"\/fr\/wp-json\/wp\/v2\/pages\/74672?add-to-cart=717983\"  data-quantity=\"1\" class=\"button product_type_simple add_to_cart_button ajax_add_to_cart add-to-cart-loop\" data-product_id=\"717983\" data-product_sku=\"42481DRI\" aria-label=\"Add to cart: &ldquo;Avalon, buffet 200 cm - 4-portes + 1-tiroir + 1-porte en verre (+ LED) - Driftwood&rdquo;\" rel=\"nofollow\" data-success_message=\"&ldquo;Avalon, buffet 200 cm - 4-portes + 1-tiroir + 1-porte en verre (+ LED) - Driftwood&rdquo; has been added to your cart\"><span class=\"wd-action-icon\"><span class=\"wd-check-icon\"><\/span><\/span><span class=\"wd-action-text\">Panier<\/span><\/a>\t\t\t\t\t<\/div>\n\t\t\t\t<\/div>\n\t\t\t<\/div>\n\t\t\t\t\t<\/div>\n\n\t\t<span class=\"gtm4wp_productdata\" style=\"display:none; visibility:hidden;\" data-gtm4wp_product_data=\"{&quot;internal_id&quot;:717983,&quot;item_id&quot;:&quot;42481DRI&quot;,&quot;item_name&quot;:&quot;Avalon, buffet 200 cm - 4-portes + 1-tiroir + 1-porte en verre (+ LED) - Driftwood&quot;,&quot;sku&quot;:&quot;42481DRI&quot;,&quot;price&quot;:1099,&quot;stocklevel&quot;:null,&quot;stockstatus&quot;:&quot;onbackorder&quot;,&quot;google_business_vertical&quot;:&quot;retail&quot;,&quot;item_category&quot;:&quot;vivre&quot;,&quot;item_category2&quot;:&quot;Armoires&quot;,&quot;item_category3&quot;:&quot;Buffets bas&quot;,&quot;id&quot;:&quot;42481DRI&quot;,&quot;productlink&quot;:&quot;https:\\\/\\\/www.moensmeubelen.be\\\/fr\\\/produit\\\/42481DRI-fr_BE\\\/&quot;,&quot;item_list_name&quot;:&quot;General Product List&quot;,&quot;index&quot;:24,&quot;product_type&quot;:&quot;simple&quot;,&quot;item_list_id&quot;:&quot;general-product-list&quot;,&quot;item_brand&quot;:&quot;&quot;}\"><\/span>\t\t\t<input type=\"hidden\" class=\"pmwProductId\" data-id=\"717983\">\n\t\t\t\t\t<script class=\"_iub_cs_skip\">\n\t\t\t(window.pmwDataLayer = window.pmwDataLayer || {}).products                = window.pmwDataLayer.products || {};\n\t\t\twindow.pmwDataLayer.products[717983] = {\"id\":\"717983\",\"sku\":\"42481DRI\",\"price\":1099,\"brand\":\"\",\"quantity\":1,\"dyn_r_ids\":{\"post_id\":\"717983\",\"sku\":\"42481DRI\",\"gpf\":\"woocommerce_gpf_717983\",\"gla\":\"gla_717983\"},\"is_variable\":false,\"type\":\"simple\",\"name\":\"Avalon, buffet 200 cm - 4-portes + 1-tiroir + 1-porte en verre (+ LED) - Driftwood\",\"category\":[\"Buffets bas\"],\"is_variation\":false};\n\t\t\t\t\twindow.pmw_product_position = window.pmw_product_position || 1;\n\t\twindow.pmwDataLayer.products[717983]['position'] = window.pmw_product_position++;\n\t\t\t\t<\/script>\n\t\t<div class=\"conditionele-tekst levertermijn-placeholder levertermijn-placeholder--plp\" data-aamss-sku=\"42481DRI\" data-aamss-product-id=\"717983\" data-aamss-context=\"plp\" data-aamss-state=\"loading\" aria-busy=\"true\">En stock - livraison sous 3 semaines<\/div>\n\t\t\n\t\t\t<\/div>\n<\/div>\n<div class=\"wd-product wd-col wd-hover-alt product-grid-item product type-product post-717991 status-publish first onbackorder product_cat-dressoirs_fr_BE has-post-thumbnail taxable shipping-taxable purchasable product-type-simple\" data-loop=\"24\" data-id=\"717991\">\n\t\n<div class=\"wd-product-wrapper product-wrapper\">\n\t<div class=\"wd-product-thumb product-element-top wd-quick-shop\">\n\t\t<a href=\"https:\/\/www.moensmeubelen.be\/fr\/produit\/42481NAT-fr_BE\/\" class=\"wd-product-img-link product-image-link\" tabindex=\"-1\" aria-label=\"Avalon, buffet 200 cm &#8211; 4-portes + 1-tiroir + 1-porte en verre (+ LED) &#8211; natural\">\n\t\t\t<img loading=\"lazy\" decoding=\"async\" width=\"400\" height=\"250\" src=\"https:\/\/www.moensmeubelen.be\/wp-content\/uploads\/2026\/04\/f87ec80232c62d1389b1033e1a2cd2792ce142bd_images_t_ll_m_3e52c54f66c44af2bebc59a6adf03e94_image-400x250.jpg\" class=\"attachment-400x250 size-400x250\" alt=\"\" title=\"\">\t\t<\/a>\n\n\t\t\t\t\t<div class=\"wd-product-img-hover hover-img\">\n\t\t\t\t<img loading=\"lazy\" decoding=\"async\" width=\"400\" height=\"250\" src=\"https:\/\/www.moensmeubelen.be\/wp-content\/uploads\/2026\/04\/7dd27b72ff9f48135ef8cad01133a960fccf1986_images_t_ll_m_4a19d31feae9428db2073cd6de814216_image-400x250.jpg\" class=\"attachment-400x250 size-400x250\" alt=\"\" title=\"\">\t\t\t<\/div>\n\t\t\t\n\t\t<div class=\"wd-buttons wd-pos-r-t\">\n\t\t\t\t\t<div class=\"wd-compare-btn wd-action-btn wd-style-icon wd-compare-icon\">\n\t\t\t<a href=\"https:\/\/www.moensmeubelen.be\/fr\/vergelijk\/?product_id=717990\" class=\"\" data-id=\"717990\" rel=\"nofollow\">\n\t\t\t\t<span class=\"wd-action-icon\">\n\t\t\t\t\t<span class=\"wd-check-icon\"><\/span>\n\t\t\t\t<\/span>\n\t\t\t\t<span class=\"wd-action-text\">Comparer<\/span>\n\t\t\t<\/a>\n\t\t<\/div>\n\t\t\t\t\t\t\t<div class=\"wd-quick-view-btn wd-quick-view-icon wd-action-btn wd-style-icon\">\n\t\t\t<a\n\t\t\t\thref=\"https:\/\/www.moensmeubelen.be\/fr\/produit\/42481NAT-fr_BE\/\"\n\t\t\t\tclass=\"open-quick-view\"\n\t\t\t\trel=\"nofollow\"\n\t\t\t\tdata-id=\"717991\"\n\t\t\t\t>\n\t\t\t\t\t<span class=\"wd-action-icon\"><\/span>\n\t\t\t\t\t<span class=\"wd-action-text\">\n\t\t\t\t\t\tQuick view\t\t\t\t\t<\/span>\n\t\t\t<\/a>\n\t\t<\/div>\n\t\t\t\t\t\t\t<\/div>\n\t<\/div>\n\n\t\t\t<div class=\"wd-product-header\">\n\t\t\t<h3 class=\"wd-entities-title\"><a href=\"https:\/\/www.moensmeubelen.be\/fr\/produit\/42481NAT-fr_BE\/\">Avalon, buffet 200 cm &#8211; 4-portes + 1-tiroir + 1-porte en verre (+ LED) &#8211; natural<\/a><\/h3>\t\t\t\t\t<\/div>\n\t\t\t\t<div class=\"wrap-price\">\n\t\t\t<div class=\"swap-wrapp\">\n\t\t\t\t<div class=\"swap-elements\">\n\t\t\t\t\t\n\t<span class=\"price\"><span class=\"woocommerce-Price-amount amount\"><bdi><span class=\"woocommerce-Price-currencySymbol\" translate=\"no\">&euro;<\/span>1.099,00<\/bdi><\/span><\/span>\n\t\t\t\t\t<div class=\"wd-add-btn\">\n\t\t\t\t\t\t<a data-gtm4wp_product_data=\"{&quot;internal_id&quot;:717991,&quot;item_id&quot;:&quot;42481NAT&quot;,&quot;item_name&quot;:&quot;Avalon, buffet 200 cm - 4-portes + 1-tiroir + 1-porte en verre (+ LED) - natural&quot;,&quot;sku&quot;:&quot;42481NAT&quot;,&quot;price&quot;:1099,&quot;stocklevel&quot;:null,&quot;stockstatus&quot;:&quot;onbackorder&quot;,&quot;google_business_vertical&quot;:&quot;retail&quot;,&quot;item_category&quot;:&quot;vivre&quot;,&quot;item_category2&quot;:&quot;Armoires&quot;,&quot;item_category3&quot;:&quot;Buffets bas&quot;,&quot;id&quot;:&quot;42481NAT&quot;}\" href=\"\/fr\/wp-json\/wp\/v2\/pages\/74672?add-to-cart=717991\"  data-quantity=\"1\" class=\"button product_type_simple add_to_cart_button ajax_add_to_cart add-to-cart-loop\" data-product_id=\"717991\" data-product_sku=\"42481NAT\" aria-label=\"Add to cart: &ldquo;Avalon, buffet 200 cm - 4-portes + 1-tiroir + 1-porte en verre (+ LED) - natural&rdquo;\" rel=\"nofollow\" data-success_message=\"&ldquo;Avalon, buffet 200 cm - 4-portes + 1-tiroir + 1-porte en verre (+ LED) - natural&rdquo; has been added to your cart\"><span class=\"wd-action-icon\"><span class=\"wd-check-icon\"><\/span><\/span><span class=\"wd-action-text\">Panier<\/span><\/a>\t\t\t\t\t<\/div>\n\t\t\t\t<\/div>\n\t\t\t<\/div>\n\t\t\t\t\t<\/div>\n\n\t\t<span class=\"gtm4wp_productdata\" style=\"display:none; visibility:hidden;\" data-gtm4wp_product_data=\"{&quot;internal_id&quot;:717991,&quot;item_id&quot;:&quot;42481NAT&quot;,&quot;item_name&quot;:&quot;Avalon, buffet 200 cm - 4-portes + 1-tiroir + 1-porte en verre (+ LED) - natural&quot;,&quot;sku&quot;:&quot;42481NAT&quot;,&quot;price&quot;:1099,&quot;stocklevel&quot;:null,&quot;stockstatus&quot;:&quot;onbackorder&quot;,&quot;google_business_vertical&quot;:&quot;retail&quot;,&quot;item_category&quot;:&quot;vivre&quot;,&quot;item_category2&quot;:&quot;Armoires&quot;,&quot;item_category3&quot;:&quot;Buffets bas&quot;,&quot;id&quot;:&quot;42481NAT&quot;,&quot;productlink&quot;:&quot;https:\\\/\\\/www.moensmeubelen.be\\\/fr\\\/produit\\\/42481NAT-fr_BE\\\/&quot;,&quot;item_list_name&quot;:&quot;General Product List&quot;,&quot;index&quot;:25,&quot;product_type&quot;:&quot;simple&quot;,&quot;item_list_id&quot;:&quot;general-product-list&quot;,&quot;item_brand&quot;:&quot;&quot;}\"><\/span>\t\t\t<input type=\"hidden\" class=\"pmwProductId\" data-id=\"717991\">\n\t\t\t\t\t<script class=\"_iub_cs_skip\">\n\t\t\t(window.pmwDataLayer = window.pmwDataLayer || {}).products                = window.pmwDataLayer.products || {};\n\t\t\twindow.pmwDataLayer.products[717991] = {\"id\":\"717991\",\"sku\":\"42481NAT\",\"price\":1099,\"brand\":\"\",\"quantity\":1,\"dyn_r_ids\":{\"post_id\":\"717991\",\"sku\":\"42481NAT\",\"gpf\":\"woocommerce_gpf_717991\",\"gla\":\"gla_717991\"},\"is_variable\":false,\"type\":\"simple\",\"name\":\"Avalon, buffet 200 cm - 4-portes + 1-tiroir + 1-porte en verre (+ LED) - natural\",\"category\":[\"Buffets bas\"],\"is_variation\":false};\n\t\t\t\t\twindow.pmw_product_position = window.pmw_product_position || 1;\n\t\twindow.pmwDataLayer.products[717991]['position'] = window.pmw_product_position++;\n\t\t\t\t<\/script>\n\t\t<div class=\"conditionele-tekst levertermijn-placeholder levertermijn-placeholder--plp\" data-aamss-sku=\"42481NAT\" data-aamss-product-id=\"717991\" data-aamss-context=\"plp\" data-aamss-state=\"loading\" aria-busy=\"true\">En stock - livraison sous 3 semaines<\/div>\n\t\t\n\t\t\t<\/div>\n<\/div>\n<div class=\"wd-product wd-col wd-hover-alt product-grid-item product type-product post-717967 status-publish onbackorder product_cat-dressoirs_fr_BE has-post-thumbnail taxable shipping-taxable purchasable product-type-simple\" data-loop=\"25\" data-id=\"717967\">\n\t\n<div class=\"wd-product-wrapper product-wrapper\">\n\t<div class=\"wd-product-thumb product-element-top wd-quick-shop\">\n\t\t<a href=\"https:\/\/www.moensmeubelen.be\/fr\/produit\/42480DRI-fr_BE\/\" class=\"wd-product-img-link product-image-link\" tabindex=\"-1\" aria-label=\"Avalon, buffet 230 cm &#8211; 4-portes + 1-tiroir + 1-porte en verre (+ LED) &#8211; Driftwood\">\n\t\t\t<img loading=\"lazy\" decoding=\"async\" width=\"400\" height=\"250\" src=\"https:\/\/www.moensmeubelen.be\/wp-content\/uploads\/2026\/04\/fc836c56b70dedfc826148744c8de49822346a00_images_t_ll_m_4725582e942245ad90bc733d20108ec6_image-400x250.jpg\" class=\"attachment-400x250 size-400x250\" alt=\"\" title=\"\">\t\t<\/a>\n\n\t\t\t\t\t<div class=\"wd-product-img-hover hover-img\">\n\t\t\t\t<img loading=\"lazy\" decoding=\"async\" width=\"400\" height=\"250\" src=\"https:\/\/www.moensmeubelen.be\/wp-content\/uploads\/2026\/04\/f63b1c2b64866ddebead374b56b4bb8ac6c23aef_images_t_ll_m_ce167b2603c74e908c93ac864647e753_image-400x250.jpg\" class=\"attachment-400x250 size-400x250\" alt=\"\" title=\"\">\t\t\t<\/div>\n\t\t\t\n\t\t<div class=\"wd-buttons wd-pos-r-t\">\n\t\t\t\t\t<div class=\"wd-compare-btn wd-action-btn wd-style-icon wd-compare-icon\">\n\t\t\t<a href=\"https:\/\/www.moensmeubelen.be\/fr\/vergelijk\/?product_id=717966\" class=\"\" data-id=\"717966\" rel=\"nofollow\">\n\t\t\t\t<span class=\"wd-action-icon\">\n\t\t\t\t\t<span class=\"wd-check-icon\"><\/span>\n\t\t\t\t<\/span>\n\t\t\t\t<span class=\"wd-action-text\">Comparer<\/span>\n\t\t\t<\/a>\n\t\t<\/div>\n\t\t\t\t\t\t\t<div class=\"wd-quick-view-btn wd-quick-view-icon wd-action-btn wd-style-icon\">\n\t\t\t<a\n\t\t\t\thref=\"https:\/\/www.moensmeubelen.be\/fr\/produit\/42480DRI-fr_BE\/\"\n\t\t\t\tclass=\"open-quick-view\"\n\t\t\t\trel=\"nofollow\"\n\t\t\t\tdata-id=\"717967\"\n\t\t\t\t>\n\t\t\t\t\t<span class=\"wd-action-icon\"><\/span>\n\t\t\t\t\t<span class=\"wd-action-text\">\n\t\t\t\t\t\tQuick view\t\t\t\t\t<\/span>\n\t\t\t<\/a>\n\t\t<\/div>\n\t\t\t\t\t\t\t<\/div>\n\t<\/div>\n\n\t\t\t<div class=\"wd-product-header\">\n\t\t\t<h3 class=\"wd-entities-title\"><a href=\"https:\/\/www.moensmeubelen.be\/fr\/produit\/42480DRI-fr_BE\/\">Avalon, buffet 230 cm &#8211; 4-portes + 1-tiroir + 1-porte en verre (+ LED) &#8211; Driftwood<\/a><\/h3>\t\t\t\t\t<\/div>\n\t\t\t\t<div class=\"wrap-price\">\n\t\t\t<div class=\"swap-wrapp\">\n\t\t\t\t<div class=\"swap-elements\">\n\t\t\t\t\t\n\t<span class=\"price\"><span class=\"woocommerce-Price-amount amount\"><bdi><span class=\"woocommerce-Price-currencySymbol\" translate=\"no\">&euro;<\/span>1.199,00<\/bdi><\/span><\/span>\n\t\t\t\t\t<div class=\"wd-add-btn\">\n\t\t\t\t\t\t<a data-gtm4wp_product_data=\"{&quot;internal_id&quot;:717967,&quot;item_id&quot;:&quot;42480DRI&quot;,&quot;item_name&quot;:&quot;Avalon, buffet 230 cm - 4-portes + 1-tiroir + 1-porte en verre (+ LED) - Driftwood&quot;,&quot;sku&quot;:&quot;42480DRI&quot;,&quot;price&quot;:1199,&quot;stocklevel&quot;:null,&quot;stockstatus&quot;:&quot;onbackorder&quot;,&quot;google_business_vertical&quot;:&quot;retail&quot;,&quot;item_category&quot;:&quot;vivre&quot;,&quot;item_category2&quot;:&quot;Armoires&quot;,&quot;item_category3&quot;:&quot;Buffets bas&quot;,&quot;id&quot;:&quot;42480DRI&quot;}\" href=\"\/fr\/wp-json\/wp\/v2\/pages\/74672?add-to-cart=717967\"  data-quantity=\"1\" class=\"button product_type_simple add_to_cart_button ajax_add_to_cart add-to-cart-loop\" data-product_id=\"717967\" data-product_sku=\"42480DRI\" aria-label=\"Add to cart: &ldquo;Avalon, buffet 230 cm - 4-portes + 1-tiroir + 1-porte en verre (+ LED) - Driftwood&rdquo;\" rel=\"nofollow\" data-success_message=\"&ldquo;Avalon, buffet 230 cm - 4-portes + 1-tiroir + 1-porte en verre (+ LED) - Driftwood&rdquo; has been added to your cart\"><span class=\"wd-action-icon\"><span class=\"wd-check-icon\"><\/span><\/span><span class=\"wd-action-text\">Panier<\/span><\/a>\t\t\t\t\t<\/div>\n\t\t\t\t<\/div>\n\t\t\t<\/div>\n\t\t\t\t\t<\/div>\n\n\t\t<span class=\"gtm4wp_productdata\" style=\"display:none; visibility:hidden;\" data-gtm4wp_product_data=\"{&quot;internal_id&quot;:717967,&quot;item_id&quot;:&quot;42480DRI&quot;,&quot;item_name&quot;:&quot;Avalon, buffet 230 cm - 4-portes + 1-tiroir + 1-porte en verre (+ LED) - Driftwood&quot;,&quot;sku&quot;:&quot;42480DRI&quot;,&quot;price&quot;:1199,&quot;stocklevel&quot;:null,&quot;stockstatus&quot;:&quot;onbackorder&quot;,&quot;google_business_vertical&quot;:&quot;retail&quot;,&quot;item_category&quot;:&quot;vivre&quot;,&quot;item_category2&quot;:&quot;Armoires&quot;,&quot;item_category3&quot;:&quot;Buffets bas&quot;,&quot;id&quot;:&quot;42480DRI&quot;,&quot;productlink&quot;:&quot;https:\\\/\\\/www.moensmeubelen.be\\\/fr\\\/produit\\\/42480DRI-fr_BE\\\/&quot;,&quot;item_list_name&quot;:&quot;General Product List&quot;,&quot;index&quot;:26,&quot;product_type&quot;:&quot;simple&quot;,&quot;item_list_id&quot;:&quot;general-product-list&quot;,&quot;item_brand&quot;:&quot;&quot;}\"><\/span>\t\t\t<input type=\"hidden\" class=\"pmwProductId\" data-id=\"717967\">\n\t\t\t\t\t<script class=\"_iub_cs_skip\">\n\t\t\t(window.pmwDataLayer = window.pmwDataLayer || {}).products                = window.pmwDataLayer.products || {};\n\t\t\twindow.pmwDataLayer.products[717967] = {\"id\":\"717967\",\"sku\":\"42480DRI\",\"price\":1199,\"brand\":\"\",\"quantity\":1,\"dyn_r_ids\":{\"post_id\":\"717967\",\"sku\":\"42480DRI\",\"gpf\":\"woocommerce_gpf_717967\",\"gla\":\"gla_717967\"},\"is_variable\":false,\"type\":\"simple\",\"name\":\"Avalon, buffet 230 cm - 4-portes + 1-tiroir + 1-porte en verre (+ LED) - Driftwood\",\"category\":[\"Buffets bas\"],\"is_variation\":false};\n\t\t\t\t\twindow.pmw_product_position = window.pmw_product_position || 1;\n\t\twindow.pmwDataLayer.products[717967]['position'] = window.pmw_product_position++;\n\t\t\t\t<\/script>\n\t\t<div class=\"conditionele-tekst levertermijn-placeholder levertermijn-placeholder--plp\" data-aamss-sku=\"42480DRI\" data-aamss-product-id=\"717967\" data-aamss-context=\"plp\" data-aamss-state=\"loading\" aria-busy=\"true\">En stock - livraison sous 3 semaines<\/div>\n\t\t\n\t\t\t<\/div>\n<\/div>\n<div class=\"wd-product wd-col wd-hover-alt product-grid-item product type-product post-717977 status-publish onbackorder product_cat-dressoirs_fr_BE has-post-thumbnail taxable shipping-taxable purchasable product-type-simple\" data-loop=\"26\" data-id=\"717977\">\n\t\n<div class=\"wd-product-wrapper product-wrapper\">\n\t<div class=\"wd-product-thumb product-element-top wd-quick-shop\">\n\t\t<a href=\"https:\/\/www.moensmeubelen.be\/fr\/produit\/42480NAT-fr_BE\/\" class=\"wd-product-img-link product-image-link\" tabindex=\"-1\" aria-label=\"Avalon, buffet 230 cm &#8211; 4-portes + 1-tiroir + 1-porte en verre (+ LED) &#8211; natural\">\n\t\t\t<img loading=\"lazy\" decoding=\"async\" width=\"400\" height=\"250\" src=\"https:\/\/www.moensmeubelen.be\/wp-content\/uploads\/2026\/04\/54e7f1f5adc4938ef824f7af0b2ad59e5ab26993_images_t_ll_m_39c82075eb5943be99c1561f943682f2_image-400x250.jpg\" class=\"attachment-400x250 size-400x250\" alt=\"\" title=\"\">\t\t<\/a>\n\n\t\t\t\t\t<div class=\"wd-product-img-hover hover-img\">\n\t\t\t\t<img loading=\"lazy\" decoding=\"async\" width=\"400\" height=\"250\" src=\"https:\/\/www.moensmeubelen.be\/wp-content\/uploads\/2026\/04\/f026e62dfb4c694d5c5151be4eac08390f84493b_images_t_ll_m_bf5a28f298064c1ab8814fd66b34cabf_ambiance-400x250.jpg\" class=\"attachment-400x250 size-400x250\" alt=\"\" title=\"\">\t\t\t<\/div>\n\t\t\t\n\t\t<div class=\"wd-buttons wd-pos-r-t\">\n\t\t\t\t\t<div class=\"wd-compare-btn wd-action-btn wd-style-icon wd-compare-icon\">\n\t\t\t<a href=\"https:\/\/www.moensmeubelen.be\/fr\/vergelijk\/?product_id=717976\" class=\"\" data-id=\"717976\" rel=\"nofollow\">\n\t\t\t\t<span class=\"wd-action-icon\">\n\t\t\t\t\t<span class=\"wd-check-icon\"><\/span>\n\t\t\t\t<\/span>\n\t\t\t\t<span class=\"wd-action-text\">Comparer<\/span>\n\t\t\t<\/a>\n\t\t<\/div>\n\t\t\t\t\t\t\t<div class=\"wd-quick-view-btn wd-quick-view-icon wd-action-btn wd-style-icon\">\n\t\t\t<a\n\t\t\t\thref=\"https:\/\/www.moensmeubelen.be\/fr\/produit\/42480NAT-fr_BE\/\"\n\t\t\t\tclass=\"open-quick-view\"\n\t\t\t\trel=\"nofollow\"\n\t\t\t\tdata-id=\"717977\"\n\t\t\t\t>\n\t\t\t\t\t<span class=\"wd-action-icon\"><\/span>\n\t\t\t\t\t<span class=\"wd-action-text\">\n\t\t\t\t\t\tQuick view\t\t\t\t\t<\/span>\n\t\t\t<\/a>\n\t\t<\/div>\n\t\t\t\t\t\t\t<\/div>\n\t<\/div>\n\n\t\t\t<div class=\"wd-product-header\">\n\t\t\t<h3 class=\"wd-entities-title\"><a href=\"https:\/\/www.moensmeubelen.be\/fr\/produit\/42480NAT-fr_BE\/\">Avalon, buffet 230 cm &#8211; 4-portes + 1-tiroir + 1-porte en verre (+ LED) &#8211; natural<\/a><\/h3>\t\t\t\t\t<\/div>\n\t\t\t\t<div class=\"wrap-price\">\n\t\t\t<div class=\"swap-wrapp\">\n\t\t\t\t<div class=\"swap-elements\">\n\t\t\t\t\t\n\t<span class=\"price\"><span class=\"woocommerce-Price-amount amount\"><bdi><span class=\"woocommerce-Price-currencySymbol\" translate=\"no\">&euro;<\/span>1.199,00<\/bdi><\/span><\/span>\n\t\t\t\t\t<div class=\"wd-add-btn\">\n\t\t\t\t\t\t<a data-gtm4wp_product_data=\"{&quot;internal_id&quot;:717977,&quot;item_id&quot;:&quot;42480NAT&quot;,&quot;item_name&quot;:&quot;Avalon, buffet 230 cm - 4-portes + 1-tiroir + 1-porte en verre (+ LED) - natural&quot;,&quot;sku&quot;:&quot;42480NAT&quot;,&quot;price&quot;:1199,&quot;stocklevel&quot;:null,&quot;stockstatus&quot;:&quot;onbackorder&quot;,&quot;google_business_vertical&quot;:&quot;retail&quot;,&quot;item_category&quot;:&quot;vivre&quot;,&quot;item_category2&quot;:&quot;Armoires&quot;,&quot;item_category3&quot;:&quot;Buffets bas&quot;,&quot;id&quot;:&quot;42480NAT&quot;}\" href=\"\/fr\/wp-json\/wp\/v2\/pages\/74672?add-to-cart=717977\"  data-quantity=\"1\" class=\"button product_type_simple add_to_cart_button ajax_add_to_cart add-to-cart-loop\" data-product_id=\"717977\" data-product_sku=\"42480NAT\" aria-label=\"Add to cart: &ldquo;Avalon, buffet 230 cm - 4-portes + 1-tiroir + 1-porte en verre (+ LED) - natural&rdquo;\" rel=\"nofollow\" data-success_message=\"&ldquo;Avalon, buffet 230 cm - 4-portes + 1-tiroir + 1-porte en verre (+ LED) - natural&rdquo; has been added to your cart\"><span class=\"wd-action-icon\"><span class=\"wd-check-icon\"><\/span><\/span><span class=\"wd-action-text\">Panier<\/span><\/a>\t\t\t\t\t<\/div>\n\t\t\t\t<\/div>\n\t\t\t<\/div>\n\t\t\t\t\t<\/div>\n\n\t\t<span class=\"gtm4wp_productdata\" style=\"display:none; visibility:hidden;\" data-gtm4wp_product_data=\"{&quot;internal_id&quot;:717977,&quot;item_id&quot;:&quot;42480NAT&quot;,&quot;item_name&quot;:&quot;Avalon, buffet 230 cm - 4-portes + 1-tiroir + 1-porte en verre (+ LED) - natural&quot;,&quot;sku&quot;:&quot;42480NAT&quot;,&quot;price&quot;:1199,&quot;stocklevel&quot;:null,&quot;stockstatus&quot;:&quot;onbackorder&quot;,&quot;google_business_vertical&quot;:&quot;retail&quot;,&quot;item_category&quot;:&quot;vivre&quot;,&quot;item_category2&quot;:&quot;Armoires&quot;,&quot;item_category3&quot;:&quot;Buffets bas&quot;,&quot;id&quot;:&quot;42480NAT&quot;,&quot;productlink&quot;:&quot;https:\\\/\\\/www.moensmeubelen.be\\\/fr\\\/produit\\\/42480NAT-fr_BE\\\/&quot;,&quot;item_list_name&quot;:&quot;General Product List&quot;,&quot;index&quot;:27,&quot;product_type&quot;:&quot;simple&quot;,&quot;item_list_id&quot;:&quot;general-product-list&quot;,&quot;item_brand&quot;:&quot;&quot;}\"><\/span>\t\t\t<input type=\"hidden\" class=\"pmwProductId\" data-id=\"717977\">\n\t\t\t\t\t<script class=\"_iub_cs_skip\">\n\t\t\t(window.pmwDataLayer = window.pmwDataLayer || {}).products                = window.pmwDataLayer.products || {};\n\t\t\twindow.pmwDataLayer.products[717977] = {\"id\":\"717977\",\"sku\":\"42480NAT\",\"price\":1199,\"brand\":\"\",\"quantity\":1,\"dyn_r_ids\":{\"post_id\":\"717977\",\"sku\":\"42480NAT\",\"gpf\":\"woocommerce_gpf_717977\",\"gla\":\"gla_717977\"},\"is_variable\":false,\"type\":\"simple\",\"name\":\"Avalon, buffet 230 cm - 4-portes + 1-tiroir + 1-porte en verre (+ LED) - natural\",\"category\":[\"Buffets bas\"],\"is_variation\":false};\n\t\t\t\t\twindow.pmw_product_position = window.pmw_product_position || 1;\n\t\twindow.pmwDataLayer.products[717977]['position'] = window.pmw_product_position++;\n\t\t\t\t<\/script>\n\t\t<div class=\"conditionele-tekst levertermijn-placeholder levertermijn-placeholder--plp\" data-aamss-sku=\"42480NAT\" data-aamss-product-id=\"717977\" data-aamss-context=\"plp\" data-aamss-state=\"loading\" aria-busy=\"true\">En stock - livraison sous 3 semaines<\/div>\n\t\t\n\t\t\t<\/div>\n<\/div>\n<div class=\"wd-product wd-col wd-hover-alt product-grid-item product type-product post-718039 status-publish last onbackorder product_cat-tv_meubels_fr_BE has-post-thumbnail taxable shipping-taxable purchasable product-type-simple\" data-loop=\"27\" data-id=\"718039\">\n\t\n<div class=\"wd-product-wrapper product-wrapper\">\n\t<div class=\"wd-product-thumb product-element-top wd-quick-shop\">\n\t\t<a href=\"https:\/\/www.moensmeubelen.be\/fr\/produit\/42484DRI-fr_BE\/\" class=\"wd-product-img-link product-image-link\" tabindex=\"-1\" aria-label=\"Avalon, buffet bas 150 cm &#8211; 2-portes + 1-tiroir + 1-niche (+ LED) &#8211; Driftwood\">\n\t\t\t<img loading=\"lazy\" decoding=\"async\" width=\"400\" height=\"250\" src=\"https:\/\/www.moensmeubelen.be\/wp-content\/uploads\/2026\/04\/9848b74f80c40b28af0b71969f00a316a4811d33_images_t_ll_m_e76ddc4f73ba4c1daaf16be9851c9169_image-400x250.jpg\" class=\"attachment-400x250 size-400x250\" alt=\"\" title=\"\">\t\t<\/a>\n\n\t\t\t\t\t<div class=\"wd-product-img-hover hover-img\">\n\t\t\t\t<img loading=\"lazy\" decoding=\"async\" width=\"400\" height=\"250\" src=\"https:\/\/www.moensmeubelen.be\/wp-content\/uploads\/2026\/04\/9ffeda4a74f005b88f1d5f5ee8a733d6a7c60b27_images_t_ll_m_60bb258694364430b19cedcb5d20db7c_image-400x250.jpg\" class=\"attachment-400x250 size-400x250\" alt=\"\" title=\"\">\t\t\t<\/div>\n\t\t\t\n\t\t<div class=\"wd-buttons wd-pos-r-t\">\n\t\t\t\t\t<div class=\"wd-compare-btn wd-action-btn wd-style-icon wd-compare-icon\">\n\t\t\t<a href=\"https:\/\/www.moensmeubelen.be\/fr\/vergelijk\/?product_id=718038\" class=\"\" data-id=\"718038\" rel=\"nofollow\">\n\t\t\t\t<span class=\"wd-action-icon\">\n\t\t\t\t\t<span class=\"wd-check-icon\"><\/span>\n\t\t\t\t<\/span>\n\t\t\t\t<span class=\"wd-action-text\">Comparer<\/span>\n\t\t\t<\/a>\n\t\t<\/div>\n\t\t\t\t\t\t\t<div class=\"wd-quick-view-btn wd-quick-view-icon wd-action-btn wd-style-icon\">\n\t\t\t<a\n\t\t\t\thref=\"https:\/\/www.moensmeubelen.be\/fr\/produit\/42484DRI-fr_BE\/\"\n\t\t\t\tclass=\"open-quick-view\"\n\t\t\t\trel=\"nofollow\"\n\t\t\t\tdata-id=\"718039\"\n\t\t\t\t>\n\t\t\t\t\t<span class=\"wd-action-icon\"><\/span>\n\t\t\t\t\t<span class=\"wd-action-text\">\n\t\t\t\t\t\tQuick view\t\t\t\t\t<\/span>\n\t\t\t<\/a>\n\t\t<\/div>\n\t\t\t\t\t\t\t<\/div>\n\t<\/div>\n\n\t\t\t<div class=\"wd-product-header\">\n\t\t\t<h3 class=\"wd-entities-title\"><a href=\"https:\/\/www.moensmeubelen.be\/fr\/produit\/42484DRI-fr_BE\/\">Avalon, buffet bas 150 cm &#8211; 2-portes + 1-tiroir + 1-niche (+ LED) &#8211; Driftwood<\/a><\/h3>\t\t\t\t\t<\/div>\n\t\t\t\t<div class=\"wrap-price\">\n\t\t\t<div class=\"swap-wrapp\">\n\t\t\t\t<div class=\"swap-elements\">\n\t\t\t\t\t\n\t<span class=\"price\"><span class=\"woocommerce-Price-amount amount\"><bdi><span class=\"woocommerce-Price-currencySymbol\" translate=\"no\">&euro;<\/span>699,00<\/bdi><\/span><\/span>\n\t\t\t\t\t<div class=\"wd-add-btn\">\n\t\t\t\t\t\t<a data-gtm4wp_product_data=\"{&quot;internal_id&quot;:718039,&quot;item_id&quot;:&quot;42484DRI&quot;,&quot;item_name&quot;:&quot;Avalon, buffet bas 150 cm - 2-portes + 1-tiroir + 1-niche (+ LED) - Driftwood&quot;,&quot;sku&quot;:&quot;42484DRI&quot;,&quot;price&quot;:699,&quot;stocklevel&quot;:null,&quot;stockstatus&quot;:&quot;onbackorder&quot;,&quot;google_business_vertical&quot;:&quot;retail&quot;,&quot;item_category&quot;:&quot;vivre&quot;,&quot;item_category2&quot;:&quot;Armoires&quot;,&quot;item_category3&quot;:&quot;Meubles TV&quot;,&quot;id&quot;:&quot;42484DRI&quot;}\" href=\"\/fr\/wp-json\/wp\/v2\/pages\/74672?add-to-cart=718039\"  data-quantity=\"1\" class=\"button product_type_simple add_to_cart_button ajax_add_to_cart add-to-cart-loop\" data-product_id=\"718039\" data-product_sku=\"42484DRI\" aria-label=\"Add to cart: &ldquo;Avalon, buffet bas 150 cm - 2-portes + 1-tiroir + 1-niche (+ LED) - Driftwood&rdquo;\" rel=\"nofollow\" data-success_message=\"&ldquo;Avalon, buffet bas 150 cm - 2-portes + 1-tiroir + 1-niche (+ LED) - Driftwood&rdquo; has been added to your cart\"><span class=\"wd-action-icon\"><span class=\"wd-check-icon\"><\/span><\/span><span class=\"wd-action-text\">Panier<\/span><\/a>\t\t\t\t\t<\/div>\n\t\t\t\t<\/div>\n\t\t\t<\/div>\n\t\t\t\t\t<\/div>\n\n\t\t<span class=\"gtm4wp_productdata\" style=\"display:none; visibility:hidden;\" data-gtm4wp_product_data=\"{&quot;internal_id&quot;:718039,&quot;item_id&quot;:&quot;42484DRI&quot;,&quot;item_name&quot;:&quot;Avalon, buffet bas 150 cm - 2-portes + 1-tiroir + 1-niche (+ LED) - Driftwood&quot;,&quot;sku&quot;:&quot;42484DRI&quot;,&quot;price&quot;:699,&quot;stocklevel&quot;:null,&quot;stockstatus&quot;:&quot;onbackorder&quot;,&quot;google_business_vertical&quot;:&quot;retail&quot;,&quot;item_category&quot;:&quot;vivre&quot;,&quot;item_category2&quot;:&quot;Armoires&quot;,&quot;item_category3&quot;:&quot;Meubles TV&quot;,&quot;id&quot;:&quot;42484DRI&quot;,&quot;productlink&quot;:&quot;https:\\\/\\\/www.moensmeubelen.be\\\/fr\\\/produit\\\/42484DRI-fr_BE\\\/&quot;,&quot;item_list_name&quot;:&quot;General Product List&quot;,&quot;index&quot;:28,&quot;product_type&quot;:&quot;simple&quot;,&quot;item_list_id&quot;:&quot;general-product-list&quot;,&quot;item_brand&quot;:&quot;&quot;}\"><\/span>\t\t\t<input type=\"hidden\" class=\"pmwProductId\" data-id=\"718039\">\n\t\t\t\t\t<script class=\"_iub_cs_skip\">\n\t\t\t(window.pmwDataLayer = window.pmwDataLayer || {}).products                = window.pmwDataLayer.products || {};\n\t\t\twindow.pmwDataLayer.products[718039] = {\"id\":\"718039\",\"sku\":\"42484DRI\",\"price\":699,\"brand\":\"\",\"quantity\":1,\"dyn_r_ids\":{\"post_id\":\"718039\",\"sku\":\"42484DRI\",\"gpf\":\"woocommerce_gpf_718039\",\"gla\":\"gla_718039\"},\"is_variable\":false,\"type\":\"simple\",\"name\":\"Avalon, buffet bas 150 cm - 2-portes + 1-tiroir + 1-niche (+ LED) - Driftwood\",\"category\":[\"Meubles TV\"],\"is_variation\":false};\n\t\t\t\t\twindow.pmw_product_position = window.pmw_product_position || 1;\n\t\twindow.pmwDataLayer.products[718039]['position'] = window.pmw_product_position++;\n\t\t\t\t<\/script>\n\t\t<div class=\"conditionele-tekst levertermijn-placeholder levertermijn-placeholder--plp\" data-aamss-sku=\"42484DRI\" data-aamss-product-id=\"718039\" data-aamss-context=\"plp\" data-aamss-state=\"loading\" aria-busy=\"true\">En stock - livraison sous 3 semaines<\/div>\n\t\t\n\t\t\t<\/div>\n<\/div>\n<div class=\"wd-product wd-col wd-hover-alt product-grid-item product type-product post-718049 status-publish first onbackorder product_cat-tv_meubels_fr_BE has-post-thumbnail taxable shipping-taxable purchasable product-type-simple\" data-loop=\"28\" data-id=\"718049\">\n\t\n<div class=\"wd-product-wrapper product-wrapper\">\n\t<div class=\"wd-product-thumb product-element-top wd-quick-shop\">\n\t\t<a href=\"https:\/\/www.moensmeubelen.be\/fr\/produit\/42484NAT-fr_BE\/\" class=\"wd-product-img-link product-image-link\" tabindex=\"-1\" aria-label=\"Avalon, buffet bas 150 cm &#8211; 2-portes + 1-tiroir + 1-niche (+ LED) &#8211; natural\">\n\t\t\t<img loading=\"lazy\" decoding=\"async\" width=\"400\" height=\"250\" src=\"https:\/\/www.moensmeubelen.be\/wp-content\/uploads\/2026\/04\/6521cb9f24213bf838d86a83f8a7881822f48bc6_images_t_ll_m_d29f89e3a3c3466a8513bc1ac2497b51_image-400x250.jpg\" class=\"attachment-400x250 size-400x250\" alt=\"\" title=\"\">\t\t<\/a>\n\n\t\t\t\t\t<div class=\"wd-product-img-hover hover-img\">\n\t\t\t\t<img loading=\"lazy\" decoding=\"async\" width=\"400\" height=\"250\" src=\"https:\/\/www.moensmeubelen.be\/wp-content\/uploads\/2026\/04\/d9fff17449f1dc383eb15f4a29ec9a8955c05392_images_t_ll_m_bf5a28f298064c1ab8814fd66b34cabf_ambiance-400x250.jpg\" class=\"attachment-400x250 size-400x250\" alt=\"\" title=\"\">\t\t\t<\/div>\n\t\t\t\n\t\t<div class=\"wd-buttons wd-pos-r-t\">\n\t\t\t\t\t<div class=\"wd-compare-btn wd-action-btn wd-style-icon wd-compare-icon\">\n\t\t\t<a href=\"https:\/\/www.moensmeubelen.be\/fr\/vergelijk\/?product_id=718048\" class=\"\" data-id=\"718048\" rel=\"nofollow\">\n\t\t\t\t<span class=\"wd-action-icon\">\n\t\t\t\t\t<span class=\"wd-check-icon\"><\/span>\n\t\t\t\t<\/span>\n\t\t\t\t<span class=\"wd-action-text\">Comparer<\/span>\n\t\t\t<\/a>\n\t\t<\/div>\n\t\t\t\t\t\t\t<div class=\"wd-quick-view-btn wd-quick-view-icon wd-action-btn wd-style-icon\">\n\t\t\t<a\n\t\t\t\thref=\"https:\/\/www.moensmeubelen.be\/fr\/produit\/42484NAT-fr_BE\/\"\n\t\t\t\tclass=\"open-quick-view\"\n\t\t\t\trel=\"nofollow\"\n\t\t\t\tdata-id=\"718049\"\n\t\t\t\t>\n\t\t\t\t\t<span class=\"wd-action-icon\"><\/span>\n\t\t\t\t\t<span class=\"wd-action-text\">\n\t\t\t\t\t\tQuick view\t\t\t\t\t<\/span>\n\t\t\t<\/a>\n\t\t<\/div>\n\t\t\t\t\t\t\t<\/div>\n\t<\/div>\n\n\t\t\t<div class=\"wd-product-header\">\n\t\t\t<h3 class=\"wd-entities-title\"><a href=\"https:\/\/www.moensmeubelen.be\/fr\/produit\/42484NAT-fr_BE\/\">Avalon, buffet bas 150 cm &#8211; 2-portes + 1-tiroir + 1-niche (+ LED) &#8211; natural<\/a><\/h3>\t\t\t\t\t<\/div>\n\t\t\t\t<div class=\"wrap-price\">\n\t\t\t<div class=\"swap-wrapp\">\n\t\t\t\t<div class=\"swap-elements\">\n\t\t\t\t\t\n\t<span class=\"price\"><span class=\"woocommerce-Price-amount amount\"><bdi><span class=\"woocommerce-Price-currencySymbol\" translate=\"no\">&euro;<\/span>699,00<\/bdi><\/span><\/span>\n\t\t\t\t\t<div class=\"wd-add-btn\">\n\t\t\t\t\t\t<a data-gtm4wp_product_data=\"{&quot;internal_id&quot;:718049,&quot;item_id&quot;:&quot;42484NAT&quot;,&quot;item_name&quot;:&quot;Avalon, buffet bas 150 cm - 2-portes + 1-tiroir + 1-niche (+ LED) - natural&quot;,&quot;sku&quot;:&quot;42484NAT&quot;,&quot;price&quot;:699,&quot;stocklevel&quot;:null,&quot;stockstatus&quot;:&quot;onbackorder&quot;,&quot;google_business_vertical&quot;:&quot;retail&quot;,&quot;item_category&quot;:&quot;vivre&quot;,&quot;item_category2&quot;:&quot;Armoires&quot;,&quot;item_category3&quot;:&quot;Meubles TV&quot;,&quot;id&quot;:&quot;42484NAT&quot;}\" href=\"\/fr\/wp-json\/wp\/v2\/pages\/74672?add-to-cart=718049\"  data-quantity=\"1\" class=\"button product_type_simple add_to_cart_button ajax_add_to_cart add-to-cart-loop\" data-product_id=\"718049\" data-product_sku=\"42484NAT\" aria-label=\"Add to cart: &ldquo;Avalon, buffet bas 150 cm - 2-portes + 1-tiroir + 1-niche (+ LED) - natural&rdquo;\" rel=\"nofollow\" data-success_message=\"&ldquo;Avalon, buffet bas 150 cm - 2-portes + 1-tiroir + 1-niche (+ LED) - natural&rdquo; has been added to your cart\"><span class=\"wd-action-icon\"><span class=\"wd-check-icon\"><\/span><\/span><span class=\"wd-action-text\">Panier<\/span><\/a>\t\t\t\t\t<\/div>\n\t\t\t\t<\/div>\n\t\t\t<\/div>\n\t\t\t\t\t<\/div>\n\n\t\t<span class=\"gtm4wp_productdata\" style=\"display:none; visibility:hidden;\" data-gtm4wp_product_data=\"{&quot;internal_id&quot;:718049,&quot;item_id&quot;:&quot;42484NAT&quot;,&quot;item_name&quot;:&quot;Avalon, buffet bas 150 cm - 2-portes + 1-tiroir + 1-niche (+ LED) - natural&quot;,&quot;sku&quot;:&quot;42484NAT&quot;,&quot;price&quot;:699,&quot;stocklevel&quot;:null,&quot;stockstatus&quot;:&quot;onbackorder&quot;,&quot;google_business_vertical&quot;:&quot;retail&quot;,&quot;item_category&quot;:&quot;vivre&quot;,&quot;item_category2&quot;:&quot;Armoires&quot;,&quot;item_category3&quot;:&quot;Meubles TV&quot;,&quot;id&quot;:&quot;42484NAT&quot;,&quot;productlink&quot;:&quot;https:\\\/\\\/www.moensmeubelen.be\\\/fr\\\/produit\\\/42484NAT-fr_BE\\\/&quot;,&quot;item_list_name&quot;:&quot;General Product List&quot;,&quot;index&quot;:29,&quot;product_type&quot;:&quot;simple&quot;,&quot;item_list_id&quot;:&quot;general-product-list&quot;,&quot;item_brand&quot;:&quot;&quot;}\"><\/span>\t\t\t<input type=\"hidden\" class=\"pmwProductId\" data-id=\"718049\">\n\t\t\t\t\t<script class=\"_iub_cs_skip\">\n\t\t\t(window.pmwDataLayer = window.pmwDataLayer || {}).products                = window.pmwDataLayer.products || {};\n\t\t\twindow.pmwDataLayer.products[718049] = {\"id\":\"718049\",\"sku\":\"42484NAT\",\"price\":699,\"brand\":\"\",\"quantity\":1,\"dyn_r_ids\":{\"post_id\":\"718049\",\"sku\":\"42484NAT\",\"gpf\":\"woocommerce_gpf_718049\",\"gla\":\"gla_718049\"},\"is_variable\":false,\"type\":\"simple\",\"name\":\"Avalon, buffet bas 150 cm - 2-portes + 1-tiroir + 1-niche (+ LED) - natural\",\"category\":[\"Meubles TV\"],\"is_variation\":false};\n\t\t\t\t\twindow.pmw_product_position = window.pmw_product_position || 1;\n\t\twindow.pmwDataLayer.products[718049]['position'] = window.pmw_product_position++;\n\t\t\t\t<\/script>\n\t\t<div class=\"conditionele-tekst levertermijn-placeholder levertermijn-placeholder--plp\" data-aamss-sku=\"42484NAT\" data-aamss-product-id=\"718049\" data-aamss-context=\"plp\" data-aamss-state=\"loading\" aria-busy=\"true\">En stock - livraison sous 3 semaines<\/div>\n\t\t\n\t\t\t<\/div>\n<\/div>\n<div class=\"wd-product wd-col wd-hover-alt product-grid-item product type-product post-718021 status-publish onbackorder product_cat-tv_meubels_fr_BE has-post-thumbnail taxable shipping-taxable purchasable product-type-simple\" data-loop=\"29\" data-id=\"718021\">\n\t\n<div class=\"wd-product-wrapper product-wrapper\">\n\t<div class=\"wd-product-thumb product-element-top wd-quick-shop\">\n\t\t<a href=\"https:\/\/www.moensmeubelen.be\/fr\/produit\/42483DRI-fr_BE\/\" class=\"wd-product-img-link product-image-link\" tabindex=\"-1\" aria-label=\"Avalon, buffet bas 180 cm &#8211; 2-portes + 1-tiroir + 1-niche (+ LED) &#8211; Driftwood\">\n\t\t\t<img loading=\"lazy\" decoding=\"async\" width=\"400\" height=\"250\" src=\"https:\/\/www.moensmeubelen.be\/wp-content\/uploads\/2026\/04\/1d88d1fc9b1535a64b3d9e5bd4a496a7803c7798_images_t_ll_m_097079b51257430cbdbc9f53a879b236_image-400x250.jpg\" class=\"attachment-400x250 size-400x250\" alt=\"\" title=\"\">\t\t<\/a>\n\n\t\t\t\t\t<div class=\"wd-product-img-hover hover-img\">\n\t\t\t\t<img loading=\"lazy\" decoding=\"async\" width=\"400\" height=\"250\" src=\"https:\/\/www.moensmeubelen.be\/wp-content\/uploads\/2026\/04\/e4c099ce9ce5e63a071b7343afb95ae9d30dde06_images_t_ll_m_5a543249877b433d9494e766215ab046_ambiance-400x250.jpg\" class=\"attachment-400x250 size-400x250\" alt=\"\" title=\"\">\t\t\t<\/div>\n\t\t\t\n\t\t<div class=\"wd-buttons wd-pos-r-t\">\n\t\t\t\t\t<div class=\"wd-compare-btn wd-action-btn wd-style-icon wd-compare-icon\">\n\t\t\t<a href=\"https:\/\/www.moensmeubelen.be\/fr\/vergelijk\/?product_id=718020\" class=\"\" data-id=\"718020\" rel=\"nofollow\">\n\t\t\t\t<span class=\"wd-action-icon\">\n\t\t\t\t\t<span class=\"wd-check-icon\"><\/span>\n\t\t\t\t<\/span>\n\t\t\t\t<span class=\"wd-action-text\">Comparer<\/span>\n\t\t\t<\/a>\n\t\t<\/div>\n\t\t\t\t\t\t\t<div class=\"wd-quick-view-btn wd-quick-view-icon wd-action-btn wd-style-icon\">\n\t\t\t<a\n\t\t\t\thref=\"https:\/\/www.moensmeubelen.be\/fr\/produit\/42483DRI-fr_BE\/\"\n\t\t\t\tclass=\"open-quick-view\"\n\t\t\t\trel=\"nofollow\"\n\t\t\t\tdata-id=\"718021\"\n\t\t\t\t>\n\t\t\t\t\t<span class=\"wd-action-icon\"><\/span>\n\t\t\t\t\t<span class=\"wd-action-text\">\n\t\t\t\t\t\tQuick view\t\t\t\t\t<\/span>\n\t\t\t<\/a>\n\t\t<\/div>\n\t\t\t\t\t\t\t<\/div>\n\t<\/div>\n\n\t\t\t<div class=\"wd-product-header\">\n\t\t\t<h3 class=\"wd-entities-title\"><a href=\"https:\/\/www.moensmeubelen.be\/fr\/produit\/42483DRI-fr_BE\/\">Avalon, buffet bas 180 cm &#8211; 2-portes + 1-tiroir + 1-niche (+ LED) &#8211; Driftwood<\/a><\/h3>\t\t\t\t\t<\/div>\n\t\t\t\t<div class=\"wrap-price\">\n\t\t\t<div class=\"swap-wrapp\">\n\t\t\t\t<div class=\"swap-elements\">\n\t\t\t\t\t\n\t<span class=\"price\"><span class=\"woocommerce-Price-amount amount\"><bdi><span class=\"woocommerce-Price-currencySymbol\" translate=\"no\">&euro;<\/span>799,00<\/bdi><\/span><\/span>\n\t\t\t\t\t<div class=\"wd-add-btn\">\n\t\t\t\t\t\t<a data-gtm4wp_product_data=\"{&quot;internal_id&quot;:718021,&quot;item_id&quot;:&quot;42483DRI&quot;,&quot;item_name&quot;:&quot;Avalon, buffet bas 180 cm - 2-portes + 1-tiroir + 1-niche (+ LED) - Driftwood&quot;,&quot;sku&quot;:&quot;42483DRI&quot;,&quot;price&quot;:799,&quot;stocklevel&quot;:null,&quot;stockstatus&quot;:&quot;onbackorder&quot;,&quot;google_business_vertical&quot;:&quot;retail&quot;,&quot;item_category&quot;:&quot;vivre&quot;,&quot;item_category2&quot;:&quot;Armoires&quot;,&quot;item_category3&quot;:&quot;Meubles TV&quot;,&quot;id&quot;:&quot;42483DRI&quot;}\" href=\"\/fr\/wp-json\/wp\/v2\/pages\/74672?add-to-cart=718021\"  data-quantity=\"1\" class=\"button product_type_simple add_to_cart_button ajax_add_to_cart add-to-cart-loop\" data-product_id=\"718021\" data-product_sku=\"42483DRI\" aria-label=\"Add to cart: &ldquo;Avalon, buffet bas 180 cm - 2-portes + 1-tiroir + 1-niche (+ LED) - Driftwood&rdquo;\" rel=\"nofollow\" data-success_message=\"&ldquo;Avalon, buffet bas 180 cm - 2-portes + 1-tiroir + 1-niche (+ LED) - Driftwood&rdquo; has been added to your cart\"><span class=\"wd-action-icon\"><span class=\"wd-check-icon\"><\/span><\/span><span class=\"wd-action-text\">Panier<\/span><\/a>\t\t\t\t\t<\/div>\n\t\t\t\t<\/div>\n\t\t\t<\/div>\n\t\t\t\t\t<\/div>\n\n\t\t<span class=\"gtm4wp_productdata\" style=\"display:none; visibility:hidden;\" data-gtm4wp_product_data=\"{&quot;internal_id&quot;:718021,&quot;item_id&quot;:&quot;42483DRI&quot;,&quot;item_name&quot;:&quot;Avalon, buffet bas 180 cm - 2-portes + 1-tiroir + 1-niche (+ LED) - Driftwood&quot;,&quot;sku&quot;:&quot;42483DRI&quot;,&quot;price&quot;:799,&quot;stocklevel&quot;:null,&quot;stockstatus&quot;:&quot;onbackorder&quot;,&quot;google_business_vertical&quot;:&quot;retail&quot;,&quot;item_category&quot;:&quot;vivre&quot;,&quot;item_category2&quot;:&quot;Armoires&quot;,&quot;item_category3&quot;:&quot;Meubles TV&quot;,&quot;id&quot;:&quot;42483DRI&quot;,&quot;productlink&quot;:&quot;https:\\\/\\\/www.moensmeubelen.be\\\/fr\\\/produit\\\/42483DRI-fr_BE\\\/&quot;,&quot;item_list_name&quot;:&quot;General Product List&quot;,&quot;index&quot;:30,&quot;product_type&quot;:&quot;simple&quot;,&quot;item_list_id&quot;:&quot;general-product-list&quot;,&quot;item_brand&quot;:&quot;&quot;}\"><\/span>\t\t\t<input type=\"hidden\" class=\"pmwProductId\" data-id=\"718021\">\n\t\t\t\t\t<script class=\"_iub_cs_skip\">\n\t\t\t(window.pmwDataLayer = window.pmwDataLayer || {}).products                = window.pmwDataLayer.products || {};\n\t\t\twindow.pmwDataLayer.products[718021] = {\"id\":\"718021\",\"sku\":\"42483DRI\",\"price\":799,\"brand\":\"\",\"quantity\":1,\"dyn_r_ids\":{\"post_id\":\"718021\",\"sku\":\"42483DRI\",\"gpf\":\"woocommerce_gpf_718021\",\"gla\":\"gla_718021\"},\"is_variable\":false,\"type\":\"simple\",\"name\":\"Avalon, buffet bas 180 cm - 2-portes + 1-tiroir + 1-niche (+ LED) - Driftwood\",\"category\":[\"Meubles TV\"],\"is_variation\":false};\n\t\t\t\t\twindow.pmw_product_position = window.pmw_product_position || 1;\n\t\twindow.pmwDataLayer.products[718021]['position'] = window.pmw_product_position++;\n\t\t\t\t<\/script>\n\t\t<div class=\"conditionele-tekst levertermijn-placeholder levertermijn-placeholder--plp\" data-aamss-sku=\"42483DRI\" data-aamss-product-id=\"718021\" data-aamss-context=\"plp\" data-aamss-state=\"loading\" aria-busy=\"true\">En stock - livraison sous 3 semaines<\/div>\n\t\t\n\t\t\t<\/div>\n<\/div>\n<div class=\"wd-product wd-col wd-hover-alt product-grid-item product type-product post-718029 status-publish onbackorder product_cat-tv_meubels_fr_BE has-post-thumbnail taxable shipping-taxable purchasable product-type-simple\" data-loop=\"30\" data-id=\"718029\">\n\t\n<div class=\"wd-product-wrapper product-wrapper\">\n\t<div class=\"wd-product-thumb product-element-top wd-quick-shop\">\n\t\t<a href=\"https:\/\/www.moensmeubelen.be\/fr\/produit\/42483NAT-fr_BE\/\" class=\"wd-product-img-link product-image-link\" tabindex=\"-1\" aria-label=\"Avalon, buffet bas 180 cm &#8211; 2-portes + 1-tiroir + 1-niche (+ LED) &#8211; natural\">\n\t\t\t<img loading=\"lazy\" decoding=\"async\" width=\"400\" height=\"250\" src=\"https:\/\/www.moensmeubelen.be\/wp-content\/uploads\/2026\/04\/c1d0d5afc80e9a668c5338da0a35b95f4102f26f_images_t_ll_m_91a4cdc706b44060a86ecc14722425fc_image-400x250.jpg\" class=\"attachment-400x250 size-400x250\" alt=\"\" title=\"\">\t\t<\/a>\n\n\t\t\t\t\t<div class=\"wd-product-img-hover hover-img\">\n\t\t\t\t<img loading=\"lazy\" decoding=\"async\" width=\"400\" height=\"250\" src=\"https:\/\/www.moensmeubelen.be\/wp-content\/uploads\/2026\/04\/855e74d62a7c6e1680bc94677b07c0f24b6fef92_images_t_ll_m_bf5a28f298064c1ab8814fd66b34cabf_ambiance-400x250.jpg\" class=\"attachment-400x250 size-400x250\" alt=\"\" title=\"\">\t\t\t<\/div>\n\t\t\t\n\t\t<div class=\"wd-buttons wd-pos-r-t\">\n\t\t\t\t\t<div class=\"wd-compare-btn wd-action-btn wd-style-icon wd-compare-icon\">\n\t\t\t<a href=\"https:\/\/www.moensmeubelen.be\/fr\/vergelijk\/?product_id=718028\" class=\"\" data-id=\"718028\" rel=\"nofollow\">\n\t\t\t\t<span class=\"wd-action-icon\">\n\t\t\t\t\t<span class=\"wd-check-icon\"><\/span>\n\t\t\t\t<\/span>\n\t\t\t\t<span class=\"wd-action-text\">Comparer<\/span>\n\t\t\t<\/a>\n\t\t<\/div>\n\t\t\t\t\t\t\t<div class=\"wd-quick-view-btn wd-quick-view-icon wd-action-btn wd-style-icon\">\n\t\t\t<a\n\t\t\t\thref=\"https:\/\/www.moensmeubelen.be\/fr\/produit\/42483NAT-fr_BE\/\"\n\t\t\t\tclass=\"open-quick-view\"\n\t\t\t\trel=\"nofollow\"\n\t\t\t\tdata-id=\"718029\"\n\t\t\t\t>\n\t\t\t\t\t<span class=\"wd-action-icon\"><\/span>\n\t\t\t\t\t<span class=\"wd-action-text\">\n\t\t\t\t\t\tQuick view\t\t\t\t\t<\/span>\n\t\t\t<\/a>\n\t\t<\/div>\n\t\t\t\t\t\t\t<\/div>\n\t<\/div>\n\n\t\t\t<div class=\"wd-product-header\">\n\t\t\t<h3 class=\"wd-entities-title\"><a href=\"https:\/\/www.moensmeubelen.be\/fr\/produit\/42483NAT-fr_BE\/\">Avalon, buffet bas 180 cm &#8211; 2-portes + 1-tiroir + 1-niche (+ LED) &#8211; natural<\/a><\/h3>\t\t\t\t\t<\/div>\n\t\t\t\t<div class=\"wrap-price\">\n\t\t\t<div class=\"swap-wrapp\">\n\t\t\t\t<div class=\"swap-elements\">\n\t\t\t\t\t\n\t<span class=\"price\"><span class=\"woocommerce-Price-amount amount\"><bdi><span class=\"woocommerce-Price-currencySymbol\" translate=\"no\">&euro;<\/span>799,00<\/bdi><\/span><\/span>\n\t\t\t\t\t<div class=\"wd-add-btn\">\n\t\t\t\t\t\t<a data-gtm4wp_product_data=\"{&quot;internal_id&quot;:718029,&quot;item_id&quot;:&quot;42483NAT&quot;,&quot;item_name&quot;:&quot;Avalon, buffet bas 180 cm - 2-portes + 1-tiroir + 1-niche (+ LED) - natural&quot;,&quot;sku&quot;:&quot;42483NAT&quot;,&quot;price&quot;:799,&quot;stocklevel&quot;:null,&quot;stockstatus&quot;:&quot;onbackorder&quot;,&quot;google_business_vertical&quot;:&quot;retail&quot;,&quot;item_category&quot;:&quot;vivre&quot;,&quot;item_category2&quot;:&quot;Armoires&quot;,&quot;item_category3&quot;:&quot;Meubles TV&quot;,&quot;id&quot;:&quot;42483NAT&quot;}\" href=\"\/fr\/wp-json\/wp\/v2\/pages\/74672?add-to-cart=718029\"  data-quantity=\"1\" class=\"button product_type_simple add_to_cart_button ajax_add_to_cart add-to-cart-loop\" data-product_id=\"718029\" data-product_sku=\"42483NAT\" aria-label=\"Add to cart: &ldquo;Avalon, buffet bas 180 cm - 2-portes + 1-tiroir + 1-niche (+ LED) - natural&rdquo;\" rel=\"nofollow\" data-success_message=\"&ldquo;Avalon, buffet bas 180 cm - 2-portes + 1-tiroir + 1-niche (+ LED) - natural&rdquo; has been added to your cart\"><span class=\"wd-action-icon\"><span class=\"wd-check-icon\"><\/span><\/span><span class=\"wd-action-text\">Panier<\/span><\/a>\t\t\t\t\t<\/div>\n\t\t\t\t<\/div>\n\t\t\t<\/div>\n\t\t\t\t\t<\/div>\n\n\t\t<span class=\"gtm4wp_productdata\" style=\"display:none; visibility:hidden;\" data-gtm4wp_product_data=\"{&quot;internal_id&quot;:718029,&quot;item_id&quot;:&quot;42483NAT&quot;,&quot;item_name&quot;:&quot;Avalon, buffet bas 180 cm - 2-portes + 1-tiroir + 1-niche (+ LED) - natural&quot;,&quot;sku&quot;:&quot;42483NAT&quot;,&quot;price&quot;:799,&quot;stocklevel&quot;:null,&quot;stockstatus&quot;:&quot;onbackorder&quot;,&quot;google_business_vertical&quot;:&quot;retail&quot;,&quot;item_category&quot;:&quot;vivre&quot;,&quot;item_category2&quot;:&quot;Armoires&quot;,&quot;item_category3&quot;:&quot;Meubles TV&quot;,&quot;id&quot;:&quot;42483NAT&quot;,&quot;productlink&quot;:&quot;https:\\\/\\\/www.moensmeubelen.be\\\/fr\\\/produit\\\/42483NAT-fr_BE\\\/&quot;,&quot;item_list_name&quot;:&quot;General Product List&quot;,&quot;index&quot;:31,&quot;product_type&quot;:&quot;simple&quot;,&quot;item_list_id&quot;:&quot;general-product-list&quot;,&quot;item_brand&quot;:&quot;&quot;}\"><\/span>\t\t\t<input type=\"hidden\" class=\"pmwProductId\" data-id=\"718029\">\n\t\t\t\t\t<script class=\"_iub_cs_skip\">\n\t\t\t(window.pmwDataLayer = window.pmwDataLayer || {}).products                = window.pmwDataLayer.products || {};\n\t\t\twindow.pmwDataLayer.products[718029] = {\"id\":\"718029\",\"sku\":\"42483NAT\",\"price\":799,\"brand\":\"\",\"quantity\":1,\"dyn_r_ids\":{\"post_id\":\"718029\",\"sku\":\"42483NAT\",\"gpf\":\"woocommerce_gpf_718029\",\"gla\":\"gla_718029\"},\"is_variable\":false,\"type\":\"simple\",\"name\":\"Avalon, buffet bas 180 cm - 2-portes + 1-tiroir + 1-niche (+ LED) - natural\",\"category\":[\"Meubles TV\"],\"is_variation\":false};\n\t\t\t\t\twindow.pmw_product_position = window.pmw_product_position || 1;\n\t\twindow.pmwDataLayer.products[718029]['position'] = window.pmw_product_position++;\n\t\t\t\t<\/script>\n\t\t<div class=\"conditionele-tekst levertermijn-placeholder levertermijn-placeholder--plp\" data-aamss-sku=\"42483NAT\" data-aamss-product-id=\"718029\" data-aamss-context=\"plp\" data-aamss-state=\"loading\" aria-busy=\"true\">En stock - livraison sous 3 semaines<\/div>\n\t\t\n\t\t\t<\/div>\n<\/div>\n\t\t\t<\/div>\n\t\t\t\t\t\t\t\t\t\t\t\t\t\t\t\t\t\t\t<div class=\"wd-loop-footer products-footer\">\n\t\t\t\t\t\t\t\t\t\t<a href=\"#\" rel=\"nofollow noopener\" class=\"btn wd-load-more wd-products-load-more load-on-click\"><span class=\"load-more-label\">Charger plus de produits<\/span><\/a>\n\t\t\t\t\t<div class=\"btn wd-load-more wd-load-more-loader\"><span class=\"load-more-loading\">Loading...<\/span><\/div>\n\t\t\t\t<\/div>\n\t\t\t\t\t\t\t\t\t\t\t\t<\/div>[vc_empty_space][vc_column_text text_larger=&#8221;no&#8221;][\/vc_column_text][\/vc_column][\/vc_row]<\/p>\n<\/div>","protected":false},"excerpt":{"rendered":"<p>[vc_row][vc_column width=&#8221;1\/2&#8243;][vc_column_text text_larger=&#8221;no&#8221;]Armoires encastr\u00e9es Les armoires encastr\u00e9es offrent des concepts d&#8217;habitat harmonieux pour chaque espace. Elles permettent aussi de contourner<\/p>\n","protected":false},"author":1,"featured_media":0,"parent":74739,"menu_order":0,"comment_status":"closed","ping_status":"closed","template":"","meta":{"_relevanssi_hide_post":"","_relevanssi_hide_content":"","_relevanssi_pin_for_all":"","_relevanssi_pin_keywords":"","_relevanssi_unpin_keywords":"","_relevanssi_related_keywords":"","_relevanssi_related_include_ids":"","_relevanssi_related_exclude_ids":"","_relevanssi_related_no_append":"","_relevanssi_related_not_related":"","_relevanssi_related_posts":"","_relevanssi_noindex_reason":"","footnotes":""},"class_list":["post-74672","page","type-page","status-publish","hentry"],"_links":{"self":[{"href":"https:\/\/www.moensmeubelen.be\/fr\/wp-json\/wp\/v2\/pages\/74672","targetHints":{"allow":["GET"]}}],"collection":[{"href":"https:\/\/www.moensmeubelen.be\/fr\/wp-json\/wp\/v2\/pages"}],"about":[{"href":"https:\/\/www.moensmeubelen.be\/fr\/wp-json\/wp\/v2\/types\/page"}],"author":[{"embeddable":true,"href":"https:\/\/www.moensmeubelen.be\/fr\/wp-json\/wp\/v2\/users\/1"}],"replies":[{"embeddable":true,"href":"https:\/\/www.moensmeubelen.be\/fr\/wp-json\/wp\/v2\/comments?post=74672"}],"version-history":[{"count":1,"href":"https:\/\/www.moensmeubelen.be\/fr\/wp-json\/wp\/v2\/pages\/74672\/revisions"}],"predecessor-version":[{"id":1048048,"href":"https:\/\/www.moensmeubelen.be\/fr\/wp-json\/wp\/v2\/pages\/74672\/revisions\/1048048"}],"up":[{"embeddable":true,"href":"https:\/\/www.moensmeubelen.be\/fr\/wp-json\/wp\/v2\/pages\/74739"}],"wp:attachment":[{"href":"https:\/\/www.moensmeubelen.be\/fr\/wp-json\/wp\/v2\/media?parent=74672"}],"curies":[{"name":"wp","href":"https:\/\/api.w.org\/{rel}","templated":true}]}}