{"id":74681,"date":"2024-03-03T20:40:52","date_gmt":"2024-03-03T19:40:52","guid":{"rendered":"https:\/\/www.moensmeubelen.be\/matrassen\/"},"modified":"2025-04-20T12:48:29","modified_gmt":"2025-04-20T10:48:29","slug":"matelas","status":"publish","type":"page","link":"https:\/\/www.moensmeubelen.be\/fr\/chambres-a-coucher\/matelas\/","title":{"rendered":"Matelas"},"content":{"rendered":"<div class=\"wpb-content-wrapper\" id=\"wpb-content-root\"><p>[vc_row][vc_column width=&#8221;1\/2&#8243;][vc_column_text css=&#8221;&#8221; woodmart_inline=&#8221;no&#8221; text_larger=&#8221;no&#8221;]Chez Meubelen Moens, nous vous proposons un tr\u00e8s large assortiment de <strong>matelas<\/strong> issus des plus grandes marques sp\u00e9cialis\u00e9es dans le confort du sommeil, telles que Beka, Lattoflex et Tempur. Que vous soyez \u00e0 la recherche d\u2019un <strong>matelas<\/strong> classique ou d\u2019un <strong>matelas<\/strong> hautement sp\u00e9cialis\u00e9 et sophistiqu\u00e9, vous trouverez toujours ce qu\u2019il vous faut chez nous.<\/p>\n<p>Nous avons des <strong>matelas<\/strong> con\u00e7us dans diff\u00e9rents mat\u00e9riaux pour r\u00e9pondre \u00e0 tous les besoins et toutes les pr\u00e9f\u00e9rences : des <strong>matelas<\/strong> \u00e0 ressorts, des <strong>matelas<\/strong> en mousse froide, des <strong>matelas<\/strong> en latex, et bien plus encore. Gr\u00e2ce \u00e0 notre large s\u00e9lection, vous avez la certitude de trouver le <strong>matelas<\/strong> qui convient parfaitement \u00e0 votre morphologie et \u00e0 vos habitudes de sommeil.<\/p>\n<p>Notre \u00e9quipe se tient \u00e0 votre disposition pour vous conseiller et vous aider \u00e0 choisir le <strong>matelas<\/strong> adapt\u00e9 \u00e0 votre confort. Chez Meubelen Moens, la qualit\u00e9 de votre sommeil est notre priorit\u00e9, c\u2019est pourquoi nous ne proposons que des <strong>matelas<\/strong> issus de marques reconnues pour leur savoir-faire et leur innovation.<\/p>\n<p>Consultez les liens ci-dessous pour d\u00e9couvrir toute la gamme de <strong>matelas<\/strong> disponible chez chaque marque et trouvez rapidement le <strong>matelas<\/strong> id\u00e9al qui r\u00e9pondra \u00e0 toutes vos attentes.[\/vc_column_text][\/vc_column][vc_column width=&#8221;1\/2&#8243;][vc_single_image image=&#8221;771919&#8243; img_size=&#8221;large&#8221; alignment=&#8221;right&#8221; css=&#8221;&#8221; parallax_scroll=&#8221;no&#8221; woodmart_inline=&#8221;no&#8221;][\/vc_column][\/vc_row][vc_row][vc_column][vc_empty_space][\/vc_column][\/vc_row][vc_row][vc_column]\n\t\t<div id=\"wd-6804cedaa7194\" class=\"title-wrapper wd-wpb wd-set-mb reset-last-child  wd-rs-6804cedaa7194 wd-title-color-primary wd-title-style-simple text-left  wd-underline-colored\">\n\t\t\t\n\t\t\t<div class=\"liner-continer\">\n\t\t\t\t<h4 class=\"woodmart-title-container title  wd-font-weight- wd-fontsize-xxl\" >Matelas<\/h4>\n\t\t\t\t\t\t\t<\/div>\n\t\t\t\n\t\t\t\n\t\t\t\n\t\t<\/div>\n\t\t\n\t\t<div class=\"woocommerce columns-5 \"><div class=\"wd-products-element\">\t\t\t<div class=\"wd-sticky-loader wd-deferred wd-content-loader\"><span class=\"wd-loader\"><\/span><\/div>\n\t\t\n<div class=\"products wd-products wd-grid-g grid-columns-4 elements-grid pagination-pagination wd-loop-builder-off wd-stretch-cont-lg wd-stretch-cont-md wd-stretch-cont-sm wd-products-with-bg\" data-source=\"main_loop\" data-min_price=\"\" data-max_price=\"\" data-columns=\"4\" style=\"--wd-col-lg:4;--wd-col-md:4;--wd-col-sm:2;--wd-gap-lg:20px;--wd-gap-sm:10px;\">\n<div class=\"wd-product wd-col wd-hover-buttons-on-hover product-grid-item product type-product post-885864 status-publish onbackorder product_cat-matrassen_fr_BE has-post-thumbnail taxable shipping-taxable purchasable product-type-simple\" data-loop=\"1\" data-id=\"885864\">\n\t\n<div class=\"wd-product-wrapper product-wrapper\">\n\t<div class=\"wd-product-thumb product-element-top wd-quick-shop\">\n\t\t<a href=\"https:\/\/www.moensmeubelen.be\/fr\/produit\/revor271-fr_be\/\" class=\"wd-product-img-link product-image-link\" tabindex=\"-1\" aria-label=\"Aero Anatomic 1500 Gelpulse Matelas\">\n\t\t\t<img loading=\"lazy\" decoding=\"async\" width=\"300\" height=\"300\" src=\"https:\/\/www.moensmeubelen.be\/wp-content\/uploads\/2026\/02\/e207a40213962a014180e488b269fac8a37445ae_thumbnail_d5_73_d5_1755524858_18851_anatomic_matras_1920x1920-300x300.webp\" class=\"attachment-woocommerce_thumbnail size-woocommerce_thumbnail\" alt=\"\" srcset=\"https:\/\/www.moensmeubelen.be\/wp-content\/uploads\/2026\/02\/e207a40213962a014180e488b269fac8a37445ae_thumbnail_d5_73_d5_1755524858_18851_anatomic_matras_1920x1920-300x300.webp 300w, https:\/\/www.moensmeubelen.be\/wp-content\/uploads\/2026\/02\/e207a40213962a014180e488b269fac8a37445ae_thumbnail_d5_73_d5_1755524858_18851_anatomic_matras_1920x1920-1024x1024.webp 1024w, https:\/\/www.moensmeubelen.be\/wp-content\/uploads\/2026\/02\/e207a40213962a014180e488b269fac8a37445ae_thumbnail_d5_73_d5_1755524858_18851_anatomic_matras_1920x1920-250x250.webp 250w, https:\/\/www.moensmeubelen.be\/wp-content\/uploads\/2026\/02\/e207a40213962a014180e488b269fac8a37445ae_thumbnail_d5_73_d5_1755524858_18851_anatomic_matras_1920x1920-768x768.webp 768w, https:\/\/www.moensmeubelen.be\/wp-content\/uploads\/2026\/02\/e207a40213962a014180e488b269fac8a37445ae_thumbnail_d5_73_d5_1755524858_18851_anatomic_matras_1920x1920-1536x1536.webp 1536w, https:\/\/www.moensmeubelen.be\/wp-content\/uploads\/2026\/02\/e207a40213962a014180e488b269fac8a37445ae_thumbnail_d5_73_d5_1755524858_18851_anatomic_matras_1920x1920-800x800.webp 800w, https:\/\/www.moensmeubelen.be\/wp-content\/uploads\/2026\/02\/e207a40213962a014180e488b269fac8a37445ae_thumbnail_d5_73_d5_1755524858_18851_anatomic_matras_1920x1920-200x200.webp 200w, https:\/\/www.moensmeubelen.be\/wp-content\/uploads\/2026\/02\/e207a40213962a014180e488b269fac8a37445ae_thumbnail_d5_73_d5_1755524858_18851_anatomic_matras_1920x1920.webp 1920w\" sizes=\"auto, (max-width: 300px) 100vw, 300px\" title=\"\">\t\t<\/a>\n\n\t\t\t\t\t<div class=\"wd-product-img-hover hover-img\">\n\t\t\t\t<img loading=\"lazy\" decoding=\"async\" width=\"300\" height=\"300\" src=\"https:\/\/www.moensmeubelen.be\/wp-content\/uploads\/2026\/02\/e207a40213962a014180e488b269fac8a37445ae_thumbnail_d5_73_d5_1755524858_18851_anatomic_matras_1920x1920-300x300.webp\" class=\"attachment-woocommerce_thumbnail size-woocommerce_thumbnail\" alt=\"\" srcset=\"https:\/\/www.moensmeubelen.be\/wp-content\/uploads\/2026\/02\/e207a40213962a014180e488b269fac8a37445ae_thumbnail_d5_73_d5_1755524858_18851_anatomic_matras_1920x1920-300x300.webp 300w, https:\/\/www.moensmeubelen.be\/wp-content\/uploads\/2026\/02\/e207a40213962a014180e488b269fac8a37445ae_thumbnail_d5_73_d5_1755524858_18851_anatomic_matras_1920x1920-1024x1024.webp 1024w, https:\/\/www.moensmeubelen.be\/wp-content\/uploads\/2026\/02\/e207a40213962a014180e488b269fac8a37445ae_thumbnail_d5_73_d5_1755524858_18851_anatomic_matras_1920x1920-250x250.webp 250w, https:\/\/www.moensmeubelen.be\/wp-content\/uploads\/2026\/02\/e207a40213962a014180e488b269fac8a37445ae_thumbnail_d5_73_d5_1755524858_18851_anatomic_matras_1920x1920-768x768.webp 768w, https:\/\/www.moensmeubelen.be\/wp-content\/uploads\/2026\/02\/e207a40213962a014180e488b269fac8a37445ae_thumbnail_d5_73_d5_1755524858_18851_anatomic_matras_1920x1920-1536x1536.webp 1536w, https:\/\/www.moensmeubelen.be\/wp-content\/uploads\/2026\/02\/e207a40213962a014180e488b269fac8a37445ae_thumbnail_d5_73_d5_1755524858_18851_anatomic_matras_1920x1920-800x800.webp 800w, https:\/\/www.moensmeubelen.be\/wp-content\/uploads\/2026\/02\/e207a40213962a014180e488b269fac8a37445ae_thumbnail_d5_73_d5_1755524858_18851_anatomic_matras_1920x1920-200x200.webp 200w, https:\/\/www.moensmeubelen.be\/wp-content\/uploads\/2026\/02\/e207a40213962a014180e488b269fac8a37445ae_thumbnail_d5_73_d5_1755524858_18851_anatomic_matras_1920x1920.webp 1920w\" sizes=\"auto, (max-width: 300px) 100vw, 300px\" title=\"\">\t\t\t<\/div>\n\t\t\t\n\t\t<div class=\"wd-buttons wd-pos-r-t\">\n\t\t\t\t\t<\/div>\n\t<\/div>\n\n\t<div class=\"product-element-bottom\">\n\n\t\t<div class=\"wd-product-header\">\n\t\t\t<h3 class=\"wd-entities-title\"><a href=\"https:\/\/www.moensmeubelen.be\/fr\/produit\/revor271-fr_be\/\">Aero Anatomic 1500 Gelpulse Matelas<\/a><\/h3>\n\t\t\t\t\t<\/div>\n\n\t\t\n\t\t\n\t\t<div class=\"wrap-price\">\n\t\t\t\n\t<span class=\"price\"><span class=\"woocommerce-Price-amount amount\"><bdi><span class=\"woocommerce-Price-currencySymbol\" translate=\"no\">&euro;<\/span>1.232,00<\/bdi><\/span><\/span>\n\n\t\t\t\t\t<\/div>\n\n\t\t<span class=\"gtm4wp_productdata\" style=\"display:none; visibility:hidden;\" data-gtm4wp_product_data=\"{&quot;internal_id&quot;:885864,&quot;item_id&quot;:&quot;REVOR271&quot;,&quot;item_name&quot;:&quot;Aero Anatomic 1500 Gelpulse Matelas&quot;,&quot;sku&quot;:&quot;REVOR271&quot;,&quot;price&quot;:1232,&quot;stocklevel&quot;:null,&quot;stockstatus&quot;:&quot;onbackorder&quot;,&quot;google_business_vertical&quot;:&quot;retail&quot;,&quot;item_category&quot;:&quot;Dormir&quot;,&quot;item_category2&quot;:&quot;Lits&quot;,&quot;item_category3&quot;:&quot;Matelas&quot;,&quot;id&quot;:&quot;REVOR271&quot;,&quot;productlink&quot;:&quot;https:\\\/\\\/www.moensmeubelen.be\\\/fr\\\/produit\\\/revor271-fr_be\\\/&quot;,&quot;item_list_name&quot;:&quot;General Product List&quot;,&quot;index&quot;:2,&quot;product_type&quot;:&quot;simple&quot;,&quot;item_list_id&quot;:&quot;general-product-list&quot;,&quot;item_brand&quot;:&quot;&quot;}\"><\/span>\t\t\t<input type=\"hidden\" class=\"pmwProductId\" data-id=\"885864\">\n\t\t\t\t\t<script class=\"_iub_cs_skip\">\n\t\t\t(window.pmwDataLayer = window.pmwDataLayer || {}).products                = window.pmwDataLayer.products || {};\n\t\t\twindow.pmwDataLayer.products[885864] = {\"id\":\"885864\",\"sku\":\"REVOR271\",\"price\":1232,\"brand\":\"\",\"quantity\":1,\"dyn_r_ids\":{\"post_id\":\"885864\",\"sku\":\"REVOR271\",\"gpf\":\"woocommerce_gpf_885864\",\"gla\":\"gla_885864\"},\"is_variable\":false,\"type\":\"simple\",\"name\":\"Aero Anatomic 1500 Gelpulse Matelas\",\"category\":[\"Matelas\"],\"is_variation\":false};\n\t\t\t\t\twindow.pmw_product_position = window.pmw_product_position || 1;\n\t\twindow.pmwDataLayer.products[885864]['position'] = window.pmw_product_position++;\n\t\t\t\t<\/script>\n\t\t<div class=\"conditionele-tekst levertermijn-placeholder levertermijn-placeholder--plp\" data-aamss-sku=\"REVOR271\" data-aamss-product-id=\"885864\" data-aamss-context=\"plp\" data-aamss-state=\"loading\" aria-busy=\"true\">D\u00e9lai de livraison 8-10 semaines<\/div>\n\t\t\n\t\t\n\t\t\n\t\t<div class=\"wd-product-footer\">\n\t\t\t<div class=\"wd-add-btn wd-add-btn-replace\">\n\t\t\t\t<a data-gtm4wp_product_data=\"{&quot;internal_id&quot;:885864,&quot;item_id&quot;:&quot;REVOR271&quot;,&quot;item_name&quot;:&quot;Aero Anatomic 1500 Gelpulse Matelas&quot;,&quot;sku&quot;:&quot;REVOR271&quot;,&quot;price&quot;:1232,&quot;stocklevel&quot;:null,&quot;stockstatus&quot;:&quot;onbackorder&quot;,&quot;google_business_vertical&quot;:&quot;retail&quot;,&quot;item_category&quot;:&quot;Dormir&quot;,&quot;item_category2&quot;:&quot;Lits&quot;,&quot;item_category3&quot;:&quot;Matelas&quot;,&quot;id&quot;:&quot;REVOR271&quot;}\" href=\"\/fr\/wp-json\/wp\/v2\/pages\/74681?add-to-cart=885864\"  data-quantity=\"1\" class=\"button product_type_simple add_to_cart_button ajax_add_to_cart add-to-cart-loop\" data-product_id=\"885864\" data-product_sku=\"REVOR271\" aria-label=\"Add to cart: &ldquo;Aero Anatomic 1500 Gelpulse Matelas&rdquo;\" rel=\"nofollow\" data-success_message=\"&ldquo;Aero Anatomic 1500 Gelpulse Matelas&rdquo; has been added to your cart\"><span class=\"wd-action-icon\"><span class=\"wd-check-icon\"><\/span><\/span><span class=\"wd-action-text\">Panier<\/span><\/a>\t\t\t<\/div>\n\n\t\t\t\t\t\t<div class=\"wd-action-buttons\">\n\t\t\t\t\t\t<div class=\"wd-compare-btn wd-action-btn wd-style-icon wd-compare-icon wd-tooltip\">\n\t\t\t<a href=\"https:\/\/www.moensmeubelen.be\/fr\/vergelijk\/?product_id=885863\" class=\"\" data-id=\"885863\" rel=\"nofollow\">\n\t\t\t\t<span class=\"wd-action-icon\">\n\t\t\t\t\t<span class=\"wd-check-icon\"><\/span>\n\t\t\t\t<\/span>\n\t\t\t\t<span class=\"wd-action-text\">Comparer<\/span>\n\t\t\t<\/a>\n\t\t<\/div>\n\t\t\t\t\t\t\t\t<div class=\"wd-quick-view-btn wd-quick-view-icon wd-action-btn wd-style-icon wd-tooltip\">\n\t\t\t<a\n\t\t\t\thref=\"https:\/\/www.moensmeubelen.be\/fr\/produit\/revor271-fr_be\/\"\n\t\t\t\tclass=\"open-quick-view\"\n\t\t\t\trel=\"nofollow\"\n\t\t\t\tdata-id=\"885864\"\n\t\t\t\t>\n\t\t\t\t\t<span class=\"wd-action-icon\"><\/span>\n\t\t\t\t\t<span class=\"wd-action-text\">\n\t\t\t\t\t\tQuick view\t\t\t\t\t<\/span>\n\t\t\t<\/a>\n\t\t<\/div>\n\t\t\t\t\t<\/div>\n\t\t\t\t\t<\/div>\n\t<\/div>\n<\/div>\n<\/div>\n<div class=\"wd-product wd-col wd-hover-buttons-on-hover product-grid-item product type-product post-885860 status-publish onbackorder product_cat-matrassen_fr_BE has-post-thumbnail taxable shipping-taxable purchasable product-type-simple\" data-loop=\"2\" data-id=\"885860\">\n\t\n<div class=\"wd-product-wrapper product-wrapper\">\n\t<div class=\"wd-product-thumb product-element-top wd-quick-shop\">\n\t\t<a href=\"https:\/\/www.moensmeubelen.be\/fr\/produit\/revor270-fr_be\/\" class=\"wd-product-img-link product-image-link\" tabindex=\"-1\" aria-label=\"Aero Anatomic 1500 Gelpulse Matelas\">\n\t\t\t<img loading=\"lazy\" decoding=\"async\" width=\"300\" height=\"300\" src=\"https:\/\/www.moensmeubelen.be\/wp-content\/uploads\/2026\/02\/833054aa5e08904a8477415f4ba4f5cc82915223_thumbnail_d5_73_d5_1755524858_18851_anatomic_matras_1920x1920-300x300.webp\" class=\"attachment-woocommerce_thumbnail size-woocommerce_thumbnail\" alt=\"\" srcset=\"https:\/\/www.moensmeubelen.be\/wp-content\/uploads\/2026\/02\/833054aa5e08904a8477415f4ba4f5cc82915223_thumbnail_d5_73_d5_1755524858_18851_anatomic_matras_1920x1920-300x300.webp 300w, https:\/\/www.moensmeubelen.be\/wp-content\/uploads\/2026\/02\/833054aa5e08904a8477415f4ba4f5cc82915223_thumbnail_d5_73_d5_1755524858_18851_anatomic_matras_1920x1920-1024x1024.webp 1024w, https:\/\/www.moensmeubelen.be\/wp-content\/uploads\/2026\/02\/833054aa5e08904a8477415f4ba4f5cc82915223_thumbnail_d5_73_d5_1755524858_18851_anatomic_matras_1920x1920-250x250.webp 250w, https:\/\/www.moensmeubelen.be\/wp-content\/uploads\/2026\/02\/833054aa5e08904a8477415f4ba4f5cc82915223_thumbnail_d5_73_d5_1755524858_18851_anatomic_matras_1920x1920-768x768.webp 768w, https:\/\/www.moensmeubelen.be\/wp-content\/uploads\/2026\/02\/833054aa5e08904a8477415f4ba4f5cc82915223_thumbnail_d5_73_d5_1755524858_18851_anatomic_matras_1920x1920-1536x1536.webp 1536w, https:\/\/www.moensmeubelen.be\/wp-content\/uploads\/2026\/02\/833054aa5e08904a8477415f4ba4f5cc82915223_thumbnail_d5_73_d5_1755524858_18851_anatomic_matras_1920x1920-800x800.webp 800w, https:\/\/www.moensmeubelen.be\/wp-content\/uploads\/2026\/02\/833054aa5e08904a8477415f4ba4f5cc82915223_thumbnail_d5_73_d5_1755524858_18851_anatomic_matras_1920x1920-200x200.webp 200w, https:\/\/www.moensmeubelen.be\/wp-content\/uploads\/2026\/02\/833054aa5e08904a8477415f4ba4f5cc82915223_thumbnail_d5_73_d5_1755524858_18851_anatomic_matras_1920x1920.webp 1920w\" sizes=\"auto, (max-width: 300px) 100vw, 300px\" title=\"\">\t\t<\/a>\n\n\t\t\t\t\t<div class=\"wd-product-img-hover hover-img\">\n\t\t\t\t<img loading=\"lazy\" decoding=\"async\" width=\"300\" height=\"300\" src=\"https:\/\/www.moensmeubelen.be\/wp-content\/uploads\/2026\/02\/833054aa5e08904a8477415f4ba4f5cc82915223_thumbnail_d5_73_d5_1755524858_18851_anatomic_matras_1920x1920-300x300.webp\" class=\"attachment-woocommerce_thumbnail size-woocommerce_thumbnail\" alt=\"\" srcset=\"https:\/\/www.moensmeubelen.be\/wp-content\/uploads\/2026\/02\/833054aa5e08904a8477415f4ba4f5cc82915223_thumbnail_d5_73_d5_1755524858_18851_anatomic_matras_1920x1920-300x300.webp 300w, https:\/\/www.moensmeubelen.be\/wp-content\/uploads\/2026\/02\/833054aa5e08904a8477415f4ba4f5cc82915223_thumbnail_d5_73_d5_1755524858_18851_anatomic_matras_1920x1920-1024x1024.webp 1024w, https:\/\/www.moensmeubelen.be\/wp-content\/uploads\/2026\/02\/833054aa5e08904a8477415f4ba4f5cc82915223_thumbnail_d5_73_d5_1755524858_18851_anatomic_matras_1920x1920-250x250.webp 250w, https:\/\/www.moensmeubelen.be\/wp-content\/uploads\/2026\/02\/833054aa5e08904a8477415f4ba4f5cc82915223_thumbnail_d5_73_d5_1755524858_18851_anatomic_matras_1920x1920-768x768.webp 768w, https:\/\/www.moensmeubelen.be\/wp-content\/uploads\/2026\/02\/833054aa5e08904a8477415f4ba4f5cc82915223_thumbnail_d5_73_d5_1755524858_18851_anatomic_matras_1920x1920-1536x1536.webp 1536w, https:\/\/www.moensmeubelen.be\/wp-content\/uploads\/2026\/02\/833054aa5e08904a8477415f4ba4f5cc82915223_thumbnail_d5_73_d5_1755524858_18851_anatomic_matras_1920x1920-800x800.webp 800w, https:\/\/www.moensmeubelen.be\/wp-content\/uploads\/2026\/02\/833054aa5e08904a8477415f4ba4f5cc82915223_thumbnail_d5_73_d5_1755524858_18851_anatomic_matras_1920x1920-200x200.webp 200w, https:\/\/www.moensmeubelen.be\/wp-content\/uploads\/2026\/02\/833054aa5e08904a8477415f4ba4f5cc82915223_thumbnail_d5_73_d5_1755524858_18851_anatomic_matras_1920x1920.webp 1920w\" sizes=\"auto, (max-width: 300px) 100vw, 300px\" title=\"\">\t\t\t<\/div>\n\t\t\t\n\t\t<div class=\"wd-buttons wd-pos-r-t\">\n\t\t\t\t\t<\/div>\n\t<\/div>\n\n\t<div class=\"product-element-bottom\">\n\n\t\t<div class=\"wd-product-header\">\n\t\t\t<h3 class=\"wd-entities-title\"><a href=\"https:\/\/www.moensmeubelen.be\/fr\/produit\/revor270-fr_be\/\">Aero Anatomic 1500 Gelpulse Matelas<\/a><\/h3>\n\t\t\t\t\t<\/div>\n\n\t\t\n\t\t\n\t\t<div class=\"wrap-price\">\n\t\t\t\n\t<span class=\"price\"><span class=\"woocommerce-Price-amount amount\"><bdi><span class=\"woocommerce-Price-currencySymbol\" translate=\"no\">&euro;<\/span>1.280,00<\/bdi><\/span><\/span>\n\n\t\t\t\t\t<\/div>\n\n\t\t<span class=\"gtm4wp_productdata\" style=\"display:none; visibility:hidden;\" data-gtm4wp_product_data=\"{&quot;internal_id&quot;:885860,&quot;item_id&quot;:&quot;REVOR270&quot;,&quot;item_name&quot;:&quot;Aero Anatomic 1500 Gelpulse Matelas&quot;,&quot;sku&quot;:&quot;REVOR270&quot;,&quot;price&quot;:1280,&quot;stocklevel&quot;:null,&quot;stockstatus&quot;:&quot;onbackorder&quot;,&quot;google_business_vertical&quot;:&quot;retail&quot;,&quot;item_category&quot;:&quot;Dormir&quot;,&quot;item_category2&quot;:&quot;Lits&quot;,&quot;item_category3&quot;:&quot;Matelas&quot;,&quot;id&quot;:&quot;REVOR270&quot;,&quot;productlink&quot;:&quot;https:\\\/\\\/www.moensmeubelen.be\\\/fr\\\/produit\\\/revor270-fr_be\\\/&quot;,&quot;item_list_name&quot;:&quot;General Product List&quot;,&quot;index&quot;:3,&quot;product_type&quot;:&quot;simple&quot;,&quot;item_list_id&quot;:&quot;general-product-list&quot;,&quot;item_brand&quot;:&quot;&quot;}\"><\/span>\t\t\t<input type=\"hidden\" class=\"pmwProductId\" data-id=\"885860\">\n\t\t\t\t\t<script class=\"_iub_cs_skip\">\n\t\t\t(window.pmwDataLayer = window.pmwDataLayer || {}).products                = window.pmwDataLayer.products || {};\n\t\t\twindow.pmwDataLayer.products[885860] = {\"id\":\"885860\",\"sku\":\"REVOR270\",\"price\":1280,\"brand\":\"\",\"quantity\":1,\"dyn_r_ids\":{\"post_id\":\"885860\",\"sku\":\"REVOR270\",\"gpf\":\"woocommerce_gpf_885860\",\"gla\":\"gla_885860\"},\"is_variable\":false,\"type\":\"simple\",\"name\":\"Aero Anatomic 1500 Gelpulse Matelas\",\"category\":[\"Matelas\"],\"is_variation\":false};\n\t\t\t\t\twindow.pmw_product_position = window.pmw_product_position || 1;\n\t\twindow.pmwDataLayer.products[885860]['position'] = window.pmw_product_position++;\n\t\t\t\t<\/script>\n\t\t<div class=\"conditionele-tekst levertermijn-placeholder levertermijn-placeholder--plp\" data-aamss-sku=\"REVOR270\" data-aamss-product-id=\"885860\" data-aamss-context=\"plp\" data-aamss-state=\"loading\" aria-busy=\"true\">D\u00e9lai de livraison 8-10 semaines<\/div>\n\t\t\n\t\t\n\t\t\n\t\t<div class=\"wd-product-footer\">\n\t\t\t<div class=\"wd-add-btn wd-add-btn-replace\">\n\t\t\t\t<a data-gtm4wp_product_data=\"{&quot;internal_id&quot;:885860,&quot;item_id&quot;:&quot;REVOR270&quot;,&quot;item_name&quot;:&quot;Aero Anatomic 1500 Gelpulse Matelas&quot;,&quot;sku&quot;:&quot;REVOR270&quot;,&quot;price&quot;:1280,&quot;stocklevel&quot;:null,&quot;stockstatus&quot;:&quot;onbackorder&quot;,&quot;google_business_vertical&quot;:&quot;retail&quot;,&quot;item_category&quot;:&quot;Dormir&quot;,&quot;item_category2&quot;:&quot;Lits&quot;,&quot;item_category3&quot;:&quot;Matelas&quot;,&quot;id&quot;:&quot;REVOR270&quot;}\" href=\"\/fr\/wp-json\/wp\/v2\/pages\/74681?add-to-cart=885860\"  data-quantity=\"1\" class=\"button product_type_simple add_to_cart_button ajax_add_to_cart add-to-cart-loop\" data-product_id=\"885860\" data-product_sku=\"REVOR270\" aria-label=\"Add to cart: &ldquo;Aero Anatomic 1500 Gelpulse Matelas&rdquo;\" rel=\"nofollow\" data-success_message=\"&ldquo;Aero Anatomic 1500 Gelpulse Matelas&rdquo; has been added to your cart\"><span class=\"wd-action-icon\"><span class=\"wd-check-icon\"><\/span><\/span><span class=\"wd-action-text\">Panier<\/span><\/a>\t\t\t<\/div>\n\n\t\t\t\t\t\t<div class=\"wd-action-buttons\">\n\t\t\t\t\t\t<div class=\"wd-compare-btn wd-action-btn wd-style-icon wd-compare-icon wd-tooltip\">\n\t\t\t<a href=\"https:\/\/www.moensmeubelen.be\/fr\/vergelijk\/?product_id=885859\" class=\"\" data-id=\"885859\" rel=\"nofollow\">\n\t\t\t\t<span class=\"wd-action-icon\">\n\t\t\t\t\t<span class=\"wd-check-icon\"><\/span>\n\t\t\t\t<\/span>\n\t\t\t\t<span class=\"wd-action-text\">Comparer<\/span>\n\t\t\t<\/a>\n\t\t<\/div>\n\t\t\t\t\t\t\t\t<div class=\"wd-quick-view-btn wd-quick-view-icon wd-action-btn wd-style-icon wd-tooltip\">\n\t\t\t<a\n\t\t\t\thref=\"https:\/\/www.moensmeubelen.be\/fr\/produit\/revor270-fr_be\/\"\n\t\t\t\tclass=\"open-quick-view\"\n\t\t\t\trel=\"nofollow\"\n\t\t\t\tdata-id=\"885860\"\n\t\t\t\t>\n\t\t\t\t\t<span class=\"wd-action-icon\"><\/span>\n\t\t\t\t\t<span class=\"wd-action-text\">\n\t\t\t\t\t\tQuick view\t\t\t\t\t<\/span>\n\t\t\t<\/a>\n\t\t<\/div>\n\t\t\t\t\t<\/div>\n\t\t\t\t\t<\/div>\n\t<\/div>\n<\/div>\n<\/div>\n<div class=\"wd-product wd-col wd-hover-buttons-on-hover product-grid-item product type-product post-885852 status-publish onbackorder product_cat-matrassen_fr_BE has-post-thumbnail taxable shipping-taxable purchasable product-type-simple\" data-loop=\"3\" data-id=\"885852\">\n\t\n<div class=\"wd-product-wrapper product-wrapper\">\n\t<div class=\"wd-product-thumb product-element-top wd-quick-shop\">\n\t\t<a href=\"https:\/\/www.moensmeubelen.be\/fr\/produit\/revor269-fr_be\/\" class=\"wd-product-img-link product-image-link\" tabindex=\"-1\" aria-label=\"Aero Anatomic 1500 Gelpulse Matelas\">\n\t\t\t<img loading=\"lazy\" decoding=\"async\" width=\"300\" height=\"300\" src=\"https:\/\/www.moensmeubelen.be\/wp-content\/uploads\/2026\/02\/2b6f7db9c7dff52ce9ae116297650b8c0f989107_thumbnail_d5_73_d5_1755524858_18851_anatomic_matras_1920x1920-300x300.webp\" class=\"attachment-woocommerce_thumbnail size-woocommerce_thumbnail\" alt=\"\" srcset=\"https:\/\/www.moensmeubelen.be\/wp-content\/uploads\/2026\/02\/2b6f7db9c7dff52ce9ae116297650b8c0f989107_thumbnail_d5_73_d5_1755524858_18851_anatomic_matras_1920x1920-300x300.webp 300w, https:\/\/www.moensmeubelen.be\/wp-content\/uploads\/2026\/02\/2b6f7db9c7dff52ce9ae116297650b8c0f989107_thumbnail_d5_73_d5_1755524858_18851_anatomic_matras_1920x1920-1024x1024.webp 1024w, https:\/\/www.moensmeubelen.be\/wp-content\/uploads\/2026\/02\/2b6f7db9c7dff52ce9ae116297650b8c0f989107_thumbnail_d5_73_d5_1755524858_18851_anatomic_matras_1920x1920-250x250.webp 250w, https:\/\/www.moensmeubelen.be\/wp-content\/uploads\/2026\/02\/2b6f7db9c7dff52ce9ae116297650b8c0f989107_thumbnail_d5_73_d5_1755524858_18851_anatomic_matras_1920x1920-768x768.webp 768w, https:\/\/www.moensmeubelen.be\/wp-content\/uploads\/2026\/02\/2b6f7db9c7dff52ce9ae116297650b8c0f989107_thumbnail_d5_73_d5_1755524858_18851_anatomic_matras_1920x1920-1536x1536.webp 1536w, https:\/\/www.moensmeubelen.be\/wp-content\/uploads\/2026\/02\/2b6f7db9c7dff52ce9ae116297650b8c0f989107_thumbnail_d5_73_d5_1755524858_18851_anatomic_matras_1920x1920-800x800.webp 800w, https:\/\/www.moensmeubelen.be\/wp-content\/uploads\/2026\/02\/2b6f7db9c7dff52ce9ae116297650b8c0f989107_thumbnail_d5_73_d5_1755524858_18851_anatomic_matras_1920x1920-200x200.webp 200w, https:\/\/www.moensmeubelen.be\/wp-content\/uploads\/2026\/02\/2b6f7db9c7dff52ce9ae116297650b8c0f989107_thumbnail_d5_73_d5_1755524858_18851_anatomic_matras_1920x1920.webp 1920w\" sizes=\"auto, (max-width: 300px) 100vw, 300px\" title=\"\">\t\t<\/a>\n\n\t\t\t\t\t<div class=\"wd-product-img-hover hover-img\">\n\t\t\t\t<img loading=\"lazy\" decoding=\"async\" width=\"300\" height=\"300\" src=\"https:\/\/www.moensmeubelen.be\/wp-content\/uploads\/2026\/02\/2b6f7db9c7dff52ce9ae116297650b8c0f989107_thumbnail_d5_73_d5_1755524858_18851_anatomic_matras_1920x1920-300x300.webp\" class=\"attachment-woocommerce_thumbnail size-woocommerce_thumbnail\" alt=\"\" srcset=\"https:\/\/www.moensmeubelen.be\/wp-content\/uploads\/2026\/02\/2b6f7db9c7dff52ce9ae116297650b8c0f989107_thumbnail_d5_73_d5_1755524858_18851_anatomic_matras_1920x1920-300x300.webp 300w, https:\/\/www.moensmeubelen.be\/wp-content\/uploads\/2026\/02\/2b6f7db9c7dff52ce9ae116297650b8c0f989107_thumbnail_d5_73_d5_1755524858_18851_anatomic_matras_1920x1920-1024x1024.webp 1024w, https:\/\/www.moensmeubelen.be\/wp-content\/uploads\/2026\/02\/2b6f7db9c7dff52ce9ae116297650b8c0f989107_thumbnail_d5_73_d5_1755524858_18851_anatomic_matras_1920x1920-250x250.webp 250w, https:\/\/www.moensmeubelen.be\/wp-content\/uploads\/2026\/02\/2b6f7db9c7dff52ce9ae116297650b8c0f989107_thumbnail_d5_73_d5_1755524858_18851_anatomic_matras_1920x1920-768x768.webp 768w, https:\/\/www.moensmeubelen.be\/wp-content\/uploads\/2026\/02\/2b6f7db9c7dff52ce9ae116297650b8c0f989107_thumbnail_d5_73_d5_1755524858_18851_anatomic_matras_1920x1920-1536x1536.webp 1536w, https:\/\/www.moensmeubelen.be\/wp-content\/uploads\/2026\/02\/2b6f7db9c7dff52ce9ae116297650b8c0f989107_thumbnail_d5_73_d5_1755524858_18851_anatomic_matras_1920x1920-800x800.webp 800w, https:\/\/www.moensmeubelen.be\/wp-content\/uploads\/2026\/02\/2b6f7db9c7dff52ce9ae116297650b8c0f989107_thumbnail_d5_73_d5_1755524858_18851_anatomic_matras_1920x1920-200x200.webp 200w, https:\/\/www.moensmeubelen.be\/wp-content\/uploads\/2026\/02\/2b6f7db9c7dff52ce9ae116297650b8c0f989107_thumbnail_d5_73_d5_1755524858_18851_anatomic_matras_1920x1920.webp 1920w\" sizes=\"auto, (max-width: 300px) 100vw, 300px\" title=\"\">\t\t\t<\/div>\n\t\t\t\n\t\t<div class=\"wd-buttons wd-pos-r-t\">\n\t\t\t\t\t<\/div>\n\t<\/div>\n\n\t<div class=\"product-element-bottom\">\n\n\t\t<div class=\"wd-product-header\">\n\t\t\t<h3 class=\"wd-entities-title\"><a href=\"https:\/\/www.moensmeubelen.be\/fr\/produit\/revor269-fr_be\/\">Aero Anatomic 1500 Gelpulse Matelas<\/a><\/h3>\n\t\t\t\t\t<\/div>\n\n\t\t\n\t\t\n\t\t<div class=\"wrap-price\">\n\t\t\t\n\t<span class=\"price\"><span class=\"woocommerce-Price-amount amount\"><bdi><span class=\"woocommerce-Price-currencySymbol\" translate=\"no\">&euro;<\/span>1.101,00<\/bdi><\/span><\/span>\n\n\t\t\t\t\t<\/div>\n\n\t\t<span class=\"gtm4wp_productdata\" style=\"display:none; visibility:hidden;\" data-gtm4wp_product_data=\"{&quot;internal_id&quot;:885852,&quot;item_id&quot;:&quot;REVOR269&quot;,&quot;item_name&quot;:&quot;Aero Anatomic 1500 Gelpulse Matelas&quot;,&quot;sku&quot;:&quot;REVOR269&quot;,&quot;price&quot;:1101,&quot;stocklevel&quot;:null,&quot;stockstatus&quot;:&quot;onbackorder&quot;,&quot;google_business_vertical&quot;:&quot;retail&quot;,&quot;item_category&quot;:&quot;Dormir&quot;,&quot;item_category2&quot;:&quot;Lits&quot;,&quot;item_category3&quot;:&quot;Matelas&quot;,&quot;id&quot;:&quot;REVOR269&quot;,&quot;productlink&quot;:&quot;https:\\\/\\\/www.moensmeubelen.be\\\/fr\\\/produit\\\/revor269-fr_be\\\/&quot;,&quot;item_list_name&quot;:&quot;General Product List&quot;,&quot;index&quot;:4,&quot;product_type&quot;:&quot;simple&quot;,&quot;item_list_id&quot;:&quot;general-product-list&quot;,&quot;item_brand&quot;:&quot;&quot;}\"><\/span>\t\t\t<input type=\"hidden\" class=\"pmwProductId\" data-id=\"885852\">\n\t\t\t\t\t<script class=\"_iub_cs_skip\">\n\t\t\t(window.pmwDataLayer = window.pmwDataLayer || {}).products                = window.pmwDataLayer.products || {};\n\t\t\twindow.pmwDataLayer.products[885852] = {\"id\":\"885852\",\"sku\":\"REVOR269\",\"price\":1101,\"brand\":\"\",\"quantity\":1,\"dyn_r_ids\":{\"post_id\":\"885852\",\"sku\":\"REVOR269\",\"gpf\":\"woocommerce_gpf_885852\",\"gla\":\"gla_885852\"},\"is_variable\":false,\"type\":\"simple\",\"name\":\"Aero Anatomic 1500 Gelpulse Matelas\",\"category\":[\"Matelas\"],\"is_variation\":false};\n\t\t\t\t\twindow.pmw_product_position = window.pmw_product_position || 1;\n\t\twindow.pmwDataLayer.products[885852]['position'] = window.pmw_product_position++;\n\t\t\t\t<\/script>\n\t\t<div class=\"conditionele-tekst levertermijn-placeholder levertermijn-placeholder--plp\" data-aamss-sku=\"REVOR269\" data-aamss-product-id=\"885852\" data-aamss-context=\"plp\" data-aamss-state=\"loading\" aria-busy=\"true\">D\u00e9lai de livraison 8-10 semaines<\/div>\n\t\t\n\t\t\n\t\t\n\t\t<div class=\"wd-product-footer\">\n\t\t\t<div class=\"wd-add-btn wd-add-btn-replace\">\n\t\t\t\t<a data-gtm4wp_product_data=\"{&quot;internal_id&quot;:885852,&quot;item_id&quot;:&quot;REVOR269&quot;,&quot;item_name&quot;:&quot;Aero Anatomic 1500 Gelpulse Matelas&quot;,&quot;sku&quot;:&quot;REVOR269&quot;,&quot;price&quot;:1101,&quot;stocklevel&quot;:null,&quot;stockstatus&quot;:&quot;onbackorder&quot;,&quot;google_business_vertical&quot;:&quot;retail&quot;,&quot;item_category&quot;:&quot;Dormir&quot;,&quot;item_category2&quot;:&quot;Lits&quot;,&quot;item_category3&quot;:&quot;Matelas&quot;,&quot;id&quot;:&quot;REVOR269&quot;}\" href=\"\/fr\/wp-json\/wp\/v2\/pages\/74681?add-to-cart=885852\"  data-quantity=\"1\" class=\"button product_type_simple add_to_cart_button ajax_add_to_cart add-to-cart-loop\" data-product_id=\"885852\" data-product_sku=\"REVOR269\" aria-label=\"Add to cart: &ldquo;Aero Anatomic 1500 Gelpulse Matelas&rdquo;\" rel=\"nofollow\" data-success_message=\"&ldquo;Aero Anatomic 1500 Gelpulse Matelas&rdquo; has been added to your cart\"><span class=\"wd-action-icon\"><span class=\"wd-check-icon\"><\/span><\/span><span class=\"wd-action-text\">Panier<\/span><\/a>\t\t\t<\/div>\n\n\t\t\t\t\t\t<div class=\"wd-action-buttons\">\n\t\t\t\t\t\t<div class=\"wd-compare-btn wd-action-btn wd-style-icon wd-compare-icon wd-tooltip\">\n\t\t\t<a href=\"https:\/\/www.moensmeubelen.be\/fr\/vergelijk\/?product_id=885851\" class=\"\" data-id=\"885851\" rel=\"nofollow\">\n\t\t\t\t<span class=\"wd-action-icon\">\n\t\t\t\t\t<span class=\"wd-check-icon\"><\/span>\n\t\t\t\t<\/span>\n\t\t\t\t<span class=\"wd-action-text\">Comparer<\/span>\n\t\t\t<\/a>\n\t\t<\/div>\n\t\t\t\t\t\t\t\t<div class=\"wd-quick-view-btn wd-quick-view-icon wd-action-btn wd-style-icon wd-tooltip\">\n\t\t\t<a\n\t\t\t\thref=\"https:\/\/www.moensmeubelen.be\/fr\/produit\/revor269-fr_be\/\"\n\t\t\t\tclass=\"open-quick-view\"\n\t\t\t\trel=\"nofollow\"\n\t\t\t\tdata-id=\"885852\"\n\t\t\t\t>\n\t\t\t\t\t<span class=\"wd-action-icon\"><\/span>\n\t\t\t\t\t<span class=\"wd-action-text\">\n\t\t\t\t\t\tQuick view\t\t\t\t\t<\/span>\n\t\t\t<\/a>\n\t\t<\/div>\n\t\t\t\t\t<\/div>\n\t\t\t\t\t<\/div>\n\t<\/div>\n<\/div>\n<\/div>\n<div class=\"wd-product wd-col wd-hover-buttons-on-hover product-grid-item product type-product post-885848 status-publish last onbackorder product_cat-matrassen_fr_BE has-post-thumbnail taxable shipping-taxable purchasable product-type-simple\" data-loop=\"4\" data-id=\"885848\">\n\t\n<div class=\"wd-product-wrapper product-wrapper\">\n\t<div class=\"wd-product-thumb product-element-top wd-quick-shop\">\n\t\t<a href=\"https:\/\/www.moensmeubelen.be\/fr\/produit\/revor268-fr_be\/\" class=\"wd-product-img-link product-image-link\" tabindex=\"-1\" aria-label=\"Aero Anatomic 1500 Gelpulse Matelas\">\n\t\t\t<img loading=\"lazy\" decoding=\"async\" width=\"300\" height=\"300\" src=\"https:\/\/www.moensmeubelen.be\/wp-content\/uploads\/2026\/02\/46f1405599c6bfc93c995f743882487ccbb503f4_thumbnail_d5_73_d5_1755524858_18851_anatomic_matras_1920x1920-300x300.webp\" class=\"attachment-woocommerce_thumbnail size-woocommerce_thumbnail\" alt=\"\" srcset=\"https:\/\/www.moensmeubelen.be\/wp-content\/uploads\/2026\/02\/46f1405599c6bfc93c995f743882487ccbb503f4_thumbnail_d5_73_d5_1755524858_18851_anatomic_matras_1920x1920-300x300.webp 300w, https:\/\/www.moensmeubelen.be\/wp-content\/uploads\/2026\/02\/46f1405599c6bfc93c995f743882487ccbb503f4_thumbnail_d5_73_d5_1755524858_18851_anatomic_matras_1920x1920-1024x1024.webp 1024w, https:\/\/www.moensmeubelen.be\/wp-content\/uploads\/2026\/02\/46f1405599c6bfc93c995f743882487ccbb503f4_thumbnail_d5_73_d5_1755524858_18851_anatomic_matras_1920x1920-250x250.webp 250w, https:\/\/www.moensmeubelen.be\/wp-content\/uploads\/2026\/02\/46f1405599c6bfc93c995f743882487ccbb503f4_thumbnail_d5_73_d5_1755524858_18851_anatomic_matras_1920x1920-768x768.webp 768w, https:\/\/www.moensmeubelen.be\/wp-content\/uploads\/2026\/02\/46f1405599c6bfc93c995f743882487ccbb503f4_thumbnail_d5_73_d5_1755524858_18851_anatomic_matras_1920x1920-1536x1536.webp 1536w, https:\/\/www.moensmeubelen.be\/wp-content\/uploads\/2026\/02\/46f1405599c6bfc93c995f743882487ccbb503f4_thumbnail_d5_73_d5_1755524858_18851_anatomic_matras_1920x1920-800x800.webp 800w, https:\/\/www.moensmeubelen.be\/wp-content\/uploads\/2026\/02\/46f1405599c6bfc93c995f743882487ccbb503f4_thumbnail_d5_73_d5_1755524858_18851_anatomic_matras_1920x1920-200x200.webp 200w, https:\/\/www.moensmeubelen.be\/wp-content\/uploads\/2026\/02\/46f1405599c6bfc93c995f743882487ccbb503f4_thumbnail_d5_73_d5_1755524858_18851_anatomic_matras_1920x1920.webp 1920w\" sizes=\"auto, (max-width: 300px) 100vw, 300px\" title=\"\">\t\t<\/a>\n\n\t\t\t\t\t<div class=\"wd-product-img-hover hover-img\">\n\t\t\t\t<img loading=\"lazy\" decoding=\"async\" width=\"300\" height=\"300\" src=\"https:\/\/www.moensmeubelen.be\/wp-content\/uploads\/2026\/02\/46f1405599c6bfc93c995f743882487ccbb503f4_thumbnail_d5_73_d5_1755524858_18851_anatomic_matras_1920x1920-300x300.webp\" class=\"attachment-woocommerce_thumbnail size-woocommerce_thumbnail\" alt=\"\" srcset=\"https:\/\/www.moensmeubelen.be\/wp-content\/uploads\/2026\/02\/46f1405599c6bfc93c995f743882487ccbb503f4_thumbnail_d5_73_d5_1755524858_18851_anatomic_matras_1920x1920-300x300.webp 300w, https:\/\/www.moensmeubelen.be\/wp-content\/uploads\/2026\/02\/46f1405599c6bfc93c995f743882487ccbb503f4_thumbnail_d5_73_d5_1755524858_18851_anatomic_matras_1920x1920-1024x1024.webp 1024w, https:\/\/www.moensmeubelen.be\/wp-content\/uploads\/2026\/02\/46f1405599c6bfc93c995f743882487ccbb503f4_thumbnail_d5_73_d5_1755524858_18851_anatomic_matras_1920x1920-250x250.webp 250w, https:\/\/www.moensmeubelen.be\/wp-content\/uploads\/2026\/02\/46f1405599c6bfc93c995f743882487ccbb503f4_thumbnail_d5_73_d5_1755524858_18851_anatomic_matras_1920x1920-768x768.webp 768w, https:\/\/www.moensmeubelen.be\/wp-content\/uploads\/2026\/02\/46f1405599c6bfc93c995f743882487ccbb503f4_thumbnail_d5_73_d5_1755524858_18851_anatomic_matras_1920x1920-1536x1536.webp 1536w, https:\/\/www.moensmeubelen.be\/wp-content\/uploads\/2026\/02\/46f1405599c6bfc93c995f743882487ccbb503f4_thumbnail_d5_73_d5_1755524858_18851_anatomic_matras_1920x1920-800x800.webp 800w, https:\/\/www.moensmeubelen.be\/wp-content\/uploads\/2026\/02\/46f1405599c6bfc93c995f743882487ccbb503f4_thumbnail_d5_73_d5_1755524858_18851_anatomic_matras_1920x1920-200x200.webp 200w, https:\/\/www.moensmeubelen.be\/wp-content\/uploads\/2026\/02\/46f1405599c6bfc93c995f743882487ccbb503f4_thumbnail_d5_73_d5_1755524858_18851_anatomic_matras_1920x1920.webp 1920w\" sizes=\"auto, (max-width: 300px) 100vw, 300px\" title=\"\">\t\t\t<\/div>\n\t\t\t\n\t\t<div class=\"wd-buttons wd-pos-r-t\">\n\t\t\t\t\t<\/div>\n\t<\/div>\n\n\t<div class=\"product-element-bottom\">\n\n\t\t<div class=\"wd-product-header\">\n\t\t\t<h3 class=\"wd-entities-title\"><a href=\"https:\/\/www.moensmeubelen.be\/fr\/produit\/revor268-fr_be\/\">Aero Anatomic 1500 Gelpulse Matelas<\/a><\/h3>\n\t\t\t\t\t<\/div>\n\n\t\t\n\t\t\n\t\t<div class=\"wrap-price\">\n\t\t\t\n\t<span class=\"price\"><span class=\"woocommerce-Price-amount amount\"><bdi><span class=\"woocommerce-Price-currencySymbol\" translate=\"no\">&euro;<\/span>1.964,00<\/bdi><\/span><\/span>\n\n\t\t\t\t\t<\/div>\n\n\t\t<span class=\"gtm4wp_productdata\" style=\"display:none; visibility:hidden;\" data-gtm4wp_product_data=\"{&quot;internal_id&quot;:885848,&quot;item_id&quot;:&quot;REVOR268&quot;,&quot;item_name&quot;:&quot;Aero Anatomic 1500 Gelpulse Matelas&quot;,&quot;sku&quot;:&quot;REVOR268&quot;,&quot;price&quot;:1964,&quot;stocklevel&quot;:null,&quot;stockstatus&quot;:&quot;onbackorder&quot;,&quot;google_business_vertical&quot;:&quot;retail&quot;,&quot;item_category&quot;:&quot;Dormir&quot;,&quot;item_category2&quot;:&quot;Lits&quot;,&quot;item_category3&quot;:&quot;Matelas&quot;,&quot;id&quot;:&quot;REVOR268&quot;,&quot;productlink&quot;:&quot;https:\\\/\\\/www.moensmeubelen.be\\\/fr\\\/produit\\\/revor268-fr_be\\\/&quot;,&quot;item_list_name&quot;:&quot;General Product List&quot;,&quot;index&quot;:5,&quot;product_type&quot;:&quot;simple&quot;,&quot;item_list_id&quot;:&quot;general-product-list&quot;,&quot;item_brand&quot;:&quot;&quot;}\"><\/span>\t\t\t<input type=\"hidden\" class=\"pmwProductId\" data-id=\"885848\">\n\t\t\t\t\t<script class=\"_iub_cs_skip\">\n\t\t\t(window.pmwDataLayer = window.pmwDataLayer || {}).products                = window.pmwDataLayer.products || {};\n\t\t\twindow.pmwDataLayer.products[885848] = {\"id\":\"885848\",\"sku\":\"REVOR268\",\"price\":1964,\"brand\":\"\",\"quantity\":1,\"dyn_r_ids\":{\"post_id\":\"885848\",\"sku\":\"REVOR268\",\"gpf\":\"woocommerce_gpf_885848\",\"gla\":\"gla_885848\"},\"is_variable\":false,\"type\":\"simple\",\"name\":\"Aero Anatomic 1500 Gelpulse Matelas\",\"category\":[\"Matelas\"],\"is_variation\":false};\n\t\t\t\t\twindow.pmw_product_position = window.pmw_product_position || 1;\n\t\twindow.pmwDataLayer.products[885848]['position'] = window.pmw_product_position++;\n\t\t\t\t<\/script>\n\t\t<div class=\"conditionele-tekst levertermijn-placeholder levertermijn-placeholder--plp\" data-aamss-sku=\"REVOR268\" data-aamss-product-id=\"885848\" data-aamss-context=\"plp\" data-aamss-state=\"loading\" aria-busy=\"true\">D\u00e9lai de livraison 8-10 semaines<\/div>\n\t\t\n\t\t\n\t\t\n\t\t<div class=\"wd-product-footer\">\n\t\t\t<div class=\"wd-add-btn wd-add-btn-replace\">\n\t\t\t\t<a data-gtm4wp_product_data=\"{&quot;internal_id&quot;:885848,&quot;item_id&quot;:&quot;REVOR268&quot;,&quot;item_name&quot;:&quot;Aero Anatomic 1500 Gelpulse Matelas&quot;,&quot;sku&quot;:&quot;REVOR268&quot;,&quot;price&quot;:1964,&quot;stocklevel&quot;:null,&quot;stockstatus&quot;:&quot;onbackorder&quot;,&quot;google_business_vertical&quot;:&quot;retail&quot;,&quot;item_category&quot;:&quot;Dormir&quot;,&quot;item_category2&quot;:&quot;Lits&quot;,&quot;item_category3&quot;:&quot;Matelas&quot;,&quot;id&quot;:&quot;REVOR268&quot;}\" href=\"\/fr\/wp-json\/wp\/v2\/pages\/74681?add-to-cart=885848\"  data-quantity=\"1\" class=\"button product_type_simple add_to_cart_button ajax_add_to_cart add-to-cart-loop\" data-product_id=\"885848\" data-product_sku=\"REVOR268\" aria-label=\"Add to cart: &ldquo;Aero Anatomic 1500 Gelpulse Matelas&rdquo;\" rel=\"nofollow\" data-success_message=\"&ldquo;Aero Anatomic 1500 Gelpulse Matelas&rdquo; has been added to your cart\"><span class=\"wd-action-icon\"><span class=\"wd-check-icon\"><\/span><\/span><span class=\"wd-action-text\">Panier<\/span><\/a>\t\t\t<\/div>\n\n\t\t\t\t\t\t<div class=\"wd-action-buttons\">\n\t\t\t\t\t\t<div class=\"wd-compare-btn wd-action-btn wd-style-icon wd-compare-icon wd-tooltip\">\n\t\t\t<a href=\"https:\/\/www.moensmeubelen.be\/fr\/vergelijk\/?product_id=885847\" class=\"\" data-id=\"885847\" rel=\"nofollow\">\n\t\t\t\t<span class=\"wd-action-icon\">\n\t\t\t\t\t<span class=\"wd-check-icon\"><\/span>\n\t\t\t\t<\/span>\n\t\t\t\t<span class=\"wd-action-text\">Comparer<\/span>\n\t\t\t<\/a>\n\t\t<\/div>\n\t\t\t\t\t\t\t\t<div class=\"wd-quick-view-btn wd-quick-view-icon wd-action-btn wd-style-icon wd-tooltip\">\n\t\t\t<a\n\t\t\t\thref=\"https:\/\/www.moensmeubelen.be\/fr\/produit\/revor268-fr_be\/\"\n\t\t\t\tclass=\"open-quick-view\"\n\t\t\t\trel=\"nofollow\"\n\t\t\t\tdata-id=\"885848\"\n\t\t\t\t>\n\t\t\t\t\t<span class=\"wd-action-icon\"><\/span>\n\t\t\t\t\t<span class=\"wd-action-text\">\n\t\t\t\t\t\tQuick view\t\t\t\t\t<\/span>\n\t\t\t<\/a>\n\t\t<\/div>\n\t\t\t\t\t<\/div>\n\t\t\t\t\t<\/div>\n\t<\/div>\n<\/div>\n<\/div>\n<div class=\"wd-product wd-col wd-hover-buttons-on-hover product-grid-item product type-product post-885844 status-publish first onbackorder product_cat-matrassen_fr_BE has-post-thumbnail taxable shipping-taxable purchasable product-type-simple\" data-loop=\"5\" data-id=\"885844\">\n\t\n<div class=\"wd-product-wrapper product-wrapper\">\n\t<div class=\"wd-product-thumb product-element-top wd-quick-shop\">\n\t\t<a href=\"https:\/\/www.moensmeubelen.be\/fr\/produit\/revor267-fr_be\/\" class=\"wd-product-img-link product-image-link\" tabindex=\"-1\" aria-label=\"Aero Anatomic 1500 Gelpulse Matelas\">\n\t\t\t<img loading=\"lazy\" decoding=\"async\" width=\"300\" height=\"300\" src=\"https:\/\/www.moensmeubelen.be\/wp-content\/uploads\/2026\/02\/14564a2b0e30bb96bebd4eb03dbc91eaa9827412_thumbnail_d5_73_d5_1755524858_18851_anatomic_matras_1920x1920-300x300.webp\" class=\"attachment-woocommerce_thumbnail size-woocommerce_thumbnail\" alt=\"\" srcset=\"https:\/\/www.moensmeubelen.be\/wp-content\/uploads\/2026\/02\/14564a2b0e30bb96bebd4eb03dbc91eaa9827412_thumbnail_d5_73_d5_1755524858_18851_anatomic_matras_1920x1920-300x300.webp 300w, https:\/\/www.moensmeubelen.be\/wp-content\/uploads\/2026\/02\/14564a2b0e30bb96bebd4eb03dbc91eaa9827412_thumbnail_d5_73_d5_1755524858_18851_anatomic_matras_1920x1920-1024x1024.webp 1024w, https:\/\/www.moensmeubelen.be\/wp-content\/uploads\/2026\/02\/14564a2b0e30bb96bebd4eb03dbc91eaa9827412_thumbnail_d5_73_d5_1755524858_18851_anatomic_matras_1920x1920-250x250.webp 250w, https:\/\/www.moensmeubelen.be\/wp-content\/uploads\/2026\/02\/14564a2b0e30bb96bebd4eb03dbc91eaa9827412_thumbnail_d5_73_d5_1755524858_18851_anatomic_matras_1920x1920-768x768.webp 768w, https:\/\/www.moensmeubelen.be\/wp-content\/uploads\/2026\/02\/14564a2b0e30bb96bebd4eb03dbc91eaa9827412_thumbnail_d5_73_d5_1755524858_18851_anatomic_matras_1920x1920-1536x1536.webp 1536w, https:\/\/www.moensmeubelen.be\/wp-content\/uploads\/2026\/02\/14564a2b0e30bb96bebd4eb03dbc91eaa9827412_thumbnail_d5_73_d5_1755524858_18851_anatomic_matras_1920x1920-800x800.webp 800w, https:\/\/www.moensmeubelen.be\/wp-content\/uploads\/2026\/02\/14564a2b0e30bb96bebd4eb03dbc91eaa9827412_thumbnail_d5_73_d5_1755524858_18851_anatomic_matras_1920x1920-200x200.webp 200w, https:\/\/www.moensmeubelen.be\/wp-content\/uploads\/2026\/02\/14564a2b0e30bb96bebd4eb03dbc91eaa9827412_thumbnail_d5_73_d5_1755524858_18851_anatomic_matras_1920x1920.webp 1920w\" sizes=\"auto, (max-width: 300px) 100vw, 300px\" title=\"\">\t\t<\/a>\n\n\t\t\t\t\t<div class=\"wd-product-img-hover hover-img\">\n\t\t\t\t<img loading=\"lazy\" decoding=\"async\" width=\"300\" height=\"300\" src=\"https:\/\/www.moensmeubelen.be\/wp-content\/uploads\/2026\/02\/14564a2b0e30bb96bebd4eb03dbc91eaa9827412_thumbnail_d5_73_d5_1755524858_18851_anatomic_matras_1920x1920-300x300.webp\" class=\"attachment-woocommerce_thumbnail size-woocommerce_thumbnail\" alt=\"\" srcset=\"https:\/\/www.moensmeubelen.be\/wp-content\/uploads\/2026\/02\/14564a2b0e30bb96bebd4eb03dbc91eaa9827412_thumbnail_d5_73_d5_1755524858_18851_anatomic_matras_1920x1920-300x300.webp 300w, https:\/\/www.moensmeubelen.be\/wp-content\/uploads\/2026\/02\/14564a2b0e30bb96bebd4eb03dbc91eaa9827412_thumbnail_d5_73_d5_1755524858_18851_anatomic_matras_1920x1920-1024x1024.webp 1024w, https:\/\/www.moensmeubelen.be\/wp-content\/uploads\/2026\/02\/14564a2b0e30bb96bebd4eb03dbc91eaa9827412_thumbnail_d5_73_d5_1755524858_18851_anatomic_matras_1920x1920-250x250.webp 250w, https:\/\/www.moensmeubelen.be\/wp-content\/uploads\/2026\/02\/14564a2b0e30bb96bebd4eb03dbc91eaa9827412_thumbnail_d5_73_d5_1755524858_18851_anatomic_matras_1920x1920-768x768.webp 768w, https:\/\/www.moensmeubelen.be\/wp-content\/uploads\/2026\/02\/14564a2b0e30bb96bebd4eb03dbc91eaa9827412_thumbnail_d5_73_d5_1755524858_18851_anatomic_matras_1920x1920-1536x1536.webp 1536w, https:\/\/www.moensmeubelen.be\/wp-content\/uploads\/2026\/02\/14564a2b0e30bb96bebd4eb03dbc91eaa9827412_thumbnail_d5_73_d5_1755524858_18851_anatomic_matras_1920x1920-800x800.webp 800w, https:\/\/www.moensmeubelen.be\/wp-content\/uploads\/2026\/02\/14564a2b0e30bb96bebd4eb03dbc91eaa9827412_thumbnail_d5_73_d5_1755524858_18851_anatomic_matras_1920x1920-200x200.webp 200w, https:\/\/www.moensmeubelen.be\/wp-content\/uploads\/2026\/02\/14564a2b0e30bb96bebd4eb03dbc91eaa9827412_thumbnail_d5_73_d5_1755524858_18851_anatomic_matras_1920x1920.webp 1920w\" sizes=\"auto, (max-width: 300px) 100vw, 300px\" title=\"\">\t\t\t<\/div>\n\t\t\t\n\t\t<div class=\"wd-buttons wd-pos-r-t\">\n\t\t\t\t\t<\/div>\n\t<\/div>\n\n\t<div class=\"product-element-bottom\">\n\n\t\t<div class=\"wd-product-header\">\n\t\t\t<h3 class=\"wd-entities-title\"><a href=\"https:\/\/www.moensmeubelen.be\/fr\/produit\/revor267-fr_be\/\">Aero Anatomic 1500 Gelpulse Matelas<\/a><\/h3>\n\t\t\t\t\t<\/div>\n\n\t\t\n\t\t\n\t\t<div class=\"wrap-price\">\n\t\t\t\n\t<span class=\"price\"><span class=\"woocommerce-Price-amount amount\"><bdi><span class=\"woocommerce-Price-currencySymbol\" translate=\"no\">&euro;<\/span>1.811,00<\/bdi><\/span><\/span>\n\n\t\t\t\t\t<\/div>\n\n\t\t<span class=\"gtm4wp_productdata\" style=\"display:none; visibility:hidden;\" data-gtm4wp_product_data=\"{&quot;internal_id&quot;:885844,&quot;item_id&quot;:&quot;REVOR267&quot;,&quot;item_name&quot;:&quot;Aero Anatomic 1500 Gelpulse Matelas&quot;,&quot;sku&quot;:&quot;REVOR267&quot;,&quot;price&quot;:1811,&quot;stocklevel&quot;:null,&quot;stockstatus&quot;:&quot;onbackorder&quot;,&quot;google_business_vertical&quot;:&quot;retail&quot;,&quot;item_category&quot;:&quot;Dormir&quot;,&quot;item_category2&quot;:&quot;Lits&quot;,&quot;item_category3&quot;:&quot;Matelas&quot;,&quot;id&quot;:&quot;REVOR267&quot;,&quot;productlink&quot;:&quot;https:\\\/\\\/www.moensmeubelen.be\\\/fr\\\/produit\\\/revor267-fr_be\\\/&quot;,&quot;item_list_name&quot;:&quot;General Product List&quot;,&quot;index&quot;:6,&quot;product_type&quot;:&quot;simple&quot;,&quot;item_list_id&quot;:&quot;general-product-list&quot;,&quot;item_brand&quot;:&quot;&quot;}\"><\/span>\t\t\t<input type=\"hidden\" class=\"pmwProductId\" data-id=\"885844\">\n\t\t\t\t\t<script class=\"_iub_cs_skip\">\n\t\t\t(window.pmwDataLayer = window.pmwDataLayer || {}).products                = window.pmwDataLayer.products || {};\n\t\t\twindow.pmwDataLayer.products[885844] = {\"id\":\"885844\",\"sku\":\"REVOR267\",\"price\":1811,\"brand\":\"\",\"quantity\":1,\"dyn_r_ids\":{\"post_id\":\"885844\",\"sku\":\"REVOR267\",\"gpf\":\"woocommerce_gpf_885844\",\"gla\":\"gla_885844\"},\"is_variable\":false,\"type\":\"simple\",\"name\":\"Aero Anatomic 1500 Gelpulse Matelas\",\"category\":[\"Matelas\"],\"is_variation\":false};\n\t\t\t\t\twindow.pmw_product_position = window.pmw_product_position || 1;\n\t\twindow.pmwDataLayer.products[885844]['position'] = window.pmw_product_position++;\n\t\t\t\t<\/script>\n\t\t<div class=\"conditionele-tekst levertermijn-placeholder levertermijn-placeholder--plp\" data-aamss-sku=\"REVOR267\" data-aamss-product-id=\"885844\" data-aamss-context=\"plp\" data-aamss-state=\"loading\" aria-busy=\"true\">D\u00e9lai de livraison 8-10 semaines<\/div>\n\t\t\n\t\t\n\t\t\n\t\t<div class=\"wd-product-footer\">\n\t\t\t<div class=\"wd-add-btn wd-add-btn-replace\">\n\t\t\t\t<a data-gtm4wp_product_data=\"{&quot;internal_id&quot;:885844,&quot;item_id&quot;:&quot;REVOR267&quot;,&quot;item_name&quot;:&quot;Aero Anatomic 1500 Gelpulse Matelas&quot;,&quot;sku&quot;:&quot;REVOR267&quot;,&quot;price&quot;:1811,&quot;stocklevel&quot;:null,&quot;stockstatus&quot;:&quot;onbackorder&quot;,&quot;google_business_vertical&quot;:&quot;retail&quot;,&quot;item_category&quot;:&quot;Dormir&quot;,&quot;item_category2&quot;:&quot;Lits&quot;,&quot;item_category3&quot;:&quot;Matelas&quot;,&quot;id&quot;:&quot;REVOR267&quot;}\" href=\"\/fr\/wp-json\/wp\/v2\/pages\/74681?add-to-cart=885844\"  data-quantity=\"1\" class=\"button product_type_simple add_to_cart_button ajax_add_to_cart add-to-cart-loop\" data-product_id=\"885844\" data-product_sku=\"REVOR267\" aria-label=\"Add to cart: &ldquo;Aero Anatomic 1500 Gelpulse Matelas&rdquo;\" rel=\"nofollow\" data-success_message=\"&ldquo;Aero Anatomic 1500 Gelpulse Matelas&rdquo; has been added to your cart\"><span class=\"wd-action-icon\"><span class=\"wd-check-icon\"><\/span><\/span><span class=\"wd-action-text\">Panier<\/span><\/a>\t\t\t<\/div>\n\n\t\t\t\t\t\t<div class=\"wd-action-buttons\">\n\t\t\t\t\t\t<div class=\"wd-compare-btn wd-action-btn wd-style-icon wd-compare-icon wd-tooltip\">\n\t\t\t<a href=\"https:\/\/www.moensmeubelen.be\/fr\/vergelijk\/?product_id=885843\" class=\"\" data-id=\"885843\" rel=\"nofollow\">\n\t\t\t\t<span class=\"wd-action-icon\">\n\t\t\t\t\t<span class=\"wd-check-icon\"><\/span>\n\t\t\t\t<\/span>\n\t\t\t\t<span class=\"wd-action-text\">Comparer<\/span>\n\t\t\t<\/a>\n\t\t<\/div>\n\t\t\t\t\t\t\t\t<div class=\"wd-quick-view-btn wd-quick-view-icon wd-action-btn wd-style-icon wd-tooltip\">\n\t\t\t<a\n\t\t\t\thref=\"https:\/\/www.moensmeubelen.be\/fr\/produit\/revor267-fr_be\/\"\n\t\t\t\tclass=\"open-quick-view\"\n\t\t\t\trel=\"nofollow\"\n\t\t\t\tdata-id=\"885844\"\n\t\t\t\t>\n\t\t\t\t\t<span class=\"wd-action-icon\"><\/span>\n\t\t\t\t\t<span class=\"wd-action-text\">\n\t\t\t\t\t\tQuick view\t\t\t\t\t<\/span>\n\t\t\t<\/a>\n\t\t<\/div>\n\t\t\t\t\t<\/div>\n\t\t\t\t\t<\/div>\n\t<\/div>\n<\/div>\n<\/div>\n<div class=\"wd-product wd-col wd-hover-buttons-on-hover product-grid-item product type-product post-885840 status-publish onbackorder product_cat-matrassen_fr_BE has-post-thumbnail taxable shipping-taxable purchasable product-type-simple\" data-loop=\"6\" data-id=\"885840\">\n\t\n<div class=\"wd-product-wrapper product-wrapper\">\n\t<div class=\"wd-product-thumb product-element-top wd-quick-shop\">\n\t\t<a href=\"https:\/\/www.moensmeubelen.be\/fr\/produit\/revor266-fr_be\/\" class=\"wd-product-img-link product-image-link\" tabindex=\"-1\" aria-label=\"Aero Anatomic 1500 Gelpulse Matelas\">\n\t\t\t<img loading=\"lazy\" decoding=\"async\" width=\"300\" height=\"300\" src=\"https:\/\/www.moensmeubelen.be\/wp-content\/uploads\/2026\/02\/5af8ea974085ad32b7a1096eac952e69b814e3ad_thumbnail_d5_73_d5_1755524858_18851_anatomic_matras_1920x1920-300x300.webp\" class=\"attachment-woocommerce_thumbnail size-woocommerce_thumbnail\" alt=\"\" srcset=\"https:\/\/www.moensmeubelen.be\/wp-content\/uploads\/2026\/02\/5af8ea974085ad32b7a1096eac952e69b814e3ad_thumbnail_d5_73_d5_1755524858_18851_anatomic_matras_1920x1920-300x300.webp 300w, https:\/\/www.moensmeubelen.be\/wp-content\/uploads\/2026\/02\/5af8ea974085ad32b7a1096eac952e69b814e3ad_thumbnail_d5_73_d5_1755524858_18851_anatomic_matras_1920x1920-1024x1024.webp 1024w, https:\/\/www.moensmeubelen.be\/wp-content\/uploads\/2026\/02\/5af8ea974085ad32b7a1096eac952e69b814e3ad_thumbnail_d5_73_d5_1755524858_18851_anatomic_matras_1920x1920-250x250.webp 250w, https:\/\/www.moensmeubelen.be\/wp-content\/uploads\/2026\/02\/5af8ea974085ad32b7a1096eac952e69b814e3ad_thumbnail_d5_73_d5_1755524858_18851_anatomic_matras_1920x1920-768x768.webp 768w, https:\/\/www.moensmeubelen.be\/wp-content\/uploads\/2026\/02\/5af8ea974085ad32b7a1096eac952e69b814e3ad_thumbnail_d5_73_d5_1755524858_18851_anatomic_matras_1920x1920-1536x1536.webp 1536w, https:\/\/www.moensmeubelen.be\/wp-content\/uploads\/2026\/02\/5af8ea974085ad32b7a1096eac952e69b814e3ad_thumbnail_d5_73_d5_1755524858_18851_anatomic_matras_1920x1920-800x800.webp 800w, https:\/\/www.moensmeubelen.be\/wp-content\/uploads\/2026\/02\/5af8ea974085ad32b7a1096eac952e69b814e3ad_thumbnail_d5_73_d5_1755524858_18851_anatomic_matras_1920x1920-200x200.webp 200w, https:\/\/www.moensmeubelen.be\/wp-content\/uploads\/2026\/02\/5af8ea974085ad32b7a1096eac952e69b814e3ad_thumbnail_d5_73_d5_1755524858_18851_anatomic_matras_1920x1920.webp 1920w\" sizes=\"auto, (max-width: 300px) 100vw, 300px\" title=\"\">\t\t<\/a>\n\n\t\t\t\t\t<div class=\"wd-product-img-hover hover-img\">\n\t\t\t\t<img loading=\"lazy\" decoding=\"async\" width=\"300\" height=\"300\" src=\"https:\/\/www.moensmeubelen.be\/wp-content\/uploads\/2026\/02\/5af8ea974085ad32b7a1096eac952e69b814e3ad_thumbnail_d5_73_d5_1755524858_18851_anatomic_matras_1920x1920-300x300.webp\" class=\"attachment-woocommerce_thumbnail size-woocommerce_thumbnail\" alt=\"\" srcset=\"https:\/\/www.moensmeubelen.be\/wp-content\/uploads\/2026\/02\/5af8ea974085ad32b7a1096eac952e69b814e3ad_thumbnail_d5_73_d5_1755524858_18851_anatomic_matras_1920x1920-300x300.webp 300w, https:\/\/www.moensmeubelen.be\/wp-content\/uploads\/2026\/02\/5af8ea974085ad32b7a1096eac952e69b814e3ad_thumbnail_d5_73_d5_1755524858_18851_anatomic_matras_1920x1920-1024x1024.webp 1024w, https:\/\/www.moensmeubelen.be\/wp-content\/uploads\/2026\/02\/5af8ea974085ad32b7a1096eac952e69b814e3ad_thumbnail_d5_73_d5_1755524858_18851_anatomic_matras_1920x1920-250x250.webp 250w, https:\/\/www.moensmeubelen.be\/wp-content\/uploads\/2026\/02\/5af8ea974085ad32b7a1096eac952e69b814e3ad_thumbnail_d5_73_d5_1755524858_18851_anatomic_matras_1920x1920-768x768.webp 768w, https:\/\/www.moensmeubelen.be\/wp-content\/uploads\/2026\/02\/5af8ea974085ad32b7a1096eac952e69b814e3ad_thumbnail_d5_73_d5_1755524858_18851_anatomic_matras_1920x1920-1536x1536.webp 1536w, https:\/\/www.moensmeubelen.be\/wp-content\/uploads\/2026\/02\/5af8ea974085ad32b7a1096eac952e69b814e3ad_thumbnail_d5_73_d5_1755524858_18851_anatomic_matras_1920x1920-800x800.webp 800w, https:\/\/www.moensmeubelen.be\/wp-content\/uploads\/2026\/02\/5af8ea974085ad32b7a1096eac952e69b814e3ad_thumbnail_d5_73_d5_1755524858_18851_anatomic_matras_1920x1920-200x200.webp 200w, https:\/\/www.moensmeubelen.be\/wp-content\/uploads\/2026\/02\/5af8ea974085ad32b7a1096eac952e69b814e3ad_thumbnail_d5_73_d5_1755524858_18851_anatomic_matras_1920x1920.webp 1920w\" sizes=\"auto, (max-width: 300px) 100vw, 300px\" title=\"\">\t\t\t<\/div>\n\t\t\t\n\t\t<div class=\"wd-buttons wd-pos-r-t\">\n\t\t\t\t\t<\/div>\n\t<\/div>\n\n\t<div class=\"product-element-bottom\">\n\n\t\t<div class=\"wd-product-header\">\n\t\t\t<h3 class=\"wd-entities-title\"><a href=\"https:\/\/www.moensmeubelen.be\/fr\/produit\/revor266-fr_be\/\">Aero Anatomic 1500 Gelpulse Matelas<\/a><\/h3>\n\t\t\t\t\t<\/div>\n\n\t\t\n\t\t\n\t\t<div class=\"wrap-price\">\n\t\t\t\n\t<span class=\"price\"><span class=\"woocommerce-Price-amount amount\"><bdi><span class=\"woocommerce-Price-currencySymbol\" translate=\"no\">&euro;<\/span>1.645,00<\/bdi><\/span><\/span>\n\n\t\t\t\t\t<\/div>\n\n\t\t<span class=\"gtm4wp_productdata\" style=\"display:none; visibility:hidden;\" data-gtm4wp_product_data=\"{&quot;internal_id&quot;:885840,&quot;item_id&quot;:&quot;REVOR266&quot;,&quot;item_name&quot;:&quot;Aero Anatomic 1500 Gelpulse Matelas&quot;,&quot;sku&quot;:&quot;REVOR266&quot;,&quot;price&quot;:1645,&quot;stocklevel&quot;:null,&quot;stockstatus&quot;:&quot;onbackorder&quot;,&quot;google_business_vertical&quot;:&quot;retail&quot;,&quot;item_category&quot;:&quot;Dormir&quot;,&quot;item_category2&quot;:&quot;Lits&quot;,&quot;item_category3&quot;:&quot;Matelas&quot;,&quot;id&quot;:&quot;REVOR266&quot;,&quot;productlink&quot;:&quot;https:\\\/\\\/www.moensmeubelen.be\\\/fr\\\/produit\\\/revor266-fr_be\\\/&quot;,&quot;item_list_name&quot;:&quot;General Product List&quot;,&quot;index&quot;:7,&quot;product_type&quot;:&quot;simple&quot;,&quot;item_list_id&quot;:&quot;general-product-list&quot;,&quot;item_brand&quot;:&quot;&quot;}\"><\/span>\t\t\t<input type=\"hidden\" class=\"pmwProductId\" data-id=\"885840\">\n\t\t\t\t\t<script class=\"_iub_cs_skip\">\n\t\t\t(window.pmwDataLayer = window.pmwDataLayer || {}).products                = window.pmwDataLayer.products || {};\n\t\t\twindow.pmwDataLayer.products[885840] = {\"id\":\"885840\",\"sku\":\"REVOR266\",\"price\":1645,\"brand\":\"\",\"quantity\":1,\"dyn_r_ids\":{\"post_id\":\"885840\",\"sku\":\"REVOR266\",\"gpf\":\"woocommerce_gpf_885840\",\"gla\":\"gla_885840\"},\"is_variable\":false,\"type\":\"simple\",\"name\":\"Aero Anatomic 1500 Gelpulse Matelas\",\"category\":[\"Matelas\"],\"is_variation\":false};\n\t\t\t\t\twindow.pmw_product_position = window.pmw_product_position || 1;\n\t\twindow.pmwDataLayer.products[885840]['position'] = window.pmw_product_position++;\n\t\t\t\t<\/script>\n\t\t<div class=\"conditionele-tekst levertermijn-placeholder levertermijn-placeholder--plp\" data-aamss-sku=\"REVOR266\" data-aamss-product-id=\"885840\" data-aamss-context=\"plp\" data-aamss-state=\"loading\" aria-busy=\"true\">D\u00e9lai de livraison 8-10 semaines<\/div>\n\t\t\n\t\t\n\t\t\n\t\t<div class=\"wd-product-footer\">\n\t\t\t<div class=\"wd-add-btn wd-add-btn-replace\">\n\t\t\t\t<a data-gtm4wp_product_data=\"{&quot;internal_id&quot;:885840,&quot;item_id&quot;:&quot;REVOR266&quot;,&quot;item_name&quot;:&quot;Aero Anatomic 1500 Gelpulse Matelas&quot;,&quot;sku&quot;:&quot;REVOR266&quot;,&quot;price&quot;:1645,&quot;stocklevel&quot;:null,&quot;stockstatus&quot;:&quot;onbackorder&quot;,&quot;google_business_vertical&quot;:&quot;retail&quot;,&quot;item_category&quot;:&quot;Dormir&quot;,&quot;item_category2&quot;:&quot;Lits&quot;,&quot;item_category3&quot;:&quot;Matelas&quot;,&quot;id&quot;:&quot;REVOR266&quot;}\" href=\"\/fr\/wp-json\/wp\/v2\/pages\/74681?add-to-cart=885840\"  data-quantity=\"1\" class=\"button product_type_simple add_to_cart_button ajax_add_to_cart add-to-cart-loop\" data-product_id=\"885840\" data-product_sku=\"REVOR266\" aria-label=\"Add to cart: &ldquo;Aero Anatomic 1500 Gelpulse Matelas&rdquo;\" rel=\"nofollow\" data-success_message=\"&ldquo;Aero Anatomic 1500 Gelpulse Matelas&rdquo; has been added to your cart\"><span class=\"wd-action-icon\"><span class=\"wd-check-icon\"><\/span><\/span><span class=\"wd-action-text\">Panier<\/span><\/a>\t\t\t<\/div>\n\n\t\t\t\t\t\t<div class=\"wd-action-buttons\">\n\t\t\t\t\t\t<div class=\"wd-compare-btn wd-action-btn wd-style-icon wd-compare-icon wd-tooltip\">\n\t\t\t<a href=\"https:\/\/www.moensmeubelen.be\/fr\/vergelijk\/?product_id=885839\" class=\"\" data-id=\"885839\" rel=\"nofollow\">\n\t\t\t\t<span class=\"wd-action-icon\">\n\t\t\t\t\t<span class=\"wd-check-icon\"><\/span>\n\t\t\t\t<\/span>\n\t\t\t\t<span class=\"wd-action-text\">Comparer<\/span>\n\t\t\t<\/a>\n\t\t<\/div>\n\t\t\t\t\t\t\t\t<div class=\"wd-quick-view-btn wd-quick-view-icon wd-action-btn wd-style-icon wd-tooltip\">\n\t\t\t<a\n\t\t\t\thref=\"https:\/\/www.moensmeubelen.be\/fr\/produit\/revor266-fr_be\/\"\n\t\t\t\tclass=\"open-quick-view\"\n\t\t\t\trel=\"nofollow\"\n\t\t\t\tdata-id=\"885840\"\n\t\t\t\t>\n\t\t\t\t\t<span class=\"wd-action-icon\"><\/span>\n\t\t\t\t\t<span class=\"wd-action-text\">\n\t\t\t\t\t\tQuick view\t\t\t\t\t<\/span>\n\t\t\t<\/a>\n\t\t<\/div>\n\t\t\t\t\t<\/div>\n\t\t\t\t\t<\/div>\n\t<\/div>\n<\/div>\n<\/div>\n<div class=\"wd-product wd-col wd-hover-buttons-on-hover product-grid-item product type-product post-885836 status-publish onbackorder product_cat-matrassen_fr_BE has-post-thumbnail taxable shipping-taxable purchasable product-type-simple\" data-loop=\"7\" data-id=\"885836\">\n\t\n<div class=\"wd-product-wrapper product-wrapper\">\n\t<div class=\"wd-product-thumb product-element-top wd-quick-shop\">\n\t\t<a href=\"https:\/\/www.moensmeubelen.be\/fr\/produit\/revor265-fr_be\/\" class=\"wd-product-img-link product-image-link\" tabindex=\"-1\" aria-label=\"Aero Anatomic 1500 Gelpulse Matelas\">\n\t\t\t<img loading=\"lazy\" decoding=\"async\" width=\"300\" height=\"300\" src=\"https:\/\/www.moensmeubelen.be\/wp-content\/uploads\/2026\/02\/3aa4dcfbb830eeeec705defe9d81e07b4f4c91fb_thumbnail_d5_73_d5_1755524858_18851_anatomic_matras_1920x1920-300x300.webp\" class=\"attachment-woocommerce_thumbnail size-woocommerce_thumbnail\" alt=\"\" srcset=\"https:\/\/www.moensmeubelen.be\/wp-content\/uploads\/2026\/02\/3aa4dcfbb830eeeec705defe9d81e07b4f4c91fb_thumbnail_d5_73_d5_1755524858_18851_anatomic_matras_1920x1920-300x300.webp 300w, https:\/\/www.moensmeubelen.be\/wp-content\/uploads\/2026\/02\/3aa4dcfbb830eeeec705defe9d81e07b4f4c91fb_thumbnail_d5_73_d5_1755524858_18851_anatomic_matras_1920x1920-1024x1024.webp 1024w, https:\/\/www.moensmeubelen.be\/wp-content\/uploads\/2026\/02\/3aa4dcfbb830eeeec705defe9d81e07b4f4c91fb_thumbnail_d5_73_d5_1755524858_18851_anatomic_matras_1920x1920-250x250.webp 250w, https:\/\/www.moensmeubelen.be\/wp-content\/uploads\/2026\/02\/3aa4dcfbb830eeeec705defe9d81e07b4f4c91fb_thumbnail_d5_73_d5_1755524858_18851_anatomic_matras_1920x1920-768x768.webp 768w, https:\/\/www.moensmeubelen.be\/wp-content\/uploads\/2026\/02\/3aa4dcfbb830eeeec705defe9d81e07b4f4c91fb_thumbnail_d5_73_d5_1755524858_18851_anatomic_matras_1920x1920-1536x1536.webp 1536w, https:\/\/www.moensmeubelen.be\/wp-content\/uploads\/2026\/02\/3aa4dcfbb830eeeec705defe9d81e07b4f4c91fb_thumbnail_d5_73_d5_1755524858_18851_anatomic_matras_1920x1920-800x800.webp 800w, https:\/\/www.moensmeubelen.be\/wp-content\/uploads\/2026\/02\/3aa4dcfbb830eeeec705defe9d81e07b4f4c91fb_thumbnail_d5_73_d5_1755524858_18851_anatomic_matras_1920x1920-200x200.webp 200w, https:\/\/www.moensmeubelen.be\/wp-content\/uploads\/2026\/02\/3aa4dcfbb830eeeec705defe9d81e07b4f4c91fb_thumbnail_d5_73_d5_1755524858_18851_anatomic_matras_1920x1920.webp 1920w\" sizes=\"auto, (max-width: 300px) 100vw, 300px\" title=\"\">\t\t<\/a>\n\n\t\t\t\t\t<div class=\"wd-product-img-hover hover-img\">\n\t\t\t\t<img loading=\"lazy\" decoding=\"async\" width=\"300\" height=\"300\" src=\"https:\/\/www.moensmeubelen.be\/wp-content\/uploads\/2026\/02\/3aa4dcfbb830eeeec705defe9d81e07b4f4c91fb_thumbnail_d5_73_d5_1755524858_18851_anatomic_matras_1920x1920-300x300.webp\" class=\"attachment-woocommerce_thumbnail size-woocommerce_thumbnail\" alt=\"\" srcset=\"https:\/\/www.moensmeubelen.be\/wp-content\/uploads\/2026\/02\/3aa4dcfbb830eeeec705defe9d81e07b4f4c91fb_thumbnail_d5_73_d5_1755524858_18851_anatomic_matras_1920x1920-300x300.webp 300w, https:\/\/www.moensmeubelen.be\/wp-content\/uploads\/2026\/02\/3aa4dcfbb830eeeec705defe9d81e07b4f4c91fb_thumbnail_d5_73_d5_1755524858_18851_anatomic_matras_1920x1920-1024x1024.webp 1024w, https:\/\/www.moensmeubelen.be\/wp-content\/uploads\/2026\/02\/3aa4dcfbb830eeeec705defe9d81e07b4f4c91fb_thumbnail_d5_73_d5_1755524858_18851_anatomic_matras_1920x1920-250x250.webp 250w, https:\/\/www.moensmeubelen.be\/wp-content\/uploads\/2026\/02\/3aa4dcfbb830eeeec705defe9d81e07b4f4c91fb_thumbnail_d5_73_d5_1755524858_18851_anatomic_matras_1920x1920-768x768.webp 768w, https:\/\/www.moensmeubelen.be\/wp-content\/uploads\/2026\/02\/3aa4dcfbb830eeeec705defe9d81e07b4f4c91fb_thumbnail_d5_73_d5_1755524858_18851_anatomic_matras_1920x1920-1536x1536.webp 1536w, https:\/\/www.moensmeubelen.be\/wp-content\/uploads\/2026\/02\/3aa4dcfbb830eeeec705defe9d81e07b4f4c91fb_thumbnail_d5_73_d5_1755524858_18851_anatomic_matras_1920x1920-800x800.webp 800w, https:\/\/www.moensmeubelen.be\/wp-content\/uploads\/2026\/02\/3aa4dcfbb830eeeec705defe9d81e07b4f4c91fb_thumbnail_d5_73_d5_1755524858_18851_anatomic_matras_1920x1920-200x200.webp 200w, https:\/\/www.moensmeubelen.be\/wp-content\/uploads\/2026\/02\/3aa4dcfbb830eeeec705defe9d81e07b4f4c91fb_thumbnail_d5_73_d5_1755524858_18851_anatomic_matras_1920x1920.webp 1920w\" sizes=\"auto, (max-width: 300px) 100vw, 300px\" title=\"\">\t\t\t<\/div>\n\t\t\t\n\t\t<div class=\"wd-buttons wd-pos-r-t\">\n\t\t\t\t\t<\/div>\n\t<\/div>\n\n\t<div class=\"product-element-bottom\">\n\n\t\t<div class=\"wd-product-header\">\n\t\t\t<h3 class=\"wd-entities-title\"><a href=\"https:\/\/www.moensmeubelen.be\/fr\/produit\/revor265-fr_be\/\">Aero Anatomic 1500 Gelpulse Matelas<\/a><\/h3>\n\t\t\t\t\t<\/div>\n\n\t\t\n\t\t\n\t\t<div class=\"wrap-price\">\n\t\t\t\n\t<span class=\"price\"><span class=\"woocommerce-Price-amount amount\"><bdi><span class=\"woocommerce-Price-currencySymbol\" translate=\"no\">&euro;<\/span>1.200,00<\/bdi><\/span><\/span>\n\n\t\t\t\t\t<\/div>\n\n\t\t<span class=\"gtm4wp_productdata\" style=\"display:none; visibility:hidden;\" data-gtm4wp_product_data=\"{&quot;internal_id&quot;:885836,&quot;item_id&quot;:&quot;REVOR265&quot;,&quot;item_name&quot;:&quot;Aero Anatomic 1500 Gelpulse Matelas&quot;,&quot;sku&quot;:&quot;REVOR265&quot;,&quot;price&quot;:1200,&quot;stocklevel&quot;:null,&quot;stockstatus&quot;:&quot;onbackorder&quot;,&quot;google_business_vertical&quot;:&quot;retail&quot;,&quot;item_category&quot;:&quot;Dormir&quot;,&quot;item_category2&quot;:&quot;Lits&quot;,&quot;item_category3&quot;:&quot;Matelas&quot;,&quot;id&quot;:&quot;REVOR265&quot;,&quot;productlink&quot;:&quot;https:\\\/\\\/www.moensmeubelen.be\\\/fr\\\/produit\\\/revor265-fr_be\\\/&quot;,&quot;item_list_name&quot;:&quot;General Product List&quot;,&quot;index&quot;:8,&quot;product_type&quot;:&quot;simple&quot;,&quot;item_list_id&quot;:&quot;general-product-list&quot;,&quot;item_brand&quot;:&quot;&quot;}\"><\/span>\t\t\t<input type=\"hidden\" class=\"pmwProductId\" data-id=\"885836\">\n\t\t\t\t\t<script class=\"_iub_cs_skip\">\n\t\t\t(window.pmwDataLayer = window.pmwDataLayer || {}).products                = window.pmwDataLayer.products || {};\n\t\t\twindow.pmwDataLayer.products[885836] = {\"id\":\"885836\",\"sku\":\"REVOR265\",\"price\":1200,\"brand\":\"\",\"quantity\":1,\"dyn_r_ids\":{\"post_id\":\"885836\",\"sku\":\"REVOR265\",\"gpf\":\"woocommerce_gpf_885836\",\"gla\":\"gla_885836\"},\"is_variable\":false,\"type\":\"simple\",\"name\":\"Aero Anatomic 1500 Gelpulse Matelas\",\"category\":[\"Matelas\"],\"is_variation\":false};\n\t\t\t\t\twindow.pmw_product_position = window.pmw_product_position || 1;\n\t\twindow.pmwDataLayer.products[885836]['position'] = window.pmw_product_position++;\n\t\t\t\t<\/script>\n\t\t<div class=\"conditionele-tekst levertermijn-placeholder levertermijn-placeholder--plp\" data-aamss-sku=\"REVOR265\" data-aamss-product-id=\"885836\" data-aamss-context=\"plp\" data-aamss-state=\"loading\" aria-busy=\"true\">D\u00e9lai de livraison 8-10 semaines<\/div>\n\t\t\n\t\t\n\t\t\n\t\t<div class=\"wd-product-footer\">\n\t\t\t<div class=\"wd-add-btn wd-add-btn-replace\">\n\t\t\t\t<a data-gtm4wp_product_data=\"{&quot;internal_id&quot;:885836,&quot;item_id&quot;:&quot;REVOR265&quot;,&quot;item_name&quot;:&quot;Aero Anatomic 1500 Gelpulse Matelas&quot;,&quot;sku&quot;:&quot;REVOR265&quot;,&quot;price&quot;:1200,&quot;stocklevel&quot;:null,&quot;stockstatus&quot;:&quot;onbackorder&quot;,&quot;google_business_vertical&quot;:&quot;retail&quot;,&quot;item_category&quot;:&quot;Dormir&quot;,&quot;item_category2&quot;:&quot;Lits&quot;,&quot;item_category3&quot;:&quot;Matelas&quot;,&quot;id&quot;:&quot;REVOR265&quot;}\" href=\"\/fr\/wp-json\/wp\/v2\/pages\/74681?add-to-cart=885836\"  data-quantity=\"1\" class=\"button product_type_simple add_to_cart_button ajax_add_to_cart add-to-cart-loop\" data-product_id=\"885836\" data-product_sku=\"REVOR265\" aria-label=\"Add to cart: &ldquo;Aero Anatomic 1500 Gelpulse Matelas&rdquo;\" rel=\"nofollow\" data-success_message=\"&ldquo;Aero Anatomic 1500 Gelpulse Matelas&rdquo; has been added to your cart\"><span class=\"wd-action-icon\"><span class=\"wd-check-icon\"><\/span><\/span><span class=\"wd-action-text\">Panier<\/span><\/a>\t\t\t<\/div>\n\n\t\t\t\t\t\t<div class=\"wd-action-buttons\">\n\t\t\t\t\t\t<div class=\"wd-compare-btn wd-action-btn wd-style-icon wd-compare-icon wd-tooltip\">\n\t\t\t<a href=\"https:\/\/www.moensmeubelen.be\/fr\/vergelijk\/?product_id=885835\" class=\"\" data-id=\"885835\" rel=\"nofollow\">\n\t\t\t\t<span class=\"wd-action-icon\">\n\t\t\t\t\t<span class=\"wd-check-icon\"><\/span>\n\t\t\t\t<\/span>\n\t\t\t\t<span class=\"wd-action-text\">Comparer<\/span>\n\t\t\t<\/a>\n\t\t<\/div>\n\t\t\t\t\t\t\t\t<div class=\"wd-quick-view-btn wd-quick-view-icon wd-action-btn wd-style-icon wd-tooltip\">\n\t\t\t<a\n\t\t\t\thref=\"https:\/\/www.moensmeubelen.be\/fr\/produit\/revor265-fr_be\/\"\n\t\t\t\tclass=\"open-quick-view\"\n\t\t\t\trel=\"nofollow\"\n\t\t\t\tdata-id=\"885836\"\n\t\t\t\t>\n\t\t\t\t\t<span class=\"wd-action-icon\"><\/span>\n\t\t\t\t\t<span class=\"wd-action-text\">\n\t\t\t\t\t\tQuick view\t\t\t\t\t<\/span>\n\t\t\t<\/a>\n\t\t<\/div>\n\t\t\t\t\t<\/div>\n\t\t\t\t\t<\/div>\n\t<\/div>\n<\/div>\n<\/div>\n<div class=\"wd-product wd-col wd-hover-buttons-on-hover product-grid-item product type-product post-886276 status-publish onbackorder product_cat-matrassen_fr_BE has-post-thumbnail taxable shipping-taxable purchasable product-type-simple\" data-loop=\"8\" data-id=\"886276\">\n\t\n<div class=\"wd-product-wrapper product-wrapper\">\n\t<div class=\"wd-product-thumb product-element-top wd-quick-shop\">\n\t\t<a href=\"https:\/\/www.moensmeubelen.be\/fr\/produit\/revor364-fr_be\/\" class=\"wd-product-img-link product-image-link\" tabindex=\"-1\" aria-label=\"Aero Anatomic 1500 Viscogel Matelas\">\n\t\t\t<img loading=\"lazy\" decoding=\"async\" width=\"300\" height=\"300\" src=\"https:\/\/www.moensmeubelen.be\/wp-content\/uploads\/2026\/02\/340c0a1f122e6456970a12fa5d2cb674c1fbdbe3_thumbnail_d5_73_d5_1755524858_18851_anatomic_matras_1920x1920-300x300.webp\" class=\"attachment-woocommerce_thumbnail size-woocommerce_thumbnail\" alt=\"\" srcset=\"https:\/\/www.moensmeubelen.be\/wp-content\/uploads\/2026\/02\/340c0a1f122e6456970a12fa5d2cb674c1fbdbe3_thumbnail_d5_73_d5_1755524858_18851_anatomic_matras_1920x1920-300x300.webp 300w, https:\/\/www.moensmeubelen.be\/wp-content\/uploads\/2026\/02\/340c0a1f122e6456970a12fa5d2cb674c1fbdbe3_thumbnail_d5_73_d5_1755524858_18851_anatomic_matras_1920x1920-1024x1024.webp 1024w, https:\/\/www.moensmeubelen.be\/wp-content\/uploads\/2026\/02\/340c0a1f122e6456970a12fa5d2cb674c1fbdbe3_thumbnail_d5_73_d5_1755524858_18851_anatomic_matras_1920x1920-250x250.webp 250w, https:\/\/www.moensmeubelen.be\/wp-content\/uploads\/2026\/02\/340c0a1f122e6456970a12fa5d2cb674c1fbdbe3_thumbnail_d5_73_d5_1755524858_18851_anatomic_matras_1920x1920-768x768.webp 768w, https:\/\/www.moensmeubelen.be\/wp-content\/uploads\/2026\/02\/340c0a1f122e6456970a12fa5d2cb674c1fbdbe3_thumbnail_d5_73_d5_1755524858_18851_anatomic_matras_1920x1920-1536x1536.webp 1536w, https:\/\/www.moensmeubelen.be\/wp-content\/uploads\/2026\/02\/340c0a1f122e6456970a12fa5d2cb674c1fbdbe3_thumbnail_d5_73_d5_1755524858_18851_anatomic_matras_1920x1920-800x800.webp 800w, https:\/\/www.moensmeubelen.be\/wp-content\/uploads\/2026\/02\/340c0a1f122e6456970a12fa5d2cb674c1fbdbe3_thumbnail_d5_73_d5_1755524858_18851_anatomic_matras_1920x1920-200x200.webp 200w, https:\/\/www.moensmeubelen.be\/wp-content\/uploads\/2026\/02\/340c0a1f122e6456970a12fa5d2cb674c1fbdbe3_thumbnail_d5_73_d5_1755524858_18851_anatomic_matras_1920x1920.webp 1920w\" sizes=\"auto, (max-width: 300px) 100vw, 300px\" title=\"\">\t\t<\/a>\n\n\t\t\t\t\t<div class=\"wd-product-img-hover hover-img\">\n\t\t\t\t<img loading=\"lazy\" decoding=\"async\" width=\"300\" height=\"300\" src=\"https:\/\/www.moensmeubelen.be\/wp-content\/uploads\/2026\/02\/340c0a1f122e6456970a12fa5d2cb674c1fbdbe3_thumbnail_d5_73_d5_1755524858_18851_anatomic_matras_1920x1920-300x300.webp\" class=\"attachment-woocommerce_thumbnail size-woocommerce_thumbnail\" alt=\"\" srcset=\"https:\/\/www.moensmeubelen.be\/wp-content\/uploads\/2026\/02\/340c0a1f122e6456970a12fa5d2cb674c1fbdbe3_thumbnail_d5_73_d5_1755524858_18851_anatomic_matras_1920x1920-300x300.webp 300w, https:\/\/www.moensmeubelen.be\/wp-content\/uploads\/2026\/02\/340c0a1f122e6456970a12fa5d2cb674c1fbdbe3_thumbnail_d5_73_d5_1755524858_18851_anatomic_matras_1920x1920-1024x1024.webp 1024w, https:\/\/www.moensmeubelen.be\/wp-content\/uploads\/2026\/02\/340c0a1f122e6456970a12fa5d2cb674c1fbdbe3_thumbnail_d5_73_d5_1755524858_18851_anatomic_matras_1920x1920-250x250.webp 250w, https:\/\/www.moensmeubelen.be\/wp-content\/uploads\/2026\/02\/340c0a1f122e6456970a12fa5d2cb674c1fbdbe3_thumbnail_d5_73_d5_1755524858_18851_anatomic_matras_1920x1920-768x768.webp 768w, https:\/\/www.moensmeubelen.be\/wp-content\/uploads\/2026\/02\/340c0a1f122e6456970a12fa5d2cb674c1fbdbe3_thumbnail_d5_73_d5_1755524858_18851_anatomic_matras_1920x1920-1536x1536.webp 1536w, https:\/\/www.moensmeubelen.be\/wp-content\/uploads\/2026\/02\/340c0a1f122e6456970a12fa5d2cb674c1fbdbe3_thumbnail_d5_73_d5_1755524858_18851_anatomic_matras_1920x1920-800x800.webp 800w, https:\/\/www.moensmeubelen.be\/wp-content\/uploads\/2026\/02\/340c0a1f122e6456970a12fa5d2cb674c1fbdbe3_thumbnail_d5_73_d5_1755524858_18851_anatomic_matras_1920x1920-200x200.webp 200w, https:\/\/www.moensmeubelen.be\/wp-content\/uploads\/2026\/02\/340c0a1f122e6456970a12fa5d2cb674c1fbdbe3_thumbnail_d5_73_d5_1755524858_18851_anatomic_matras_1920x1920.webp 1920w\" sizes=\"auto, (max-width: 300px) 100vw, 300px\" title=\"\">\t\t\t<\/div>\n\t\t\t\n\t\t<div class=\"wd-buttons wd-pos-r-t\">\n\t\t\t\t\t<\/div>\n\t<\/div>\n\n\t<div class=\"product-element-bottom\">\n\n\t\t<div class=\"wd-product-header\">\n\t\t\t<h3 class=\"wd-entities-title\"><a href=\"https:\/\/www.moensmeubelen.be\/fr\/produit\/revor364-fr_be\/\">Aero Anatomic 1500 Viscogel Matelas<\/a><\/h3>\n\t\t\t\t\t<\/div>\n\n\t\t\n\t\t\n\t\t<div class=\"wrap-price\">\n\t\t\t\n\t<span class=\"price\"><span class=\"woocommerce-Price-amount amount\"><bdi><span class=\"woocommerce-Price-currencySymbol\" translate=\"no\">&euro;<\/span>1.645,00<\/bdi><\/span><\/span>\n\n\t\t\t\t\t<\/div>\n\n\t\t<span class=\"gtm4wp_productdata\" style=\"display:none; visibility:hidden;\" data-gtm4wp_product_data=\"{&quot;internal_id&quot;:886276,&quot;item_id&quot;:&quot;REVOR364&quot;,&quot;item_name&quot;:&quot;Aero Anatomic 1500 Viscogel Matelas&quot;,&quot;sku&quot;:&quot;REVOR364&quot;,&quot;price&quot;:1645,&quot;stocklevel&quot;:null,&quot;stockstatus&quot;:&quot;onbackorder&quot;,&quot;google_business_vertical&quot;:&quot;retail&quot;,&quot;item_category&quot;:&quot;Dormir&quot;,&quot;item_category2&quot;:&quot;Lits&quot;,&quot;item_category3&quot;:&quot;Matelas&quot;,&quot;id&quot;:&quot;REVOR364&quot;,&quot;productlink&quot;:&quot;https:\\\/\\\/www.moensmeubelen.be\\\/fr\\\/produit\\\/revor364-fr_be\\\/&quot;,&quot;item_list_name&quot;:&quot;General Product List&quot;,&quot;index&quot;:9,&quot;product_type&quot;:&quot;simple&quot;,&quot;item_list_id&quot;:&quot;general-product-list&quot;,&quot;item_brand&quot;:&quot;&quot;}\"><\/span>\t\t\t<input type=\"hidden\" class=\"pmwProductId\" data-id=\"886276\">\n\t\t\t\t\t<script class=\"_iub_cs_skip\">\n\t\t\t(window.pmwDataLayer = window.pmwDataLayer || {}).products                = window.pmwDataLayer.products || {};\n\t\t\twindow.pmwDataLayer.products[886276] = {\"id\":\"886276\",\"sku\":\"REVOR364\",\"price\":1645,\"brand\":\"\",\"quantity\":1,\"dyn_r_ids\":{\"post_id\":\"886276\",\"sku\":\"REVOR364\",\"gpf\":\"woocommerce_gpf_886276\",\"gla\":\"gla_886276\"},\"is_variable\":false,\"type\":\"simple\",\"name\":\"Aero Anatomic 1500 Viscogel Matelas\",\"category\":[\"Matelas\"],\"is_variation\":false};\n\t\t\t\t\twindow.pmw_product_position = window.pmw_product_position || 1;\n\t\twindow.pmwDataLayer.products[886276]['position'] = window.pmw_product_position++;\n\t\t\t\t<\/script>\n\t\t<div class=\"conditionele-tekst levertermijn-placeholder levertermijn-placeholder--plp\" data-aamss-sku=\"REVOR364\" data-aamss-product-id=\"886276\" data-aamss-context=\"plp\" data-aamss-state=\"loading\" aria-busy=\"true\">D\u00e9lai de livraison 8-10 semaines<\/div>\n\t\t\n\t\t\n\t\t\n\t\t<div class=\"wd-product-footer\">\n\t\t\t<div class=\"wd-add-btn wd-add-btn-replace\">\n\t\t\t\t<a data-gtm4wp_product_data=\"{&quot;internal_id&quot;:886276,&quot;item_id&quot;:&quot;REVOR364&quot;,&quot;item_name&quot;:&quot;Aero Anatomic 1500 Viscogel Matelas&quot;,&quot;sku&quot;:&quot;REVOR364&quot;,&quot;price&quot;:1645,&quot;stocklevel&quot;:null,&quot;stockstatus&quot;:&quot;onbackorder&quot;,&quot;google_business_vertical&quot;:&quot;retail&quot;,&quot;item_category&quot;:&quot;Dormir&quot;,&quot;item_category2&quot;:&quot;Lits&quot;,&quot;item_category3&quot;:&quot;Matelas&quot;,&quot;id&quot;:&quot;REVOR364&quot;}\" href=\"\/fr\/wp-json\/wp\/v2\/pages\/74681?add-to-cart=886276\"  data-quantity=\"1\" class=\"button product_type_simple add_to_cart_button ajax_add_to_cart add-to-cart-loop\" data-product_id=\"886276\" data-product_sku=\"REVOR364\" aria-label=\"Add to cart: &ldquo;Aero Anatomic 1500 Viscogel Matelas&rdquo;\" rel=\"nofollow\" data-success_message=\"&ldquo;Aero Anatomic 1500 Viscogel Matelas&rdquo; has been added to your cart\"><span class=\"wd-action-icon\"><span class=\"wd-check-icon\"><\/span><\/span><span class=\"wd-action-text\">Panier<\/span><\/a>\t\t\t<\/div>\n\n\t\t\t\t\t\t<div class=\"wd-action-buttons\">\n\t\t\t\t\t\t<div class=\"wd-compare-btn wd-action-btn wd-style-icon wd-compare-icon wd-tooltip\">\n\t\t\t<a href=\"https:\/\/www.moensmeubelen.be\/fr\/vergelijk\/?product_id=886275\" class=\"\" data-id=\"886275\" rel=\"nofollow\">\n\t\t\t\t<span class=\"wd-action-icon\">\n\t\t\t\t\t<span class=\"wd-check-icon\"><\/span>\n\t\t\t\t<\/span>\n\t\t\t\t<span class=\"wd-action-text\">Comparer<\/span>\n\t\t\t<\/a>\n\t\t<\/div>\n\t\t\t\t\t\t\t\t<div class=\"wd-quick-view-btn wd-quick-view-icon wd-action-btn wd-style-icon wd-tooltip\">\n\t\t\t<a\n\t\t\t\thref=\"https:\/\/www.moensmeubelen.be\/fr\/produit\/revor364-fr_be\/\"\n\t\t\t\tclass=\"open-quick-view\"\n\t\t\t\trel=\"nofollow\"\n\t\t\t\tdata-id=\"886276\"\n\t\t\t\t>\n\t\t\t\t\t<span class=\"wd-action-icon\"><\/span>\n\t\t\t\t\t<span class=\"wd-action-text\">\n\t\t\t\t\t\tQuick view\t\t\t\t\t<\/span>\n\t\t\t<\/a>\n\t\t<\/div>\n\t\t\t\t\t<\/div>\n\t\t\t\t\t<\/div>\n\t<\/div>\n<\/div>\n<\/div>\n<div class=\"wd-product wd-col wd-hover-buttons-on-hover product-grid-item product type-product post-886280 status-publish last onbackorder product_cat-matrassen_fr_BE has-post-thumbnail taxable shipping-taxable purchasable product-type-simple\" data-loop=\"9\" data-id=\"886280\">\n\t\n<div class=\"wd-product-wrapper product-wrapper\">\n\t<div class=\"wd-product-thumb product-element-top wd-quick-shop\">\n\t\t<a href=\"https:\/\/www.moensmeubelen.be\/fr\/produit\/revor365-fr_be\/\" class=\"wd-product-img-link product-image-link\" tabindex=\"-1\" aria-label=\"Aero Anatomic 1500 Viscogel Matelas\">\n\t\t\t<img loading=\"lazy\" decoding=\"async\" width=\"300\" height=\"300\" src=\"https:\/\/www.moensmeubelen.be\/wp-content\/uploads\/2026\/02\/ea351666ad9319c40ced4006f25085ea962d6091_thumbnail_d5_73_d5_1755524858_18851_anatomic_matras_1920x1920-300x300.webp\" class=\"attachment-woocommerce_thumbnail size-woocommerce_thumbnail\" alt=\"\" srcset=\"https:\/\/www.moensmeubelen.be\/wp-content\/uploads\/2026\/02\/ea351666ad9319c40ced4006f25085ea962d6091_thumbnail_d5_73_d5_1755524858_18851_anatomic_matras_1920x1920-300x300.webp 300w, https:\/\/www.moensmeubelen.be\/wp-content\/uploads\/2026\/02\/ea351666ad9319c40ced4006f25085ea962d6091_thumbnail_d5_73_d5_1755524858_18851_anatomic_matras_1920x1920-1024x1024.webp 1024w, https:\/\/www.moensmeubelen.be\/wp-content\/uploads\/2026\/02\/ea351666ad9319c40ced4006f25085ea962d6091_thumbnail_d5_73_d5_1755524858_18851_anatomic_matras_1920x1920-250x250.webp 250w, https:\/\/www.moensmeubelen.be\/wp-content\/uploads\/2026\/02\/ea351666ad9319c40ced4006f25085ea962d6091_thumbnail_d5_73_d5_1755524858_18851_anatomic_matras_1920x1920-768x768.webp 768w, https:\/\/www.moensmeubelen.be\/wp-content\/uploads\/2026\/02\/ea351666ad9319c40ced4006f25085ea962d6091_thumbnail_d5_73_d5_1755524858_18851_anatomic_matras_1920x1920-1536x1536.webp 1536w, https:\/\/www.moensmeubelen.be\/wp-content\/uploads\/2026\/02\/ea351666ad9319c40ced4006f25085ea962d6091_thumbnail_d5_73_d5_1755524858_18851_anatomic_matras_1920x1920-800x800.webp 800w, https:\/\/www.moensmeubelen.be\/wp-content\/uploads\/2026\/02\/ea351666ad9319c40ced4006f25085ea962d6091_thumbnail_d5_73_d5_1755524858_18851_anatomic_matras_1920x1920-200x200.webp 200w, https:\/\/www.moensmeubelen.be\/wp-content\/uploads\/2026\/02\/ea351666ad9319c40ced4006f25085ea962d6091_thumbnail_d5_73_d5_1755524858_18851_anatomic_matras_1920x1920.webp 1920w\" sizes=\"auto, (max-width: 300px) 100vw, 300px\" title=\"\">\t\t<\/a>\n\n\t\t\t\t\t<div class=\"wd-product-img-hover hover-img\">\n\t\t\t\t<img loading=\"lazy\" decoding=\"async\" width=\"300\" height=\"300\" src=\"https:\/\/www.moensmeubelen.be\/wp-content\/uploads\/2026\/02\/ea351666ad9319c40ced4006f25085ea962d6091_thumbnail_d5_73_d5_1755524858_18851_anatomic_matras_1920x1920-300x300.webp\" class=\"attachment-woocommerce_thumbnail size-woocommerce_thumbnail\" alt=\"\" srcset=\"https:\/\/www.moensmeubelen.be\/wp-content\/uploads\/2026\/02\/ea351666ad9319c40ced4006f25085ea962d6091_thumbnail_d5_73_d5_1755524858_18851_anatomic_matras_1920x1920-300x300.webp 300w, https:\/\/www.moensmeubelen.be\/wp-content\/uploads\/2026\/02\/ea351666ad9319c40ced4006f25085ea962d6091_thumbnail_d5_73_d5_1755524858_18851_anatomic_matras_1920x1920-1024x1024.webp 1024w, https:\/\/www.moensmeubelen.be\/wp-content\/uploads\/2026\/02\/ea351666ad9319c40ced4006f25085ea962d6091_thumbnail_d5_73_d5_1755524858_18851_anatomic_matras_1920x1920-250x250.webp 250w, https:\/\/www.moensmeubelen.be\/wp-content\/uploads\/2026\/02\/ea351666ad9319c40ced4006f25085ea962d6091_thumbnail_d5_73_d5_1755524858_18851_anatomic_matras_1920x1920-768x768.webp 768w, https:\/\/www.moensmeubelen.be\/wp-content\/uploads\/2026\/02\/ea351666ad9319c40ced4006f25085ea962d6091_thumbnail_d5_73_d5_1755524858_18851_anatomic_matras_1920x1920-1536x1536.webp 1536w, https:\/\/www.moensmeubelen.be\/wp-content\/uploads\/2026\/02\/ea351666ad9319c40ced4006f25085ea962d6091_thumbnail_d5_73_d5_1755524858_18851_anatomic_matras_1920x1920-800x800.webp 800w, https:\/\/www.moensmeubelen.be\/wp-content\/uploads\/2026\/02\/ea351666ad9319c40ced4006f25085ea962d6091_thumbnail_d5_73_d5_1755524858_18851_anatomic_matras_1920x1920-200x200.webp 200w, https:\/\/www.moensmeubelen.be\/wp-content\/uploads\/2026\/02\/ea351666ad9319c40ced4006f25085ea962d6091_thumbnail_d5_73_d5_1755524858_18851_anatomic_matras_1920x1920.webp 1920w\" sizes=\"auto, (max-width: 300px) 100vw, 300px\" title=\"\">\t\t\t<\/div>\n\t\t\t\n\t\t<div class=\"wd-buttons wd-pos-r-t\">\n\t\t\t\t\t<\/div>\n\t<\/div>\n\n\t<div class=\"product-element-bottom\">\n\n\t\t<div class=\"wd-product-header\">\n\t\t\t<h3 class=\"wd-entities-title\"><a href=\"https:\/\/www.moensmeubelen.be\/fr\/produit\/revor365-fr_be\/\">Aero Anatomic 1500 Viscogel Matelas<\/a><\/h3>\n\t\t\t\t\t<\/div>\n\n\t\t\n\t\t\n\t\t<div class=\"wrap-price\">\n\t\t\t\n\t<span class=\"price\"><span class=\"woocommerce-Price-amount amount\"><bdi><span class=\"woocommerce-Price-currencySymbol\" translate=\"no\">&euro;<\/span>1.811,00<\/bdi><\/span><\/span>\n\n\t\t\t\t\t<\/div>\n\n\t\t<span class=\"gtm4wp_productdata\" style=\"display:none; visibility:hidden;\" data-gtm4wp_product_data=\"{&quot;internal_id&quot;:886280,&quot;item_id&quot;:&quot;REVOR365&quot;,&quot;item_name&quot;:&quot;Aero Anatomic 1500 Viscogel Matelas&quot;,&quot;sku&quot;:&quot;REVOR365&quot;,&quot;price&quot;:1811,&quot;stocklevel&quot;:null,&quot;stockstatus&quot;:&quot;onbackorder&quot;,&quot;google_business_vertical&quot;:&quot;retail&quot;,&quot;item_category&quot;:&quot;Dormir&quot;,&quot;item_category2&quot;:&quot;Lits&quot;,&quot;item_category3&quot;:&quot;Matelas&quot;,&quot;id&quot;:&quot;REVOR365&quot;,&quot;productlink&quot;:&quot;https:\\\/\\\/www.moensmeubelen.be\\\/fr\\\/produit\\\/revor365-fr_be\\\/&quot;,&quot;item_list_name&quot;:&quot;General Product List&quot;,&quot;index&quot;:10,&quot;product_type&quot;:&quot;simple&quot;,&quot;item_list_id&quot;:&quot;general-product-list&quot;,&quot;item_brand&quot;:&quot;&quot;}\"><\/span>\t\t\t<input type=\"hidden\" class=\"pmwProductId\" data-id=\"886280\">\n\t\t\t\t\t<script class=\"_iub_cs_skip\">\n\t\t\t(window.pmwDataLayer = window.pmwDataLayer || {}).products                = window.pmwDataLayer.products || {};\n\t\t\twindow.pmwDataLayer.products[886280] = {\"id\":\"886280\",\"sku\":\"REVOR365\",\"price\":1811,\"brand\":\"\",\"quantity\":1,\"dyn_r_ids\":{\"post_id\":\"886280\",\"sku\":\"REVOR365\",\"gpf\":\"woocommerce_gpf_886280\",\"gla\":\"gla_886280\"},\"is_variable\":false,\"type\":\"simple\",\"name\":\"Aero Anatomic 1500 Viscogel Matelas\",\"category\":[\"Matelas\"],\"is_variation\":false};\n\t\t\t\t\twindow.pmw_product_position = window.pmw_product_position || 1;\n\t\twindow.pmwDataLayer.products[886280]['position'] = window.pmw_product_position++;\n\t\t\t\t<\/script>\n\t\t<div class=\"conditionele-tekst levertermijn-placeholder levertermijn-placeholder--plp\" data-aamss-sku=\"REVOR365\" data-aamss-product-id=\"886280\" data-aamss-context=\"plp\" data-aamss-state=\"loading\" aria-busy=\"true\">D\u00e9lai de livraison 8-10 semaines<\/div>\n\t\t\n\t\t\n\t\t\n\t\t<div class=\"wd-product-footer\">\n\t\t\t<div class=\"wd-add-btn wd-add-btn-replace\">\n\t\t\t\t<a data-gtm4wp_product_data=\"{&quot;internal_id&quot;:886280,&quot;item_id&quot;:&quot;REVOR365&quot;,&quot;item_name&quot;:&quot;Aero Anatomic 1500 Viscogel Matelas&quot;,&quot;sku&quot;:&quot;REVOR365&quot;,&quot;price&quot;:1811,&quot;stocklevel&quot;:null,&quot;stockstatus&quot;:&quot;onbackorder&quot;,&quot;google_business_vertical&quot;:&quot;retail&quot;,&quot;item_category&quot;:&quot;Dormir&quot;,&quot;item_category2&quot;:&quot;Lits&quot;,&quot;item_category3&quot;:&quot;Matelas&quot;,&quot;id&quot;:&quot;REVOR365&quot;}\" href=\"\/fr\/wp-json\/wp\/v2\/pages\/74681?add-to-cart=886280\"  data-quantity=\"1\" class=\"button product_type_simple add_to_cart_button ajax_add_to_cart add-to-cart-loop\" data-product_id=\"886280\" data-product_sku=\"REVOR365\" aria-label=\"Add to cart: &ldquo;Aero Anatomic 1500 Viscogel Matelas&rdquo;\" rel=\"nofollow\" data-success_message=\"&ldquo;Aero Anatomic 1500 Viscogel Matelas&rdquo; has been added to your cart\"><span class=\"wd-action-icon\"><span class=\"wd-check-icon\"><\/span><\/span><span class=\"wd-action-text\">Panier<\/span><\/a>\t\t\t<\/div>\n\n\t\t\t\t\t\t<div class=\"wd-action-buttons\">\n\t\t\t\t\t\t<div class=\"wd-compare-btn wd-action-btn wd-style-icon wd-compare-icon wd-tooltip\">\n\t\t\t<a href=\"https:\/\/www.moensmeubelen.be\/fr\/vergelijk\/?product_id=886279\" class=\"\" data-id=\"886279\" rel=\"nofollow\">\n\t\t\t\t<span class=\"wd-action-icon\">\n\t\t\t\t\t<span class=\"wd-check-icon\"><\/span>\n\t\t\t\t<\/span>\n\t\t\t\t<span class=\"wd-action-text\">Comparer<\/span>\n\t\t\t<\/a>\n\t\t<\/div>\n\t\t\t\t\t\t\t\t<div class=\"wd-quick-view-btn wd-quick-view-icon wd-action-btn wd-style-icon wd-tooltip\">\n\t\t\t<a\n\t\t\t\thref=\"https:\/\/www.moensmeubelen.be\/fr\/produit\/revor365-fr_be\/\"\n\t\t\t\tclass=\"open-quick-view\"\n\t\t\t\trel=\"nofollow\"\n\t\t\t\tdata-id=\"886280\"\n\t\t\t\t>\n\t\t\t\t\t<span class=\"wd-action-icon\"><\/span>\n\t\t\t\t\t<span class=\"wd-action-text\">\n\t\t\t\t\t\tQuick view\t\t\t\t\t<\/span>\n\t\t\t<\/a>\n\t\t<\/div>\n\t\t\t\t\t<\/div>\n\t\t\t\t\t<\/div>\n\t<\/div>\n<\/div>\n<\/div>\n<div class=\"wd-product wd-col wd-hover-buttons-on-hover product-grid-item product type-product post-886284 status-publish first onbackorder product_cat-matrassen_fr_BE has-post-thumbnail taxable shipping-taxable purchasable product-type-simple\" data-loop=\"10\" data-id=\"886284\">\n\t\n<div class=\"wd-product-wrapper product-wrapper\">\n\t<div class=\"wd-product-thumb product-element-top wd-quick-shop\">\n\t\t<a href=\"https:\/\/www.moensmeubelen.be\/fr\/produit\/revor366-fr_be\/\" class=\"wd-product-img-link product-image-link\" tabindex=\"-1\" aria-label=\"Aero Anatomic 1500 Viscogel Matelas\">\n\t\t\t<img loading=\"lazy\" decoding=\"async\" width=\"300\" height=\"300\" src=\"https:\/\/www.moensmeubelen.be\/wp-content\/uploads\/2026\/02\/c296de510363a4b152b227742f66b76c102e737c_thumbnail_d5_73_d5_1755524858_18851_anatomic_matras_1920x1920-300x300.webp\" class=\"attachment-woocommerce_thumbnail size-woocommerce_thumbnail\" alt=\"\" srcset=\"https:\/\/www.moensmeubelen.be\/wp-content\/uploads\/2026\/02\/c296de510363a4b152b227742f66b76c102e737c_thumbnail_d5_73_d5_1755524858_18851_anatomic_matras_1920x1920-300x300.webp 300w, https:\/\/www.moensmeubelen.be\/wp-content\/uploads\/2026\/02\/c296de510363a4b152b227742f66b76c102e737c_thumbnail_d5_73_d5_1755524858_18851_anatomic_matras_1920x1920-1024x1024.webp 1024w, https:\/\/www.moensmeubelen.be\/wp-content\/uploads\/2026\/02\/c296de510363a4b152b227742f66b76c102e737c_thumbnail_d5_73_d5_1755524858_18851_anatomic_matras_1920x1920-250x250.webp 250w, https:\/\/www.moensmeubelen.be\/wp-content\/uploads\/2026\/02\/c296de510363a4b152b227742f66b76c102e737c_thumbnail_d5_73_d5_1755524858_18851_anatomic_matras_1920x1920-768x768.webp 768w, https:\/\/www.moensmeubelen.be\/wp-content\/uploads\/2026\/02\/c296de510363a4b152b227742f66b76c102e737c_thumbnail_d5_73_d5_1755524858_18851_anatomic_matras_1920x1920-1536x1536.webp 1536w, https:\/\/www.moensmeubelen.be\/wp-content\/uploads\/2026\/02\/c296de510363a4b152b227742f66b76c102e737c_thumbnail_d5_73_d5_1755524858_18851_anatomic_matras_1920x1920-800x800.webp 800w, https:\/\/www.moensmeubelen.be\/wp-content\/uploads\/2026\/02\/c296de510363a4b152b227742f66b76c102e737c_thumbnail_d5_73_d5_1755524858_18851_anatomic_matras_1920x1920-200x200.webp 200w, https:\/\/www.moensmeubelen.be\/wp-content\/uploads\/2026\/02\/c296de510363a4b152b227742f66b76c102e737c_thumbnail_d5_73_d5_1755524858_18851_anatomic_matras_1920x1920.webp 1920w\" sizes=\"auto, (max-width: 300px) 100vw, 300px\" title=\"\">\t\t<\/a>\n\n\t\t\t\t\t<div class=\"wd-product-img-hover hover-img\">\n\t\t\t\t<img loading=\"lazy\" decoding=\"async\" width=\"300\" height=\"300\" src=\"https:\/\/www.moensmeubelen.be\/wp-content\/uploads\/2026\/02\/c296de510363a4b152b227742f66b76c102e737c_thumbnail_d5_73_d5_1755524858_18851_anatomic_matras_1920x1920-300x300.webp\" class=\"attachment-woocommerce_thumbnail size-woocommerce_thumbnail\" alt=\"\" srcset=\"https:\/\/www.moensmeubelen.be\/wp-content\/uploads\/2026\/02\/c296de510363a4b152b227742f66b76c102e737c_thumbnail_d5_73_d5_1755524858_18851_anatomic_matras_1920x1920-300x300.webp 300w, https:\/\/www.moensmeubelen.be\/wp-content\/uploads\/2026\/02\/c296de510363a4b152b227742f66b76c102e737c_thumbnail_d5_73_d5_1755524858_18851_anatomic_matras_1920x1920-1024x1024.webp 1024w, https:\/\/www.moensmeubelen.be\/wp-content\/uploads\/2026\/02\/c296de510363a4b152b227742f66b76c102e737c_thumbnail_d5_73_d5_1755524858_18851_anatomic_matras_1920x1920-250x250.webp 250w, https:\/\/www.moensmeubelen.be\/wp-content\/uploads\/2026\/02\/c296de510363a4b152b227742f66b76c102e737c_thumbnail_d5_73_d5_1755524858_18851_anatomic_matras_1920x1920-768x768.webp 768w, https:\/\/www.moensmeubelen.be\/wp-content\/uploads\/2026\/02\/c296de510363a4b152b227742f66b76c102e737c_thumbnail_d5_73_d5_1755524858_18851_anatomic_matras_1920x1920-1536x1536.webp 1536w, https:\/\/www.moensmeubelen.be\/wp-content\/uploads\/2026\/02\/c296de510363a4b152b227742f66b76c102e737c_thumbnail_d5_73_d5_1755524858_18851_anatomic_matras_1920x1920-800x800.webp 800w, https:\/\/www.moensmeubelen.be\/wp-content\/uploads\/2026\/02\/c296de510363a4b152b227742f66b76c102e737c_thumbnail_d5_73_d5_1755524858_18851_anatomic_matras_1920x1920-200x200.webp 200w, https:\/\/www.moensmeubelen.be\/wp-content\/uploads\/2026\/02\/c296de510363a4b152b227742f66b76c102e737c_thumbnail_d5_73_d5_1755524858_18851_anatomic_matras_1920x1920.webp 1920w\" sizes=\"auto, (max-width: 300px) 100vw, 300px\" title=\"\">\t\t\t<\/div>\n\t\t\t\n\t\t<div class=\"wd-buttons wd-pos-r-t\">\n\t\t\t\t\t<\/div>\n\t<\/div>\n\n\t<div class=\"product-element-bottom\">\n\n\t\t<div class=\"wd-product-header\">\n\t\t\t<h3 class=\"wd-entities-title\"><a href=\"https:\/\/www.moensmeubelen.be\/fr\/produit\/revor366-fr_be\/\">Aero Anatomic 1500 Viscogel Matelas<\/a><\/h3>\n\t\t\t\t\t<\/div>\n\n\t\t\n\t\t\n\t\t<div class=\"wrap-price\">\n\t\t\t\n\t<span class=\"price\"><span class=\"woocommerce-Price-amount amount\"><bdi><span class=\"woocommerce-Price-currencySymbol\" translate=\"no\">&euro;<\/span>1.964,00<\/bdi><\/span><\/span>\n\n\t\t\t\t\t<\/div>\n\n\t\t<span class=\"gtm4wp_productdata\" style=\"display:none; visibility:hidden;\" data-gtm4wp_product_data=\"{&quot;internal_id&quot;:886284,&quot;item_id&quot;:&quot;REVOR366&quot;,&quot;item_name&quot;:&quot;Aero Anatomic 1500 Viscogel Matelas&quot;,&quot;sku&quot;:&quot;REVOR366&quot;,&quot;price&quot;:1964,&quot;stocklevel&quot;:null,&quot;stockstatus&quot;:&quot;onbackorder&quot;,&quot;google_business_vertical&quot;:&quot;retail&quot;,&quot;item_category&quot;:&quot;Dormir&quot;,&quot;item_category2&quot;:&quot;Lits&quot;,&quot;item_category3&quot;:&quot;Matelas&quot;,&quot;id&quot;:&quot;REVOR366&quot;,&quot;productlink&quot;:&quot;https:\\\/\\\/www.moensmeubelen.be\\\/fr\\\/produit\\\/revor366-fr_be\\\/&quot;,&quot;item_list_name&quot;:&quot;General Product List&quot;,&quot;index&quot;:11,&quot;product_type&quot;:&quot;simple&quot;,&quot;item_list_id&quot;:&quot;general-product-list&quot;,&quot;item_brand&quot;:&quot;&quot;}\"><\/span>\t\t\t<input type=\"hidden\" class=\"pmwProductId\" data-id=\"886284\">\n\t\t\t\t\t<script class=\"_iub_cs_skip\">\n\t\t\t(window.pmwDataLayer = window.pmwDataLayer || {}).products                = window.pmwDataLayer.products || {};\n\t\t\twindow.pmwDataLayer.products[886284] = {\"id\":\"886284\",\"sku\":\"REVOR366\",\"price\":1964,\"brand\":\"\",\"quantity\":1,\"dyn_r_ids\":{\"post_id\":\"886284\",\"sku\":\"REVOR366\",\"gpf\":\"woocommerce_gpf_886284\",\"gla\":\"gla_886284\"},\"is_variable\":false,\"type\":\"simple\",\"name\":\"Aero Anatomic 1500 Viscogel Matelas\",\"category\":[\"Matelas\"],\"is_variation\":false};\n\t\t\t\t\twindow.pmw_product_position = window.pmw_product_position || 1;\n\t\twindow.pmwDataLayer.products[886284]['position'] = window.pmw_product_position++;\n\t\t\t\t<\/script>\n\t\t<div class=\"conditionele-tekst levertermijn-placeholder levertermijn-placeholder--plp\" data-aamss-sku=\"REVOR366\" data-aamss-product-id=\"886284\" data-aamss-context=\"plp\" data-aamss-state=\"loading\" aria-busy=\"true\">D\u00e9lai de livraison 8-10 semaines<\/div>\n\t\t\n\t\t\n\t\t\n\t\t<div class=\"wd-product-footer\">\n\t\t\t<div class=\"wd-add-btn wd-add-btn-replace\">\n\t\t\t\t<a data-gtm4wp_product_data=\"{&quot;internal_id&quot;:886284,&quot;item_id&quot;:&quot;REVOR366&quot;,&quot;item_name&quot;:&quot;Aero Anatomic 1500 Viscogel Matelas&quot;,&quot;sku&quot;:&quot;REVOR366&quot;,&quot;price&quot;:1964,&quot;stocklevel&quot;:null,&quot;stockstatus&quot;:&quot;onbackorder&quot;,&quot;google_business_vertical&quot;:&quot;retail&quot;,&quot;item_category&quot;:&quot;Dormir&quot;,&quot;item_category2&quot;:&quot;Lits&quot;,&quot;item_category3&quot;:&quot;Matelas&quot;,&quot;id&quot;:&quot;REVOR366&quot;}\" href=\"\/fr\/wp-json\/wp\/v2\/pages\/74681?add-to-cart=886284\"  data-quantity=\"1\" class=\"button product_type_simple add_to_cart_button ajax_add_to_cart add-to-cart-loop\" data-product_id=\"886284\" data-product_sku=\"REVOR366\" aria-label=\"Add to cart: &ldquo;Aero Anatomic 1500 Viscogel Matelas&rdquo;\" rel=\"nofollow\" data-success_message=\"&ldquo;Aero Anatomic 1500 Viscogel Matelas&rdquo; has been added to your cart\"><span class=\"wd-action-icon\"><span class=\"wd-check-icon\"><\/span><\/span><span class=\"wd-action-text\">Panier<\/span><\/a>\t\t\t<\/div>\n\n\t\t\t\t\t\t<div class=\"wd-action-buttons\">\n\t\t\t\t\t\t<div class=\"wd-compare-btn wd-action-btn wd-style-icon wd-compare-icon wd-tooltip\">\n\t\t\t<a href=\"https:\/\/www.moensmeubelen.be\/fr\/vergelijk\/?product_id=886283\" class=\"\" data-id=\"886283\" rel=\"nofollow\">\n\t\t\t\t<span class=\"wd-action-icon\">\n\t\t\t\t\t<span class=\"wd-check-icon\"><\/span>\n\t\t\t\t<\/span>\n\t\t\t\t<span class=\"wd-action-text\">Comparer<\/span>\n\t\t\t<\/a>\n\t\t<\/div>\n\t\t\t\t\t\t\t\t<div class=\"wd-quick-view-btn wd-quick-view-icon wd-action-btn wd-style-icon wd-tooltip\">\n\t\t\t<a\n\t\t\t\thref=\"https:\/\/www.moensmeubelen.be\/fr\/produit\/revor366-fr_be\/\"\n\t\t\t\tclass=\"open-quick-view\"\n\t\t\t\trel=\"nofollow\"\n\t\t\t\tdata-id=\"886284\"\n\t\t\t\t>\n\t\t\t\t\t<span class=\"wd-action-icon\"><\/span>\n\t\t\t\t\t<span class=\"wd-action-text\">\n\t\t\t\t\t\tQuick view\t\t\t\t\t<\/span>\n\t\t\t<\/a>\n\t\t<\/div>\n\t\t\t\t\t<\/div>\n\t\t\t\t\t<\/div>\n\t<\/div>\n<\/div>\n<\/div>\n<div class=\"wd-product wd-col wd-hover-buttons-on-hover product-grid-item product type-product post-886288 status-publish onbackorder product_cat-matrassen_fr_BE has-post-thumbnail taxable shipping-taxable purchasable product-type-simple\" data-loop=\"11\" data-id=\"886288\">\n\t\n<div class=\"wd-product-wrapper product-wrapper\">\n\t<div class=\"wd-product-thumb product-element-top wd-quick-shop\">\n\t\t<a href=\"https:\/\/www.moensmeubelen.be\/fr\/produit\/revor367-fr_be\/\" class=\"wd-product-img-link product-image-link\" tabindex=\"-1\" aria-label=\"Aero Anatomic 1500 Viscogel Matelas\">\n\t\t\t<img loading=\"lazy\" decoding=\"async\" width=\"300\" height=\"300\" src=\"https:\/\/www.moensmeubelen.be\/wp-content\/uploads\/2026\/02\/bd7813014be1a6c2b08afe451a977ac1da1258ce_thumbnail_d5_73_d5_1755524858_18851_anatomic_matras_1920x1920-300x300.webp\" class=\"attachment-woocommerce_thumbnail size-woocommerce_thumbnail\" alt=\"\" srcset=\"https:\/\/www.moensmeubelen.be\/wp-content\/uploads\/2026\/02\/bd7813014be1a6c2b08afe451a977ac1da1258ce_thumbnail_d5_73_d5_1755524858_18851_anatomic_matras_1920x1920-300x300.webp 300w, https:\/\/www.moensmeubelen.be\/wp-content\/uploads\/2026\/02\/bd7813014be1a6c2b08afe451a977ac1da1258ce_thumbnail_d5_73_d5_1755524858_18851_anatomic_matras_1920x1920-1024x1024.webp 1024w, https:\/\/www.moensmeubelen.be\/wp-content\/uploads\/2026\/02\/bd7813014be1a6c2b08afe451a977ac1da1258ce_thumbnail_d5_73_d5_1755524858_18851_anatomic_matras_1920x1920-250x250.webp 250w, https:\/\/www.moensmeubelen.be\/wp-content\/uploads\/2026\/02\/bd7813014be1a6c2b08afe451a977ac1da1258ce_thumbnail_d5_73_d5_1755524858_18851_anatomic_matras_1920x1920-768x768.webp 768w, https:\/\/www.moensmeubelen.be\/wp-content\/uploads\/2026\/02\/bd7813014be1a6c2b08afe451a977ac1da1258ce_thumbnail_d5_73_d5_1755524858_18851_anatomic_matras_1920x1920-1536x1536.webp 1536w, https:\/\/www.moensmeubelen.be\/wp-content\/uploads\/2026\/02\/bd7813014be1a6c2b08afe451a977ac1da1258ce_thumbnail_d5_73_d5_1755524858_18851_anatomic_matras_1920x1920-800x800.webp 800w, https:\/\/www.moensmeubelen.be\/wp-content\/uploads\/2026\/02\/bd7813014be1a6c2b08afe451a977ac1da1258ce_thumbnail_d5_73_d5_1755524858_18851_anatomic_matras_1920x1920-200x200.webp 200w, https:\/\/www.moensmeubelen.be\/wp-content\/uploads\/2026\/02\/bd7813014be1a6c2b08afe451a977ac1da1258ce_thumbnail_d5_73_d5_1755524858_18851_anatomic_matras_1920x1920.webp 1920w\" sizes=\"auto, (max-width: 300px) 100vw, 300px\" title=\"\">\t\t<\/a>\n\n\t\t\t\t\t<div class=\"wd-product-img-hover hover-img\">\n\t\t\t\t<img loading=\"lazy\" decoding=\"async\" width=\"300\" height=\"300\" src=\"https:\/\/www.moensmeubelen.be\/wp-content\/uploads\/2026\/02\/bd7813014be1a6c2b08afe451a977ac1da1258ce_thumbnail_d5_73_d5_1755524858_18851_anatomic_matras_1920x1920-300x300.webp\" class=\"attachment-woocommerce_thumbnail size-woocommerce_thumbnail\" alt=\"\" srcset=\"https:\/\/www.moensmeubelen.be\/wp-content\/uploads\/2026\/02\/bd7813014be1a6c2b08afe451a977ac1da1258ce_thumbnail_d5_73_d5_1755524858_18851_anatomic_matras_1920x1920-300x300.webp 300w, https:\/\/www.moensmeubelen.be\/wp-content\/uploads\/2026\/02\/bd7813014be1a6c2b08afe451a977ac1da1258ce_thumbnail_d5_73_d5_1755524858_18851_anatomic_matras_1920x1920-1024x1024.webp 1024w, https:\/\/www.moensmeubelen.be\/wp-content\/uploads\/2026\/02\/bd7813014be1a6c2b08afe451a977ac1da1258ce_thumbnail_d5_73_d5_1755524858_18851_anatomic_matras_1920x1920-250x250.webp 250w, https:\/\/www.moensmeubelen.be\/wp-content\/uploads\/2026\/02\/bd7813014be1a6c2b08afe451a977ac1da1258ce_thumbnail_d5_73_d5_1755524858_18851_anatomic_matras_1920x1920-768x768.webp 768w, https:\/\/www.moensmeubelen.be\/wp-content\/uploads\/2026\/02\/bd7813014be1a6c2b08afe451a977ac1da1258ce_thumbnail_d5_73_d5_1755524858_18851_anatomic_matras_1920x1920-1536x1536.webp 1536w, https:\/\/www.moensmeubelen.be\/wp-content\/uploads\/2026\/02\/bd7813014be1a6c2b08afe451a977ac1da1258ce_thumbnail_d5_73_d5_1755524858_18851_anatomic_matras_1920x1920-800x800.webp 800w, https:\/\/www.moensmeubelen.be\/wp-content\/uploads\/2026\/02\/bd7813014be1a6c2b08afe451a977ac1da1258ce_thumbnail_d5_73_d5_1755524858_18851_anatomic_matras_1920x1920-200x200.webp 200w, https:\/\/www.moensmeubelen.be\/wp-content\/uploads\/2026\/02\/bd7813014be1a6c2b08afe451a977ac1da1258ce_thumbnail_d5_73_d5_1755524858_18851_anatomic_matras_1920x1920.webp 1920w\" sizes=\"auto, (max-width: 300px) 100vw, 300px\" title=\"\">\t\t\t<\/div>\n\t\t\t\n\t\t<div class=\"wd-buttons wd-pos-r-t\">\n\t\t\t\t\t<\/div>\n\t<\/div>\n\n\t<div class=\"product-element-bottom\">\n\n\t\t<div class=\"wd-product-header\">\n\t\t\t<h3 class=\"wd-entities-title\"><a href=\"https:\/\/www.moensmeubelen.be\/fr\/produit\/revor367-fr_be\/\">Aero Anatomic 1500 Viscogel Matelas<\/a><\/h3>\n\t\t\t\t\t<\/div>\n\n\t\t\n\t\t\n\t\t<div class=\"wrap-price\">\n\t\t\t\n\t<span class=\"price\"><span class=\"woocommerce-Price-amount amount\"><bdi><span class=\"woocommerce-Price-currencySymbol\" translate=\"no\">&euro;<\/span>1.101,00<\/bdi><\/span><\/span>\n\n\t\t\t\t\t<\/div>\n\n\t\t<span class=\"gtm4wp_productdata\" style=\"display:none; visibility:hidden;\" data-gtm4wp_product_data=\"{&quot;internal_id&quot;:886288,&quot;item_id&quot;:&quot;REVOR367&quot;,&quot;item_name&quot;:&quot;Aero Anatomic 1500 Viscogel Matelas&quot;,&quot;sku&quot;:&quot;REVOR367&quot;,&quot;price&quot;:1101,&quot;stocklevel&quot;:null,&quot;stockstatus&quot;:&quot;onbackorder&quot;,&quot;google_business_vertical&quot;:&quot;retail&quot;,&quot;item_category&quot;:&quot;Dormir&quot;,&quot;item_category2&quot;:&quot;Lits&quot;,&quot;item_category3&quot;:&quot;Matelas&quot;,&quot;id&quot;:&quot;REVOR367&quot;,&quot;productlink&quot;:&quot;https:\\\/\\\/www.moensmeubelen.be\\\/fr\\\/produit\\\/revor367-fr_be\\\/&quot;,&quot;item_list_name&quot;:&quot;General Product List&quot;,&quot;index&quot;:12,&quot;product_type&quot;:&quot;simple&quot;,&quot;item_list_id&quot;:&quot;general-product-list&quot;,&quot;item_brand&quot;:&quot;&quot;}\"><\/span>\t\t\t<input type=\"hidden\" class=\"pmwProductId\" data-id=\"886288\">\n\t\t\t\t\t<script class=\"_iub_cs_skip\">\n\t\t\t(window.pmwDataLayer = window.pmwDataLayer || {}).products                = window.pmwDataLayer.products || {};\n\t\t\twindow.pmwDataLayer.products[886288] = {\"id\":\"886288\",\"sku\":\"REVOR367\",\"price\":1101,\"brand\":\"\",\"quantity\":1,\"dyn_r_ids\":{\"post_id\":\"886288\",\"sku\":\"REVOR367\",\"gpf\":\"woocommerce_gpf_886288\",\"gla\":\"gla_886288\"},\"is_variable\":false,\"type\":\"simple\",\"name\":\"Aero Anatomic 1500 Viscogel Matelas\",\"category\":[\"Matelas\"],\"is_variation\":false};\n\t\t\t\t\twindow.pmw_product_position = window.pmw_product_position || 1;\n\t\twindow.pmwDataLayer.products[886288]['position'] = window.pmw_product_position++;\n\t\t\t\t<\/script>\n\t\t<div class=\"conditionele-tekst levertermijn-placeholder levertermijn-placeholder--plp\" data-aamss-sku=\"REVOR367\" data-aamss-product-id=\"886288\" data-aamss-context=\"plp\" data-aamss-state=\"loading\" aria-busy=\"true\">D\u00e9lai de livraison 8-10 semaines<\/div>\n\t\t\n\t\t\n\t\t\n\t\t<div class=\"wd-product-footer\">\n\t\t\t<div class=\"wd-add-btn wd-add-btn-replace\">\n\t\t\t\t<a data-gtm4wp_product_data=\"{&quot;internal_id&quot;:886288,&quot;item_id&quot;:&quot;REVOR367&quot;,&quot;item_name&quot;:&quot;Aero Anatomic 1500 Viscogel Matelas&quot;,&quot;sku&quot;:&quot;REVOR367&quot;,&quot;price&quot;:1101,&quot;stocklevel&quot;:null,&quot;stockstatus&quot;:&quot;onbackorder&quot;,&quot;google_business_vertical&quot;:&quot;retail&quot;,&quot;item_category&quot;:&quot;Dormir&quot;,&quot;item_category2&quot;:&quot;Lits&quot;,&quot;item_category3&quot;:&quot;Matelas&quot;,&quot;id&quot;:&quot;REVOR367&quot;}\" href=\"\/fr\/wp-json\/wp\/v2\/pages\/74681?add-to-cart=886288\"  data-quantity=\"1\" class=\"button product_type_simple add_to_cart_button ajax_add_to_cart add-to-cart-loop\" data-product_id=\"886288\" data-product_sku=\"REVOR367\" aria-label=\"Add to cart: &ldquo;Aero Anatomic 1500 Viscogel Matelas&rdquo;\" rel=\"nofollow\" data-success_message=\"&ldquo;Aero Anatomic 1500 Viscogel Matelas&rdquo; has been added to your cart\"><span class=\"wd-action-icon\"><span class=\"wd-check-icon\"><\/span><\/span><span class=\"wd-action-text\">Panier<\/span><\/a>\t\t\t<\/div>\n\n\t\t\t\t\t\t<div class=\"wd-action-buttons\">\n\t\t\t\t\t\t<div class=\"wd-compare-btn wd-action-btn wd-style-icon wd-compare-icon wd-tooltip\">\n\t\t\t<a href=\"https:\/\/www.moensmeubelen.be\/fr\/vergelijk\/?product_id=886287\" class=\"\" data-id=\"886287\" rel=\"nofollow\">\n\t\t\t\t<span class=\"wd-action-icon\">\n\t\t\t\t\t<span class=\"wd-check-icon\"><\/span>\n\t\t\t\t<\/span>\n\t\t\t\t<span class=\"wd-action-text\">Comparer<\/span>\n\t\t\t<\/a>\n\t\t<\/div>\n\t\t\t\t\t\t\t\t<div class=\"wd-quick-view-btn wd-quick-view-icon wd-action-btn wd-style-icon wd-tooltip\">\n\t\t\t<a\n\t\t\t\thref=\"https:\/\/www.moensmeubelen.be\/fr\/produit\/revor367-fr_be\/\"\n\t\t\t\tclass=\"open-quick-view\"\n\t\t\t\trel=\"nofollow\"\n\t\t\t\tdata-id=\"886288\"\n\t\t\t\t>\n\t\t\t\t\t<span class=\"wd-action-icon\"><\/span>\n\t\t\t\t\t<span class=\"wd-action-text\">\n\t\t\t\t\t\tQuick view\t\t\t\t\t<\/span>\n\t\t\t<\/a>\n\t\t<\/div>\n\t\t\t\t\t<\/div>\n\t\t\t\t\t<\/div>\n\t<\/div>\n<\/div>\n<\/div>\n<div class=\"wd-product wd-col wd-hover-buttons-on-hover product-grid-item product type-product post-886292 status-publish onbackorder product_cat-matrassen_fr_BE has-post-thumbnail taxable shipping-taxable purchasable product-type-simple\" data-loop=\"12\" data-id=\"886292\">\n\t\n<div class=\"wd-product-wrapper product-wrapper\">\n\t<div class=\"wd-product-thumb product-element-top wd-quick-shop\">\n\t\t<a href=\"https:\/\/www.moensmeubelen.be\/fr\/produit\/revor368-fr_be\/\" class=\"wd-product-img-link product-image-link\" tabindex=\"-1\" aria-label=\"Aero Anatomic 1500 Viscogel Matelas\">\n\t\t\t<img loading=\"lazy\" decoding=\"async\" width=\"300\" height=\"300\" src=\"https:\/\/www.moensmeubelen.be\/wp-content\/uploads\/2026\/02\/d60ea87440456165f45a5c5c61c1154de9f9f306_thumbnail_d5_73_d5_1755524858_18851_anatomic_matras_1920x1920-300x300.webp\" class=\"attachment-woocommerce_thumbnail size-woocommerce_thumbnail\" alt=\"\" srcset=\"https:\/\/www.moensmeubelen.be\/wp-content\/uploads\/2026\/02\/d60ea87440456165f45a5c5c61c1154de9f9f306_thumbnail_d5_73_d5_1755524858_18851_anatomic_matras_1920x1920-300x300.webp 300w, https:\/\/www.moensmeubelen.be\/wp-content\/uploads\/2026\/02\/d60ea87440456165f45a5c5c61c1154de9f9f306_thumbnail_d5_73_d5_1755524858_18851_anatomic_matras_1920x1920-1024x1024.webp 1024w, https:\/\/www.moensmeubelen.be\/wp-content\/uploads\/2026\/02\/d60ea87440456165f45a5c5c61c1154de9f9f306_thumbnail_d5_73_d5_1755524858_18851_anatomic_matras_1920x1920-250x250.webp 250w, https:\/\/www.moensmeubelen.be\/wp-content\/uploads\/2026\/02\/d60ea87440456165f45a5c5c61c1154de9f9f306_thumbnail_d5_73_d5_1755524858_18851_anatomic_matras_1920x1920-768x768.webp 768w, https:\/\/www.moensmeubelen.be\/wp-content\/uploads\/2026\/02\/d60ea87440456165f45a5c5c61c1154de9f9f306_thumbnail_d5_73_d5_1755524858_18851_anatomic_matras_1920x1920-1536x1536.webp 1536w, https:\/\/www.moensmeubelen.be\/wp-content\/uploads\/2026\/02\/d60ea87440456165f45a5c5c61c1154de9f9f306_thumbnail_d5_73_d5_1755524858_18851_anatomic_matras_1920x1920-800x800.webp 800w, https:\/\/www.moensmeubelen.be\/wp-content\/uploads\/2026\/02\/d60ea87440456165f45a5c5c61c1154de9f9f306_thumbnail_d5_73_d5_1755524858_18851_anatomic_matras_1920x1920-200x200.webp 200w, https:\/\/www.moensmeubelen.be\/wp-content\/uploads\/2026\/02\/d60ea87440456165f45a5c5c61c1154de9f9f306_thumbnail_d5_73_d5_1755524858_18851_anatomic_matras_1920x1920.webp 1920w\" sizes=\"auto, (max-width: 300px) 100vw, 300px\" title=\"\">\t\t<\/a>\n\n\t\t\t\t\t<div class=\"wd-product-img-hover hover-img\">\n\t\t\t\t<img loading=\"lazy\" decoding=\"async\" width=\"300\" height=\"300\" src=\"https:\/\/www.moensmeubelen.be\/wp-content\/uploads\/2026\/02\/d60ea87440456165f45a5c5c61c1154de9f9f306_thumbnail_d5_73_d5_1755524858_18851_anatomic_matras_1920x1920-300x300.webp\" class=\"attachment-woocommerce_thumbnail size-woocommerce_thumbnail\" alt=\"\" srcset=\"https:\/\/www.moensmeubelen.be\/wp-content\/uploads\/2026\/02\/d60ea87440456165f45a5c5c61c1154de9f9f306_thumbnail_d5_73_d5_1755524858_18851_anatomic_matras_1920x1920-300x300.webp 300w, https:\/\/www.moensmeubelen.be\/wp-content\/uploads\/2026\/02\/d60ea87440456165f45a5c5c61c1154de9f9f306_thumbnail_d5_73_d5_1755524858_18851_anatomic_matras_1920x1920-1024x1024.webp 1024w, https:\/\/www.moensmeubelen.be\/wp-content\/uploads\/2026\/02\/d60ea87440456165f45a5c5c61c1154de9f9f306_thumbnail_d5_73_d5_1755524858_18851_anatomic_matras_1920x1920-250x250.webp 250w, https:\/\/www.moensmeubelen.be\/wp-content\/uploads\/2026\/02\/d60ea87440456165f45a5c5c61c1154de9f9f306_thumbnail_d5_73_d5_1755524858_18851_anatomic_matras_1920x1920-768x768.webp 768w, https:\/\/www.moensmeubelen.be\/wp-content\/uploads\/2026\/02\/d60ea87440456165f45a5c5c61c1154de9f9f306_thumbnail_d5_73_d5_1755524858_18851_anatomic_matras_1920x1920-1536x1536.webp 1536w, https:\/\/www.moensmeubelen.be\/wp-content\/uploads\/2026\/02\/d60ea87440456165f45a5c5c61c1154de9f9f306_thumbnail_d5_73_d5_1755524858_18851_anatomic_matras_1920x1920-800x800.webp 800w, https:\/\/www.moensmeubelen.be\/wp-content\/uploads\/2026\/02\/d60ea87440456165f45a5c5c61c1154de9f9f306_thumbnail_d5_73_d5_1755524858_18851_anatomic_matras_1920x1920-200x200.webp 200w, https:\/\/www.moensmeubelen.be\/wp-content\/uploads\/2026\/02\/d60ea87440456165f45a5c5c61c1154de9f9f306_thumbnail_d5_73_d5_1755524858_18851_anatomic_matras_1920x1920.webp 1920w\" sizes=\"auto, (max-width: 300px) 100vw, 300px\" title=\"\">\t\t\t<\/div>\n\t\t\t\n\t\t<div class=\"wd-buttons wd-pos-r-t\">\n\t\t\t\t\t<\/div>\n\t<\/div>\n\n\t<div class=\"product-element-bottom\">\n\n\t\t<div class=\"wd-product-header\">\n\t\t\t<h3 class=\"wd-entities-title\"><a href=\"https:\/\/www.moensmeubelen.be\/fr\/produit\/revor368-fr_be\/\">Aero Anatomic 1500 Viscogel Matelas<\/a><\/h3>\n\t\t\t\t\t<\/div>\n\n\t\t\n\t\t\n\t\t<div class=\"wrap-price\">\n\t\t\t\n\t<span class=\"price\"><span class=\"woocommerce-Price-amount amount\"><bdi><span class=\"woocommerce-Price-currencySymbol\" translate=\"no\">&euro;<\/span>1.280,00<\/bdi><\/span><\/span>\n\n\t\t\t\t\t<\/div>\n\n\t\t<span class=\"gtm4wp_productdata\" style=\"display:none; visibility:hidden;\" data-gtm4wp_product_data=\"{&quot;internal_id&quot;:886292,&quot;item_id&quot;:&quot;REVOR368&quot;,&quot;item_name&quot;:&quot;Aero Anatomic 1500 Viscogel Matelas&quot;,&quot;sku&quot;:&quot;REVOR368&quot;,&quot;price&quot;:1280,&quot;stocklevel&quot;:null,&quot;stockstatus&quot;:&quot;onbackorder&quot;,&quot;google_business_vertical&quot;:&quot;retail&quot;,&quot;item_category&quot;:&quot;Dormir&quot;,&quot;item_category2&quot;:&quot;Lits&quot;,&quot;item_category3&quot;:&quot;Matelas&quot;,&quot;id&quot;:&quot;REVOR368&quot;,&quot;productlink&quot;:&quot;https:\\\/\\\/www.moensmeubelen.be\\\/fr\\\/produit\\\/revor368-fr_be\\\/&quot;,&quot;item_list_name&quot;:&quot;General Product List&quot;,&quot;index&quot;:13,&quot;product_type&quot;:&quot;simple&quot;,&quot;item_list_id&quot;:&quot;general-product-list&quot;,&quot;item_brand&quot;:&quot;&quot;}\"><\/span>\t\t\t<input type=\"hidden\" class=\"pmwProductId\" data-id=\"886292\">\n\t\t\t\t\t<script class=\"_iub_cs_skip\">\n\t\t\t(window.pmwDataLayer = window.pmwDataLayer || {}).products                = window.pmwDataLayer.products || {};\n\t\t\twindow.pmwDataLayer.products[886292] = {\"id\":\"886292\",\"sku\":\"REVOR368\",\"price\":1280,\"brand\":\"\",\"quantity\":1,\"dyn_r_ids\":{\"post_id\":\"886292\",\"sku\":\"REVOR368\",\"gpf\":\"woocommerce_gpf_886292\",\"gla\":\"gla_886292\"},\"is_variable\":false,\"type\":\"simple\",\"name\":\"Aero Anatomic 1500 Viscogel Matelas\",\"category\":[\"Matelas\"],\"is_variation\":false};\n\t\t\t\t\twindow.pmw_product_position = window.pmw_product_position || 1;\n\t\twindow.pmwDataLayer.products[886292]['position'] = window.pmw_product_position++;\n\t\t\t\t<\/script>\n\t\t<div class=\"conditionele-tekst levertermijn-placeholder levertermijn-placeholder--plp\" data-aamss-sku=\"REVOR368\" data-aamss-product-id=\"886292\" data-aamss-context=\"plp\" data-aamss-state=\"loading\" aria-busy=\"true\">D\u00e9lai de livraison 8-10 semaines<\/div>\n\t\t\n\t\t\n\t\t\n\t\t<div class=\"wd-product-footer\">\n\t\t\t<div class=\"wd-add-btn wd-add-btn-replace\">\n\t\t\t\t<a data-gtm4wp_product_data=\"{&quot;internal_id&quot;:886292,&quot;item_id&quot;:&quot;REVOR368&quot;,&quot;item_name&quot;:&quot;Aero Anatomic 1500 Viscogel Matelas&quot;,&quot;sku&quot;:&quot;REVOR368&quot;,&quot;price&quot;:1280,&quot;stocklevel&quot;:null,&quot;stockstatus&quot;:&quot;onbackorder&quot;,&quot;google_business_vertical&quot;:&quot;retail&quot;,&quot;item_category&quot;:&quot;Dormir&quot;,&quot;item_category2&quot;:&quot;Lits&quot;,&quot;item_category3&quot;:&quot;Matelas&quot;,&quot;id&quot;:&quot;REVOR368&quot;}\" href=\"\/fr\/wp-json\/wp\/v2\/pages\/74681?add-to-cart=886292\"  data-quantity=\"1\" class=\"button product_type_simple add_to_cart_button ajax_add_to_cart add-to-cart-loop\" data-product_id=\"886292\" data-product_sku=\"REVOR368\" aria-label=\"Add to cart: &ldquo;Aero Anatomic 1500 Viscogel Matelas&rdquo;\" rel=\"nofollow\" data-success_message=\"&ldquo;Aero Anatomic 1500 Viscogel Matelas&rdquo; has been added to your cart\"><span class=\"wd-action-icon\"><span class=\"wd-check-icon\"><\/span><\/span><span class=\"wd-action-text\">Panier<\/span><\/a>\t\t\t<\/div>\n\n\t\t\t\t\t\t<div class=\"wd-action-buttons\">\n\t\t\t\t\t\t<div class=\"wd-compare-btn wd-action-btn wd-style-icon wd-compare-icon wd-tooltip\">\n\t\t\t<a href=\"https:\/\/www.moensmeubelen.be\/fr\/vergelijk\/?product_id=886291\" class=\"\" data-id=\"886291\" rel=\"nofollow\">\n\t\t\t\t<span class=\"wd-action-icon\">\n\t\t\t\t\t<span class=\"wd-check-icon\"><\/span>\n\t\t\t\t<\/span>\n\t\t\t\t<span class=\"wd-action-text\">Comparer<\/span>\n\t\t\t<\/a>\n\t\t<\/div>\n\t\t\t\t\t\t\t\t<div class=\"wd-quick-view-btn wd-quick-view-icon wd-action-btn wd-style-icon wd-tooltip\">\n\t\t\t<a\n\t\t\t\thref=\"https:\/\/www.moensmeubelen.be\/fr\/produit\/revor368-fr_be\/\"\n\t\t\t\tclass=\"open-quick-view\"\n\t\t\t\trel=\"nofollow\"\n\t\t\t\tdata-id=\"886292\"\n\t\t\t\t>\n\t\t\t\t\t<span class=\"wd-action-icon\"><\/span>\n\t\t\t\t\t<span class=\"wd-action-text\">\n\t\t\t\t\t\tQuick view\t\t\t\t\t<\/span>\n\t\t\t<\/a>\n\t\t<\/div>\n\t\t\t\t\t<\/div>\n\t\t\t\t\t<\/div>\n\t<\/div>\n<\/div>\n<\/div>\n<div class=\"wd-product wd-col wd-hover-buttons-on-hover product-grid-item product type-product post-886296 status-publish onbackorder product_cat-matrassen_fr_BE has-post-thumbnail taxable shipping-taxable purchasable product-type-simple\" data-loop=\"13\" data-id=\"886296\">\n\t\n<div class=\"wd-product-wrapper product-wrapper\">\n\t<div class=\"wd-product-thumb product-element-top wd-quick-shop\">\n\t\t<a href=\"https:\/\/www.moensmeubelen.be\/fr\/produit\/revor369-fr_be\/\" class=\"wd-product-img-link product-image-link\" tabindex=\"-1\" aria-label=\"Aero Anatomic 1500 Viscogel Matelas\">\n\t\t\t<img loading=\"lazy\" decoding=\"async\" width=\"300\" height=\"300\" src=\"https:\/\/www.moensmeubelen.be\/wp-content\/uploads\/2026\/02\/d047f074a98f825e4b87f3656b08db87ca26782d_thumbnail_d5_73_d5_1755524858_18851_anatomic_matras_1920x1920-300x300.webp\" class=\"attachment-woocommerce_thumbnail size-woocommerce_thumbnail\" alt=\"\" srcset=\"https:\/\/www.moensmeubelen.be\/wp-content\/uploads\/2026\/02\/d047f074a98f825e4b87f3656b08db87ca26782d_thumbnail_d5_73_d5_1755524858_18851_anatomic_matras_1920x1920-300x300.webp 300w, https:\/\/www.moensmeubelen.be\/wp-content\/uploads\/2026\/02\/d047f074a98f825e4b87f3656b08db87ca26782d_thumbnail_d5_73_d5_1755524858_18851_anatomic_matras_1920x1920-1024x1024.webp 1024w, https:\/\/www.moensmeubelen.be\/wp-content\/uploads\/2026\/02\/d047f074a98f825e4b87f3656b08db87ca26782d_thumbnail_d5_73_d5_1755524858_18851_anatomic_matras_1920x1920-250x250.webp 250w, https:\/\/www.moensmeubelen.be\/wp-content\/uploads\/2026\/02\/d047f074a98f825e4b87f3656b08db87ca26782d_thumbnail_d5_73_d5_1755524858_18851_anatomic_matras_1920x1920-768x768.webp 768w, https:\/\/www.moensmeubelen.be\/wp-content\/uploads\/2026\/02\/d047f074a98f825e4b87f3656b08db87ca26782d_thumbnail_d5_73_d5_1755524858_18851_anatomic_matras_1920x1920-1536x1536.webp 1536w, https:\/\/www.moensmeubelen.be\/wp-content\/uploads\/2026\/02\/d047f074a98f825e4b87f3656b08db87ca26782d_thumbnail_d5_73_d5_1755524858_18851_anatomic_matras_1920x1920-800x800.webp 800w, https:\/\/www.moensmeubelen.be\/wp-content\/uploads\/2026\/02\/d047f074a98f825e4b87f3656b08db87ca26782d_thumbnail_d5_73_d5_1755524858_18851_anatomic_matras_1920x1920-200x200.webp 200w, https:\/\/www.moensmeubelen.be\/wp-content\/uploads\/2026\/02\/d047f074a98f825e4b87f3656b08db87ca26782d_thumbnail_d5_73_d5_1755524858_18851_anatomic_matras_1920x1920.webp 1920w\" sizes=\"auto, (max-width: 300px) 100vw, 300px\" title=\"\">\t\t<\/a>\n\n\t\t\t\t\t<div class=\"wd-product-img-hover hover-img\">\n\t\t\t\t<img loading=\"lazy\" decoding=\"async\" width=\"300\" height=\"300\" src=\"https:\/\/www.moensmeubelen.be\/wp-content\/uploads\/2026\/02\/d047f074a98f825e4b87f3656b08db87ca26782d_thumbnail_d5_73_d5_1755524858_18851_anatomic_matras_1920x1920-300x300.webp\" class=\"attachment-woocommerce_thumbnail size-woocommerce_thumbnail\" alt=\"\" srcset=\"https:\/\/www.moensmeubelen.be\/wp-content\/uploads\/2026\/02\/d047f074a98f825e4b87f3656b08db87ca26782d_thumbnail_d5_73_d5_1755524858_18851_anatomic_matras_1920x1920-300x300.webp 300w, https:\/\/www.moensmeubelen.be\/wp-content\/uploads\/2026\/02\/d047f074a98f825e4b87f3656b08db87ca26782d_thumbnail_d5_73_d5_1755524858_18851_anatomic_matras_1920x1920-1024x1024.webp 1024w, https:\/\/www.moensmeubelen.be\/wp-content\/uploads\/2026\/02\/d047f074a98f825e4b87f3656b08db87ca26782d_thumbnail_d5_73_d5_1755524858_18851_anatomic_matras_1920x1920-250x250.webp 250w, https:\/\/www.moensmeubelen.be\/wp-content\/uploads\/2026\/02\/d047f074a98f825e4b87f3656b08db87ca26782d_thumbnail_d5_73_d5_1755524858_18851_anatomic_matras_1920x1920-768x768.webp 768w, https:\/\/www.moensmeubelen.be\/wp-content\/uploads\/2026\/02\/d047f074a98f825e4b87f3656b08db87ca26782d_thumbnail_d5_73_d5_1755524858_18851_anatomic_matras_1920x1920-1536x1536.webp 1536w, https:\/\/www.moensmeubelen.be\/wp-content\/uploads\/2026\/02\/d047f074a98f825e4b87f3656b08db87ca26782d_thumbnail_d5_73_d5_1755524858_18851_anatomic_matras_1920x1920-800x800.webp 800w, https:\/\/www.moensmeubelen.be\/wp-content\/uploads\/2026\/02\/d047f074a98f825e4b87f3656b08db87ca26782d_thumbnail_d5_73_d5_1755524858_18851_anatomic_matras_1920x1920-200x200.webp 200w, https:\/\/www.moensmeubelen.be\/wp-content\/uploads\/2026\/02\/d047f074a98f825e4b87f3656b08db87ca26782d_thumbnail_d5_73_d5_1755524858_18851_anatomic_matras_1920x1920.webp 1920w\" sizes=\"auto, (max-width: 300px) 100vw, 300px\" title=\"\">\t\t\t<\/div>\n\t\t\t\n\t\t<div class=\"wd-buttons wd-pos-r-t\">\n\t\t\t\t\t<\/div>\n\t<\/div>\n\n\t<div class=\"product-element-bottom\">\n\n\t\t<div class=\"wd-product-header\">\n\t\t\t<h3 class=\"wd-entities-title\"><a href=\"https:\/\/www.moensmeubelen.be\/fr\/produit\/revor369-fr_be\/\">Aero Anatomic 1500 Viscogel Matelas<\/a><\/h3>\n\t\t\t\t\t<\/div>\n\n\t\t\n\t\t\n\t\t<div class=\"wrap-price\">\n\t\t\t\n\t<span class=\"price\"><span class=\"woocommerce-Price-amount amount\"><bdi><span class=\"woocommerce-Price-currencySymbol\" translate=\"no\">&euro;<\/span>1.280,00<\/bdi><\/span><\/span>\n\n\t\t\t\t\t<\/div>\n\n\t\t<span class=\"gtm4wp_productdata\" style=\"display:none; visibility:hidden;\" data-gtm4wp_product_data=\"{&quot;internal_id&quot;:886296,&quot;item_id&quot;:&quot;REVOR369&quot;,&quot;item_name&quot;:&quot;Aero Anatomic 1500 Viscogel Matelas&quot;,&quot;sku&quot;:&quot;REVOR369&quot;,&quot;price&quot;:1280,&quot;stocklevel&quot;:null,&quot;stockstatus&quot;:&quot;onbackorder&quot;,&quot;google_business_vertical&quot;:&quot;retail&quot;,&quot;item_category&quot;:&quot;Dormir&quot;,&quot;item_category2&quot;:&quot;Lits&quot;,&quot;item_category3&quot;:&quot;Matelas&quot;,&quot;id&quot;:&quot;REVOR369&quot;,&quot;productlink&quot;:&quot;https:\\\/\\\/www.moensmeubelen.be\\\/fr\\\/produit\\\/revor369-fr_be\\\/&quot;,&quot;item_list_name&quot;:&quot;General Product List&quot;,&quot;index&quot;:14,&quot;product_type&quot;:&quot;simple&quot;,&quot;item_list_id&quot;:&quot;general-product-list&quot;,&quot;item_brand&quot;:&quot;&quot;}\"><\/span>\t\t\t<input type=\"hidden\" class=\"pmwProductId\" data-id=\"886296\">\n\t\t\t\t\t<script class=\"_iub_cs_skip\">\n\t\t\t(window.pmwDataLayer = window.pmwDataLayer || {}).products                = window.pmwDataLayer.products || {};\n\t\t\twindow.pmwDataLayer.products[886296] = {\"id\":\"886296\",\"sku\":\"REVOR369\",\"price\":1280,\"brand\":\"\",\"quantity\":1,\"dyn_r_ids\":{\"post_id\":\"886296\",\"sku\":\"REVOR369\",\"gpf\":\"woocommerce_gpf_886296\",\"gla\":\"gla_886296\"},\"is_variable\":false,\"type\":\"simple\",\"name\":\"Aero Anatomic 1500 Viscogel Matelas\",\"category\":[\"Matelas\"],\"is_variation\":false};\n\t\t\t\t\twindow.pmw_product_position = window.pmw_product_position || 1;\n\t\twindow.pmwDataLayer.products[886296]['position'] = window.pmw_product_position++;\n\t\t\t\t<\/script>\n\t\t<div class=\"conditionele-tekst levertermijn-placeholder levertermijn-placeholder--plp\" data-aamss-sku=\"REVOR369\" data-aamss-product-id=\"886296\" data-aamss-context=\"plp\" data-aamss-state=\"loading\" aria-busy=\"true\">D\u00e9lai de livraison 8-10 semaines<\/div>\n\t\t\n\t\t\n\t\t\n\t\t<div class=\"wd-product-footer\">\n\t\t\t<div class=\"wd-add-btn wd-add-btn-replace\">\n\t\t\t\t<a data-gtm4wp_product_data=\"{&quot;internal_id&quot;:886296,&quot;item_id&quot;:&quot;REVOR369&quot;,&quot;item_name&quot;:&quot;Aero Anatomic 1500 Viscogel Matelas&quot;,&quot;sku&quot;:&quot;REVOR369&quot;,&quot;price&quot;:1280,&quot;stocklevel&quot;:null,&quot;stockstatus&quot;:&quot;onbackorder&quot;,&quot;google_business_vertical&quot;:&quot;retail&quot;,&quot;item_category&quot;:&quot;Dormir&quot;,&quot;item_category2&quot;:&quot;Lits&quot;,&quot;item_category3&quot;:&quot;Matelas&quot;,&quot;id&quot;:&quot;REVOR369&quot;}\" href=\"\/fr\/wp-json\/wp\/v2\/pages\/74681?add-to-cart=886296\"  data-quantity=\"1\" class=\"button product_type_simple add_to_cart_button ajax_add_to_cart add-to-cart-loop\" data-product_id=\"886296\" data-product_sku=\"REVOR369\" aria-label=\"Add to cart: &ldquo;Aero Anatomic 1500 Viscogel Matelas&rdquo;\" rel=\"nofollow\" data-success_message=\"&ldquo;Aero Anatomic 1500 Viscogel Matelas&rdquo; has been added to your cart\"><span class=\"wd-action-icon\"><span class=\"wd-check-icon\"><\/span><\/span><span class=\"wd-action-text\">Panier<\/span><\/a>\t\t\t<\/div>\n\n\t\t\t\t\t\t<div class=\"wd-action-buttons\">\n\t\t\t\t\t\t<div class=\"wd-compare-btn wd-action-btn wd-style-icon wd-compare-icon wd-tooltip\">\n\t\t\t<a href=\"https:\/\/www.moensmeubelen.be\/fr\/vergelijk\/?product_id=886295\" class=\"\" data-id=\"886295\" rel=\"nofollow\">\n\t\t\t\t<span class=\"wd-action-icon\">\n\t\t\t\t\t<span class=\"wd-check-icon\"><\/span>\n\t\t\t\t<\/span>\n\t\t\t\t<span class=\"wd-action-text\">Comparer<\/span>\n\t\t\t<\/a>\n\t\t<\/div>\n\t\t\t\t\t\t\t\t<div class=\"wd-quick-view-btn wd-quick-view-icon wd-action-btn wd-style-icon wd-tooltip\">\n\t\t\t<a\n\t\t\t\thref=\"https:\/\/www.moensmeubelen.be\/fr\/produit\/revor369-fr_be\/\"\n\t\t\t\tclass=\"open-quick-view\"\n\t\t\t\trel=\"nofollow\"\n\t\t\t\tdata-id=\"886296\"\n\t\t\t\t>\n\t\t\t\t\t<span class=\"wd-action-icon\"><\/span>\n\t\t\t\t\t<span class=\"wd-action-text\">\n\t\t\t\t\t\tQuick view\t\t\t\t\t<\/span>\n\t\t\t<\/a>\n\t\t<\/div>\n\t\t\t\t\t<\/div>\n\t\t\t\t\t<\/div>\n\t<\/div>\n<\/div>\n<\/div>\n<div class=\"wd-product wd-col wd-hover-buttons-on-hover product-grid-item product type-product post-886272 status-publish last onbackorder product_cat-matrassen_fr_BE has-post-thumbnail taxable shipping-taxable purchasable product-type-simple\" data-loop=\"14\" data-id=\"886272\">\n\t\n<div class=\"wd-product-wrapper product-wrapper\">\n\t<div class=\"wd-product-thumb product-element-top wd-quick-shop\">\n\t\t<a href=\"https:\/\/www.moensmeubelen.be\/fr\/produit\/revor363-fr_be\/\" class=\"wd-product-img-link product-image-link\" tabindex=\"-1\" aria-label=\"Aero Anatomic 1500 Viscogel Matelas\">\n\t\t\t<img loading=\"lazy\" decoding=\"async\" width=\"300\" height=\"300\" src=\"https:\/\/www.moensmeubelen.be\/wp-content\/uploads\/2026\/02\/d2c276bcd439ca7c44c382e717f7f2f1e47fc4f1_thumbnail_d5_73_d5_1755524858_18851_anatomic_matras_1920x1920-300x300.webp\" class=\"attachment-woocommerce_thumbnail size-woocommerce_thumbnail\" alt=\"\" srcset=\"https:\/\/www.moensmeubelen.be\/wp-content\/uploads\/2026\/02\/d2c276bcd439ca7c44c382e717f7f2f1e47fc4f1_thumbnail_d5_73_d5_1755524858_18851_anatomic_matras_1920x1920-300x300.webp 300w, https:\/\/www.moensmeubelen.be\/wp-content\/uploads\/2026\/02\/d2c276bcd439ca7c44c382e717f7f2f1e47fc4f1_thumbnail_d5_73_d5_1755524858_18851_anatomic_matras_1920x1920-1024x1024.webp 1024w, https:\/\/www.moensmeubelen.be\/wp-content\/uploads\/2026\/02\/d2c276bcd439ca7c44c382e717f7f2f1e47fc4f1_thumbnail_d5_73_d5_1755524858_18851_anatomic_matras_1920x1920-250x250.webp 250w, https:\/\/www.moensmeubelen.be\/wp-content\/uploads\/2026\/02\/d2c276bcd439ca7c44c382e717f7f2f1e47fc4f1_thumbnail_d5_73_d5_1755524858_18851_anatomic_matras_1920x1920-768x768.webp 768w, https:\/\/www.moensmeubelen.be\/wp-content\/uploads\/2026\/02\/d2c276bcd439ca7c44c382e717f7f2f1e47fc4f1_thumbnail_d5_73_d5_1755524858_18851_anatomic_matras_1920x1920-1536x1536.webp 1536w, https:\/\/www.moensmeubelen.be\/wp-content\/uploads\/2026\/02\/d2c276bcd439ca7c44c382e717f7f2f1e47fc4f1_thumbnail_d5_73_d5_1755524858_18851_anatomic_matras_1920x1920-800x800.webp 800w, https:\/\/www.moensmeubelen.be\/wp-content\/uploads\/2026\/02\/d2c276bcd439ca7c44c382e717f7f2f1e47fc4f1_thumbnail_d5_73_d5_1755524858_18851_anatomic_matras_1920x1920-200x200.webp 200w, https:\/\/www.moensmeubelen.be\/wp-content\/uploads\/2026\/02\/d2c276bcd439ca7c44c382e717f7f2f1e47fc4f1_thumbnail_d5_73_d5_1755524858_18851_anatomic_matras_1920x1920.webp 1920w\" sizes=\"auto, (max-width: 300px) 100vw, 300px\" title=\"\">\t\t<\/a>\n\n\t\t\t\t\t<div class=\"wd-product-img-hover hover-img\">\n\t\t\t\t<img loading=\"lazy\" decoding=\"async\" width=\"300\" height=\"300\" src=\"https:\/\/www.moensmeubelen.be\/wp-content\/uploads\/2026\/02\/d2c276bcd439ca7c44c382e717f7f2f1e47fc4f1_thumbnail_d5_73_d5_1755524858_18851_anatomic_matras_1920x1920-300x300.webp\" class=\"attachment-woocommerce_thumbnail size-woocommerce_thumbnail\" alt=\"\" srcset=\"https:\/\/www.moensmeubelen.be\/wp-content\/uploads\/2026\/02\/d2c276bcd439ca7c44c382e717f7f2f1e47fc4f1_thumbnail_d5_73_d5_1755524858_18851_anatomic_matras_1920x1920-300x300.webp 300w, https:\/\/www.moensmeubelen.be\/wp-content\/uploads\/2026\/02\/d2c276bcd439ca7c44c382e717f7f2f1e47fc4f1_thumbnail_d5_73_d5_1755524858_18851_anatomic_matras_1920x1920-1024x1024.webp 1024w, https:\/\/www.moensmeubelen.be\/wp-content\/uploads\/2026\/02\/d2c276bcd439ca7c44c382e717f7f2f1e47fc4f1_thumbnail_d5_73_d5_1755524858_18851_anatomic_matras_1920x1920-250x250.webp 250w, https:\/\/www.moensmeubelen.be\/wp-content\/uploads\/2026\/02\/d2c276bcd439ca7c44c382e717f7f2f1e47fc4f1_thumbnail_d5_73_d5_1755524858_18851_anatomic_matras_1920x1920-768x768.webp 768w, https:\/\/www.moensmeubelen.be\/wp-content\/uploads\/2026\/02\/d2c276bcd439ca7c44c382e717f7f2f1e47fc4f1_thumbnail_d5_73_d5_1755524858_18851_anatomic_matras_1920x1920-1536x1536.webp 1536w, https:\/\/www.moensmeubelen.be\/wp-content\/uploads\/2026\/02\/d2c276bcd439ca7c44c382e717f7f2f1e47fc4f1_thumbnail_d5_73_d5_1755524858_18851_anatomic_matras_1920x1920-800x800.webp 800w, https:\/\/www.moensmeubelen.be\/wp-content\/uploads\/2026\/02\/d2c276bcd439ca7c44c382e717f7f2f1e47fc4f1_thumbnail_d5_73_d5_1755524858_18851_anatomic_matras_1920x1920-200x200.webp 200w, https:\/\/www.moensmeubelen.be\/wp-content\/uploads\/2026\/02\/d2c276bcd439ca7c44c382e717f7f2f1e47fc4f1_thumbnail_d5_73_d5_1755524858_18851_anatomic_matras_1920x1920.webp 1920w\" sizes=\"auto, (max-width: 300px) 100vw, 300px\" title=\"\">\t\t\t<\/div>\n\t\t\t\n\t\t<div class=\"wd-buttons wd-pos-r-t\">\n\t\t\t\t\t<\/div>\n\t<\/div>\n\n\t<div class=\"product-element-bottom\">\n\n\t\t<div class=\"wd-product-header\">\n\t\t\t<h3 class=\"wd-entities-title\"><a href=\"https:\/\/www.moensmeubelen.be\/fr\/produit\/revor363-fr_be\/\">Aero Anatomic 1500 Viscogel Matelas<\/a><\/h3>\n\t\t\t\t\t<\/div>\n\n\t\t\n\t\t\n\t\t<div class=\"wrap-price\">\n\t\t\t\n\t<span class=\"price\"><span class=\"woocommerce-Price-amount amount\"><bdi><span class=\"woocommerce-Price-currencySymbol\" translate=\"no\">&euro;<\/span>1.200,00<\/bdi><\/span><\/span>\n\n\t\t\t\t\t<\/div>\n\n\t\t<span class=\"gtm4wp_productdata\" style=\"display:none; visibility:hidden;\" data-gtm4wp_product_data=\"{&quot;internal_id&quot;:886272,&quot;item_id&quot;:&quot;REVOR363&quot;,&quot;item_name&quot;:&quot;Aero Anatomic 1500 Viscogel Matelas&quot;,&quot;sku&quot;:&quot;REVOR363&quot;,&quot;price&quot;:1200,&quot;stocklevel&quot;:null,&quot;stockstatus&quot;:&quot;onbackorder&quot;,&quot;google_business_vertical&quot;:&quot;retail&quot;,&quot;item_category&quot;:&quot;Dormir&quot;,&quot;item_category2&quot;:&quot;Lits&quot;,&quot;item_category3&quot;:&quot;Matelas&quot;,&quot;id&quot;:&quot;REVOR363&quot;,&quot;productlink&quot;:&quot;https:\\\/\\\/www.moensmeubelen.be\\\/fr\\\/produit\\\/revor363-fr_be\\\/&quot;,&quot;item_list_name&quot;:&quot;General Product List&quot;,&quot;index&quot;:15,&quot;product_type&quot;:&quot;simple&quot;,&quot;item_list_id&quot;:&quot;general-product-list&quot;,&quot;item_brand&quot;:&quot;&quot;}\"><\/span>\t\t\t<input type=\"hidden\" class=\"pmwProductId\" data-id=\"886272\">\n\t\t\t\t\t<script class=\"_iub_cs_skip\">\n\t\t\t(window.pmwDataLayer = window.pmwDataLayer || {}).products                = window.pmwDataLayer.products || {};\n\t\t\twindow.pmwDataLayer.products[886272] = {\"id\":\"886272\",\"sku\":\"REVOR363\",\"price\":1200,\"brand\":\"\",\"quantity\":1,\"dyn_r_ids\":{\"post_id\":\"886272\",\"sku\":\"REVOR363\",\"gpf\":\"woocommerce_gpf_886272\",\"gla\":\"gla_886272\"},\"is_variable\":false,\"type\":\"simple\",\"name\":\"Aero Anatomic 1500 Viscogel Matelas\",\"category\":[\"Matelas\"],\"is_variation\":false};\n\t\t\t\t\twindow.pmw_product_position = window.pmw_product_position || 1;\n\t\twindow.pmwDataLayer.products[886272]['position'] = window.pmw_product_position++;\n\t\t\t\t<\/script>\n\t\t<div class=\"conditionele-tekst levertermijn-placeholder levertermijn-placeholder--plp\" data-aamss-sku=\"REVOR363\" data-aamss-product-id=\"886272\" data-aamss-context=\"plp\" data-aamss-state=\"loading\" aria-busy=\"true\">D\u00e9lai de livraison 8-10 semaines<\/div>\n\t\t\n\t\t\n\t\t\n\t\t<div class=\"wd-product-footer\">\n\t\t\t<div class=\"wd-add-btn wd-add-btn-replace\">\n\t\t\t\t<a data-gtm4wp_product_data=\"{&quot;internal_id&quot;:886272,&quot;item_id&quot;:&quot;REVOR363&quot;,&quot;item_name&quot;:&quot;Aero Anatomic 1500 Viscogel Matelas&quot;,&quot;sku&quot;:&quot;REVOR363&quot;,&quot;price&quot;:1200,&quot;stocklevel&quot;:null,&quot;stockstatus&quot;:&quot;onbackorder&quot;,&quot;google_business_vertical&quot;:&quot;retail&quot;,&quot;item_category&quot;:&quot;Dormir&quot;,&quot;item_category2&quot;:&quot;Lits&quot;,&quot;item_category3&quot;:&quot;Matelas&quot;,&quot;id&quot;:&quot;REVOR363&quot;}\" href=\"\/fr\/wp-json\/wp\/v2\/pages\/74681?add-to-cart=886272\"  data-quantity=\"1\" class=\"button product_type_simple add_to_cart_button ajax_add_to_cart add-to-cart-loop\" data-product_id=\"886272\" data-product_sku=\"REVOR363\" aria-label=\"Add to cart: &ldquo;Aero Anatomic 1500 Viscogel Matelas&rdquo;\" rel=\"nofollow\" data-success_message=\"&ldquo;Aero Anatomic 1500 Viscogel Matelas&rdquo; has been added to your cart\"><span class=\"wd-action-icon\"><span class=\"wd-check-icon\"><\/span><\/span><span class=\"wd-action-text\">Panier<\/span><\/a>\t\t\t<\/div>\n\n\t\t\t\t\t\t<div class=\"wd-action-buttons\">\n\t\t\t\t\t\t<div class=\"wd-compare-btn wd-action-btn wd-style-icon wd-compare-icon wd-tooltip\">\n\t\t\t<a href=\"https:\/\/www.moensmeubelen.be\/fr\/vergelijk\/?product_id=886271\" class=\"\" data-id=\"886271\" rel=\"nofollow\">\n\t\t\t\t<span class=\"wd-action-icon\">\n\t\t\t\t\t<span class=\"wd-check-icon\"><\/span>\n\t\t\t\t<\/span>\n\t\t\t\t<span class=\"wd-action-text\">Comparer<\/span>\n\t\t\t<\/a>\n\t\t<\/div>\n\t\t\t\t\t\t\t\t<div class=\"wd-quick-view-btn wd-quick-view-icon wd-action-btn wd-style-icon wd-tooltip\">\n\t\t\t<a\n\t\t\t\thref=\"https:\/\/www.moensmeubelen.be\/fr\/produit\/revor363-fr_be\/\"\n\t\t\t\tclass=\"open-quick-view\"\n\t\t\t\trel=\"nofollow\"\n\t\t\t\tdata-id=\"886272\"\n\t\t\t\t>\n\t\t\t\t\t<span class=\"wd-action-icon\"><\/span>\n\t\t\t\t\t<span class=\"wd-action-text\">\n\t\t\t\t\t\tQuick view\t\t\t\t\t<\/span>\n\t\t\t<\/a>\n\t\t<\/div>\n\t\t\t\t\t<\/div>\n\t\t\t\t\t<\/div>\n\t<\/div>\n<\/div>\n<\/div>\n<div class=\"wd-product wd-col wd-hover-buttons-on-hover product-grid-item product type-product post-886764 status-publish first onbackorder product_cat-matrassen_fr_BE has-post-thumbnail taxable shipping-taxable purchasable product-type-simple\" data-loop=\"15\" data-id=\"886764\">\n\t\n<div class=\"wd-product-wrapper product-wrapper\">\n\t<div class=\"wd-product-thumb product-element-top wd-quick-shop\">\n\t\t<a href=\"https:\/\/www.moensmeubelen.be\/fr\/produit\/revor475-fr_be\/\" class=\"wd-product-img-link product-image-link\" tabindex=\"-1\" aria-label=\"Aero Anatomic 3000 Gelpulse Matelas\">\n\t\t\t<img loading=\"lazy\" decoding=\"async\" width=\"300\" height=\"300\" src=\"https:\/\/www.moensmeubelen.be\/wp-content\/uploads\/2026\/02\/f864dd8959682519f30d73a402625df84245994d_thumbnail_d5_73_d5_1755524858_18851_anatomic_matras_1920x1920-300x300.webp\" class=\"attachment-woocommerce_thumbnail size-woocommerce_thumbnail\" alt=\"\" srcset=\"https:\/\/www.moensmeubelen.be\/wp-content\/uploads\/2026\/02\/f864dd8959682519f30d73a402625df84245994d_thumbnail_d5_73_d5_1755524858_18851_anatomic_matras_1920x1920-300x300.webp 300w, https:\/\/www.moensmeubelen.be\/wp-content\/uploads\/2026\/02\/f864dd8959682519f30d73a402625df84245994d_thumbnail_d5_73_d5_1755524858_18851_anatomic_matras_1920x1920-1024x1024.webp 1024w, https:\/\/www.moensmeubelen.be\/wp-content\/uploads\/2026\/02\/f864dd8959682519f30d73a402625df84245994d_thumbnail_d5_73_d5_1755524858_18851_anatomic_matras_1920x1920-250x250.webp 250w, https:\/\/www.moensmeubelen.be\/wp-content\/uploads\/2026\/02\/f864dd8959682519f30d73a402625df84245994d_thumbnail_d5_73_d5_1755524858_18851_anatomic_matras_1920x1920-768x768.webp 768w, https:\/\/www.moensmeubelen.be\/wp-content\/uploads\/2026\/02\/f864dd8959682519f30d73a402625df84245994d_thumbnail_d5_73_d5_1755524858_18851_anatomic_matras_1920x1920-1536x1536.webp 1536w, https:\/\/www.moensmeubelen.be\/wp-content\/uploads\/2026\/02\/f864dd8959682519f30d73a402625df84245994d_thumbnail_d5_73_d5_1755524858_18851_anatomic_matras_1920x1920-800x800.webp 800w, https:\/\/www.moensmeubelen.be\/wp-content\/uploads\/2026\/02\/f864dd8959682519f30d73a402625df84245994d_thumbnail_d5_73_d5_1755524858_18851_anatomic_matras_1920x1920-200x200.webp 200w, https:\/\/www.moensmeubelen.be\/wp-content\/uploads\/2026\/02\/f864dd8959682519f30d73a402625df84245994d_thumbnail_d5_73_d5_1755524858_18851_anatomic_matras_1920x1920.webp 1920w\" sizes=\"auto, (max-width: 300px) 100vw, 300px\" title=\"\">\t\t<\/a>\n\n\t\t\t\t\t<div class=\"wd-product-img-hover hover-img\">\n\t\t\t\t<img loading=\"lazy\" decoding=\"async\" width=\"300\" height=\"300\" src=\"https:\/\/www.moensmeubelen.be\/wp-content\/uploads\/2026\/02\/f864dd8959682519f30d73a402625df84245994d_thumbnail_d5_73_d5_1755524858_18851_anatomic_matras_1920x1920-300x300.webp\" class=\"attachment-woocommerce_thumbnail size-woocommerce_thumbnail\" alt=\"\" srcset=\"https:\/\/www.moensmeubelen.be\/wp-content\/uploads\/2026\/02\/f864dd8959682519f30d73a402625df84245994d_thumbnail_d5_73_d5_1755524858_18851_anatomic_matras_1920x1920-300x300.webp 300w, https:\/\/www.moensmeubelen.be\/wp-content\/uploads\/2026\/02\/f864dd8959682519f30d73a402625df84245994d_thumbnail_d5_73_d5_1755524858_18851_anatomic_matras_1920x1920-1024x1024.webp 1024w, https:\/\/www.moensmeubelen.be\/wp-content\/uploads\/2026\/02\/f864dd8959682519f30d73a402625df84245994d_thumbnail_d5_73_d5_1755524858_18851_anatomic_matras_1920x1920-250x250.webp 250w, https:\/\/www.moensmeubelen.be\/wp-content\/uploads\/2026\/02\/f864dd8959682519f30d73a402625df84245994d_thumbnail_d5_73_d5_1755524858_18851_anatomic_matras_1920x1920-768x768.webp 768w, https:\/\/www.moensmeubelen.be\/wp-content\/uploads\/2026\/02\/f864dd8959682519f30d73a402625df84245994d_thumbnail_d5_73_d5_1755524858_18851_anatomic_matras_1920x1920-1536x1536.webp 1536w, https:\/\/www.moensmeubelen.be\/wp-content\/uploads\/2026\/02\/f864dd8959682519f30d73a402625df84245994d_thumbnail_d5_73_d5_1755524858_18851_anatomic_matras_1920x1920-800x800.webp 800w, https:\/\/www.moensmeubelen.be\/wp-content\/uploads\/2026\/02\/f864dd8959682519f30d73a402625df84245994d_thumbnail_d5_73_d5_1755524858_18851_anatomic_matras_1920x1920-200x200.webp 200w, https:\/\/www.moensmeubelen.be\/wp-content\/uploads\/2026\/02\/f864dd8959682519f30d73a402625df84245994d_thumbnail_d5_73_d5_1755524858_18851_anatomic_matras_1920x1920.webp 1920w\" sizes=\"auto, (max-width: 300px) 100vw, 300px\" title=\"\">\t\t\t<\/div>\n\t\t\t\n\t\t<div class=\"wd-buttons wd-pos-r-t\">\n\t\t\t\t\t<\/div>\n\t<\/div>\n\n\t<div class=\"product-element-bottom\">\n\n\t\t<div class=\"wd-product-header\">\n\t\t\t<h3 class=\"wd-entities-title\"><a href=\"https:\/\/www.moensmeubelen.be\/fr\/produit\/revor475-fr_be\/\">Aero Anatomic 3000 Gelpulse Matelas<\/a><\/h3>\n\t\t\t\t\t<\/div>\n\n\t\t\n\t\t\n\t\t<div class=\"wrap-price\">\n\t\t\t\n\t<span class=\"price\"><span class=\"woocommerce-Price-amount amount\"><bdi><span class=\"woocommerce-Price-currencySymbol\" translate=\"no\">&euro;<\/span>1.551,00<\/bdi><\/span><\/span>\n\n\t\t\t\t\t<\/div>\n\n\t\t<span class=\"gtm4wp_productdata\" style=\"display:none; visibility:hidden;\" data-gtm4wp_product_data=\"{&quot;internal_id&quot;:886764,&quot;item_id&quot;:&quot;REVOR475&quot;,&quot;item_name&quot;:&quot;Aero Anatomic 3000 Gelpulse Matelas&quot;,&quot;sku&quot;:&quot;REVOR475&quot;,&quot;price&quot;:1551,&quot;stocklevel&quot;:null,&quot;stockstatus&quot;:&quot;onbackorder&quot;,&quot;google_business_vertical&quot;:&quot;retail&quot;,&quot;item_category&quot;:&quot;Dormir&quot;,&quot;item_category2&quot;:&quot;Lits&quot;,&quot;item_category3&quot;:&quot;Matelas&quot;,&quot;id&quot;:&quot;REVOR475&quot;,&quot;productlink&quot;:&quot;https:\\\/\\\/www.moensmeubelen.be\\\/fr\\\/produit\\\/revor475-fr_be\\\/&quot;,&quot;item_list_name&quot;:&quot;General Product List&quot;,&quot;index&quot;:16,&quot;product_type&quot;:&quot;simple&quot;,&quot;item_list_id&quot;:&quot;general-product-list&quot;,&quot;item_brand&quot;:&quot;&quot;}\"><\/span>\t\t\t<input type=\"hidden\" class=\"pmwProductId\" data-id=\"886764\">\n\t\t\t\t\t<script class=\"_iub_cs_skip\">\n\t\t\t(window.pmwDataLayer = window.pmwDataLayer || {}).products                = window.pmwDataLayer.products || {};\n\t\t\twindow.pmwDataLayer.products[886764] = {\"id\":\"886764\",\"sku\":\"REVOR475\",\"price\":1551,\"brand\":\"\",\"quantity\":1,\"dyn_r_ids\":{\"post_id\":\"886764\",\"sku\":\"REVOR475\",\"gpf\":\"woocommerce_gpf_886764\",\"gla\":\"gla_886764\"},\"is_variable\":false,\"type\":\"simple\",\"name\":\"Aero Anatomic 3000 Gelpulse Matelas\",\"category\":[\"Matelas\"],\"is_variation\":false};\n\t\t\t\t\twindow.pmw_product_position = window.pmw_product_position || 1;\n\t\twindow.pmwDataLayer.products[886764]['position'] = window.pmw_product_position++;\n\t\t\t\t<\/script>\n\t\t<div class=\"conditionele-tekst levertermijn-placeholder levertermijn-placeholder--plp\" data-aamss-sku=\"REVOR475\" data-aamss-product-id=\"886764\" data-aamss-context=\"plp\" data-aamss-state=\"loading\" aria-busy=\"true\">D\u00e9lai de livraison 8-10 semaines<\/div>\n\t\t\n\t\t\n\t\t\n\t\t<div class=\"wd-product-footer\">\n\t\t\t<div class=\"wd-add-btn wd-add-btn-replace\">\n\t\t\t\t<a data-gtm4wp_product_data=\"{&quot;internal_id&quot;:886764,&quot;item_id&quot;:&quot;REVOR475&quot;,&quot;item_name&quot;:&quot;Aero Anatomic 3000 Gelpulse Matelas&quot;,&quot;sku&quot;:&quot;REVOR475&quot;,&quot;price&quot;:1551,&quot;stocklevel&quot;:null,&quot;stockstatus&quot;:&quot;onbackorder&quot;,&quot;google_business_vertical&quot;:&quot;retail&quot;,&quot;item_category&quot;:&quot;Dormir&quot;,&quot;item_category2&quot;:&quot;Lits&quot;,&quot;item_category3&quot;:&quot;Matelas&quot;,&quot;id&quot;:&quot;REVOR475&quot;}\" href=\"\/fr\/wp-json\/wp\/v2\/pages\/74681?add-to-cart=886764\"  data-quantity=\"1\" class=\"button product_type_simple add_to_cart_button ajax_add_to_cart add-to-cart-loop\" data-product_id=\"886764\" data-product_sku=\"REVOR475\" aria-label=\"Add to cart: &ldquo;Aero Anatomic 3000 Gelpulse Matelas&rdquo;\" rel=\"nofollow\" data-success_message=\"&ldquo;Aero Anatomic 3000 Gelpulse Matelas&rdquo; has been added to your cart\"><span class=\"wd-action-icon\"><span class=\"wd-check-icon\"><\/span><\/span><span class=\"wd-action-text\">Panier<\/span><\/a>\t\t\t<\/div>\n\n\t\t\t\t\t\t<div class=\"wd-action-buttons\">\n\t\t\t\t\t\t<div class=\"wd-compare-btn wd-action-btn wd-style-icon wd-compare-icon wd-tooltip\">\n\t\t\t<a href=\"https:\/\/www.moensmeubelen.be\/fr\/vergelijk\/?product_id=886763\" class=\"\" data-id=\"886763\" rel=\"nofollow\">\n\t\t\t\t<span class=\"wd-action-icon\">\n\t\t\t\t\t<span class=\"wd-check-icon\"><\/span>\n\t\t\t\t<\/span>\n\t\t\t\t<span class=\"wd-action-text\">Comparer<\/span>\n\t\t\t<\/a>\n\t\t<\/div>\n\t\t\t\t\t\t\t\t<div class=\"wd-quick-view-btn wd-quick-view-icon wd-action-btn wd-style-icon wd-tooltip\">\n\t\t\t<a\n\t\t\t\thref=\"https:\/\/www.moensmeubelen.be\/fr\/produit\/revor475-fr_be\/\"\n\t\t\t\tclass=\"open-quick-view\"\n\t\t\t\trel=\"nofollow\"\n\t\t\t\tdata-id=\"886764\"\n\t\t\t\t>\n\t\t\t\t\t<span class=\"wd-action-icon\"><\/span>\n\t\t\t\t\t<span class=\"wd-action-text\">\n\t\t\t\t\t\tQuick view\t\t\t\t\t<\/span>\n\t\t\t<\/a>\n\t\t<\/div>\n\t\t\t\t\t<\/div>\n\t\t\t\t\t<\/div>\n\t<\/div>\n<\/div>\n<\/div>\n<div class=\"wd-product wd-col wd-hover-buttons-on-hover product-grid-item product type-product post-886768 status-publish onbackorder product_cat-matrassen_fr_BE has-post-thumbnail taxable shipping-taxable purchasable product-type-simple\" data-loop=\"16\" data-id=\"886768\">\n\t\n<div class=\"wd-product-wrapper product-wrapper\">\n\t<div class=\"wd-product-thumb product-element-top wd-quick-shop\">\n\t\t<a href=\"https:\/\/www.moensmeubelen.be\/fr\/produit\/revor476-fr_be\/\" class=\"wd-product-img-link product-image-link\" tabindex=\"-1\" aria-label=\"Aero Anatomic 3000 Gelpulse Matelas\">\n\t\t\t<img loading=\"lazy\" decoding=\"async\" width=\"300\" height=\"300\" src=\"https:\/\/www.moensmeubelen.be\/wp-content\/uploads\/2026\/02\/7692265958364981594ca5f9c68cee09f5a50ba0_thumbnail_d5_73_d5_1755524858_18851_anatomic_matras_1920x1920-300x300.webp\" class=\"attachment-woocommerce_thumbnail size-woocommerce_thumbnail\" alt=\"\" srcset=\"https:\/\/www.moensmeubelen.be\/wp-content\/uploads\/2026\/02\/7692265958364981594ca5f9c68cee09f5a50ba0_thumbnail_d5_73_d5_1755524858_18851_anatomic_matras_1920x1920-300x300.webp 300w, https:\/\/www.moensmeubelen.be\/wp-content\/uploads\/2026\/02\/7692265958364981594ca5f9c68cee09f5a50ba0_thumbnail_d5_73_d5_1755524858_18851_anatomic_matras_1920x1920-1024x1024.webp 1024w, https:\/\/www.moensmeubelen.be\/wp-content\/uploads\/2026\/02\/7692265958364981594ca5f9c68cee09f5a50ba0_thumbnail_d5_73_d5_1755524858_18851_anatomic_matras_1920x1920-250x250.webp 250w, https:\/\/www.moensmeubelen.be\/wp-content\/uploads\/2026\/02\/7692265958364981594ca5f9c68cee09f5a50ba0_thumbnail_d5_73_d5_1755524858_18851_anatomic_matras_1920x1920-768x768.webp 768w, https:\/\/www.moensmeubelen.be\/wp-content\/uploads\/2026\/02\/7692265958364981594ca5f9c68cee09f5a50ba0_thumbnail_d5_73_d5_1755524858_18851_anatomic_matras_1920x1920-1536x1536.webp 1536w, https:\/\/www.moensmeubelen.be\/wp-content\/uploads\/2026\/02\/7692265958364981594ca5f9c68cee09f5a50ba0_thumbnail_d5_73_d5_1755524858_18851_anatomic_matras_1920x1920-800x800.webp 800w, https:\/\/www.moensmeubelen.be\/wp-content\/uploads\/2026\/02\/7692265958364981594ca5f9c68cee09f5a50ba0_thumbnail_d5_73_d5_1755524858_18851_anatomic_matras_1920x1920-200x200.webp 200w, https:\/\/www.moensmeubelen.be\/wp-content\/uploads\/2026\/02\/7692265958364981594ca5f9c68cee09f5a50ba0_thumbnail_d5_73_d5_1755524858_18851_anatomic_matras_1920x1920.webp 1920w\" sizes=\"auto, (max-width: 300px) 100vw, 300px\" title=\"\">\t\t<\/a>\n\n\t\t\t\t\t<div class=\"wd-product-img-hover hover-img\">\n\t\t\t\t<img loading=\"lazy\" decoding=\"async\" width=\"300\" height=\"300\" src=\"https:\/\/www.moensmeubelen.be\/wp-content\/uploads\/2026\/02\/7692265958364981594ca5f9c68cee09f5a50ba0_thumbnail_d5_73_d5_1755524858_18851_anatomic_matras_1920x1920-300x300.webp\" class=\"attachment-woocommerce_thumbnail size-woocommerce_thumbnail\" alt=\"\" srcset=\"https:\/\/www.moensmeubelen.be\/wp-content\/uploads\/2026\/02\/7692265958364981594ca5f9c68cee09f5a50ba0_thumbnail_d5_73_d5_1755524858_18851_anatomic_matras_1920x1920-300x300.webp 300w, https:\/\/www.moensmeubelen.be\/wp-content\/uploads\/2026\/02\/7692265958364981594ca5f9c68cee09f5a50ba0_thumbnail_d5_73_d5_1755524858_18851_anatomic_matras_1920x1920-1024x1024.webp 1024w, https:\/\/www.moensmeubelen.be\/wp-content\/uploads\/2026\/02\/7692265958364981594ca5f9c68cee09f5a50ba0_thumbnail_d5_73_d5_1755524858_18851_anatomic_matras_1920x1920-250x250.webp 250w, https:\/\/www.moensmeubelen.be\/wp-content\/uploads\/2026\/02\/7692265958364981594ca5f9c68cee09f5a50ba0_thumbnail_d5_73_d5_1755524858_18851_anatomic_matras_1920x1920-768x768.webp 768w, https:\/\/www.moensmeubelen.be\/wp-content\/uploads\/2026\/02\/7692265958364981594ca5f9c68cee09f5a50ba0_thumbnail_d5_73_d5_1755524858_18851_anatomic_matras_1920x1920-1536x1536.webp 1536w, https:\/\/www.moensmeubelen.be\/wp-content\/uploads\/2026\/02\/7692265958364981594ca5f9c68cee09f5a50ba0_thumbnail_d5_73_d5_1755524858_18851_anatomic_matras_1920x1920-800x800.webp 800w, https:\/\/www.moensmeubelen.be\/wp-content\/uploads\/2026\/02\/7692265958364981594ca5f9c68cee09f5a50ba0_thumbnail_d5_73_d5_1755524858_18851_anatomic_matras_1920x1920-200x200.webp 200w, https:\/\/www.moensmeubelen.be\/wp-content\/uploads\/2026\/02\/7692265958364981594ca5f9c68cee09f5a50ba0_thumbnail_d5_73_d5_1755524858_18851_anatomic_matras_1920x1920.webp 1920w\" sizes=\"auto, (max-width: 300px) 100vw, 300px\" title=\"\">\t\t\t<\/div>\n\t\t\t\n\t\t<div class=\"wd-buttons wd-pos-r-t\">\n\t\t\t\t\t<\/div>\n\t<\/div>\n\n\t<div class=\"product-element-bottom\">\n\n\t\t<div class=\"wd-product-header\">\n\t\t\t<h3 class=\"wd-entities-title\"><a href=\"https:\/\/www.moensmeubelen.be\/fr\/produit\/revor476-fr_be\/\">Aero Anatomic 3000 Gelpulse Matelas<\/a><\/h3>\n\t\t\t\t\t<\/div>\n\n\t\t\n\t\t\n\t\t<div class=\"wrap-price\">\n\t\t\t\n\t<span class=\"price\"><span class=\"woocommerce-Price-amount amount\"><bdi><span class=\"woocommerce-Price-currencySymbol\" translate=\"no\">&euro;<\/span>1.551,00<\/bdi><\/span><\/span>\n\n\t\t\t\t\t<\/div>\n\n\t\t<span class=\"gtm4wp_productdata\" style=\"display:none; visibility:hidden;\" data-gtm4wp_product_data=\"{&quot;internal_id&quot;:886768,&quot;item_id&quot;:&quot;REVOR476&quot;,&quot;item_name&quot;:&quot;Aero Anatomic 3000 Gelpulse Matelas&quot;,&quot;sku&quot;:&quot;REVOR476&quot;,&quot;price&quot;:1551,&quot;stocklevel&quot;:null,&quot;stockstatus&quot;:&quot;onbackorder&quot;,&quot;google_business_vertical&quot;:&quot;retail&quot;,&quot;item_category&quot;:&quot;Dormir&quot;,&quot;item_category2&quot;:&quot;Lits&quot;,&quot;item_category3&quot;:&quot;Matelas&quot;,&quot;id&quot;:&quot;REVOR476&quot;,&quot;productlink&quot;:&quot;https:\\\/\\\/www.moensmeubelen.be\\\/fr\\\/produit\\\/revor476-fr_be\\\/&quot;,&quot;item_list_name&quot;:&quot;General Product List&quot;,&quot;index&quot;:17,&quot;product_type&quot;:&quot;simple&quot;,&quot;item_list_id&quot;:&quot;general-product-list&quot;,&quot;item_brand&quot;:&quot;&quot;}\"><\/span>\t\t\t<input type=\"hidden\" class=\"pmwProductId\" data-id=\"886768\">\n\t\t\t\t\t<script class=\"_iub_cs_skip\">\n\t\t\t(window.pmwDataLayer = window.pmwDataLayer || {}).products                = window.pmwDataLayer.products || {};\n\t\t\twindow.pmwDataLayer.products[886768] = {\"id\":\"886768\",\"sku\":\"REVOR476\",\"price\":1551,\"brand\":\"\",\"quantity\":1,\"dyn_r_ids\":{\"post_id\":\"886768\",\"sku\":\"REVOR476\",\"gpf\":\"woocommerce_gpf_886768\",\"gla\":\"gla_886768\"},\"is_variable\":false,\"type\":\"simple\",\"name\":\"Aero Anatomic 3000 Gelpulse Matelas\",\"category\":[\"Matelas\"],\"is_variation\":false};\n\t\t\t\t\twindow.pmw_product_position = window.pmw_product_position || 1;\n\t\twindow.pmwDataLayer.products[886768]['position'] = window.pmw_product_position++;\n\t\t\t\t<\/script>\n\t\t<div class=\"conditionele-tekst levertermijn-placeholder levertermijn-placeholder--plp\" data-aamss-sku=\"REVOR476\" data-aamss-product-id=\"886768\" data-aamss-context=\"plp\" data-aamss-state=\"loading\" aria-busy=\"true\">D\u00e9lai de livraison 8-10 semaines<\/div>\n\t\t\n\t\t\n\t\t\n\t\t<div class=\"wd-product-footer\">\n\t\t\t<div class=\"wd-add-btn wd-add-btn-replace\">\n\t\t\t\t<a data-gtm4wp_product_data=\"{&quot;internal_id&quot;:886768,&quot;item_id&quot;:&quot;REVOR476&quot;,&quot;item_name&quot;:&quot;Aero Anatomic 3000 Gelpulse Matelas&quot;,&quot;sku&quot;:&quot;REVOR476&quot;,&quot;price&quot;:1551,&quot;stocklevel&quot;:null,&quot;stockstatus&quot;:&quot;onbackorder&quot;,&quot;google_business_vertical&quot;:&quot;retail&quot;,&quot;item_category&quot;:&quot;Dormir&quot;,&quot;item_category2&quot;:&quot;Lits&quot;,&quot;item_category3&quot;:&quot;Matelas&quot;,&quot;id&quot;:&quot;REVOR476&quot;}\" href=\"\/fr\/wp-json\/wp\/v2\/pages\/74681?add-to-cart=886768\"  data-quantity=\"1\" class=\"button product_type_simple add_to_cart_button ajax_add_to_cart add-to-cart-loop\" data-product_id=\"886768\" data-product_sku=\"REVOR476\" aria-label=\"Add to cart: &ldquo;Aero Anatomic 3000 Gelpulse Matelas&rdquo;\" rel=\"nofollow\" data-success_message=\"&ldquo;Aero Anatomic 3000 Gelpulse Matelas&rdquo; has been added to your cart\"><span class=\"wd-action-icon\"><span class=\"wd-check-icon\"><\/span><\/span><span class=\"wd-action-text\">Panier<\/span><\/a>\t\t\t<\/div>\n\n\t\t\t\t\t\t<div class=\"wd-action-buttons\">\n\t\t\t\t\t\t<div class=\"wd-compare-btn wd-action-btn wd-style-icon wd-compare-icon wd-tooltip\">\n\t\t\t<a href=\"https:\/\/www.moensmeubelen.be\/fr\/vergelijk\/?product_id=886767\" class=\"\" data-id=\"886767\" rel=\"nofollow\">\n\t\t\t\t<span class=\"wd-action-icon\">\n\t\t\t\t\t<span class=\"wd-check-icon\"><\/span>\n\t\t\t\t<\/span>\n\t\t\t\t<span class=\"wd-action-text\">Comparer<\/span>\n\t\t\t<\/a>\n\t\t<\/div>\n\t\t\t\t\t\t\t\t<div class=\"wd-quick-view-btn wd-quick-view-icon wd-action-btn wd-style-icon wd-tooltip\">\n\t\t\t<a\n\t\t\t\thref=\"https:\/\/www.moensmeubelen.be\/fr\/produit\/revor476-fr_be\/\"\n\t\t\t\tclass=\"open-quick-view\"\n\t\t\t\trel=\"nofollow\"\n\t\t\t\tdata-id=\"886768\"\n\t\t\t\t>\n\t\t\t\t\t<span class=\"wd-action-icon\"><\/span>\n\t\t\t\t\t<span class=\"wd-action-text\">\n\t\t\t\t\t\tQuick view\t\t\t\t\t<\/span>\n\t\t\t<\/a>\n\t\t<\/div>\n\t\t\t\t\t<\/div>\n\t\t\t\t\t<\/div>\n\t<\/div>\n<\/div>\n<\/div>\n<div class=\"wd-product wd-col wd-hover-buttons-on-hover product-grid-item product type-product post-886748 status-publish onbackorder product_cat-matrassen_fr_BE has-post-thumbnail taxable shipping-taxable purchasable product-type-simple\" data-loop=\"17\" data-id=\"886748\">\n\t\n<div class=\"wd-product-wrapper product-wrapper\">\n\t<div class=\"wd-product-thumb product-element-top wd-quick-shop\">\n\t\t<a href=\"https:\/\/www.moensmeubelen.be\/fr\/produit\/revor471-fr_be\/\" class=\"wd-product-img-link product-image-link\" tabindex=\"-1\" aria-label=\"Aero Anatomic 3000 Gelpulse Matelas\">\n\t\t\t<img loading=\"lazy\" decoding=\"async\" width=\"300\" height=\"300\" src=\"https:\/\/www.moensmeubelen.be\/wp-content\/uploads\/2026\/02\/e0606573ed46a8bb7f371fb6e76fb09cf4bcea16_thumbnail_d5_73_d5_1755524858_18851_anatomic_matras_1920x1920-300x300.webp\" class=\"attachment-woocommerce_thumbnail size-woocommerce_thumbnail\" alt=\"\" srcset=\"https:\/\/www.moensmeubelen.be\/wp-content\/uploads\/2026\/02\/e0606573ed46a8bb7f371fb6e76fb09cf4bcea16_thumbnail_d5_73_d5_1755524858_18851_anatomic_matras_1920x1920-300x300.webp 300w, https:\/\/www.moensmeubelen.be\/wp-content\/uploads\/2026\/02\/e0606573ed46a8bb7f371fb6e76fb09cf4bcea16_thumbnail_d5_73_d5_1755524858_18851_anatomic_matras_1920x1920-1024x1024.webp 1024w, https:\/\/www.moensmeubelen.be\/wp-content\/uploads\/2026\/02\/e0606573ed46a8bb7f371fb6e76fb09cf4bcea16_thumbnail_d5_73_d5_1755524858_18851_anatomic_matras_1920x1920-250x250.webp 250w, https:\/\/www.moensmeubelen.be\/wp-content\/uploads\/2026\/02\/e0606573ed46a8bb7f371fb6e76fb09cf4bcea16_thumbnail_d5_73_d5_1755524858_18851_anatomic_matras_1920x1920-768x768.webp 768w, https:\/\/www.moensmeubelen.be\/wp-content\/uploads\/2026\/02\/e0606573ed46a8bb7f371fb6e76fb09cf4bcea16_thumbnail_d5_73_d5_1755524858_18851_anatomic_matras_1920x1920-1536x1536.webp 1536w, https:\/\/www.moensmeubelen.be\/wp-content\/uploads\/2026\/02\/e0606573ed46a8bb7f371fb6e76fb09cf4bcea16_thumbnail_d5_73_d5_1755524858_18851_anatomic_matras_1920x1920-800x800.webp 800w, https:\/\/www.moensmeubelen.be\/wp-content\/uploads\/2026\/02\/e0606573ed46a8bb7f371fb6e76fb09cf4bcea16_thumbnail_d5_73_d5_1755524858_18851_anatomic_matras_1920x1920-200x200.webp 200w, https:\/\/www.moensmeubelen.be\/wp-content\/uploads\/2026\/02\/e0606573ed46a8bb7f371fb6e76fb09cf4bcea16_thumbnail_d5_73_d5_1755524858_18851_anatomic_matras_1920x1920.webp 1920w\" sizes=\"auto, (max-width: 300px) 100vw, 300px\" title=\"\">\t\t<\/a>\n\n\t\t\t\t\t<div class=\"wd-product-img-hover hover-img\">\n\t\t\t\t<img loading=\"lazy\" decoding=\"async\" width=\"300\" height=\"300\" src=\"https:\/\/www.moensmeubelen.be\/wp-content\/uploads\/2026\/02\/e0606573ed46a8bb7f371fb6e76fb09cf4bcea16_thumbnail_d5_73_d5_1755524858_18851_anatomic_matras_1920x1920-300x300.webp\" class=\"attachment-woocommerce_thumbnail size-woocommerce_thumbnail\" alt=\"\" srcset=\"https:\/\/www.moensmeubelen.be\/wp-content\/uploads\/2026\/02\/e0606573ed46a8bb7f371fb6e76fb09cf4bcea16_thumbnail_d5_73_d5_1755524858_18851_anatomic_matras_1920x1920-300x300.webp 300w, https:\/\/www.moensmeubelen.be\/wp-content\/uploads\/2026\/02\/e0606573ed46a8bb7f371fb6e76fb09cf4bcea16_thumbnail_d5_73_d5_1755524858_18851_anatomic_matras_1920x1920-1024x1024.webp 1024w, https:\/\/www.moensmeubelen.be\/wp-content\/uploads\/2026\/02\/e0606573ed46a8bb7f371fb6e76fb09cf4bcea16_thumbnail_d5_73_d5_1755524858_18851_anatomic_matras_1920x1920-250x250.webp 250w, https:\/\/www.moensmeubelen.be\/wp-content\/uploads\/2026\/02\/e0606573ed46a8bb7f371fb6e76fb09cf4bcea16_thumbnail_d5_73_d5_1755524858_18851_anatomic_matras_1920x1920-768x768.webp 768w, https:\/\/www.moensmeubelen.be\/wp-content\/uploads\/2026\/02\/e0606573ed46a8bb7f371fb6e76fb09cf4bcea16_thumbnail_d5_73_d5_1755524858_18851_anatomic_matras_1920x1920-1536x1536.webp 1536w, https:\/\/www.moensmeubelen.be\/wp-content\/uploads\/2026\/02\/e0606573ed46a8bb7f371fb6e76fb09cf4bcea16_thumbnail_d5_73_d5_1755524858_18851_anatomic_matras_1920x1920-800x800.webp 800w, https:\/\/www.moensmeubelen.be\/wp-content\/uploads\/2026\/02\/e0606573ed46a8bb7f371fb6e76fb09cf4bcea16_thumbnail_d5_73_d5_1755524858_18851_anatomic_matras_1920x1920-200x200.webp 200w, https:\/\/www.moensmeubelen.be\/wp-content\/uploads\/2026\/02\/e0606573ed46a8bb7f371fb6e76fb09cf4bcea16_thumbnail_d5_73_d5_1755524858_18851_anatomic_matras_1920x1920.webp 1920w\" sizes=\"auto, (max-width: 300px) 100vw, 300px\" title=\"\">\t\t\t<\/div>\n\t\t\t\n\t\t<div class=\"wd-buttons wd-pos-r-t\">\n\t\t\t\t\t<\/div>\n\t<\/div>\n\n\t<div class=\"product-element-bottom\">\n\n\t\t<div class=\"wd-product-header\">\n\t\t\t<h3 class=\"wd-entities-title\"><a href=\"https:\/\/www.moensmeubelen.be\/fr\/produit\/revor471-fr_be\/\">Aero Anatomic 3000 Gelpulse Matelas<\/a><\/h3>\n\t\t\t\t\t<\/div>\n\n\t\t\n\t\t\n\t\t<div class=\"wrap-price\">\n\t\t\t\n\t<span class=\"price\"><span class=\"woocommerce-Price-amount amount\"><bdi><span class=\"woocommerce-Price-currencySymbol\" translate=\"no\">&euro;<\/span>2.074,00<\/bdi><\/span><\/span>\n\n\t\t\t\t\t<\/div>\n\n\t\t<span class=\"gtm4wp_productdata\" style=\"display:none; visibility:hidden;\" data-gtm4wp_product_data=\"{&quot;internal_id&quot;:886748,&quot;item_id&quot;:&quot;REVOR471&quot;,&quot;item_name&quot;:&quot;Aero Anatomic 3000 Gelpulse Matelas&quot;,&quot;sku&quot;:&quot;REVOR471&quot;,&quot;price&quot;:2074,&quot;stocklevel&quot;:null,&quot;stockstatus&quot;:&quot;onbackorder&quot;,&quot;google_business_vertical&quot;:&quot;retail&quot;,&quot;item_category&quot;:&quot;Dormir&quot;,&quot;item_category2&quot;:&quot;Lits&quot;,&quot;item_category3&quot;:&quot;Matelas&quot;,&quot;id&quot;:&quot;REVOR471&quot;,&quot;productlink&quot;:&quot;https:\\\/\\\/www.moensmeubelen.be\\\/fr\\\/produit\\\/revor471-fr_be\\\/&quot;,&quot;item_list_name&quot;:&quot;General Product List&quot;,&quot;index&quot;:18,&quot;product_type&quot;:&quot;simple&quot;,&quot;item_list_id&quot;:&quot;general-product-list&quot;,&quot;item_brand&quot;:&quot;&quot;}\"><\/span>\t\t\t<input type=\"hidden\" class=\"pmwProductId\" data-id=\"886748\">\n\t\t\t\t\t<script class=\"_iub_cs_skip\">\n\t\t\t(window.pmwDataLayer = window.pmwDataLayer || {}).products                = window.pmwDataLayer.products || {};\n\t\t\twindow.pmwDataLayer.products[886748] = {\"id\":\"886748\",\"sku\":\"REVOR471\",\"price\":2074,\"brand\":\"\",\"quantity\":1,\"dyn_r_ids\":{\"post_id\":\"886748\",\"sku\":\"REVOR471\",\"gpf\":\"woocommerce_gpf_886748\",\"gla\":\"gla_886748\"},\"is_variable\":false,\"type\":\"simple\",\"name\":\"Aero Anatomic 3000 Gelpulse Matelas\",\"category\":[\"Matelas\"],\"is_variation\":false};\n\t\t\t\t\twindow.pmw_product_position = window.pmw_product_position || 1;\n\t\twindow.pmwDataLayer.products[886748]['position'] = window.pmw_product_position++;\n\t\t\t\t<\/script>\n\t\t<div class=\"conditionele-tekst levertermijn-placeholder levertermijn-placeholder--plp\" data-aamss-sku=\"REVOR471\" data-aamss-product-id=\"886748\" data-aamss-context=\"plp\" data-aamss-state=\"loading\" aria-busy=\"true\">D\u00e9lai de livraison 8-10 semaines<\/div>\n\t\t\n\t\t\n\t\t\n\t\t<div class=\"wd-product-footer\">\n\t\t\t<div class=\"wd-add-btn wd-add-btn-replace\">\n\t\t\t\t<a data-gtm4wp_product_data=\"{&quot;internal_id&quot;:886748,&quot;item_id&quot;:&quot;REVOR471&quot;,&quot;item_name&quot;:&quot;Aero Anatomic 3000 Gelpulse Matelas&quot;,&quot;sku&quot;:&quot;REVOR471&quot;,&quot;price&quot;:2074,&quot;stocklevel&quot;:null,&quot;stockstatus&quot;:&quot;onbackorder&quot;,&quot;google_business_vertical&quot;:&quot;retail&quot;,&quot;item_category&quot;:&quot;Dormir&quot;,&quot;item_category2&quot;:&quot;Lits&quot;,&quot;item_category3&quot;:&quot;Matelas&quot;,&quot;id&quot;:&quot;REVOR471&quot;}\" href=\"\/fr\/wp-json\/wp\/v2\/pages\/74681?add-to-cart=886748\"  data-quantity=\"1\" class=\"button product_type_simple add_to_cart_button ajax_add_to_cart add-to-cart-loop\" data-product_id=\"886748\" data-product_sku=\"REVOR471\" aria-label=\"Add to cart: &ldquo;Aero Anatomic 3000 Gelpulse Matelas&rdquo;\" rel=\"nofollow\" data-success_message=\"&ldquo;Aero Anatomic 3000 Gelpulse Matelas&rdquo; has been added to your cart\"><span class=\"wd-action-icon\"><span class=\"wd-check-icon\"><\/span><\/span><span class=\"wd-action-text\">Panier<\/span><\/a>\t\t\t<\/div>\n\n\t\t\t\t\t\t<div class=\"wd-action-buttons\">\n\t\t\t\t\t\t<div class=\"wd-compare-btn wd-action-btn wd-style-icon wd-compare-icon wd-tooltip\">\n\t\t\t<a href=\"https:\/\/www.moensmeubelen.be\/fr\/vergelijk\/?product_id=886747\" class=\"\" data-id=\"886747\" rel=\"nofollow\">\n\t\t\t\t<span class=\"wd-action-icon\">\n\t\t\t\t\t<span class=\"wd-check-icon\"><\/span>\n\t\t\t\t<\/span>\n\t\t\t\t<span class=\"wd-action-text\">Comparer<\/span>\n\t\t\t<\/a>\n\t\t<\/div>\n\t\t\t\t\t\t\t\t<div class=\"wd-quick-view-btn wd-quick-view-icon wd-action-btn wd-style-icon wd-tooltip\">\n\t\t\t<a\n\t\t\t\thref=\"https:\/\/www.moensmeubelen.be\/fr\/produit\/revor471-fr_be\/\"\n\t\t\t\tclass=\"open-quick-view\"\n\t\t\t\trel=\"nofollow\"\n\t\t\t\tdata-id=\"886748\"\n\t\t\t\t>\n\t\t\t\t\t<span class=\"wd-action-icon\"><\/span>\n\t\t\t\t\t<span class=\"wd-action-text\">\n\t\t\t\t\t\tQuick view\t\t\t\t\t<\/span>\n\t\t\t<\/a>\n\t\t<\/div>\n\t\t\t\t\t<\/div>\n\t\t\t\t\t<\/div>\n\t<\/div>\n<\/div>\n<\/div>\n<div class=\"wd-product wd-col wd-hover-buttons-on-hover product-grid-item product type-product post-886752 status-publish onbackorder product_cat-matrassen_fr_BE has-post-thumbnail taxable shipping-taxable purchasable product-type-simple\" data-loop=\"18\" data-id=\"886752\">\n\t\n<div class=\"wd-product-wrapper product-wrapper\">\n\t<div class=\"wd-product-thumb product-element-top wd-quick-shop\">\n\t\t<a href=\"https:\/\/www.moensmeubelen.be\/fr\/produit\/revor472-fr_be\/\" class=\"wd-product-img-link product-image-link\" tabindex=\"-1\" aria-label=\"Aero Anatomic 3000 Gelpulse Matelas\">\n\t\t\t<img loading=\"lazy\" decoding=\"async\" width=\"300\" height=\"300\" src=\"https:\/\/www.moensmeubelen.be\/wp-content\/uploads\/2026\/02\/66fec203b08b5b836ac13bde057bd2df514c7636_thumbnail_d5_73_d5_1755524858_18851_anatomic_matras_1920x1920-300x300.webp\" class=\"attachment-woocommerce_thumbnail size-woocommerce_thumbnail\" alt=\"\" srcset=\"https:\/\/www.moensmeubelen.be\/wp-content\/uploads\/2026\/02\/66fec203b08b5b836ac13bde057bd2df514c7636_thumbnail_d5_73_d5_1755524858_18851_anatomic_matras_1920x1920-300x300.webp 300w, https:\/\/www.moensmeubelen.be\/wp-content\/uploads\/2026\/02\/66fec203b08b5b836ac13bde057bd2df514c7636_thumbnail_d5_73_d5_1755524858_18851_anatomic_matras_1920x1920-1024x1024.webp 1024w, https:\/\/www.moensmeubelen.be\/wp-content\/uploads\/2026\/02\/66fec203b08b5b836ac13bde057bd2df514c7636_thumbnail_d5_73_d5_1755524858_18851_anatomic_matras_1920x1920-250x250.webp 250w, https:\/\/www.moensmeubelen.be\/wp-content\/uploads\/2026\/02\/66fec203b08b5b836ac13bde057bd2df514c7636_thumbnail_d5_73_d5_1755524858_18851_anatomic_matras_1920x1920-768x768.webp 768w, https:\/\/www.moensmeubelen.be\/wp-content\/uploads\/2026\/02\/66fec203b08b5b836ac13bde057bd2df514c7636_thumbnail_d5_73_d5_1755524858_18851_anatomic_matras_1920x1920-1536x1536.webp 1536w, https:\/\/www.moensmeubelen.be\/wp-content\/uploads\/2026\/02\/66fec203b08b5b836ac13bde057bd2df514c7636_thumbnail_d5_73_d5_1755524858_18851_anatomic_matras_1920x1920-800x800.webp 800w, https:\/\/www.moensmeubelen.be\/wp-content\/uploads\/2026\/02\/66fec203b08b5b836ac13bde057bd2df514c7636_thumbnail_d5_73_d5_1755524858_18851_anatomic_matras_1920x1920-200x200.webp 200w, https:\/\/www.moensmeubelen.be\/wp-content\/uploads\/2026\/02\/66fec203b08b5b836ac13bde057bd2df514c7636_thumbnail_d5_73_d5_1755524858_18851_anatomic_matras_1920x1920.webp 1920w\" sizes=\"auto, (max-width: 300px) 100vw, 300px\" title=\"\">\t\t<\/a>\n\n\t\t\t\t\t<div class=\"wd-product-img-hover hover-img\">\n\t\t\t\t<img loading=\"lazy\" decoding=\"async\" width=\"300\" height=\"300\" src=\"https:\/\/www.moensmeubelen.be\/wp-content\/uploads\/2026\/02\/66fec203b08b5b836ac13bde057bd2df514c7636_thumbnail_d5_73_d5_1755524858_18851_anatomic_matras_1920x1920-300x300.webp\" class=\"attachment-woocommerce_thumbnail size-woocommerce_thumbnail\" alt=\"\" srcset=\"https:\/\/www.moensmeubelen.be\/wp-content\/uploads\/2026\/02\/66fec203b08b5b836ac13bde057bd2df514c7636_thumbnail_d5_73_d5_1755524858_18851_anatomic_matras_1920x1920-300x300.webp 300w, https:\/\/www.moensmeubelen.be\/wp-content\/uploads\/2026\/02\/66fec203b08b5b836ac13bde057bd2df514c7636_thumbnail_d5_73_d5_1755524858_18851_anatomic_matras_1920x1920-1024x1024.webp 1024w, https:\/\/www.moensmeubelen.be\/wp-content\/uploads\/2026\/02\/66fec203b08b5b836ac13bde057bd2df514c7636_thumbnail_d5_73_d5_1755524858_18851_anatomic_matras_1920x1920-250x250.webp 250w, https:\/\/www.moensmeubelen.be\/wp-content\/uploads\/2026\/02\/66fec203b08b5b836ac13bde057bd2df514c7636_thumbnail_d5_73_d5_1755524858_18851_anatomic_matras_1920x1920-768x768.webp 768w, https:\/\/www.moensmeubelen.be\/wp-content\/uploads\/2026\/02\/66fec203b08b5b836ac13bde057bd2df514c7636_thumbnail_d5_73_d5_1755524858_18851_anatomic_matras_1920x1920-1536x1536.webp 1536w, https:\/\/www.moensmeubelen.be\/wp-content\/uploads\/2026\/02\/66fec203b08b5b836ac13bde057bd2df514c7636_thumbnail_d5_73_d5_1755524858_18851_anatomic_matras_1920x1920-800x800.webp 800w, https:\/\/www.moensmeubelen.be\/wp-content\/uploads\/2026\/02\/66fec203b08b5b836ac13bde057bd2df514c7636_thumbnail_d5_73_d5_1755524858_18851_anatomic_matras_1920x1920-200x200.webp 200w, https:\/\/www.moensmeubelen.be\/wp-content\/uploads\/2026\/02\/66fec203b08b5b836ac13bde057bd2df514c7636_thumbnail_d5_73_d5_1755524858_18851_anatomic_matras_1920x1920.webp 1920w\" sizes=\"auto, (max-width: 300px) 100vw, 300px\" title=\"\">\t\t\t<\/div>\n\t\t\t\n\t\t<div class=\"wd-buttons wd-pos-r-t\">\n\t\t\t\t\t<\/div>\n\t<\/div>\n\n\t<div class=\"product-element-bottom\">\n\n\t\t<div class=\"wd-product-header\">\n\t\t\t<h3 class=\"wd-entities-title\"><a href=\"https:\/\/www.moensmeubelen.be\/fr\/produit\/revor472-fr_be\/\">Aero Anatomic 3000 Gelpulse Matelas<\/a><\/h3>\n\t\t\t\t\t<\/div>\n\n\t\t\n\t\t\n\t\t<div class=\"wrap-price\">\n\t\t\t\n\t<span class=\"price\"><span class=\"woocommerce-Price-amount amount\"><bdi><span class=\"woocommerce-Price-currencySymbol\" translate=\"no\">&euro;<\/span>2.318,00<\/bdi><\/span><\/span>\n\n\t\t\t\t\t<\/div>\n\n\t\t<span class=\"gtm4wp_productdata\" style=\"display:none; visibility:hidden;\" data-gtm4wp_product_data=\"{&quot;internal_id&quot;:886752,&quot;item_id&quot;:&quot;REVOR472&quot;,&quot;item_name&quot;:&quot;Aero Anatomic 3000 Gelpulse Matelas&quot;,&quot;sku&quot;:&quot;REVOR472&quot;,&quot;price&quot;:2318,&quot;stocklevel&quot;:null,&quot;stockstatus&quot;:&quot;onbackorder&quot;,&quot;google_business_vertical&quot;:&quot;retail&quot;,&quot;item_category&quot;:&quot;Dormir&quot;,&quot;item_category2&quot;:&quot;Lits&quot;,&quot;item_category3&quot;:&quot;Matelas&quot;,&quot;id&quot;:&quot;REVOR472&quot;,&quot;productlink&quot;:&quot;https:\\\/\\\/www.moensmeubelen.be\\\/fr\\\/produit\\\/revor472-fr_be\\\/&quot;,&quot;item_list_name&quot;:&quot;General Product List&quot;,&quot;index&quot;:19,&quot;product_type&quot;:&quot;simple&quot;,&quot;item_list_id&quot;:&quot;general-product-list&quot;,&quot;item_brand&quot;:&quot;&quot;}\"><\/span>\t\t\t<input type=\"hidden\" class=\"pmwProductId\" data-id=\"886752\">\n\t\t\t\t\t<script class=\"_iub_cs_skip\">\n\t\t\t(window.pmwDataLayer = window.pmwDataLayer || {}).products                = window.pmwDataLayer.products || {};\n\t\t\twindow.pmwDataLayer.products[886752] = {\"id\":\"886752\",\"sku\":\"REVOR472\",\"price\":2318,\"brand\":\"\",\"quantity\":1,\"dyn_r_ids\":{\"post_id\":\"886752\",\"sku\":\"REVOR472\",\"gpf\":\"woocommerce_gpf_886752\",\"gla\":\"gla_886752\"},\"is_variable\":false,\"type\":\"simple\",\"name\":\"Aero Anatomic 3000 Gelpulse Matelas\",\"category\":[\"Matelas\"],\"is_variation\":false};\n\t\t\t\t\twindow.pmw_product_position = window.pmw_product_position || 1;\n\t\twindow.pmwDataLayer.products[886752]['position'] = window.pmw_product_position++;\n\t\t\t\t<\/script>\n\t\t<div class=\"conditionele-tekst levertermijn-placeholder levertermijn-placeholder--plp\" data-aamss-sku=\"REVOR472\" data-aamss-product-id=\"886752\" data-aamss-context=\"plp\" data-aamss-state=\"loading\" aria-busy=\"true\">D\u00e9lai de livraison 8-10 semaines<\/div>\n\t\t\n\t\t\n\t\t\n\t\t<div class=\"wd-product-footer\">\n\t\t\t<div class=\"wd-add-btn wd-add-btn-replace\">\n\t\t\t\t<a data-gtm4wp_product_data=\"{&quot;internal_id&quot;:886752,&quot;item_id&quot;:&quot;REVOR472&quot;,&quot;item_name&quot;:&quot;Aero Anatomic 3000 Gelpulse Matelas&quot;,&quot;sku&quot;:&quot;REVOR472&quot;,&quot;price&quot;:2318,&quot;stocklevel&quot;:null,&quot;stockstatus&quot;:&quot;onbackorder&quot;,&quot;google_business_vertical&quot;:&quot;retail&quot;,&quot;item_category&quot;:&quot;Dormir&quot;,&quot;item_category2&quot;:&quot;Lits&quot;,&quot;item_category3&quot;:&quot;Matelas&quot;,&quot;id&quot;:&quot;REVOR472&quot;}\" href=\"\/fr\/wp-json\/wp\/v2\/pages\/74681?add-to-cart=886752\"  data-quantity=\"1\" class=\"button product_type_simple add_to_cart_button ajax_add_to_cart add-to-cart-loop\" data-product_id=\"886752\" data-product_sku=\"REVOR472\" aria-label=\"Add to cart: &ldquo;Aero Anatomic 3000 Gelpulse Matelas&rdquo;\" rel=\"nofollow\" data-success_message=\"&ldquo;Aero Anatomic 3000 Gelpulse Matelas&rdquo; has been added to your cart\"><span class=\"wd-action-icon\"><span class=\"wd-check-icon\"><\/span><\/span><span class=\"wd-action-text\">Panier<\/span><\/a>\t\t\t<\/div>\n\n\t\t\t\t\t\t<div class=\"wd-action-buttons\">\n\t\t\t\t\t\t<div class=\"wd-compare-btn wd-action-btn wd-style-icon wd-compare-icon wd-tooltip\">\n\t\t\t<a href=\"https:\/\/www.moensmeubelen.be\/fr\/vergelijk\/?product_id=886751\" class=\"\" data-id=\"886751\" rel=\"nofollow\">\n\t\t\t\t<span class=\"wd-action-icon\">\n\t\t\t\t\t<span class=\"wd-check-icon\"><\/span>\n\t\t\t\t<\/span>\n\t\t\t\t<span class=\"wd-action-text\">Comparer<\/span>\n\t\t\t<\/a>\n\t\t<\/div>\n\t\t\t\t\t\t\t\t<div class=\"wd-quick-view-btn wd-quick-view-icon wd-action-btn wd-style-icon wd-tooltip\">\n\t\t\t<a\n\t\t\t\thref=\"https:\/\/www.moensmeubelen.be\/fr\/produit\/revor472-fr_be\/\"\n\t\t\t\tclass=\"open-quick-view\"\n\t\t\t\trel=\"nofollow\"\n\t\t\t\tdata-id=\"886752\"\n\t\t\t\t>\n\t\t\t\t\t<span class=\"wd-action-icon\"><\/span>\n\t\t\t\t\t<span class=\"wd-action-text\">\n\t\t\t\t\t\tQuick view\t\t\t\t\t<\/span>\n\t\t\t<\/a>\n\t\t<\/div>\n\t\t\t\t\t<\/div>\n\t\t\t\t\t<\/div>\n\t<\/div>\n<\/div>\n<\/div>\n<div class=\"wd-product wd-col wd-hover-buttons-on-hover product-grid-item product type-product post-886760 status-publish last onbackorder product_cat-matrassen_fr_BE has-post-thumbnail taxable shipping-taxable purchasable product-type-simple\" data-loop=\"19\" data-id=\"886760\">\n\t\n<div class=\"wd-product-wrapper product-wrapper\">\n\t<div class=\"wd-product-thumb product-element-top wd-quick-shop\">\n\t\t<a href=\"https:\/\/www.moensmeubelen.be\/fr\/produit\/revor474-fr_be\/\" class=\"wd-product-img-link product-image-link\" tabindex=\"-1\" aria-label=\"Aero Anatomic 3000 Gelpulse Matelas\">\n\t\t\t<img loading=\"lazy\" decoding=\"async\" width=\"300\" height=\"300\" src=\"https:\/\/www.moensmeubelen.be\/wp-content\/uploads\/2026\/02\/4883b16493e2165657e85ef551bbe6766b4954a5_thumbnail_d5_73_d5_1755524858_18851_anatomic_matras_1920x1920-300x300.webp\" class=\"attachment-woocommerce_thumbnail size-woocommerce_thumbnail\" alt=\"\" srcset=\"https:\/\/www.moensmeubelen.be\/wp-content\/uploads\/2026\/02\/4883b16493e2165657e85ef551bbe6766b4954a5_thumbnail_d5_73_d5_1755524858_18851_anatomic_matras_1920x1920-300x300.webp 300w, https:\/\/www.moensmeubelen.be\/wp-content\/uploads\/2026\/02\/4883b16493e2165657e85ef551bbe6766b4954a5_thumbnail_d5_73_d5_1755524858_18851_anatomic_matras_1920x1920-1024x1024.webp 1024w, https:\/\/www.moensmeubelen.be\/wp-content\/uploads\/2026\/02\/4883b16493e2165657e85ef551bbe6766b4954a5_thumbnail_d5_73_d5_1755524858_18851_anatomic_matras_1920x1920-250x250.webp 250w, https:\/\/www.moensmeubelen.be\/wp-content\/uploads\/2026\/02\/4883b16493e2165657e85ef551bbe6766b4954a5_thumbnail_d5_73_d5_1755524858_18851_anatomic_matras_1920x1920-768x768.webp 768w, https:\/\/www.moensmeubelen.be\/wp-content\/uploads\/2026\/02\/4883b16493e2165657e85ef551bbe6766b4954a5_thumbnail_d5_73_d5_1755524858_18851_anatomic_matras_1920x1920-1536x1536.webp 1536w, https:\/\/www.moensmeubelen.be\/wp-content\/uploads\/2026\/02\/4883b16493e2165657e85ef551bbe6766b4954a5_thumbnail_d5_73_d5_1755524858_18851_anatomic_matras_1920x1920-800x800.webp 800w, https:\/\/www.moensmeubelen.be\/wp-content\/uploads\/2026\/02\/4883b16493e2165657e85ef551bbe6766b4954a5_thumbnail_d5_73_d5_1755524858_18851_anatomic_matras_1920x1920-200x200.webp 200w, https:\/\/www.moensmeubelen.be\/wp-content\/uploads\/2026\/02\/4883b16493e2165657e85ef551bbe6766b4954a5_thumbnail_d5_73_d5_1755524858_18851_anatomic_matras_1920x1920.webp 1920w\" sizes=\"auto, (max-width: 300px) 100vw, 300px\" title=\"\">\t\t<\/a>\n\n\t\t\t\t\t<div class=\"wd-product-img-hover hover-img\">\n\t\t\t\t<img loading=\"lazy\" decoding=\"async\" width=\"300\" height=\"300\" src=\"https:\/\/www.moensmeubelen.be\/wp-content\/uploads\/2026\/02\/4883b16493e2165657e85ef551bbe6766b4954a5_thumbnail_d5_73_d5_1755524858_18851_anatomic_matras_1920x1920-300x300.webp\" class=\"attachment-woocommerce_thumbnail size-woocommerce_thumbnail\" alt=\"\" srcset=\"https:\/\/www.moensmeubelen.be\/wp-content\/uploads\/2026\/02\/4883b16493e2165657e85ef551bbe6766b4954a5_thumbnail_d5_73_d5_1755524858_18851_anatomic_matras_1920x1920-300x300.webp 300w, https:\/\/www.moensmeubelen.be\/wp-content\/uploads\/2026\/02\/4883b16493e2165657e85ef551bbe6766b4954a5_thumbnail_d5_73_d5_1755524858_18851_anatomic_matras_1920x1920-1024x1024.webp 1024w, https:\/\/www.moensmeubelen.be\/wp-content\/uploads\/2026\/02\/4883b16493e2165657e85ef551bbe6766b4954a5_thumbnail_d5_73_d5_1755524858_18851_anatomic_matras_1920x1920-250x250.webp 250w, https:\/\/www.moensmeubelen.be\/wp-content\/uploads\/2026\/02\/4883b16493e2165657e85ef551bbe6766b4954a5_thumbnail_d5_73_d5_1755524858_18851_anatomic_matras_1920x1920-768x768.webp 768w, https:\/\/www.moensmeubelen.be\/wp-content\/uploads\/2026\/02\/4883b16493e2165657e85ef551bbe6766b4954a5_thumbnail_d5_73_d5_1755524858_18851_anatomic_matras_1920x1920-1536x1536.webp 1536w, https:\/\/www.moensmeubelen.be\/wp-content\/uploads\/2026\/02\/4883b16493e2165657e85ef551bbe6766b4954a5_thumbnail_d5_73_d5_1755524858_18851_anatomic_matras_1920x1920-800x800.webp 800w, https:\/\/www.moensmeubelen.be\/wp-content\/uploads\/2026\/02\/4883b16493e2165657e85ef551bbe6766b4954a5_thumbnail_d5_73_d5_1755524858_18851_anatomic_matras_1920x1920-200x200.webp 200w, https:\/\/www.moensmeubelen.be\/wp-content\/uploads\/2026\/02\/4883b16493e2165657e85ef551bbe6766b4954a5_thumbnail_d5_73_d5_1755524858_18851_anatomic_matras_1920x1920.webp 1920w\" sizes=\"auto, (max-width: 300px) 100vw, 300px\" title=\"\">\t\t\t<\/div>\n\t\t\t\n\t\t<div class=\"wd-buttons wd-pos-r-t\">\n\t\t\t\t\t<\/div>\n\t<\/div>\n\n\t<div class=\"product-element-bottom\">\n\n\t\t<div class=\"wd-product-header\">\n\t\t\t<h3 class=\"wd-entities-title\"><a href=\"https:\/\/www.moensmeubelen.be\/fr\/produit\/revor474-fr_be\/\">Aero Anatomic 3000 Gelpulse Matelas<\/a><\/h3>\n\t\t\t\t\t<\/div>\n\n\t\t\n\t\t\n\t\t<div class=\"wrap-price\">\n\t\t\t\n\t<span class=\"price\"><span class=\"woocommerce-Price-amount amount\"><bdi><span class=\"woocommerce-Price-currencySymbol\" translate=\"no\">&euro;<\/span>1.288,00<\/bdi><\/span><\/span>\n\n\t\t\t\t\t<\/div>\n\n\t\t<span class=\"gtm4wp_productdata\" style=\"display:none; visibility:hidden;\" data-gtm4wp_product_data=\"{&quot;internal_id&quot;:886760,&quot;item_id&quot;:&quot;REVOR474&quot;,&quot;item_name&quot;:&quot;Aero Anatomic 3000 Gelpulse Matelas&quot;,&quot;sku&quot;:&quot;REVOR474&quot;,&quot;price&quot;:1288,&quot;stocklevel&quot;:null,&quot;stockstatus&quot;:&quot;onbackorder&quot;,&quot;google_business_vertical&quot;:&quot;retail&quot;,&quot;item_category&quot;:&quot;Dormir&quot;,&quot;item_category2&quot;:&quot;Lits&quot;,&quot;item_category3&quot;:&quot;Matelas&quot;,&quot;id&quot;:&quot;REVOR474&quot;,&quot;productlink&quot;:&quot;https:\\\/\\\/www.moensmeubelen.be\\\/fr\\\/produit\\\/revor474-fr_be\\\/&quot;,&quot;item_list_name&quot;:&quot;General Product List&quot;,&quot;index&quot;:20,&quot;product_type&quot;:&quot;simple&quot;,&quot;item_list_id&quot;:&quot;general-product-list&quot;,&quot;item_brand&quot;:&quot;&quot;}\"><\/span>\t\t\t<input type=\"hidden\" class=\"pmwProductId\" data-id=\"886760\">\n\t\t\t\t\t<script class=\"_iub_cs_skip\">\n\t\t\t(window.pmwDataLayer = window.pmwDataLayer || {}).products                = window.pmwDataLayer.products || {};\n\t\t\twindow.pmwDataLayer.products[886760] = {\"id\":\"886760\",\"sku\":\"REVOR474\",\"price\":1288,\"brand\":\"\",\"quantity\":1,\"dyn_r_ids\":{\"post_id\":\"886760\",\"sku\":\"REVOR474\",\"gpf\":\"woocommerce_gpf_886760\",\"gla\":\"gla_886760\"},\"is_variable\":false,\"type\":\"simple\",\"name\":\"Aero Anatomic 3000 Gelpulse Matelas\",\"category\":[\"Matelas\"],\"is_variation\":false};\n\t\t\t\t\twindow.pmw_product_position = window.pmw_product_position || 1;\n\t\twindow.pmwDataLayer.products[886760]['position'] = window.pmw_product_position++;\n\t\t\t\t<\/script>\n\t\t<div class=\"conditionele-tekst levertermijn-placeholder levertermijn-placeholder--plp\" data-aamss-sku=\"REVOR474\" data-aamss-product-id=\"886760\" data-aamss-context=\"plp\" data-aamss-state=\"loading\" aria-busy=\"true\">D\u00e9lai de livraison 8-10 semaines<\/div>\n\t\t\n\t\t\n\t\t\n\t\t<div class=\"wd-product-footer\">\n\t\t\t<div class=\"wd-add-btn wd-add-btn-replace\">\n\t\t\t\t<a data-gtm4wp_product_data=\"{&quot;internal_id&quot;:886760,&quot;item_id&quot;:&quot;REVOR474&quot;,&quot;item_name&quot;:&quot;Aero Anatomic 3000 Gelpulse Matelas&quot;,&quot;sku&quot;:&quot;REVOR474&quot;,&quot;price&quot;:1288,&quot;stocklevel&quot;:null,&quot;stockstatus&quot;:&quot;onbackorder&quot;,&quot;google_business_vertical&quot;:&quot;retail&quot;,&quot;item_category&quot;:&quot;Dormir&quot;,&quot;item_category2&quot;:&quot;Lits&quot;,&quot;item_category3&quot;:&quot;Matelas&quot;,&quot;id&quot;:&quot;REVOR474&quot;}\" href=\"\/fr\/wp-json\/wp\/v2\/pages\/74681?add-to-cart=886760\"  data-quantity=\"1\" class=\"button product_type_simple add_to_cart_button ajax_add_to_cart add-to-cart-loop\" data-product_id=\"886760\" data-product_sku=\"REVOR474\" aria-label=\"Add to cart: &ldquo;Aero Anatomic 3000 Gelpulse Matelas&rdquo;\" rel=\"nofollow\" data-success_message=\"&ldquo;Aero Anatomic 3000 Gelpulse Matelas&rdquo; has been added to your cart\"><span class=\"wd-action-icon\"><span class=\"wd-check-icon\"><\/span><\/span><span class=\"wd-action-text\">Panier<\/span><\/a>\t\t\t<\/div>\n\n\t\t\t\t\t\t<div class=\"wd-action-buttons\">\n\t\t\t\t\t\t<div class=\"wd-compare-btn wd-action-btn wd-style-icon wd-compare-icon wd-tooltip\">\n\t\t\t<a href=\"https:\/\/www.moensmeubelen.be\/fr\/vergelijk\/?product_id=886759\" class=\"\" data-id=\"886759\" rel=\"nofollow\">\n\t\t\t\t<span class=\"wd-action-icon\">\n\t\t\t\t\t<span class=\"wd-check-icon\"><\/span>\n\t\t\t\t<\/span>\n\t\t\t\t<span class=\"wd-action-text\">Comparer<\/span>\n\t\t\t<\/a>\n\t\t<\/div>\n\t\t\t\t\t\t\t\t<div class=\"wd-quick-view-btn wd-quick-view-icon wd-action-btn wd-style-icon wd-tooltip\">\n\t\t\t<a\n\t\t\t\thref=\"https:\/\/www.moensmeubelen.be\/fr\/produit\/revor474-fr_be\/\"\n\t\t\t\tclass=\"open-quick-view\"\n\t\t\t\trel=\"nofollow\"\n\t\t\t\tdata-id=\"886760\"\n\t\t\t\t>\n\t\t\t\t\t<span class=\"wd-action-icon\"><\/span>\n\t\t\t\t\t<span class=\"wd-action-text\">\n\t\t\t\t\t\tQuick view\t\t\t\t\t<\/span>\n\t\t\t<\/a>\n\t\t<\/div>\n\t\t\t\t\t<\/div>\n\t\t\t\t\t<\/div>\n\t<\/div>\n<\/div>\n<\/div>\n<div class=\"wd-product wd-col wd-hover-buttons-on-hover product-grid-item product type-product post-886744 status-publish first onbackorder product_cat-matrassen_fr_BE has-post-thumbnail taxable shipping-taxable purchasable product-type-simple\" data-loop=\"20\" data-id=\"886744\">\n\t\n<div class=\"wd-product-wrapper product-wrapper\">\n\t<div class=\"wd-product-thumb product-element-top wd-quick-shop\">\n\t\t<a href=\"https:\/\/www.moensmeubelen.be\/fr\/produit\/revor470-fr_be\/\" class=\"wd-product-img-link product-image-link\" tabindex=\"-1\" aria-label=\"Aero Anatomic 3000 Gelpulse Matelas\">\n\t\t\t<img loading=\"lazy\" decoding=\"async\" width=\"300\" height=\"300\" src=\"https:\/\/www.moensmeubelen.be\/wp-content\/uploads\/2026\/02\/b44cb7fafbaa5ba621c020d96375363cb2f0c1cf_thumbnail_d5_73_d5_1755524858_18851_anatomic_matras_1920x1920-300x300.webp\" class=\"attachment-woocommerce_thumbnail size-woocommerce_thumbnail\" alt=\"\" srcset=\"https:\/\/www.moensmeubelen.be\/wp-content\/uploads\/2026\/02\/b44cb7fafbaa5ba621c020d96375363cb2f0c1cf_thumbnail_d5_73_d5_1755524858_18851_anatomic_matras_1920x1920-300x300.webp 300w, https:\/\/www.moensmeubelen.be\/wp-content\/uploads\/2026\/02\/b44cb7fafbaa5ba621c020d96375363cb2f0c1cf_thumbnail_d5_73_d5_1755524858_18851_anatomic_matras_1920x1920-1024x1024.webp 1024w, https:\/\/www.moensmeubelen.be\/wp-content\/uploads\/2026\/02\/b44cb7fafbaa5ba621c020d96375363cb2f0c1cf_thumbnail_d5_73_d5_1755524858_18851_anatomic_matras_1920x1920-250x250.webp 250w, https:\/\/www.moensmeubelen.be\/wp-content\/uploads\/2026\/02\/b44cb7fafbaa5ba621c020d96375363cb2f0c1cf_thumbnail_d5_73_d5_1755524858_18851_anatomic_matras_1920x1920-768x768.webp 768w, https:\/\/www.moensmeubelen.be\/wp-content\/uploads\/2026\/02\/b44cb7fafbaa5ba621c020d96375363cb2f0c1cf_thumbnail_d5_73_d5_1755524858_18851_anatomic_matras_1920x1920-1536x1536.webp 1536w, https:\/\/www.moensmeubelen.be\/wp-content\/uploads\/2026\/02\/b44cb7fafbaa5ba621c020d96375363cb2f0c1cf_thumbnail_d5_73_d5_1755524858_18851_anatomic_matras_1920x1920-800x800.webp 800w, https:\/\/www.moensmeubelen.be\/wp-content\/uploads\/2026\/02\/b44cb7fafbaa5ba621c020d96375363cb2f0c1cf_thumbnail_d5_73_d5_1755524858_18851_anatomic_matras_1920x1920-200x200.webp 200w, https:\/\/www.moensmeubelen.be\/wp-content\/uploads\/2026\/02\/b44cb7fafbaa5ba621c020d96375363cb2f0c1cf_thumbnail_d5_73_d5_1755524858_18851_anatomic_matras_1920x1920.webp 1920w\" sizes=\"auto, (max-width: 300px) 100vw, 300px\" title=\"\">\t\t<\/a>\n\n\t\t\t\t\t<div class=\"wd-product-img-hover hover-img\">\n\t\t\t\t<img loading=\"lazy\" decoding=\"async\" width=\"300\" height=\"300\" src=\"https:\/\/www.moensmeubelen.be\/wp-content\/uploads\/2026\/02\/b44cb7fafbaa5ba621c020d96375363cb2f0c1cf_thumbnail_d5_73_d5_1755524858_18851_anatomic_matras_1920x1920-300x300.webp\" class=\"attachment-woocommerce_thumbnail size-woocommerce_thumbnail\" alt=\"\" srcset=\"https:\/\/www.moensmeubelen.be\/wp-content\/uploads\/2026\/02\/b44cb7fafbaa5ba621c020d96375363cb2f0c1cf_thumbnail_d5_73_d5_1755524858_18851_anatomic_matras_1920x1920-300x300.webp 300w, https:\/\/www.moensmeubelen.be\/wp-content\/uploads\/2026\/02\/b44cb7fafbaa5ba621c020d96375363cb2f0c1cf_thumbnail_d5_73_d5_1755524858_18851_anatomic_matras_1920x1920-1024x1024.webp 1024w, https:\/\/www.moensmeubelen.be\/wp-content\/uploads\/2026\/02\/b44cb7fafbaa5ba621c020d96375363cb2f0c1cf_thumbnail_d5_73_d5_1755524858_18851_anatomic_matras_1920x1920-250x250.webp 250w, https:\/\/www.moensmeubelen.be\/wp-content\/uploads\/2026\/02\/b44cb7fafbaa5ba621c020d96375363cb2f0c1cf_thumbnail_d5_73_d5_1755524858_18851_anatomic_matras_1920x1920-768x768.webp 768w, https:\/\/www.moensmeubelen.be\/wp-content\/uploads\/2026\/02\/b44cb7fafbaa5ba621c020d96375363cb2f0c1cf_thumbnail_d5_73_d5_1755524858_18851_anatomic_matras_1920x1920-1536x1536.webp 1536w, https:\/\/www.moensmeubelen.be\/wp-content\/uploads\/2026\/02\/b44cb7fafbaa5ba621c020d96375363cb2f0c1cf_thumbnail_d5_73_d5_1755524858_18851_anatomic_matras_1920x1920-800x800.webp 800w, https:\/\/www.moensmeubelen.be\/wp-content\/uploads\/2026\/02\/b44cb7fafbaa5ba621c020d96375363cb2f0c1cf_thumbnail_d5_73_d5_1755524858_18851_anatomic_matras_1920x1920-200x200.webp 200w, https:\/\/www.moensmeubelen.be\/wp-content\/uploads\/2026\/02\/b44cb7fafbaa5ba621c020d96375363cb2f0c1cf_thumbnail_d5_73_d5_1755524858_18851_anatomic_matras_1920x1920.webp 1920w\" sizes=\"auto, (max-width: 300px) 100vw, 300px\" title=\"\">\t\t\t<\/div>\n\t\t\t\n\t\t<div class=\"wd-buttons wd-pos-r-t\">\n\t\t\t\t\t<\/div>\n\t<\/div>\n\n\t<div class=\"product-element-bottom\">\n\n\t\t<div class=\"wd-product-header\">\n\t\t\t<h3 class=\"wd-entities-title\"><a href=\"https:\/\/www.moensmeubelen.be\/fr\/produit\/revor470-fr_be\/\">Aero Anatomic 3000 Gelpulse Matelas<\/a><\/h3>\n\t\t\t\t\t<\/div>\n\n\t\t\n\t\t\n\t\t<div class=\"wrap-price\">\n\t\t\t\n\t<span class=\"price\"><span class=\"woocommerce-Price-amount amount\"><bdi><span class=\"woocommerce-Price-currencySymbol\" translate=\"no\">&euro;<\/span>1.418,00<\/bdi><\/span><\/span>\n\n\t\t\t\t\t<\/div>\n\n\t\t<span class=\"gtm4wp_productdata\" style=\"display:none; visibility:hidden;\" data-gtm4wp_product_data=\"{&quot;internal_id&quot;:886744,&quot;item_id&quot;:&quot;REVOR470&quot;,&quot;item_name&quot;:&quot;Aero Anatomic 3000 Gelpulse Matelas&quot;,&quot;sku&quot;:&quot;REVOR470&quot;,&quot;price&quot;:1418,&quot;stocklevel&quot;:null,&quot;stockstatus&quot;:&quot;onbackorder&quot;,&quot;google_business_vertical&quot;:&quot;retail&quot;,&quot;item_category&quot;:&quot;Dormir&quot;,&quot;item_category2&quot;:&quot;Lits&quot;,&quot;item_category3&quot;:&quot;Matelas&quot;,&quot;id&quot;:&quot;REVOR470&quot;,&quot;productlink&quot;:&quot;https:\\\/\\\/www.moensmeubelen.be\\\/fr\\\/produit\\\/revor470-fr_be\\\/&quot;,&quot;item_list_name&quot;:&quot;General Product List&quot;,&quot;index&quot;:21,&quot;product_type&quot;:&quot;simple&quot;,&quot;item_list_id&quot;:&quot;general-product-list&quot;,&quot;item_brand&quot;:&quot;&quot;}\"><\/span>\t\t\t<input type=\"hidden\" class=\"pmwProductId\" data-id=\"886744\">\n\t\t\t\t\t<script class=\"_iub_cs_skip\">\n\t\t\t(window.pmwDataLayer = window.pmwDataLayer || {}).products                = window.pmwDataLayer.products || {};\n\t\t\twindow.pmwDataLayer.products[886744] = {\"id\":\"886744\",\"sku\":\"REVOR470\",\"price\":1418,\"brand\":\"\",\"quantity\":1,\"dyn_r_ids\":{\"post_id\":\"886744\",\"sku\":\"REVOR470\",\"gpf\":\"woocommerce_gpf_886744\",\"gla\":\"gla_886744\"},\"is_variable\":false,\"type\":\"simple\",\"name\":\"Aero Anatomic 3000 Gelpulse Matelas\",\"category\":[\"Matelas\"],\"is_variation\":false};\n\t\t\t\t\twindow.pmw_product_position = window.pmw_product_position || 1;\n\t\twindow.pmwDataLayer.products[886744]['position'] = window.pmw_product_position++;\n\t\t\t\t<\/script>\n\t\t<div class=\"conditionele-tekst levertermijn-placeholder levertermijn-placeholder--plp\" data-aamss-sku=\"REVOR470\" data-aamss-product-id=\"886744\" data-aamss-context=\"plp\" data-aamss-state=\"loading\" aria-busy=\"true\">D\u00e9lai de livraison 8-10 semaines<\/div>\n\t\t\n\t\t\n\t\t\n\t\t<div class=\"wd-product-footer\">\n\t\t\t<div class=\"wd-add-btn wd-add-btn-replace\">\n\t\t\t\t<a data-gtm4wp_product_data=\"{&quot;internal_id&quot;:886744,&quot;item_id&quot;:&quot;REVOR470&quot;,&quot;item_name&quot;:&quot;Aero Anatomic 3000 Gelpulse Matelas&quot;,&quot;sku&quot;:&quot;REVOR470&quot;,&quot;price&quot;:1418,&quot;stocklevel&quot;:null,&quot;stockstatus&quot;:&quot;onbackorder&quot;,&quot;google_business_vertical&quot;:&quot;retail&quot;,&quot;item_category&quot;:&quot;Dormir&quot;,&quot;item_category2&quot;:&quot;Lits&quot;,&quot;item_category3&quot;:&quot;Matelas&quot;,&quot;id&quot;:&quot;REVOR470&quot;}\" href=\"\/fr\/wp-json\/wp\/v2\/pages\/74681?add-to-cart=886744\"  data-quantity=\"1\" class=\"button product_type_simple add_to_cart_button ajax_add_to_cart add-to-cart-loop\" data-product_id=\"886744\" data-product_sku=\"REVOR470\" aria-label=\"Add to cart: &ldquo;Aero Anatomic 3000 Gelpulse Matelas&rdquo;\" rel=\"nofollow\" data-success_message=\"&ldquo;Aero Anatomic 3000 Gelpulse Matelas&rdquo; has been added to your cart\"><span class=\"wd-action-icon\"><span class=\"wd-check-icon\"><\/span><\/span><span class=\"wd-action-text\">Panier<\/span><\/a>\t\t\t<\/div>\n\n\t\t\t\t\t\t<div class=\"wd-action-buttons\">\n\t\t\t\t\t\t<div class=\"wd-compare-btn wd-action-btn wd-style-icon wd-compare-icon wd-tooltip\">\n\t\t\t<a href=\"https:\/\/www.moensmeubelen.be\/fr\/vergelijk\/?product_id=886743\" class=\"\" data-id=\"886743\" rel=\"nofollow\">\n\t\t\t\t<span class=\"wd-action-icon\">\n\t\t\t\t\t<span class=\"wd-check-icon\"><\/span>\n\t\t\t\t<\/span>\n\t\t\t\t<span class=\"wd-action-text\">Comparer<\/span>\n\t\t\t<\/a>\n\t\t<\/div>\n\t\t\t\t\t\t\t\t<div class=\"wd-quick-view-btn wd-quick-view-icon wd-action-btn wd-style-icon wd-tooltip\">\n\t\t\t<a\n\t\t\t\thref=\"https:\/\/www.moensmeubelen.be\/fr\/produit\/revor470-fr_be\/\"\n\t\t\t\tclass=\"open-quick-view\"\n\t\t\t\trel=\"nofollow\"\n\t\t\t\tdata-id=\"886744\"\n\t\t\t\t>\n\t\t\t\t\t<span class=\"wd-action-icon\"><\/span>\n\t\t\t\t\t<span class=\"wd-action-text\">\n\t\t\t\t\t\tQuick view\t\t\t\t\t<\/span>\n\t\t\t<\/a>\n\t\t<\/div>\n\t\t\t\t\t<\/div>\n\t\t\t\t\t<\/div>\n\t<\/div>\n<\/div>\n<\/div>\n<\/div>\n<\/div><\/div>[\/vc_column][\/vc_row][vc_row 0=&#8221;&#8221; css=&#8221;.vc_custom_1550328523447{margin-bottom: 8vh !important;}&#8221; mobile_bg_img_hidden=&#8221;no&#8221; woodmart_parallax=&#8221;0&#8243; woodmart_gradient_switch=&#8221;no&#8221; row_reverse_mobile=&#8221;0&#8243; row_reverse_tablet=&#8221;0&#8243; woodmart_disable_overflow=&#8221;0&#8243;][vc_column 0=&#8221;&#8221; css=&#8221;.vc_custom_1493297480660{padding-right: 30px !important;padding-left: 30px !important;}&#8221;][vc_empty_space][vc_column_text text_larger=&#8221;no&#8221;][\/vc_column_text][\/vc_column][\/vc_row]<\/p>\n<\/div>","protected":false},"excerpt":{"rendered":"<p>[vc_row][vc_column width=&#8221;1\/2&#8243;][vc_column_text css=&#8221;&#8221; woodmart_inline=&#8221;no&#8221; text_larger=&#8221;no&#8221;]Chez Meubelen Moens, nous vous proposons un tr\u00e8s large assortiment de matelas issus des plus grandes<\/p>\n","protected":false},"author":1,"featured_media":0,"parent":74739,"menu_order":0,"comment_status":"closed","ping_status":"closed","template":"","meta":{"_relevanssi_hide_post":"","_relevanssi_hide_content":"","_relevanssi_pin_for_all":"","_relevanssi_pin_keywords":"","_relevanssi_unpin_keywords":"","_relevanssi_related_keywords":"","_relevanssi_related_include_ids":"","_relevanssi_related_exclude_ids":"","_relevanssi_related_no_append":"","_relevanssi_related_not_related":"","_relevanssi_related_posts":"","_relevanssi_noindex_reason":"","footnotes":""},"class_list":["post-74681","page","type-page","status-publish","hentry"],"_links":{"self":[{"href":"https:\/\/www.moensmeubelen.be\/fr\/wp-json\/wp\/v2\/pages\/74681","targetHints":{"allow":["GET"]}}],"collection":[{"href":"https:\/\/www.moensmeubelen.be\/fr\/wp-json\/wp\/v2\/pages"}],"about":[{"href":"https:\/\/www.moensmeubelen.be\/fr\/wp-json\/wp\/v2\/types\/page"}],"author":[{"embeddable":true,"href":"https:\/\/www.moensmeubelen.be\/fr\/wp-json\/wp\/v2\/users\/1"}],"replies":[{"embeddable":true,"href":"https:\/\/www.moensmeubelen.be\/fr\/wp-json\/wp\/v2\/comments?post=74681"}],"version-history":[{"count":0,"href":"https:\/\/www.moensmeubelen.be\/fr\/wp-json\/wp\/v2\/pages\/74681\/revisions"}],"up":[{"embeddable":true,"href":"https:\/\/www.moensmeubelen.be\/fr\/wp-json\/wp\/v2\/pages\/74739"}],"wp:attachment":[{"href":"https:\/\/www.moensmeubelen.be\/fr\/wp-json\/wp\/v2\/media?parent=74681"}],"curies":[{"name":"wp","href":"https:\/\/api.w.org\/{rel}","templated":true}]}}