{"id":74732,"date":"2024-03-03T20:42:29","date_gmt":"2024-03-03T19:42:29","guid":{"rendered":"https:\/\/www.moensmeubelen.be\/jeugdkamers\/"},"modified":"2024-03-03T20:42:30","modified_gmt":"2024-03-03T19:42:30","slug":"jeugdkamers","status":"publish","type":"page","link":"https:\/\/www.moensmeubelen.be\/fr\/jeugdkamers\/","title":{"rendered":"Chambres d&#8217;ados"},"content":{"rendered":"<div class=\"wpb-content-wrapper\" id=\"wpb-content-root\"><p>[vc_row][vc_column][vc_raw_html]JTVCaHRtbF9ibG9jayUyMGlkJTNEJTIyNDQ2OTQlMjIlNUQ=[\/vc_raw_html][\/vc_column][\/vc_row][vc_row][vc_column width=&#8221;1\/2&#8243;][vc_column_text text_larger=&#8221;no&#8221;]<strong>Chambre d&#8217;ados<\/strong><\/p>\n<p>Meubelen Moens propose un tr\u00e8s large assortiment de chambres d&#8217;enfants et d&#8217;ados de la meilleure qualit\u00e9. S\u00fbres, flexibles, robustes, fra\u00eeches et \u00e0 la mode : telles sont les principales caract\u00e9ristiques de notre collection de chambres d&#8217;ados.<\/p>\n<p>Une chambre d&#8217;ados doit en effet pouvoir encaisser les coups. Une bataille d&#8217;oreillers ou un chahut muscl\u00e9, une chambre d&#8217;enfants doit pouvoir y r\u00e9sister sans peine.<\/p>\n<p>Pour les jeunes un peu plus \u00e2g\u00e9s aussi, Meubelen Moens est l&#8217;adresse id\u00e9ale. Des chambres d&#8217;ados enti\u00e8rement \u00e9quip\u00e9es avec bureau, armoires de rangement, lits superpos\u00e9s, \u00e9tag\u00e8res superposables, biblioth\u00e8ques et bien plus&#8230;[\/vc_column_text][\/vc_column][vc_column width=&#8221;1\/2&#8243;][vc_single_image image=&#8221;41386&#8243; img_size=&#8221;large&#8221; parallax_scroll=&#8221;no&#8221; woodmart_inline=&#8221;no&#8221;][\/vc_column][\/vc_row][vc_row][vc_column][vc_empty_space woodmart_hide_large=&#8221;0&#8243; woodmart_hide_medium=&#8221;0&#8243; woodmart_hide_small=&#8221;0&#8243; woodmart_hide_extra_small=&#8221;0&#8243;][\/vc_column][\/vc_row][vc_row 0=&#8221;&#8221; css=&#8221;.vc_custom_1550328523447{margin-bottom: 8vh !important;}&#8221; mobile_bg_img_hidden=&#8221;no&#8221; woodmart_parallax=&#8221;0&#8243; woodmart_gradient_switch=&#8221;no&#8221; row_reverse_mobile=&#8221;0&#8243; row_reverse_tablet=&#8221;0&#8243; woodmart_disable_overflow=&#8221;0&#8243;][vc_column 0=&#8221;&#8221; css=&#8221;.vc_custom_1493297480660{padding-right: 30px !important;padding-left: 30px !important;}&#8221;]\n\t\t<div id=\"wd-5c6c6bd1763dd\" class=\"title-wrapper wd-wpb wd-set-mb reset-last-child  wd-rs-5c6c6bd1763dd wd-title-color-primary wd-title-style-simple text-left  wd-underline-colored\">\n\t\t\t\n\t\t\t<div class=\"liner-continer\">\n\t\t\t\t<h4 class=\"woodmart-title-container title  wd-font-weight- wd-fontsize-xxl\" >Chambres d'ados et d'enfants<\/h4>\n\t\t\t\t\t\t\t<\/div>\n\t\t\t\n\t\t\t\n\t\t\t\n\t\t<\/div>\n\t\t\n\t\t\t\t\t<div class=\"wd-products-element wd-rs-62c1a942ee0b8 wd-wpb\">\n\t\t\t\n\t\t\n\t\t\t\t\t<div class=\"products wd-products  grid-columns-5 elements-grid pagination-more-btn wd-grid-g wd-loop-builder-off\" data-paged=\"1\" data-atts=\"{&quot;spacing&quot;:&quot;20&quot;,&quot;taxonomies&quot;:&quot;423&quot;,&quot;pagination&quot;:&quot;more-btn&quot;,&quot;items_per_page&quot;:&quot;30&quot;,&quot;product_hover&quot;:&quot;alt&quot;,&quot;columns&quot;:&quot;5&quot;,&quot;sale_countdown&quot;:&quot;0&quot;,&quot;stretch_product_desktop&quot;:&quot;0&quot;,&quot;stretch_product_tablet&quot;:&quot;0&quot;,&quot;stretch_product_mobile&quot;:&quot;0&quot;,&quot;stock_progress_bar&quot;:&quot;0&quot;,&quot;highlighted_products&quot;:&quot;0&quot;,&quot;products_bordered_grid&quot;:&quot;0&quot;,&quot;img_size&quot;:&quot;300x200&quot;,&quot;lazy_loading&quot;:&quot;yes&quot;,&quot;woodmart_css_id&quot;:&quot;62c1a942ee0b8&quot;,&quot;force_not_ajax&quot;:&quot;no&quot;}\" data-source=\"shortcode\" data-columns=\"5\" style=\"--wd-col-lg:5;--wd-col-md:4;--wd-col-sm:2;--wd-gap-lg:20px;--wd-gap-sm:10px;\">\n\t\t\t<div class=\"wd-product wd-col wd-hover-alt product-grid-item product type-product post-774381 status-publish onbackorder product_cat-jeugdkamers_fr_BE product_cat-bedden_fr_BE has-post-thumbnail taxable shipping-taxable purchasable product-type-simple\" data-loop=\"1\" data-id=\"774381\">\n\t\n<div class=\"wd-product-wrapper product-wrapper\">\n\t<div class=\"wd-product-thumb product-element-top wd-quick-shop\">\n\t\t<a href=\"https:\/\/www.moensmeubelen.be\/fr\/produit\/kajuitbedlifetime-fr_be\/\" class=\"wd-product-img-link product-image-link\" tabindex=\"-1\" aria-label=\"kajuitbedlifetime\">\n\t\t\t<img loading=\"lazy\" decoding=\"async\" width=\"300\" height=\"200\" src=\"https:\/\/www.moensmeubelen.be\/wp-content\/uploads\/2025\/01\/aa42bfd6c1a9af715b4d0b81ece35ff8634ac406_kajuitbedlifetime-300x200.jpg\" class=\"attachment-300x200 size-300x200\" alt=\"\" srcset=\"https:\/\/www.moensmeubelen.be\/wp-content\/uploads\/2025\/01\/aa42bfd6c1a9af715b4d0b81ece35ff8634ac406_kajuitbedlifetime-300x200.jpg 300w, https:\/\/www.moensmeubelen.be\/wp-content\/uploads\/2025\/01\/aa42bfd6c1a9af715b4d0b81ece35ff8634ac406_kajuitbedlifetime-1024x686.jpg 1024w, https:\/\/www.moensmeubelen.be\/wp-content\/uploads\/2025\/01\/aa42bfd6c1a9af715b4d0b81ece35ff8634ac406_kajuitbedlifetime-768x514.jpg 768w, https:\/\/www.moensmeubelen.be\/wp-content\/uploads\/2025\/01\/aa42bfd6c1a9af715b4d0b81ece35ff8634ac406_kajuitbedlifetime-1536x1028.jpg 1536w, https:\/\/www.moensmeubelen.be\/wp-content\/uploads\/2025\/01\/aa42bfd6c1a9af715b4d0b81ece35ff8634ac406_kajuitbedlifetime-800x536.jpg 800w, https:\/\/www.moensmeubelen.be\/wp-content\/uploads\/2025\/01\/aa42bfd6c1a9af715b4d0b81ece35ff8634ac406_kajuitbedlifetime-200x134.jpg 200w, https:\/\/www.moensmeubelen.be\/wp-content\/uploads\/2025\/01\/aa42bfd6c1a9af715b4d0b81ece35ff8634ac406_kajuitbedlifetime.jpg 2000w\" sizes=\"auto, (max-width: 300px) 100vw, 300px\" title=\"\">\t\t<\/a>\n\n\t\t\t\t\t<div class=\"wd-product-img-hover hover-img\">\n\t\t\t\t<img loading=\"lazy\" decoding=\"async\" width=\"300\" height=\"200\" src=\"https:\/\/www.moensmeubelen.be\/wp-content\/uploads\/2025\/01\/aa42bfd6c1a9af715b4d0b81ece35ff8634ac406_kajuitbedlifetime-300x200.jpg\" class=\"attachment-300x200 size-300x200\" alt=\"\" srcset=\"https:\/\/www.moensmeubelen.be\/wp-content\/uploads\/2025\/01\/aa42bfd6c1a9af715b4d0b81ece35ff8634ac406_kajuitbedlifetime-300x200.jpg 300w, https:\/\/www.moensmeubelen.be\/wp-content\/uploads\/2025\/01\/aa42bfd6c1a9af715b4d0b81ece35ff8634ac406_kajuitbedlifetime-1024x686.jpg 1024w, https:\/\/www.moensmeubelen.be\/wp-content\/uploads\/2025\/01\/aa42bfd6c1a9af715b4d0b81ece35ff8634ac406_kajuitbedlifetime-768x514.jpg 768w, https:\/\/www.moensmeubelen.be\/wp-content\/uploads\/2025\/01\/aa42bfd6c1a9af715b4d0b81ece35ff8634ac406_kajuitbedlifetime-1536x1028.jpg 1536w, https:\/\/www.moensmeubelen.be\/wp-content\/uploads\/2025\/01\/aa42bfd6c1a9af715b4d0b81ece35ff8634ac406_kajuitbedlifetime-800x536.jpg 800w, https:\/\/www.moensmeubelen.be\/wp-content\/uploads\/2025\/01\/aa42bfd6c1a9af715b4d0b81ece35ff8634ac406_kajuitbedlifetime-200x134.jpg 200w, https:\/\/www.moensmeubelen.be\/wp-content\/uploads\/2025\/01\/aa42bfd6c1a9af715b4d0b81ece35ff8634ac406_kajuitbedlifetime.jpg 2000w\" sizes=\"auto, (max-width: 300px) 100vw, 300px\" title=\"\">\t\t\t<\/div>\n\t\t\t\n\t\t<div class=\"wd-buttons wd-pos-r-t\">\n\t\t\t\t\t<div class=\"wd-compare-btn wd-action-btn wd-style-icon wd-compare-icon\">\n\t\t\t<a href=\"https:\/\/www.moensmeubelen.be\/fr\/vergelijk\/?product_id=774380\" class=\"\" data-id=\"774380\" rel=\"nofollow\">\n\t\t\t\t<span class=\"wd-action-icon\">\n\t\t\t\t\t<span class=\"wd-check-icon\"><\/span>\n\t\t\t\t<\/span>\n\t\t\t\t<span class=\"wd-action-text\">Comparer<\/span>\n\t\t\t<\/a>\n\t\t<\/div>\n\t\t\t\t\t\t\t<div class=\"wd-quick-view-btn wd-quick-view-icon wd-action-btn wd-style-icon\">\n\t\t\t<a\n\t\t\t\thref=\"https:\/\/www.moensmeubelen.be\/fr\/produit\/kajuitbedlifetime-fr_be\/\"\n\t\t\t\tclass=\"open-quick-view\"\n\t\t\t\trel=\"nofollow\"\n\t\t\t\tdata-id=\"774381\"\n\t\t\t\t>\n\t\t\t\t\t<span class=\"wd-action-icon\"><\/span>\n\t\t\t\t\t<span class=\"wd-action-text\">\n\t\t\t\t\t\tQuick view\t\t\t\t\t<\/span>\n\t\t\t<\/a>\n\t\t<\/div>\n\t\t\t\t\t\t\t<\/div>\n\t<\/div>\n\n\t\t\t<div class=\"wd-product-header\">\n\t\t\t<h3 class=\"wd-entities-title\"><a href=\"https:\/\/www.moensmeubelen.be\/fr\/produit\/kajuitbedlifetime-fr_be\/\">kajuitbedlifetime<\/a><\/h3>\t\t\t\t\t<\/div>\n\t\t\t\t<div class=\"wrap-price\">\n\t\t\t<div class=\"swap-wrapp\">\n\t\t\t\t<div class=\"swap-elements\">\n\t\t\t\t\t\n\t<span class=\"price\"><span class=\"woocommerce-Price-amount amount\"><bdi><span class=\"woocommerce-Price-currencySymbol\" translate=\"no\">&euro;<\/span>1.469,00<\/bdi><\/span><\/span>\n\t\t\t\t\t<div class=\"wd-add-btn\">\n\t\t\t\t\t\t<a data-gtm4wp_product_data=\"{&quot;internal_id&quot;:774381,&quot;item_id&quot;:&quot;kajuitbedlifetime&quot;,&quot;item_name&quot;:&quot;kajuitbedlifetime&quot;,&quot;sku&quot;:&quot;kajuitbedlifetime&quot;,&quot;price&quot;:1469,&quot;stocklevel&quot;:null,&quot;stockstatus&quot;:&quot;onbackorder&quot;,&quot;google_business_vertical&quot;:&quot;retail&quot;,&quot;item_category&quot;:&quot;Dormir&quot;,&quot;item_category2&quot;:&quot;Jeugdkamers&quot;,&quot;id&quot;:&quot;kajuitbedlifetime&quot;}\" href=\"\/fr\/wp-json\/wp\/v2\/pages\/74732?add-to-cart=774381\"  data-quantity=\"1\" class=\"button product_type_simple add_to_cart_button ajax_add_to_cart add-to-cart-loop\" data-product_id=\"774381\" data-product_sku=\"kajuitbedlifetime\" aria-label=\"Add to cart: &ldquo;kajuitbedlifetime&rdquo;\" rel=\"nofollow\" data-success_message=\"&ldquo;kajuitbedlifetime&rdquo; has been added to your cart\"><span class=\"wd-action-icon\"><span class=\"wd-check-icon\"><\/span><\/span><span class=\"wd-action-text\">Panier<\/span><\/a>\t\t\t\t\t<\/div>\n\t\t\t\t<\/div>\n\t\t\t<\/div>\n\t\t\t\t\t<\/div>\n\n\t\t<span class=\"gtm4wp_productdata\" style=\"display:none; visibility:hidden;\" data-gtm4wp_product_data=\"{&quot;internal_id&quot;:774381,&quot;item_id&quot;:&quot;kajuitbedlifetime&quot;,&quot;item_name&quot;:&quot;kajuitbedlifetime&quot;,&quot;sku&quot;:&quot;kajuitbedlifetime&quot;,&quot;price&quot;:1469,&quot;stocklevel&quot;:null,&quot;stockstatus&quot;:&quot;onbackorder&quot;,&quot;google_business_vertical&quot;:&quot;retail&quot;,&quot;item_category&quot;:&quot;Dormir&quot;,&quot;item_category2&quot;:&quot;Jeugdkamers&quot;,&quot;id&quot;:&quot;kajuitbedlifetime&quot;,&quot;productlink&quot;:&quot;https:\\\/\\\/www.moensmeubelen.be\\\/fr\\\/produit\\\/kajuitbedlifetime-fr_be\\\/&quot;,&quot;item_list_name&quot;:&quot;General Product List&quot;,&quot;index&quot;:2,&quot;product_type&quot;:&quot;simple&quot;,&quot;item_list_id&quot;:&quot;general-product-list&quot;,&quot;item_brand&quot;:&quot;&quot;}\"><\/span>\t\t\t<input type=\"hidden\" class=\"pmwProductId\" data-id=\"774381\">\n\t\t\t\t\t<script class=\"_iub_cs_skip\">\n\t\t\t(window.pmwDataLayer = window.pmwDataLayer || {}).products                = window.pmwDataLayer.products || {};\n\t\t\twindow.pmwDataLayer.products[774381] = {\"id\":\"774381\",\"sku\":\"kajuitbedlifetime\",\"price\":1469,\"brand\":\"\",\"quantity\":1,\"dyn_r_ids\":{\"post_id\":\"774381\",\"sku\":\"kajuitbedlifetime\",\"gpf\":\"woocommerce_gpf_774381\",\"gla\":\"gla_774381\"},\"is_variable\":false,\"type\":\"simple\",\"name\":\"kajuitbedlifetime\",\"category\":[\"Jeugdkamers\",\"Lits\"],\"is_variation\":false};\n\t\t\t\t\twindow.pmw_product_position = window.pmw_product_position || 1;\n\t\twindow.pmwDataLayer.products[774381]['position'] = window.pmw_product_position++;\n\t\t\t\t<\/script>\n\t\t<div class=\"conditionele-tekst levertermijn-placeholder levertermijn-placeholder--plp\" data-aamss-sku=\"kajuitbedlifetime\" data-aamss-product-id=\"774381\" data-aamss-context=\"plp\" data-aamss-state=\"loading\" aria-busy=\"true\">D\u00e9lai de livraison 8-10 semaines<\/div>\n\t\t\n\t\t\t<\/div>\n<\/div>\n<div class=\"wd-product wd-col wd-hover-alt product-grid-item product type-product post-774385 status-publish onbackorder product_cat-kleerkasten_fr_BE product_cat-jeugdkamers_fr_BE has-post-thumbnail taxable shipping-taxable purchasable product-type-simple\" data-loop=\"2\" data-id=\"774385\">\n\t\n<div class=\"wd-product-wrapper product-wrapper\">\n\t<div class=\"wd-product-thumb product-element-top wd-quick-shop\">\n\t\t<a href=\"https:\/\/www.moensmeubelen.be\/fr\/produit\/kledingkastlifetime-fr_be\/\" class=\"wd-product-img-link product-image-link\" tabindex=\"-1\" aria-label=\"kledingkastlifetime\">\n\t\t\t<img loading=\"lazy\" decoding=\"async\" width=\"300\" height=\"200\" src=\"https:\/\/www.moensmeubelen.be\/wp-content\/uploads\/2025\/01\/61009a2649d300988441ad73feb9e60b8eb025f4_kastlifetime-300x200.jpg\" class=\"attachment-300x200 size-300x200\" alt=\"\" srcset=\"https:\/\/www.moensmeubelen.be\/wp-content\/uploads\/2025\/01\/61009a2649d300988441ad73feb9e60b8eb025f4_kastlifetime-300x200.jpg 300w, https:\/\/www.moensmeubelen.be\/wp-content\/uploads\/2025\/01\/61009a2649d300988441ad73feb9e60b8eb025f4_kastlifetime-1024x686.jpg 1024w, https:\/\/www.moensmeubelen.be\/wp-content\/uploads\/2025\/01\/61009a2649d300988441ad73feb9e60b8eb025f4_kastlifetime-768x514.jpg 768w, https:\/\/www.moensmeubelen.be\/wp-content\/uploads\/2025\/01\/61009a2649d300988441ad73feb9e60b8eb025f4_kastlifetime-1536x1028.jpg 1536w, https:\/\/www.moensmeubelen.be\/wp-content\/uploads\/2025\/01\/61009a2649d300988441ad73feb9e60b8eb025f4_kastlifetime-800x536.jpg 800w, https:\/\/www.moensmeubelen.be\/wp-content\/uploads\/2025\/01\/61009a2649d300988441ad73feb9e60b8eb025f4_kastlifetime-200x134.jpg 200w, https:\/\/www.moensmeubelen.be\/wp-content\/uploads\/2025\/01\/61009a2649d300988441ad73feb9e60b8eb025f4_kastlifetime.jpg 2000w\" sizes=\"auto, (max-width: 300px) 100vw, 300px\" title=\"\">\t\t<\/a>\n\n\t\t\t\t\t<div class=\"wd-product-img-hover hover-img\">\n\t\t\t\t<img loading=\"lazy\" decoding=\"async\" width=\"300\" height=\"200\" src=\"https:\/\/www.moensmeubelen.be\/wp-content\/uploads\/2025\/01\/61009a2649d300988441ad73feb9e60b8eb025f4_kastlifetime-300x200.jpg\" class=\"attachment-300x200 size-300x200\" alt=\"\" srcset=\"https:\/\/www.moensmeubelen.be\/wp-content\/uploads\/2025\/01\/61009a2649d300988441ad73feb9e60b8eb025f4_kastlifetime-300x200.jpg 300w, https:\/\/www.moensmeubelen.be\/wp-content\/uploads\/2025\/01\/61009a2649d300988441ad73feb9e60b8eb025f4_kastlifetime-1024x686.jpg 1024w, https:\/\/www.moensmeubelen.be\/wp-content\/uploads\/2025\/01\/61009a2649d300988441ad73feb9e60b8eb025f4_kastlifetime-768x514.jpg 768w, https:\/\/www.moensmeubelen.be\/wp-content\/uploads\/2025\/01\/61009a2649d300988441ad73feb9e60b8eb025f4_kastlifetime-1536x1028.jpg 1536w, https:\/\/www.moensmeubelen.be\/wp-content\/uploads\/2025\/01\/61009a2649d300988441ad73feb9e60b8eb025f4_kastlifetime-800x536.jpg 800w, https:\/\/www.moensmeubelen.be\/wp-content\/uploads\/2025\/01\/61009a2649d300988441ad73feb9e60b8eb025f4_kastlifetime-200x134.jpg 200w, https:\/\/www.moensmeubelen.be\/wp-content\/uploads\/2025\/01\/61009a2649d300988441ad73feb9e60b8eb025f4_kastlifetime.jpg 2000w\" sizes=\"auto, (max-width: 300px) 100vw, 300px\" title=\"\">\t\t\t<\/div>\n\t\t\t\n\t\t<div class=\"wd-buttons wd-pos-r-t\">\n\t\t\t\t\t<div class=\"wd-compare-btn wd-action-btn wd-style-icon wd-compare-icon\">\n\t\t\t<a href=\"https:\/\/www.moensmeubelen.be\/fr\/vergelijk\/?product_id=774384\" class=\"\" data-id=\"774384\" rel=\"nofollow\">\n\t\t\t\t<span class=\"wd-action-icon\">\n\t\t\t\t\t<span class=\"wd-check-icon\"><\/span>\n\t\t\t\t<\/span>\n\t\t\t\t<span class=\"wd-action-text\">Comparer<\/span>\n\t\t\t<\/a>\n\t\t<\/div>\n\t\t\t\t\t\t\t<div class=\"wd-quick-view-btn wd-quick-view-icon wd-action-btn wd-style-icon\">\n\t\t\t<a\n\t\t\t\thref=\"https:\/\/www.moensmeubelen.be\/fr\/produit\/kledingkastlifetime-fr_be\/\"\n\t\t\t\tclass=\"open-quick-view\"\n\t\t\t\trel=\"nofollow\"\n\t\t\t\tdata-id=\"774385\"\n\t\t\t\t>\n\t\t\t\t\t<span class=\"wd-action-icon\"><\/span>\n\t\t\t\t\t<span class=\"wd-action-text\">\n\t\t\t\t\t\tQuick view\t\t\t\t\t<\/span>\n\t\t\t<\/a>\n\t\t<\/div>\n\t\t\t\t\t\t\t<\/div>\n\t<\/div>\n\n\t\t\t<div class=\"wd-product-header\">\n\t\t\t<h3 class=\"wd-entities-title\"><a href=\"https:\/\/www.moensmeubelen.be\/fr\/produit\/kledingkastlifetime-fr_be\/\">kledingkastlifetime<\/a><\/h3>\t\t\t\t\t<\/div>\n\t\t\t\t<div class=\"wrap-price\">\n\t\t\t<div class=\"swap-wrapp\">\n\t\t\t\t<div class=\"swap-elements\">\n\t\t\t\t\t\n\t<span class=\"price\"><span class=\"woocommerce-Price-amount amount\"><bdi><span class=\"woocommerce-Price-currencySymbol\" translate=\"no\">&euro;<\/span>1.726,00<\/bdi><\/span><\/span>\n\t\t\t\t\t<div class=\"wd-add-btn\">\n\t\t\t\t\t\t<a data-gtm4wp_product_data=\"{&quot;internal_id&quot;:774385,&quot;item_id&quot;:&quot;kledingkastlifetime&quot;,&quot;item_name&quot;:&quot;kledingkastlifetime&quot;,&quot;sku&quot;:&quot;kledingkastlifetime&quot;,&quot;price&quot;:1726,&quot;stocklevel&quot;:null,&quot;stockstatus&quot;:&quot;onbackorder&quot;,&quot;google_business_vertical&quot;:&quot;retail&quot;,&quot;item_category&quot;:&quot;Dormir&quot;,&quot;item_category2&quot;:&quot;Meubles de chambre&quot;,&quot;item_category3&quot;:&quot;Garde-robe&quot;,&quot;id&quot;:&quot;kledingkastlifetime&quot;}\" href=\"\/fr\/wp-json\/wp\/v2\/pages\/74732?add-to-cart=774385\"  data-quantity=\"1\" class=\"button product_type_simple add_to_cart_button ajax_add_to_cart add-to-cart-loop\" data-product_id=\"774385\" data-product_sku=\"kledingkastlifetime\" aria-label=\"Add to cart: &ldquo;kledingkastlifetime&rdquo;\" rel=\"nofollow\" data-success_message=\"&ldquo;kledingkastlifetime&rdquo; has been added to your cart\"><span class=\"wd-action-icon\"><span class=\"wd-check-icon\"><\/span><\/span><span class=\"wd-action-text\">Panier<\/span><\/a>\t\t\t\t\t<\/div>\n\t\t\t\t<\/div>\n\t\t\t<\/div>\n\t\t\t\t\t<\/div>\n\n\t\t<span class=\"gtm4wp_productdata\" style=\"display:none; visibility:hidden;\" data-gtm4wp_product_data=\"{&quot;internal_id&quot;:774385,&quot;item_id&quot;:&quot;kledingkastlifetime&quot;,&quot;item_name&quot;:&quot;kledingkastlifetime&quot;,&quot;sku&quot;:&quot;kledingkastlifetime&quot;,&quot;price&quot;:1726,&quot;stocklevel&quot;:null,&quot;stockstatus&quot;:&quot;onbackorder&quot;,&quot;google_business_vertical&quot;:&quot;retail&quot;,&quot;item_category&quot;:&quot;Dormir&quot;,&quot;item_category2&quot;:&quot;Meubles de chambre&quot;,&quot;item_category3&quot;:&quot;Garde-robe&quot;,&quot;id&quot;:&quot;kledingkastlifetime&quot;,&quot;productlink&quot;:&quot;https:\\\/\\\/www.moensmeubelen.be\\\/fr\\\/produit\\\/kledingkastlifetime-fr_be\\\/&quot;,&quot;item_list_name&quot;:&quot;General Product List&quot;,&quot;index&quot;:3,&quot;product_type&quot;:&quot;simple&quot;,&quot;item_list_id&quot;:&quot;general-product-list&quot;,&quot;item_brand&quot;:&quot;&quot;}\"><\/span>\t\t\t<input type=\"hidden\" class=\"pmwProductId\" data-id=\"774385\">\n\t\t\t\t\t<script class=\"_iub_cs_skip\">\n\t\t\t(window.pmwDataLayer = window.pmwDataLayer || {}).products                = window.pmwDataLayer.products || {};\n\t\t\twindow.pmwDataLayer.products[774385] = {\"id\":\"774385\",\"sku\":\"kledingkastlifetime\",\"price\":1726,\"brand\":\"\",\"quantity\":1,\"dyn_r_ids\":{\"post_id\":\"774385\",\"sku\":\"kledingkastlifetime\",\"gpf\":\"woocommerce_gpf_774385\",\"gla\":\"gla_774385\"},\"is_variable\":false,\"type\":\"simple\",\"name\":\"kledingkastlifetime\",\"category\":[\"Garde-robe\",\"Jeugdkamers\"],\"is_variation\":false};\n\t\t\t\t\twindow.pmw_product_position = window.pmw_product_position || 1;\n\t\twindow.pmwDataLayer.products[774385]['position'] = window.pmw_product_position++;\n\t\t\t\t<\/script>\n\t\t<div class=\"conditionele-tekst levertermijn-placeholder levertermijn-placeholder--plp\" data-aamss-sku=\"kledingkastlifetime\" data-aamss-product-id=\"774385\" data-aamss-context=\"plp\" data-aamss-state=\"loading\" aria-busy=\"true\">D\u00e9lai de livraison 8-10 semaines<\/div>\n\t\t\n\t\t\t<\/div>\n<\/div>\n<div class=\"wd-product wd-col wd-hover-alt product-grid-item product type-product post-774389 status-publish last onbackorder product_cat-jeugdkamers_fr_BE product_cat-bedden_fr_BE has-post-thumbnail taxable shipping-taxable purchasable product-type-simple\" data-loop=\"3\" data-id=\"774389\">\n\t\n<div class=\"wd-product-wrapper product-wrapper\">\n\t<div class=\"wd-product-thumb product-element-top wd-quick-shop\">\n\t\t<a href=\"https:\/\/www.moensmeubelen.be\/fr\/produit\/lifetimebasisbed-fr_be\/\" class=\"wd-product-img-link product-image-link\" tabindex=\"-1\" aria-label=\"Lifetimebasisbed\">\n\t\t\t<img loading=\"lazy\" decoding=\"async\" width=\"300\" height=\"200\" src=\"https:\/\/www.moensmeubelen.be\/wp-content\/uploads\/2025\/01\/1dd2a21e2b86de6a6dbb228d187bf8d6cdb4f8e2_basisbedlifetime-300x200.jpg\" class=\"attachment-300x200 size-300x200\" alt=\"\" srcset=\"https:\/\/www.moensmeubelen.be\/wp-content\/uploads\/2025\/01\/1dd2a21e2b86de6a6dbb228d187bf8d6cdb4f8e2_basisbedlifetime-300x200.jpg 300w, https:\/\/www.moensmeubelen.be\/wp-content\/uploads\/2025\/01\/1dd2a21e2b86de6a6dbb228d187bf8d6cdb4f8e2_basisbedlifetime-1024x686.jpg 1024w, https:\/\/www.moensmeubelen.be\/wp-content\/uploads\/2025\/01\/1dd2a21e2b86de6a6dbb228d187bf8d6cdb4f8e2_basisbedlifetime-768x514.jpg 768w, https:\/\/www.moensmeubelen.be\/wp-content\/uploads\/2025\/01\/1dd2a21e2b86de6a6dbb228d187bf8d6cdb4f8e2_basisbedlifetime-1536x1028.jpg 1536w, https:\/\/www.moensmeubelen.be\/wp-content\/uploads\/2025\/01\/1dd2a21e2b86de6a6dbb228d187bf8d6cdb4f8e2_basisbedlifetime-800x536.jpg 800w, https:\/\/www.moensmeubelen.be\/wp-content\/uploads\/2025\/01\/1dd2a21e2b86de6a6dbb228d187bf8d6cdb4f8e2_basisbedlifetime-200x134.jpg 200w, https:\/\/www.moensmeubelen.be\/wp-content\/uploads\/2025\/01\/1dd2a21e2b86de6a6dbb228d187bf8d6cdb4f8e2_basisbedlifetime.jpg 2000w\" sizes=\"auto, (max-width: 300px) 100vw, 300px\" title=\"\">\t\t<\/a>\n\n\t\t\t\t\t<div class=\"wd-product-img-hover hover-img\">\n\t\t\t\t<img loading=\"lazy\" decoding=\"async\" width=\"300\" height=\"200\" src=\"https:\/\/www.moensmeubelen.be\/wp-content\/uploads\/2025\/01\/1dd2a21e2b86de6a6dbb228d187bf8d6cdb4f8e2_basisbedlifetime-300x200.jpg\" class=\"attachment-300x200 size-300x200\" alt=\"\" srcset=\"https:\/\/www.moensmeubelen.be\/wp-content\/uploads\/2025\/01\/1dd2a21e2b86de6a6dbb228d187bf8d6cdb4f8e2_basisbedlifetime-300x200.jpg 300w, https:\/\/www.moensmeubelen.be\/wp-content\/uploads\/2025\/01\/1dd2a21e2b86de6a6dbb228d187bf8d6cdb4f8e2_basisbedlifetime-1024x686.jpg 1024w, https:\/\/www.moensmeubelen.be\/wp-content\/uploads\/2025\/01\/1dd2a21e2b86de6a6dbb228d187bf8d6cdb4f8e2_basisbedlifetime-768x514.jpg 768w, https:\/\/www.moensmeubelen.be\/wp-content\/uploads\/2025\/01\/1dd2a21e2b86de6a6dbb228d187bf8d6cdb4f8e2_basisbedlifetime-1536x1028.jpg 1536w, https:\/\/www.moensmeubelen.be\/wp-content\/uploads\/2025\/01\/1dd2a21e2b86de6a6dbb228d187bf8d6cdb4f8e2_basisbedlifetime-800x536.jpg 800w, https:\/\/www.moensmeubelen.be\/wp-content\/uploads\/2025\/01\/1dd2a21e2b86de6a6dbb228d187bf8d6cdb4f8e2_basisbedlifetime-200x134.jpg 200w, https:\/\/www.moensmeubelen.be\/wp-content\/uploads\/2025\/01\/1dd2a21e2b86de6a6dbb228d187bf8d6cdb4f8e2_basisbedlifetime.jpg 2000w\" sizes=\"auto, (max-width: 300px) 100vw, 300px\" title=\"\">\t\t\t<\/div>\n\t\t\t\n\t\t<div class=\"wd-buttons wd-pos-r-t\">\n\t\t\t\t\t<div class=\"wd-compare-btn wd-action-btn wd-style-icon wd-compare-icon\">\n\t\t\t<a href=\"https:\/\/www.moensmeubelen.be\/fr\/vergelijk\/?product_id=774388\" class=\"\" data-id=\"774388\" rel=\"nofollow\">\n\t\t\t\t<span class=\"wd-action-icon\">\n\t\t\t\t\t<span class=\"wd-check-icon\"><\/span>\n\t\t\t\t<\/span>\n\t\t\t\t<span class=\"wd-action-text\">Comparer<\/span>\n\t\t\t<\/a>\n\t\t<\/div>\n\t\t\t\t\t\t\t<div class=\"wd-quick-view-btn wd-quick-view-icon wd-action-btn wd-style-icon\">\n\t\t\t<a\n\t\t\t\thref=\"https:\/\/www.moensmeubelen.be\/fr\/produit\/lifetimebasisbed-fr_be\/\"\n\t\t\t\tclass=\"open-quick-view\"\n\t\t\t\trel=\"nofollow\"\n\t\t\t\tdata-id=\"774389\"\n\t\t\t\t>\n\t\t\t\t\t<span class=\"wd-action-icon\"><\/span>\n\t\t\t\t\t<span class=\"wd-action-text\">\n\t\t\t\t\t\tQuick view\t\t\t\t\t<\/span>\n\t\t\t<\/a>\n\t\t<\/div>\n\t\t\t\t\t\t\t<\/div>\n\t<\/div>\n\n\t\t\t<div class=\"wd-product-header\">\n\t\t\t<h3 class=\"wd-entities-title\"><a href=\"https:\/\/www.moensmeubelen.be\/fr\/produit\/lifetimebasisbed-fr_be\/\">Lifetimebasisbed<\/a><\/h3>\t\t\t\t\t<\/div>\n\t\t\t\t<div class=\"wrap-price\">\n\t\t\t<div class=\"swap-wrapp\">\n\t\t\t\t<div class=\"swap-elements\">\n\t\t\t\t\t\n\t<span class=\"price\"><span class=\"woocommerce-Price-amount amount\"><bdi><span class=\"woocommerce-Price-currencySymbol\" translate=\"no\">&euro;<\/span>560,00<\/bdi><\/span><\/span>\n\t\t\t\t\t<div class=\"wd-add-btn\">\n\t\t\t\t\t\t<a data-gtm4wp_product_data=\"{&quot;internal_id&quot;:774389,&quot;item_id&quot;:&quot;Lifetimebasisbed&quot;,&quot;item_name&quot;:&quot;Lifetimebasisbed&quot;,&quot;sku&quot;:&quot;Lifetimebasisbed&quot;,&quot;price&quot;:560,&quot;stocklevel&quot;:null,&quot;stockstatus&quot;:&quot;onbackorder&quot;,&quot;google_business_vertical&quot;:&quot;retail&quot;,&quot;item_category&quot;:&quot;Dormir&quot;,&quot;item_category2&quot;:&quot;Jeugdkamers&quot;,&quot;id&quot;:&quot;Lifetimebasisbed&quot;}\" href=\"\/fr\/wp-json\/wp\/v2\/pages\/74732?add-to-cart=774389\"  data-quantity=\"1\" class=\"button product_type_simple add_to_cart_button ajax_add_to_cart add-to-cart-loop\" data-product_id=\"774389\" data-product_sku=\"Lifetimebasisbed\" aria-label=\"Add to cart: &ldquo;Lifetimebasisbed&rdquo;\" rel=\"nofollow\" data-success_message=\"&ldquo;Lifetimebasisbed&rdquo; has been added to your cart\"><span class=\"wd-action-icon\"><span class=\"wd-check-icon\"><\/span><\/span><span class=\"wd-action-text\">Panier<\/span><\/a>\t\t\t\t\t<\/div>\n\t\t\t\t<\/div>\n\t\t\t<\/div>\n\t\t\t\t\t<\/div>\n\n\t\t<span class=\"gtm4wp_productdata\" style=\"display:none; visibility:hidden;\" data-gtm4wp_product_data=\"{&quot;internal_id&quot;:774389,&quot;item_id&quot;:&quot;Lifetimebasisbed&quot;,&quot;item_name&quot;:&quot;Lifetimebasisbed&quot;,&quot;sku&quot;:&quot;Lifetimebasisbed&quot;,&quot;price&quot;:560,&quot;stocklevel&quot;:null,&quot;stockstatus&quot;:&quot;onbackorder&quot;,&quot;google_business_vertical&quot;:&quot;retail&quot;,&quot;item_category&quot;:&quot;Dormir&quot;,&quot;item_category2&quot;:&quot;Jeugdkamers&quot;,&quot;id&quot;:&quot;Lifetimebasisbed&quot;,&quot;productlink&quot;:&quot;https:\\\/\\\/www.moensmeubelen.be\\\/fr\\\/produit\\\/lifetimebasisbed-fr_be\\\/&quot;,&quot;item_list_name&quot;:&quot;General Product List&quot;,&quot;index&quot;:4,&quot;product_type&quot;:&quot;simple&quot;,&quot;item_list_id&quot;:&quot;general-product-list&quot;,&quot;item_brand&quot;:&quot;&quot;}\"><\/span>\t\t\t<input type=\"hidden\" class=\"pmwProductId\" data-id=\"774389\">\n\t\t\t\t\t<script class=\"_iub_cs_skip\">\n\t\t\t(window.pmwDataLayer = window.pmwDataLayer || {}).products                = window.pmwDataLayer.products || {};\n\t\t\twindow.pmwDataLayer.products[774389] = {\"id\":\"774389\",\"sku\":\"Lifetimebasisbed\",\"price\":560,\"brand\":\"\",\"quantity\":1,\"dyn_r_ids\":{\"post_id\":\"774389\",\"sku\":\"Lifetimebasisbed\",\"gpf\":\"woocommerce_gpf_774389\",\"gla\":\"gla_774389\"},\"is_variable\":false,\"type\":\"simple\",\"name\":\"Lifetimebasisbed\",\"category\":[\"Jeugdkamers\",\"Lits\"],\"is_variation\":false};\n\t\t\t\t\twindow.pmw_product_position = window.pmw_product_position || 1;\n\t\twindow.pmwDataLayer.products[774389]['position'] = window.pmw_product_position++;\n\t\t\t\t<\/script>\n\t\t<div class=\"conditionele-tekst levertermijn-placeholder levertermijn-placeholder--plp\" data-aamss-sku=\"Lifetimebasisbed\" data-aamss-product-id=\"774389\" data-aamss-context=\"plp\" data-aamss-state=\"loading\" aria-busy=\"true\">D\u00e9lai de livraison 8-10 semaines<\/div>\n\t\t\n\t\t\t<\/div>\n<\/div>\n<div class=\"wd-product wd-col wd-hover-alt product-grid-item product type-product post-774499 status-publish first onbackorder product_cat-jeugdkamers_fr_BE product_cat-bedden_fr_BE has-post-thumbnail taxable shipping-taxable purchasable product-type-simple\" data-loop=\"4\" data-id=\"774499\">\n\t\n<div class=\"wd-product-wrapper product-wrapper\">\n\t<div class=\"wd-product-thumb product-element-top wd-quick-shop\">\n\t\t<a href=\"https:\/\/www.moensmeubelen.be\/fr\/produit\/stapelbedlifetime-fr_be\/\" class=\"wd-product-img-link product-image-link\" tabindex=\"-1\" aria-label=\"stapelbedlifetime\">\n\t\t\t<img loading=\"lazy\" decoding=\"async\" width=\"300\" height=\"200\" src=\"https:\/\/www.moensmeubelen.be\/wp-content\/uploads\/2025\/01\/6f6c788495a373a6d54e4874475a29ff2b5569cc_stapelbedlifetime-300x200.jpg\" class=\"attachment-300x200 size-300x200\" alt=\"\" srcset=\"https:\/\/www.moensmeubelen.be\/wp-content\/uploads\/2025\/01\/6f6c788495a373a6d54e4874475a29ff2b5569cc_stapelbedlifetime-300x200.jpg 300w, https:\/\/www.moensmeubelen.be\/wp-content\/uploads\/2025\/01\/6f6c788495a373a6d54e4874475a29ff2b5569cc_stapelbedlifetime-1024x686.jpg 1024w, https:\/\/www.moensmeubelen.be\/wp-content\/uploads\/2025\/01\/6f6c788495a373a6d54e4874475a29ff2b5569cc_stapelbedlifetime-768x514.jpg 768w, https:\/\/www.moensmeubelen.be\/wp-content\/uploads\/2025\/01\/6f6c788495a373a6d54e4874475a29ff2b5569cc_stapelbedlifetime-1536x1028.jpg 1536w, https:\/\/www.moensmeubelen.be\/wp-content\/uploads\/2025\/01\/6f6c788495a373a6d54e4874475a29ff2b5569cc_stapelbedlifetime-800x536.jpg 800w, https:\/\/www.moensmeubelen.be\/wp-content\/uploads\/2025\/01\/6f6c788495a373a6d54e4874475a29ff2b5569cc_stapelbedlifetime-200x134.jpg 200w, https:\/\/www.moensmeubelen.be\/wp-content\/uploads\/2025\/01\/6f6c788495a373a6d54e4874475a29ff2b5569cc_stapelbedlifetime.jpg 2000w\" sizes=\"auto, (max-width: 300px) 100vw, 300px\" title=\"\">\t\t<\/a>\n\n\t\t\t\t\t<div class=\"wd-product-img-hover hover-img\">\n\t\t\t\t<img loading=\"lazy\" decoding=\"async\" width=\"300\" height=\"200\" src=\"https:\/\/www.moensmeubelen.be\/wp-content\/uploads\/2025\/01\/6f6c788495a373a6d54e4874475a29ff2b5569cc_stapelbedlifetime-300x200.jpg\" class=\"attachment-300x200 size-300x200\" alt=\"\" srcset=\"https:\/\/www.moensmeubelen.be\/wp-content\/uploads\/2025\/01\/6f6c788495a373a6d54e4874475a29ff2b5569cc_stapelbedlifetime-300x200.jpg 300w, https:\/\/www.moensmeubelen.be\/wp-content\/uploads\/2025\/01\/6f6c788495a373a6d54e4874475a29ff2b5569cc_stapelbedlifetime-1024x686.jpg 1024w, https:\/\/www.moensmeubelen.be\/wp-content\/uploads\/2025\/01\/6f6c788495a373a6d54e4874475a29ff2b5569cc_stapelbedlifetime-768x514.jpg 768w, https:\/\/www.moensmeubelen.be\/wp-content\/uploads\/2025\/01\/6f6c788495a373a6d54e4874475a29ff2b5569cc_stapelbedlifetime-1536x1028.jpg 1536w, https:\/\/www.moensmeubelen.be\/wp-content\/uploads\/2025\/01\/6f6c788495a373a6d54e4874475a29ff2b5569cc_stapelbedlifetime-800x536.jpg 800w, https:\/\/www.moensmeubelen.be\/wp-content\/uploads\/2025\/01\/6f6c788495a373a6d54e4874475a29ff2b5569cc_stapelbedlifetime-200x134.jpg 200w, https:\/\/www.moensmeubelen.be\/wp-content\/uploads\/2025\/01\/6f6c788495a373a6d54e4874475a29ff2b5569cc_stapelbedlifetime.jpg 2000w\" sizes=\"auto, (max-width: 300px) 100vw, 300px\" title=\"\">\t\t\t<\/div>\n\t\t\t\n\t\t<div class=\"wd-buttons wd-pos-r-t\">\n\t\t\t\t\t<div class=\"wd-compare-btn wd-action-btn wd-style-icon wd-compare-icon\">\n\t\t\t<a href=\"https:\/\/www.moensmeubelen.be\/fr\/vergelijk\/?product_id=774498\" class=\"\" data-id=\"774498\" rel=\"nofollow\">\n\t\t\t\t<span class=\"wd-action-icon\">\n\t\t\t\t\t<span class=\"wd-check-icon\"><\/span>\n\t\t\t\t<\/span>\n\t\t\t\t<span class=\"wd-action-text\">Comparer<\/span>\n\t\t\t<\/a>\n\t\t<\/div>\n\t\t\t\t\t\t\t<div class=\"wd-quick-view-btn wd-quick-view-icon wd-action-btn wd-style-icon\">\n\t\t\t<a\n\t\t\t\thref=\"https:\/\/www.moensmeubelen.be\/fr\/produit\/stapelbedlifetime-fr_be\/\"\n\t\t\t\tclass=\"open-quick-view\"\n\t\t\t\trel=\"nofollow\"\n\t\t\t\tdata-id=\"774499\"\n\t\t\t\t>\n\t\t\t\t\t<span class=\"wd-action-icon\"><\/span>\n\t\t\t\t\t<span class=\"wd-action-text\">\n\t\t\t\t\t\tQuick view\t\t\t\t\t<\/span>\n\t\t\t<\/a>\n\t\t<\/div>\n\t\t\t\t\t\t\t<\/div>\n\t<\/div>\n\n\t\t\t<div class=\"wd-product-header\">\n\t\t\t<h3 class=\"wd-entities-title\"><a href=\"https:\/\/www.moensmeubelen.be\/fr\/produit\/stapelbedlifetime-fr_be\/\">stapelbedlifetime<\/a><\/h3>\t\t\t\t\t<\/div>\n\t\t\t\t<div class=\"wrap-price\">\n\t\t\t<div class=\"swap-wrapp\">\n\t\t\t\t<div class=\"swap-elements\">\n\t\t\t\t\t\n\t<span class=\"price\"><span class=\"woocommerce-Price-amount amount\"><bdi><span class=\"woocommerce-Price-currencySymbol\" translate=\"no\">&euro;<\/span>1.481,00<\/bdi><\/span><\/span>\n\t\t\t\t\t<div class=\"wd-add-btn\">\n\t\t\t\t\t\t<a data-gtm4wp_product_data=\"{&quot;internal_id&quot;:774499,&quot;item_id&quot;:&quot;stapelbedlifetime&quot;,&quot;item_name&quot;:&quot;stapelbedlifetime&quot;,&quot;sku&quot;:&quot;stapelbedlifetime&quot;,&quot;price&quot;:1481,&quot;stocklevel&quot;:null,&quot;stockstatus&quot;:&quot;onbackorder&quot;,&quot;google_business_vertical&quot;:&quot;retail&quot;,&quot;item_category&quot;:&quot;Dormir&quot;,&quot;item_category2&quot;:&quot;Jeugdkamers&quot;,&quot;id&quot;:&quot;stapelbedlifetime&quot;}\" href=\"\/fr\/wp-json\/wp\/v2\/pages\/74732?add-to-cart=774499\"  data-quantity=\"1\" class=\"button product_type_simple add_to_cart_button ajax_add_to_cart add-to-cart-loop\" data-product_id=\"774499\" data-product_sku=\"stapelbedlifetime\" aria-label=\"Add to cart: &ldquo;stapelbedlifetime&rdquo;\" rel=\"nofollow\" data-success_message=\"&ldquo;stapelbedlifetime&rdquo; has been added to your cart\"><span class=\"wd-action-icon\"><span class=\"wd-check-icon\"><\/span><\/span><span class=\"wd-action-text\">Panier<\/span><\/a>\t\t\t\t\t<\/div>\n\t\t\t\t<\/div>\n\t\t\t<\/div>\n\t\t\t\t\t<\/div>\n\n\t\t<span class=\"gtm4wp_productdata\" style=\"display:none; visibility:hidden;\" data-gtm4wp_product_data=\"{&quot;internal_id&quot;:774499,&quot;item_id&quot;:&quot;stapelbedlifetime&quot;,&quot;item_name&quot;:&quot;stapelbedlifetime&quot;,&quot;sku&quot;:&quot;stapelbedlifetime&quot;,&quot;price&quot;:1481,&quot;stocklevel&quot;:null,&quot;stockstatus&quot;:&quot;onbackorder&quot;,&quot;google_business_vertical&quot;:&quot;retail&quot;,&quot;item_category&quot;:&quot;Dormir&quot;,&quot;item_category2&quot;:&quot;Jeugdkamers&quot;,&quot;id&quot;:&quot;stapelbedlifetime&quot;,&quot;productlink&quot;:&quot;https:\\\/\\\/www.moensmeubelen.be\\\/fr\\\/produit\\\/stapelbedlifetime-fr_be\\\/&quot;,&quot;item_list_name&quot;:&quot;General Product List&quot;,&quot;index&quot;:5,&quot;product_type&quot;:&quot;simple&quot;,&quot;item_list_id&quot;:&quot;general-product-list&quot;,&quot;item_brand&quot;:&quot;&quot;}\"><\/span>\t\t\t<input type=\"hidden\" class=\"pmwProductId\" data-id=\"774499\">\n\t\t\t\t\t<script class=\"_iub_cs_skip\">\n\t\t\t(window.pmwDataLayer = window.pmwDataLayer || {}).products                = window.pmwDataLayer.products || {};\n\t\t\twindow.pmwDataLayer.products[774499] = {\"id\":\"774499\",\"sku\":\"stapelbedlifetime\",\"price\":1481,\"brand\":\"\",\"quantity\":1,\"dyn_r_ids\":{\"post_id\":\"774499\",\"sku\":\"stapelbedlifetime\",\"gpf\":\"woocommerce_gpf_774499\",\"gla\":\"gla_774499\"},\"is_variable\":false,\"type\":\"simple\",\"name\":\"stapelbedlifetime\",\"category\":[\"Jeugdkamers\",\"Lits\"],\"is_variation\":false};\n\t\t\t\t\twindow.pmw_product_position = window.pmw_product_position || 1;\n\t\twindow.pmwDataLayer.products[774499]['position'] = window.pmw_product_position++;\n\t\t\t\t<\/script>\n\t\t<div class=\"conditionele-tekst levertermijn-placeholder levertermijn-placeholder--plp\" data-aamss-sku=\"stapelbedlifetime\" data-aamss-product-id=\"774499\" data-aamss-context=\"plp\" data-aamss-state=\"loading\" aria-busy=\"true\">D\u00e9lai de livraison 8-10 semaines<\/div>\n\t\t\n\t\t\t<\/div>\n<\/div>\n\t\t\t<\/div>\n\t\t\t<\/div>[vc_empty_space][vc_column_text text_larger=&#8221;no&#8221;][\/vc_column_text][\/vc_column][\/vc_row]<\/p>\n<\/div>","protected":false},"excerpt":{"rendered":"<p>[vc_row][vc_column][vc_raw_html]JTVCaHRtbF9ibG9jayUyMGlkJTNEJTIyNDQ2OTQlMjIlNUQ=[\/vc_raw_html][\/vc_column][\/vc_row][vc_row][vc_column width=&#8221;1\/2&#8243;][vc_column_text text_larger=&#8221;no&#8221;]Chambre d&#8217;ados Meubelen Moens propose un tr\u00e8s large assortiment de chambres d&#8217;enfants et d&#8217;ados de la meilleure qualit\u00e9.<\/p>\n","protected":false},"author":1,"featured_media":0,"parent":0,"menu_order":0,"comment_status":"open","ping_status":"open","template":"","meta":{"_relevanssi_hide_post":"","_relevanssi_hide_content":"","_relevanssi_pin_for_all":"","_relevanssi_pin_keywords":"","_relevanssi_unpin_keywords":"","_relevanssi_related_keywords":"","_relevanssi_related_include_ids":"","_relevanssi_related_exclude_ids":"","_relevanssi_related_no_append":"","_relevanssi_related_not_related":"","_relevanssi_related_posts":"","_relevanssi_noindex_reason":"","footnotes":""},"class_list":["post-74732","page","type-page","status-publish","hentry"],"_links":{"self":[{"href":"https:\/\/www.moensmeubelen.be\/fr\/wp-json\/wp\/v2\/pages\/74732","targetHints":{"allow":["GET"]}}],"collection":[{"href":"https:\/\/www.moensmeubelen.be\/fr\/wp-json\/wp\/v2\/pages"}],"about":[{"href":"https:\/\/www.moensmeubelen.be\/fr\/wp-json\/wp\/v2\/types\/page"}],"author":[{"embeddable":true,"href":"https:\/\/www.moensmeubelen.be\/fr\/wp-json\/wp\/v2\/users\/1"}],"replies":[{"embeddable":true,"href":"https:\/\/www.moensmeubelen.be\/fr\/wp-json\/wp\/v2\/comments?post=74732"}],"version-history":[{"count":0,"href":"https:\/\/www.moensmeubelen.be\/fr\/wp-json\/wp\/v2\/pages\/74732\/revisions"}],"wp:attachment":[{"href":"https:\/\/www.moensmeubelen.be\/fr\/wp-json\/wp\/v2\/media?parent=74732"}],"curies":[{"name":"wp","href":"https:\/\/api.w.org\/{rel}","templated":true}]}}