{"id":74768,"date":"2024-03-03T20:42:01","date_gmt":"2024-03-03T19:42:01","guid":{"rendered":"https:\/\/www.moensmeubelen.be\/nieuws\/"},"modified":"2026-04-10T12:47:11","modified_gmt":"2026-04-10T10:47:11","slug":"actualite","status":"publish","type":"page","link":"https:\/\/www.moensmeubelen.be\/fr\/actualite\/","title":{"rendered":"Actualit\u00e9"},"content":{"rendered":"<div class=\"wpb-content-wrapper\" id=\"wpb-content-root\"><p>[vc_row css=&#8221;.vc_custom_1474471779806{margin-bottom: 60px !important;}&#8221;][vc_column]\n\t\t<div id=\"wd-5f7a3d20c47ed\" class=\"title-wrapper wd-wpb wd-set-mb reset-last-child  wd-rs-5f7a3d20c47ed wd-title-color-primary wd-title-style-bordered text-center vc_custom_1601846594517 wd-underline-colored\">\n\t\t\t\t\t\t\t\n\t\t\t\t<div class=\"title-subtitle  subtitle-color-primary font-default subtitle-style-default wd-font-weight-600 wd-fontsize-xs\">Toute l\u2019actualit\u00e9 r\u00e9cente de Meubelen Moens<\/div>\n\t\t\t\n\t\t\t<div class=\"liner-continer\">\n\t\t\t\t<h4 class=\"woodmart-title-container title  wd-font-weight-800 wd-fontsize-xxl\" >ACTU<\/h4>\n\t\t\t\t\t\t\t<\/div>\n\t\t\t\n\t\t\t\n\t\t\t\n\t\t<\/div>\n\t\t\n\t\t<div id=\"6a94dfcb03444\" class=\"wd-blog-element wd-wpb\"><div class=\"wd-posts wd-blog-holder wd-grid-g\" data-paged=\"1\" data-atts=\"{&quot;carousel_id&quot;:&quot;5000&quot;,&quot;speed&quot;:&quot;5000&quot;,&quot;slides_per_view&quot;:&quot;3&quot;,&quot;slides_per_view_tablet&quot;:&quot;auto&quot;,&quot;slides_per_view_mobile&quot;:&quot;auto&quot;,&quot;wrap&quot;:&quot;&quot;,&quot;loop&quot;:false,&quot;autoplay&quot;:&quot;no&quot;,&quot;autoheight&quot;:&quot;no&quot;,&quot;hide_pagination_control&quot;:&quot;&quot;,&quot;hide_pagination_control_tablet&quot;:&quot;yes&quot;,&quot;hide_pagination_control_mobile&quot;:&quot;yes&quot;,&quot;dynamic_pagination_control&quot;:&quot;no&quot;,&quot;hide_prev_next_buttons&quot;:&quot;&quot;,&quot;hide_prev_next_buttons_tablet&quot;:&quot;&quot;,&quot;hide_prev_next_buttons_mobile&quot;:&quot;&quot;,&quot;carousel_arrows_position&quot;:&quot;&quot;,&quot;hide_scrollbar&quot;:&quot;yes&quot;,&quot;hide_scrollbar_tablet&quot;:&quot;yes&quot;,&quot;hide_scrollbar_mobile&quot;:&quot;yes&quot;,&quot;scroll_per_page&quot;:&quot;yes&quot;,&quot;dragEndSpeed&quot;:200,&quot;center_mode&quot;:&quot;no&quot;,&quot;custom_sizes&quot;:&quot;&quot;,&quot;sliding_speed&quot;:false,&quot;animation&quot;:false,&quot;content_animation&quot;:false,&quot;post_type&quot;:&quot;post&quot;,&quot;slider&quot;:&quot;&quot;,&quot;library&quot;:&quot;&quot;,&quot;css&quot;:&quot;&quot;,&quot;effect&quot;:&quot;&quot;,&quot;spacing&quot;:&quot;&quot;,&quot;spacing_tablet&quot;:&quot;&quot;,&quot;spacing_mobile&quot;:&quot;&quot;,&quot;carousel_sync&quot;:&quot;&quot;,&quot;sync_parent_id&quot;:&quot;&quot;,&quot;sync_child_id&quot;:&quot;&quot;,&quot;sync_group_id&quot;:&quot;group-1&quot;,&quot;scroll_carousel_init&quot;:&quot;no&quot;,&quot;disable_overflow_carousel&quot;:&quot;no&quot;,&quot;include&quot;:&quot;&quot;,&quot;custom_query&quot;:&quot;&quot;,&quot;taxonomies&quot;:&quot;&quot;,&quot;pagination&quot;:&quot;pagination&quot;,&quot;parts_media&quot;:true,&quot;parts_title&quot;:&quot;1&quot;,&quot;parts_meta&quot;:&quot;1&quot;,&quot;parts_text&quot;:&quot;1&quot;,&quot;parts_btn&quot;:&quot;1&quot;,&quot;parts_published_date&quot;:true,&quot;items_per_page&quot;:&quot;12&quot;,&quot;offset&quot;:&quot;&quot;,&quot;orderby&quot;:&quot;date&quot;,&quot;order&quot;:&quot;DESC&quot;,&quot;meta_key&quot;:&quot;&quot;,&quot;exclude&quot;:&quot;&quot;,&quot;class&quot;:&quot;&quot;,&quot;ajax_page&quot;:&quot;&quot;,&quot;img_size&quot;:&quot;600x420&quot;,&quot;img_size_custom&quot;:[],&quot;blog_design&quot;:&quot;masonry&quot;,&quot;blog_masonry&quot;:false,&quot;blog_carousel_design&quot;:&quot;masonry&quot;,&quot;blog_columns&quot;:3,&quot;blog_columns_tablet&quot;:&quot;auto&quot;,&quot;blog_columns_mobile&quot;:&quot;auto&quot;,&quot;blog_spacing&quot;:&quot;&quot;,&quot;blog_spacing_tablet&quot;:&quot;&quot;,&quot;blog_spacing_mobile&quot;:&quot;&quot;,&quot;lazy_loading&quot;:&quot;no&quot;,&quot;search&quot;:&quot;&quot;,&quot;woodmart_css_id&quot;:&quot;&quot;,&quot;element_title&quot;:&quot;&quot;,&quot;element_title_tag&quot;:&quot;h3&quot;,&quot;inner_content&quot;:&quot;&quot;,&quot;el_id&quot;:&quot;&quot;,&quot;el_class&quot;:&quot;&quot;,&quot;wrapper_classes&quot;:&quot;&quot;}\" data-source=\"shortcode\" style=\"--wd-col-lg:3;--wd-col-md:3;--wd-col-sm:1;--wd-gap-lg:20px;--wd-gap-sm:10px;\">\n<article id=\"post-1046356\" class=\"wd-post blog-design-masonry blog-post-loop blog-style-bg wd-add-shadow wd-col post-1046356 post type-post status-publish format-standard has-post-thumbnail hentry category-slaapkamers-fr\">\n\t<div class=\"wd-post-inner article-inner\">\n\t\t\t\t\t<div class=\"wd-post-thumb entry-header\">\n\t\t\t\t\t\t\t\t\t<div class=\"wd-post-img post-img-wrapp\">\n\t\t\t\t\t\t<img loading=\"lazy\" decoding=\"async\" width=\"600\" height=\"420\" src=\"https:\/\/www.moensmeubelen.be\/wp-content\/uploads\/2026\/08\/kleine-slaapkamer-slim-ingericht-600x420.jpg\" class=\"attachment-600x420 size-600x420\" alt=\"Slim ingerichte kleine slaapkamer met schuifdeurkast\" title=\"\">\t\t\t\t\t<\/div>\n\t\t\t\t\t\t\t\t\t\t<a class=\"wd-fill\" tabindex=\"-1\" href=\"https:\/\/www.moensmeubelen.be\/fr\/amenager-petite-chambre\/\" aria-label=\"Link on post Am\u00e9nager une petite chambre : grand lit, armoire fut\u00e9e, beaucoup d&#8217;air\"><\/a>\n\t\t\t\t\n\t\t\t\t\t\t\t\t\t\t\t\t<div class=\"wd-post-date wd-style-with-bg\">\n\t\t\t\t<span class=\"post-date-day\">\n\t\t\t\t\t17\t\t\t\t<\/span>\n\t\t\t\t<span class=\"post-date-month\">\n\t\t\t\t\tAug\t\t\t\t<\/span>\n\t\t\t<\/div>\n\t\t\t\t\t\t\t\t\t<\/div>\n\t\t\n\t\t<div class=\"wd-post-content article-body-container\">\n\t\t\t\t\t\t\t<div class=\"wd-post-cat wd-style-with-bg meta-post-categories\">\n\t\t\t\t\t<a href=\"https:\/\/www.moensmeubelen.be\/fr\/category\/slaapkamers-fr\/\" rel=\"category tag\">Slaapkamers<\/a>\t\t\t\t<\/div>\n\t\t\t\n\t\t\t\t\t\t\t<h3 class=\"wd-post-title wd-entities-title title post-title\">\n\t\t\t\t\t<a href=\"https:\/\/www.moensmeubelen.be\/fr\/amenager-petite-chambre\/\" rel=\"bookmark\">Am\u00e9nager une petite chambre : grand lit, armoire fut\u00e9e, beaucoup d&#8217;air<\/a>\n\t\t\t\t<\/h3>\n\t\t\t\n\t\t\t\t\t\t\t<div class=\"wd-post-meta\">\n\t\t\t\t\t\t\t\t\t\t\t\t\t\t\t<div class=\"wd-post-author\">\n\t\t\t\t\t\t\t\t\t\t\t<span>Publi\u00e9 par<\/span>\n\t\t\n\t\t\t\t\t<img loading=\"lazy\" decoding=\"async\" alt=\"author-avatar\" src=\"https:\/\/www.moensmeubelen.be\/wp-content\/themes\/woodmart\/images\/lazy.svg\" data-src=\"https:\/\/secure.gravatar.com\/avatar\/be9d78d3c8efde03728906e5b7491f7ee79d8e87454ba3bbc389376effdd2aa8?s=18&#038;d=mm&#038;r=g\" srcset=\"\" data-srcset=\"https:\/\/secure.gravatar.com\/avatar\/be9d78d3c8efde03728906e5b7491f7ee79d8e87454ba3bbc389376effdd2aa8?s=36&#038;d=mm&#038;r=g 2x\" class=\" wd-lazy-fade avatar avatar-18 photo\" height=\"18\" width=\"18\" title=\"\">\t\t\n\t\t\t\t\t<a href=\"https:\/\/www.moensmeubelen.be\/fr\/author\/donovan\/\" class=\"author\" rel=\"author\">Meubelen Moens<\/a>\n\t\t\t\t\t\t\t\t\t<\/div>\n\t\t\t\t\t<div class=\"wd-modified-date\">\n\t\t\t\t\t\t\t\t<time class=\"updated\" datetime=\"2026-08-17T21:10:17+02:00\">\n\t\t\t17 August 2026\t\t<\/time>\n\t\t\t\t\t\t\t<\/div>\n\n\t\t\t\t\t\t\t\t\t\t\t<div tabindex=\"0\" class=\"wd-post-share wd-tltp\">\n\t\t\t\t\t\t\t<div class=\"tooltip top\">\n\t\t\t\t\t\t\t\t<div class=\"tooltip-inner\">\n\t\t\t\t\t\t\t\t\t\t\t\t<div\n\t\t\t\t\t\tclass=\" wd-social-icons  wd-style-default wd-size-small social-share wd-shape-circle color-scheme-light text-center\">\n\t\t\t\t\t\t\t\t\n\t\t\t\t\n\t\t\t\t\t\t\t\t\t<a rel=\"noopener noreferrer nofollow\" href=\"https:\/\/www.facebook.com\/sharer\/sharer.php?u=https:\/\/www.moensmeubelen.be\/fr\/amenager-petite-chambre\/\" target=\"_blank\" class=\" wd-social-icon social-facebook\" aria-label=\"Facebook social link\">\n\t\t\t\t\t\t<span class=\"wd-icon\"><\/span>\n\t\t\t\t\t\t\t\t\t\t\t<\/a>\n\t\t\t\t\n\t\t\t\t\t\t\t\t\t<a rel=\"noopener noreferrer nofollow\" href=\"https:\/\/x.com\/share?url=https:\/\/www.moensmeubelen.be\/fr\/amenager-petite-chambre\/\" target=\"_blank\" class=\" wd-social-icon social-twitter\" aria-label=\"X social link\">\n\t\t\t\t\t\t<span class=\"wd-icon\"><\/span>\n\t\t\t\t\t\t\t\t\t\t\t<\/a>\n\t\t\t\t\n\t\t\t\t\n\t\t\t\t\n\t\t\t\t\n\t\t\t\t\n\t\t\t\t\n\t\t\t\t\t\t\t\t\t<a rel=\"noopener noreferrer nofollow\" href=\"https:\/\/pinterest.com\/pin\/create\/button\/?url=https:\/\/www.moensmeubelen.be\/fr\/amenager-petite-chambre\/&#038;media=https:\/\/www.moensmeubelen.be\/wp-content\/uploads\/2026\/08\/kleine-slaapkamer-slim-ingericht.jpg&#038;description=Am%C3%A9nager%20une%20petite%20chambre%20%3A%20grand%20lit%2C%20armoire%20fut%C3%A9e%2C%20beaucoup%20d%26%238217%3Bair\" target=\"_blank\" class=\" wd-social-icon social-pinterest\" aria-label=\"Pinterest social link\">\n\t\t\t\t\t\t<span class=\"wd-icon\"><\/span>\n\t\t\t\t\t\t\t\t\t\t\t<\/a>\n\t\t\t\t\n\t\t\t\t\n\t\t\t\t\t\t\t\t\t<a rel=\"noopener noreferrer nofollow\" href=\"https:\/\/www.linkedin.com\/shareArticle?mini=true&#038;url=https:\/\/www.moensmeubelen.be\/fr\/amenager-petite-chambre\/\" target=\"_blank\" class=\" wd-social-icon social-linkedin\" aria-label=\"Linkedin social link\">\n\t\t\t\t\t\t<span class=\"wd-icon\"><\/span>\n\t\t\t\t\t\t\t\t\t\t\t<\/a>\n\t\t\t\t\n\t\t\t\t\n\t\t\t\t\n\t\t\t\t\n\t\t\t\t\n\t\t\t\t\n\t\t\t\t\n\t\t\t\t\n\t\t\t\t\n\t\t\t\t\n\t\t\t\t\n\t\t\t\t\n\t\t\t\t\n\t\t\t\t\n\t\t\t\t\n\t\t\t\t\n\t\t\t\t\n\t\t\t<\/div>\n\n\t\t\t\t\t\t\t\t\t\t<\/div>\n\t\t\t\t\t\t\t\t<div class=\"tooltip-arrow\"><\/div>\n\t\t\t\t\t\t\t<\/div>\n\t\t\t\t\t\t<\/div>\n\t\t\t\t\t\n\t\t\t\t\t\t\t\t\t<\/div>\n\t\t\t\n\t\t\t\t\t\t\t\t\t\t\t\t<div class=\"wd-post-excerpt entry-content\">\n\t\t\t\t\t\tUne petite chambre ne demande pas un lit plus petit mais des choix plus malins : lit-coffre, armoire peu profonde \u00e0 portes coulissantes, tablette flottante et astuces optiques.\t\t\t\t\t<\/div>\n\t\t\t\t\n\t\t\t\t\t\t\t\t\t\t\t\t\t\t<div class=\"wd-post-read-more wd-style-link read-more-section\">\n\t\t\t\t\t\t<a class=\"\" href=\"https:\/\/www.moensmeubelen.be\/fr\/amenager-petite-chambre\/\">Lisez plus<\/a>\t\t\t\t\t<\/div>\n\t\t\t\t\t\t\t\t\t\t\t\t\t<\/div>\n\t<\/div>\n<\/article>\n\n\n<article id=\"post-1046348\" class=\"wd-post blog-design-masonry blog-post-loop blog-style-bg wd-add-shadow wd-col post-1046348 post type-post status-publish format-standard has-post-thumbnail hentry category-design-trends-fr\">\n\t<div class=\"wd-post-inner article-inner\">\n\t\t\t\t\t<div class=\"wd-post-thumb entry-header\">\n\t\t\t\t\t\t\t\t\t<div class=\"wd-post-img post-img-wrapp\">\n\t\t\t\t\t\t<img loading=\"lazy\" decoding=\"async\" width=\"600\" height=\"420\" src=\"https:\/\/www.moensmeubelen.be\/wp-content\/uploads\/2026\/08\/ronde-vormen-woonkamer-600x420.jpg\" class=\"attachment-600x420 size-600x420\" alt=\"Woonkamer met gebogen zetel, ronde salontafel en ronde spiegel\" title=\"\">\t\t\t\t\t<\/div>\n\t\t\t\t\t\t\t\t\t\t<a class=\"wd-fill\" tabindex=\"-1\" href=\"https:\/\/www.moensmeubelen.be\/fr\/formes-rondes-interieur\/\" aria-label=\"Link on post Les formes rondes dans votre int\u00e9rieur : briser les angles droits\"><\/a>\n\t\t\t\t\n\t\t\t\t\t\t\t\t\t\t\t\t<div class=\"wd-post-date wd-style-with-bg\">\n\t\t\t\t<span class=\"post-date-day\">\n\t\t\t\t\t17\t\t\t\t<\/span>\n\t\t\t\t<span class=\"post-date-month\">\n\t\t\t\t\tAug\t\t\t\t<\/span>\n\t\t\t<\/div>\n\t\t\t\t\t\t\t\t\t<\/div>\n\t\t\n\t\t<div class=\"wd-post-content article-body-container\">\n\t\t\t\t\t\t\t<div class=\"wd-post-cat wd-style-with-bg meta-post-categories\">\n\t\t\t\t\t<a href=\"https:\/\/www.moensmeubelen.be\/fr\/category\/design-trends-fr\/\" rel=\"category tag\">Design trends<\/a>\t\t\t\t<\/div>\n\t\t\t\n\t\t\t\t\t\t\t<h3 class=\"wd-post-title wd-entities-title title post-title\">\n\t\t\t\t\t<a href=\"https:\/\/www.moensmeubelen.be\/fr\/formes-rondes-interieur\/\" rel=\"bookmark\">Les formes rondes dans votre int\u00e9rieur : briser les angles droits<\/a>\n\t\t\t\t<\/h3>\n\t\t\t\n\t\t\t\t\t\t\t<div class=\"wd-post-meta\">\n\t\t\t\t\t\t\t\t\t\t\t\t\t\t\t<div class=\"wd-post-author\">\n\t\t\t\t\t\t\t\t\t\t\t<span>Publi\u00e9 par<\/span>\n\t\t\n\t\t\t\t\t<img loading=\"lazy\" decoding=\"async\" alt=\"author-avatar\" src=\"https:\/\/www.moensmeubelen.be\/wp-content\/themes\/woodmart\/images\/lazy.svg\" data-src=\"https:\/\/secure.gravatar.com\/avatar\/be9d78d3c8efde03728906e5b7491f7ee79d8e87454ba3bbc389376effdd2aa8?s=18&#038;d=mm&#038;r=g\" srcset=\"\" data-srcset=\"https:\/\/secure.gravatar.com\/avatar\/be9d78d3c8efde03728906e5b7491f7ee79d8e87454ba3bbc389376effdd2aa8?s=36&#038;d=mm&#038;r=g 2x\" class=\" wd-lazy-fade avatar avatar-18 photo\" height=\"18\" width=\"18\" title=\"\">\t\t\n\t\t\t\t\t<a href=\"https:\/\/www.moensmeubelen.be\/fr\/author\/donovan\/\" class=\"author\" rel=\"author\">Meubelen Moens<\/a>\n\t\t\t\t\t\t\t\t\t<\/div>\n\t\t\t\t\t<div class=\"wd-modified-date\">\n\t\t\t\t\t\t\t\t<time class=\"updated\" datetime=\"2026-08-17T21:10:09+02:00\">\n\t\t\t17 August 2026\t\t<\/time>\n\t\t\t\t\t\t\t<\/div>\n\n\t\t\t\t\t\t\t\t\t\t\t<div tabindex=\"0\" class=\"wd-post-share wd-tltp\">\n\t\t\t\t\t\t\t<div class=\"tooltip top\">\n\t\t\t\t\t\t\t\t<div class=\"tooltip-inner\">\n\t\t\t\t\t\t\t\t\t\t\t\t<div\n\t\t\t\t\t\tclass=\" wd-social-icons  wd-style-default wd-size-small social-share wd-shape-circle color-scheme-light text-center\">\n\t\t\t\t\t\t\t\t\n\t\t\t\t\n\t\t\t\t\t\t\t\t\t<a rel=\"noopener noreferrer nofollow\" href=\"https:\/\/www.facebook.com\/sharer\/sharer.php?u=https:\/\/www.moensmeubelen.be\/fr\/formes-rondes-interieur\/\" target=\"_blank\" class=\" wd-social-icon social-facebook\" aria-label=\"Facebook social link\">\n\t\t\t\t\t\t<span class=\"wd-icon\"><\/span>\n\t\t\t\t\t\t\t\t\t\t\t<\/a>\n\t\t\t\t\n\t\t\t\t\t\t\t\t\t<a rel=\"noopener noreferrer nofollow\" href=\"https:\/\/x.com\/share?url=https:\/\/www.moensmeubelen.be\/fr\/formes-rondes-interieur\/\" target=\"_blank\" class=\" wd-social-icon social-twitter\" aria-label=\"X social link\">\n\t\t\t\t\t\t<span class=\"wd-icon\"><\/span>\n\t\t\t\t\t\t\t\t\t\t\t<\/a>\n\t\t\t\t\n\t\t\t\t\n\t\t\t\t\n\t\t\t\t\n\t\t\t\t\n\t\t\t\t\n\t\t\t\t\t\t\t\t\t<a rel=\"noopener noreferrer nofollow\" href=\"https:\/\/pinterest.com\/pin\/create\/button\/?url=https:\/\/www.moensmeubelen.be\/fr\/formes-rondes-interieur\/&#038;media=https:\/\/www.moensmeubelen.be\/wp-content\/uploads\/2026\/08\/ronde-vormen-woonkamer.jpg&#038;description=Les%20formes%20rondes%20dans%20votre%20int%C3%A9rieur%20%3A%20briser%20les%20angles%20droits\" target=\"_blank\" class=\" wd-social-icon social-pinterest\" aria-label=\"Pinterest social link\">\n\t\t\t\t\t\t<span class=\"wd-icon\"><\/span>\n\t\t\t\t\t\t\t\t\t\t\t<\/a>\n\t\t\t\t\n\t\t\t\t\n\t\t\t\t\t\t\t\t\t<a rel=\"noopener noreferrer nofollow\" href=\"https:\/\/www.linkedin.com\/shareArticle?mini=true&#038;url=https:\/\/www.moensmeubelen.be\/fr\/formes-rondes-interieur\/\" target=\"_blank\" class=\" wd-social-icon social-linkedin\" aria-label=\"Linkedin social link\">\n\t\t\t\t\t\t<span class=\"wd-icon\"><\/span>\n\t\t\t\t\t\t\t\t\t\t\t<\/a>\n\t\t\t\t\n\t\t\t\t\n\t\t\t\t\n\t\t\t\t\n\t\t\t\t\n\t\t\t\t\n\t\t\t\t\n\t\t\t\t\n\t\t\t\t\n\t\t\t\t\n\t\t\t\t\n\t\t\t\t\n\t\t\t\t\n\t\t\t\t\n\t\t\t\t\n\t\t\t\t\n\t\t\t\t\n\t\t\t<\/div>\n\n\t\t\t\t\t\t\t\t\t\t<\/div>\n\t\t\t\t\t\t\t\t<div class=\"tooltip-arrow\"><\/div>\n\t\t\t\t\t\t\t<\/div>\n\t\t\t\t\t\t<\/div>\n\t\t\t\t\t\n\t\t\t\t\t\t\t\t\t<\/div>\n\t\t\t\n\t\t\t\t\t\t\t\t\t\t\t\t<div class=\"wd-post-excerpt entry-content\">\n\t\t\t\t\t\tDu miroir rond \u00e0 la table ovale et au canap\u00e9 courbe : pourquoi les courbes fonctionnent si bien dans nos maisons droites, et comment les doser en 80\/20.\t\t\t\t\t<\/div>\n\t\t\t\t\n\t\t\t\t\t\t\t\t\t\t\t\t\t\t<div class=\"wd-post-read-more wd-style-link read-more-section\">\n\t\t\t\t\t\t<a class=\"\" href=\"https:\/\/www.moensmeubelen.be\/fr\/formes-rondes-interieur\/\">Lisez plus<\/a>\t\t\t\t\t<\/div>\n\t\t\t\t\t\t\t\t\t\t\t\t\t<\/div>\n\t<\/div>\n<\/article>\n\n\n<article id=\"post-1046340\" class=\"wd-post blog-design-masonry blog-post-loop blog-style-bg wd-add-shadow wd-col post-1046340 post type-post status-publish format-standard has-post-thumbnail hentry category-infos-pratiques\">\n\t<div class=\"wd-post-inner article-inner\">\n\t\t\t\t\t<div class=\"wd-post-thumb entry-header\">\n\t\t\t\t\t\t\t\t\t<div class=\"wd-post-img post-img-wrapp\">\n\t\t\t\t\t\t<img loading=\"lazy\" decoding=\"async\" width=\"600\" height=\"420\" src=\"https:\/\/www.moensmeubelen.be\/wp-content\/uploads\/2026\/08\/kwaliteitskast-open-deuren-600x420.jpg\" class=\"attachment-600x420 size-600x420\" alt=\"Degelijke eiken kast met open deuren en stevig binnenwerk\" title=\"\">\t\t\t\t\t<\/div>\n\t\t\t\t\t\t\t\t\t\t<a class=\"wd-fill\" tabindex=\"-1\" href=\"https:\/\/www.moensmeubelen.be\/fr\/reconnaitre-qualite-armoire-checklist\/\" aria-label=\"Link on post Reconna\u00eetre la qualit\u00e9 d&#8217;une armoire : la check-list de cinq minutes\"><\/a>\n\t\t\t\t\n\t\t\t\t\t\t\t\t\t\t\t\t<div class=\"wd-post-date wd-style-with-bg\">\n\t\t\t\t<span class=\"post-date-day\">\n\t\t\t\t\t17\t\t\t\t<\/span>\n\t\t\t\t<span class=\"post-date-month\">\n\t\t\t\t\tAug\t\t\t\t<\/span>\n\t\t\t<\/div>\n\t\t\t\t\t\t\t\t\t<\/div>\n\t\t\n\t\t<div class=\"wd-post-content article-body-container\">\n\t\t\t\t\t\t\t<div class=\"wd-post-cat wd-style-with-bg meta-post-categories\">\n\t\t\t\t\t<a href=\"https:\/\/www.moensmeubelen.be\/fr\/category\/infos-pratiques\/\" rel=\"category tag\">Infos pratiques<\/a>\t\t\t\t<\/div>\n\t\t\t\n\t\t\t\t\t\t\t<h3 class=\"wd-post-title wd-entities-title title post-title\">\n\t\t\t\t\t<a href=\"https:\/\/www.moensmeubelen.be\/fr\/reconnaitre-qualite-armoire-checklist\/\" rel=\"bookmark\">Reconna\u00eetre la qualit\u00e9 d&#8217;une armoire : la check-list de cinq minutes<\/a>\n\t\t\t\t<\/h3>\n\t\t\t\n\t\t\t\t\t\t\t<div class=\"wd-post-meta\">\n\t\t\t\t\t\t\t\t\t\t\t\t\t\t\t<div class=\"wd-post-author\">\n\t\t\t\t\t\t\t\t\t\t\t<span>Publi\u00e9 par<\/span>\n\t\t\n\t\t\t\t\t<img loading=\"lazy\" decoding=\"async\" alt=\"author-avatar\" src=\"https:\/\/www.moensmeubelen.be\/wp-content\/themes\/woodmart\/images\/lazy.svg\" data-src=\"https:\/\/secure.gravatar.com\/avatar\/be9d78d3c8efde03728906e5b7491f7ee79d8e87454ba3bbc389376effdd2aa8?s=18&#038;d=mm&#038;r=g\" srcset=\"\" data-srcset=\"https:\/\/secure.gravatar.com\/avatar\/be9d78d3c8efde03728906e5b7491f7ee79d8e87454ba3bbc389376effdd2aa8?s=36&#038;d=mm&#038;r=g 2x\" class=\" wd-lazy-fade avatar avatar-18 photo\" height=\"18\" width=\"18\" title=\"\">\t\t\n\t\t\t\t\t<a href=\"https:\/\/www.moensmeubelen.be\/fr\/author\/donovan\/\" class=\"author\" rel=\"author\">Meubelen Moens<\/a>\n\t\t\t\t\t\t\t\t\t<\/div>\n\t\t\t\t\t<div class=\"wd-modified-date\">\n\t\t\t\t\t\t\t\t<time class=\"updated\" datetime=\"2026-08-17T21:09:57+02:00\">\n\t\t\t17 August 2026\t\t<\/time>\n\t\t\t\t\t\t\t<\/div>\n\n\t\t\t\t\t\t\t\t\t\t\t<div tabindex=\"0\" class=\"wd-post-share wd-tltp\">\n\t\t\t\t\t\t\t<div class=\"tooltip top\">\n\t\t\t\t\t\t\t\t<div class=\"tooltip-inner\">\n\t\t\t\t\t\t\t\t\t\t\t\t<div\n\t\t\t\t\t\tclass=\" wd-social-icons  wd-style-default wd-size-small social-share wd-shape-circle color-scheme-light text-center\">\n\t\t\t\t\t\t\t\t\n\t\t\t\t\n\t\t\t\t\t\t\t\t\t<a rel=\"noopener noreferrer nofollow\" href=\"https:\/\/www.facebook.com\/sharer\/sharer.php?u=https:\/\/www.moensmeubelen.be\/fr\/reconnaitre-qualite-armoire-checklist\/\" target=\"_blank\" class=\" wd-social-icon social-facebook\" aria-label=\"Facebook social link\">\n\t\t\t\t\t\t<span class=\"wd-icon\"><\/span>\n\t\t\t\t\t\t\t\t\t\t\t<\/a>\n\t\t\t\t\n\t\t\t\t\t\t\t\t\t<a rel=\"noopener noreferrer nofollow\" href=\"https:\/\/x.com\/share?url=https:\/\/www.moensmeubelen.be\/fr\/reconnaitre-qualite-armoire-checklist\/\" target=\"_blank\" class=\" wd-social-icon social-twitter\" aria-label=\"X social link\">\n\t\t\t\t\t\t<span class=\"wd-icon\"><\/span>\n\t\t\t\t\t\t\t\t\t\t\t<\/a>\n\t\t\t\t\n\t\t\t\t\n\t\t\t\t\n\t\t\t\t\n\t\t\t\t\n\t\t\t\t\n\t\t\t\t\t\t\t\t\t<a rel=\"noopener noreferrer nofollow\" href=\"https:\/\/pinterest.com\/pin\/create\/button\/?url=https:\/\/www.moensmeubelen.be\/fr\/reconnaitre-qualite-armoire-checklist\/&#038;media=https:\/\/www.moensmeubelen.be\/wp-content\/uploads\/2026\/08\/kwaliteitskast-open-deuren.jpg&#038;description=Reconna%C3%AEtre%20la%20qualit%C3%A9%20d%26%238217%3Bune%20armoire%20%3A%20la%20check-list%20de%20cinq%20minutes\" target=\"_blank\" class=\" wd-social-icon social-pinterest\" aria-label=\"Pinterest social link\">\n\t\t\t\t\t\t<span class=\"wd-icon\"><\/span>\n\t\t\t\t\t\t\t\t\t\t\t<\/a>\n\t\t\t\t\n\t\t\t\t\n\t\t\t\t\t\t\t\t\t<a rel=\"noopener noreferrer nofollow\" href=\"https:\/\/www.linkedin.com\/shareArticle?mini=true&#038;url=https:\/\/www.moensmeubelen.be\/fr\/reconnaitre-qualite-armoire-checklist\/\" target=\"_blank\" class=\" wd-social-icon social-linkedin\" aria-label=\"Linkedin social link\">\n\t\t\t\t\t\t<span class=\"wd-icon\"><\/span>\n\t\t\t\t\t\t\t\t\t\t\t<\/a>\n\t\t\t\t\n\t\t\t\t\n\t\t\t\t\n\t\t\t\t\n\t\t\t\t\n\t\t\t\t\n\t\t\t\t\n\t\t\t\t\n\t\t\t\t\n\t\t\t\t\n\t\t\t\t\n\t\t\t\t\n\t\t\t\t\n\t\t\t\t\n\t\t\t\t\n\t\t\t\t\n\t\t\t\t\n\t\t\t<\/div>\n\n\t\t\t\t\t\t\t\t\t\t<\/div>\n\t\t\t\t\t\t\t\t<div class=\"tooltip-arrow\"><\/div>\n\t\t\t\t\t\t\t<\/div>\n\t\t\t\t\t\t<\/div>\n\t\t\t\t\t\n\t\t\t\t\t\t\t\t\t<\/div>\n\t\t\t\n\t\t\t\t\t\t\t\t\t\t\t\t<div class=\"wd-post-excerpt entry-content\">\n\t\t\t\t\t\tPourquoi une armoire co\u00fbte-t-elle 400 euros et l'autre 1600 ? Cinq tests contr\u00f4lables (pouss\u00e9e, portes, tiroirs, joints, dos) rendent la diff\u00e9rence visible.\t\t\t\t\t<\/div>\n\t\t\t\t\n\t\t\t\t\t\t\t\t\t\t\t\t\t\t<div class=\"wd-post-read-more wd-style-link read-more-section\">\n\t\t\t\t\t\t<a class=\"\" href=\"https:\/\/www.moensmeubelen.be\/fr\/reconnaitre-qualite-armoire-checklist\/\">Lisez plus<\/a>\t\t\t\t\t<\/div>\n\t\t\t\t\t\t\t\t\t\t\t\t\t<\/div>\n\t<\/div>\n<\/article>\n\n\n<article id=\"post-1046329\" class=\"wd-post blog-design-masonry blog-post-loop blog-style-bg wd-add-shadow wd-col post-1046329 post type-post status-publish format-standard has-post-thumbnail hentry category-infos-pratiques\">\n\t<div class=\"wd-post-inner article-inner\">\n\t\t\t\t\t<div class=\"wd-post-thumb entry-header\">\n\t\t\t\t\t\t\t\t\t<div class=\"wd-post-img post-img-wrapp\">\n\t\t\t\t\t\t<img loading=\"lazy\" decoding=\"async\" width=\"600\" height=\"420\" src=\"https:\/\/www.moensmeubelen.be\/wp-content\/uploads\/2026\/08\/eiken-kleuren-vergelijking-600x420.jpg\" class=\"attachment-600x420 size-600x420\" alt=\"Naturel, gerookte en wit geoliede eiken tafels naast elkaar\" title=\"\">\t\t\t\t\t<\/div>\n\t\t\t\t\t\t\t\t\t\t<a class=\"wd-fill\" tabindex=\"-1\" href=\"https:\/\/www.moensmeubelen.be\/fr\/teintes-chene-naturel-fume-huile-blanc\/\" aria-label=\"Link on post Teintes de ch\u00eane : naturel, fum\u00e9 ou huil\u00e9 blanc ? Bien choisir\"><\/a>\n\t\t\t\t\n\t\t\t\t\t\t\t\t\t\t\t\t<div class=\"wd-post-date wd-style-with-bg\">\n\t\t\t\t<span class=\"post-date-day\">\n\t\t\t\t\t17\t\t\t\t<\/span>\n\t\t\t\t<span class=\"post-date-month\">\n\t\t\t\t\tAug\t\t\t\t<\/span>\n\t\t\t<\/div>\n\t\t\t\t\t\t\t\t\t<\/div>\n\t\t\n\t\t<div class=\"wd-post-content article-body-container\">\n\t\t\t\t\t\t\t<div class=\"wd-post-cat wd-style-with-bg meta-post-categories\">\n\t\t\t\t\t<a href=\"https:\/\/www.moensmeubelen.be\/fr\/category\/infos-pratiques\/\" rel=\"category tag\">Infos pratiques<\/a>\t\t\t\t<\/div>\n\t\t\t\n\t\t\t\t\t\t\t<h3 class=\"wd-post-title wd-entities-title title post-title\">\n\t\t\t\t\t<a href=\"https:\/\/www.moensmeubelen.be\/fr\/teintes-chene-naturel-fume-huile-blanc\/\" rel=\"bookmark\">Teintes de ch\u00eane : naturel, fum\u00e9 ou huil\u00e9 blanc ? Bien choisir<\/a>\n\t\t\t\t<\/h3>\n\t\t\t\n\t\t\t\t\t\t\t<div class=\"wd-post-meta\">\n\t\t\t\t\t\t\t\t\t\t\t\t\t\t\t<div class=\"wd-post-author\">\n\t\t\t\t\t\t\t\t\t\t\t<span>Publi\u00e9 par<\/span>\n\t\t\n\t\t\t\t\t<img loading=\"lazy\" decoding=\"async\" alt=\"author-avatar\" src=\"https:\/\/www.moensmeubelen.be\/wp-content\/themes\/woodmart\/images\/lazy.svg\" data-src=\"https:\/\/secure.gravatar.com\/avatar\/be9d78d3c8efde03728906e5b7491f7ee79d8e87454ba3bbc389376effdd2aa8?s=18&#038;d=mm&#038;r=g\" srcset=\"\" data-srcset=\"https:\/\/secure.gravatar.com\/avatar\/be9d78d3c8efde03728906e5b7491f7ee79d8e87454ba3bbc389376effdd2aa8?s=36&#038;d=mm&#038;r=g 2x\" class=\" wd-lazy-fade avatar avatar-18 photo\" height=\"18\" width=\"18\" title=\"\">\t\t\n\t\t\t\t\t<a href=\"https:\/\/www.moensmeubelen.be\/fr\/author\/donovan\/\" class=\"author\" rel=\"author\">Meubelen Moens<\/a>\n\t\t\t\t\t\t\t\t\t<\/div>\n\t\t\t\t\t<div class=\"wd-modified-date\">\n\t\t\t\t\t\t\t\t<time class=\"updated\" datetime=\"2026-08-17T21:09:50+02:00\">\n\t\t\t17 August 2026\t\t<\/time>\n\t\t\t\t\t\t\t<\/div>\n\n\t\t\t\t\t\t\t\t\t\t\t<div tabindex=\"0\" class=\"wd-post-share wd-tltp\">\n\t\t\t\t\t\t\t<div class=\"tooltip top\">\n\t\t\t\t\t\t\t\t<div class=\"tooltip-inner\">\n\t\t\t\t\t\t\t\t\t\t\t\t<div\n\t\t\t\t\t\tclass=\" wd-social-icons  wd-style-default wd-size-small social-share wd-shape-circle color-scheme-light text-center\">\n\t\t\t\t\t\t\t\t\n\t\t\t\t\n\t\t\t\t\t\t\t\t\t<a rel=\"noopener noreferrer nofollow\" href=\"https:\/\/www.facebook.com\/sharer\/sharer.php?u=https:\/\/www.moensmeubelen.be\/fr\/teintes-chene-naturel-fume-huile-blanc\/\" target=\"_blank\" class=\" wd-social-icon social-facebook\" aria-label=\"Facebook social link\">\n\t\t\t\t\t\t<span class=\"wd-icon\"><\/span>\n\t\t\t\t\t\t\t\t\t\t\t<\/a>\n\t\t\t\t\n\t\t\t\t\t\t\t\t\t<a rel=\"noopener noreferrer nofollow\" href=\"https:\/\/x.com\/share?url=https:\/\/www.moensmeubelen.be\/fr\/teintes-chene-naturel-fume-huile-blanc\/\" target=\"_blank\" class=\" wd-social-icon social-twitter\" aria-label=\"X social link\">\n\t\t\t\t\t\t<span class=\"wd-icon\"><\/span>\n\t\t\t\t\t\t\t\t\t\t\t<\/a>\n\t\t\t\t\n\t\t\t\t\n\t\t\t\t\n\t\t\t\t\n\t\t\t\t\n\t\t\t\t\n\t\t\t\t\t\t\t\t\t<a rel=\"noopener noreferrer nofollow\" href=\"https:\/\/pinterest.com\/pin\/create\/button\/?url=https:\/\/www.moensmeubelen.be\/fr\/teintes-chene-naturel-fume-huile-blanc\/&#038;media=https:\/\/www.moensmeubelen.be\/wp-content\/uploads\/2026\/08\/eiken-kleuren-vergelijking.jpg&#038;description=Teintes%20de%20ch%C3%AAne%20%3A%20naturel%2C%20fum%C3%A9%20ou%20huil%C3%A9%20blanc%20%3F%20Bien%20choisir\" target=\"_blank\" class=\" wd-social-icon social-pinterest\" aria-label=\"Pinterest social link\">\n\t\t\t\t\t\t<span class=\"wd-icon\"><\/span>\n\t\t\t\t\t\t\t\t\t\t\t<\/a>\n\t\t\t\t\n\t\t\t\t\n\t\t\t\t\t\t\t\t\t<a rel=\"noopener noreferrer nofollow\" href=\"https:\/\/www.linkedin.com\/shareArticle?mini=true&#038;url=https:\/\/www.moensmeubelen.be\/fr\/teintes-chene-naturel-fume-huile-blanc\/\" target=\"_blank\" class=\" wd-social-icon social-linkedin\" aria-label=\"Linkedin social link\">\n\t\t\t\t\t\t<span class=\"wd-icon\"><\/span>\n\t\t\t\t\t\t\t\t\t\t\t<\/a>\n\t\t\t\t\n\t\t\t\t\n\t\t\t\t\n\t\t\t\t\n\t\t\t\t\n\t\t\t\t\n\t\t\t\t\n\t\t\t\t\n\t\t\t\t\n\t\t\t\t\n\t\t\t\t\n\t\t\t\t\n\t\t\t\t\n\t\t\t\t\n\t\t\t\t\n\t\t\t\t\n\t\t\t\t\n\t\t\t<\/div>\n\n\t\t\t\t\t\t\t\t\t\t<\/div>\n\t\t\t\t\t\t\t\t<div class=\"tooltip-arrow\"><\/div>\n\t\t\t\t\t\t\t<\/div>\n\t\t\t\t\t\t<\/div>\n\t\t\t\t\t\n\t\t\t\t\t\t\t\t\t<\/div>\n\t\t\t\n\t\t\t\t\t\t\t\t\t\t\t\t<div class=\"wd-post-excerpt entry-content\">\n\t\t\t\t\t\tLe m\u00eame ch\u00eane, des meubles totalement diff\u00e9rents : ce que signifient vraiment naturel, fum\u00e9, huil\u00e9 blanc et teint\u00e9, et trois r\u00e8gles pour choisir la bonne teinte.\t\t\t\t\t<\/div>\n\t\t\t\t\n\t\t\t\t\t\t\t\t\t\t\t\t\t\t<div class=\"wd-post-read-more wd-style-link read-more-section\">\n\t\t\t\t\t\t<a class=\"\" href=\"https:\/\/www.moensmeubelen.be\/fr\/teintes-chene-naturel-fume-huile-blanc\/\">Lisez plus<\/a>\t\t\t\t\t<\/div>\n\t\t\t\t\t\t\t\t\t\t\t\t\t<\/div>\n\t<\/div>\n<\/article>\n\n\n<article id=\"post-1046321\" class=\"wd-post blog-design-masonry blog-post-loop blog-style-bg wd-add-shadow wd-col post-1046321 post type-post status-publish format-standard has-post-thumbnail hentry category-zitmeubels-fr\">\n\t<div class=\"wd-post-inner article-inner\">\n\t\t\t\t\t<div class=\"wd-post-thumb entry-header\">\n\t\t\t\t\t\t\t\t\t<div class=\"wd-post-img post-img-wrapp\">\n\t\t\t\t\t\t<img loading=\"lazy\" decoding=\"async\" width=\"600\" height=\"420\" src=\"https:\/\/www.moensmeubelen.be\/wp-content\/uploads\/2026\/08\/seniorvriendelijke-zithoek-600x420.jpg\" class=\"attachment-600x420 size-600x420\" alt=\"Zithoek met stevige seniorvriendelijke fauteuil en zetel\" title=\"\">\t\t\t\t\t<\/div>\n\t\t\t\t\t\t\t\t\t\t<a class=\"wd-fill\" tabindex=\"-1\" href=\"https:\/\/www.moensmeubelen.be\/fr\/canapes-seniors-lever-facilement\/\" aria-label=\"Link on post Canap\u00e9s pour seniors : se lever facilement commence par les bonnes mesures\"><\/a>\n\t\t\t\t\n\t\t\t\t\t\t\t\t\t\t\t\t<div class=\"wd-post-date wd-style-with-bg\">\n\t\t\t\t<span class=\"post-date-day\">\n\t\t\t\t\t17\t\t\t\t<\/span>\n\t\t\t\t<span class=\"post-date-month\">\n\t\t\t\t\tAug\t\t\t\t<\/span>\n\t\t\t<\/div>\n\t\t\t\t\t\t\t\t\t<\/div>\n\t\t\n\t\t<div class=\"wd-post-content article-body-container\">\n\t\t\t\t\t\t\t<div class=\"wd-post-cat wd-style-with-bg meta-post-categories\">\n\t\t\t\t\t<a href=\"https:\/\/www.moensmeubelen.be\/fr\/category\/zitmeubels-fr\/\" rel=\"category tag\">Zitmeubels<\/a>\t\t\t\t<\/div>\n\t\t\t\n\t\t\t\t\t\t\t<h3 class=\"wd-post-title wd-entities-title title post-title\">\n\t\t\t\t\t<a href=\"https:\/\/www.moensmeubelen.be\/fr\/canapes-seniors-lever-facilement\/\" rel=\"bookmark\">Canap\u00e9s pour seniors : se lever facilement commence par les bonnes mesures<\/a>\n\t\t\t\t<\/h3>\n\t\t\t\n\t\t\t\t\t\t\t<div class=\"wd-post-meta\">\n\t\t\t\t\t\t\t\t\t\t\t\t\t\t\t<div class=\"wd-post-author\">\n\t\t\t\t\t\t\t\t\t\t\t<span>Publi\u00e9 par<\/span>\n\t\t\n\t\t\t\t\t<img loading=\"lazy\" decoding=\"async\" alt=\"author-avatar\" src=\"https:\/\/www.moensmeubelen.be\/wp-content\/themes\/woodmart\/images\/lazy.svg\" data-src=\"https:\/\/secure.gravatar.com\/avatar\/be9d78d3c8efde03728906e5b7491f7ee79d8e87454ba3bbc389376effdd2aa8?s=18&#038;d=mm&#038;r=g\" srcset=\"\" data-srcset=\"https:\/\/secure.gravatar.com\/avatar\/be9d78d3c8efde03728906e5b7491f7ee79d8e87454ba3bbc389376effdd2aa8?s=36&#038;d=mm&#038;r=g 2x\" class=\" wd-lazy-fade avatar avatar-18 photo\" height=\"18\" width=\"18\" title=\"\">\t\t\n\t\t\t\t\t<a href=\"https:\/\/www.moensmeubelen.be\/fr\/author\/donovan\/\" class=\"author\" rel=\"author\">Meubelen Moens<\/a>\n\t\t\t\t\t\t\t\t\t<\/div>\n\t\t\t\t\t<div class=\"wd-modified-date\">\n\t\t\t\t\t\t\t\t<time class=\"updated\" datetime=\"2026-08-17T21:09:24+02:00\">\n\t\t\t17 August 2026\t\t<\/time>\n\t\t\t\t\t\t\t<\/div>\n\n\t\t\t\t\t\t\t\t\t\t\t<div tabindex=\"0\" class=\"wd-post-share wd-tltp\">\n\t\t\t\t\t\t\t<div class=\"tooltip top\">\n\t\t\t\t\t\t\t\t<div class=\"tooltip-inner\">\n\t\t\t\t\t\t\t\t\t\t\t\t<div\n\t\t\t\t\t\tclass=\" wd-social-icons  wd-style-default wd-size-small social-share wd-shape-circle color-scheme-light text-center\">\n\t\t\t\t\t\t\t\t\n\t\t\t\t\n\t\t\t\t\t\t\t\t\t<a rel=\"noopener noreferrer nofollow\" href=\"https:\/\/www.facebook.com\/sharer\/sharer.php?u=https:\/\/www.moensmeubelen.be\/fr\/canapes-seniors-lever-facilement\/\" target=\"_blank\" class=\" wd-social-icon social-facebook\" aria-label=\"Facebook social link\">\n\t\t\t\t\t\t<span class=\"wd-icon\"><\/span>\n\t\t\t\t\t\t\t\t\t\t\t<\/a>\n\t\t\t\t\n\t\t\t\t\t\t\t\t\t<a rel=\"noopener noreferrer nofollow\" href=\"https:\/\/x.com\/share?url=https:\/\/www.moensmeubelen.be\/fr\/canapes-seniors-lever-facilement\/\" target=\"_blank\" class=\" wd-social-icon social-twitter\" aria-label=\"X social link\">\n\t\t\t\t\t\t<span class=\"wd-icon\"><\/span>\n\t\t\t\t\t\t\t\t\t\t\t<\/a>\n\t\t\t\t\n\t\t\t\t\n\t\t\t\t\n\t\t\t\t\n\t\t\t\t\n\t\t\t\t\n\t\t\t\t\t\t\t\t\t<a rel=\"noopener noreferrer nofollow\" href=\"https:\/\/pinterest.com\/pin\/create\/button\/?url=https:\/\/www.moensmeubelen.be\/fr\/canapes-seniors-lever-facilement\/&#038;media=https:\/\/www.moensmeubelen.be\/wp-content\/uploads\/2026\/08\/seniorvriendelijke-zithoek.jpg&#038;description=Canap%C3%A9s%20pour%20seniors%20%3A%20se%20lever%20facilement%20commence%20par%20les%20bonnes%20mesures\" target=\"_blank\" class=\" wd-social-icon social-pinterest\" aria-label=\"Pinterest social link\">\n\t\t\t\t\t\t<span class=\"wd-icon\"><\/span>\n\t\t\t\t\t\t\t\t\t\t\t<\/a>\n\t\t\t\t\n\t\t\t\t\n\t\t\t\t\t\t\t\t\t<a rel=\"noopener noreferrer nofollow\" href=\"https:\/\/www.linkedin.com\/shareArticle?mini=true&#038;url=https:\/\/www.moensmeubelen.be\/fr\/canapes-seniors-lever-facilement\/\" target=\"_blank\" class=\" wd-social-icon social-linkedin\" aria-label=\"Linkedin social link\">\n\t\t\t\t\t\t<span class=\"wd-icon\"><\/span>\n\t\t\t\t\t\t\t\t\t\t\t<\/a>\n\t\t\t\t\n\t\t\t\t\n\t\t\t\t\n\t\t\t\t\n\t\t\t\t\n\t\t\t\t\n\t\t\t\t\n\t\t\t\t\n\t\t\t\t\n\t\t\t\t\n\t\t\t\t\n\t\t\t\t\n\t\t\t\t\n\t\t\t\t\n\t\t\t\t\n\t\t\t\t\n\t\t\t\t\n\t\t\t<\/div>\n\n\t\t\t\t\t\t\t\t\t\t<\/div>\n\t\t\t\t\t\t\t\t<div class=\"tooltip-arrow\"><\/div>\n\t\t\t\t\t\t\t<\/div>\n\t\t\t\t\t\t<\/div>\n\t\t\t\t\t\n\t\t\t\t\t\t\t\t\t<\/div>\n\t\t\t\n\t\t\t\t\t\t\t\t\t\t\t\t<div class=\"wd-post-excerpt entry-content\">\n\t\t\t\t\t\tHauteur d'assise 46-50 cm, assise ferme, accoudoirs continus et fonction releveur : comment choisir un si\u00e8ge dont on se l\u00e8ve sans effort.\t\t\t\t\t<\/div>\n\t\t\t\t\n\t\t\t\t\t\t\t\t\t\t\t\t\t\t<div class=\"wd-post-read-more wd-style-link read-more-section\">\n\t\t\t\t\t\t<a class=\"\" href=\"https:\/\/www.moensmeubelen.be\/fr\/canapes-seniors-lever-facilement\/\">Lisez plus<\/a>\t\t\t\t\t<\/div>\n\t\t\t\t\t\t\t\t\t\t\t\t\t<\/div>\n\t<\/div>\n<\/article>\n\n\n<article id=\"post-1046313\" class=\"wd-post blog-design-masonry blog-post-loop blog-style-bg wd-add-shadow wd-col post-1046313 post type-post status-publish format-standard has-post-thumbnail hentry category-infos-pratiques\">\n\t<div class=\"wd-post-inner article-inner\">\n\t\t\t\t\t<div class=\"wd-post-thumb entry-header\">\n\t\t\t\t\t\t\t\t\t<div class=\"wd-post-img post-img-wrapp\">\n\t\t\t\t\t\t<img loading=\"lazy\" decoding=\"async\" width=\"600\" height=\"420\" src=\"https:\/\/www.moensmeubelen.be\/wp-content\/uploads\/2026\/08\/meubeltoonzaal-overzicht-600x420.jpg\" class=\"attachment-600x420 size-600x420\" alt=\"Ruime meubeltoonzaal met zetels, tafels en bedden\" title=\"\">\t\t\t\t\t<\/div>\n\t\t\t\t\t\t\t\t\t\t<a class=\"wd-fill\" tabindex=\"-1\" href=\"https:\/\/www.moensmeubelen.be\/fr\/preparer-visite-salle-exposition\/\" aria-label=\"Link on post Bien pr\u00e9parer sa visite en salle d&#8217;exposition de meubles\"><\/a>\n\t\t\t\t\n\t\t\t\t\t\t\t\t\t\t\t\t<div class=\"wd-post-date wd-style-with-bg\">\n\t\t\t\t<span class=\"post-date-day\">\n\t\t\t\t\t17\t\t\t\t<\/span>\n\t\t\t\t<span class=\"post-date-month\">\n\t\t\t\t\tAug\t\t\t\t<\/span>\n\t\t\t<\/div>\n\t\t\t\t\t\t\t\t\t<\/div>\n\t\t\n\t\t<div class=\"wd-post-content article-body-container\">\n\t\t\t\t\t\t\t<div class=\"wd-post-cat wd-style-with-bg meta-post-categories\">\n\t\t\t\t\t<a href=\"https:\/\/www.moensmeubelen.be\/fr\/category\/infos-pratiques\/\" rel=\"category tag\">Infos pratiques<\/a>\t\t\t\t<\/div>\n\t\t\t\n\t\t\t\t\t\t\t<h3 class=\"wd-post-title wd-entities-title title post-title\">\n\t\t\t\t\t<a href=\"https:\/\/www.moensmeubelen.be\/fr\/preparer-visite-salle-exposition\/\" rel=\"bookmark\">Bien pr\u00e9parer sa visite en salle d&#8217;exposition de meubles<\/a>\n\t\t\t\t<\/h3>\n\t\t\t\n\t\t\t\t\t\t\t<div class=\"wd-post-meta\">\n\t\t\t\t\t\t\t\t\t\t\t\t\t\t\t<div class=\"wd-post-author\">\n\t\t\t\t\t\t\t\t\t\t\t<span>Publi\u00e9 par<\/span>\n\t\t\n\t\t\t\t\t<img loading=\"lazy\" decoding=\"async\" alt=\"author-avatar\" src=\"https:\/\/www.moensmeubelen.be\/wp-content\/themes\/woodmart\/images\/lazy.svg\" data-src=\"https:\/\/secure.gravatar.com\/avatar\/be9d78d3c8efde03728906e5b7491f7ee79d8e87454ba3bbc389376effdd2aa8?s=18&#038;d=mm&#038;r=g\" srcset=\"\" data-srcset=\"https:\/\/secure.gravatar.com\/avatar\/be9d78d3c8efde03728906e5b7491f7ee79d8e87454ba3bbc389376effdd2aa8?s=36&#038;d=mm&#038;r=g 2x\" class=\" wd-lazy-fade avatar avatar-18 photo\" height=\"18\" width=\"18\" title=\"\">\t\t\n\t\t\t\t\t<a href=\"https:\/\/www.moensmeubelen.be\/fr\/author\/donovan\/\" class=\"author\" rel=\"author\">Meubelen Moens<\/a>\n\t\t\t\t\t\t\t\t\t<\/div>\n\t\t\t\t\t<div class=\"wd-modified-date\">\n\t\t\t\t\t\t\t\t<time class=\"updated\" datetime=\"2026-08-17T21:09:16+02:00\">\n\t\t\t17 August 2026\t\t<\/time>\n\t\t\t\t\t\t\t<\/div>\n\n\t\t\t\t\t\t\t\t\t\t\t<div tabindex=\"0\" class=\"wd-post-share wd-tltp\">\n\t\t\t\t\t\t\t<div class=\"tooltip top\">\n\t\t\t\t\t\t\t\t<div class=\"tooltip-inner\">\n\t\t\t\t\t\t\t\t\t\t\t\t<div\n\t\t\t\t\t\tclass=\" wd-social-icons  wd-style-default wd-size-small social-share wd-shape-circle color-scheme-light text-center\">\n\t\t\t\t\t\t\t\t\n\t\t\t\t\n\t\t\t\t\t\t\t\t\t<a rel=\"noopener noreferrer nofollow\" href=\"https:\/\/www.facebook.com\/sharer\/sharer.php?u=https:\/\/www.moensmeubelen.be\/fr\/preparer-visite-salle-exposition\/\" target=\"_blank\" class=\" wd-social-icon social-facebook\" aria-label=\"Facebook social link\">\n\t\t\t\t\t\t<span class=\"wd-icon\"><\/span>\n\t\t\t\t\t\t\t\t\t\t\t<\/a>\n\t\t\t\t\n\t\t\t\t\t\t\t\t\t<a rel=\"noopener noreferrer nofollow\" href=\"https:\/\/x.com\/share?url=https:\/\/www.moensmeubelen.be\/fr\/preparer-visite-salle-exposition\/\" target=\"_blank\" class=\" wd-social-icon social-twitter\" aria-label=\"X social link\">\n\t\t\t\t\t\t<span class=\"wd-icon\"><\/span>\n\t\t\t\t\t\t\t\t\t\t\t<\/a>\n\t\t\t\t\n\t\t\t\t\n\t\t\t\t\n\t\t\t\t\n\t\t\t\t\n\t\t\t\t\n\t\t\t\t\t\t\t\t\t<a rel=\"noopener noreferrer nofollow\" href=\"https:\/\/pinterest.com\/pin\/create\/button\/?url=https:\/\/www.moensmeubelen.be\/fr\/preparer-visite-salle-exposition\/&#038;media=https:\/\/www.moensmeubelen.be\/wp-content\/uploads\/2026\/08\/meubeltoonzaal-overzicht.jpg&#038;description=Bien%20pr%C3%A9parer%20sa%20visite%20en%20salle%20d%26%238217%3Bexposition%20de%20meubles\" target=\"_blank\" class=\" wd-social-icon social-pinterest\" aria-label=\"Pinterest social link\">\n\t\t\t\t\t\t<span class=\"wd-icon\"><\/span>\n\t\t\t\t\t\t\t\t\t\t\t<\/a>\n\t\t\t\t\n\t\t\t\t\n\t\t\t\t\t\t\t\t\t<a rel=\"noopener noreferrer nofollow\" href=\"https:\/\/www.linkedin.com\/shareArticle?mini=true&#038;url=https:\/\/www.moensmeubelen.be\/fr\/preparer-visite-salle-exposition\/\" target=\"_blank\" class=\" wd-social-icon social-linkedin\" aria-label=\"Linkedin social link\">\n\t\t\t\t\t\t<span class=\"wd-icon\"><\/span>\n\t\t\t\t\t\t\t\t\t\t\t<\/a>\n\t\t\t\t\n\t\t\t\t\n\t\t\t\t\n\t\t\t\t\n\t\t\t\t\n\t\t\t\t\n\t\t\t\t\n\t\t\t\t\n\t\t\t\t\n\t\t\t\t\n\t\t\t\t\n\t\t\t\t\n\t\t\t\t\n\t\t\t\t\n\t\t\t\t\n\t\t\t\t\n\t\t\t\t\n\t\t\t<\/div>\n\n\t\t\t\t\t\t\t\t\t\t<\/div>\n\t\t\t\t\t\t\t\t<div class=\"tooltip-arrow\"><\/div>\n\t\t\t\t\t\t\t<\/div>\n\t\t\t\t\t\t<\/div>\n\t\t\t\t\t\n\t\t\t\t\t\t\t\t\t<\/div>\n\t\t\t\n\t\t\t\t\t\t\t\t\t\t\t\t<div class=\"wd-post-excerpt entry-content\">\n\t\t\t\t\t\tMesures, photos, fourchette de budget et bonnes questions : avec trois quarts d'heure de pr\u00e9paration, la visite devient une d\u00e9cision, pas un tour de doutes.\t\t\t\t\t<\/div>\n\t\t\t\t\n\t\t\t\t\t\t\t\t\t\t\t\t\t\t<div class=\"wd-post-read-more wd-style-link read-more-section\">\n\t\t\t\t\t\t<a class=\"\" href=\"https:\/\/www.moensmeubelen.be\/fr\/preparer-visite-salle-exposition\/\">Lisez plus<\/a>\t\t\t\t\t<\/div>\n\t\t\t\t\t\t\t\t\t\t\t\t\t<\/div>\n\t<\/div>\n<\/article>\n\n\n<article id=\"post-1046303\" class=\"wd-post blog-design-masonry blog-post-loop blog-style-bg wd-add-shadow wd-col post-1046303 post type-post status-publish format-standard has-post-thumbnail hentry category-infos-pratiques\">\n\t<div class=\"wd-post-inner article-inner\">\n\t\t\t\t\t<div class=\"wd-post-thumb entry-header\">\n\t\t\t\t\t\t\t\t\t<div class=\"wd-post-img post-img-wrapp\">\n\t\t\t\t\t\t<img loading=\"lazy\" decoding=\"async\" width=\"600\" height=\"420\" src=\"https:\/\/www.moensmeubelen.be\/wp-content\/uploads\/2026\/08\/meubels-tweede-leven-ophaling-600x420.jpg\" class=\"attachment-600x420 size-600x420\" alt=\"Oude meubels krijgen een tweede leven via ophaling aan huis\" title=\"\">\t\t\t\t\t<\/div>\n\t\t\t\t\t\t\t\t\t\t<a class=\"wd-fill\" tabindex=\"-1\" href=\"https:\/\/www.moensmeubelen.be\/fr\/vieux-meubles-donner-recycler\/\" aria-label=\"Link on post Se d\u00e9barrasser de vieux meubles : donner, vendre ou recycler\"><\/a>\n\t\t\t\t\n\t\t\t\t\t\t\t\t\t\t\t\t<div class=\"wd-post-date wd-style-with-bg\">\n\t\t\t\t<span class=\"post-date-day\">\n\t\t\t\t\t17\t\t\t\t<\/span>\n\t\t\t\t<span class=\"post-date-month\">\n\t\t\t\t\tAug\t\t\t\t<\/span>\n\t\t\t<\/div>\n\t\t\t\t\t\t\t\t\t<\/div>\n\t\t\n\t\t<div class=\"wd-post-content article-body-container\">\n\t\t\t\t\t\t\t<div class=\"wd-post-cat wd-style-with-bg meta-post-categories\">\n\t\t\t\t\t<a href=\"https:\/\/www.moensmeubelen.be\/fr\/category\/infos-pratiques\/\" rel=\"category tag\">Infos pratiques<\/a>\t\t\t\t<\/div>\n\t\t\t\n\t\t\t\t\t\t\t<h3 class=\"wd-post-title wd-entities-title title post-title\">\n\t\t\t\t\t<a href=\"https:\/\/www.moensmeubelen.be\/fr\/vieux-meubles-donner-recycler\/\" rel=\"bookmark\">Se d\u00e9barrasser de vieux meubles : donner, vendre ou recycler<\/a>\n\t\t\t\t<\/h3>\n\t\t\t\n\t\t\t\t\t\t\t<div class=\"wd-post-meta\">\n\t\t\t\t\t\t\t\t\t\t\t\t\t\t\t<div class=\"wd-post-author\">\n\t\t\t\t\t\t\t\t\t\t\t<span>Publi\u00e9 par<\/span>\n\t\t\n\t\t\t\t\t<img loading=\"lazy\" decoding=\"async\" alt=\"author-avatar\" src=\"https:\/\/www.moensmeubelen.be\/wp-content\/themes\/woodmart\/images\/lazy.svg\" data-src=\"https:\/\/secure.gravatar.com\/avatar\/be9d78d3c8efde03728906e5b7491f7ee79d8e87454ba3bbc389376effdd2aa8?s=18&#038;d=mm&#038;r=g\" srcset=\"\" data-srcset=\"https:\/\/secure.gravatar.com\/avatar\/be9d78d3c8efde03728906e5b7491f7ee79d8e87454ba3bbc389376effdd2aa8?s=36&#038;d=mm&#038;r=g 2x\" class=\" wd-lazy-fade avatar avatar-18 photo\" height=\"18\" width=\"18\" title=\"\">\t\t\n\t\t\t\t\t<a href=\"https:\/\/www.moensmeubelen.be\/fr\/author\/donovan\/\" class=\"author\" rel=\"author\">Meubelen Moens<\/a>\n\t\t\t\t\t\t\t\t\t<\/div>\n\t\t\t\t\t<div class=\"wd-modified-date\">\n\t\t\t\t\t\t\t\t<time class=\"updated\" datetime=\"2026-08-17T21:09:08+02:00\">\n\t\t\t17 August 2026\t\t<\/time>\n\t\t\t\t\t\t\t<\/div>\n\n\t\t\t\t\t\t\t\t\t\t\t<div tabindex=\"0\" class=\"wd-post-share wd-tltp\">\n\t\t\t\t\t\t\t<div class=\"tooltip top\">\n\t\t\t\t\t\t\t\t<div class=\"tooltip-inner\">\n\t\t\t\t\t\t\t\t\t\t\t\t<div\n\t\t\t\t\t\tclass=\" wd-social-icons  wd-style-default wd-size-small social-share wd-shape-circle color-scheme-light text-center\">\n\t\t\t\t\t\t\t\t\n\t\t\t\t\n\t\t\t\t\t\t\t\t\t<a rel=\"noopener noreferrer nofollow\" href=\"https:\/\/www.facebook.com\/sharer\/sharer.php?u=https:\/\/www.moensmeubelen.be\/fr\/vieux-meubles-donner-recycler\/\" target=\"_blank\" class=\" wd-social-icon social-facebook\" aria-label=\"Facebook social link\">\n\t\t\t\t\t\t<span class=\"wd-icon\"><\/span>\n\t\t\t\t\t\t\t\t\t\t\t<\/a>\n\t\t\t\t\n\t\t\t\t\t\t\t\t\t<a rel=\"noopener noreferrer nofollow\" href=\"https:\/\/x.com\/share?url=https:\/\/www.moensmeubelen.be\/fr\/vieux-meubles-donner-recycler\/\" target=\"_blank\" class=\" wd-social-icon social-twitter\" aria-label=\"X social link\">\n\t\t\t\t\t\t<span class=\"wd-icon\"><\/span>\n\t\t\t\t\t\t\t\t\t\t\t<\/a>\n\t\t\t\t\n\t\t\t\t\n\t\t\t\t\n\t\t\t\t\n\t\t\t\t\n\t\t\t\t\n\t\t\t\t\t\t\t\t\t<a rel=\"noopener noreferrer nofollow\" href=\"https:\/\/pinterest.com\/pin\/create\/button\/?url=https:\/\/www.moensmeubelen.be\/fr\/vieux-meubles-donner-recycler\/&#038;media=https:\/\/www.moensmeubelen.be\/wp-content\/uploads\/2026\/08\/meubels-tweede-leven-ophaling.jpg&#038;description=Se%20d%C3%A9barrasser%20de%20vieux%20meubles%20%3A%20donner%2C%20vendre%20ou%20recycler\" target=\"_blank\" class=\" wd-social-icon social-pinterest\" aria-label=\"Pinterest social link\">\n\t\t\t\t\t\t<span class=\"wd-icon\"><\/span>\n\t\t\t\t\t\t\t\t\t\t\t<\/a>\n\t\t\t\t\n\t\t\t\t\n\t\t\t\t\t\t\t\t\t<a rel=\"noopener noreferrer nofollow\" href=\"https:\/\/www.linkedin.com\/shareArticle?mini=true&#038;url=https:\/\/www.moensmeubelen.be\/fr\/vieux-meubles-donner-recycler\/\" target=\"_blank\" class=\" wd-social-icon social-linkedin\" aria-label=\"Linkedin social link\">\n\t\t\t\t\t\t<span class=\"wd-icon\"><\/span>\n\t\t\t\t\t\t\t\t\t\t\t<\/a>\n\t\t\t\t\n\t\t\t\t\n\t\t\t\t\n\t\t\t\t\n\t\t\t\t\n\t\t\t\t\n\t\t\t\t\n\t\t\t\t\n\t\t\t\t\n\t\t\t\t\n\t\t\t\t\n\t\t\t\t\n\t\t\t\t\n\t\t\t\t\n\t\t\t\t\n\t\t\t\t\n\t\t\t\t\n\t\t\t<\/div>\n\n\t\t\t\t\t\t\t\t\t\t<\/div>\n\t\t\t\t\t\t\t\t<div class=\"tooltip-arrow\"><\/div>\n\t\t\t\t\t\t\t<\/div>\n\t\t\t\t\t\t<\/div>\n\t\t\t\t\t\n\t\t\t\t\t\t\t\t\t<\/div>\n\t\t\t\n\t\t\t\t\t\t\t\t\t\t\t\t<div class=\"wd-post-excerpt entry-content\">\n\t\t\t\t\t\tEnl\u00e8vement par la ressourcerie, vente en seconde main, recyclage des matelas via Valumat ou reprise \u00e0 la livraison : toutes les voies pour bien se s\u00e9parer d'un meuble.\t\t\t\t\t<\/div>\n\t\t\t\t\n\t\t\t\t\t\t\t\t\t\t\t\t\t\t<div class=\"wd-post-read-more wd-style-link read-more-section\">\n\t\t\t\t\t\t<a class=\"\" href=\"https:\/\/www.moensmeubelen.be\/fr\/vieux-meubles-donner-recycler\/\">Lisez plus<\/a>\t\t\t\t\t<\/div>\n\t\t\t\t\t\t\t\t\t\t\t\t\t<\/div>\n\t<\/div>\n<\/article>\n\n\n<article id=\"post-1046295\" class=\"wd-post blog-design-masonry blog-post-loop blog-style-bg wd-add-shadow wd-col post-1046295 post type-post status-publish format-standard has-post-thumbnail hentry category-infos-pratiques\">\n\t<div class=\"wd-post-inner article-inner\">\n\t\t\t\t\t<div class=\"wd-post-thumb entry-header\">\n\t\t\t\t\t\t\t\t\t<div class=\"wd-post-img post-img-wrapp\">\n\t\t\t\t\t\t<img loading=\"lazy\" decoding=\"async\" width=\"600\" height=\"420\" src=\"https:\/\/www.moensmeubelen.be\/wp-content\/uploads\/2026\/08\/meubelgarantie-advies-600x420.jpg\" class=\"attachment-600x420 size-600x420\" alt=\"Garantiedocumenten en adviesgesprek in een meubelwinkel\" title=\"\">\t\t\t\t\t<\/div>\n\t\t\t\t\t\t\t\t\t\t<a class=\"wd-fill\" tabindex=\"-1\" href=\"https:\/\/www.moensmeubelen.be\/fr\/garantie-meubles-belgique-droits\/\" aria-label=\"Link on post Garantie sur les meubles en Belgique : quels sont vos droits ?\"><\/a>\n\t\t\t\t\n\t\t\t\t\t\t\t\t\t\t\t\t<div class=\"wd-post-date wd-style-with-bg\">\n\t\t\t\t<span class=\"post-date-day\">\n\t\t\t\t\t17\t\t\t\t<\/span>\n\t\t\t\t<span class=\"post-date-month\">\n\t\t\t\t\tAug\t\t\t\t<\/span>\n\t\t\t<\/div>\n\t\t\t\t\t\t\t\t\t<\/div>\n\t\t\n\t\t<div class=\"wd-post-content article-body-container\">\n\t\t\t\t\t\t\t<div class=\"wd-post-cat wd-style-with-bg meta-post-categories\">\n\t\t\t\t\t<a href=\"https:\/\/www.moensmeubelen.be\/fr\/category\/infos-pratiques\/\" rel=\"category tag\">Infos pratiques<\/a>\t\t\t\t<\/div>\n\t\t\t\n\t\t\t\t\t\t\t<h3 class=\"wd-post-title wd-entities-title title post-title\">\n\t\t\t\t\t<a href=\"https:\/\/www.moensmeubelen.be\/fr\/garantie-meubles-belgique-droits\/\" rel=\"bookmark\">Garantie sur les meubles en Belgique : quels sont vos droits ?<\/a>\n\t\t\t\t<\/h3>\n\t\t\t\n\t\t\t\t\t\t\t<div class=\"wd-post-meta\">\n\t\t\t\t\t\t\t\t\t\t\t\t\t\t\t<div class=\"wd-post-author\">\n\t\t\t\t\t\t\t\t\t\t\t<span>Publi\u00e9 par<\/span>\n\t\t\n\t\t\t\t\t<img loading=\"lazy\" decoding=\"async\" alt=\"author-avatar\" src=\"https:\/\/www.moensmeubelen.be\/wp-content\/themes\/woodmart\/images\/lazy.svg\" data-src=\"https:\/\/secure.gravatar.com\/avatar\/be9d78d3c8efde03728906e5b7491f7ee79d8e87454ba3bbc389376effdd2aa8?s=18&#038;d=mm&#038;r=g\" srcset=\"\" data-srcset=\"https:\/\/secure.gravatar.com\/avatar\/be9d78d3c8efde03728906e5b7491f7ee79d8e87454ba3bbc389376effdd2aa8?s=36&#038;d=mm&#038;r=g 2x\" class=\" wd-lazy-fade avatar avatar-18 photo\" height=\"18\" width=\"18\" title=\"\">\t\t\n\t\t\t\t\t<a href=\"https:\/\/www.moensmeubelen.be\/fr\/author\/donovan\/\" class=\"author\" rel=\"author\">Meubelen Moens<\/a>\n\t\t\t\t\t\t\t\t\t<\/div>\n\t\t\t\t\t<div class=\"wd-modified-date\">\n\t\t\t\t\t\t\t\t<time class=\"updated\" datetime=\"2026-08-17T21:09:00+02:00\">\n\t\t\t17 August 2026\t\t<\/time>\n\t\t\t\t\t\t\t<\/div>\n\n\t\t\t\t\t\t\t\t\t\t\t<div tabindex=\"0\" class=\"wd-post-share wd-tltp\">\n\t\t\t\t\t\t\t<div class=\"tooltip top\">\n\t\t\t\t\t\t\t\t<div class=\"tooltip-inner\">\n\t\t\t\t\t\t\t\t\t\t\t\t<div\n\t\t\t\t\t\tclass=\" wd-social-icons  wd-style-default wd-size-small social-share wd-shape-circle color-scheme-light text-center\">\n\t\t\t\t\t\t\t\t\n\t\t\t\t\n\t\t\t\t\t\t\t\t\t<a rel=\"noopener noreferrer nofollow\" href=\"https:\/\/www.facebook.com\/sharer\/sharer.php?u=https:\/\/www.moensmeubelen.be\/fr\/garantie-meubles-belgique-droits\/\" target=\"_blank\" class=\" wd-social-icon social-facebook\" aria-label=\"Facebook social link\">\n\t\t\t\t\t\t<span class=\"wd-icon\"><\/span>\n\t\t\t\t\t\t\t\t\t\t\t<\/a>\n\t\t\t\t\n\t\t\t\t\t\t\t\t\t<a rel=\"noopener noreferrer nofollow\" href=\"https:\/\/x.com\/share?url=https:\/\/www.moensmeubelen.be\/fr\/garantie-meubles-belgique-droits\/\" target=\"_blank\" class=\" wd-social-icon social-twitter\" aria-label=\"X social link\">\n\t\t\t\t\t\t<span class=\"wd-icon\"><\/span>\n\t\t\t\t\t\t\t\t\t\t\t<\/a>\n\t\t\t\t\n\t\t\t\t\n\t\t\t\t\n\t\t\t\t\n\t\t\t\t\n\t\t\t\t\n\t\t\t\t\t\t\t\t\t<a rel=\"noopener noreferrer nofollow\" href=\"https:\/\/pinterest.com\/pin\/create\/button\/?url=https:\/\/www.moensmeubelen.be\/fr\/garantie-meubles-belgique-droits\/&#038;media=https:\/\/www.moensmeubelen.be\/wp-content\/uploads\/2026\/08\/meubelgarantie-advies.jpg&#038;description=Garantie%20sur%20les%20meubles%20en%20Belgique%20%3A%20quels%20sont%20vos%20droits%20%3F\" target=\"_blank\" class=\" wd-social-icon social-pinterest\" aria-label=\"Pinterest social link\">\n\t\t\t\t\t\t<span class=\"wd-icon\"><\/span>\n\t\t\t\t\t\t\t\t\t\t\t<\/a>\n\t\t\t\t\n\t\t\t\t\n\t\t\t\t\t\t\t\t\t<a rel=\"noopener noreferrer nofollow\" href=\"https:\/\/www.linkedin.com\/shareArticle?mini=true&#038;url=https:\/\/www.moensmeubelen.be\/fr\/garantie-meubles-belgique-droits\/\" target=\"_blank\" class=\" wd-social-icon social-linkedin\" aria-label=\"Linkedin social link\">\n\t\t\t\t\t\t<span class=\"wd-icon\"><\/span>\n\t\t\t\t\t\t\t\t\t\t\t<\/a>\n\t\t\t\t\n\t\t\t\t\n\t\t\t\t\n\t\t\t\t\n\t\t\t\t\n\t\t\t\t\n\t\t\t\t\n\t\t\t\t\n\t\t\t\t\n\t\t\t\t\n\t\t\t\t\n\t\t\t\t\n\t\t\t\t\n\t\t\t\t\n\t\t\t\t\n\t\t\t\t\n\t\t\t\t\n\t\t\t<\/div>\n\n\t\t\t\t\t\t\t\t\t\t<\/div>\n\t\t\t\t\t\t\t\t<div class=\"tooltip-arrow\"><\/div>\n\t\t\t\t\t\t\t<\/div>\n\t\t\t\t\t\t<\/div>\n\t\t\t\t\t\n\t\t\t\t\t\t\t\t\t<\/div>\n\t\t\t\n\t\t\t\t\t\t\t\t\t\t\t\t<div class=\"wd-post-excerpt entry-content\">\n\t\t\t\t\t\tDeux ans de garantie l\u00e9gale, extensions fabricant sur ch\u00e2ssis et m\u00e9canismes, et ce qui n'est pas couvert : soyez fort face \u00e0 un meuble d\u00e9fectueux.\t\t\t\t\t<\/div>\n\t\t\t\t\n\t\t\t\t\t\t\t\t\t\t\t\t\t\t<div class=\"wd-post-read-more wd-style-link read-more-section\">\n\t\t\t\t\t\t<a class=\"\" href=\"https:\/\/www.moensmeubelen.be\/fr\/garantie-meubles-belgique-droits\/\">Lisez plus<\/a>\t\t\t\t\t<\/div>\n\t\t\t\t\t\t\t\t\t\t\t\t\t<\/div>\n\t<\/div>\n<\/article>\n\n\n<article id=\"post-1046285\" class=\"wd-post blog-design-masonry blog-post-loop blog-style-bg wd-add-shadow wd-col post-1046285 post type-post status-publish format-standard has-post-thumbnail hentry category-inspiration-fr-2\">\n\t<div class=\"wd-post-inner article-inner\">\n\t\t\t\t\t<div class=\"wd-post-thumb entry-header\">\n\t\t\t\t\t\t\t\t\t<div class=\"wd-post-img post-img-wrapp\">\n\t\t\t\t\t\t<img loading=\"lazy\" decoding=\"async\" width=\"600\" height=\"420\" src=\"https:\/\/www.moensmeubelen.be\/wp-content\/uploads\/2026\/08\/cocooning-winterklare-woonkamer-600x420.jpg\" class=\"attachment-600x420 size-600x420\" alt=\"Winterklare woonkamer met plaids, kussens en warm laag licht\" title=\"\">\t\t\t\t\t<\/div>\n\t\t\t\t\t\t\t\t\t\t<a class=\"wd-fill\" tabindex=\"-1\" href=\"https:\/\/www.moensmeubelen.be\/fr\/cocooning-interieur-hiver\/\" aria-label=\"Link on post Cocooning : pr\u00e9parez votre int\u00e9rieur pour l&#8217;hiver en un week-end\"><\/a>\n\t\t\t\t\n\t\t\t\t\t\t\t\t\t\t\t\t<div class=\"wd-post-date wd-style-with-bg\">\n\t\t\t\t<span class=\"post-date-day\">\n\t\t\t\t\t17\t\t\t\t<\/span>\n\t\t\t\t<span class=\"post-date-month\">\n\t\t\t\t\tAug\t\t\t\t<\/span>\n\t\t\t<\/div>\n\t\t\t\t\t\t\t\t\t<\/div>\n\t\t\n\t\t<div class=\"wd-post-content article-body-container\">\n\t\t\t\t\t\t\t<div class=\"wd-post-cat wd-style-with-bg meta-post-categories\">\n\t\t\t\t\t<a href=\"https:\/\/www.moensmeubelen.be\/fr\/category\/inspiration-fr-2\/\" rel=\"category tag\">Inspirations<\/a>\t\t\t\t<\/div>\n\t\t\t\n\t\t\t\t\t\t\t<h3 class=\"wd-post-title wd-entities-title title post-title\">\n\t\t\t\t\t<a href=\"https:\/\/www.moensmeubelen.be\/fr\/cocooning-interieur-hiver\/\" rel=\"bookmark\">Cocooning : pr\u00e9parez votre int\u00e9rieur pour l&#8217;hiver en un week-end<\/a>\n\t\t\t\t<\/h3>\n\t\t\t\n\t\t\t\t\t\t\t<div class=\"wd-post-meta\">\n\t\t\t\t\t\t\t\t\t\t\t\t\t\t\t<div class=\"wd-post-author\">\n\t\t\t\t\t\t\t\t\t\t\t<span>Publi\u00e9 par<\/span>\n\t\t\n\t\t\t\t\t<img loading=\"lazy\" decoding=\"async\" alt=\"author-avatar\" src=\"https:\/\/www.moensmeubelen.be\/wp-content\/themes\/woodmart\/images\/lazy.svg\" data-src=\"https:\/\/secure.gravatar.com\/avatar\/be9d78d3c8efde03728906e5b7491f7ee79d8e87454ba3bbc389376effdd2aa8?s=18&#038;d=mm&#038;r=g\" srcset=\"\" data-srcset=\"https:\/\/secure.gravatar.com\/avatar\/be9d78d3c8efde03728906e5b7491f7ee79d8e87454ba3bbc389376effdd2aa8?s=36&#038;d=mm&#038;r=g 2x\" class=\" wd-lazy-fade avatar avatar-18 photo\" height=\"18\" width=\"18\" title=\"\">\t\t\n\t\t\t\t\t<a href=\"https:\/\/www.moensmeubelen.be\/fr\/author\/donovan\/\" class=\"author\" rel=\"author\">Meubelen Moens<\/a>\n\t\t\t\t\t\t\t\t\t<\/div>\n\t\t\t\t\t<div class=\"wd-modified-date\">\n\t\t\t\t\t\t\t\t<time class=\"updated\" datetime=\"2026-08-17T21:08:52+02:00\">\n\t\t\t17 August 2026\t\t<\/time>\n\t\t\t\t\t\t\t<\/div>\n\n\t\t\t\t\t\t\t\t\t\t\t<div tabindex=\"0\" class=\"wd-post-share wd-tltp\">\n\t\t\t\t\t\t\t<div class=\"tooltip top\">\n\t\t\t\t\t\t\t\t<div class=\"tooltip-inner\">\n\t\t\t\t\t\t\t\t\t\t\t\t<div\n\t\t\t\t\t\tclass=\" wd-social-icons  wd-style-default wd-size-small social-share wd-shape-circle color-scheme-light text-center\">\n\t\t\t\t\t\t\t\t\n\t\t\t\t\n\t\t\t\t\t\t\t\t\t<a rel=\"noopener noreferrer nofollow\" href=\"https:\/\/www.facebook.com\/sharer\/sharer.php?u=https:\/\/www.moensmeubelen.be\/fr\/cocooning-interieur-hiver\/\" target=\"_blank\" class=\" wd-social-icon social-facebook\" aria-label=\"Facebook social link\">\n\t\t\t\t\t\t<span class=\"wd-icon\"><\/span>\n\t\t\t\t\t\t\t\t\t\t\t<\/a>\n\t\t\t\t\n\t\t\t\t\t\t\t\t\t<a rel=\"noopener noreferrer nofollow\" href=\"https:\/\/x.com\/share?url=https:\/\/www.moensmeubelen.be\/fr\/cocooning-interieur-hiver\/\" target=\"_blank\" class=\" wd-social-icon social-twitter\" aria-label=\"X social link\">\n\t\t\t\t\t\t<span class=\"wd-icon\"><\/span>\n\t\t\t\t\t\t\t\t\t\t\t<\/a>\n\t\t\t\t\n\t\t\t\t\n\t\t\t\t\n\t\t\t\t\n\t\t\t\t\n\t\t\t\t\n\t\t\t\t\t\t\t\t\t<a rel=\"noopener noreferrer nofollow\" href=\"https:\/\/pinterest.com\/pin\/create\/button\/?url=https:\/\/www.moensmeubelen.be\/fr\/cocooning-interieur-hiver\/&#038;media=https:\/\/www.moensmeubelen.be\/wp-content\/uploads\/2026\/08\/cocooning-winterklare-woonkamer.jpg&#038;description=Cocooning%20%3A%20pr%C3%A9parez%20votre%20int%C3%A9rieur%20pour%20l%26%238217%3Bhiver%20en%20un%20week-end\" target=\"_blank\" class=\" wd-social-icon social-pinterest\" aria-label=\"Pinterest social link\">\n\t\t\t\t\t\t<span class=\"wd-icon\"><\/span>\n\t\t\t\t\t\t\t\t\t\t\t<\/a>\n\t\t\t\t\n\t\t\t\t\n\t\t\t\t\t\t\t\t\t<a rel=\"noopener noreferrer nofollow\" href=\"https:\/\/www.linkedin.com\/shareArticle?mini=true&#038;url=https:\/\/www.moensmeubelen.be\/fr\/cocooning-interieur-hiver\/\" target=\"_blank\" class=\" wd-social-icon social-linkedin\" aria-label=\"Linkedin social link\">\n\t\t\t\t\t\t<span class=\"wd-icon\"><\/span>\n\t\t\t\t\t\t\t\t\t\t\t<\/a>\n\t\t\t\t\n\t\t\t\t\n\t\t\t\t\n\t\t\t\t\n\t\t\t\t\n\t\t\t\t\n\t\t\t\t\n\t\t\t\t\n\t\t\t\t\n\t\t\t\t\n\t\t\t\t\n\t\t\t\t\n\t\t\t\t\n\t\t\t\t\n\t\t\t\t\n\t\t\t\t\n\t\t\t\t\n\t\t\t<\/div>\n\n\t\t\t\t\t\t\t\t\t\t<\/div>\n\t\t\t\t\t\t\t\t<div class=\"tooltip-arrow\"><\/div>\n\t\t\t\t\t\t\t<\/div>\n\t\t\t\t\t\t<\/div>\n\t\t\t\t\t\n\t\t\t\t\t\t\t\t\t<\/div>\n\t\t\t\n\t\t\t\t\t\t\t\t\t\t\t\t<div class=\"wd-post-excerpt entry-content\">\n\t\t\t\t\t\tChanger le textile, construire la lumi\u00e8re en bas, tourner le coin salon vers l'int\u00e9rieur : la check-list compl\u00e8te pour un salon pr\u00eat pour l'hiver.\t\t\t\t\t<\/div>\n\t\t\t\t\n\t\t\t\t\t\t\t\t\t\t\t\t\t\t<div class=\"wd-post-read-more wd-style-link read-more-section\">\n\t\t\t\t\t\t<a class=\"\" href=\"https:\/\/www.moensmeubelen.be\/fr\/cocooning-interieur-hiver\/\">Lisez plus<\/a>\t\t\t\t\t<\/div>\n\t\t\t\t\t\t\t\t\t\t\t\t\t<\/div>\n\t<\/div>\n<\/article>\n\n\n<article id=\"post-1046277\" class=\"wd-post blog-design-masonry blog-post-loop blog-style-bg wd-add-shadow wd-col post-1046277 post type-post status-publish format-standard has-post-thumbnail hentry category-inspiration-fr-2\">\n\t<div class=\"wd-post-inner article-inner\">\n\t\t\t\t\t<div class=\"wd-post-thumb entry-header\">\n\t\t\t\t\t\t\t\t\t<div class=\"wd-post-img post-img-wrapp\">\n\t\t\t\t\t\t<img loading=\"lazy\" decoding=\"async\" width=\"600\" height=\"420\" src=\"https:\/\/www.moensmeubelen.be\/wp-content\/uploads\/2026\/08\/vintage-nieuw-mix-woonkamer-600x420.jpg\" class=\"attachment-600x420 size-600x420\" alt=\"Woonkamer met nieuwe zetel en antieke kast in harmonie\" title=\"\">\t\t\t\t\t<\/div>\n\t\t\t\t\t\t\t\t\t\t<a class=\"wd-fill\" tabindex=\"-1\" href=\"https:\/\/www.moensmeubelen.be\/fr\/marier-vintage-et-neuf\/\" aria-label=\"Link on post Marier vintage et neuf : l&#8217;armoire de grand-m\u00e8re et votre salon neuf\"><\/a>\n\t\t\t\t\n\t\t\t\t\t\t\t\t\t\t\t\t<div class=\"wd-post-date wd-style-with-bg\">\n\t\t\t\t<span class=\"post-date-day\">\n\t\t\t\t\t17\t\t\t\t<\/span>\n\t\t\t\t<span class=\"post-date-month\">\n\t\t\t\t\tAug\t\t\t\t<\/span>\n\t\t\t<\/div>\n\t\t\t\t\t\t\t\t\t<\/div>\n\t\t\n\t\t<div class=\"wd-post-content article-body-container\">\n\t\t\t\t\t\t\t<div class=\"wd-post-cat wd-style-with-bg meta-post-categories\">\n\t\t\t\t\t<a href=\"https:\/\/www.moensmeubelen.be\/fr\/category\/inspiration-fr-2\/\" rel=\"category tag\">Inspirations<\/a>\t\t\t\t<\/div>\n\t\t\t\n\t\t\t\t\t\t\t<h3 class=\"wd-post-title wd-entities-title title post-title\">\n\t\t\t\t\t<a href=\"https:\/\/www.moensmeubelen.be\/fr\/marier-vintage-et-neuf\/\" rel=\"bookmark\">Marier vintage et neuf : l&#8217;armoire de grand-m\u00e8re et votre salon neuf<\/a>\n\t\t\t\t<\/h3>\n\t\t\t\n\t\t\t\t\t\t\t<div class=\"wd-post-meta\">\n\t\t\t\t\t\t\t\t\t\t\t\t\t\t\t<div class=\"wd-post-author\">\n\t\t\t\t\t\t\t\t\t\t\t<span>Publi\u00e9 par<\/span>\n\t\t\n\t\t\t\t\t<img loading=\"lazy\" decoding=\"async\" alt=\"author-avatar\" src=\"https:\/\/www.moensmeubelen.be\/wp-content\/themes\/woodmart\/images\/lazy.svg\" data-src=\"https:\/\/secure.gravatar.com\/avatar\/be9d78d3c8efde03728906e5b7491f7ee79d8e87454ba3bbc389376effdd2aa8?s=18&#038;d=mm&#038;r=g\" srcset=\"\" data-srcset=\"https:\/\/secure.gravatar.com\/avatar\/be9d78d3c8efde03728906e5b7491f7ee79d8e87454ba3bbc389376effdd2aa8?s=36&#038;d=mm&#038;r=g 2x\" class=\" wd-lazy-fade avatar avatar-18 photo\" height=\"18\" width=\"18\" title=\"\">\t\t\n\t\t\t\t\t<a href=\"https:\/\/www.moensmeubelen.be\/fr\/author\/donovan\/\" class=\"author\" rel=\"author\">Meubelen Moens<\/a>\n\t\t\t\t\t\t\t\t\t<\/div>\n\t\t\t\t\t<div class=\"wd-modified-date\">\n\t\t\t\t\t\t\t\t<time class=\"updated\" datetime=\"2026-08-17T21:08:44+02:00\">\n\t\t\t17 August 2026\t\t<\/time>\n\t\t\t\t\t\t\t<\/div>\n\n\t\t\t\t\t\t\t\t\t\t\t<div tabindex=\"0\" class=\"wd-post-share wd-tltp\">\n\t\t\t\t\t\t\t<div class=\"tooltip top\">\n\t\t\t\t\t\t\t\t<div class=\"tooltip-inner\">\n\t\t\t\t\t\t\t\t\t\t\t\t<div\n\t\t\t\t\t\tclass=\" wd-social-icons  wd-style-default wd-size-small social-share wd-shape-circle color-scheme-light text-center\">\n\t\t\t\t\t\t\t\t\n\t\t\t\t\n\t\t\t\t\t\t\t\t\t<a rel=\"noopener noreferrer nofollow\" href=\"https:\/\/www.facebook.com\/sharer\/sharer.php?u=https:\/\/www.moensmeubelen.be\/fr\/marier-vintage-et-neuf\/\" target=\"_blank\" class=\" wd-social-icon social-facebook\" aria-label=\"Facebook social link\">\n\t\t\t\t\t\t<span class=\"wd-icon\"><\/span>\n\t\t\t\t\t\t\t\t\t\t\t<\/a>\n\t\t\t\t\n\t\t\t\t\t\t\t\t\t<a rel=\"noopener noreferrer nofollow\" href=\"https:\/\/x.com\/share?url=https:\/\/www.moensmeubelen.be\/fr\/marier-vintage-et-neuf\/\" target=\"_blank\" class=\" wd-social-icon social-twitter\" aria-label=\"X social link\">\n\t\t\t\t\t\t<span class=\"wd-icon\"><\/span>\n\t\t\t\t\t\t\t\t\t\t\t<\/a>\n\t\t\t\t\n\t\t\t\t\n\t\t\t\t\n\t\t\t\t\n\t\t\t\t\n\t\t\t\t\n\t\t\t\t\t\t\t\t\t<a rel=\"noopener noreferrer nofollow\" href=\"https:\/\/pinterest.com\/pin\/create\/button\/?url=https:\/\/www.moensmeubelen.be\/fr\/marier-vintage-et-neuf\/&#038;media=https:\/\/www.moensmeubelen.be\/wp-content\/uploads\/2026\/08\/vintage-nieuw-mix-woonkamer.jpg&#038;description=Marier%20vintage%20et%20neuf%20%3A%20l%26%238217%3Barmoire%20de%20grand-m%C3%A8re%20et%20votre%20salon%20neuf\" target=\"_blank\" class=\" wd-social-icon social-pinterest\" aria-label=\"Pinterest social link\">\n\t\t\t\t\t\t<span class=\"wd-icon\"><\/span>\n\t\t\t\t\t\t\t\t\t\t\t<\/a>\n\t\t\t\t\n\t\t\t\t\n\t\t\t\t\t\t\t\t\t<a rel=\"noopener noreferrer nofollow\" href=\"https:\/\/www.linkedin.com\/shareArticle?mini=true&#038;url=https:\/\/www.moensmeubelen.be\/fr\/marier-vintage-et-neuf\/\" target=\"_blank\" class=\" wd-social-icon social-linkedin\" aria-label=\"Linkedin social link\">\n\t\t\t\t\t\t<span class=\"wd-icon\"><\/span>\n\t\t\t\t\t\t\t\t\t\t\t<\/a>\n\t\t\t\t\n\t\t\t\t\n\t\t\t\t\n\t\t\t\t\n\t\t\t\t\n\t\t\t\t\n\t\t\t\t\n\t\t\t\t\n\t\t\t\t\n\t\t\t\t\n\t\t\t\t\n\t\t\t\t\n\t\t\t\t\n\t\t\t\t\n\t\t\t\t\n\t\t\t\t\n\t\t\t\t\n\t\t\t<\/div>\n\n\t\t\t\t\t\t\t\t\t\t<\/div>\n\t\t\t\t\t\t\t\t<div class=\"tooltip-arrow\"><\/div>\n\t\t\t\t\t\t\t<\/div>\n\t\t\t\t\t\t<\/div>\n\t\t\t\t\t\n\t\t\t\t\t\t\t\t\t<\/div>\n\t\t\t\n\t\t\t\t\t\t\t\t\t\t\t\t<div class=\"wd-post-excerpt entry-content\">\n\t\t\t\t\t\tPi\u00e8ces h\u00e9rit\u00e9es et meubles neufs cohabitent magnifiquement, \u00e0 condition d'un pont : couleur, mati\u00e8re ou forme. La r\u00e8gle 80\/20 et la r\u00e9partition des r\u00f4les.\t\t\t\t\t<\/div>\n\t\t\t\t\n\t\t\t\t\t\t\t\t\t\t\t\t\t\t<div class=\"wd-post-read-more wd-style-link read-more-section\">\n\t\t\t\t\t\t<a class=\"\" href=\"https:\/\/www.moensmeubelen.be\/fr\/marier-vintage-et-neuf\/\">Lisez plus<\/a>\t\t\t\t\t<\/div>\n\t\t\t\t\t\t\t\t\t\t\t\t\t<\/div>\n\t<\/div>\n<\/article>\n\n\n<article id=\"post-1046267\" class=\"wd-post blog-design-masonry blog-post-loop blog-style-bg wd-add-shadow wd-col post-1046267 post type-post status-publish format-standard has-post-thumbnail hentry category-design-trends-fr\">\n\t<div class=\"wd-post-inner article-inner\">\n\t\t\t\t\t<div class=\"wd-post-thumb entry-header\">\n\t\t\t\t\t\t\t\t\t<div class=\"wd-post-img post-img-wrapp\">\n\t\t\t\t\t\t<img loading=\"lazy\" decoding=\"async\" width=\"600\" height=\"420\" src=\"https:\/\/www.moensmeubelen.be\/wp-content\/uploads\/2026\/08\/quiet-luxury-woonkamer-600x420.jpg\" class=\"attachment-600x420 size-600x420\" alt=\"Verfijnde woonkamer in stille luxe: cr\u00e8me, camel en travertijn\" title=\"\">\t\t\t\t\t<\/div>\n\t\t\t\t\t\t\t\t\t\t<a class=\"wd-fill\" tabindex=\"-1\" href=\"https:\/\/www.moensmeubelen.be\/fr\/quiet-luxury-interieur-fr\/\" aria-label=\"Link on post Le quiet luxury chez vous : une qualit\u00e9 qui se sent, pas qui se voit\"><\/a>\n\t\t\t\t\n\t\t\t\t\t\t\t\t\t\t\t\t<div class=\"wd-post-date wd-style-with-bg\">\n\t\t\t\t<span class=\"post-date-day\">\n\t\t\t\t\t17\t\t\t\t<\/span>\n\t\t\t\t<span class=\"post-date-month\">\n\t\t\t\t\tAug\t\t\t\t<\/span>\n\t\t\t<\/div>\n\t\t\t\t\t\t\t\t\t<\/div>\n\t\t\n\t\t<div class=\"wd-post-content article-body-container\">\n\t\t\t\t\t\t\t<div class=\"wd-post-cat wd-style-with-bg meta-post-categories\">\n\t\t\t\t\t<a href=\"https:\/\/www.moensmeubelen.be\/fr\/category\/design-trends-fr\/\" rel=\"category tag\">Design trends<\/a>\t\t\t\t<\/div>\n\t\t\t\n\t\t\t\t\t\t\t<h3 class=\"wd-post-title wd-entities-title title post-title\">\n\t\t\t\t\t<a href=\"https:\/\/www.moensmeubelen.be\/fr\/quiet-luxury-interieur-fr\/\" rel=\"bookmark\">Le quiet luxury chez vous : une qualit\u00e9 qui se sent, pas qui se voit<\/a>\n\t\t\t\t<\/h3>\n\t\t\t\n\t\t\t\t\t\t\t<div class=\"wd-post-meta\">\n\t\t\t\t\t\t\t\t\t\t\t\t\t\t\t<div class=\"wd-post-author\">\n\t\t\t\t\t\t\t\t\t\t\t<span>Publi\u00e9 par<\/span>\n\t\t\n\t\t\t\t\t<img loading=\"lazy\" decoding=\"async\" alt=\"author-avatar\" src=\"https:\/\/www.moensmeubelen.be\/wp-content\/themes\/woodmart\/images\/lazy.svg\" data-src=\"https:\/\/secure.gravatar.com\/avatar\/be9d78d3c8efde03728906e5b7491f7ee79d8e87454ba3bbc389376effdd2aa8?s=18&#038;d=mm&#038;r=g\" srcset=\"\" data-srcset=\"https:\/\/secure.gravatar.com\/avatar\/be9d78d3c8efde03728906e5b7491f7ee79d8e87454ba3bbc389376effdd2aa8?s=36&#038;d=mm&#038;r=g 2x\" class=\" wd-lazy-fade avatar avatar-18 photo\" height=\"18\" width=\"18\" title=\"\">\t\t\n\t\t\t\t\t<a href=\"https:\/\/www.moensmeubelen.be\/fr\/author\/donovan\/\" class=\"author\" rel=\"author\">Meubelen Moens<\/a>\n\t\t\t\t\t\t\t\t\t<\/div>\n\t\t\t\t\t<div class=\"wd-modified-date\">\n\t\t\t\t\t\t\t\t<time class=\"updated\" datetime=\"2026-08-17T21:08:37+02:00\">\n\t\t\t17 August 2026\t\t<\/time>\n\t\t\t\t\t\t\t<\/div>\n\n\t\t\t\t\t\t\t\t\t\t\t<div tabindex=\"0\" class=\"wd-post-share wd-tltp\">\n\t\t\t\t\t\t\t<div class=\"tooltip top\">\n\t\t\t\t\t\t\t\t<div class=\"tooltip-inner\">\n\t\t\t\t\t\t\t\t\t\t\t\t<div\n\t\t\t\t\t\tclass=\" wd-social-icons  wd-style-default wd-size-small social-share wd-shape-circle color-scheme-light text-center\">\n\t\t\t\t\t\t\t\t\n\t\t\t\t\n\t\t\t\t\t\t\t\t\t<a rel=\"noopener noreferrer nofollow\" href=\"https:\/\/www.facebook.com\/sharer\/sharer.php?u=https:\/\/www.moensmeubelen.be\/fr\/quiet-luxury-interieur-fr\/\" target=\"_blank\" class=\" wd-social-icon social-facebook\" aria-label=\"Facebook social link\">\n\t\t\t\t\t\t<span class=\"wd-icon\"><\/span>\n\t\t\t\t\t\t\t\t\t\t\t<\/a>\n\t\t\t\t\n\t\t\t\t\t\t\t\t\t<a rel=\"noopener noreferrer nofollow\" href=\"https:\/\/x.com\/share?url=https:\/\/www.moensmeubelen.be\/fr\/quiet-luxury-interieur-fr\/\" target=\"_blank\" class=\" wd-social-icon social-twitter\" aria-label=\"X social link\">\n\t\t\t\t\t\t<span class=\"wd-icon\"><\/span>\n\t\t\t\t\t\t\t\t\t\t\t<\/a>\n\t\t\t\t\n\t\t\t\t\n\t\t\t\t\n\t\t\t\t\n\t\t\t\t\n\t\t\t\t\n\t\t\t\t\t\t\t\t\t<a rel=\"noopener noreferrer nofollow\" href=\"https:\/\/pinterest.com\/pin\/create\/button\/?url=https:\/\/www.moensmeubelen.be\/fr\/quiet-luxury-interieur-fr\/&#038;media=https:\/\/www.moensmeubelen.be\/wp-content\/uploads\/2026\/08\/quiet-luxury-woonkamer.jpg&#038;description=Le%20quiet%20luxury%20chez%20vous%20%3A%20une%20qualit%C3%A9%20qui%20se%20sent%2C%20pas%20qui%20se%20voit\" target=\"_blank\" class=\" wd-social-icon social-pinterest\" aria-label=\"Pinterest social link\">\n\t\t\t\t\t\t<span class=\"wd-icon\"><\/span>\n\t\t\t\t\t\t\t\t\t\t\t<\/a>\n\t\t\t\t\n\t\t\t\t\n\t\t\t\t\t\t\t\t\t<a rel=\"noopener noreferrer nofollow\" href=\"https:\/\/www.linkedin.com\/shareArticle?mini=true&#038;url=https:\/\/www.moensmeubelen.be\/fr\/quiet-luxury-interieur-fr\/\" target=\"_blank\" class=\" wd-social-icon social-linkedin\" aria-label=\"Linkedin social link\">\n\t\t\t\t\t\t<span class=\"wd-icon\"><\/span>\n\t\t\t\t\t\t\t\t\t\t\t<\/a>\n\t\t\t\t\n\t\t\t\t\n\t\t\t\t\n\t\t\t\t\n\t\t\t\t\n\t\t\t\t\n\t\t\t\t\n\t\t\t\t\n\t\t\t\t\n\t\t\t\t\n\t\t\t\t\n\t\t\t\t\n\t\t\t\t\n\t\t\t\t\n\t\t\t\t\n\t\t\t\t\n\t\t\t\t\n\t\t\t<\/div>\n\n\t\t\t\t\t\t\t\t\t\t<\/div>\n\t\t\t\t\t\t\t\t<div class=\"tooltip-arrow\"><\/div>\n\t\t\t\t\t\t\t<\/div>\n\t\t\t\t\t\t<\/div>\n\t\t\t\t\t\n\t\t\t\t\t\t\t\t\t<\/div>\n\t\t\t\n\t\t\t\t\t\t\t\t\t\t\t\t<div class=\"wd-post-excerpt entry-content\">\n\t\t\t\t\t\tNi logos ni dorures, mais proportions, mati\u00e8res et finitions : le quiet luxury est la tendance d\u00e9co la plus adulte du moment, et il demande des choix, pas une fortune.\t\t\t\t\t<\/div>\n\t\t\t\t\n\t\t\t\t\t\t\t\t\t\t\t\t\t\t<div class=\"wd-post-read-more wd-style-link read-more-section\">\n\t\t\t\t\t\t<a class=\"\" href=\"https:\/\/www.moensmeubelen.be\/fr\/quiet-luxury-interieur-fr\/\">Lisez plus<\/a>\t\t\t\t\t<\/div>\n\t\t\t\t\t\t\t\t\t\t\t\t\t<\/div>\n\t<\/div>\n<\/article>\n\n\n<article id=\"post-1046259\" class=\"wd-post blog-design-masonry blog-post-loop blog-style-bg wd-add-shadow wd-col post-1046259 post type-post status-publish format-standard has-post-thumbnail hentry category-design-trends-fr\">\n\t<div class=\"wd-post-inner article-inner\">\n\t\t\t\t\t<div class=\"wd-post-thumb entry-header\">\n\t\t\t\t\t\t\t\t\t<div class=\"wd-post-img post-img-wrapp\">\n\t\t\t\t\t\t<img loading=\"lazy\" decoding=\"async\" width=\"600\" height=\"420\" src=\"https:\/\/www.moensmeubelen.be\/wp-content\/uploads\/2026\/08\/walnoten-dressoir-blikvanger-600x420.jpg\" class=\"attachment-600x420 size-600x420\" alt=\"Notelaren dressoir als blikvanger tegen een lichte wand\" title=\"\">\t\t\t\t\t<\/div>\n\t\t\t\t\t\t\t\t\t\t<a class=\"wd-fill\" tabindex=\"-1\" href=\"https:\/\/www.moensmeubelen.be\/fr\/noyer-bois-sombre-retour\/\" aria-label=\"Link on post Le noyer est de retour : le bois sombre sans les ann\u00e9es 80\"><\/a>\n\t\t\t\t\n\t\t\t\t\t\t\t\t\t\t\t\t<div class=\"wd-post-date wd-style-with-bg\">\n\t\t\t\t<span class=\"post-date-day\">\n\t\t\t\t\t17\t\t\t\t<\/span>\n\t\t\t\t<span class=\"post-date-month\">\n\t\t\t\t\tAug\t\t\t\t<\/span>\n\t\t\t<\/div>\n\t\t\t\t\t\t\t\t\t<\/div>\n\t\t\n\t\t<div class=\"wd-post-content article-body-container\">\n\t\t\t\t\t\t\t<div class=\"wd-post-cat wd-style-with-bg meta-post-categories\">\n\t\t\t\t\t<a href=\"https:\/\/www.moensmeubelen.be\/fr\/category\/design-trends-fr\/\" rel=\"category tag\">Design trends<\/a>\t\t\t\t<\/div>\n\t\t\t\n\t\t\t\t\t\t\t<h3 class=\"wd-post-title wd-entities-title title post-title\">\n\t\t\t\t\t<a href=\"https:\/\/www.moensmeubelen.be\/fr\/noyer-bois-sombre-retour\/\" rel=\"bookmark\">Le noyer est de retour : le bois sombre sans les ann\u00e9es 80<\/a>\n\t\t\t\t<\/h3>\n\t\t\t\n\t\t\t\t\t\t\t<div class=\"wd-post-meta\">\n\t\t\t\t\t\t\t\t\t\t\t\t\t\t\t<div class=\"wd-post-author\">\n\t\t\t\t\t\t\t\t\t\t\t<span>Publi\u00e9 par<\/span>\n\t\t\n\t\t\t\t\t<img loading=\"lazy\" decoding=\"async\" alt=\"author-avatar\" src=\"https:\/\/www.moensmeubelen.be\/wp-content\/themes\/woodmart\/images\/lazy.svg\" data-src=\"https:\/\/secure.gravatar.com\/avatar\/be9d78d3c8efde03728906e5b7491f7ee79d8e87454ba3bbc389376effdd2aa8?s=18&#038;d=mm&#038;r=g\" srcset=\"\" data-srcset=\"https:\/\/secure.gravatar.com\/avatar\/be9d78d3c8efde03728906e5b7491f7ee79d8e87454ba3bbc389376effdd2aa8?s=36&#038;d=mm&#038;r=g 2x\" class=\" wd-lazy-fade avatar avatar-18 photo\" height=\"18\" width=\"18\" title=\"\">\t\t\n\t\t\t\t\t<a href=\"https:\/\/www.moensmeubelen.be\/fr\/author\/donovan\/\" class=\"author\" rel=\"author\">Meubelen Moens<\/a>\n\t\t\t\t\t\t\t\t\t<\/div>\n\t\t\t\t\t<div class=\"wd-modified-date\">\n\t\t\t\t\t\t\t\t<time class=\"updated\" datetime=\"2026-08-17T21:08:29+02:00\">\n\t\t\t17 August 2026\t\t<\/time>\n\t\t\t\t\t\t\t<\/div>\n\n\t\t\t\t\t\t\t\t\t\t\t<div tabindex=\"0\" class=\"wd-post-share wd-tltp\">\n\t\t\t\t\t\t\t<div class=\"tooltip top\">\n\t\t\t\t\t\t\t\t<div class=\"tooltip-inner\">\n\t\t\t\t\t\t\t\t\t\t\t\t<div\n\t\t\t\t\t\tclass=\" wd-social-icons  wd-style-default wd-size-small social-share wd-shape-circle color-scheme-light text-center\">\n\t\t\t\t\t\t\t\t\n\t\t\t\t\n\t\t\t\t\t\t\t\t\t<a rel=\"noopener noreferrer nofollow\" href=\"https:\/\/www.facebook.com\/sharer\/sharer.php?u=https:\/\/www.moensmeubelen.be\/fr\/noyer-bois-sombre-retour\/\" target=\"_blank\" class=\" wd-social-icon social-facebook\" aria-label=\"Facebook social link\">\n\t\t\t\t\t\t<span class=\"wd-icon\"><\/span>\n\t\t\t\t\t\t\t\t\t\t\t<\/a>\n\t\t\t\t\n\t\t\t\t\t\t\t\t\t<a rel=\"noopener noreferrer nofollow\" href=\"https:\/\/x.com\/share?url=https:\/\/www.moensmeubelen.be\/fr\/noyer-bois-sombre-retour\/\" target=\"_blank\" class=\" wd-social-icon social-twitter\" aria-label=\"X social link\">\n\t\t\t\t\t\t<span class=\"wd-icon\"><\/span>\n\t\t\t\t\t\t\t\t\t\t\t<\/a>\n\t\t\t\t\n\t\t\t\t\n\t\t\t\t\n\t\t\t\t\n\t\t\t\t\n\t\t\t\t\n\t\t\t\t\t\t\t\t\t<a rel=\"noopener noreferrer nofollow\" href=\"https:\/\/pinterest.com\/pin\/create\/button\/?url=https:\/\/www.moensmeubelen.be\/fr\/noyer-bois-sombre-retour\/&#038;media=https:\/\/www.moensmeubelen.be\/wp-content\/uploads\/2026\/08\/walnoten-dressoir-blikvanger.jpg&#038;description=Le%20noyer%20est%20de%20retour%20%3A%20le%20bois%20sombre%20sans%20les%20ann%C3%A9es%2080\" target=\"_blank\" class=\" wd-social-icon social-pinterest\" aria-label=\"Pinterest social link\">\n\t\t\t\t\t\t<span class=\"wd-icon\"><\/span>\n\t\t\t\t\t\t\t\t\t\t\t<\/a>\n\t\t\t\t\n\t\t\t\t\n\t\t\t\t\t\t\t\t\t<a rel=\"noopener noreferrer nofollow\" href=\"https:\/\/www.linkedin.com\/shareArticle?mini=true&#038;url=https:\/\/www.moensmeubelen.be\/fr\/noyer-bois-sombre-retour\/\" target=\"_blank\" class=\" wd-social-icon social-linkedin\" aria-label=\"Linkedin social link\">\n\t\t\t\t\t\t<span class=\"wd-icon\"><\/span>\n\t\t\t\t\t\t\t\t\t\t\t<\/a>\n\t\t\t\t\n\t\t\t\t\n\t\t\t\t\n\t\t\t\t\n\t\t\t\t\n\t\t\t\t\n\t\t\t\t\n\t\t\t\t\n\t\t\t\t\n\t\t\t\t\n\t\t\t\t\n\t\t\t\t\n\t\t\t\t\n\t\t\t\t\n\t\t\t\t\n\t\t\t\t\n\t\t\t\t\n\t\t\t<\/div>\n\n\t\t\t\t\t\t\t\t\t\t<\/div>\n\t\t\t\t\t\t\t\t<div class=\"tooltip-arrow\"><\/div>\n\t\t\t\t\t\t\t<\/div>\n\t\t\t\t\t\t<\/div>\n\t\t\t\t\t\n\t\t\t\t\t\t\t\t\t<\/div>\n\t\t\t\n\t\t\t\t\t\t\t\t\t\t\t\t<div class=\"wd-post-excerpt entry-content\">\n\t\t\t\t\t\tLe noyer et le ch\u00eane fum\u00e9 reviennent dans les collections, mais en solistes sur toile claire. Combiner le bois sombre sans alourdir la pi\u00e8ce.\t\t\t\t\t<\/div>\n\t\t\t\t\n\t\t\t\t\t\t\t\t\t\t\t\t\t\t<div class=\"wd-post-read-more wd-style-link read-more-section\">\n\t\t\t\t\t\t<a class=\"\" href=\"https:\/\/www.moensmeubelen.be\/fr\/noyer-bois-sombre-retour\/\">Lisez plus<\/a>\t\t\t\t\t<\/div>\n\t\t\t\t\t\t\t\t\t\t\t\t\t<\/div>\n\t<\/div>\n<\/article>\n\n<\/div>\t\t\t\t\t<div class=\"wd-loop-footer blog-footer\">\n\t\t\t\t\t\t\t\t\t\t\t\t\t<nav class=\"wd-pagination\"><ul><li><span class=\"current page-numbers\">1<\/span><\/li><li><a href=\"https:\/\/www.moensmeubelen.be\/fr\/wp-json\/wp\/v2\/pages\/74768\/page\/2\/\" class=\"page-numbers\" >2<\/a><\/li><li><a href=\"https:\/\/www.moensmeubelen.be\/fr\/wp-json\/wp\/v2\/pages\/74768\/page\/3\/\" class=\"page-numbers\" >3<\/a><\/li><li><a href=\"https:\/\/www.moensmeubelen.be\/fr\/wp-json\/wp\/v2\/pages\/74768\/page\/2\/\" class=\"page-numbers\">&rsaquo;<\/a><\/li><li><a href=\"https:\/\/www.moensmeubelen.be\/fr\/wp-json\/wp\/v2\/pages\/74768\/page\/10\/\" class=\"page-numbers\">&raquo;<\/a><\/li><\/ul><\/nav>\t\t\t\t\t\t\t\t\t\t\t<\/div>\n\t\t\t\t<\/div>[\/vc_column][\/vc_row]<\/p>\n<\/div>","protected":false},"excerpt":{"rendered":"<p>[vc_row css=&#8221;.vc_custom_1474471779806{margin-bottom: 60px !important;}&#8221;][vc_column][\/vc_column][\/vc_row]<\/p>\n","protected":false},"author":1,"featured_media":0,"parent":0,"menu_order":0,"comment_status":"closed","ping_status":"closed","template":"","meta":{"_relevanssi_hide_post":"","_relevanssi_hide_content":"","_relevanssi_pin_for_all":"","_relevanssi_pin_keywords":"","_relevanssi_unpin_keywords":"","_relevanssi_related_keywords":"","_relevanssi_related_include_ids":"","_relevanssi_related_exclude_ids":"","_relevanssi_related_no_append":"","_relevanssi_related_not_related":"","_relevanssi_related_posts":"","_relevanssi_noindex_reason":"","footnotes":""},"class_list":["post-74768","page","type-page","status-publish","hentry"],"_links":{"self":[{"href":"https:\/\/www.moensmeubelen.be\/fr\/wp-json\/wp\/v2\/pages\/74768","targetHints":{"allow":["GET"]}}],"collection":[{"href":"https:\/\/www.moensmeubelen.be\/fr\/wp-json\/wp\/v2\/pages"}],"about":[{"href":"https:\/\/www.moensmeubelen.be\/fr\/wp-json\/wp\/v2\/types\/page"}],"author":[{"embeddable":true,"href":"https:\/\/www.moensmeubelen.be\/fr\/wp-json\/wp\/v2\/users\/1"}],"replies":[{"embeddable":true,"href":"https:\/\/www.moensmeubelen.be\/fr\/wp-json\/wp\/v2\/comments?post=74768"}],"version-history":[{"count":3,"href":"https:\/\/www.moensmeubelen.be\/fr\/wp-json\/wp\/v2\/pages\/74768\/revisions"}],"predecessor-version":[{"id":916293,"href":"https:\/\/www.moensmeubelen.be\/fr\/wp-json\/wp\/v2\/pages\/74768\/revisions\/916293"}],"wp:attachment":[{"href":"https:\/\/www.moensmeubelen.be\/fr\/wp-json\/wp\/v2\/media?parent=74768"}],"curies":[{"name":"wp","href":"https:\/\/api.w.org\/{rel}","templated":true}]}}