{"id":1031960,"date":"2026-07-13T22:25:56","date_gmt":"2026-07-13T20:25:56","guid":{"rendered":"https:\/\/www.moensmeubelen.be\/product\/0017-massivo-revor-fr_be\/"},"modified":"2026-07-13T22:46:09","modified_gmt":"2026-07-13T20:46:09","slug":"0017-massivo-revor-fr_be","status":"publish","type":"product","link":"https:\/\/www.moensmeubelen.be\/fr\/produit\/0017-massivo-revor-fr_be\/","title":{"rendered":"0017 &#8211; Cadre de lit Massivo"},"content":{"rendered":"<p>Ce cadre de lit (Revor, mod\u00e8le Massivo) en noyer offre un couchage 180&#215;200 et est livr\u00e9 avec t\u00eate de lit, sommiers \u00e0 lattes Wimaflex (fixes) et un jeu de pieds cylindriques anthracite (22 cm). La version pr\u00e9sent\u00e9e est livr\u00e9e \u00e0 partir de 2.501 euros. D&#8217;autres dimensions, sommiers r\u00e9glables et finitions sont possibles &#8211; renseignez-vous aupr\u00e8s de nos vendeurs.<\/p>\n","protected":false},"excerpt":{"rendered":"<p>Cadre de lit Massivo en noyer (180&#215;200) avec t\u00eate de lit, sommiers \u00e0 lattes Wimaflex et pieds cylindriques anthracite.<\/p>\n","protected":false},"featured_media":1031961,"comment_status":"open","ping_status":"closed","template":"","meta":{"_relevanssi_hide_post":"","_relevanssi_hide_content":"","_relevanssi_pin_for_all":"","_relevanssi_pin_keywords":"","_relevanssi_unpin_keywords":"","_relevanssi_related_keywords":"","_relevanssi_related_include_ids":"","_relevanssi_related_exclude_ids":"","_relevanssi_related_no_append":"","_relevanssi_related_not_related":"","_relevanssi_related_posts":"","_relevanssi_noindex_reason":""},"product_brand":[],"product_cat":[24156],"product_tag":[],"class_list":["post-1031960","product","type-product","status-publish","has-post-thumbnail","product_cat-Bedkader_fr_BE","first","instock","taxable","shipping-taxable","purchasable","product-type-simple"],"_links":{"self":[{"href":"https:\/\/www.moensmeubelen.be\/fr\/wp-json\/wp\/v2\/product\/1031960","targetHints":{"allow":["GET"]}}],"collection":[{"href":"https:\/\/www.moensmeubelen.be\/fr\/wp-json\/wp\/v2\/product"}],"about":[{"href":"https:\/\/www.moensmeubelen.be\/fr\/wp-json\/wp\/v2\/types\/product"}],"replies":[{"embeddable":true,"href":"https:\/\/www.moensmeubelen.be\/fr\/wp-json\/wp\/v2\/comments?post=1031960"}],"wp:featuredmedia":[{"embeddable":true,"href":"https:\/\/www.moensmeubelen.be\/fr\/wp-json\/wp\/v2\/media\/1031961"}],"wp:attachment":[{"href":"https:\/\/www.moensmeubelen.be\/fr\/wp-json\/wp\/v2\/media?parent=1031960"}],"wp:term":[{"taxonomy":"product_brand","embeddable":true,"href":"https:\/\/www.moensmeubelen.be\/fr\/wp-json\/wp\/v2\/product_brand?post=1031960"},{"taxonomy":"product_cat","embeddable":true,"href":"https:\/\/www.moensmeubelen.be\/fr\/wp-json\/wp\/v2\/product_cat?post=1031960"},{"taxonomy":"product_tag","embeddable":true,"href":"https:\/\/www.moensmeubelen.be\/fr\/wp-json\/wp\/v2\/product_tag?post=1031960"}],"curies":[{"name":"wp","href":"https:\/\/api.w.org\/{rel}","templated":true}]}}