{"id":1031980,"date":"2026-07-13T22:26:55","date_gmt":"2026-07-13T20:26:55","guid":{"rendered":"https:\/\/www.moensmeubelen.be\/product\/0020-arc-adjustable-hb-vertical-tempur-fr_be\/"},"modified":"2026-07-13T22:45:55","modified_gmt":"2026-07-13T20:45:55","slug":"0020-arc-adjustable-hb-vertical-tempur-fr_be","status":"publish","type":"product","link":"https:\/\/www.moensmeubelen.be\/fr\/produit\/0020-arc-adjustable-hb-vertical-tempur-fr_be\/","title":{"rendered":"0020 &#8211; Cadre de lit Arc Adjustable &#8211; Vertical"},"content":{"rendered":"<p>Ce cadre de lit \u00e0 r\u00e9glage \u00e9lectrique (Tempur, mod\u00e8le Arc Adjustable) offre un couchage 180&#215;200 avec t\u00eate de lit Vertical, habillage du pied et des c\u00f4t\u00e9s en velours vert fonc\u00e9 et pieds noir mat (12 cm). La version pr\u00e9sent\u00e9e est livr\u00e9e \u00e0 partir de 4.164 euros. D&#8217;autres dimensions, t\u00eates de lit et finitions sont possibles &#8211; renseignez-vous aupr\u00e8s de nos vendeurs.<\/p>\n","protected":false},"excerpt":{"rendered":"<p>Cadre de lit \u00e0 r\u00e9glage \u00e9lectrique Tempur Arc (180&#215;200) avec t\u00eate de lit Vertical, en velours vert fonc\u00e9. Pieds noir mat.<\/p>\n","protected":false},"featured_media":1031981,"comment_status":"open","ping_status":"closed","template":"","meta":{"_relevanssi_hide_post":"","_relevanssi_hide_content":"","_relevanssi_pin_for_all":"","_relevanssi_pin_keywords":"","_relevanssi_unpin_keywords":"","_relevanssi_related_keywords":"","_relevanssi_related_include_ids":"","_relevanssi_related_exclude_ids":"","_relevanssi_related_no_append":"","_relevanssi_related_not_related":"","_relevanssi_related_posts":"","_relevanssi_noindex_reason":""},"product_brand":[],"product_cat":[24156],"product_tag":[],"class_list":["post-1031980","product","type-product","status-publish","has-post-thumbnail","product_cat-Bedkader_fr_BE","first","instock","taxable","shipping-taxable","purchasable","product-type-simple"],"_links":{"self":[{"href":"https:\/\/www.moensmeubelen.be\/fr\/wp-json\/wp\/v2\/product\/1031980","targetHints":{"allow":["GET"]}}],"collection":[{"href":"https:\/\/www.moensmeubelen.be\/fr\/wp-json\/wp\/v2\/product"}],"about":[{"href":"https:\/\/www.moensmeubelen.be\/fr\/wp-json\/wp\/v2\/types\/product"}],"replies":[{"embeddable":true,"href":"https:\/\/www.moensmeubelen.be\/fr\/wp-json\/wp\/v2\/comments?post=1031980"}],"wp:featuredmedia":[{"embeddable":true,"href":"https:\/\/www.moensmeubelen.be\/fr\/wp-json\/wp\/v2\/media\/1031981"}],"wp:attachment":[{"href":"https:\/\/www.moensmeubelen.be\/fr\/wp-json\/wp\/v2\/media?parent=1031980"}],"wp:term":[{"taxonomy":"product_brand","embeddable":true,"href":"https:\/\/www.moensmeubelen.be\/fr\/wp-json\/wp\/v2\/product_brand?post=1031980"},{"taxonomy":"product_cat","embeddable":true,"href":"https:\/\/www.moensmeubelen.be\/fr\/wp-json\/wp\/v2\/product_cat?post=1031980"},{"taxonomy":"product_tag","embeddable":true,"href":"https:\/\/www.moensmeubelen.be\/fr\/wp-json\/wp\/v2\/product_tag?post=1031980"}],"curies":[{"name":"wp","href":"https:\/\/api.w.org\/{rel}","templated":true}]}}