{"id":1032200,"date":"2026-07-13T22:32:23","date_gmt":"2026-07-13T20:32:23","guid":{"rendered":"https:\/\/www.moensmeubelen.be\/product\/0150-seth-sofabed-fr_be\/"},"modified":"2026-07-13T22:32:28","modified_gmt":"2026-07-13T20:32:28","slug":"0150-seth-sofabed-fr_be","status":"publish","type":"product","link":"https:\/\/www.moensmeubelen.be\/fr\/produit\/0150-seth-sofabed-fr_be\/","title":{"rendered":"0150 &#8211; Canap\u00e9-lit Seth"},"content":{"rendered":"<p>Ce canap\u00e9-lit (Sofabed, mod\u00e8le Seth) offre un couchage de 150 cm de large, deux accoudoirs et est livr\u00e9 avec un matelas Tempur de 14 cm. R\u00e9alis\u00e9 en tissu (Beverly) avec un confort d&#8217;assise standard et des pieds m\u00e9talliques noirs. La version pr\u00e9sent\u00e9e est livr\u00e9e \u00e0 partir de 3.324 euros. D&#8217;autres choix de tissus sont possibles &#8211; renseignez-vous aupr\u00e8s de nos vendeurs.<\/p>\n","protected":false},"excerpt":{"rendered":"<p>Canap\u00e9-lit confortable (150 cm) avec 2 accoudoirs, matelas Tempur inclus (14 cm). Tissu, confort d&#8217;assise standard, pieds m\u00e9talliques noirs.<\/p>\n","protected":false},"featured_media":1032201,"comment_status":"open","ping_status":"closed","template":"","meta":{"_relevanssi_hide_post":"","_relevanssi_hide_content":"","_relevanssi_pin_for_all":"","_relevanssi_pin_keywords":"","_relevanssi_unpin_keywords":"","_relevanssi_related_keywords":"","_relevanssi_related_include_ids":"","_relevanssi_related_exclude_ids":"","_relevanssi_related_no_append":"","_relevanssi_related_not_related":"","_relevanssi_related_posts":"","_relevanssi_noindex_reason":""},"product_brand":[],"product_cat":[1332],"product_tag":[],"class_list":["post-1032200","product","type-product","status-publish","has-post-thumbnail","product_cat-zetelbedden_fr_BE","first","instock","taxable","shipping-taxable","purchasable","product-type-simple"],"_links":{"self":[{"href":"https:\/\/www.moensmeubelen.be\/fr\/wp-json\/wp\/v2\/product\/1032200","targetHints":{"allow":["GET"]}}],"collection":[{"href":"https:\/\/www.moensmeubelen.be\/fr\/wp-json\/wp\/v2\/product"}],"about":[{"href":"https:\/\/www.moensmeubelen.be\/fr\/wp-json\/wp\/v2\/types\/product"}],"replies":[{"embeddable":true,"href":"https:\/\/www.moensmeubelen.be\/fr\/wp-json\/wp\/v2\/comments?post=1032200"}],"wp:featuredmedia":[{"embeddable":true,"href":"https:\/\/www.moensmeubelen.be\/fr\/wp-json\/wp\/v2\/media\/1032201"}],"wp:attachment":[{"href":"https:\/\/www.moensmeubelen.be\/fr\/wp-json\/wp\/v2\/media?parent=1032200"}],"wp:term":[{"taxonomy":"product_brand","embeddable":true,"href":"https:\/\/www.moensmeubelen.be\/fr\/wp-json\/wp\/v2\/product_brand?post=1032200"},{"taxonomy":"product_cat","embeddable":true,"href":"https:\/\/www.moensmeubelen.be\/fr\/wp-json\/wp\/v2\/product_cat?post=1032200"},{"taxonomy":"product_tag","embeddable":true,"href":"https:\/\/www.moensmeubelen.be\/fr\/wp-json\/wp\/v2\/product_tag?post=1032200"}],"curies":[{"name":"wp","href":"https:\/\/api.w.org\/{rel}","templated":true}]}}