{"id":1032376,"date":"2026-07-13T22:36:36","date_gmt":"2026-07-13T20:36:36","guid":{"rendered":"https:\/\/www.moensmeubelen.be\/product\/0814-tyler-bauwens-mdr-fr_be\/"},"modified":"2026-07-13T22:36:40","modified_gmt":"2026-07-13T20:36:40","slug":"0814-tyler-bauwens-mdr-fr_be","status":"publish","type":"product","link":"https:\/\/www.moensmeubelen.be\/fr\/produit\/0814-tyler-bauwens-mdr-fr_be\/","title":{"rendered":"0814 &#8211; Salle \u00e0 manger Tyler"},"content":{"rendered":"<p>Cette salle \u00e0 manger Tyler (Bauwens-MDR) est r\u00e9alis\u00e9e en urban oak et comprend, dans la pr\u00e9sentation montr\u00e9e, une table ronde 150 cm (150&#215;150 H77), un bahut 243 (L243 H90), un bar 116 (L116 H185), un meuble TV 163 (L163 H56) et une table de salon 130 (L130 H45). La pr\u00e9sentation montr\u00e9e est livr\u00e9e \u00e0 partir de 3.390 euros. Pi\u00e8ces s\u00e9par\u00e9es, autres dimensions et finitions possibles &#8211; renseignez-vous aupr\u00e8s de nos vendeurs.<\/p>\n","protected":false},"excerpt":{"rendered":"<p>Salle \u00e0 manger Tyler (Bauwens-MDR) en urban oak : table ronde 150 cm, bahut 243, bar 116, meuble TV 163 et table de salon 130.<\/p>\n","protected":false},"featured_media":1032377,"comment_status":"open","ping_status":"closed","template":"","meta":{"_relevanssi_hide_post":"","_relevanssi_hide_content":"","_relevanssi_pin_for_all":"","_relevanssi_pin_keywords":"","_relevanssi_unpin_keywords":"","_relevanssi_related_keywords":"","_relevanssi_related_include_ids":"","_relevanssi_related_exclude_ids":"","_relevanssi_related_no_append":"","_relevanssi_related_not_related":"","_relevanssi_related_posts":"","_relevanssi_noindex_reason":""},"product_brand":[],"product_cat":[1775],"product_tag":[],"class_list":["post-1032376","product","type-product","status-publish","has-post-thumbnail","product_cat-wonen_fr_BE","first","instock","taxable","shipping-taxable","purchasable","product-type-simple"],"_links":{"self":[{"href":"https:\/\/www.moensmeubelen.be\/fr\/wp-json\/wp\/v2\/product\/1032376","targetHints":{"allow":["GET"]}}],"collection":[{"href":"https:\/\/www.moensmeubelen.be\/fr\/wp-json\/wp\/v2\/product"}],"about":[{"href":"https:\/\/www.moensmeubelen.be\/fr\/wp-json\/wp\/v2\/types\/product"}],"replies":[{"embeddable":true,"href":"https:\/\/www.moensmeubelen.be\/fr\/wp-json\/wp\/v2\/comments?post=1032376"}],"wp:featuredmedia":[{"embeddable":true,"href":"https:\/\/www.moensmeubelen.be\/fr\/wp-json\/wp\/v2\/media\/1032377"}],"wp:attachment":[{"href":"https:\/\/www.moensmeubelen.be\/fr\/wp-json\/wp\/v2\/media?parent=1032376"}],"wp:term":[{"taxonomy":"product_brand","embeddable":true,"href":"https:\/\/www.moensmeubelen.be\/fr\/wp-json\/wp\/v2\/product_brand?post=1032376"},{"taxonomy":"product_cat","embeddable":true,"href":"https:\/\/www.moensmeubelen.be\/fr\/wp-json\/wp\/v2\/product_cat?post=1032376"},{"taxonomy":"product_tag","embeddable":true,"href":"https:\/\/www.moensmeubelen.be\/fr\/wp-json\/wp\/v2\/product_tag?post=1032376"}],"curies":[{"name":"wp","href":"https:\/\/api.w.org\/{rel}","templated":true}]}}