{"id":1032430,"date":"2026-07-13T22:38:00","date_gmt":"2026-07-13T20:38:00","guid":{"rendered":"https:\/\/www.moensmeubelen.be\/product\/0820-curvo-denolf-fr_be\/"},"modified":"2026-07-13T22:38:06","modified_gmt":"2026-07-13T20:38:06","slug":"0820-curvo-denolf-fr_be","status":"publish","type":"product","link":"https:\/\/www.moensmeubelen.be\/fr\/produit\/0820-curvo-denolf-fr_be\/","title":{"rendered":"0820 &#8211; Salle \u00e0 manger Curvo"},"content":{"rendered":"<p>Cette salle \u00e0 manger exclusive Curvo (Michel Denolf) est r\u00e9alis\u00e9e en ch\u00eane weng\u00e9 clair et comprend, dans la pr\u00e9sentation montr\u00e9e, une table Fungo avec plateau en Aqua Sensa Kei (AS15) et pied en ch\u00eane weng\u00e9 clair (210&#215;76), un bahut 5 portes avec tablette en bois (L260 H80) et une armoire 3 portes (L140 H170). La pr\u00e9sentation montr\u00e9e est livr\u00e9e \u00e0 partir de 14.220 euros. Pi\u00e8ces s\u00e9par\u00e9es, autres dimensions et finitions possibles &#8211; renseignez-vous aupr\u00e8s de nos vendeurs.<\/p>\n","protected":false},"excerpt":{"rendered":"<p>Salle \u00e0 manger exclusive Curvo (Michel Denolf) en ch\u00eane weng\u00e9 clair : table Fungo avec plateau Aqua Sensa Kei, bahut 5 portes et armoire 3 portes.<\/p>\n","protected":false},"featured_media":1032462,"comment_status":"open","ping_status":"closed","template":"","meta":{"_relevanssi_hide_post":"","_relevanssi_hide_content":"","_relevanssi_pin_for_all":"","_relevanssi_pin_keywords":"","_relevanssi_unpin_keywords":"","_relevanssi_related_keywords":"","_relevanssi_related_include_ids":"","_relevanssi_related_exclude_ids":"","_relevanssi_related_no_append":"","_relevanssi_related_not_related":"","_relevanssi_related_posts":"","_relevanssi_noindex_reason":""},"product_brand":[],"product_cat":[1775],"product_tag":[],"class_list":["post-1032430","product","type-product","status-publish","has-post-thumbnail","product_cat-wonen_fr_BE","first","instock","taxable","shipping-taxable","purchasable","product-type-simple"],"_links":{"self":[{"href":"https:\/\/www.moensmeubelen.be\/fr\/wp-json\/wp\/v2\/product\/1032430","targetHints":{"allow":["GET"]}}],"collection":[{"href":"https:\/\/www.moensmeubelen.be\/fr\/wp-json\/wp\/v2\/product"}],"about":[{"href":"https:\/\/www.moensmeubelen.be\/fr\/wp-json\/wp\/v2\/types\/product"}],"replies":[{"embeddable":true,"href":"https:\/\/www.moensmeubelen.be\/fr\/wp-json\/wp\/v2\/comments?post=1032430"}],"wp:featuredmedia":[{"embeddable":true,"href":"https:\/\/www.moensmeubelen.be\/fr\/wp-json\/wp\/v2\/media\/1032462"}],"wp:attachment":[{"href":"https:\/\/www.moensmeubelen.be\/fr\/wp-json\/wp\/v2\/media?parent=1032430"}],"wp:term":[{"taxonomy":"product_brand","embeddable":true,"href":"https:\/\/www.moensmeubelen.be\/fr\/wp-json\/wp\/v2\/product_brand?post=1032430"},{"taxonomy":"product_cat","embeddable":true,"href":"https:\/\/www.moensmeubelen.be\/fr\/wp-json\/wp\/v2\/product_cat?post=1032430"},{"taxonomy":"product_tag","embeddable":true,"href":"https:\/\/www.moensmeubelen.be\/fr\/wp-json\/wp\/v2\/product_tag?post=1032430"}],"curies":[{"name":"wp","href":"https:\/\/api.w.org\/{rel}","templated":true}]}}