{"id":712052,"date":"2026-04-23T00:00:00","date_gmt":"2026-04-23T00:00:00","guid":{"rendered":""},"modified":"2026-04-23T22:39:54","modified_gmt":"2026-04-23T20:39:54","slug":"38323001-fr_BE","status":"publish","type":"product","link":"https:\/\/www.moensmeubelen.be\/fr\/produit\/38323001-fr_BE\/","title":{"rendered":"Napels, appui-tete"},"content":{"rendered":"<p>Avec un appuie-t\u00eate, votre canap\u00e9 sera encore plus confortable. C\u2019est pourquoi les canap\u00e9s de la collection Napels sont pourvus de cette option. C\u2019est vous, le client, qui d\u00e9cidez si vous souhaitez ajouter un appuie-t\u00eate \u00e0 votre canap\u00e9. Et ceci est valable pour toute la collection Napels. Vous pouvez choisir l\u2019agencement, les accoudoirs, les pieds, la hauteur d\u2019assise, le rev\u00eatement et bien plus encore. Ainsi, vous composez votre canap\u00e9 id\u00e9al, celui qui vous apportera le plus de plaisir.<\/p>\n","protected":false},"excerpt":{"rendered":"<p>Napels, appui-tete<\/p>\n","protected":false},"featured_media":944184,"comment_status":"open","ping_status":"open","template":"","meta":{"_relevanssi_hide_post":"","_relevanssi_hide_content":"","_relevanssi_pin_for_all":"","_relevanssi_pin_keywords":"","_relevanssi_unpin_keywords":"","_relevanssi_related_keywords":"","_relevanssi_related_include_ids":"","_relevanssi_related_exclude_ids":"","_relevanssi_related_no_append":"","_relevanssi_related_not_related":"","_relevanssi_related_posts":"","_relevanssi_noindex_reason":""},"product_brand":[],"product_cat":[24213],"product_tag":[],"class_list":["post-712052","product","type-product","status-publish","has-post-thumbnail","product_cat-hoeksalon_fr_be-zetels_fr_BE","first","onbackorder","taxable","shipping-taxable","purchasable","product-type-simple"],"_links":{"self":[{"href":"https:\/\/www.moensmeubelen.be\/fr\/wp-json\/wp\/v2\/product\/712052","targetHints":{"allow":["GET"]}}],"collection":[{"href":"https:\/\/www.moensmeubelen.be\/fr\/wp-json\/wp\/v2\/product"}],"about":[{"href":"https:\/\/www.moensmeubelen.be\/fr\/wp-json\/wp\/v2\/types\/product"}],"replies":[{"embeddable":true,"href":"https:\/\/www.moensmeubelen.be\/fr\/wp-json\/wp\/v2\/comments?post=712052"}],"wp:featuredmedia":[{"embeddable":true,"href":"https:\/\/www.moensmeubelen.be\/fr\/wp-json\/wp\/v2\/media\/944184"}],"wp:attachment":[{"href":"https:\/\/www.moensmeubelen.be\/fr\/wp-json\/wp\/v2\/media?parent=712052"}],"wp:term":[{"taxonomy":"product_brand","embeddable":true,"href":"https:\/\/www.moensmeubelen.be\/fr\/wp-json\/wp\/v2\/product_brand?post=712052"},{"taxonomy":"product_cat","embeddable":true,"href":"https:\/\/www.moensmeubelen.be\/fr\/wp-json\/wp\/v2\/product_cat?post=712052"},{"taxonomy":"product_tag","embeddable":true,"href":"https:\/\/www.moensmeubelen.be\/fr\/wp-json\/wp\/v2\/product_tag?post=712052"}],"curies":[{"name":"wp","href":"https:\/\/api.w.org\/{rel}","templated":true}]}}