{"id":713301,"date":"2026-06-26T00:00:00","date_gmt":"2026-06-26T00:00:00","guid":{"rendered":""},"modified":"2026-06-26T10:35:44","modified_gmt":"2026-06-26T08:35:44","slug":"36689OKE-fr_BE","status":"publish","type":"product","link":"https:\/\/www.moensmeubelen.be\/fr\/produit\/36689OKE-fr_BE\/","title":{"rendered":"Manou, fauteuil &#8211; off black &#8211; tissu Karese &#8211; Jaune ocre"},"content":{"rendered":"<p>La chaise avec accoudoirs Manou a un design moderne avec un aspect luxueux. Le cadre de la chaise est en m\u00e9tal de couleur noire. Le fauteuil est recouvert du tissu microfibre Karese, \u00e0 la fois doux et solide. Le dossier et l\\&#8217;assise sont matelass\u00e9s, ce qui donne \u00e0 la chaise un aspect tr\u00e8s chic. Le rev\u00eatement de cette chaise moderne est en ocre.<\/p>\n","protected":false},"excerpt":{"rendered":"<p>Manou, fauteuil &#8211; off black &#8211; tissu Karese &#8211; Jaune ocre<\/p>\n","protected":false},"featured_media":981151,"comment_status":"open","ping_status":"open","template":"","meta":{"_relevanssi_hide_post":"","_relevanssi_hide_content":"","_relevanssi_pin_for_all":"","_relevanssi_pin_keywords":"","_relevanssi_unpin_keywords":"","_relevanssi_related_keywords":"","_relevanssi_related_include_ids":"","_relevanssi_related_exclude_ids":"","_relevanssi_related_no_append":"","_relevanssi_related_not_related":"","_relevanssi_related_posts":"","_relevanssi_noindex_reason":""},"product_brand":[],"product_cat":[24145],"product_tag":[],"class_list":["post-713301","product","type-product","status-publish","has-post-thumbnail","product_cat-Armstoelen_fr_BE","first","onbackorder","sale","taxable","shipping-taxable","purchasable","product-type-simple"],"_links":{"self":[{"href":"https:\/\/www.moensmeubelen.be\/fr\/wp-json\/wp\/v2\/product\/713301","targetHints":{"allow":["GET"]}}],"collection":[{"href":"https:\/\/www.moensmeubelen.be\/fr\/wp-json\/wp\/v2\/product"}],"about":[{"href":"https:\/\/www.moensmeubelen.be\/fr\/wp-json\/wp\/v2\/types\/product"}],"replies":[{"embeddable":true,"href":"https:\/\/www.moensmeubelen.be\/fr\/wp-json\/wp\/v2\/comments?post=713301"}],"wp:featuredmedia":[{"embeddable":true,"href":"https:\/\/www.moensmeubelen.be\/fr\/wp-json\/wp\/v2\/media\/981151"}],"wp:attachment":[{"href":"https:\/\/www.moensmeubelen.be\/fr\/wp-json\/wp\/v2\/media?parent=713301"}],"wp:term":[{"taxonomy":"product_brand","embeddable":true,"href":"https:\/\/www.moensmeubelen.be\/fr\/wp-json\/wp\/v2\/product_brand?post=713301"},{"taxonomy":"product_cat","embeddable":true,"href":"https:\/\/www.moensmeubelen.be\/fr\/wp-json\/wp\/v2\/product_cat?post=713301"},{"taxonomy":"product_tag","embeddable":true,"href":"https:\/\/www.moensmeubelen.be\/fr\/wp-json\/wp\/v2\/product_tag?post=713301"}],"curies":[{"name":"wp","href":"https:\/\/api.w.org\/{rel}","templated":true}]}}