{"id":713533,"date":"2026-04-16T00:00:00","date_gmt":"2026-04-16T00:00:00","guid":{"rendered":""},"modified":"2026-04-16T14:26:24","modified_gmt":"2026-04-16T12:26:24","slug":"36767KOP-fr_BE","status":"publish","type":"product","link":"https:\/\/www.moensmeubelen.be\/fr\/produit\/36767KOP-fr_BE\/","title":{"rendered":"Mischa, chaise &#8211; 4 pieds + poignee &#8211; tissu karese &#8211; cuivre"},"content":{"rendered":"<p>La chaise de salle \u00e0 manger moderne Mischa est disponible en plusieurs versions et coloris. Cette version est tapiss\u00e9e de tissu Karese dans la couleur cuivre. Le karese est un tissu facile \u00e0 entretenir qui a l\\&#8217;aspect chaud et luxueux du velours. Les pieds de la chaise sont en m\u00e9tal noir. Le dossier de cette chaise confortable est dot\u00e9 d\\&#8217;une poign\u00e9e pratique. Cette chaise est disponible avec ou sans accoudoirs.<\/p>\n","protected":false},"excerpt":{"rendered":"<p>Mischa, chaise &#8211; 4 pieds + poignee &#8211; tissu karese &#8211; cuivre<\/p>\n","protected":false},"featured_media":943714,"comment_status":"open","ping_status":"open","template":"","meta":{"_relevanssi_hide_post":"","_relevanssi_hide_content":"","_relevanssi_pin_for_all":"","_relevanssi_pin_keywords":"","_relevanssi_unpin_keywords":"","_relevanssi_related_keywords":"","_relevanssi_related_include_ids":"","_relevanssi_related_exclude_ids":"","_relevanssi_related_no_append":"","_relevanssi_related_not_related":"","_relevanssi_related_posts":"","_relevanssi_noindex_reason":""},"product_brand":[],"product_cat":[1370],"product_tag":[],"class_list":["post-713533","product","type-product","status-publish","has-post-thumbnail","product_cat-eetkamerstoelen_fr_BE","first","onbackorder","taxable","shipping-taxable","purchasable","product-type-simple"],"_links":{"self":[{"href":"https:\/\/www.moensmeubelen.be\/fr\/wp-json\/wp\/v2\/product\/713533","targetHints":{"allow":["GET"]}}],"collection":[{"href":"https:\/\/www.moensmeubelen.be\/fr\/wp-json\/wp\/v2\/product"}],"about":[{"href":"https:\/\/www.moensmeubelen.be\/fr\/wp-json\/wp\/v2\/types\/product"}],"replies":[{"embeddable":true,"href":"https:\/\/www.moensmeubelen.be\/fr\/wp-json\/wp\/v2\/comments?post=713533"}],"wp:featuredmedia":[{"embeddable":true,"href":"https:\/\/www.moensmeubelen.be\/fr\/wp-json\/wp\/v2\/media\/943714"}],"wp:attachment":[{"href":"https:\/\/www.moensmeubelen.be\/fr\/wp-json\/wp\/v2\/media?parent=713533"}],"wp:term":[{"taxonomy":"product_brand","embeddable":true,"href":"https:\/\/www.moensmeubelen.be\/fr\/wp-json\/wp\/v2\/product_brand?post=713533"},{"taxonomy":"product_cat","embeddable":true,"href":"https:\/\/www.moensmeubelen.be\/fr\/wp-json\/wp\/v2\/product_cat?post=713533"},{"taxonomy":"product_tag","embeddable":true,"href":"https:\/\/www.moensmeubelen.be\/fr\/wp-json\/wp\/v2\/product_tag?post=713533"}],"curies":[{"name":"wp","href":"https:\/\/api.w.org\/{rel}","templated":true}]}}