{"id":714611,"date":"2026-04-26T00:00:00","date_gmt":"2026-04-26T00:00:00","guid":{"rendered":""},"modified":"2026-04-26T22:47:29","modified_gmt":"2026-04-26T20:47:29","slug":"38301001-fr_BE","status":"publish","type":"product","link":"https:\/\/www.moensmeubelen.be\/fr\/produit\/38301001-fr_BE\/","title":{"rendered":"Napels, 2-places"},"content":{"rendered":"<p>Ce canap\u00e9 deux places fait partie de la collection Napels. Cette collection permet de personnaliser l\u2019apparence de votre canap\u00e9 jusque dans les moindres d\u00e9tails. Accoudoirs, pieds, hauteur et profondeur d\u2019assise, dossier fixe ou r\u00e9glable, avec ou sans fonction relax. Bref, une foule de possibilit\u00e9s. Vous pouvez aussi choisir le rev\u00eatement : tissu, cuir ou un m\u00e9lange des deux.<\/p>\n","protected":false},"excerpt":{"rendered":"<p>Napels, 2-places<\/p>\n","protected":false},"featured_media":944156,"comment_status":"open","ping_status":"open","template":"","meta":{"_relevanssi_hide_post":"","_relevanssi_hide_content":"","_relevanssi_pin_for_all":"","_relevanssi_pin_keywords":"","_relevanssi_unpin_keywords":"","_relevanssi_related_keywords":"","_relevanssi_related_include_ids":"","_relevanssi_related_exclude_ids":"","_relevanssi_related_no_append":"","_relevanssi_related_not_related":"","_relevanssi_related_posts":"","_relevanssi_noindex_reason":""},"product_brand":[],"product_cat":[5647],"product_tag":[],"class_list":["post-714611","product","type-product","status-publish","has-post-thumbnail","product_cat-zetels_l2_fr_BE","first","onbackorder","taxable","shipping-taxable","purchasable","product-type-simple"],"_links":{"self":[{"href":"https:\/\/www.moensmeubelen.be\/fr\/wp-json\/wp\/v2\/product\/714611","targetHints":{"allow":["GET"]}}],"collection":[{"href":"https:\/\/www.moensmeubelen.be\/fr\/wp-json\/wp\/v2\/product"}],"about":[{"href":"https:\/\/www.moensmeubelen.be\/fr\/wp-json\/wp\/v2\/types\/product"}],"replies":[{"embeddable":true,"href":"https:\/\/www.moensmeubelen.be\/fr\/wp-json\/wp\/v2\/comments?post=714611"}],"wp:featuredmedia":[{"embeddable":true,"href":"https:\/\/www.moensmeubelen.be\/fr\/wp-json\/wp\/v2\/media\/944156"}],"wp:attachment":[{"href":"https:\/\/www.moensmeubelen.be\/fr\/wp-json\/wp\/v2\/media?parent=714611"}],"wp:term":[{"taxonomy":"product_brand","embeddable":true,"href":"https:\/\/www.moensmeubelen.be\/fr\/wp-json\/wp\/v2\/product_brand?post=714611"},{"taxonomy":"product_cat","embeddable":true,"href":"https:\/\/www.moensmeubelen.be\/fr\/wp-json\/wp\/v2\/product_cat?post=714611"},{"taxonomy":"product_tag","embeddable":true,"href":"https:\/\/www.moensmeubelen.be\/fr\/wp-json\/wp\/v2\/product_tag?post=714611"}],"curies":[{"name":"wp","href":"https:\/\/api.w.org\/{rel}","templated":true}]}}