{"id":715241,"date":"2026-04-17T00:00:00","date_gmt":"2026-04-17T00:00:00","guid":{"rendered":""},"modified":"2026-04-17T16:49:53","modified_gmt":"2026-04-17T14:49:53","slug":"39911RWB-fr_BE","status":"publish","type":"product","link":"https:\/\/www.moensmeubelen.be\/fr\/produit\/39911RWB-fr_BE\/","title":{"rendered":"Jardino, table 200 x 100 cm &#8211; pied central"},"content":{"rendered":"<p>Cette table \u00e0 manger en bois de ch\u00eane fait partie de la collection Jardino sign\u00e9e Henders &#038; Hazel. Ce meuble de 200 cm x 100 cm est dot\u00e9 d\u2019un pied central original au design particulier. Son atout? Aucun convive n\u2019a de pied de table dans les jambes. Vous pouvez donc placer des chaises tout autour de la table. Cette splendide table \u00e0 manger contemporaine s\u2019int\u00e8gre dans la plupart des int\u00e9rieurs. Ce mod\u00e8le Railway Brown se d\u00e9cline dans trois dimensions.<\/p>\n","protected":false},"excerpt":{"rendered":"<p>Jardino, table 200 x 100 cm &#8211; pied central<\/p>\n","protected":false},"featured_media":944435,"comment_status":"open","ping_status":"open","template":"","meta":{"_relevanssi_hide_post":"","_relevanssi_hide_content":"","_relevanssi_pin_for_all":"","_relevanssi_pin_keywords":"","_relevanssi_unpin_keywords":"","_relevanssi_related_keywords":"","_relevanssi_related_include_ids":"","_relevanssi_related_exclude_ids":"","_relevanssi_related_no_append":"","_relevanssi_related_not_related":"","_relevanssi_related_posts":"","_relevanssi_noindex_reason":""},"product_brand":[],"product_cat":[1315],"product_tag":[],"class_list":["post-715241","product","type-product","status-publish","has-post-thumbnail","product_cat-eettafels_fr_BE","first","onbackorder","taxable","shipping-taxable","purchasable","product-type-simple"],"_links":{"self":[{"href":"https:\/\/www.moensmeubelen.be\/fr\/wp-json\/wp\/v2\/product\/715241","targetHints":{"allow":["GET"]}}],"collection":[{"href":"https:\/\/www.moensmeubelen.be\/fr\/wp-json\/wp\/v2\/product"}],"about":[{"href":"https:\/\/www.moensmeubelen.be\/fr\/wp-json\/wp\/v2\/types\/product"}],"replies":[{"embeddable":true,"href":"https:\/\/www.moensmeubelen.be\/fr\/wp-json\/wp\/v2\/comments?post=715241"}],"wp:featuredmedia":[{"embeddable":true,"href":"https:\/\/www.moensmeubelen.be\/fr\/wp-json\/wp\/v2\/media\/944435"}],"wp:attachment":[{"href":"https:\/\/www.moensmeubelen.be\/fr\/wp-json\/wp\/v2\/media?parent=715241"}],"wp:term":[{"taxonomy":"product_brand","embeddable":true,"href":"https:\/\/www.moensmeubelen.be\/fr\/wp-json\/wp\/v2\/product_brand?post=715241"},{"taxonomy":"product_cat","embeddable":true,"href":"https:\/\/www.moensmeubelen.be\/fr\/wp-json\/wp\/v2\/product_cat?post=715241"},{"taxonomy":"product_tag","embeddable":true,"href":"https:\/\/www.moensmeubelen.be\/fr\/wp-json\/wp\/v2\/product_tag?post=715241"}],"curies":[{"name":"wp","href":"https:\/\/api.w.org\/{rel}","templated":true}]}}