{"id":719990,"date":"2026-06-28T00:00:00","date_gmt":"2026-06-28T00:00:00","guid":{"rendered":""},"modified":"2026-06-28T20:33:12","modified_gmt":"2026-06-28T18:33:12","slug":"45786ANT-fr_BE","status":"publish","type":"product","link":"https:\/\/www.moensmeubelen.be\/fr\/produit\/45786ANT-fr_BE\/","title":{"rendered":"Masura, table ellipse &#8211; 220 x 105 cm &#8211; Anthracite"},"content":{"rendered":"<p>Vous r\u00eavez d\\&#8217;une immense table design pour travailler, lire, manger et discuter\u00a0? D\u00e9couvrez la table MASURA. Cette table hors du commun mesure 220 x 105 cm. Elle poss\u00e8de un plateau en HPL de forme elliptique et un pi\u00e9tement en m\u00e9tal noir. \u00c0 vous de d\u00e9terminer le look de votre table en choisissant votre coloris pr\u00e9f\u00e9r\u00e9. Allez-vous opter pour un aspect marbre blanc ou ch\u00eane naturel\u00a0? C\u00e9ramique anthracite ou rouille\u00a0? MASURA existe aussi dans un format plus petit.<\/p>\n","protected":false},"excerpt":{"rendered":"<p>Masura, table ellipse &#8211; 220 x 105 cm &#8211; Anthracite<\/p>\n","protected":false},"featured_media":1001070,"comment_status":"open","ping_status":"open","template":"","meta":{"_relevanssi_hide_post":"","_relevanssi_hide_content":"","_relevanssi_pin_for_all":"","_relevanssi_pin_keywords":"","_relevanssi_unpin_keywords":"","_relevanssi_related_keywords":"","_relevanssi_related_include_ids":"","_relevanssi_related_exclude_ids":"","_relevanssi_related_no_append":"","_relevanssi_related_not_related":"","_relevanssi_related_posts":"","_relevanssi_noindex_reason":""},"product_brand":[],"product_cat":[1315],"product_tag":[],"class_list":["post-719990","product","type-product","status-publish","has-post-thumbnail","product_cat-eettafels_fr_BE","first","onbackorder","taxable","shipping-taxable","purchasable","product-type-simple"],"_links":{"self":[{"href":"https:\/\/www.moensmeubelen.be\/fr\/wp-json\/wp\/v2\/product\/719990","targetHints":{"allow":["GET"]}}],"collection":[{"href":"https:\/\/www.moensmeubelen.be\/fr\/wp-json\/wp\/v2\/product"}],"about":[{"href":"https:\/\/www.moensmeubelen.be\/fr\/wp-json\/wp\/v2\/types\/product"}],"replies":[{"embeddable":true,"href":"https:\/\/www.moensmeubelen.be\/fr\/wp-json\/wp\/v2\/comments?post=719990"}],"wp:featuredmedia":[{"embeddable":true,"href":"https:\/\/www.moensmeubelen.be\/fr\/wp-json\/wp\/v2\/media\/1001070"}],"wp:attachment":[{"href":"https:\/\/www.moensmeubelen.be\/fr\/wp-json\/wp\/v2\/media?parent=719990"}],"wp:term":[{"taxonomy":"product_brand","embeddable":true,"href":"https:\/\/www.moensmeubelen.be\/fr\/wp-json\/wp\/v2\/product_brand?post=719990"},{"taxonomy":"product_cat","embeddable":true,"href":"https:\/\/www.moensmeubelen.be\/fr\/wp-json\/wp\/v2\/product_cat?post=719990"},{"taxonomy":"product_tag","embeddable":true,"href":"https:\/\/www.moensmeubelen.be\/fr\/wp-json\/wp\/v2\/product_tag?post=719990"}],"curies":[{"name":"wp","href":"https:\/\/api.w.org\/{rel}","templated":true}]}}