{"id":723068,"date":"2026-06-23T00:00:00","date_gmt":"2026-06-23T00:00:00","guid":{"rendered":""},"modified":"2026-06-23T18:09:11","modified_gmt":"2026-06-23T16:09:11","slug":"46541GOU-fr_BE","status":"publish","type":"product","link":"https:\/\/www.moensmeubelen.be\/fr\/produit\/46541GOU-fr_BE\/","title":{"rendered":"Dorval, table basse 60 x 60 cm"},"content":{"rendered":"<p>Cette table basse de la s\u00e9rie Dorval est enti\u00e8rement en m\u00e9tal et arbore une forme organique en galet. Le plateau est de couleur dor\u00e9e, tout comme les pieds. Avec des dimensions de 60&#215;60 cm et une hauteur de 40 cm, elle est parfaite en tant que table basse individuelle, mais s\u2019harmonise \u00e9galement \u00e0 merveille en ensemble avec les mod\u00e8les plus grands et\/ou plus petits de la s\u00e9rie. Quelle combinaison choisirez-vous ?<\/p>\n","protected":false},"excerpt":{"rendered":"<p>Dorval, table basse 60 x 60 cm<\/p>\n","protected":false},"featured_media":979719,"comment_status":"open","ping_status":"open","template":"","meta":{"_relevanssi_hide_post":"","_relevanssi_hide_content":"","_relevanssi_pin_for_all":"","_relevanssi_pin_keywords":"","_relevanssi_unpin_keywords":"","_relevanssi_related_keywords":"","_relevanssi_related_include_ids":"","_relevanssi_related_exclude_ids":"","_relevanssi_related_no_append":"","_relevanssi_related_not_related":"","_relevanssi_related_posts":"","_relevanssi_noindex_reason":""},"product_brand":[],"product_cat":[5643],"product_tag":[],"class_list":["post-723068","product","type-product","status-publish","has-post-thumbnail","product_cat-bijzettafels_fr_BE","first","onbackorder","taxable","shipping-taxable","purchasable","product-type-simple"],"_links":{"self":[{"href":"https:\/\/www.moensmeubelen.be\/fr\/wp-json\/wp\/v2\/product\/723068","targetHints":{"allow":["GET"]}}],"collection":[{"href":"https:\/\/www.moensmeubelen.be\/fr\/wp-json\/wp\/v2\/product"}],"about":[{"href":"https:\/\/www.moensmeubelen.be\/fr\/wp-json\/wp\/v2\/types\/product"}],"replies":[{"embeddable":true,"href":"https:\/\/www.moensmeubelen.be\/fr\/wp-json\/wp\/v2\/comments?post=723068"}],"wp:featuredmedia":[{"embeddable":true,"href":"https:\/\/www.moensmeubelen.be\/fr\/wp-json\/wp\/v2\/media\/979719"}],"wp:attachment":[{"href":"https:\/\/www.moensmeubelen.be\/fr\/wp-json\/wp\/v2\/media?parent=723068"}],"wp:term":[{"taxonomy":"product_brand","embeddable":true,"href":"https:\/\/www.moensmeubelen.be\/fr\/wp-json\/wp\/v2\/product_brand?post=723068"},{"taxonomy":"product_cat","embeddable":true,"href":"https:\/\/www.moensmeubelen.be\/fr\/wp-json\/wp\/v2\/product_cat?post=723068"},{"taxonomy":"product_tag","embeddable":true,"href":"https:\/\/www.moensmeubelen.be\/fr\/wp-json\/wp\/v2\/product_tag?post=723068"}],"curies":[{"name":"wp","href":"https:\/\/api.w.org\/{rel}","templated":true}]}}