{"id":724414,"date":"2026-06-28T00:00:00","date_gmt":"2026-06-28T00:00:00","guid":{"rendered":""},"modified":"2026-06-28T20:48:12","modified_gmt":"2026-06-28T18:48:12","slug":"46904ONX-fr_BE","status":"publish","type":"product","link":"https:\/\/www.moensmeubelen.be\/fr\/produit\/46904ONX-fr_BE\/","title":{"rendered":"Minato, table basse 75 x 45 cm. &#8211; Onyx"},"content":{"rendered":"<p>Pimentez votre s\u00e9jour avec cette table basse aspect marbre onyx de la s\u00e9rie de tables MINATO. Cette table basse de 75 x 45 cm est \u00e9quip\u00e9e d\\&#8217;un plateau en MDF de grande qualit\u00e9 avec une finition en Primo Laminato (HPL). MINATO poss\u00e8de un pi\u00e9tement en m\u00e9tal de couleur graphite. La forme du plateau produit un effet d\u00e9contract\u00e9 dans votre s\u00e9jour. Enfin, cette table basse s\\&#8217;associe joliment avec les autres exemplaires de la s\u00e9rie MINATO.<\/p>\n","protected":false},"excerpt":{"rendered":"<p>Minato, table basse 75 x 45 cm. &#8211; Onyx<\/p>\n","protected":false},"featured_media":1001714,"comment_status":"open","ping_status":"open","template":"","meta":{"_relevanssi_hide_post":"","_relevanssi_hide_content":"","_relevanssi_pin_for_all":"","_relevanssi_pin_keywords":"","_relevanssi_unpin_keywords":"","_relevanssi_related_keywords":"","_relevanssi_related_include_ids":"","_relevanssi_related_exclude_ids":"","_relevanssi_related_no_append":"","_relevanssi_related_not_related":"","_relevanssi_related_posts":"","_relevanssi_noindex_reason":""},"product_brand":[],"product_cat":[1385],"product_tag":[],"class_list":["post-724414","product","type-product","status-publish","has-post-thumbnail","product_cat-salontafels_fr_be","first","onbackorder","sale","taxable","shipping-taxable","purchasable","product-type-simple"],"_links":{"self":[{"href":"https:\/\/www.moensmeubelen.be\/fr\/wp-json\/wp\/v2\/product\/724414","targetHints":{"allow":["GET"]}}],"collection":[{"href":"https:\/\/www.moensmeubelen.be\/fr\/wp-json\/wp\/v2\/product"}],"about":[{"href":"https:\/\/www.moensmeubelen.be\/fr\/wp-json\/wp\/v2\/types\/product"}],"replies":[{"embeddable":true,"href":"https:\/\/www.moensmeubelen.be\/fr\/wp-json\/wp\/v2\/comments?post=724414"}],"wp:featuredmedia":[{"embeddable":true,"href":"https:\/\/www.moensmeubelen.be\/fr\/wp-json\/wp\/v2\/media\/1001714"}],"wp:attachment":[{"href":"https:\/\/www.moensmeubelen.be\/fr\/wp-json\/wp\/v2\/media?parent=724414"}],"wp:term":[{"taxonomy":"product_brand","embeddable":true,"href":"https:\/\/www.moensmeubelen.be\/fr\/wp-json\/wp\/v2\/product_brand?post=724414"},{"taxonomy":"product_cat","embeddable":true,"href":"https:\/\/www.moensmeubelen.be\/fr\/wp-json\/wp\/v2\/product_cat?post=724414"},{"taxonomy":"product_tag","embeddable":true,"href":"https:\/\/www.moensmeubelen.be\/fr\/wp-json\/wp\/v2\/product_tag?post=724414"}],"curies":[{"name":"wp","href":"https:\/\/api.w.org\/{rel}","templated":true}]}}