{"id":724647,"date":"2026-07-13T00:00:00","date_gmt":"2026-07-13T00:00:00","guid":{"rendered":""},"modified":"2026-07-13T07:55:39","modified_gmt":"2026-07-13T05:55:39","slug":"46981NAT-fr_BE","status":"publish","type":"product","link":"https:\/\/www.moensmeubelen.be\/fr\/produit\/46981NAT-fr_BE\/","title":{"rendered":"Delmonte, table \u00e0 rallonge 200 (+ 80) x 100 cm"},"content":{"rendered":"<p>La collection Delmonte propose \u00e9galement une table \u00e0 rallonges de 200&#215;120 cm que l\\&#8217;on peut agrandir de 80 cm pour obtenir une table pour toute la famille de 280 cm. Cette table fabriqu\u00e9e en Primo Laminato (HPL) poss\u00e8de des pieds en m\u00e9tal avec une incrustation en HPL de la m\u00eame couleur. Comme les autres meubles de cette collection, ces tables sont de couleur Oak Natural et arborent un look plut\u00f4t classique. Elles sont du plus bel effet dans les int\u00e9rieurs authentiques. Le syst\u00e8me de rallonge de cette table est tr\u00e8s ing\u00e9nieux\u2092: des roulettes sont fix\u00e9es sous les pieds du c\u00f4t\u00e9 de la rallonge pour faciliter le syst\u00e8me de rallonge.<\/p>\n","protected":false},"excerpt":{"rendered":"<p>Delmonte, table \u00e0 rallonge 200 (+ 80) x 100 cm<\/p>\n","protected":false},"featured_media":1031431,"comment_status":"open","ping_status":"open","template":"","meta":{"_relevanssi_hide_post":"","_relevanssi_hide_content":"","_relevanssi_pin_for_all":"","_relevanssi_pin_keywords":"","_relevanssi_unpin_keywords":"","_relevanssi_related_keywords":"","_relevanssi_related_include_ids":"","_relevanssi_related_exclude_ids":"","_relevanssi_related_no_append":"","_relevanssi_related_not_related":"","_relevanssi_related_posts":"","_relevanssi_noindex_reason":""},"product_brand":[],"product_cat":[1315],"product_tag":[],"class_list":["post-724647","product","type-product","status-publish","has-post-thumbnail","product_cat-eettafels_fr_BE","first","onbackorder","taxable","shipping-taxable","purchasable","product-type-simple"],"_links":{"self":[{"href":"https:\/\/www.moensmeubelen.be\/fr\/wp-json\/wp\/v2\/product\/724647","targetHints":{"allow":["GET"]}}],"collection":[{"href":"https:\/\/www.moensmeubelen.be\/fr\/wp-json\/wp\/v2\/product"}],"about":[{"href":"https:\/\/www.moensmeubelen.be\/fr\/wp-json\/wp\/v2\/types\/product"}],"replies":[{"embeddable":true,"href":"https:\/\/www.moensmeubelen.be\/fr\/wp-json\/wp\/v2\/comments?post=724647"}],"wp:featuredmedia":[{"embeddable":true,"href":"https:\/\/www.moensmeubelen.be\/fr\/wp-json\/wp\/v2\/media\/1031431"}],"wp:attachment":[{"href":"https:\/\/www.moensmeubelen.be\/fr\/wp-json\/wp\/v2\/media?parent=724647"}],"wp:term":[{"taxonomy":"product_brand","embeddable":true,"href":"https:\/\/www.moensmeubelen.be\/fr\/wp-json\/wp\/v2\/product_brand?post=724647"},{"taxonomy":"product_cat","embeddable":true,"href":"https:\/\/www.moensmeubelen.be\/fr\/wp-json\/wp\/v2\/product_cat?post=724647"},{"taxonomy":"product_tag","embeddable":true,"href":"https:\/\/www.moensmeubelen.be\/fr\/wp-json\/wp\/v2\/product_tag?post=724647"}],"curies":[{"name":"wp","href":"https:\/\/api.w.org\/{rel}","templated":true}]}}