{"id":727743,"date":"2026-06-28T00:00:00","date_gmt":"2026-06-28T00:00:00","guid":{"rendered":""},"modified":"2026-08-11T11:40:09","modified_gmt":"2026-08-11T09:40:09","slug":"48387ZWA-fr_BE","status":"publish","type":"product","link":"https:\/\/www.moensmeubelen.be\/fr\/produit\/48387ZWA-fr_BE\/","title":{"rendered":"Dalila pot H20cm &#8211; noir"},"content":{"rendered":"<p>Vous recherchez un pot en c\u00e9ramique pour y planter une belle fleur ? Que pensez-vous du pot DALILA de la collection <strong>COCO<\/strong>maison ? Il est fabriqu\u00e9 en c\u00e9ramique et arbore une belle couleur noire. Le pot mesure 20 cm de haut et affiche un look mouchet\u00e9. Le pot DALILA est fabriqu\u00e9 \u00e0 la main au Portugal. Chaque pot est donc unique. Cet \u00e9l\u00e9ment incontournable existe \u00e9galement en trois tailles diff\u00e9rentes.<\/p>\n","protected":false},"excerpt":{"rendered":"<p>Dalila pot H20cm &#8211; noir<\/p>\n","protected":false},"featured_media":1002251,"comment_status":"open","ping_status":"open","template":"","meta":{"_relevanssi_hide_post":"","_relevanssi_hide_content":"","_relevanssi_pin_for_all":"","_relevanssi_pin_keywords":"","_relevanssi_unpin_keywords":"","_relevanssi_related_keywords":"","_relevanssi_related_include_ids":"","_relevanssi_related_exclude_ids":"","_relevanssi_related_no_append":"","_relevanssi_related_not_related":"","_relevanssi_related_posts":"","_relevanssi_noindex_reason":""},"product_brand":[],"product_cat":[24133],"product_tag":[],"class_list":["post-727743","product","type-product","status-publish","has-post-thumbnail","product_cat-Bloempot_fr_BE","first","onbackorder","taxable","shipping-taxable","purchasable","product-type-simple"],"_links":{"self":[{"href":"https:\/\/www.moensmeubelen.be\/fr\/wp-json\/wp\/v2\/product\/727743","targetHints":{"allow":["GET"]}}],"collection":[{"href":"https:\/\/www.moensmeubelen.be\/fr\/wp-json\/wp\/v2\/product"}],"about":[{"href":"https:\/\/www.moensmeubelen.be\/fr\/wp-json\/wp\/v2\/types\/product"}],"replies":[{"embeddable":true,"href":"https:\/\/www.moensmeubelen.be\/fr\/wp-json\/wp\/v2\/comments?post=727743"}],"wp:featuredmedia":[{"embeddable":true,"href":"https:\/\/www.moensmeubelen.be\/fr\/wp-json\/wp\/v2\/media\/1002251"}],"wp:attachment":[{"href":"https:\/\/www.moensmeubelen.be\/fr\/wp-json\/wp\/v2\/media?parent=727743"}],"wp:term":[{"taxonomy":"product_brand","embeddable":true,"href":"https:\/\/www.moensmeubelen.be\/fr\/wp-json\/wp\/v2\/product_brand?post=727743"},{"taxonomy":"product_cat","embeddable":true,"href":"https:\/\/www.moensmeubelen.be\/fr\/wp-json\/wp\/v2\/product_cat?post=727743"},{"taxonomy":"product_tag","embeddable":true,"href":"https:\/\/www.moensmeubelen.be\/fr\/wp-json\/wp\/v2\/product_tag?post=727743"}],"curies":[{"name":"wp","href":"https:\/\/api.w.org\/{rel}","templated":true}]}}