{"id":727889,"date":"2026-06-28T00:00:00","date_gmt":"2026-06-28T00:00:00","guid":{"rendered":""},"modified":"2026-08-11T11:39:02","modified_gmt":"2026-08-11T09:39:02","slug":"48391BEI-fr_BE","status":"publish","type":"product","link":"https:\/\/www.moensmeubelen.be\/fr\/produit\/48391BEI-fr_BE\/","title":{"rendered":"Safia vase H21cm &#8211; Beige"},"content":{"rendered":"<p>Vous recherchez quelque chose de particulier pour votre int\u00e9rieur ? Le vase SAFIA de la collection <strong>COCO<\/strong>maison est incontestablement un objet sp\u00e9cial \u00e0 la maison ! SAFIA est un vase enti\u00e8rement fabriqu\u00e9 en c\u00e9ramique dot\u00e9 de diff\u00e9rentes ouvertures sur le haut. Id\u00e9al pour accueillir quelques jolies branches artificielles. Le vase SAFIA est fabriqu\u00e9 \u00e0 la main au Portugal, chaque vase est donc unique. La finition mouchet\u00e9e lui conf\u00e8re un effet naturel. Ce vase beige mesure 21 cm de haut et existe en deux tailles et quatre couleurs.<\/p>\n","protected":false},"excerpt":{"rendered":"<p>Safia vase H21cm &#8211; Beige<\/p>\n","protected":false},"featured_media":1002351,"comment_status":"open","ping_status":"open","template":"","meta":{"_relevanssi_hide_post":"","_relevanssi_hide_content":"","_relevanssi_pin_for_all":"","_relevanssi_pin_keywords":"","_relevanssi_unpin_keywords":"","_relevanssi_related_keywords":"","_relevanssi_related_include_ids":"","_relevanssi_related_exclude_ids":"","_relevanssi_related_no_append":"","_relevanssi_related_not_related":"","_relevanssi_related_posts":"","_relevanssi_noindex_reason":""},"product_brand":[],"product_cat":[1990],"product_tag":[],"class_list":["post-727889","product","type-product","status-publish","has-post-thumbnail","product_cat-vazen_fr_BE","first","onbackorder","taxable","shipping-taxable","purchasable","product-type-simple"],"_links":{"self":[{"href":"https:\/\/www.moensmeubelen.be\/fr\/wp-json\/wp\/v2\/product\/727889","targetHints":{"allow":["GET"]}}],"collection":[{"href":"https:\/\/www.moensmeubelen.be\/fr\/wp-json\/wp\/v2\/product"}],"about":[{"href":"https:\/\/www.moensmeubelen.be\/fr\/wp-json\/wp\/v2\/types\/product"}],"replies":[{"embeddable":true,"href":"https:\/\/www.moensmeubelen.be\/fr\/wp-json\/wp\/v2\/comments?post=727889"}],"wp:featuredmedia":[{"embeddable":true,"href":"https:\/\/www.moensmeubelen.be\/fr\/wp-json\/wp\/v2\/media\/1002351"}],"wp:attachment":[{"href":"https:\/\/www.moensmeubelen.be\/fr\/wp-json\/wp\/v2\/media?parent=727889"}],"wp:term":[{"taxonomy":"product_brand","embeddable":true,"href":"https:\/\/www.moensmeubelen.be\/fr\/wp-json\/wp\/v2\/product_brand?post=727889"},{"taxonomy":"product_cat","embeddable":true,"href":"https:\/\/www.moensmeubelen.be\/fr\/wp-json\/wp\/v2\/product_cat?post=727889"},{"taxonomy":"product_tag","embeddable":true,"href":"https:\/\/www.moensmeubelen.be\/fr\/wp-json\/wp\/v2\/product_tag?post=727889"}],"curies":[{"name":"wp","href":"https:\/\/api.w.org\/{rel}","templated":true}]}}