{"id":729125,"date":"2026-04-16T00:00:00","date_gmt":"2026-04-16T00:00:00","guid":{"rendered":""},"modified":"2026-04-16T18:00:33","modified_gmt":"2026-04-16T16:00:33","slug":"48656GRN-fr_BE","status":"publish","type":"product","link":"https:\/\/www.moensmeubelen.be\/fr\/produit\/48656GRN-fr_BE\/","title":{"rendered":"Leyla, fauteuil &#8211; tissu Vulcano &#8211; Vert"},"content":{"rendered":"<p>La chaise \u00e0 accoudoirs Leyla affiche un design ouvert unique et poss\u00e8de un pi\u00e8tement 4 pieds tr\u00e8s fin qui se poursuit partiellement jusqu\\&#8217;au dossier, ce qui lui conf\u00e8re une touche moderne. Le splendide tissu plat l\u00e9g\u00e8rement brillant Vulcano contribue \u00e9galement au style moderne. Le dossier continue enti\u00e8rement sur les c\u00f4t\u00e9s et forme ainsi les accoudoirs uniques en leur genre. Ces derniers mesurent 66 cm de haut ; la hauteur d\\&#8217;assise de la chaise est de 50 cm. Cette chaise se d\u00e9cline en 4 coloris : jaune ocre, vert, cr\u00e8me et anthracite. Voici la version verte.<\/p>\n","protected":false},"excerpt":{"rendered":"<p>Leyla, fauteuil &#8211; tissu Vulcano &#8211; Vert<\/p>\n","protected":false},"featured_media":949503,"comment_status":"open","ping_status":"open","template":"","meta":{"_relevanssi_hide_post":"","_relevanssi_hide_content":"","_relevanssi_pin_for_all":"","_relevanssi_pin_keywords":"","_relevanssi_unpin_keywords":"","_relevanssi_related_keywords":"","_relevanssi_related_include_ids":"","_relevanssi_related_exclude_ids":"","_relevanssi_related_no_append":"","_relevanssi_related_not_related":"","_relevanssi_related_posts":"","_relevanssi_noindex_reason":""},"product_brand":[],"product_cat":[24145],"product_tag":[],"class_list":["post-729125","product","type-product","status-publish","has-post-thumbnail","product_cat-Armstoelen_fr_BE","first","onbackorder","taxable","shipping-taxable","purchasable","product-type-simple"],"_links":{"self":[{"href":"https:\/\/www.moensmeubelen.be\/fr\/wp-json\/wp\/v2\/product\/729125","targetHints":{"allow":["GET"]}}],"collection":[{"href":"https:\/\/www.moensmeubelen.be\/fr\/wp-json\/wp\/v2\/product"}],"about":[{"href":"https:\/\/www.moensmeubelen.be\/fr\/wp-json\/wp\/v2\/types\/product"}],"replies":[{"embeddable":true,"href":"https:\/\/www.moensmeubelen.be\/fr\/wp-json\/wp\/v2\/comments?post=729125"}],"wp:featuredmedia":[{"embeddable":true,"href":"https:\/\/www.moensmeubelen.be\/fr\/wp-json\/wp\/v2\/media\/949503"}],"wp:attachment":[{"href":"https:\/\/www.moensmeubelen.be\/fr\/wp-json\/wp\/v2\/media?parent=729125"}],"wp:term":[{"taxonomy":"product_brand","embeddable":true,"href":"https:\/\/www.moensmeubelen.be\/fr\/wp-json\/wp\/v2\/product_brand?post=729125"},{"taxonomy":"product_cat","embeddable":true,"href":"https:\/\/www.moensmeubelen.be\/fr\/wp-json\/wp\/v2\/product_cat?post=729125"},{"taxonomy":"product_tag","embeddable":true,"href":"https:\/\/www.moensmeubelen.be\/fr\/wp-json\/wp\/v2\/product_tag?post=729125"}],"curies":[{"name":"wp","href":"https:\/\/api.w.org\/{rel}","templated":true}]}}