{"id":737595,"date":"2026-06-28T00:00:00","date_gmt":"2026-06-28T00:00:00","guid":{"rendered":""},"modified":"2026-06-28T12:38:10","modified_gmt":"2026-06-28T10:38:10","slug":"53703001-fr_BE","status":"publish","type":"product","link":"https:\/\/www.moensmeubelen.be\/fr\/produit\/53703001-fr_BE\/","title":{"rendered":"Amalfi, loveseat &#8211; ressorts ensach\u00e9s"},"content":{"rendered":"<p>La loveseat Amalfi est une v\u00e9ritable pi\u00e8ce ma\u00eetresse offrant un confort d\\&#8217;assise ultime dans un style moderne et contemporain. \u00c0 la fois chaleureuse et robuste, ferme et douce. Gr\u00e2ce \u00e0 son design modulaire et \u00e0 son rev\u00eatement int\u00e9gral, vous pouvez adapter la disposition \u00e0 votre guise. Transformez facilement cette g\u00e9n\u00e9reuse loveseat, avec des ressorts ensach\u00e9s confortables, en un luxueux canap\u00e9 lounge en ajoutant un pouf. Amalfi est disponible dans une magnifique s\u00e9lection de tissus et de couleurs, soigneusement choisis pour sublimer ce canap\u00e9.<\/p>\n","protected":false},"excerpt":{"rendered":"<p>Amalfi, loveseat &#8211; ressorts ensach\u00e9s<\/p>\n","protected":false},"featured_media":985586,"comment_status":"open","ping_status":"open","template":"","meta":{"_relevanssi_hide_post":"","_relevanssi_hide_content":"","_relevanssi_pin_for_all":"","_relevanssi_pin_keywords":"","_relevanssi_unpin_keywords":"","_relevanssi_related_keywords":"","_relevanssi_related_include_ids":"","_relevanssi_related_exclude_ids":"","_relevanssi_related_no_append":"","_relevanssi_related_not_related":"","_relevanssi_related_posts":"","_relevanssi_noindex_reason":""},"product_brand":[],"product_cat":[6663],"product_tag":[],"class_list":["post-737595","product","type-product","status-publish","has-post-thumbnail","product_cat-loveseats_fr_BE","first","onbackorder","sale","taxable","shipping-taxable","purchasable","product-type-simple"],"_links":{"self":[{"href":"https:\/\/www.moensmeubelen.be\/fr\/wp-json\/wp\/v2\/product\/737595","targetHints":{"allow":["GET"]}}],"collection":[{"href":"https:\/\/www.moensmeubelen.be\/fr\/wp-json\/wp\/v2\/product"}],"about":[{"href":"https:\/\/www.moensmeubelen.be\/fr\/wp-json\/wp\/v2\/types\/product"}],"replies":[{"embeddable":true,"href":"https:\/\/www.moensmeubelen.be\/fr\/wp-json\/wp\/v2\/comments?post=737595"}],"wp:featuredmedia":[{"embeddable":true,"href":"https:\/\/www.moensmeubelen.be\/fr\/wp-json\/wp\/v2\/media\/985586"}],"wp:attachment":[{"href":"https:\/\/www.moensmeubelen.be\/fr\/wp-json\/wp\/v2\/media?parent=737595"}],"wp:term":[{"taxonomy":"product_brand","embeddable":true,"href":"https:\/\/www.moensmeubelen.be\/fr\/wp-json\/wp\/v2\/product_brand?post=737595"},{"taxonomy":"product_cat","embeddable":true,"href":"https:\/\/www.moensmeubelen.be\/fr\/wp-json\/wp\/v2\/product_cat?post=737595"},{"taxonomy":"product_tag","embeddable":true,"href":"https:\/\/www.moensmeubelen.be\/fr\/wp-json\/wp\/v2\/product_tag?post=737595"}],"curies":[{"name":"wp","href":"https:\/\/api.w.org\/{rel}","templated":true}]}}