{"id":737625,"date":"2026-06-28T00:00:00","date_gmt":"2026-06-28T00:00:00","guid":{"rendered":""},"modified":"2026-06-28T12:38:26","modified_gmt":"2026-06-28T10:38:26","slug":"53709001-fr_BE","status":"publish","type":"product","link":"https:\/\/www.moensmeubelen.be\/fr\/produit\/53709001-fr_BE\/","title":{"rendered":"Amalfi, 3,5 places &#8211; ressorts ensach\u00e9s"},"content":{"rendered":"<p>Le canap\u00e9 3,5 places Amalfi est une pi\u00e8ce ma\u00eetresse remarquable qui allie confort ultime et esth\u00e9tique contemporaine. Accueillant mais robuste, solide et doux \u00e0 la fois. Gr\u00e2ce \u00e0 sa conception modulaire et \u00e0 son rev\u00eatement int\u00e9gral, vous pouvez adapter facilement la configuration selon vos envies. Transformez ce canap\u00e9 3,5 places, \u00e9quip\u00e9 de ressorts ensach\u00e9s, en un \u00e9l\u00e9gant canap\u00e9 lounge en ajoutant un pouf. Amalfi est propos\u00e9 dans une vaste gamme de tissus et de couleurs, soigneusement s\u00e9lectionn\u00e9s pour mettre en valeur ce canap\u00e9 unique.<\/p>\n","protected":false},"excerpt":{"rendered":"<p>Amalfi, 3,5 places &#8211; ressorts ensach\u00e9s<\/p>\n","protected":false},"featured_media":991749,"comment_status":"open","ping_status":"open","template":"","meta":{"_relevanssi_hide_post":"","_relevanssi_hide_content":"","_relevanssi_pin_for_all":"","_relevanssi_pin_keywords":"","_relevanssi_unpin_keywords":"","_relevanssi_related_keywords":"","_relevanssi_related_include_ids":"","_relevanssi_related_exclude_ids":"","_relevanssi_related_no_append":"","_relevanssi_related_not_related":"","_relevanssi_related_posts":"","_relevanssi_noindex_reason":""},"product_brand":[],"product_cat":[1374,1333],"product_tag":[],"class_list":["post-737625","product","type-product","status-publish","has-post-thumbnail","product_cat-zetels_fr_BE","product_cat-zitmeubels_sets_zitmeubels_fr_BE","first","onbackorder","sale","taxable","shipping-taxable","purchasable","product-type-simple"],"_links":{"self":[{"href":"https:\/\/www.moensmeubelen.be\/fr\/wp-json\/wp\/v2\/product\/737625","targetHints":{"allow":["GET"]}}],"collection":[{"href":"https:\/\/www.moensmeubelen.be\/fr\/wp-json\/wp\/v2\/product"}],"about":[{"href":"https:\/\/www.moensmeubelen.be\/fr\/wp-json\/wp\/v2\/types\/product"}],"replies":[{"embeddable":true,"href":"https:\/\/www.moensmeubelen.be\/fr\/wp-json\/wp\/v2\/comments?post=737625"}],"wp:featuredmedia":[{"embeddable":true,"href":"https:\/\/www.moensmeubelen.be\/fr\/wp-json\/wp\/v2\/media\/991749"}],"wp:attachment":[{"href":"https:\/\/www.moensmeubelen.be\/fr\/wp-json\/wp\/v2\/media?parent=737625"}],"wp:term":[{"taxonomy":"product_brand","embeddable":true,"href":"https:\/\/www.moensmeubelen.be\/fr\/wp-json\/wp\/v2\/product_brand?post=737625"},{"taxonomy":"product_cat","embeddable":true,"href":"https:\/\/www.moensmeubelen.be\/fr\/wp-json\/wp\/v2\/product_cat?post=737625"},{"taxonomy":"product_tag","embeddable":true,"href":"https:\/\/www.moensmeubelen.be\/fr\/wp-json\/wp\/v2\/product_tag?post=737625"}],"curies":[{"name":"wp","href":"https:\/\/api.w.org\/{rel}","templated":true}]}}