{"id":737635,"date":"2026-06-28T00:00:00","date_gmt":"2026-06-28T00:00:00","guid":{"rendered":""},"modified":"2026-06-28T12:38:34","modified_gmt":"2026-06-28T10:38:34","slug":"53710001-fr_BE","status":"publish","type":"product","link":"https:\/\/www.moensmeubelen.be\/fr\/produit\/53710001-fr_BE\/","title":{"rendered":"Amalfi, pouf 100 x 74cm &#8211; ressorts ensach\u00e9s"},"content":{"rendered":"<p>Le pouf de la collection Amalfi est un ajout parfait \u00e0 votre configuration modulaire. Avec son assise extra douce, il constitue un compl\u00e9ment agr\u00e9able \u00e0 la collection. Gr\u00e2ce \u00e0 ses pieds antid\u00e9rapants, il reste bien en place et permet de transformer sans effort un canap\u00e9 Amalfi en lounge de luxe. Comme pour les autres \u00e9l\u00e9ments, vous pouvez choisir le tissu et la couleur de ce pouf selon vos pr\u00e9f\u00e9rences.<\/p>\n","protected":false},"excerpt":{"rendered":"<p>Amalfi, pouf 100 x 74cm &#8211; ressorts ensach\u00e9s<\/p>\n","protected":false},"featured_media":991755,"comment_status":"open","ping_status":"open","template":"","meta":{"_relevanssi_hide_post":"","_relevanssi_hide_content":"","_relevanssi_pin_for_all":"","_relevanssi_pin_keywords":"","_relevanssi_unpin_keywords":"","_relevanssi_related_keywords":"","_relevanssi_related_include_ids":"","_relevanssi_related_exclude_ids":"","_relevanssi_related_no_append":"","_relevanssi_related_not_related":"","_relevanssi_related_posts":"","_relevanssi_noindex_reason":""},"product_brand":[],"product_cat":[1329],"product_tag":[],"class_list":["post-737635","product","type-product","status-publish","has-post-thumbnail","product_cat-poefs_fr_BE","first","onbackorder","sale","taxable","shipping-taxable","purchasable","product-type-simple"],"_links":{"self":[{"href":"https:\/\/www.moensmeubelen.be\/fr\/wp-json\/wp\/v2\/product\/737635","targetHints":{"allow":["GET"]}}],"collection":[{"href":"https:\/\/www.moensmeubelen.be\/fr\/wp-json\/wp\/v2\/product"}],"about":[{"href":"https:\/\/www.moensmeubelen.be\/fr\/wp-json\/wp\/v2\/types\/product"}],"replies":[{"embeddable":true,"href":"https:\/\/www.moensmeubelen.be\/fr\/wp-json\/wp\/v2\/comments?post=737635"}],"wp:featuredmedia":[{"embeddable":true,"href":"https:\/\/www.moensmeubelen.be\/fr\/wp-json\/wp\/v2\/media\/991755"}],"wp:attachment":[{"href":"https:\/\/www.moensmeubelen.be\/fr\/wp-json\/wp\/v2\/media?parent=737635"}],"wp:term":[{"taxonomy":"product_brand","embeddable":true,"href":"https:\/\/www.moensmeubelen.be\/fr\/wp-json\/wp\/v2\/product_brand?post=737635"},{"taxonomy":"product_cat","embeddable":true,"href":"https:\/\/www.moensmeubelen.be\/fr\/wp-json\/wp\/v2\/product_cat?post=737635"},{"taxonomy":"product_tag","embeddable":true,"href":"https:\/\/www.moensmeubelen.be\/fr\/wp-json\/wp\/v2\/product_tag?post=737635"}],"curies":[{"name":"wp","href":"https:\/\/api.w.org\/{rel}","templated":true}]}}