{"id":737715,"date":"2026-06-28T00:00:00","date_gmt":"2026-06-28T00:00:00","guid":{"rendered":""},"modified":"2026-06-28T23:22:58","modified_gmt":"2026-06-28T21:22:58","slug":"53751001-fr_BE","status":"publish","type":"product","link":"https:\/\/www.moensmeubelen.be\/fr\/produit\/53751001-fr_BE\/","title":{"rendered":"Carini, 3-places -fixe &#8211; ressorts bonell"},"content":{"rendered":"<p>Personnalisez votre canap\u00e9 pr\u00e9f\u00e9r\u00e9 avec ce 3 places de la s\u00e9rie CARINI. Ce canap\u00e9 arbore un splendide design arrondi et s\\&#8217;associe parfaitement aux autres \u00e9l\u00e9ments dans lesquels il existe\u00a0; ainsi, vous d\u00e9cidez de la configuration\u00a0! Pour le rev\u00eatement, vous avez le choix parmi notre s\u00e9lection. CARINI est dot\u00e9 de coussins de dossier fixes et de ressorts bonell pour une assise agr\u00e9able. Vous voulez plus de confort\u00a0? Laissez-vous surprendre par le mod\u00e8le r\u00e9glable \u00e9lectriquement de CARINI\u00a0!<\/p>\n","protected":false},"excerpt":{"rendered":"<p>Carini, 3-places -fixe &#8211; ressorts bonell<\/p>\n","protected":false},"featured_media":1009100,"comment_status":"open","ping_status":"open","template":"","meta":{"_relevanssi_hide_post":"","_relevanssi_hide_content":"","_relevanssi_pin_for_all":"","_relevanssi_pin_keywords":"","_relevanssi_unpin_keywords":"","_relevanssi_related_keywords":"","_relevanssi_related_include_ids":"","_relevanssi_related_exclude_ids":"","_relevanssi_related_no_append":"","_relevanssi_related_not_related":"","_relevanssi_related_posts":"","_relevanssi_noindex_reason":""},"product_brand":[],"product_cat":[5647],"product_tag":[],"class_list":["post-737715","product","type-product","status-publish","has-post-thumbnail","product_cat-zetels_l2_fr_BE","first","onbackorder","sale","taxable","shipping-taxable","purchasable","product-type-simple"],"_links":{"self":[{"href":"https:\/\/www.moensmeubelen.be\/fr\/wp-json\/wp\/v2\/product\/737715","targetHints":{"allow":["GET"]}}],"collection":[{"href":"https:\/\/www.moensmeubelen.be\/fr\/wp-json\/wp\/v2\/product"}],"about":[{"href":"https:\/\/www.moensmeubelen.be\/fr\/wp-json\/wp\/v2\/types\/product"}],"replies":[{"embeddable":true,"href":"https:\/\/www.moensmeubelen.be\/fr\/wp-json\/wp\/v2\/comments?post=737715"}],"wp:featuredmedia":[{"embeddable":true,"href":"https:\/\/www.moensmeubelen.be\/fr\/wp-json\/wp\/v2\/media\/1009100"}],"wp:attachment":[{"href":"https:\/\/www.moensmeubelen.be\/fr\/wp-json\/wp\/v2\/media?parent=737715"}],"wp:term":[{"taxonomy":"product_brand","embeddable":true,"href":"https:\/\/www.moensmeubelen.be\/fr\/wp-json\/wp\/v2\/product_brand?post=737715"},{"taxonomy":"product_cat","embeddable":true,"href":"https:\/\/www.moensmeubelen.be\/fr\/wp-json\/wp\/v2\/product_cat?post=737715"},{"taxonomy":"product_tag","embeddable":true,"href":"https:\/\/www.moensmeubelen.be\/fr\/wp-json\/wp\/v2\/product_tag?post=737715"}],"curies":[{"name":"wp","href":"https:\/\/api.w.org\/{rel}","templated":true}]}}