{"id":777102,"date":"2025-01-21T00:00:00","date_gmt":"2025-01-21T00:00:00","guid":{"rendered":""},"modified":"2025-02-15T21:18:31","modified_gmt":"2025-02-15T20:18:31","slug":"LSMatrasNOXLatexspring-fr_BE","status":"publish","type":"product","link":"https:\/\/www.moensmeubelen.be\/fr\/produit\/LSMatrasNOXLatexspring-fr_BE\/","title":{"rendered":"Matelas NOX &#8211; Ressort en latex satin\u00e9"},"content":{"rendered":"<p>Le matelas \u00e0 ressorts en latex de Nox poss\u00e8de un noyau de ressorts ensach\u00e9s qui est en fait une grande chambre \u00e0 air, ce qui lui conf\u00e8re un pouvoir de ventilation exceptionnel. Les ressorts ensach\u00e9s sont recouverts d&#8217;une couche de latex perfor\u00e9. (Ce matelas est disponible avec une housse sana amovible et lavable \u00e0 60\u00b0C). Le latex garantit une excellente r\u00e9gulation de l&#8217;humidit\u00e9 et de la chaleur. Il a \u00e9galement une grande \u00e9lasticit\u00e9, ce qui lui permet de s&#8217;adapter parfaitement au corps. R\u00e9sistant aux moisissures, aux bact\u00e9ries et aux acariens. Hauteur du matelas (20 cm) et disponible en doux, moyen, ferme.<\/p>\n","protected":false},"excerpt":{"rendered":"<p>\n\tDisponible dans les dimensions suivantes : <br \/>70 x 200 \/ 75 x 200 \/ 80 x 200 \/ 90 x 200<br \/>100 x 200 \/ 120 x 200<br \/>140 x 200 \/ 150 x 200 \/ 160 x 200 \/ 180 x 200<br \/>200 x 200<\/p>\n<p style=\"box-sizing: border-box; margin: 0px 0px 10px;\">\n\tToutes les dimensions \u00e9galement disponibles en longueur 210 et 220 cm.<\/p><\/p>\n","protected":false},"featured_media":777104,"comment_status":"open","ping_status":"open","template":"","meta":{"_relevanssi_hide_post":"","_relevanssi_hide_content":"","_relevanssi_pin_for_all":"","_relevanssi_pin_keywords":"","_relevanssi_unpin_keywords":"","_relevanssi_related_keywords":"","_relevanssi_related_include_ids":"","_relevanssi_related_exclude_ids":"","_relevanssi_related_no_append":"","_relevanssi_related_not_related":"","_relevanssi_related_posts":"","_relevanssi_noindex_reason":""},"product_brand":[],"product_cat":[1387,24101],"product_tag":[],"class_list":["post-777102","product","type-product","status-publish","has-post-thumbnail","product_cat-matrassen_fr_BE","product_cat-Pocketveer_fr_BE","first","onbackorder","taxable","shipping-taxable","purchasable","product-type-simple"],"_links":{"self":[{"href":"https:\/\/www.moensmeubelen.be\/fr\/wp-json\/wp\/v2\/product\/777102","targetHints":{"allow":["GET"]}}],"collection":[{"href":"https:\/\/www.moensmeubelen.be\/fr\/wp-json\/wp\/v2\/product"}],"about":[{"href":"https:\/\/www.moensmeubelen.be\/fr\/wp-json\/wp\/v2\/types\/product"}],"replies":[{"embeddable":true,"href":"https:\/\/www.moensmeubelen.be\/fr\/wp-json\/wp\/v2\/comments?post=777102"}],"wp:featuredmedia":[{"embeddable":true,"href":"https:\/\/www.moensmeubelen.be\/fr\/wp-json\/wp\/v2\/media\/777104"}],"wp:attachment":[{"href":"https:\/\/www.moensmeubelen.be\/fr\/wp-json\/wp\/v2\/media?parent=777102"}],"wp:term":[{"taxonomy":"product_brand","embeddable":true,"href":"https:\/\/www.moensmeubelen.be\/fr\/wp-json\/wp\/v2\/product_brand?post=777102"},{"taxonomy":"product_cat","embeddable":true,"href":"https:\/\/www.moensmeubelen.be\/fr\/wp-json\/wp\/v2\/product_cat?post=777102"},{"taxonomy":"product_tag","embeddable":true,"href":"https:\/\/www.moensmeubelen.be\/fr\/wp-json\/wp\/v2\/product_tag?post=777102"}],"curies":[{"name":"wp","href":"https:\/\/api.w.org\/{rel}","templated":true}]}}