{"id":779068,"date":"2025-01-21T00:00:00","date_gmt":"2025-01-21T00:00:00","guid":{"rendered":""},"modified":"2025-02-15T21:17:59","modified_gmt":"2025-02-15T20:17:59","slug":"RevorPCMCoolMemoryPocket1500Matras90x200-fr_BE","status":"publish","type":"product","link":"https:\/\/www.moensmeubelen.be\/fr\/produit\/RevorPCMCoolMemoryPocket1500Matras90x200-fr_BE\/","title":{"rendered":"Matelas Revor PCM Cool Memory Pocket 1500 90&#215;200"},"content":{"rendered":"<div class=\"product-detail-description-text\" itemprop=\"description\">\n<div>PCM (Mat\u00e9riau \u00e0 Changement de Phase) est une technologie intelligente et naturelle qui aide \u00e0 maintenir votre corps \u00e0 la <b>temp\u00e9rature id\u00e9ale<\/b><br \/>\n tout en dormant. Cette technologie est int\u00e9gr\u00e9e dans la housse de matelas. Imaginez que votre matelas contient de petites particules intelligentes qui d\u00e9tectent lorsque vous avez chaud. Ces particules absorbent alors une partie de cette chaleur. Vous avez froid? Elles lib\u00e8rent alors un peu de chaleur \u00e0 la place.&nbsp;<\/div>\n<div>Ce <b>processus dynamique<\/b> se poursuit toute la nuit, ce qui r\u00e9sulte en un sommeil <b>constant<\/b>, <b>confortable<\/b> et <b>agr\u00e9able<\/b>. Vous pouvez ainsi continuer \u00e0 r\u00eaver toute la nuit! Et le meilleur dans tout cela? Cette technologie intelligente est inspir\u00e9e par la nature.<\/div><\/div>\n","protected":false},"excerpt":{"rendered":"<p><b>100% V\u00e9g\u00e9talien<\/b> et \u00e9cologique. Et ne vous inqui\u00e9tez pas, le tissu du matelas restera aussi <b>doux<\/b> et <b>respirant<\/b> que toujours.<\/p>\n","protected":false},"featured_media":777210,"comment_status":"open","ping_status":"open","template":"","meta":{"_relevanssi_hide_post":"","_relevanssi_hide_content":"","_relevanssi_pin_for_all":"","_relevanssi_pin_keywords":"","_relevanssi_unpin_keywords":"","_relevanssi_related_keywords":"","_relevanssi_related_include_ids":"","_relevanssi_related_exclude_ids":"","_relevanssi_related_no_append":"","_relevanssi_related_not_related":"","_relevanssi_related_posts":"","_relevanssi_noindex_reason":""},"product_brand":[],"product_cat":[1387,24101],"product_tag":[],"class_list":["post-779068","product","type-product","status-publish","has-post-thumbnail","product_cat-matrassen_fr_BE","product_cat-Pocketveer_fr_BE","first","onbackorder","taxable","shipping-taxable","purchasable","product-type-simple"],"_links":{"self":[{"href":"https:\/\/www.moensmeubelen.be\/fr\/wp-json\/wp\/v2\/product\/779068","targetHints":{"allow":["GET"]}}],"collection":[{"href":"https:\/\/www.moensmeubelen.be\/fr\/wp-json\/wp\/v2\/product"}],"about":[{"href":"https:\/\/www.moensmeubelen.be\/fr\/wp-json\/wp\/v2\/types\/product"}],"replies":[{"embeddable":true,"href":"https:\/\/www.moensmeubelen.be\/fr\/wp-json\/wp\/v2\/comments?post=779068"}],"wp:featuredmedia":[{"embeddable":true,"href":"https:\/\/www.moensmeubelen.be\/fr\/wp-json\/wp\/v2\/media\/777210"}],"wp:attachment":[{"href":"https:\/\/www.moensmeubelen.be\/fr\/wp-json\/wp\/v2\/media?parent=779068"}],"wp:term":[{"taxonomy":"product_brand","embeddable":true,"href":"https:\/\/www.moensmeubelen.be\/fr\/wp-json\/wp\/v2\/product_brand?post=779068"},{"taxonomy":"product_cat","embeddable":true,"href":"https:\/\/www.moensmeubelen.be\/fr\/wp-json\/wp\/v2\/product_cat?post=779068"},{"taxonomy":"product_tag","embeddable":true,"href":"https:\/\/www.moensmeubelen.be\/fr\/wp-json\/wp\/v2\/product_tag?post=779068"}],"curies":[{"name":"wp","href":"https:\/\/api.w.org\/{rel}","templated":true}]}}