{"id":780303,"date":"2026-06-28T00:00:00","date_gmt":"2026-06-28T00:00:00","guid":{"rendered":""},"modified":"2026-06-28T23:22:21","modified_gmt":"2026-06-28T21:22:21","slug":"53539001-fr_BE","status":"publish","type":"product","link":"https:\/\/www.moensmeubelen.be\/fr\/produit\/53539001-fr_BE\/","title":{"rendered":"Merano, divan gauche"},"content":{"rendered":"<p>Avec le divan gauche de la s\u00e9rie MERANO, vous aurez une pi\u00e8ce sp\u00e9ciale dans votre maison. MERANO est un v\u00e9ritable canap\u00e9 modulable qui attire l\\&#8217;attention en raison de ses formes organiques rondes. Vous composez vous-m\u00eame votre canap\u00e9 \u00e0 l\\&#8217;aide des autres \u00e9l\u00e9ments de cette s\u00e9rie. Outre la configuration, vous d\u00e9cidez aussi du rev\u00eatement en tissu. De plus, nous proposons un choix entre 2 accoudoirs, 2 hauteurs d\\&#8217;assise et 2 types de confort. Ce divan gauche MERANO est recouvert de tous les c\u00f4t\u00e9s, vous pouvez ainsi le placer librement dans votre s\u00e9jour. Les coussins de dossier ach\u00e8vent joliment ce divan gauche.<\/p>\n","protected":false},"excerpt":{"rendered":"<p>Merano, divan gauche<\/p>\n","protected":false},"featured_media":1009074,"comment_status":"open","ping_status":"open","template":"","meta":{"_relevanssi_hide_post":"","_relevanssi_hide_content":"","_relevanssi_pin_for_all":"","_relevanssi_pin_keywords":"","_relevanssi_unpin_keywords":"","_relevanssi_related_keywords":"","_relevanssi_related_include_ids":"","_relevanssi_related_exclude_ids":"","_relevanssi_related_no_append":"","_relevanssi_related_not_related":"","_relevanssi_related_posts":"","_relevanssi_noindex_reason":""},"product_brand":[],"product_cat":[1374,1333],"product_tag":[],"class_list":["post-780303","product","type-product","status-publish","has-post-thumbnail","product_cat-zetels_fr_BE","product_cat-zitmeubels_sets_zitmeubels_fr_BE","first","onbackorder","sale","taxable","shipping-taxable","purchasable","product-type-simple"],"_links":{"self":[{"href":"https:\/\/www.moensmeubelen.be\/fr\/wp-json\/wp\/v2\/product\/780303","targetHints":{"allow":["GET"]}}],"collection":[{"href":"https:\/\/www.moensmeubelen.be\/fr\/wp-json\/wp\/v2\/product"}],"about":[{"href":"https:\/\/www.moensmeubelen.be\/fr\/wp-json\/wp\/v2\/types\/product"}],"replies":[{"embeddable":true,"href":"https:\/\/www.moensmeubelen.be\/fr\/wp-json\/wp\/v2\/comments?post=780303"}],"wp:featuredmedia":[{"embeddable":true,"href":"https:\/\/www.moensmeubelen.be\/fr\/wp-json\/wp\/v2\/media\/1009074"}],"wp:attachment":[{"href":"https:\/\/www.moensmeubelen.be\/fr\/wp-json\/wp\/v2\/media?parent=780303"}],"wp:term":[{"taxonomy":"product_brand","embeddable":true,"href":"https:\/\/www.moensmeubelen.be\/fr\/wp-json\/wp\/v2\/product_brand?post=780303"},{"taxonomy":"product_cat","embeddable":true,"href":"https:\/\/www.moensmeubelen.be\/fr\/wp-json\/wp\/v2\/product_cat?post=780303"},{"taxonomy":"product_tag","embeddable":true,"href":"https:\/\/www.moensmeubelen.be\/fr\/wp-json\/wp\/v2\/product_tag?post=780303"}],"curies":[{"name":"wp","href":"https:\/\/api.w.org\/{rel}","templated":true}]}}