{"id":796511,"date":"2026-06-28T00:00:00","date_gmt":"2026-06-28T00:00:00","guid":{"rendered":""},"modified":"2026-06-28T13:46:02","modified_gmt":"2026-06-28T11:46:02","slug":"54714DRI-fr_BE","status":"publish","type":"product","link":"https:\/\/www.moensmeubelen.be\/fr\/produit\/54714DRI-fr_BE\/","title":{"rendered":"Avalox, table de bar 140 x 98 cm &#8211; couleur driftwood &#8211; centrale pied"},"content":{"rendered":"<p>Vous avez un petit espace ? Alors cette table de bar de 140x98cm de la collection Avalox est fortement recommand\u00e9e. La table de bar a un plateau en Primo Laminato. Ce mat\u00e9riau ressemble au bois massif, mais il est plus facile \u00e0 entretenir. Les pieds de la table en m\u00e9tal noir apportent une touche finale solide. Il existe deux options diff\u00e9rentes pour les pieds de la table, un pied en V ou 4 pieds s\u00e9par\u00e9s. La table de bar est disponible dans les couleurs bois flott\u00e9 et ch\u00eane naturel vintage.<\/p>\n","protected":false},"excerpt":{"rendered":"<p>Avalox, table de bar 140 x 98 cm &#8211; couleur driftwood &#8211; centrale pied<\/p>\n","protected":false},"featured_media":992661,"comment_status":"open","ping_status":"open","template":"","meta":{"_relevanssi_hide_post":"","_relevanssi_hide_content":"","_relevanssi_pin_for_all":"","_relevanssi_pin_keywords":"","_relevanssi_unpin_keywords":"","_relevanssi_related_keywords":"","_relevanssi_related_include_ids":"","_relevanssi_related_exclude_ids":"","_relevanssi_related_no_append":"","_relevanssi_related_not_related":"","_relevanssi_related_posts":"","_relevanssi_noindex_reason":""},"product_brand":[],"product_cat":[1314],"product_tag":[],"class_list":["post-796511","product","type-product","status-publish","has-post-thumbnail","product_cat-bartafels_fr_BE","first","onbackorder","taxable","shipping-taxable","purchasable","product-type-simple"],"_links":{"self":[{"href":"https:\/\/www.moensmeubelen.be\/fr\/wp-json\/wp\/v2\/product\/796511","targetHints":{"allow":["GET"]}}],"collection":[{"href":"https:\/\/www.moensmeubelen.be\/fr\/wp-json\/wp\/v2\/product"}],"about":[{"href":"https:\/\/www.moensmeubelen.be\/fr\/wp-json\/wp\/v2\/types\/product"}],"replies":[{"embeddable":true,"href":"https:\/\/www.moensmeubelen.be\/fr\/wp-json\/wp\/v2\/comments?post=796511"}],"wp:featuredmedia":[{"embeddable":true,"href":"https:\/\/www.moensmeubelen.be\/fr\/wp-json\/wp\/v2\/media\/992661"}],"wp:attachment":[{"href":"https:\/\/www.moensmeubelen.be\/fr\/wp-json\/wp\/v2\/media?parent=796511"}],"wp:term":[{"taxonomy":"product_brand","embeddable":true,"href":"https:\/\/www.moensmeubelen.be\/fr\/wp-json\/wp\/v2\/product_brand?post=796511"},{"taxonomy":"product_cat","embeddable":true,"href":"https:\/\/www.moensmeubelen.be\/fr\/wp-json\/wp\/v2\/product_cat?post=796511"},{"taxonomy":"product_tag","embeddable":true,"href":"https:\/\/www.moensmeubelen.be\/fr\/wp-json\/wp\/v2\/product_tag?post=796511"}],"curies":[{"name":"wp","href":"https:\/\/api.w.org\/{rel}","templated":true}]}}