{"id":799198,"date":"2026-04-16T00:00:00","date_gmt":"2026-04-16T00:00:00","guid":{"rendered":""},"modified":"2026-04-16T18:07:31","modified_gmt":"2026-04-16T16:07:31","slug":"48706CHA-fr_BE","status":"publish","type":"product","link":"https:\/\/www.moensmeubelen.be\/fr\/produit\/48706CHA-fr_BE\/","title":{"rendered":"Melle, chaise \u00e0 accoudoirs &#8211; pi\u00e9tement graphite &#8211; pivotante &#8211; tissu Calabria &#8211; charcoal"},"content":{"rendered":"<p>MELLE est un fauteuil \u00e9l\u00e9gant qui s\\&#8217;int\u00e8gre parfaitement dans tout int\u00e9rieur. En plus de son design raffin\u00e9, ce fauteuil est tr\u00e8s pratique gr\u00e2ce \u00e0 son cadre couleur graphite pivotant \u00e0 360 degr\u00e9s et dot\u00e9 d\\&#8217;une fonction de retour automatique. MELLE est rev\u00eatu du tissu microfibre haut de gamme Calabria et offre un confort exceptionnel gr\u00e2ce \u00e0 son assise avec ressorts ensach\u00e9s. Ce fauteuil en coloris charcoal dispose d\\&#8217;un dossier haut pour un excellent soutien et un confort accru. Laissez-vous surprendre par les autres versions du fauteuil MELLE !<\/p>\n","protected":false},"excerpt":{"rendered":"<p>Melle, chaise \u00e0 accoudoirs &#8211; pi\u00e9tement graphite &#8211; pivotante &#8211; tissu Calabria &#8211; charcoal<\/p>\n","protected":false},"featured_media":949819,"comment_status":"open","ping_status":"open","template":"","meta":{"_relevanssi_hide_post":"","_relevanssi_hide_content":"","_relevanssi_pin_for_all":"","_relevanssi_pin_keywords":"","_relevanssi_unpin_keywords":"","_relevanssi_related_keywords":"","_relevanssi_related_include_ids":"","_relevanssi_related_exclude_ids":"","_relevanssi_related_no_append":"","_relevanssi_related_not_related":"","_relevanssi_related_posts":"","_relevanssi_noindex_reason":""},"product_brand":[],"product_cat":[24145],"product_tag":[],"class_list":["post-799198","product","type-product","status-publish","has-post-thumbnail","product_cat-Armstoelen_fr_BE","first","onbackorder","taxable","shipping-taxable","purchasable","product-type-simple"],"_links":{"self":[{"href":"https:\/\/www.moensmeubelen.be\/fr\/wp-json\/wp\/v2\/product\/799198","targetHints":{"allow":["GET"]}}],"collection":[{"href":"https:\/\/www.moensmeubelen.be\/fr\/wp-json\/wp\/v2\/product"}],"about":[{"href":"https:\/\/www.moensmeubelen.be\/fr\/wp-json\/wp\/v2\/types\/product"}],"replies":[{"embeddable":true,"href":"https:\/\/www.moensmeubelen.be\/fr\/wp-json\/wp\/v2\/comments?post=799198"}],"wp:featuredmedia":[{"embeddable":true,"href":"https:\/\/www.moensmeubelen.be\/fr\/wp-json\/wp\/v2\/media\/949819"}],"wp:attachment":[{"href":"https:\/\/www.moensmeubelen.be\/fr\/wp-json\/wp\/v2\/media?parent=799198"}],"wp:term":[{"taxonomy":"product_brand","embeddable":true,"href":"https:\/\/www.moensmeubelen.be\/fr\/wp-json\/wp\/v2\/product_brand?post=799198"},{"taxonomy":"product_cat","embeddable":true,"href":"https:\/\/www.moensmeubelen.be\/fr\/wp-json\/wp\/v2\/product_cat?post=799198"},{"taxonomy":"product_tag","embeddable":true,"href":"https:\/\/www.moensmeubelen.be\/fr\/wp-json\/wp\/v2\/product_tag?post=799198"}],"curies":[{"name":"wp","href":"https:\/\/api.w.org\/{rel}","templated":true}]}}