{"id":799410,"date":"2026-05-19T00:00:00","date_gmt":"2026-05-19T00:00:00","guid":{"rendered":""},"modified":"2026-05-19T11:19:17","modified_gmt":"2026-05-19T09:19:17","slug":"52943001-fr_BE","status":"publish","type":"product","link":"https:\/\/www.moensmeubelen.be\/fr\/produit\/52943001-fr_BE\/","title":{"rendered":"Olvera, divan arrondie &#8211; droite"},"content":{"rendered":"<p>Olvera est un canap\u00e9 modulaire organique avec de nombreuses possibilit\u00e9s. Ajoutez ce divan droite arrondie que vous pouvez personnaliser enti\u00e8rement selon vos souhaits. Avec un large choix de tissus et de couleurs, vous composez votre canap\u00e9 id\u00e9al. En ce qui concerne le confort d\\&#8217;assise, vous avez le choix entre : mousse supr\u00eame, ressorts ensach\u00e9s ou confort de poche+. Vous d\u00e9terminez vous-m\u00eame la configuration de votre canap\u00e9 Olvera ! Optez-vous pour une forme ronde, droite ou une forme en U confortable ? Avec Olvera, vous \u00eates toujours bien install\u00e9 ! Le dossier haut offre un soutien suppl\u00e9mentaire et gr\u00e2ce aux pieds antid\u00e9rapants, votre ce divan droite arrondie reste toujours fermement en place.<\/p>\n","protected":false},"excerpt":{"rendered":"<p>Olvera, divan arrondie &#8211; droite<\/p>\n","protected":false},"featured_media":970289,"comment_status":"open","ping_status":"open","template":"","meta":{"_relevanssi_hide_post":"","_relevanssi_hide_content":"","_relevanssi_pin_for_all":"","_relevanssi_pin_keywords":"","_relevanssi_unpin_keywords":"","_relevanssi_related_keywords":"","_relevanssi_related_include_ids":"","_relevanssi_related_exclude_ids":"","_relevanssi_related_no_append":"","_relevanssi_related_not_related":"","_relevanssi_related_posts":"","_relevanssi_noindex_reason":""},"product_brand":[],"product_cat":[1374,1333],"product_tag":[],"class_list":["post-799410","product","type-product","status-publish","has-post-thumbnail","product_cat-zetels_fr_BE","product_cat-zitmeubels_sets_zitmeubels_fr_BE","first","onbackorder","taxable","shipping-taxable","purchasable","product-type-simple"],"_links":{"self":[{"href":"https:\/\/www.moensmeubelen.be\/fr\/wp-json\/wp\/v2\/product\/799410","targetHints":{"allow":["GET"]}}],"collection":[{"href":"https:\/\/www.moensmeubelen.be\/fr\/wp-json\/wp\/v2\/product"}],"about":[{"href":"https:\/\/www.moensmeubelen.be\/fr\/wp-json\/wp\/v2\/types\/product"}],"replies":[{"embeddable":true,"href":"https:\/\/www.moensmeubelen.be\/fr\/wp-json\/wp\/v2\/comments?post=799410"}],"wp:featuredmedia":[{"embeddable":true,"href":"https:\/\/www.moensmeubelen.be\/fr\/wp-json\/wp\/v2\/media\/970289"}],"wp:attachment":[{"href":"https:\/\/www.moensmeubelen.be\/fr\/wp-json\/wp\/v2\/media?parent=799410"}],"wp:term":[{"taxonomy":"product_brand","embeddable":true,"href":"https:\/\/www.moensmeubelen.be\/fr\/wp-json\/wp\/v2\/product_brand?post=799410"},{"taxonomy":"product_cat","embeddable":true,"href":"https:\/\/www.moensmeubelen.be\/fr\/wp-json\/wp\/v2\/product_cat?post=799410"},{"taxonomy":"product_tag","embeddable":true,"href":"https:\/\/www.moensmeubelen.be\/fr\/wp-json\/wp\/v2\/product_tag?post=799410"}],"curies":[{"name":"wp","href":"https:\/\/api.w.org\/{rel}","templated":true}]}}