{"id":804438,"date":"2026-04-23T00:00:00","date_gmt":"2026-04-23T00:00:00","guid":{"rendered":"https:\/\/www.moensmeubelen.be\/product\/dnlf-9655895-fr_be\/"},"modified":"2026-04-23T22:32:28","modified_gmt":"2026-04-23T20:32:28","slug":"DNLF-9655895-fr_BE","status":"publish","type":"product","link":"https:\/\/www.moensmeubelen.be\/fr\/produit\/DNLF-9655895-fr_BE\/","title":{"rendered":"Adam muurtafel"},"content":{"rendered":"<p>La console murale ADAM est un bon m\u00e9lange d\\&#8217;\u00e9l\u00e9ments contemporains et \u00e9l\u00e9gants. Avec une ligne graphique forte dans son pi\u00e8tement en m\u00e9tal et un plateau en ch\u00eane massif, la console apporte une touche chic \u00e0 tout int\u00e9rieur. Elle s\\&#8217;int\u00e8gre parfaitement dans un couloir ou une entr\u00e9e, mais aussi dans le salon.<\/p>\n","protected":false},"excerpt":{"rendered":"<p>La console murale ADAM est un bon m\u00e9lange d\\&#8217;\u00e9l\u00e9ments contemporains et \u00e9l\u00e9gants. Avec une ligne graphique forte dans son pi\u00e8tement en m\u00e9tal et un plateau en ch\u00eane massif, la console apporte une touche chic \u00e0 tout int\u00e9rieur. Elle s\\&#8217;int\u00e8gre parfaitement dans un couloir ou une entr\u00e9e, mais aussi dans le salon.<\/p>\n","protected":false},"featured_media":186334,"comment_status":"open","ping_status":"open","template":"","meta":{"_relevanssi_hide_post":"","_relevanssi_hide_content":"","_relevanssi_pin_for_all":"","_relevanssi_pin_keywords":"","_relevanssi_unpin_keywords":"","_relevanssi_related_keywords":"","_relevanssi_related_include_ids":"","_relevanssi_related_exclude_ids":"","_relevanssi_related_no_append":"","_relevanssi_related_not_related":"","_relevanssi_related_posts":"","_relevanssi_noindex_reason":""},"product_brand":[],"product_cat":[5641],"product_tag":[],"class_list":["post-804438","product","type-product","status-publish","has-post-thumbnail","product_cat-wandtafels_fr_BE","first","onbackorder","taxable","shipping-taxable","purchasable","product-type-simple"],"_links":{"self":[{"href":"https:\/\/www.moensmeubelen.be\/fr\/wp-json\/wp\/v2\/product\/804438","targetHints":{"allow":["GET"]}}],"collection":[{"href":"https:\/\/www.moensmeubelen.be\/fr\/wp-json\/wp\/v2\/product"}],"about":[{"href":"https:\/\/www.moensmeubelen.be\/fr\/wp-json\/wp\/v2\/types\/product"}],"replies":[{"embeddable":true,"href":"https:\/\/www.moensmeubelen.be\/fr\/wp-json\/wp\/v2\/comments?post=804438"}],"wp:featuredmedia":[{"embeddable":true,"href":"https:\/\/www.moensmeubelen.be\/fr\/wp-json\/wp\/v2\/media\/186334"}],"wp:attachment":[{"href":"https:\/\/www.moensmeubelen.be\/fr\/wp-json\/wp\/v2\/media?parent=804438"}],"wp:term":[{"taxonomy":"product_brand","embeddable":true,"href":"https:\/\/www.moensmeubelen.be\/fr\/wp-json\/wp\/v2\/product_brand?post=804438"},{"taxonomy":"product_cat","embeddable":true,"href":"https:\/\/www.moensmeubelen.be\/fr\/wp-json\/wp\/v2\/product_cat?post=804438"},{"taxonomy":"product_tag","embeddable":true,"href":"https:\/\/www.moensmeubelen.be\/fr\/wp-json\/wp\/v2\/product_tag?post=804438"}],"curies":[{"name":"wp","href":"https:\/\/api.w.org\/{rel}","templated":true}]}}