{"id":815855,"date":"2026-06-28T00:00:00","date_gmt":"2026-06-28T00:00:00","guid":{"rendered":"https:\/\/www.moensmeubelen.be\/product\/53188cpg-fr_be\/"},"modified":"2026-06-28T22:55:46","modified_gmt":"2026-06-28T20:55:46","slug":"53188CPG-fr_BE","status":"publish","type":"product","link":"https:\/\/www.moensmeubelen.be\/fr\/produit\/53188CPG-fr_BE\/","title":{"rendered":"Rhodi fauteuil &#8211; Taupe"},"content":{"rendered":"<p>Ajoutez une touche de luxe et de confort \u00e0 votre int\u00e9rieur avec le fauteuil Rhodi de <strong>COCO<\/strong>maison. Ce fauteuil \u00e9l\u00e9gant est recouvert d\\&#8217;un magnifique tissu couleur champagne qui a un \u00e9clat subtil, cr\u00e9ant ainsi une apparence raffin\u00e9e et chic. Le pied couleur noyer offre une base solide et ajoute une touche chaleureuse et naturelle \u00e0 l\\&#8217;ensemble. Les dimensions de ce fauteuil sont : profondeur 74 cm, hauteur 71 cm et largeur 76 cm. Le fauteuil Rhodi s\\&#8217;int\u00e8gre parfaitement dans chaque espace, que ce soit votre salon, chambre ou bureau. Ce fauteuil offre non seulement un si\u00e8ge confortable, mais est aussi une pi\u00e8ce ma\u00eetresse \u00e9l\u00e9gante qui \u00e9l\u00e8ve votre int\u00e9rieur \u00e0 un niveau sup\u00e9rieur.<\/p>\n","protected":false},"excerpt":{"rendered":"<p>Rhodi fauteuil &#8211; Taupe<\/p>\n","protected":false},"featured_media":1007796,"comment_status":"open","ping_status":"open","template":"","meta":{"_relevanssi_hide_post":"","_relevanssi_hide_content":"","_relevanssi_pin_for_all":"","_relevanssi_pin_keywords":"","_relevanssi_unpin_keywords":"","_relevanssi_related_keywords":"","_relevanssi_related_include_ids":"","_relevanssi_related_exclude_ids":"","_relevanssi_related_no_append":"","_relevanssi_related_not_related":"","_relevanssi_related_posts":"","_relevanssi_noindex_reason":""},"product_brand":[],"product_cat":[24147],"product_tag":[],"class_list":["post-815855","product","type-product","status-publish","has-post-thumbnail","product_cat-Fauteuils_fr_BE","first","onbackorder","taxable","shipping-taxable","purchasable","product-type-simple"],"_links":{"self":[{"href":"https:\/\/www.moensmeubelen.be\/fr\/wp-json\/wp\/v2\/product\/815855","targetHints":{"allow":["GET"]}}],"collection":[{"href":"https:\/\/www.moensmeubelen.be\/fr\/wp-json\/wp\/v2\/product"}],"about":[{"href":"https:\/\/www.moensmeubelen.be\/fr\/wp-json\/wp\/v2\/types\/product"}],"replies":[{"embeddable":true,"href":"https:\/\/www.moensmeubelen.be\/fr\/wp-json\/wp\/v2\/comments?post=815855"}],"wp:featuredmedia":[{"embeddable":true,"href":"https:\/\/www.moensmeubelen.be\/fr\/wp-json\/wp\/v2\/media\/1007796"}],"wp:attachment":[{"href":"https:\/\/www.moensmeubelen.be\/fr\/wp-json\/wp\/v2\/media?parent=815855"}],"wp:term":[{"taxonomy":"product_brand","embeddable":true,"href":"https:\/\/www.moensmeubelen.be\/fr\/wp-json\/wp\/v2\/product_brand?post=815855"},{"taxonomy":"product_cat","embeddable":true,"href":"https:\/\/www.moensmeubelen.be\/fr\/wp-json\/wp\/v2\/product_cat?post=815855"},{"taxonomy":"product_tag","embeddable":true,"href":"https:\/\/www.moensmeubelen.be\/fr\/wp-json\/wp\/v2\/product_tag?post=815855"}],"curies":[{"name":"wp","href":"https:\/\/api.w.org\/{rel}","templated":true}]}}