{"id":815871,"date":"2026-06-28T00:00:00","date_gmt":"2026-06-28T00:00:00","guid":{"rendered":"https:\/\/www.moensmeubelen.be\/product\/53190mcl-fr_be\/"},"modified":"2026-06-28T22:56:02","modified_gmt":"2026-06-28T20:56:02","slug":"53190MCL-fr_BE","status":"publish","type":"product","link":"https:\/\/www.moensmeubelen.be\/fr\/produit\/53190MCL-fr_BE\/","title":{"rendered":"Jacob bougeoir H24cm &#8211; Multicouleur"},"content":{"rendered":"<p>Ajoutez une touche de charme classique \u00e0 votre int\u00e9rieur avec le chandelier Jacob de <strong>COCO<\/strong>maison. Ce chandelier \u00e9l\u00e9gant mesure 24 cm de haut et est fabriqu\u00e9 en c\u00e9ramique. Il a une finition mate raffin\u00e9e en bordeaux et blanc. Le motif en damier donne au chandelier une texture subtile et une apparence unique. Gr\u00e2ce \u00e0 sa forme classique, le chandelier Jacob s\\&#8217;int\u00e8gre parfaitement dans les int\u00e9rieurs modernes et traditionnels. Combinez le chandelier Jacob avec le vase assorti de <strong>COCO<\/strong>maison pour un ensemble harmonieux et \u00e9l\u00e9gant.<\/p>\n","protected":false},"excerpt":{"rendered":"<p>Jacob bougeoir H24cm &#8211; Multicouleur<\/p>\n","protected":false},"featured_media":1007808,"comment_status":"open","ping_status":"open","template":"","meta":{"_relevanssi_hide_post":"","_relevanssi_hide_content":"","_relevanssi_pin_for_all":"","_relevanssi_pin_keywords":"","_relevanssi_unpin_keywords":"","_relevanssi_related_keywords":"","_relevanssi_related_include_ids":"","_relevanssi_related_exclude_ids":"","_relevanssi_related_no_append":"","_relevanssi_related_not_related":"","_relevanssi_related_posts":"","_relevanssi_noindex_reason":""},"product_brand":[],"product_cat":[24129],"product_tag":[],"class_list":["post-815871","product","type-product","status-publish","has-post-thumbnail","product_cat-Kandelaar_fr_BE","first","onbackorder","taxable","shipping-taxable","purchasable","product-type-simple"],"_links":{"self":[{"href":"https:\/\/www.moensmeubelen.be\/fr\/wp-json\/wp\/v2\/product\/815871","targetHints":{"allow":["GET"]}}],"collection":[{"href":"https:\/\/www.moensmeubelen.be\/fr\/wp-json\/wp\/v2\/product"}],"about":[{"href":"https:\/\/www.moensmeubelen.be\/fr\/wp-json\/wp\/v2\/types\/product"}],"replies":[{"embeddable":true,"href":"https:\/\/www.moensmeubelen.be\/fr\/wp-json\/wp\/v2\/comments?post=815871"}],"wp:featuredmedia":[{"embeddable":true,"href":"https:\/\/www.moensmeubelen.be\/fr\/wp-json\/wp\/v2\/media\/1007808"}],"wp:attachment":[{"href":"https:\/\/www.moensmeubelen.be\/fr\/wp-json\/wp\/v2\/media?parent=815871"}],"wp:term":[{"taxonomy":"product_brand","embeddable":true,"href":"https:\/\/www.moensmeubelen.be\/fr\/wp-json\/wp\/v2\/product_brand?post=815871"},{"taxonomy":"product_cat","embeddable":true,"href":"https:\/\/www.moensmeubelen.be\/fr\/wp-json\/wp\/v2\/product_cat?post=815871"},{"taxonomy":"product_tag","embeddable":true,"href":"https:\/\/www.moensmeubelen.be\/fr\/wp-json\/wp\/v2\/product_tag?post=815871"}],"curies":[{"name":"wp","href":"https:\/\/api.w.org\/{rel}","templated":true}]}}