{"id":817507,"date":"2026-06-28T00:00:00","date_gmt":"2026-06-28T00:00:00","guid":{"rendered":"https:\/\/www.moensmeubelen.be\/product\/53165bei-fr_be\/"},"modified":"2026-06-28T22:54:05","modified_gmt":"2026-06-28T20:54:05","slug":"53165BEI-fr_BE","status":"publish","type":"product","link":"https:\/\/www.moensmeubelen.be\/fr\/produit\/53165BEI-fr_BE\/","title":{"rendered":"Elien vase H24cm &#8211; Beige"},"content":{"rendered":"<p>Ajoutez une touche d\\&#8217;\u00e9l\u00e9gance naturelle \u00e0 votre int\u00e9rieur avec le vase Elien de <strong>COCO<\/strong>maison. Ce magnifique vase mesure 24 cm de haut et est de couleur beige. Fabriqu\u00e9 en c\u00e9ramique, il d\u00e9gage un charme intemporel. Le vase Elien est parfait pour pr\u00e9senter de belles branches s\u00e9ch\u00e9es, mais il est aussi une \u0153uvre d\\&#8217;art d\u00e9corative en soi, m\u00eame sans fleurs. Placez ce vase sur une commode, une table d\\&#8217;appoint ou un rebord de fen\u00eatre et profitez de l\\&#8217;atmosph\u00e8re qu\\&#8217;il apporte \u00e0 votre espace. Que vous souhaitiez cr\u00e9er une ambiance rustique ou ajouter une touche moderne, le vase Elien de <strong>COCO<\/strong>maison s\\&#8217;int\u00e8gre parfaitement \u00e0 tous les styles de d\u00e9coration.<\/p>\n","protected":false},"excerpt":{"rendered":"<p>Elien vase H24cm &#8211; Beige<\/p>\n","protected":false},"featured_media":1007732,"comment_status":"open","ping_status":"open","template":"","meta":{"_relevanssi_hide_post":"","_relevanssi_hide_content":"","_relevanssi_pin_for_all":"","_relevanssi_pin_keywords":"","_relevanssi_unpin_keywords":"","_relevanssi_related_keywords":"","_relevanssi_related_include_ids":"","_relevanssi_related_exclude_ids":"","_relevanssi_related_no_append":"","_relevanssi_related_not_related":"","_relevanssi_related_posts":"","_relevanssi_noindex_reason":""},"product_brand":[],"product_cat":[1990],"product_tag":[],"class_list":["post-817507","product","type-product","status-publish","has-post-thumbnail","product_cat-vazen_fr_BE","first","onbackorder","taxable","shipping-taxable","purchasable","product-type-simple"],"_links":{"self":[{"href":"https:\/\/www.moensmeubelen.be\/fr\/wp-json\/wp\/v2\/product\/817507","targetHints":{"allow":["GET"]}}],"collection":[{"href":"https:\/\/www.moensmeubelen.be\/fr\/wp-json\/wp\/v2\/product"}],"about":[{"href":"https:\/\/www.moensmeubelen.be\/fr\/wp-json\/wp\/v2\/types\/product"}],"replies":[{"embeddable":true,"href":"https:\/\/www.moensmeubelen.be\/fr\/wp-json\/wp\/v2\/comments?post=817507"}],"wp:featuredmedia":[{"embeddable":true,"href":"https:\/\/www.moensmeubelen.be\/fr\/wp-json\/wp\/v2\/media\/1007732"}],"wp:attachment":[{"href":"https:\/\/www.moensmeubelen.be\/fr\/wp-json\/wp\/v2\/media?parent=817507"}],"wp:term":[{"taxonomy":"product_brand","embeddable":true,"href":"https:\/\/www.moensmeubelen.be\/fr\/wp-json\/wp\/v2\/product_brand?post=817507"},{"taxonomy":"product_cat","embeddable":true,"href":"https:\/\/www.moensmeubelen.be\/fr\/wp-json\/wp\/v2\/product_cat?post=817507"},{"taxonomy":"product_tag","embeddable":true,"href":"https:\/\/www.moensmeubelen.be\/fr\/wp-json\/wp\/v2\/product_tag?post=817507"}],"curies":[{"name":"wp","href":"https:\/\/api.w.org\/{rel}","templated":true}]}}