{"id":822313,"date":"2026-06-28T00:00:00","date_gmt":"2026-06-28T00:00:00","guid":{"rendered":"https:\/\/www.moensmeubelen.be\/product\/55042des-fr_be\/"},"modified":"2026-06-28T23:34:41","modified_gmt":"2026-06-28T21:34:41","slug":"55042DES-fr_BE","status":"publish","type":"product","link":"https:\/\/www.moensmeubelen.be\/fr\/produit\/55042DES-fr_BE\/","title":{"rendered":"Sage, chaise \u00e0 accoudoirs &#8211; 4 pieds graphite &#8211; tissu Oregon &#8211; Desert"},"content":{"rendered":"<p>Avec son rev\u00eatement chaleureux de couleur d\u00e9sert, la chaise SAGE est un compl\u00e9ment \u00e9l\u00e9gant dans chaque int\u00e9rieur. Cette chaise est fabriqu\u00e9e avec le tissu Oregon, un tissu \u00e0 la structure fine qui cr\u00e9e une apparence agr\u00e9able et naturelle. L\\&#8217;assise confortable et la forme organique invitent \u00e0 s\\&#8217;attarder \u00e0 table. Le pi\u00e9tement en graphite conf\u00e8re \u00e0 la chaise une touche de robustesse qui lui conf\u00e8re une allure moderne. D\u00e9couvrez aussi les autres variantes de la chaise SAGE et composez votre set id\u00e9al.<\/p>\n","protected":false},"excerpt":{"rendered":"<p>Sage, chaise \u00e0 accoudoirs &#8211; 4 pieds graphite &#8211; tissu Oregon &#8211; Desert<\/p>\n","protected":false},"featured_media":1009720,"comment_status":"open","ping_status":"open","template":"","meta":{"_relevanssi_hide_post":"","_relevanssi_hide_content":"","_relevanssi_pin_for_all":"","_relevanssi_pin_keywords":"","_relevanssi_unpin_keywords":"","_relevanssi_related_keywords":"","_relevanssi_related_include_ids":"","_relevanssi_related_exclude_ids":"","_relevanssi_related_no_append":"","_relevanssi_related_not_related":"","_relevanssi_related_posts":"","_relevanssi_noindex_reason":""},"product_brand":[],"product_cat":[24145],"product_tag":[],"class_list":["post-822313","product","type-product","status-publish","has-post-thumbnail","product_cat-Armstoelen_fr_BE","first","onbackorder","taxable","shipping-taxable","purchasable","product-type-simple"],"_links":{"self":[{"href":"https:\/\/www.moensmeubelen.be\/fr\/wp-json\/wp\/v2\/product\/822313","targetHints":{"allow":["GET"]}}],"collection":[{"href":"https:\/\/www.moensmeubelen.be\/fr\/wp-json\/wp\/v2\/product"}],"about":[{"href":"https:\/\/www.moensmeubelen.be\/fr\/wp-json\/wp\/v2\/types\/product"}],"replies":[{"embeddable":true,"href":"https:\/\/www.moensmeubelen.be\/fr\/wp-json\/wp\/v2\/comments?post=822313"}],"wp:featuredmedia":[{"embeddable":true,"href":"https:\/\/www.moensmeubelen.be\/fr\/wp-json\/wp\/v2\/media\/1009720"}],"wp:attachment":[{"href":"https:\/\/www.moensmeubelen.be\/fr\/wp-json\/wp\/v2\/media?parent=822313"}],"wp:term":[{"taxonomy":"product_brand","embeddable":true,"href":"https:\/\/www.moensmeubelen.be\/fr\/wp-json\/wp\/v2\/product_brand?post=822313"},{"taxonomy":"product_cat","embeddable":true,"href":"https:\/\/www.moensmeubelen.be\/fr\/wp-json\/wp\/v2\/product_cat?post=822313"},{"taxonomy":"product_tag","embeddable":true,"href":"https:\/\/www.moensmeubelen.be\/fr\/wp-json\/wp\/v2\/product_tag?post=822313"}],"curies":[{"name":"wp","href":"https:\/\/api.w.org\/{rel}","templated":true}]}}