{"id":846323,"date":"2026-06-28T00:00:00","date_gmt":"2026-06-28T00:00:00","guid":{"rendered":"https:\/\/www.moensmeubelen.be\/product\/55090cre-fr_be\/"},"modified":"2026-06-28T23:40:40","modified_gmt":"2026-06-28T21:40:40","slug":"55090CRE-fr_BE","status":"publish","type":"product","link":"https:\/\/www.moensmeubelen.be\/fr\/produit\/55090CRE-fr_BE\/","title":{"rendered":"Sage, chaise \u00e0 accoudoirs &#8211; 4 pieds creme &#8211; tissu Luton &#8211; Creme"},"content":{"rendered":"<p>Ce mod\u00e8le de chaise avec accoudoirs SAGE enti\u00e8rement cr\u00e8me respire le calme et l\\&#8217;\u00e9l\u00e9gance. La chaise est recouverte du tissu Luton, un tissu avec un haut degr\u00e9 de r\u00e9sistance \u00e0 l\\&#8217;usure. Gr\u00e2ce \u00e0 son dossier arrondi, ses accoudoirs int\u00e9gr\u00e9s et son assise spacieuse, cette chaise est parfaite pour les longs repas ou les moments de d\u00e9tente \u00e0 table. Le pi\u00e9tement \u00e0 4 pieds de la m\u00eame couleur cr\u00e8me conf\u00e8re \u00e0 la chaise un ton-sur-ton rafra\u00eechissant qui convient aussi bien aux int\u00e9rieurs modernes que classiques. La chaise avec accoudoirs SAGE est disponible en diff\u00e9rents coloris et mod\u00e8les pour que vous puissiez apporter une touche personnelle et styl\u00e9e \u00e0 votre salle \u00e0 manger.<\/p>\n","protected":false},"excerpt":{"rendered":"<p>Sage, chaise \u00e0 accoudoirs &#8211; 4 pieds creme &#8211; tissu Luton &#8211; Creme<\/p>\n","protected":false},"featured_media":1010030,"comment_status":"open","ping_status":"open","template":"","meta":{"_relevanssi_hide_post":"","_relevanssi_hide_content":"","_relevanssi_pin_for_all":"","_relevanssi_pin_keywords":"","_relevanssi_unpin_keywords":"","_relevanssi_related_keywords":"","_relevanssi_related_include_ids":"","_relevanssi_related_exclude_ids":"","_relevanssi_related_no_append":"","_relevanssi_related_not_related":"","_relevanssi_related_posts":"","_relevanssi_noindex_reason":""},"product_brand":[],"product_cat":[24145],"product_tag":[],"class_list":["post-846323","product","type-product","status-publish","has-post-thumbnail","product_cat-Armstoelen_fr_BE","first","onbackorder","taxable","shipping-taxable","purchasable","product-type-simple"],"_links":{"self":[{"href":"https:\/\/www.moensmeubelen.be\/fr\/wp-json\/wp\/v2\/product\/846323","targetHints":{"allow":["GET"]}}],"collection":[{"href":"https:\/\/www.moensmeubelen.be\/fr\/wp-json\/wp\/v2\/product"}],"about":[{"href":"https:\/\/www.moensmeubelen.be\/fr\/wp-json\/wp\/v2\/types\/product"}],"replies":[{"embeddable":true,"href":"https:\/\/www.moensmeubelen.be\/fr\/wp-json\/wp\/v2\/comments?post=846323"}],"wp:featuredmedia":[{"embeddable":true,"href":"https:\/\/www.moensmeubelen.be\/fr\/wp-json\/wp\/v2\/media\/1010030"}],"wp:attachment":[{"href":"https:\/\/www.moensmeubelen.be\/fr\/wp-json\/wp\/v2\/media?parent=846323"}],"wp:term":[{"taxonomy":"product_brand","embeddable":true,"href":"https:\/\/www.moensmeubelen.be\/fr\/wp-json\/wp\/v2\/product_brand?post=846323"},{"taxonomy":"product_cat","embeddable":true,"href":"https:\/\/www.moensmeubelen.be\/fr\/wp-json\/wp\/v2\/product_cat?post=846323"},{"taxonomy":"product_tag","embeddable":true,"href":"https:\/\/www.moensmeubelen.be\/fr\/wp-json\/wp\/v2\/product_tag?post=846323"}],"curies":[{"name":"wp","href":"https:\/\/api.w.org\/{rel}","templated":true}]}}