{"id":847023,"date":"2026-06-28T00:00:00","date_gmt":"2026-06-28T00:00:00","guid":{"rendered":"https:\/\/www.moensmeubelen.be\/product\/53326mcl-fr_be\/"},"modified":"2026-06-28T23:04:49","modified_gmt":"2026-06-28T21:04:49","slug":"53326MCL-fr_BE","status":"publish","type":"product","link":"https:\/\/www.moensmeubelen.be\/fr\/produit\/53326MCL-fr_BE\/","title":{"rendered":"Mies vase H48cm &#8211; Multicouleur"},"content":{"rendered":"<p>Chez COCOmaison, nous l\\&#8217;appelons un vase, mais en r\u00e9alit\u00e9, le Mies est bien plus que cela. La forme \u00e9pur\u00e9e de ce vase en verre vert, haut de 48 cm, est litt\u00e9ralement couronn\u00e9e d\\&#8217;un magnifique bouchon jaune ocre. Vous pouvez bien s\u00fbr simplement placer ce bouchon sur le vase, afin que le Mies ressemble \u00e0 une \u00e9l\u00e9gante carafe. Si vous retirez le bouchon en verre, vous pouvez mettre quelques fleurs ou branches \u00e9l\u00e9gantes dans le vase. Mais quel que soit le nom que vous lui donnez ou l\\&#8217;usage que vous en faites, le Mies est un magnifique accessoire de d\u00e9coration dont vous ne vous lasserez pas de sit\u00f4t. Si vous souhaitez mettre le vase Mies encore plus en valeur, achetez-le avec son petit fr\u00e8re : les couleurs sont exactement invers\u00e9es et l\\&#8217;autre vase est l\u00e9g\u00e8rement plus bas et plus large. Le vase Marthe a le m\u00eame mod\u00e8le dans une combinaison de couleurs blanc et violet.<\/p>\n","protected":false},"excerpt":{"rendered":"<p>Mies vase H48cm &#8211; Multicouleur<\/p>\n","protected":false},"featured_media":1008250,"comment_status":"open","ping_status":"open","template":"","meta":{"_relevanssi_hide_post":"","_relevanssi_hide_content":"","_relevanssi_pin_for_all":"","_relevanssi_pin_keywords":"","_relevanssi_unpin_keywords":"","_relevanssi_related_keywords":"","_relevanssi_related_include_ids":"","_relevanssi_related_exclude_ids":"","_relevanssi_related_no_append":"","_relevanssi_related_not_related":"","_relevanssi_related_posts":"","_relevanssi_noindex_reason":""},"product_brand":[],"product_cat":[1990],"product_tag":[],"class_list":["post-847023","product","type-product","status-publish","has-post-thumbnail","product_cat-vazen_fr_BE","first","onbackorder","taxable","shipping-taxable","purchasable","product-type-simple"],"_links":{"self":[{"href":"https:\/\/www.moensmeubelen.be\/fr\/wp-json\/wp\/v2\/product\/847023","targetHints":{"allow":["GET"]}}],"collection":[{"href":"https:\/\/www.moensmeubelen.be\/fr\/wp-json\/wp\/v2\/product"}],"about":[{"href":"https:\/\/www.moensmeubelen.be\/fr\/wp-json\/wp\/v2\/types\/product"}],"replies":[{"embeddable":true,"href":"https:\/\/www.moensmeubelen.be\/fr\/wp-json\/wp\/v2\/comments?post=847023"}],"wp:featuredmedia":[{"embeddable":true,"href":"https:\/\/www.moensmeubelen.be\/fr\/wp-json\/wp\/v2\/media\/1008250"}],"wp:attachment":[{"href":"https:\/\/www.moensmeubelen.be\/fr\/wp-json\/wp\/v2\/media?parent=847023"}],"wp:term":[{"taxonomy":"product_brand","embeddable":true,"href":"https:\/\/www.moensmeubelen.be\/fr\/wp-json\/wp\/v2\/product_brand?post=847023"},{"taxonomy":"product_cat","embeddable":true,"href":"https:\/\/www.moensmeubelen.be\/fr\/wp-json\/wp\/v2\/product_cat?post=847023"},{"taxonomy":"product_tag","embeddable":true,"href":"https:\/\/www.moensmeubelen.be\/fr\/wp-json\/wp\/v2\/product_tag?post=847023"}],"curies":[{"name":"wp","href":"https:\/\/api.w.org\/{rel}","templated":true}]}}