{"id":853776,"date":"2026-06-28T00:00:00","date_gmt":"2026-06-28T00:00:00","guid":{"rendered":"https:\/\/www.moensmeubelen.be\/product\/52461wal-fr_be\/"},"modified":"2026-06-28T22:43:48","modified_gmt":"2026-06-28T20:43:48","slug":"52461WAL-fr_BE","status":"publish","type":"product","link":"https:\/\/www.moensmeubelen.be\/fr\/produit\/52461WAL-fr_BE\/","title":{"rendered":"Brianza, lowboard 235 cm &#8211; 3-portes + 2-tiroirs"},"content":{"rendered":"<p>Le lowboard BRIANZA m\u00e9rite une place centrale dans votre int\u00e9rieur. Ce meuble styl\u00e9 combine un look moderne et \u00e9pur\u00e9 \u00e0 une facilit\u00e9 d\\&#8217;usage optimale. Sa finition en placage noyer laqu\u00e9 poss\u00e8de des nervures visibles qui forment un ensemble fluide sur toute la largeur du meuble. Le lowboard est \u00e9quip\u00e9 de trois portes sans poign\u00e9es et de deux tiroirs, le tout \u00e9quip\u00e9 du syst\u00e8me soft-close pour une utilisation silencieuse. Les coins arrondis du corps du meuble et son plateau sup\u00e9rieur se rejoignent sur les pieds arrondis en noyer plaqu\u00e9. Petite touche sp\u00e9ciale\u00a0: les faces avant arborent un bord subtilement incurv\u00e9 qui forme un encadrement \u00e9l\u00e9gant. Placez ce lowboard au sol ou optez pour un montage mural pour un effet a\u00e9rien.<\/p>\n","protected":false},"excerpt":{"rendered":"<p>Brianza, lowboard 235 cm &#8211; 3-portes + 2-tiroirs<\/p>\n","protected":false},"featured_media":1007200,"comment_status":"open","ping_status":"open","template":"","meta":{"_relevanssi_hide_post":"","_relevanssi_hide_content":"","_relevanssi_pin_for_all":"","_relevanssi_pin_keywords":"","_relevanssi_unpin_keywords":"","_relevanssi_related_keywords":"","_relevanssi_related_include_ids":"","_relevanssi_related_exclude_ids":"","_relevanssi_related_no_append":"","_relevanssi_related_not_related":"","_relevanssi_related_posts":"","_relevanssi_noindex_reason":""},"product_brand":[],"product_cat":[1321],"product_tag":[],"class_list":["post-853776","product","type-product","status-publish","has-post-thumbnail","product_cat-tv_meubels_fr_BE","first","onbackorder","sale","taxable","shipping-taxable","purchasable","product-type-simple"],"_links":{"self":[{"href":"https:\/\/www.moensmeubelen.be\/fr\/wp-json\/wp\/v2\/product\/853776","targetHints":{"allow":["GET"]}}],"collection":[{"href":"https:\/\/www.moensmeubelen.be\/fr\/wp-json\/wp\/v2\/product"}],"about":[{"href":"https:\/\/www.moensmeubelen.be\/fr\/wp-json\/wp\/v2\/types\/product"}],"replies":[{"embeddable":true,"href":"https:\/\/www.moensmeubelen.be\/fr\/wp-json\/wp\/v2\/comments?post=853776"}],"wp:featuredmedia":[{"embeddable":true,"href":"https:\/\/www.moensmeubelen.be\/fr\/wp-json\/wp\/v2\/media\/1007200"}],"wp:attachment":[{"href":"https:\/\/www.moensmeubelen.be\/fr\/wp-json\/wp\/v2\/media?parent=853776"}],"wp:term":[{"taxonomy":"product_brand","embeddable":true,"href":"https:\/\/www.moensmeubelen.be\/fr\/wp-json\/wp\/v2\/product_brand?post=853776"},{"taxonomy":"product_cat","embeddable":true,"href":"https:\/\/www.moensmeubelen.be\/fr\/wp-json\/wp\/v2\/product_cat?post=853776"},{"taxonomy":"product_tag","embeddable":true,"href":"https:\/\/www.moensmeubelen.be\/fr\/wp-json\/wp\/v2\/product_tag?post=853776"}],"curies":[{"name":"wp","href":"https:\/\/api.w.org\/{rel}","templated":true}]}}