{"id":860919,"date":"2026-06-28T00:00:00","date_gmt":"2026-06-28T00:00:00","guid":{"rendered":"https:\/\/www.moensmeubelen.be\/product\/56200001-fr_be\/"},"modified":"2026-06-28T23:52:39","modified_gmt":"2026-06-28T21:52:39","slug":"56200001-fr_BE","status":"publish","type":"product","link":"https:\/\/www.moensmeubelen.be\/fr\/produit\/56200001-fr_BE\/","title":{"rendered":"Manciano, 2-places"},"content":{"rendered":"<p>D\u00e9couvrez l\u2019\u00e9quilibre entre le design scandinave et le confort tout en douceur avec le canap\u00e9 2 places MANCIANO. Ses formes arrondies et son allure apaisante attirent imm\u00e9diatement le regard. Vous composez le canap\u00e9 enti\u00e8rement selon vos envies, avec un large choix de tissus et de couleurs. Le confort d\u2019assise est \u00e9galement personnalisable : de s\u00e9rie, le canap\u00e9 est \u00e9quip\u00e9 de mousse HR Supreme, avec la possibilit\u00e9 d\u2019opter pour des ressorts ensach\u00e9s. Vous choisissez en outre le pi\u00e9tement qui correspond \u00e0 votre style : m\u00e9tal noir (en 2 hauteurs) ou ch\u00eane massif.<\/p>\n","protected":false},"excerpt":{"rendered":"<p>Manciano, 2-places<\/p>\n","protected":false},"featured_media":1010674,"comment_status":"open","ping_status":"open","template":"","meta":{"_relevanssi_hide_post":"","_relevanssi_hide_content":"","_relevanssi_pin_for_all":"","_relevanssi_pin_keywords":"","_relevanssi_unpin_keywords":"","_relevanssi_related_keywords":"","_relevanssi_related_include_ids":"","_relevanssi_related_exclude_ids":"","_relevanssi_related_no_append":"","_relevanssi_related_not_related":"","_relevanssi_related_posts":"","_relevanssi_noindex_reason":""},"product_brand":[],"product_cat":[5647],"product_tag":[],"class_list":["post-860919","product","type-product","status-publish","has-post-thumbnail","product_cat-zetels_l2_fr_BE","first","onbackorder","taxable","shipping-taxable","purchasable","product-type-simple"],"_links":{"self":[{"href":"https:\/\/www.moensmeubelen.be\/fr\/wp-json\/wp\/v2\/product\/860919","targetHints":{"allow":["GET"]}}],"collection":[{"href":"https:\/\/www.moensmeubelen.be\/fr\/wp-json\/wp\/v2\/product"}],"about":[{"href":"https:\/\/www.moensmeubelen.be\/fr\/wp-json\/wp\/v2\/types\/product"}],"replies":[{"embeddable":true,"href":"https:\/\/www.moensmeubelen.be\/fr\/wp-json\/wp\/v2\/comments?post=860919"}],"wp:featuredmedia":[{"embeddable":true,"href":"https:\/\/www.moensmeubelen.be\/fr\/wp-json\/wp\/v2\/media\/1010674"}],"wp:attachment":[{"href":"https:\/\/www.moensmeubelen.be\/fr\/wp-json\/wp\/v2\/media?parent=860919"}],"wp:term":[{"taxonomy":"product_brand","embeddable":true,"href":"https:\/\/www.moensmeubelen.be\/fr\/wp-json\/wp\/v2\/product_brand?post=860919"},{"taxonomy":"product_cat","embeddable":true,"href":"https:\/\/www.moensmeubelen.be\/fr\/wp-json\/wp\/v2\/product_cat?post=860919"},{"taxonomy":"product_tag","embeddable":true,"href":"https:\/\/www.moensmeubelen.be\/fr\/wp-json\/wp\/v2\/product_tag?post=860919"}],"curies":[{"name":"wp","href":"https:\/\/api.w.org\/{rel}","templated":true}]}}