{"id":860923,"date":"2026-06-28T00:00:00","date_gmt":"2026-06-28T00:00:00","guid":{"rendered":"https:\/\/www.moensmeubelen.be\/product\/56201001-fr_be\/"},"modified":"2026-06-28T23:52:46","modified_gmt":"2026-06-28T21:52:46","slug":"56201001-fr_BE","status":"publish","type":"product","link":"https:\/\/www.moensmeubelen.be\/fr\/produit\/56201001-fr_BE\/","title":{"rendered":"Manciano, 2.5-places"},"content":{"rendered":"<p>D\u00e9couvrez l\u2019\u00e9quilibre entre le design scandinave et un confort agr\u00e9able avec le canap\u00e9 2,5 places MANCIANO. Ses formes douces et arrondies et son design apaisant s\u2019int\u00e8grent facilement dans diff\u00e9rents styles d\u2019int\u00e9rieur. Vous composez le canap\u00e9 selon vos go\u00fbts, avec un vaste choix de tissus et de couleurs. Le confort d\u2019assise est personnalisable : mousse HR Supreme de s\u00e9rie, ou ressorts ensach\u00e9s en option. Vous choisissez \u00e9galement le pi\u00e9tement : m\u00e9tal noir (en 2 hauteurs) ou ch\u00eane massif.<\/p>\n","protected":false},"excerpt":{"rendered":"<p>Manciano, 2.5-places<\/p>\n","protected":false},"featured_media":1010680,"comment_status":"open","ping_status":"open","template":"","meta":{"_relevanssi_hide_post":"","_relevanssi_hide_content":"","_relevanssi_pin_for_all":"","_relevanssi_pin_keywords":"","_relevanssi_unpin_keywords":"","_relevanssi_related_keywords":"","_relevanssi_related_include_ids":"","_relevanssi_related_exclude_ids":"","_relevanssi_related_no_append":"","_relevanssi_related_not_related":"","_relevanssi_related_posts":"","_relevanssi_noindex_reason":""},"product_brand":[],"product_cat":[5647],"product_tag":[],"class_list":["post-860923","product","type-product","status-publish","has-post-thumbnail","product_cat-zetels_l2_fr_BE","first","onbackorder","taxable","shipping-taxable","purchasable","product-type-simple"],"_links":{"self":[{"href":"https:\/\/www.moensmeubelen.be\/fr\/wp-json\/wp\/v2\/product\/860923","targetHints":{"allow":["GET"]}}],"collection":[{"href":"https:\/\/www.moensmeubelen.be\/fr\/wp-json\/wp\/v2\/product"}],"about":[{"href":"https:\/\/www.moensmeubelen.be\/fr\/wp-json\/wp\/v2\/types\/product"}],"replies":[{"embeddable":true,"href":"https:\/\/www.moensmeubelen.be\/fr\/wp-json\/wp\/v2\/comments?post=860923"}],"wp:featuredmedia":[{"embeddable":true,"href":"https:\/\/www.moensmeubelen.be\/fr\/wp-json\/wp\/v2\/media\/1010680"}],"wp:attachment":[{"href":"https:\/\/www.moensmeubelen.be\/fr\/wp-json\/wp\/v2\/media?parent=860923"}],"wp:term":[{"taxonomy":"product_brand","embeddable":true,"href":"https:\/\/www.moensmeubelen.be\/fr\/wp-json\/wp\/v2\/product_brand?post=860923"},{"taxonomy":"product_cat","embeddable":true,"href":"https:\/\/www.moensmeubelen.be\/fr\/wp-json\/wp\/v2\/product_cat?post=860923"},{"taxonomy":"product_tag","embeddable":true,"href":"https:\/\/www.moensmeubelen.be\/fr\/wp-json\/wp\/v2\/product_tag?post=860923"}],"curies":[{"name":"wp","href":"https:\/\/api.w.org\/{rel}","templated":true}]}}