{"id":860929,"date":"2026-06-28T00:00:00","date_gmt":"2026-06-28T00:00:00","guid":{"rendered":"https:\/\/www.moensmeubelen.be\/product\/56202001-fr_be\/"},"modified":"2026-06-28T23:52:55","modified_gmt":"2026-06-28T21:52:55","slug":"56202001-fr_BE","status":"publish","type":"product","link":"https:\/\/www.moensmeubelen.be\/fr\/produit\/56202001-fr_BE\/","title":{"rendered":"Manciano, 3-places"},"content":{"rendered":"<p>D\u00e9couvrez l\u2019\u00e9quilibre entre le design scandinave et un confort g\u00e9n\u00e9reux avec le canap\u00e9 3 places MANCIANO. L\u2019association de formes arrondies et d\u2019un design minimaliste lui conf\u00e8re une allure calme et accueillante. Vous adaptez le canap\u00e9 enti\u00e8rement \u00e0 vos souhaits, avec un large choix de tissus et de couleurs. Le confort d\u2019assise standard est assur\u00e9 par la mousse HR Supreme, avec possibilit\u00e9 d\u2019upgrade vers des ressorts ensach\u00e9s. Les pieds en m\u00e9tal noir, disponibles en 13 ou 16 cm de hauteur, apportent une sensation de l\u00e9g\u00e8ret\u00e9. Pour une touche scandinave suppl\u00e9mentaire, un pied en ch\u00eane massif est disponible.<\/p>\n","protected":false},"excerpt":{"rendered":"<p>Manciano, 3-places<\/p>\n","protected":false},"featured_media":1010686,"comment_status":"open","ping_status":"open","template":"","meta":{"_relevanssi_hide_post":"","_relevanssi_hide_content":"","_relevanssi_pin_for_all":"","_relevanssi_pin_keywords":"","_relevanssi_unpin_keywords":"","_relevanssi_related_keywords":"","_relevanssi_related_include_ids":"","_relevanssi_related_exclude_ids":"","_relevanssi_related_no_append":"","_relevanssi_related_not_related":"","_relevanssi_related_posts":"","_relevanssi_noindex_reason":""},"product_brand":[],"product_cat":[5647],"product_tag":[],"class_list":["post-860929","product","type-product","status-publish","has-post-thumbnail","product_cat-zetels_l2_fr_BE","first","onbackorder","taxable","shipping-taxable","purchasable","product-type-simple"],"_links":{"self":[{"href":"https:\/\/www.moensmeubelen.be\/fr\/wp-json\/wp\/v2\/product\/860929","targetHints":{"allow":["GET"]}}],"collection":[{"href":"https:\/\/www.moensmeubelen.be\/fr\/wp-json\/wp\/v2\/product"}],"about":[{"href":"https:\/\/www.moensmeubelen.be\/fr\/wp-json\/wp\/v2\/types\/product"}],"replies":[{"embeddable":true,"href":"https:\/\/www.moensmeubelen.be\/fr\/wp-json\/wp\/v2\/comments?post=860929"}],"wp:featuredmedia":[{"embeddable":true,"href":"https:\/\/www.moensmeubelen.be\/fr\/wp-json\/wp\/v2\/media\/1010686"}],"wp:attachment":[{"href":"https:\/\/www.moensmeubelen.be\/fr\/wp-json\/wp\/v2\/media?parent=860929"}],"wp:term":[{"taxonomy":"product_brand","embeddable":true,"href":"https:\/\/www.moensmeubelen.be\/fr\/wp-json\/wp\/v2\/product_brand?post=860929"},{"taxonomy":"product_cat","embeddable":true,"href":"https:\/\/www.moensmeubelen.be\/fr\/wp-json\/wp\/v2\/product_cat?post=860929"},{"taxonomy":"product_tag","embeddable":true,"href":"https:\/\/www.moensmeubelen.be\/fr\/wp-json\/wp\/v2\/product_tag?post=860929"}],"curies":[{"name":"wp","href":"https:\/\/api.w.org\/{rel}","templated":true}]}}