{"id":860945,"date":"2026-06-28T00:00:00","date_gmt":"2026-06-28T00:00:00","guid":{"rendered":"https:\/\/www.moensmeubelen.be\/product\/56220001-fr_be\/"},"modified":"2026-06-28T23:53:11","modified_gmt":"2026-06-28T21:53:11","slug":"56220001-fr_BE","status":"publish","type":"product","link":"https:\/\/www.moensmeubelen.be\/fr\/produit\/56220001-fr_BE\/","title":{"rendered":"Manciano, pouf 60 x 80 cm"},"content":{"rendered":"<p>Compl\u00e9tez votre canap\u00e9 MANCIANO avec ce pouf rectangulaire assorti. Enti\u00e8rement tapiss\u00e9, il peut \u00eatre plac\u00e9 librement dans votre salon. Comme pour les autres \u00e9l\u00e9ments de la collection MANCIANO, vous choisissez vous-m\u00eame le rev\u00eatement, le confort d\u2019assise et le pi\u00e9tement. Apportez la touche finale \u00e0 votre canap\u00e9 MANCIANO avec ce pouf \/ repose-pieds coordonn\u00e9.<\/p>\n","protected":false},"excerpt":{"rendered":"<p>Manciano, pouf 60 x 80 cm<\/p>\n","protected":false},"featured_media":1010738,"comment_status":"open","ping_status":"open","template":"","meta":{"_relevanssi_hide_post":"","_relevanssi_hide_content":"","_relevanssi_pin_for_all":"","_relevanssi_pin_keywords":"","_relevanssi_unpin_keywords":"","_relevanssi_related_keywords":"","_relevanssi_related_include_ids":"","_relevanssi_related_exclude_ids":"","_relevanssi_related_no_append":"","_relevanssi_related_not_related":"","_relevanssi_related_posts":"","_relevanssi_noindex_reason":""},"product_brand":[],"product_cat":[1329],"product_tag":[],"class_list":["post-860945","product","type-product","status-publish","has-post-thumbnail","product_cat-poefs_fr_BE","first","onbackorder","taxable","shipping-taxable","purchasable","product-type-simple"],"_links":{"self":[{"href":"https:\/\/www.moensmeubelen.be\/fr\/wp-json\/wp\/v2\/product\/860945","targetHints":{"allow":["GET"]}}],"collection":[{"href":"https:\/\/www.moensmeubelen.be\/fr\/wp-json\/wp\/v2\/product"}],"about":[{"href":"https:\/\/www.moensmeubelen.be\/fr\/wp-json\/wp\/v2\/types\/product"}],"replies":[{"embeddable":true,"href":"https:\/\/www.moensmeubelen.be\/fr\/wp-json\/wp\/v2\/comments?post=860945"}],"wp:featuredmedia":[{"embeddable":true,"href":"https:\/\/www.moensmeubelen.be\/fr\/wp-json\/wp\/v2\/media\/1010738"}],"wp:attachment":[{"href":"https:\/\/www.moensmeubelen.be\/fr\/wp-json\/wp\/v2\/media?parent=860945"}],"wp:term":[{"taxonomy":"product_brand","embeddable":true,"href":"https:\/\/www.moensmeubelen.be\/fr\/wp-json\/wp\/v2\/product_brand?post=860945"},{"taxonomy":"product_cat","embeddable":true,"href":"https:\/\/www.moensmeubelen.be\/fr\/wp-json\/wp\/v2\/product_cat?post=860945"},{"taxonomy":"product_tag","embeddable":true,"href":"https:\/\/www.moensmeubelen.be\/fr\/wp-json\/wp\/v2\/product_tag?post=860945"}],"curies":[{"name":"wp","href":"https:\/\/api.w.org\/{rel}","templated":true}]}}