{"id":869303,"date":"2026-06-28T00:00:00","date_gmt":"2026-06-28T00:00:00","guid":{"rendered":"https:\/\/www.moensmeubelen.be\/product\/52400oli-fr_be\/"},"modified":"2026-06-28T22:38:15","modified_gmt":"2026-06-28T20:38:15","slug":"52400OLI-fr_BE","status":"publish","type":"product","link":"https:\/\/www.moensmeubelen.be\/fr\/produit\/52400OLI-fr_BE\/","title":{"rendered":"Trentino, Buffet bas 240 cm. &#8211; 2 portes + 2 tiroirs + 1 niche &#8211; mdf laqu\u00e9 &#8211; Olive"},"content":{"rendered":"<p>Le lowboard TRENTINO de 240 cm associe un format g\u00e9n\u00e9reux \u00e0 une finition soign\u00e9e en MDF laqu\u00e9 coloris olive. Les lignes nettes et le syst\u00e8me push-to-open sans poign\u00e9es lui conf\u00e8rent une allure moderne. L\u2019agencement pratique avec deux portes, deux tiroirs et une niche avec \u00e9clairage LED offre suffisamment d\u2019espace de rangement. Le meuble est livr\u00e9 en standard avec une plinthe ton sur ton et un pi\u00e9tement m\u00e9tallique assorti. Un pi\u00e9tement coloris graphite est disponible en option. Le lowboard peut aussi \u00eatre fix\u00e9 au mur.<\/p>\n","protected":false},"excerpt":{"rendered":"<p>Trentino, Buffet bas 240 cm. &#8211; 2 portes + 2 tiroirs + 1 niche &#8211; mdf laqu\u00e9 &#8211; Olive<\/p>\n","protected":false},"featured_media":1006962,"comment_status":"open","ping_status":"open","template":"","meta":{"_relevanssi_hide_post":"","_relevanssi_hide_content":"","_relevanssi_pin_for_all":"","_relevanssi_pin_keywords":"","_relevanssi_unpin_keywords":"","_relevanssi_related_keywords":"","_relevanssi_related_include_ids":"","_relevanssi_related_exclude_ids":"","_relevanssi_related_no_append":"","_relevanssi_related_not_related":"","_relevanssi_related_posts":"","_relevanssi_noindex_reason":""},"product_brand":[],"product_cat":[1321],"product_tag":[],"class_list":["post-869303","product","type-product","status-publish","has-post-thumbnail","product_cat-tv_meubels_fr_BE","first","onbackorder","taxable","shipping-taxable","purchasable","product-type-simple"],"_links":{"self":[{"href":"https:\/\/www.moensmeubelen.be\/fr\/wp-json\/wp\/v2\/product\/869303","targetHints":{"allow":["GET"]}}],"collection":[{"href":"https:\/\/www.moensmeubelen.be\/fr\/wp-json\/wp\/v2\/product"}],"about":[{"href":"https:\/\/www.moensmeubelen.be\/fr\/wp-json\/wp\/v2\/types\/product"}],"replies":[{"embeddable":true,"href":"https:\/\/www.moensmeubelen.be\/fr\/wp-json\/wp\/v2\/comments?post=869303"}],"wp:featuredmedia":[{"embeddable":true,"href":"https:\/\/www.moensmeubelen.be\/fr\/wp-json\/wp\/v2\/media\/1006962"}],"wp:attachment":[{"href":"https:\/\/www.moensmeubelen.be\/fr\/wp-json\/wp\/v2\/media?parent=869303"}],"wp:term":[{"taxonomy":"product_brand","embeddable":true,"href":"https:\/\/www.moensmeubelen.be\/fr\/wp-json\/wp\/v2\/product_brand?post=869303"},{"taxonomy":"product_cat","embeddable":true,"href":"https:\/\/www.moensmeubelen.be\/fr\/wp-json\/wp\/v2\/product_cat?post=869303"},{"taxonomy":"product_tag","embeddable":true,"href":"https:\/\/www.moensmeubelen.be\/fr\/wp-json\/wp\/v2\/product_tag?post=869303"}],"curies":[{"name":"wp","href":"https:\/\/api.w.org\/{rel}","templated":true}]}}