{"id":869311,"date":"2026-06-28T00:00:00","date_gmt":"2026-06-28T00:00:00","guid":{"rendered":"https:\/\/www.moensmeubelen.be\/product\/52401cre-fr_be\/"},"modified":"2026-06-28T22:38:23","modified_gmt":"2026-06-28T20:38:23","slug":"52401CRE-fr_BE","status":"publish","type":"product","link":"https:\/\/www.moensmeubelen.be\/fr\/produit\/52401CRE-fr_BE\/","title":{"rendered":"Trentino, Buffet bas 270 cm. &#8211; 2 portes + 2 tiroirs + 1 niche &#8211; mdf laqu\u00e9 &#8211; Creme"},"content":{"rendered":"<p>Ce lowboard TRENTINO extra-large de 270 cm est r\u00e9alis\u00e9 en MDF laqu\u00e9 coloris cr\u00e8me et apporte clart\u00e9 \u00e0 l\u2019int\u00e9rieur. Son design minimaliste sans poign\u00e9es est associ\u00e9 \u00e0 un syst\u00e8me push-to-open pratique. L\u2019agencement avec deux portes, deux tiroirs et une niche \u00e9clair\u00e9e rend le meuble polyvalent \u00e0 l\u2019usage. La plinthe ton sur ton et le pi\u00e9tement m\u00e9tallique assorti sont livr\u00e9s en standard. Un pi\u00e9tement coloris graphite est disponible moyennant suppl\u00e9ment. Le lowboard peut \u00e9galement \u00eatre suspendu au mur. Ce mod\u00e8le existe aussi en coloris olive.<\/p>\n","protected":false},"excerpt":{"rendered":"<p>Trentino, Buffet bas 270 cm. &#8211; 2 portes + 2 tiroirs + 1 niche &#8211; mdf laqu\u00e9 &#8211; Creme<\/p>\n","protected":false},"featured_media":1006968,"comment_status":"open","ping_status":"open","template":"","meta":{"_relevanssi_hide_post":"","_relevanssi_hide_content":"","_relevanssi_pin_for_all":"","_relevanssi_pin_keywords":"","_relevanssi_unpin_keywords":"","_relevanssi_related_keywords":"","_relevanssi_related_include_ids":"","_relevanssi_related_exclude_ids":"","_relevanssi_related_no_append":"","_relevanssi_related_not_related":"","_relevanssi_related_posts":"","_relevanssi_noindex_reason":""},"product_brand":[],"product_cat":[1321],"product_tag":[],"class_list":["post-869311","product","type-product","status-publish","has-post-thumbnail","product_cat-tv_meubels_fr_BE","first","onbackorder","taxable","shipping-taxable","purchasable","product-type-simple"],"_links":{"self":[{"href":"https:\/\/www.moensmeubelen.be\/fr\/wp-json\/wp\/v2\/product\/869311","targetHints":{"allow":["GET"]}}],"collection":[{"href":"https:\/\/www.moensmeubelen.be\/fr\/wp-json\/wp\/v2\/product"}],"about":[{"href":"https:\/\/www.moensmeubelen.be\/fr\/wp-json\/wp\/v2\/types\/product"}],"replies":[{"embeddable":true,"href":"https:\/\/www.moensmeubelen.be\/fr\/wp-json\/wp\/v2\/comments?post=869311"}],"wp:featuredmedia":[{"embeddable":true,"href":"https:\/\/www.moensmeubelen.be\/fr\/wp-json\/wp\/v2\/media\/1006968"}],"wp:attachment":[{"href":"https:\/\/www.moensmeubelen.be\/fr\/wp-json\/wp\/v2\/media?parent=869311"}],"wp:term":[{"taxonomy":"product_brand","embeddable":true,"href":"https:\/\/www.moensmeubelen.be\/fr\/wp-json\/wp\/v2\/product_brand?post=869311"},{"taxonomy":"product_cat","embeddable":true,"href":"https:\/\/www.moensmeubelen.be\/fr\/wp-json\/wp\/v2\/product_cat?post=869311"},{"taxonomy":"product_tag","embeddable":true,"href":"https:\/\/www.moensmeubelen.be\/fr\/wp-json\/wp\/v2\/product_tag?post=869311"}],"curies":[{"name":"wp","href":"https:\/\/api.w.org\/{rel}","templated":true}]}}