{"id":869319,"date":"2026-06-28T00:00:00","date_gmt":"2026-06-28T00:00:00","guid":{"rendered":"https:\/\/www.moensmeubelen.be\/product\/52401oli-fr_be\/"},"modified":"2026-06-28T22:38:30","modified_gmt":"2026-06-28T20:38:30","slug":"52401OLI-fr_BE","status":"publish","type":"product","link":"https:\/\/www.moensmeubelen.be\/fr\/produit\/52401OLI-fr_BE\/","title":{"rendered":"Trentino, Buffet bas 270 cm. &#8211; 2 portes + 2 tiroirs + 1 niche &#8211; mdf laqu\u00e9 &#8211; Olive"},"content":{"rendered":"<p>Le lowboard TRENTINO de 270 cm en MDF laqu\u00e9 coloris olive affirme son caract\u00e8re. Son design \u00e9pur\u00e9 et sans poign\u00e9es avec syst\u00e8me push-to-open lui donne une allure soign\u00e9e. Avec deux portes, deux tiroirs et une niche \u00e9quip\u00e9e d\u2019un \u00e9clairage LED, ce meuble offre un espace de rangement g\u00e9n\u00e9reux. Il est livr\u00e9 en standard avec une plinthe ton sur ton et un pi\u00e9tement m\u00e9tallique assorti. Un pi\u00e9tement coloris graphite est disponible en option. La fixation murale est \u00e9galement possible. Ce lowboard est aussi disponible en coloris cr\u00e8me.<\/p>\n","protected":false},"excerpt":{"rendered":"<p>Trentino, Buffet bas 270 cm. &#8211; 2 portes + 2 tiroirs + 1 niche &#8211; mdf laqu\u00e9 &#8211; Olive<\/p>\n","protected":false},"featured_media":1006974,"comment_status":"open","ping_status":"open","template":"","meta":{"_relevanssi_hide_post":"","_relevanssi_hide_content":"","_relevanssi_pin_for_all":"","_relevanssi_pin_keywords":"","_relevanssi_unpin_keywords":"","_relevanssi_related_keywords":"","_relevanssi_related_include_ids":"","_relevanssi_related_exclude_ids":"","_relevanssi_related_no_append":"","_relevanssi_related_not_related":"","_relevanssi_related_posts":"","_relevanssi_noindex_reason":""},"product_brand":[],"product_cat":[1321],"product_tag":[],"class_list":["post-869319","product","type-product","status-publish","has-post-thumbnail","product_cat-tv_meubels_fr_BE","first","onbackorder","taxable","shipping-taxable","purchasable","product-type-simple"],"_links":{"self":[{"href":"https:\/\/www.moensmeubelen.be\/fr\/wp-json\/wp\/v2\/product\/869319","targetHints":{"allow":["GET"]}}],"collection":[{"href":"https:\/\/www.moensmeubelen.be\/fr\/wp-json\/wp\/v2\/product"}],"about":[{"href":"https:\/\/www.moensmeubelen.be\/fr\/wp-json\/wp\/v2\/types\/product"}],"replies":[{"embeddable":true,"href":"https:\/\/www.moensmeubelen.be\/fr\/wp-json\/wp\/v2\/comments?post=869319"}],"wp:featuredmedia":[{"embeddable":true,"href":"https:\/\/www.moensmeubelen.be\/fr\/wp-json\/wp\/v2\/media\/1006974"}],"wp:attachment":[{"href":"https:\/\/www.moensmeubelen.be\/fr\/wp-json\/wp\/v2\/media?parent=869319"}],"wp:term":[{"taxonomy":"product_brand","embeddable":true,"href":"https:\/\/www.moensmeubelen.be\/fr\/wp-json\/wp\/v2\/product_brand?post=869319"},{"taxonomy":"product_cat","embeddable":true,"href":"https:\/\/www.moensmeubelen.be\/fr\/wp-json\/wp\/v2\/product_cat?post=869319"},{"taxonomy":"product_tag","embeddable":true,"href":"https:\/\/www.moensmeubelen.be\/fr\/wp-json\/wp\/v2\/product_tag?post=869319"}],"curies":[{"name":"wp","href":"https:\/\/api.w.org\/{rel}","templated":true}]}}