{"id":869327,"date":"2026-06-28T00:00:00","date_gmt":"2026-06-28T00:00:00","guid":{"rendered":"https:\/\/www.moensmeubelen.be\/product\/52402cre-fr_be\/"},"modified":"2026-06-28T22:38:39","modified_gmt":"2026-06-28T20:38:39","slug":"52402CRE-fr_BE","status":"publish","type":"product","link":"https:\/\/www.moensmeubelen.be\/fr\/produit\/52402CRE-fr_BE\/","title":{"rendered":"Trentino, \u00c9l\u00e9ment mural 85 cm. &#8211; mdf laqu\u00e9 &#8211; Creme"},"content":{"rendered":"<p>Cet \u00e9l\u00e9ment mural de la collection TRENTINO constitue un compl\u00e9ment \u00e9l\u00e9gant pour le mur. Il est r\u00e9alis\u00e9 en MDF laqu\u00e9 coloris cr\u00e8me et dispose de quatre compartiments ouverts de diff\u00e9rentes tailles, id\u00e9als pour exposer accessoires ou d\u00e9coration. Vous pouvez le fixer horizontalement ou verticalement, selon l\u2019espace et l\u2019agencement souhait\u00e9. Il s\u2019accorde parfaitement avec les meubles de rangement TRENTINO, mais se combine aussi facilement avec d\u2019autres meubles. \u00c9galement disponible en coloris olive.<\/p>\n","protected":false},"excerpt":{"rendered":"<p>Trentino, \u00c9l\u00e9ment mural 85 cm. &#8211; mdf laqu\u00e9 &#8211; Creme<\/p>\n","protected":false},"featured_media":1006980,"comment_status":"open","ping_status":"open","template":"","meta":{"_relevanssi_hide_post":"","_relevanssi_hide_content":"","_relevanssi_pin_for_all":"","_relevanssi_pin_keywords":"","_relevanssi_unpin_keywords":"","_relevanssi_related_keywords":"","_relevanssi_related_include_ids":"","_relevanssi_related_exclude_ids":"","_relevanssi_related_no_append":"","_relevanssi_related_not_related":"","_relevanssi_related_posts":"","_relevanssi_noindex_reason":""},"product_brand":[],"product_cat":[5658],"product_tag":[],"class_list":["post-869327","product","type-product","status-publish","has-post-thumbnail","product_cat-wandmeubels_fr_BE","first","onbackorder","taxable","shipping-taxable","purchasable","product-type-simple"],"_links":{"self":[{"href":"https:\/\/www.moensmeubelen.be\/fr\/wp-json\/wp\/v2\/product\/869327","targetHints":{"allow":["GET"]}}],"collection":[{"href":"https:\/\/www.moensmeubelen.be\/fr\/wp-json\/wp\/v2\/product"}],"about":[{"href":"https:\/\/www.moensmeubelen.be\/fr\/wp-json\/wp\/v2\/types\/product"}],"replies":[{"embeddable":true,"href":"https:\/\/www.moensmeubelen.be\/fr\/wp-json\/wp\/v2\/comments?post=869327"}],"wp:featuredmedia":[{"embeddable":true,"href":"https:\/\/www.moensmeubelen.be\/fr\/wp-json\/wp\/v2\/media\/1006980"}],"wp:attachment":[{"href":"https:\/\/www.moensmeubelen.be\/fr\/wp-json\/wp\/v2\/media?parent=869327"}],"wp:term":[{"taxonomy":"product_brand","embeddable":true,"href":"https:\/\/www.moensmeubelen.be\/fr\/wp-json\/wp\/v2\/product_brand?post=869327"},{"taxonomy":"product_cat","embeddable":true,"href":"https:\/\/www.moensmeubelen.be\/fr\/wp-json\/wp\/v2\/product_cat?post=869327"},{"taxonomy":"product_tag","embeddable":true,"href":"https:\/\/www.moensmeubelen.be\/fr\/wp-json\/wp\/v2\/product_tag?post=869327"}],"curies":[{"name":"wp","href":"https:\/\/api.w.org\/{rel}","templated":true}]}}